{"id":9646,"date":"2022-03-07T11:07:57","date_gmt":"2022-03-07T10:07:57","guid":{"rendered":"https:\/\/turismocoria.es\/turismo\/?post_type=tribe_events&#038;p=9646"},"modified":"2023-07-06T16:49:43","modified_gmt":"2023-07-06T14:49:43","slug":"xiii-descenso-del-rio-alagon","status":"publish","type":"tribe_events","link":"https:\/\/turismocoria.es\/turismo\/evento\/xiii-descenso-del-rio-alagon\/","title":{"rendered":"XIV Descenso del R\u00edo Alag\u00f3n"},"content":{"rendered":"<div class=\"tribe-events-schedule tribe-clearfix\">\n\t<h2 class=\"tribe-events-schedule__datetime\">\n\t\t<span class=\"tribe-events-schedule__date tribe-events-schedule__date--start\">\n\t\t\t30 07 2023\t\t<\/span>\n\n\t\t\t\t\t<span class=\"tribe-events-schedule__separator tribe-events-schedule__separator--date\">\n\t\t\t\t&#8211;\t\t\t<\/span>\n\t\t\t<span class=\"tribe-events-schedule__time tribe-events-schedule__time--start\">\n\t\t\t\t08:00\t\t\t<\/span>\n\t\t\n\t\t\t\t\t\t\t\t\t<span class=\"tribe-events-schedule__separator tribe-events-schedule__separator--time\">\n\t\t\t\t\t &#8211; \t\t\t\t<\/span>\n\t\t\t\n\t\t\t\t\t\t\t<span class=\"tribe-events-schedule__time tribe-events-schedule__time--end\">\n\t\t\t\t\t15:00\t\t\t\t<\/span>\n\t\t\t\n\t\t\t\t\t\t<\/h2>\n<\/div>\n\n\n\n<figure class=\"wp-block-image aligncenter size-large\"><img loading=\"lazy\" decoding=\"async\" width=\"1024\" height=\"684\" data-src=\"https:\/\/turismocoria.es\/turismo\/wp-content\/uploads\/2021\/06\/descenso-rio-alagon-1024x684.jpg\" alt=\"Descenso del r\u00edo Alag\u00f3n\" class=\"wp-image-4234 lazyload\" data-srcset=\"https:\/\/turismocoria.es\/turismo\/wp-content\/uploads\/2021\/06\/descenso-rio-alagon-1024x684.jpg 1024w, https:\/\/turismocoria.es\/turismo\/wp-content\/uploads\/2021\/06\/descenso-rio-alagon-300x200.jpg 300w, https:\/\/turismocoria.es\/turismo\/wp-content\/uploads\/2021\/06\/descenso-rio-alagon-768x513.jpg 768w, https:\/\/turismocoria.es\/turismo\/wp-content\/uploads\/2021\/06\/descenso-rio-alagon-1536x1025.jpg 1536w, https:\/\/turismocoria.es\/turismo\/wp-content\/uploads\/2021\/06\/descenso-rio-alagon-1200x800.jpg 1200w, https:\/\/turismocoria.es\/turismo\/wp-content\/uploads\/2021\/06\/descenso-rio-alagon-600x400.jpg 600w, https:\/\/turismocoria.es\/turismo\/wp-content\/uploads\/2021\/06\/descenso-rio-alagon.jpg 1600w\" data-sizes=\"(max-width: 1024px) 100vw, 1024px\" src=\"data:image\/gif;base64,R0lGODlhAQABAAAAACH5BAEKAAEALAAAAAABAAEAAAICTAEAOw==\" style=\"--smush-placeholder-width: 1024px; --smush-placeholder-aspect-ratio: 1024\/684;\" \/><noscript><img loading=\"lazy\" decoding=\"async\" width=\"1024\" height=\"684\" src=\"https:\/\/turismocoria.es\/turismo\/wp-content\/uploads\/2021\/06\/descenso-rio-alagon-1024x684.jpg\" alt=\"Descenso del r\u00edo Alag\u00f3n\" class=\"wp-image-4234\" srcset=\"https:\/\/turismocoria.es\/turismo\/wp-content\/uploads\/2021\/06\/descenso-rio-alagon-1024x684.jpg 1024w, https:\/\/turismocoria.es\/turismo\/wp-content\/uploads\/2021\/06\/descenso-rio-alagon-300x200.jpg 300w, https:\/\/turismocoria.es\/turismo\/wp-content\/uploads\/2021\/06\/descenso-rio-alagon-768x513.jpg 768w, https:\/\/turismocoria.es\/turismo\/wp-content\/uploads\/2021\/06\/descenso-rio-alagon-1536x1025.jpg 1536w, https:\/\/turismocoria.es\/turismo\/wp-content\/uploads\/2021\/06\/descenso-rio-alagon-1200x800.jpg 1200w, https:\/\/turismocoria.es\/turismo\/wp-content\/uploads\/2021\/06\/descenso-rio-alagon-600x400.jpg 600w, https:\/\/turismocoria.es\/turismo\/wp-content\/uploads\/2021\/06\/descenso-rio-alagon.jpg 1600w\" sizes=\"(max-width: 1024px) 100vw, 1024px\" \/><\/noscript><\/figure>\n\n\n\n<p>Todo a punto para vivir experiencias, desafiar corrientes y pasar un d\u00eda a lo grande con familiares, amigos, o en solitario. Abrimos inscripciones de la edici\u00f3n XIV del DESCENSO R\u00cdO ALAG\u00d3N \u201cPUENTE DE LA MACARRONA-PUENTE DE HIERRO DE CORIA\u201d. El evento forma parte del CIRCUITO EXTREME\u00d1O DE AGUAS DULCES \u201cEUROACE SPORT 2023\u201d desarrollado por la Direcci\u00f3n General de Deportes de la Junta de Extremadura.<\/p>\n\n\n\n<figure class=\"wp-block-image alignleft size-large is-resized\"><img loading=\"lazy\" decoding=\"async\" data-src=\"https:\/\/turismocoria.es\/turismo\/wp-content\/uploads\/2022\/03\/cartel_Descenso_2023-728x1024.jpg\" alt=\"\" class=\"wp-image-11847 lazyload\" width=\"364\" height=\"512\" data-srcset=\"https:\/\/turismocoria.es\/turismo\/wp-content\/uploads\/2022\/03\/cartel_Descenso_2023-728x1024.jpg 728w, https:\/\/turismocoria.es\/turismo\/wp-content\/uploads\/2022\/03\/cartel_Descenso_2023-213x300.jpg 213w, https:\/\/turismocoria.es\/turismo\/wp-content\/uploads\/2022\/03\/cartel_Descenso_2023-768x1080.jpg 768w, https:\/\/turismocoria.es\/turismo\/wp-content\/uploads\/2022\/03\/cartel_Descenso_2023-1092x1536.jpg 1092w, https:\/\/turismocoria.es\/turismo\/wp-content\/uploads\/2022\/03\/cartel_Descenso_2023-1456x2048.jpg 1456w, https:\/\/turismocoria.es\/turismo\/wp-content\/uploads\/2022\/03\/cartel_Descenso_2023-1600x2250.jpg 1600w, https:\/\/turismocoria.es\/turismo\/wp-content\/uploads\/2022\/03\/cartel_Descenso_2023-scaled.jpg 1821w\" data-sizes=\"(max-width: 364px) 100vw, 364px\" src=\"data:image\/gif;base64,R0lGODlhAQABAAAAACH5BAEKAAEALAAAAAABAAEAAAICTAEAOw==\" style=\"--smush-placeholder-width: 364px; --smush-placeholder-aspect-ratio: 364\/512;\" \/><noscript><img loading=\"lazy\" decoding=\"async\" src=\"https:\/\/turismocoria.es\/turismo\/wp-content\/uploads\/2022\/03\/cartel_Descenso_2023-728x1024.jpg\" alt=\"\" class=\"wp-image-11847\" width=\"364\" height=\"512\" srcset=\"https:\/\/turismocoria.es\/turismo\/wp-content\/uploads\/2022\/03\/cartel_Descenso_2023-728x1024.jpg 728w, https:\/\/turismocoria.es\/turismo\/wp-content\/uploads\/2022\/03\/cartel_Descenso_2023-213x300.jpg 213w, https:\/\/turismocoria.es\/turismo\/wp-content\/uploads\/2022\/03\/cartel_Descenso_2023-768x1080.jpg 768w, https:\/\/turismocoria.es\/turismo\/wp-content\/uploads\/2022\/03\/cartel_Descenso_2023-1092x1536.jpg 1092w, https:\/\/turismocoria.es\/turismo\/wp-content\/uploads\/2022\/03\/cartel_Descenso_2023-1456x2048.jpg 1456w, https:\/\/turismocoria.es\/turismo\/wp-content\/uploads\/2022\/03\/cartel_Descenso_2023-1600x2250.jpg 1600w, https:\/\/turismocoria.es\/turismo\/wp-content\/uploads\/2022\/03\/cartel_Descenso_2023-scaled.jpg 1821w\" sizes=\"(max-width: 364px) 100vw, 364px\" \/><\/noscript><\/figure>\n\n\n\n<p>Esta nueva edici\u00f3n se celebrar\u00e1 el DOMINGO 30 de JULIO en la ciudad de Coria, y se regir\u00e1 por el Reglamento de participaci\u00f3n, y cuyo itinerario discurre desde el &#8220;Puente de la Macarrona&#8221; (Riolobos) hasta la misma poblaci\u00f3n de Coria coincidiendo con el \u201cPuente de Hierro\u201d, que sirve a modo de meta, con un recorrido de 18,8 km., aproximadamente, y una duraci\u00f3n de 4,5 horas.<\/p>\n\n\n\n<p>El horario de concentraci\u00f3n se establece a las 08:00 horas en el Club de Pirag\u00fcismo &#8220;R\u00edo Alag\u00f3n&#8221;, bajo el Puente Nuevo, situado en la margen derecha del r\u00edo, en cuyo espacio se reciben a los participantes para, posteriormente, desde aqu\u00ed, acceder a los autobuses que est\u00e1n preparados por la Organizaci\u00f3n y que nos trasladar\u00e1n hasta el lugar de salida o desembarque del Puente de la Macarrona, ubicado en la carretera que une las localidades de El Bat\u00e1n y Holguera, a unos 6,7 km. del cruce de Holguera en la carretera EX-108.<\/p>\n\n\n\n<p>Del mismo modo, las embarcaciones particulares ser\u00e1n tambi\u00e9n transportadas en camiones dispuestos por la Organizaci\u00f3n.<\/p>\n\n\n\n<p>Gracias a la estimable colaboraci\u00f3n de la Asociaci\u00f3n Oncol\u00f3gica de Extremadura delegaci\u00f3n de Coria, se llevar\u00e1 a cabo, antes del inicio de la prueba como al finalizar, una CAMPA\u00d1A DE SENSIBILIZACI\u00d3N SOBRE LA PREVENCI\u00d3N DEL C\u00c1NCER DE PIEL, en el Stand disponible en la zona de recepci\u00f3n de los participantes<\/p>\n\n\n\n<p>Las inscripciones se podr\u00e1n formalizar \u00fanicamente por v\u00eda online.<\/p>\n\n\n\n<p>Para m\u00e1s informaci\u00f3n e inscripciones visita la p\u00e1gina: <a href=\"https:\/\/descensorioalagon.blogspot.com\/\">https:\/\/descensorioalagon.blogspot.com\/<\/a> <\/p>\n\n\n\n<p><\/p>\n","protected":false},"excerpt":{"rendered":"<p>Todo a punto para vivir experiencias, desafiar corrientes y pasar un d\u00eda a lo grande con familiares, amigos, o en solitario. Abrimos inscripciones de la edici\u00f3n XIV del DESCENSO R\u00cdO ALAG\u00d3N \u201cPUENTE DE LA MACARRONA-PUENTE DE HIERRO DE CORIA\u201d. El evento forma parte del CIRCUITO EXTREME\u00d1O DE AGUAS DULCES \u201cEUROACE SPORT 2023\u201d desarrollado por la [&hellip;]<\/p>\n","protected":false},"author":4,"featured_media":11847,"comment_status":"closed","ping_status":"closed","template":"","meta":{"_uag_custom_page_level_css":"","site-sidebar-layout":"default","site-content-layout":"","ast-site-content-layout":"","site-content-style":"default","site-sidebar-style":"default","ast-global-header-display":"","ast-banner-title-visibility":"","ast-main-header-display":"","ast-hfb-above-header-display":"","ast-hfb-below-header-display":"","ast-hfb-mobile-header-display":"","site-post-title":"","ast-breadcrumbs-content":"","ast-featured-img":"","footer-sml-layout":"","theme-transparent-header-meta":"","adv-header-id-meta":"","stick-header-meta":"","header-above-stick-meta":"","header-main-stick-meta":"","header-below-stick-meta":"","astra-migrate-meta-layouts":"default","ast-page-background-enabled":"default","ast-page-background-meta":{"desktop":{"background-color":"","background-image":"","background-repeat":"repeat","background-position":"center center","background-size":"auto","background-attachment":"scroll","background-type":"","background-media":"","overlay-type":"","overlay-color":"","overlay-opacity":"","overlay-gradient":""},"tablet":{"background-color":"","background-image":"","background-repeat":"repeat","background-position":"center center","background-size":"auto","background-attachment":"scroll","background-type":"","background-media":"","overlay-type":"","overlay-color":"","overlay-opacity":"","overlay-gradient":""},"mobile":{"background-color":"","background-image":"","background-repeat":"repeat","background-position":"center center","background-size":"auto","background-attachment":"scroll","background-type":"","background-media":"","overlay-type":"","overlay-color":"","overlay-opacity":"","overlay-gradient":""}},"ast-content-background-meta":{"desktop":{"background-color":"var(--ast-global-color-5)","background-image":"","background-repeat":"repeat","background-position":"center center","background-size":"auto","background-attachment":"scroll","background-type":"","background-media":"","overlay-type":"","overlay-color":"","overlay-opacity":"","overlay-gradient":""},"tablet":{"background-color":"var(--ast-global-color-5)","background-image":"","background-repeat":"repeat","background-position":"center center","background-size":"auto","background-attachment":"scroll","background-type":"","background-media":"","overlay-type":"","overlay-color":"","overlay-opacity":"","overlay-gradient":""},"mobile":{"background-color":"var(--ast-global-color-5)","background-image":"","background-repeat":"repeat","background-position":"center center","background-size":"auto","background-attachment":"scroll","background-type":"","background-media":"","overlay-type":"","overlay-color":"","overlay-opacity":"","overlay-gradient":""}},"_EventAllDay":false,"_EventTimezone":"Europe\/Madrid","_EventStartDate":"2023-07-30 08:00:00","_EventEndDate":"2023-07-30 15:00:00","_EventStartDateUTC":"2023-07-30 06:00:00","_EventEndDateUTC":"2023-07-30 13:00:00","_EventShowMap":false,"_EventShowMapLink":false,"_EventURL":"","_EventCost":"","_EventCostDescription":"","_EventCurrencySymbol":"\u20ac","_EventCurrencyCode":"","_EventCurrencyPosition":"suffix","_EventDateTimeSeparator":"-","_EventTimeRangeSeparator":" - ","_EventOrganizerID":[],"_EventVenueID":0,"_OrganizerEmail":"","_OrganizerPhone":"","_OrganizerWebsite":"","_VenueAddress":"","_VenueCity":"","_VenueCountry":"","_VenueProvince":"","_VenueZip":"","_VenuePhone":"","_VenueURL":"","_VenueStateProvince":"","_VenueLat":"","_VenueLng":"","_tribe_events_status":"","_tribe_events_status_reason":"","footnotes":""},"tags":[405,407,345,403,358],"tribe_events_cat":[],"class_list":["post-9646","tribe_events","type-tribe_events","status-publish","has-post-thumbnail","hentry","tag-alagon","tag-deporte","tag-descenso","tag-rio","tag-verano"],"uagb_featured_image_src":{"full":["https:\/\/turismocoria.es\/turismo\/wp-content\/uploads\/2022\/03\/cartel_Descenso_2023-scaled.jpg",1821,2560,false],"thumbnail":["https:\/\/turismocoria.es\/turismo\/wp-content\/uploads\/2022\/03\/cartel_Descenso_2023-150x150.jpg",150,150,true],"medium":["https:\/\/turismocoria.es\/turismo\/wp-content\/uploads\/2022\/03\/cartel_Descenso_2023-213x300.jpg",213,300,true],"medium_large":["https:\/\/turismocoria.es\/turismo\/wp-content\/uploads\/2022\/03\/cartel_Descenso_2023-768x1080.jpg",768,1080,true],"large":["https:\/\/turismocoria.es\/turismo\/wp-content\/uploads\/2022\/03\/cartel_Descenso_2023-728x1024.jpg",728,1024,true],"gs-tiny":["https:\/\/turismocoria.es\/turismo\/wp-content\/uploads\/2022\/03\/cartel_Descenso_2023-scaled.jpg",50,70,false],"xl":["https:\/\/turismocoria.es\/turismo\/wp-content\/uploads\/2022\/03\/cartel_Descenso_2023-1600x2250.jpg",1600,2250,true],"xxl":["https:\/\/turismocoria.es\/turismo\/wp-content\/uploads\/2022\/03\/cartel_Descenso_2023-2200x3093.jpg",2200,3093,true],"xxxl":["https:\/\/turismocoria.es\/turismo\/wp-content\/uploads\/2022\/03\/cartel_Descenso_2023-2800x3937.jpg",2800,3937,true],"xxxxl":["https:\/\/turismocoria.es\/turismo\/wp-content\/uploads\/2022\/03\/cartel_Descenso_2023-3400x4781.jpg",3400,4781,true],"xxxxxl":["https:\/\/turismocoria.es\/turismo\/wp-content\/uploads\/2022\/03\/cartel_Descenso_2023-4000x5624.jpg",4000,5624,true],"1536x1536":["https:\/\/turismocoria.es\/turismo\/wp-content\/uploads\/2022\/03\/cartel_Descenso_2023-1092x1536.jpg",1092,1536,true],"2048x2048":["https:\/\/turismocoria.es\/turismo\/wp-content\/uploads\/2022\/03\/cartel_Descenso_2023-1456x2048.jpg",1456,2048,true],"ultp_layout_landscape_large":["https:\/\/turismocoria.es\/turismo\/wp-content\/uploads\/2022\/03\/cartel_Descenso_2023-1200x800.jpg",1200,800,true],"ultp_layout_landscape":["https:\/\/turismocoria.es\/turismo\/wp-content\/uploads\/2022\/03\/cartel_Descenso_2023-870x570.jpg",870,570,true],"ultp_layout_portrait":["https:\/\/turismocoria.es\/turismo\/wp-content\/uploads\/2022\/03\/cartel_Descenso_2023-600x900.jpg",600,900,true],"ultp_layout_square":["https:\/\/turismocoria.es\/turismo\/wp-content\/uploads\/2022\/03\/cartel_Descenso_2023-600x600.jpg",600,600,true],"gb-block-post-grid-landscape":["https:\/\/turismocoria.es\/turismo\/wp-content\/uploads\/2022\/03\/cartel_Descenso_2023-600x400.jpg",600,400,true],"gb-block-post-grid-square":["https:\/\/turismocoria.es\/turismo\/wp-content\/uploads\/2022\/03\/cartel_Descenso_2023-600x600.jpg",600,600,true]},"uagb_author_info":{"display_name":"Oficina Turismo","author_link":"https:\/\/turismocoria.es\/turismo\/author\/oficina\/"},"uagb_comment_info":0,"uagb_excerpt":"Todo a punto para vivir experiencias, desafiar corrientes y pasar un d\u00eda a lo grande con familiares, amigos, o en solitario. Abrimos inscripciones de la edici\u00f3n XIV del DESCENSO R\u00cdO ALAG\u00d3N \u201cPUENTE DE LA MACARRONA-PUENTE DE HIERRO DE CORIA\u201d. El evento forma parte del CIRCUITO EXTREME\u00d1O DE AGUAS DULCES \u201cEUROACE SPORT 2023\u201d desarrollado por la&hellip;","_links":{"self":[{"href":"https:\/\/turismocoria.es\/turismo\/wp-json\/wp\/v2\/tribe_events\/9646"}],"collection":[{"href":"https:\/\/turismocoria.es\/turismo\/wp-json\/wp\/v2\/tribe_events"}],"about":[{"href":"https:\/\/turismocoria.es\/turismo\/wp-json\/wp\/v2\/types\/tribe_events"}],"author":[{"embeddable":true,"href":"https:\/\/turismocoria.es\/turismo\/wp-json\/wp\/v2\/users\/4"}],"replies":[{"embeddable":true,"href":"https:\/\/turismocoria.es\/turismo\/wp-json\/wp\/v2\/comments?post=9646"}],"version-history":[{"count":8,"href":"https:\/\/turismocoria.es\/turismo\/wp-json\/wp\/v2\/tribe_events\/9646\/revisions"}],"predecessor-version":[{"id":11850,"href":"https:\/\/turismocoria.es\/turismo\/wp-json\/wp\/v2\/tribe_events\/9646\/revisions\/11850"}],"wp:featuredmedia":[{"embeddable":true,"href":"https:\/\/turismocoria.es\/turismo\/wp-json\/wp\/v2\/media\/11847"}],"wp:attachment":[{"href":"https:\/\/turismocoria.es\/turismo\/wp-json\/wp\/v2\/media?parent=9646"}],"wp:term":[{"taxonomy":"post_tag","embeddable":true,"href":"https:\/\/turismocoria.es\/turismo\/wp-json\/wp\/v2\/tags?post=9646"},{"taxonomy":"tribe_events_cat","embeddable":true,"href":"https:\/\/turismocoria.es\/turismo\/wp-json\/wp\/v2\/tribe_events_cat?post=9646"}],"curies":[{"name":"wp","href":"https:\/\/api.w.org\/{rel}","templated":true}]}}