{"id":9601,"date":"2022-03-07T10:23:40","date_gmt":"2022-03-07T09:23:40","guid":{"rendered":"https:\/\/turismocoria.es\/turismo\/?post_type=tribe_events&#038;p=9601"},"modified":"2025-03-26T09:09:12","modified_gmt":"2025-03-26T08:09:12","slug":"feria-internacional-del-toro-ciudad-de-coria-fitcoria","status":"publish","type":"tribe_events","link":"https:\/\/turismocoria.es\/turismo\/evento\/feria-internacional-del-toro-ciudad-de-coria-fitcoria\/","title":{"rendered":"IX Feria Internacional del Toro Ciudad de Coria &#8220;FITCORIA&#8221;"},"content":{"rendered":"<div class=\"tribe-events-schedule tribe-clearfix\">\n\t<h2 class=\"tribe-events-schedule__datetime\">\n\t\t<span class=\"tribe-events-schedule__date tribe-events-schedule__date--start\">\n\t\t\t28 03 2025\t\t<\/span>\n\n\t\t\n\t\t\t\t\t\t\t\t\t<span class=\"tribe-events-schedule__separator tribe-events-schedule__separator--time\">\n\t\t\t\t\t &#8211; \t\t\t\t<\/span>\n\t\t\t\n\t\t\t\t\t\t\t<span class=\"tribe-events-schedule__date tribe-events-schedule__date--end\">\n\t\t\t\t\t30 03 2025\t\t\t\t<\/span>\n\n\t\t\t\t\n\t\t\t\n\t\t\t\t\t\t<\/h2>\n<\/div>\n\n\n\n<p>El punto de encuentro entre los profesionales y los amantes al mundo del toro y la tauromaquia.<\/p>\n\n\n<figure class=\"wp-block-post-featured-image\"><img loading=\"lazy\" decoding=\"async\" width=\"1381\" height=\"1080\" data-src=\"https:\/\/turismocoria.es\/turismo\/wp-content\/uploads\/2021\/05\/fit-coria-09.jpg\" class=\"attachment-post-thumbnail size-post-thumbnail wp-post-image lazyload\" alt=\"Feria Internacional del Toro de Coria\" style=\"--smush-placeholder-width: 1381px; --smush-placeholder-aspect-ratio: 1381\/1080;object-fit:cover;\" data-srcset=\"https:\/\/turismocoria.es\/turismo\/wp-content\/uploads\/2021\/05\/fit-coria-09.jpg 1381w, https:\/\/turismocoria.es\/turismo\/wp-content\/uploads\/2021\/05\/fit-coria-09-300x235.jpg 300w, https:\/\/turismocoria.es\/turismo\/wp-content\/uploads\/2021\/05\/fit-coria-09-1024x801.jpg 1024w, https:\/\/turismocoria.es\/turismo\/wp-content\/uploads\/2021\/05\/fit-coria-09-768x601.jpg 768w\" data-sizes=\"(max-width: 1381px) 100vw, 1381px\" src=\"data:image\/gif;base64,R0lGODlhAQABAAAAACH5BAEKAAEALAAAAAABAAEAAAICTAEAOw==\" \/><noscript><img loading=\"lazy\" decoding=\"async\" width=\"1381\" height=\"1080\" src=\"https:\/\/turismocoria.es\/turismo\/wp-content\/uploads\/2021\/05\/fit-coria-09.jpg\" class=\"attachment-post-thumbnail size-post-thumbnail wp-post-image\" alt=\"Feria Internacional del Toro de Coria\" style=\"object-fit:cover;\" srcset=\"https:\/\/turismocoria.es\/turismo\/wp-content\/uploads\/2021\/05\/fit-coria-09.jpg 1381w, https:\/\/turismocoria.es\/turismo\/wp-content\/uploads\/2021\/05\/fit-coria-09-300x235.jpg 300w, https:\/\/turismocoria.es\/turismo\/wp-content\/uploads\/2021\/05\/fit-coria-09-1024x801.jpg 1024w, https:\/\/turismocoria.es\/turismo\/wp-content\/uploads\/2021\/05\/fit-coria-09-768x601.jpg 768w\" sizes=\"(max-width: 1381px) 100vw, 1381px\" \/><\/noscript><\/figure>\n\n\n<p>La Feria Internacional del Toro, es un evento taurino, de car\u00e1cter tur\u00edstico-cultural y socio-econ\u00f3mico, que ha alcanzado un importante \u00e9xito de participaci\u00f3n de visitantes, lo que ha convertido a la Ciudad de Coria en la capital del Mundo del Toro durante la celebraci\u00f3n de la misma a mediados del mes de marzo.<\/p>\n\n\n\n<p>La Alcaldesa de la Ciudad, Almudena Domingo Pirrongelli, junto al Gerente de la empresa Ceber Tauro y organizador del evento, Alberto Manuel Hornos, han sido los encargados de dar a conocer el extraordinario cartel del Festival Taurino con Picadores que contar\u00e1 este a\u00f1o con los mejores matadores de toros, rejoneadores y novilleros del momento, Leonardo Hern\u00e1ndez, Paco Ure\u00f1a, Borja Jim\u00e9nez, Jos\u00e9 Garrido y Jorge Hurtado, con novillos que se lidiar\u00e1n de la acreditada ganader\u00eda de D\u00aa Carmen Valiente.<\/p>\n\n\n\n<p>Adem\u00e1s, dicho festival contar\u00e1 con la presencia de un novillo en clase pr\u00e1ctica para el novillero triunfador del Desaf\u00edo Nacional de Escuelas Taurinas Ciudad de Coria 2024, Juan Jes\u00fas Rodr\u00edguez. El evento ser\u00e1 el s\u00e1bado 29 de marzo a las 16:30 horas en la plaza de toros.<\/p>\n\n\n\n<p>La FitCoria 2025 tendr\u00e1 lugar los d\u00edas 28, 29 y 30 de marzo, seg\u00fan ha avanzado la primera edil, donde podremos disfrutar de un fin de semana cargado de actividades entorno al mundo del toro, siendo la inauguraci\u00f3n de la misma el viernes, 28, a las 12:00 horas en la carpa habilitada para acoger dicho acto.<\/p>\n\n\n\n<p>La Alcaldesa ha se\u00f1alado que, \u201ceste a\u00f1o volvemos a apostar por la feria y volvemos a poner a Coria como referente de este tipo de eventos relacionados con el mundo del toro. \u201cEspero y deseo que todo salga bien, que la gente disfrute y que sea un fin de semana especial en la Ciudad de Coria\u201d.<\/p>\n\n\n\n<p>Por su parte, Alberto Manuel Hornos, organizador del evento, ha explicado que nuevamente desde la organizaci\u00f3n apuestan por toreros extreme\u00f1os, este a\u00f1o el plato fuerte ser\u00e1 el Festival Taurino con Picadores el s\u00e1bado a las 16:30 horas, en la plaza de toros port\u00e1til. Contaremos con el extreme\u00f1o, Leonardo Hern\u00e1ndez, Paco Ure\u00f1a, Borja Jim\u00e9nez, Jos\u00e9 Garrido y el novillero local que acaba de debutar recientemente en M\u00e9rida con picadores, Jorge Hurtado.<\/p>\n\n\n\n<p>Alberto ha adelantado que la feria tambi\u00e9n acoger\u00e1 este a\u00f1o una Exhibici\u00f3n de Recortadores donde se lidiar\u00e1n 3 novillos-toros para 3 grupos de Recortadores, ser\u00e1 el domingo d\u00eda 30 de marzo a las 17:30 horas.<\/p>\n\n\n\n<p>En la presentaci\u00f3n se han dado algunas pinceladas de la programaci\u00f3n que ya est\u00e1 en marcha y en la que ya se est\u00e1 trabajando pero a\u00fan quedan actividades por perfilar. El organizador s\u00ed ha adelantado que, esta IX feria contar\u00e1, una vez m\u00e1s, con actuaciones de escuelas taurinas, actuaciones musicales y de baile, moda flamenca y taurina con las dise\u00f1adoras, Sandra Pozo y Emma Prieto y varias actividades relacionadas con el mundo del toro.<\/p>\n\n\n\n<p>Alberto tambi\u00e9n ha querido resaltar el significado del cartel este a\u00f1o, donde aparece la imagen de una mujer, siempre muy apegada tambi\u00e9n a este mundo, ha dicho. \u201cQuer\u00edamos darle un toque femenino al cartel de esta edici\u00f3n\u201d.<\/p>\n\n\n\n<p>Por otro lado, tambi\u00e9n ha querido destacar la colaboraci\u00f3n de varios dise\u00f1adores extreme\u00f1os como Masara, Jes\u00fas Naveiro y Emma Prieto, para la elaboraci\u00f3n de la vestimenta de todas aquellas personas que trabajan en la feria, siempre le dan un toque m\u00e1s profesional, y eso es precisamente lo que pretendemos, mejorar cada a\u00f1o, ha resaltado.<\/p>\n\n\n\n<p>Cabe recordar que, la Feria del Toro contar\u00e1 tambi\u00e9n en su zona de Exposiciones, la cual nos mostrar\u00e1 el Mundo del Toro plasmado en obras art\u00edsticas inspiradas en El Toro.<\/p>\n\n\n\n<p>Asimismo, los d\u00edas 15 y 16, se celebrar\u00e1 el V Concurso Gastron\u00f3mico \u201cTaurotapas FitCoria 2025\u201d, con degustaci\u00f3n de tapas y men\u00fas taurinos en los principales establecimientos hosteleros de la Ciudad de Coria.<\/p>\n\n\n\n<p>Alberto Manuel ha finalizado diciendo que poco a poco se ir\u00e1n montando la carpa, los stands y expositores. Que ya est\u00e1n trabajando en la confecci\u00f3n del itinerario de la carpa y dentro de unos d\u00edas se ir\u00e1 informando de todos los detalles de la programaci\u00f3n.<\/p>\n\n\n\n<div style=\"height:50px\" aria-hidden=\"true\" class=\"wp-block-spacer\"><\/div>\n\n\n\n<h4 class=\"wp-block-heading\">Programa Oficial<\/h4>\n\n\n\t\t\t\t\t<div\n\t\t\t\t\t\tclass=\"wp-block-uagb-image-gallery uagb-block-5699a4ac     \"\n\t\t\t\t\t\tstyle=\"\"\n\t\t\t\t\t>\n\t\t\t\t\t\t\t\t\t\t\t<div class=\"spectra-image-gallery spectra-image-gallery__layout--grid spectra-image-gallery__layout--grid-col-3 spectra-image-gallery__layout--grid-col-tab-3 spectra-image-gallery__layout--grid-col-mob-2\">\n\t\t\t\t\t\t\t\t\t\t\t<div class='spectra-image-gallery__media-wrapper' data-spectra-gallery-image-id='64235' tabindex=\"0\">\n\t\t\t\t\t\t\t<div class=\"spectra-image-gallery__media spectra-image-gallery__media--grid\">\n\t\t\t\t<picture>\n\t\t\t\t\t<source media=\"(min-width: 1024px)\" data-srcset=\"https:\/\/coria.org\/ayuntamiento\/wp-content\/uploads\/2025\/03\/fitcoria-01.jpg\">\n\t\t\t\t\t<source media=\"(min-width: 768px)\" data-srcset=\"https:\/\/coria.org\/ayuntamiento\/wp-content\/uploads\/2025\/03\/fitcoria-01.jpg\">\n\t\t\t\t\t<img decoding=\"async\" class=\"spectra-image-gallery__media-thumbnail spectra-image-gallery__media-thumbnail--grid lazyload\" data-src=\"https:\/\/coria.org\/ayuntamiento\/wp-content\/uploads\/2025\/03\/fitcoria-01.jpg\" alt=\"\" loading=\"lazy\" src=\"data:image\/gif;base64,R0lGODlhAQABAAAAACH5BAEKAAEALAAAAAABAAEAAAICTAEAOw==\" \/><noscript><img decoding=\"async\" class=\"spectra-image-gallery__media-thumbnail spectra-image-gallery__media-thumbnail--grid\" src=\"https:\/\/coria.org\/ayuntamiento\/wp-content\/uploads\/2025\/03\/fitcoria-01.jpg\" alt=\"\" loading=\"lazy\" \/><\/noscript>\n\t\t\t\t<\/picture>\n\t\t\t\t<div class=\"spectra-image-gallery__media-thumbnail-blurrer\"><\/div>\n\t\t\t\t\t\t\t\t\t\t\t<div class=\"spectra-image-gallery__media-thumbnail-caption-wrapper spectra-image-gallery__media-thumbnail-caption-wrapper--overlay\"><\/div>\n\t\t\t\t\t\t\t\t<\/div>\n\t\t\t\t\t\t<\/div>\n\t\t\t\t\t\t<div class='spectra-image-gallery__media-wrapper' data-spectra-gallery-image-id='64236' tabindex=\"0\">\n\t\t\t\t\t\t\t<div class=\"spectra-image-gallery__media spectra-image-gallery__media--grid\">\n\t\t\t\t<picture>\n\t\t\t\t\t<source media=\"(min-width: 1024px)\" data-srcset=\"https:\/\/coria.org\/ayuntamiento\/wp-content\/uploads\/2025\/03\/fitcoria-02.jpg\">\n\t\t\t\t\t<source media=\"(min-width: 768px)\" data-srcset=\"https:\/\/coria.org\/ayuntamiento\/wp-content\/uploads\/2025\/03\/fitcoria-02.jpg\">\n\t\t\t\t\t<img decoding=\"async\" class=\"spectra-image-gallery__media-thumbnail spectra-image-gallery__media-thumbnail--grid lazyload\" data-src=\"https:\/\/coria.org\/ayuntamiento\/wp-content\/uploads\/2025\/03\/fitcoria-02.jpg\" alt=\"\" loading=\"lazy\" src=\"data:image\/gif;base64,R0lGODlhAQABAAAAACH5BAEKAAEALAAAAAABAAEAAAICTAEAOw==\" \/><noscript><img decoding=\"async\" class=\"spectra-image-gallery__media-thumbnail spectra-image-gallery__media-thumbnail--grid\" src=\"https:\/\/coria.org\/ayuntamiento\/wp-content\/uploads\/2025\/03\/fitcoria-02.jpg\" alt=\"\" loading=\"lazy\" \/><\/noscript>\n\t\t\t\t<\/picture>\n\t\t\t\t<div class=\"spectra-image-gallery__media-thumbnail-blurrer\"><\/div>\n\t\t\t\t\t\t\t\t\t\t\t<div class=\"spectra-image-gallery__media-thumbnail-caption-wrapper spectra-image-gallery__media-thumbnail-caption-wrapper--overlay\"><\/div>\n\t\t\t\t\t\t\t\t<\/div>\n\t\t\t\t\t\t<\/div>\n\t\t\t\t\t\t<div class='spectra-image-gallery__media-wrapper' data-spectra-gallery-image-id='64237' tabindex=\"0\">\n\t\t\t\t\t\t\t<div class=\"spectra-image-gallery__media spectra-image-gallery__media--grid\">\n\t\t\t\t<picture>\n\t\t\t\t\t<source media=\"(min-width: 1024px)\" data-srcset=\"https:\/\/coria.org\/ayuntamiento\/wp-content\/uploads\/2025\/03\/fitcoria-03.jpg\">\n\t\t\t\t\t<source media=\"(min-width: 768px)\" data-srcset=\"https:\/\/coria.org\/ayuntamiento\/wp-content\/uploads\/2025\/03\/fitcoria-03.jpg\">\n\t\t\t\t\t<img decoding=\"async\" class=\"spectra-image-gallery__media-thumbnail spectra-image-gallery__media-thumbnail--grid lazyload\" data-src=\"https:\/\/coria.org\/ayuntamiento\/wp-content\/uploads\/2025\/03\/fitcoria-03.jpg\" alt=\"\" loading=\"lazy\" src=\"data:image\/gif;base64,R0lGODlhAQABAAAAACH5BAEKAAEALAAAAAABAAEAAAICTAEAOw==\" \/><noscript><img decoding=\"async\" class=\"spectra-image-gallery__media-thumbnail spectra-image-gallery__media-thumbnail--grid\" src=\"https:\/\/coria.org\/ayuntamiento\/wp-content\/uploads\/2025\/03\/fitcoria-03.jpg\" alt=\"\" loading=\"lazy\" \/><\/noscript>\n\t\t\t\t<\/picture>\n\t\t\t\t<div class=\"spectra-image-gallery__media-thumbnail-blurrer\"><\/div>\n\t\t\t\t\t\t\t\t\t\t\t<div class=\"spectra-image-gallery__media-thumbnail-caption-wrapper spectra-image-gallery__media-thumbnail-caption-wrapper--overlay\"><\/div>\n\t\t\t\t\t\t\t\t<\/div>\n\t\t\t\t\t\t<\/div>\n\t\t\t\t\t\t<div class='spectra-image-gallery__media-wrapper' data-spectra-gallery-image-id='64238' tabindex=\"0\">\n\t\t\t\t\t\t\t<div class=\"spectra-image-gallery__media spectra-image-gallery__media--grid\">\n\t\t\t\t<picture>\n\t\t\t\t\t<source media=\"(min-width: 1024px)\" data-srcset=\"https:\/\/coria.org\/ayuntamiento\/wp-content\/uploads\/2025\/03\/fitcoria-04.jpg\">\n\t\t\t\t\t<source media=\"(min-width: 768px)\" data-srcset=\"https:\/\/coria.org\/ayuntamiento\/wp-content\/uploads\/2025\/03\/fitcoria-04.jpg\">\n\t\t\t\t\t<img decoding=\"async\" class=\"spectra-image-gallery__media-thumbnail spectra-image-gallery__media-thumbnail--grid lazyload\" data-src=\"https:\/\/coria.org\/ayuntamiento\/wp-content\/uploads\/2025\/03\/fitcoria-04.jpg\" alt=\"\" loading=\"lazy\" src=\"data:image\/gif;base64,R0lGODlhAQABAAAAACH5BAEKAAEALAAAAAABAAEAAAICTAEAOw==\" \/><noscript><img decoding=\"async\" class=\"spectra-image-gallery__media-thumbnail spectra-image-gallery__media-thumbnail--grid\" src=\"https:\/\/coria.org\/ayuntamiento\/wp-content\/uploads\/2025\/03\/fitcoria-04.jpg\" alt=\"\" loading=\"lazy\" \/><\/noscript>\n\t\t\t\t<\/picture>\n\t\t\t\t<div class=\"spectra-image-gallery__media-thumbnail-blurrer\"><\/div>\n\t\t\t\t\t\t\t\t\t\t\t<div class=\"spectra-image-gallery__media-thumbnail-caption-wrapper spectra-image-gallery__media-thumbnail-caption-wrapper--overlay\"><\/div>\n\t\t\t\t\t\t\t\t<\/div>\n\t\t\t\t\t\t<\/div>\n\t\t\t\t\t\t<div class='spectra-image-gallery__media-wrapper' data-spectra-gallery-image-id='64239' tabindex=\"0\">\n\t\t\t\t\t\t\t<div class=\"spectra-image-gallery__media spectra-image-gallery__media--grid\">\n\t\t\t\t<picture>\n\t\t\t\t\t<source media=\"(min-width: 1024px)\" data-srcset=\"https:\/\/coria.org\/ayuntamiento\/wp-content\/uploads\/2025\/03\/fitcoria-05.jpg\">\n\t\t\t\t\t<source media=\"(min-width: 768px)\" data-srcset=\"https:\/\/coria.org\/ayuntamiento\/wp-content\/uploads\/2025\/03\/fitcoria-05.jpg\">\n\t\t\t\t\t<img decoding=\"async\" class=\"spectra-image-gallery__media-thumbnail spectra-image-gallery__media-thumbnail--grid lazyload\" data-src=\"https:\/\/coria.org\/ayuntamiento\/wp-content\/uploads\/2025\/03\/fitcoria-05.jpg\" alt=\"\" loading=\"lazy\" src=\"data:image\/gif;base64,R0lGODlhAQABAAAAACH5BAEKAAEALAAAAAABAAEAAAICTAEAOw==\" \/><noscript><img decoding=\"async\" class=\"spectra-image-gallery__media-thumbnail spectra-image-gallery__media-thumbnail--grid\" src=\"https:\/\/coria.org\/ayuntamiento\/wp-content\/uploads\/2025\/03\/fitcoria-05.jpg\" alt=\"\" loading=\"lazy\" \/><\/noscript>\n\t\t\t\t<\/picture>\n\t\t\t\t<div class=\"spectra-image-gallery__media-thumbnail-blurrer\"><\/div>\n\t\t\t\t\t\t\t\t\t\t\t<div class=\"spectra-image-gallery__media-thumbnail-caption-wrapper spectra-image-gallery__media-thumbnail-caption-wrapper--overlay\"><\/div>\n\t\t\t\t\t\t\t\t<\/div>\n\t\t\t\t\t\t<\/div>\n\t\t\t\t\t\t<div class='spectra-image-gallery__media-wrapper' data-spectra-gallery-image-id='64240' tabindex=\"0\">\n\t\t\t\t\t\t\t<div class=\"spectra-image-gallery__media spectra-image-gallery__media--grid\">\n\t\t\t\t<picture>\n\t\t\t\t\t<source media=\"(min-width: 1024px)\" data-srcset=\"https:\/\/coria.org\/ayuntamiento\/wp-content\/uploads\/2025\/03\/fitcoria-06.jpg\">\n\t\t\t\t\t<source media=\"(min-width: 768px)\" data-srcset=\"https:\/\/coria.org\/ayuntamiento\/wp-content\/uploads\/2025\/03\/fitcoria-06.jpg\">\n\t\t\t\t\t<img decoding=\"async\" class=\"spectra-image-gallery__media-thumbnail spectra-image-gallery__media-thumbnail--grid lazyload\" data-src=\"https:\/\/coria.org\/ayuntamiento\/wp-content\/uploads\/2025\/03\/fitcoria-06.jpg\" alt=\"\" loading=\"lazy\" src=\"data:image\/gif;base64,R0lGODlhAQABAAAAACH5BAEKAAEALAAAAAABAAEAAAICTAEAOw==\" \/><noscript><img decoding=\"async\" class=\"spectra-image-gallery__media-thumbnail spectra-image-gallery__media-thumbnail--grid\" src=\"https:\/\/coria.org\/ayuntamiento\/wp-content\/uploads\/2025\/03\/fitcoria-06.jpg\" alt=\"\" loading=\"lazy\" \/><\/noscript>\n\t\t\t\t<\/picture>\n\t\t\t\t<div class=\"spectra-image-gallery__media-thumbnail-blurrer\"><\/div>\n\t\t\t\t\t\t\t\t\t\t\t<div class=\"spectra-image-gallery__media-thumbnail-caption-wrapper spectra-image-gallery__media-thumbnail-caption-wrapper--overlay\"><\/div>\n\t\t\t\t\t\t\t\t<\/div>\n\t\t\t\t\t\t<\/div>\n\t\t\t\t\t\t<div class='spectra-image-gallery__media-wrapper' data-spectra-gallery-image-id='64223' tabindex=\"0\">\n\t\t\t\t\t\t\t<div class=\"spectra-image-gallery__media spectra-image-gallery__media--grid\">\n\t\t\t\t<picture>\n\t\t\t\t\t<source media=\"(min-width: 1024px)\" data-srcset=\"https:\/\/coria.org\/ayuntamiento\/wp-content\/uploads\/2025\/03\/desfile-fitcoria25.webp\">\n\t\t\t\t\t<source media=\"(min-width: 768px)\" data-srcset=\"https:\/\/coria.org\/ayuntamiento\/wp-content\/uploads\/2025\/03\/desfile-fitcoria25.webp\">\n\t\t\t\t\t<img decoding=\"async\" class=\"spectra-image-gallery__media-thumbnail spectra-image-gallery__media-thumbnail--grid lazyload\" data-src=\"https:\/\/coria.org\/ayuntamiento\/wp-content\/uploads\/2025\/03\/desfile-fitcoria25.webp\" alt=\"\" loading=\"lazy\" src=\"data:image\/gif;base64,R0lGODlhAQABAAAAACH5BAEKAAEALAAAAAABAAEAAAICTAEAOw==\" \/><noscript><img decoding=\"async\" class=\"spectra-image-gallery__media-thumbnail spectra-image-gallery__media-thumbnail--grid\" src=\"https:\/\/coria.org\/ayuntamiento\/wp-content\/uploads\/2025\/03\/desfile-fitcoria25.webp\" alt=\"\" loading=\"lazy\" \/><\/noscript>\n\t\t\t\t<\/picture>\n\t\t\t\t<div class=\"spectra-image-gallery__media-thumbnail-blurrer\"><\/div>\n\t\t\t\t\t\t\t\t\t\t\t<div class=\"spectra-image-gallery__media-thumbnail-caption-wrapper spectra-image-gallery__media-thumbnail-caption-wrapper--overlay\"><\/div>\n\t\t\t\t\t\t\t\t<\/div>\n\t\t\t\t\t\t<\/div>\n\t\t\t\t\t\t<div class='spectra-image-gallery__media-wrapper' data-spectra-gallery-image-id='64224' tabindex=\"0\">\n\t\t\t\t\t\t\t<div class=\"spectra-image-gallery__media spectra-image-gallery__media--grid\">\n\t\t\t\t<picture>\n\t\t\t\t\t<source media=\"(min-width: 1024px)\" data-srcset=\"https:\/\/coria.org\/ayuntamiento\/wp-content\/uploads\/2025\/03\/expo-moises-fitcoria25.webp\">\n\t\t\t\t\t<source media=\"(min-width: 768px)\" data-srcset=\"https:\/\/coria.org\/ayuntamiento\/wp-content\/uploads\/2025\/03\/expo-moises-fitcoria25.webp\">\n\t\t\t\t\t<img decoding=\"async\" class=\"spectra-image-gallery__media-thumbnail spectra-image-gallery__media-thumbnail--grid lazyload\" data-src=\"https:\/\/coria.org\/ayuntamiento\/wp-content\/uploads\/2025\/03\/expo-moises-fitcoria25.webp\" alt=\"\" loading=\"lazy\" src=\"data:image\/gif;base64,R0lGODlhAQABAAAAACH5BAEKAAEALAAAAAABAAEAAAICTAEAOw==\" \/><noscript><img decoding=\"async\" class=\"spectra-image-gallery__media-thumbnail spectra-image-gallery__media-thumbnail--grid\" src=\"https:\/\/coria.org\/ayuntamiento\/wp-content\/uploads\/2025\/03\/expo-moises-fitcoria25.webp\" alt=\"\" loading=\"lazy\" \/><\/noscript>\n\t\t\t\t<\/picture>\n\t\t\t\t<div class=\"spectra-image-gallery__media-thumbnail-blurrer\"><\/div>\n\t\t\t\t\t\t\t\t\t\t\t<div class=\"spectra-image-gallery__media-thumbnail-caption-wrapper spectra-image-gallery__media-thumbnail-caption-wrapper--overlay\"><\/div>\n\t\t\t\t\t\t\t\t<\/div>\n\t\t\t\t\t\t<\/div>\n\t\t\t\t\t\t<div class='spectra-image-gallery__media-wrapper' data-spectra-gallery-image-id='64225' tabindex=\"0\">\n\t\t\t\t\t\t\t<div class=\"spectra-image-gallery__media spectra-image-gallery__media--grid\">\n\t\t\t\t<picture>\n\t\t\t\t\t<source media=\"(min-width: 1024px)\" data-srcset=\"https:\/\/coria.org\/ayuntamiento\/wp-content\/uploads\/2025\/03\/pornaturales-fitcoria25.webp\">\n\t\t\t\t\t<source media=\"(min-width: 768px)\" data-srcset=\"https:\/\/coria.org\/ayuntamiento\/wp-content\/uploads\/2025\/03\/pornaturales-fitcoria25.webp\">\n\t\t\t\t\t<img decoding=\"async\" class=\"spectra-image-gallery__media-thumbnail spectra-image-gallery__media-thumbnail--grid lazyload\" data-src=\"https:\/\/coria.org\/ayuntamiento\/wp-content\/uploads\/2025\/03\/pornaturales-fitcoria25.webp\" alt=\"\" loading=\"lazy\" src=\"data:image\/gif;base64,R0lGODlhAQABAAAAACH5BAEKAAEALAAAAAABAAEAAAICTAEAOw==\" \/><noscript><img decoding=\"async\" class=\"spectra-image-gallery__media-thumbnail spectra-image-gallery__media-thumbnail--grid\" src=\"https:\/\/coria.org\/ayuntamiento\/wp-content\/uploads\/2025\/03\/pornaturales-fitcoria25.webp\" alt=\"\" loading=\"lazy\" \/><\/noscript>\n\t\t\t\t<\/picture>\n\t\t\t\t<div class=\"spectra-image-gallery__media-thumbnail-blurrer\"><\/div>\n\t\t\t\t\t\t\t\t\t\t\t<div class=\"spectra-image-gallery__media-thumbnail-caption-wrapper spectra-image-gallery__media-thumbnail-caption-wrapper--overlay\"><\/div>\n\t\t\t\t\t\t\t\t<\/div>\n\t\t\t\t\t\t<\/div>\n\t\t\t\t\t\t\t\t\t\t<\/div>\n\t\t\t\t\t\t\t\t\t\t\t\t\t\t\t\t\t\t<\/div>\n\t\t\t\t\t\t\t\t\t\t\t<div class='spectra-image-gallery__control-lightbox' tabindex='0'>\n\t\t\t\t\t\t\t\t\t\t\t<div class=\"swiper spectra-image-gallery__control-lightbox--main\" dir=\"\">\n\t\t\t\t\t<div class=\"swiper-wrapper\">\n\t\t\t\t\t\t\t\t\t\t\t\t\t\n\t\t\t\t\t\t\t<div class=\"swiper-slide\">\n\t\t\t\t\t\t\t\t<img class=\"swiper-lazy\" data-src=\"https:\/\/coria.org\/ayuntamiento\/wp-content\/uploads\/2025\/03\/fitcoria-01.jpg\" alt=\"\"\/>\n\t\t\t\t\t\t\t\t<div class=\"swiper-lazy-preloader swiper-lazy-preloader-white\"><\/div>\n\t\t\t\t\t\t\t\t\t\t\t\t\t\t\t<\/div>\n\t\t\t\t\t\t\t\t\t\t\t\t\t\n\t\t\t\t\t\t\t<div class=\"swiper-slide\">\n\t\t\t\t\t\t\t\t<img class=\"swiper-lazy\" data-src=\"https:\/\/coria.org\/ayuntamiento\/wp-content\/uploads\/2025\/03\/fitcoria-02.jpg\" alt=\"\"\/>\n\t\t\t\t\t\t\t\t<div class=\"swiper-lazy-preloader swiper-lazy-preloader-white\"><\/div>\n\t\t\t\t\t\t\t\t\t\t\t\t\t\t\t<\/div>\n\t\t\t\t\t\t\t\t\t\t\t\t\t\n\t\t\t\t\t\t\t<div class=\"swiper-slide\">\n\t\t\t\t\t\t\t\t<img class=\"swiper-lazy\" data-src=\"https:\/\/coria.org\/ayuntamiento\/wp-content\/uploads\/2025\/03\/fitcoria-03.jpg\" alt=\"\"\/>\n\t\t\t\t\t\t\t\t<div class=\"swiper-lazy-preloader swiper-lazy-preloader-white\"><\/div>\n\t\t\t\t\t\t\t\t\t\t\t\t\t\t\t<\/div>\n\t\t\t\t\t\t\t\t\t\t\t\t\t\n\t\t\t\t\t\t\t<div class=\"swiper-slide\">\n\t\t\t\t\t\t\t\t<img class=\"swiper-lazy\" data-src=\"https:\/\/coria.org\/ayuntamiento\/wp-content\/uploads\/2025\/03\/fitcoria-04.jpg\" alt=\"\"\/>\n\t\t\t\t\t\t\t\t<div class=\"swiper-lazy-preloader swiper-lazy-preloader-white\"><\/div>\n\t\t\t\t\t\t\t\t\t\t\t\t\t\t\t<\/div>\n\t\t\t\t\t\t\t\t\t\t\t\t\t\n\t\t\t\t\t\t\t<div class=\"swiper-slide\">\n\t\t\t\t\t\t\t\t<img class=\"swiper-lazy\" data-src=\"https:\/\/coria.org\/ayuntamiento\/wp-content\/uploads\/2025\/03\/fitcoria-05.jpg\" alt=\"\"\/>\n\t\t\t\t\t\t\t\t<div class=\"swiper-lazy-preloader swiper-lazy-preloader-white\"><\/div>\n\t\t\t\t\t\t\t\t\t\t\t\t\t\t\t<\/div>\n\t\t\t\t\t\t\t\t\t\t\t\t\t\n\t\t\t\t\t\t\t<div class=\"swiper-slide\">\n\t\t\t\t\t\t\t\t<img class=\"swiper-lazy\" data-src=\"https:\/\/coria.org\/ayuntamiento\/wp-content\/uploads\/2025\/03\/fitcoria-06.jpg\" alt=\"\"\/>\n\t\t\t\t\t\t\t\t<div class=\"swiper-lazy-preloader swiper-lazy-preloader-white\"><\/div>\n\t\t\t\t\t\t\t\t\t\t\t\t\t\t\t<\/div>\n\t\t\t\t\t\t\t\t\t\t\t\t\t\n\t\t\t\t\t\t\t<div class=\"swiper-slide\">\n\t\t\t\t\t\t\t\t<img class=\"swiper-lazy\" data-src=\"https:\/\/coria.org\/ayuntamiento\/wp-content\/uploads\/2025\/03\/desfile-fitcoria25.webp\" alt=\"\"\/>\n\t\t\t\t\t\t\t\t<div class=\"swiper-lazy-preloader swiper-lazy-preloader-white\"><\/div>\n\t\t\t\t\t\t\t\t\t\t\t\t\t\t\t<\/div>\n\t\t\t\t\t\t\t\t\t\t\t\t\t\n\t\t\t\t\t\t\t<div class=\"swiper-slide\">\n\t\t\t\t\t\t\t\t<img class=\"swiper-lazy\" data-src=\"https:\/\/coria.org\/ayuntamiento\/wp-content\/uploads\/2025\/03\/expo-moises-fitcoria25.webp\" alt=\"\"\/>\n\t\t\t\t\t\t\t\t<div class=\"swiper-lazy-preloader swiper-lazy-preloader-white\"><\/div>\n\t\t\t\t\t\t\t\t\t\t\t\t\t\t\t<\/div>\n\t\t\t\t\t\t\t\t\t\t\t\t\t\n\t\t\t\t\t\t\t<div class=\"swiper-slide\">\n\t\t\t\t\t\t\t\t<img class=\"swiper-lazy\" data-src=\"https:\/\/coria.org\/ayuntamiento\/wp-content\/uploads\/2025\/03\/pornaturales-fitcoria25.webp\" alt=\"\"\/>\n\t\t\t\t\t\t\t\t<div class=\"swiper-lazy-preloader swiper-lazy-preloader-white\"><\/div>\n\t\t\t\t\t\t\t\t\t\t\t\t\t\t\t<\/div>\n\t\t\t\t\t\t\t\t\t\t\t<\/div>\n\t\t\t\t\t<div class=\"swiper-button-next\"><\/div>\n\t\t\t\t\t<div class=\"swiper-button-prev\"><\/div>\n\t\t\t\t<\/div>\t\t\t\n\t\t\t\t\t\t\t\t\t\t\t\t\t\t\t\t\t\t\t\t\t\t\t\t\t\t\t\t\t\t\t\t<button class='spectra-image-gallery__control-lightbox--close' aria-label=\"Close\">\n\t\t\t\t\t\t\t\t\t\t\t\t\t<svg xmlns=\"https:\/\/www.w3.org\/2000\/svg\" viewBox= \"0 0 320 512\"><path d=\"M310.6 361.4c12.5 12.5 12.5 32.75 0 45.25C304.4 412.9 296.2 416 288 416s-16.38-3.125-22.62-9.375L160 301.3L54.63 406.6C48.38 412.9 40.19 416 32 416S15.63 412.9 9.375 406.6c-12.5-12.5-12.5-32.75 0-45.25l105.4-105.4L9.375 150.6c-12.5-12.5-12.5-32.75 0-45.25s32.75-12.5 45.25 0L160 210.8l105.4-105.4c12.5-12.5 32.75-12.5 45.25 0s12.5 32.75 0 45.25l-105.4 105.4L310.6 361.4z\"><\/path><\/svg>\n\t\t\t\t\t\t\t\t\t\t\t\t<\/button>\n\t\t\t\t\t\t\t\t\t\t\t\t\t<\/div>\n\t\t\t\t\t\t\t\t\t\n\n\n<p>M\u00e1s informaci\u00f3n en la Web Oficial de FitCoria 2025: <a href=\"https:\/\/turismocoria.es\/fit\" target=\"_blank\" rel=\"noreferrer noopener\">https:\/\/turismocoria.es\/fit<\/a><\/p>\n","protected":false},"excerpt":{"rendered":"<p>La Feria Internacional del Toro, es un evento taurino, de car\u00e1cter tur\u00edstico-cultural y socio-econ\u00f3mico, que ha alcanzado un importante \u00e9xito de participaci\u00f3n de visitantes, lo que ha convertido a la Ciudad de Coria en la capital del Mundo del Toro durante la celebraci\u00f3n de la misma a mediados del mes de marzo.<\/p>\n","protected":false},"author":4,"featured_media":2480,"comment_status":"closed","ping_status":"closed","template":"","meta":{"_uag_custom_page_level_css":"","site-sidebar-layout":"default","site-content-layout":"","ast-site-content-layout":"default","site-content-style":"default","site-sidebar-style":"default","ast-global-header-display":"","ast-banner-title-visibility":"","ast-main-header-display":"","ast-hfb-above-header-display":"","ast-hfb-below-header-display":"","ast-hfb-mobile-header-display":"","site-post-title":"","ast-breadcrumbs-content":"","ast-featured-img":"","footer-sml-layout":"","theme-transparent-header-meta":"","adv-header-id-meta":"","stick-header-meta":"","header-above-stick-meta":"","header-main-stick-meta":"","header-below-stick-meta":"","astra-migrate-meta-layouts":"set","ast-page-background-enabled":"default","ast-page-background-meta":{"desktop":{"background-color":"","background-image":"","background-repeat":"repeat","background-position":"center center","background-size":"auto","background-attachment":"scroll","background-type":"","background-media":"","overlay-type":"","overlay-color":"","overlay-opacity":"","overlay-gradient":""},"tablet":{"background-color":"","background-image":"","background-repeat":"repeat","background-position":"center center","background-size":"auto","background-attachment":"scroll","background-type":"","background-media":"","overlay-type":"","overlay-color":"","overlay-opacity":"","overlay-gradient":""},"mobile":{"background-color":"","background-image":"","background-repeat":"repeat","background-position":"center center","background-size":"auto","background-attachment":"scroll","background-type":"","background-media":"","overlay-type":"","overlay-color":"","overlay-opacity":"","overlay-gradient":""}},"ast-content-background-meta":{"desktop":{"background-color":"var(--ast-global-color-5)","background-image":"","background-repeat":"repeat","background-position":"center center","background-size":"auto","background-attachment":"scroll","background-type":"","background-media":"","overlay-type":"","overlay-color":"","overlay-opacity":"","overlay-gradient":""},"tablet":{"background-color":"var(--ast-global-color-5)","background-image":"","background-repeat":"repeat","background-position":"center center","background-size":"auto","background-attachment":"scroll","background-type":"","background-media":"","overlay-type":"","overlay-color":"","overlay-opacity":"","overlay-gradient":""},"mobile":{"background-color":"var(--ast-global-color-5)","background-image":"","background-repeat":"repeat","background-position":"center center","background-size":"auto","background-attachment":"scroll","background-type":"","background-media":"","overlay-type":"","overlay-color":"","overlay-opacity":"","overlay-gradient":""}},"_EventAllDay":true,"_EventTimezone":"Europe\/Madrid","_EventStartDate":"2025-03-28 00:00:00","_EventEndDate":"2025-03-30 23:59:59","_EventStartDateUTC":"2025-03-27 23:00:00","_EventEndDateUTC":"2025-03-30 21:59:59","_EventShowMap":false,"_EventShowMapLink":false,"_EventURL":"","_EventCost":"","_EventCostDescription":"","_EventCurrencySymbol":"\u20ac","_EventCurrencyCode":"","_EventCurrencyPosition":"suffix","_EventDateTimeSeparator":"-","_EventTimeRangeSeparator":" - ","_EventOrganizerID":[],"_EventVenueID":0,"_OrganizerEmail":"","_OrganizerPhone":"","_OrganizerWebsite":"","_VenueAddress":"","_VenueCity":"","_VenueCountry":"","_VenueProvince":"","_VenueZip":"","_VenuePhone":"","_VenueURL":"","_VenueStateProvince":"","_VenueLat":"","_VenueLng":"","_tribe_events_status":"","_tribe_events_status_reason":"","footnotes":""},"tags":[323],"tribe_events_cat":[],"class_list":["post-9601","tribe_events","type-tribe_events","status-publish","has-post-thumbnail","hentry","tag-fitcoria"],"uagb_featured_image_src":{"full":["https:\/\/turismocoria.es\/turismo\/wp-content\/uploads\/2021\/05\/fit-coria-09.jpg",1381,1080,false],"thumbnail":["https:\/\/turismocoria.es\/turismo\/wp-content\/uploads\/2021\/05\/fit-coria-09-150x150.jpg",150,150,true],"medium":["https:\/\/turismocoria.es\/turismo\/wp-content\/uploads\/2021\/05\/fit-coria-09-300x235.jpg",300,235,true],"medium_large":["https:\/\/turismocoria.es\/turismo\/wp-content\/uploads\/2021\/05\/fit-coria-09-768x601.jpg",768,601,true],"large":["https:\/\/turismocoria.es\/turismo\/wp-content\/uploads\/2021\/05\/fit-coria-09-1024x801.jpg",1024,801,true],"gs-tiny":["https:\/\/turismocoria.es\/turismo\/wp-content\/uploads\/2021\/05\/fit-coria-09.jpg",50,39,false],"xl":["https:\/\/turismocoria.es\/turismo\/wp-content\/uploads\/2021\/05\/fit-coria-09.jpg",1381,1080,false],"xxl":["https:\/\/turismocoria.es\/turismo\/wp-content\/uploads\/2021\/05\/fit-coria-09.jpg",1381,1080,false],"xxxl":["https:\/\/turismocoria.es\/turismo\/wp-content\/uploads\/2021\/05\/fit-coria-09.jpg",1381,1080,false],"xxxxl":["https:\/\/turismocoria.es\/turismo\/wp-content\/uploads\/2021\/05\/fit-coria-09.jpg",1381,1080,false],"xxxxxl":["https:\/\/turismocoria.es\/turismo\/wp-content\/uploads\/2021\/05\/fit-coria-09.jpg",1381,1080,false],"1536x1536":["https:\/\/turismocoria.es\/turismo\/wp-content\/uploads\/2021\/05\/fit-coria-09.jpg",1381,1080,false],"2048x2048":["https:\/\/turismocoria.es\/turismo\/wp-content\/uploads\/2021\/05\/fit-coria-09.jpg",1381,1080,false],"ultp_layout_landscape_large":["https:\/\/turismocoria.es\/turismo\/wp-content\/uploads\/2021\/05\/fit-coria-09-1200x800.jpg",1200,800,true],"ultp_layout_landscape":["https:\/\/turismocoria.es\/turismo\/wp-content\/uploads\/2021\/05\/fit-coria-09-870x570.jpg",870,570,true],"ultp_layout_portrait":["https:\/\/turismocoria.es\/turismo\/wp-content\/uploads\/2021\/05\/fit-coria-09-600x900.jpg",600,900,true],"ultp_layout_square":["https:\/\/turismocoria.es\/turismo\/wp-content\/uploads\/2021\/05\/fit-coria-09-600x600.jpg",600,600,true],"gb-block-post-grid-landscape":["https:\/\/turismocoria.es\/turismo\/wp-content\/uploads\/2021\/05\/fit-coria-09-600x400.jpg",600,400,true],"gb-block-post-grid-square":["https:\/\/turismocoria.es\/turismo\/wp-content\/uploads\/2021\/05\/fit-coria-09-600x600.jpg",600,600,true]},"uagb_author_info":{"display_name":"Oficina Turismo","author_link":"https:\/\/turismocoria.es\/turismo\/author\/oficina\/"},"uagb_comment_info":0,"uagb_excerpt":"La Feria Internacional del Toro, es un evento taurino, de car\u00e1cter tur\u00edstico-cultural y socio-econ\u00f3mico, que ha alcanzado un importante \u00e9xito de participaci\u00f3n de visitantes, lo que ha convertido a la Ciudad de Coria en la capital del Mundo del Toro durante la celebraci\u00f3n de la misma a mediados del mes de marzo.","_links":{"self":[{"href":"https:\/\/turismocoria.es\/turismo\/wp-json\/wp\/v2\/tribe_events\/9601"}],"collection":[{"href":"https:\/\/turismocoria.es\/turismo\/wp-json\/wp\/v2\/tribe_events"}],"about":[{"href":"https:\/\/turismocoria.es\/turismo\/wp-json\/wp\/v2\/types\/tribe_events"}],"author":[{"embeddable":true,"href":"https:\/\/turismocoria.es\/turismo\/wp-json\/wp\/v2\/users\/4"}],"replies":[{"embeddable":true,"href":"https:\/\/turismocoria.es\/turismo\/wp-json\/wp\/v2\/comments?post=9601"}],"version-history":[{"count":15,"href":"https:\/\/turismocoria.es\/turismo\/wp-json\/wp\/v2\/tribe_events\/9601\/revisions"}],"predecessor-version":[{"id":13117,"href":"https:\/\/turismocoria.es\/turismo\/wp-json\/wp\/v2\/tribe_events\/9601\/revisions\/13117"}],"wp:featuredmedia":[{"embeddable":true,"href":"https:\/\/turismocoria.es\/turismo\/wp-json\/wp\/v2\/media\/2480"}],"wp:attachment":[{"href":"https:\/\/turismocoria.es\/turismo\/wp-json\/wp\/v2\/media?parent=9601"}],"wp:term":[{"taxonomy":"post_tag","embeddable":true,"href":"https:\/\/turismocoria.es\/turismo\/wp-json\/wp\/v2\/tags?post=9601"},{"taxonomy":"tribe_events_cat","embeddable":true,"href":"https:\/\/turismocoria.es\/turismo\/wp-json\/wp\/v2\/tribe_events_cat?post=9601"}],"curies":[{"name":"wp","href":"https:\/\/api.w.org\/{rel}","templated":true}]}}