{"id":13839,"date":"2026-04-20T13:30:36","date_gmt":"2026-04-20T11:30:36","guid":{"rendered":"https:\/\/turismocoria.es\/turismo\/?post_type=tribe_events&#038;p=13839"},"modified":"2026-04-20T13:30:38","modified_gmt":"2026-04-20T11:30:38","slug":"fiestas-en-honor-a-san-jose-obrero-2026","status":"publish","type":"tribe_events","link":"https:\/\/turismocoria.es\/turismo\/evento\/fiestas-en-honor-a-san-jose-obrero-2026\/","title":{"rendered":"Fiestas en honor a San Jos\u00e9 Obrero 2026"},"content":{"rendered":"<div class=\"tribe-events-schedule tribe-clearfix\">\n\t<h2 class=\"tribe-events-schedule__datetime\">\n\t\t<span class=\"tribe-events-schedule__date tribe-events-schedule__date--start\">\n\t\t\t30 abril\t\t<\/span>\n\n\t\t\n\t\t\t\t\t\t\t\t\t<span class=\"tribe-events-schedule__separator tribe-events-schedule__separator--time\">\n\t\t\t\t\t &#8211; \t\t\t\t<\/span>\n\t\t\t\n\t\t\t\t\t\t\t<span class=\"tribe-events-schedule__date tribe-events-schedule__date--end\">\n\t\t\t\t\t3 mayo\t\t\t\t<\/span>\n\n\t\t\t\t\n\t\t\t\n\t\t\t\t\t\t<\/h2>\n<\/div>\n\n\n\n<p>El Ayuntamiento de Coria ha dado a conocer la programaci\u00f3n oficial de las tradicionales Fiestas en honor a San Jos\u00e9 Obrero de Rinc\u00f3n del Obispo, que se celebrar\u00e1n del 30 de abril al 3 de mayo de 2026, con un amplio calendario de actividades culturales, religiosas, deportivas y festivas dirigidas a todos los p\u00fablicos.<\/p>\n\n\n\n<p>Los actos arrancar\u00e1n el mi\u00e9rcoles 22 de abril con un concurso de petanca a las 10:30 horas en el Hogar del Pensionista. La programaci\u00f3n continuar\u00e1 el s\u00e1bado 25 de abril con una competici\u00f3n de f\u00fatbol sala de pe\u00f1as a las 19:00 horas, seguida de una sesi\u00f3n de animaci\u00f3n musical en la carpa municipal a partir de las 23:00 horas con los DJs Pipas y Dino.<\/p>\n\n\n\n<p>El domingo 26 de abril se celebrar\u00e1 a las 12:00 horas la misa y ofrenda en honor a San Jos\u00e9, y por la tarde, a partir de las 17:00 horas, tendr\u00e1 lugar un mercado en la Plaza de la Casa de Cultura. A las 18:00 horas, la carpa municipal acoger\u00e1 un festival folcl\u00f3rico con la participaci\u00f3n de los grupos Savia Nueva de Coria, J\u00f3venes Extreme\u00f1os de Moraleja y Entrearroyos de Vegaviana.<\/p>\n\n\n\n<p>El jueves 30 de abril, a las 23:00 horas, tendr\u00e1 lugar el preg\u00f3n de fiestas a cargo de las Mayordomas en la carpa municipal. A continuaci\u00f3n, se celebrar\u00e1 una sesi\u00f3n musical con los DJs Poteco, Sega y Pipas.<\/p>\n\n\n\n<p>El viernes 1 de mayo comenzar\u00e1 con la tradicional charanga y recogida de Mayordomas a las 11:15 horas, seguida de la Santa Misa en honor a San Jos\u00e9 Obrero a las 12:00 horas. Ya por la tarde, a las 20:00 horas, se celebrar\u00e1 una lidia de una vaca y un toro. La jornada finalizar\u00e1 con el concierto del grupo \u201cLe\u00f3n Bravo\u201d a las 23:00 horas y, posteriormente, sesi\u00f3n de DJs Turiel y Lobo en la carpa municipal.<\/p>\n\n\n\n<p>El s\u00e1bado 2 de mayo se iniciar\u00e1 con la lidia de dos vacas a las 2:00 horas. A las 10:00 horas tendr\u00e1 lugar el desayuno y salida de caballistas desde la plaza acompa\u00f1ados por los bueyes. A su llegada, se celebrar\u00e1 un encierro infantil, actividades para los m\u00e1s peque\u00f1os con hinchables y una comida popular en la carpa municipal. Por la tarde, a las 16:00 horas, la charanga recorrer\u00e1 las pe\u00f1as, y a las 20:00 horas tendr\u00e1 lugar una nueva lidia de una vaca y un toro. La noche concluir\u00e1 con el concierto del grupo \u201cGusanito\u201d a las 23:00 horas y la posterior actuaci\u00f3n de DJs Pipas, Kokinho, Saavedra y Jonathan Olara.<\/p>\n\n\n\n<p>Las fiestas culminar\u00e1n el domingo 3 de mayo con una lidia de un novillo a las 2:00 horas y otra a las 13:00 horas, esta \u00faltima donada por la comisi\u00f3n de festejos. A las 17:00 horas se celebrar\u00e1 el Grand Prix organizado por \u201cArte en Extremadura\u201d. La programaci\u00f3n finalizar\u00e1 con una lidia de una vaca y un toro a las 20:00 horas y un espect\u00e1culo de fuegos artificiales a las 22:30 horas.<\/p>\n\n\n\n<p>Desde el Ayuntamiento de Coria se invita a vecinos y visitantes a participar en estas fiestas, que combinan tradici\u00f3n, cultura y ocio, consolid\u00e1ndose como una de las celebraciones m\u00e1s destacadas del calendario local.<\/p>\n\n\n\t\t\t\t\t<div\n\t\t\t\t\t\tclass=\"wp-block-uagb-image-gallery uagb-block-eb54a26a     \"\n\t\t\t\t\t\tstyle=\"\"\n\t\t\t\t\t>\n\t\t\t\t\t\t\t\t\t\t\t<div class=\"spectra-image-gallery spectra-image-gallery__layout--masonry spectra-image-gallery__layout--masonry-col-2 spectra-image-gallery__layout--masonry-col-tab-2 spectra-image-gallery__layout--masonry-col-mob-2\">\n\t\t\t\t\t\t\t\t\t\t\t<div class='spectra-image-gallery__media-wrapper--isotope'>\n\t\t\t\t\t\t\t<div class='spectra-image-gallery__media-wrapper' data-spectra-gallery-image-id='66457' tabindex=\"0\">\n\t\t\t\t\t\t\t<div class=\"spectra-image-gallery__media spectra-image-gallery__media--masonry\">\n\t\t\t\t<picture>\n\t\t\t\t\t<source media=\"(min-width: 1024px)\" data-srcset=\"https:\/\/coria.org\/ayuntamiento\/wp-content\/uploads\/2026\/04\/fiestas-sanjose-2026.webp\">\n\t\t\t\t\t<source media=\"(min-width: 768px)\" data-srcset=\"https:\/\/coria.org\/ayuntamiento\/wp-content\/uploads\/2026\/04\/fiestas-sanjose-2026.webp\">\n\t\t\t\t\t<img decoding=\"async\" class=\"spectra-image-gallery__media-thumbnail spectra-image-gallery__media-thumbnail--masonry lazyload\" data-src=\"https:\/\/coria.org\/ayuntamiento\/wp-content\/uploads\/2026\/04\/fiestas-sanjose-2026.webp\" alt=\"\" loading=\"lazy\" src=\"data:image\/gif;base64,R0lGODlhAQABAAAAACH5BAEKAAEALAAAAAABAAEAAAICTAEAOw==\" \/><noscript><img decoding=\"async\" class=\"spectra-image-gallery__media-thumbnail spectra-image-gallery__media-thumbnail--masonry\" src=\"https:\/\/coria.org\/ayuntamiento\/wp-content\/uploads\/2026\/04\/fiestas-sanjose-2026.webp\" alt=\"\" loading=\"lazy\" \/><\/noscript>\n\t\t\t\t<\/picture>\n\t\t\t\t<div class=\"spectra-image-gallery__media-thumbnail-blurrer\"><\/div>\n\t\t\t\t\t\t\t\t\t\t\t<div class=\"spectra-image-gallery__media-thumbnail-caption-wrapper spectra-image-gallery__media-thumbnail-caption-wrapper--overlay\"><\/div>\n\t\t\t\t\t\t\t\t<\/div>\n\t\t\t\t\t\t<\/div>\n\t\t\t\t\t\t<\/div>\n\t\t\t\t\t\t<div class='spectra-image-gallery__media-wrapper--isotope'>\n\t\t\t\t\t\t\t<div class='spectra-image-gallery__media-wrapper' data-spectra-gallery-image-id='66456' tabindex=\"0\">\n\t\t\t\t\t\t\t<div class=\"spectra-image-gallery__media spectra-image-gallery__media--masonry\">\n\t\t\t\t<picture>\n\t\t\t\t\t<source media=\"(min-width: 1024px)\" data-srcset=\"https:\/\/coria.org\/ayuntamiento\/wp-content\/uploads\/2026\/04\/toros-sj-2026.webp\">\n\t\t\t\t\t<source media=\"(min-width: 768px)\" data-srcset=\"https:\/\/coria.org\/ayuntamiento\/wp-content\/uploads\/2026\/04\/toros-sj-2026.webp\">\n\t\t\t\t\t<img decoding=\"async\" class=\"spectra-image-gallery__media-thumbnail spectra-image-gallery__media-thumbnail--masonry lazyload\" data-src=\"https:\/\/coria.org\/ayuntamiento\/wp-content\/uploads\/2026\/04\/toros-sj-2026.webp\" alt=\"\" loading=\"lazy\" src=\"data:image\/gif;base64,R0lGODlhAQABAAAAACH5BAEKAAEALAAAAAABAAEAAAICTAEAOw==\" \/><noscript><img decoding=\"async\" class=\"spectra-image-gallery__media-thumbnail spectra-image-gallery__media-thumbnail--masonry\" src=\"https:\/\/coria.org\/ayuntamiento\/wp-content\/uploads\/2026\/04\/toros-sj-2026.webp\" alt=\"\" loading=\"lazy\" \/><\/noscript>\n\t\t\t\t<\/picture>\n\t\t\t\t<div class=\"spectra-image-gallery__media-thumbnail-blurrer\"><\/div>\n\t\t\t\t\t\t\t\t\t\t\t<div class=\"spectra-image-gallery__media-thumbnail-caption-wrapper spectra-image-gallery__media-thumbnail-caption-wrapper--overlay\"><\/div>\n\t\t\t\t\t\t\t\t<\/div>\n\t\t\t\t\t\t<\/div>\n\t\t\t\t\t\t<\/div>\n\t\t\t\t\t\t\t\t\t\t<\/div>\n\t\t\t\t\t\t\t\t\t\t\t\t\t\t\t\t\t\t<\/div>\n\t\t\t\t\t\t\t\t\t\t\t<div class='spectra-image-gallery__control-lightbox' tabindex='0'>\n\t\t\t\t\t\t\t\t\t\t\t<div class=\"swiper spectra-image-gallery__control-lightbox--main\" dir=\"\">\n\t\t\t\t\t<div class=\"swiper-wrapper\">\n\t\t\t\t\t\t\t\t\t\t\t\t\t\n\t\t\t\t\t\t\t<div class=\"swiper-slide\">\n\t\t\t\t\t\t\t\t<img class=\"swiper-lazy\" data-src=\"https:\/\/coria.org\/ayuntamiento\/wp-content\/uploads\/2026\/04\/fiestas-sanjose-2026.webp\" alt=\"\"\/>\n\t\t\t\t\t\t\t\t<div class=\"swiper-lazy-preloader swiper-lazy-preloader-white\"><\/div>\n\t\t\t\t\t\t\t\t\t\t\t\t\t\t\t<\/div>\n\t\t\t\t\t\t\t\t\t\t\t\t\t\n\t\t\t\t\t\t\t<div class=\"swiper-slide\">\n\t\t\t\t\t\t\t\t<img class=\"swiper-lazy\" data-src=\"https:\/\/coria.org\/ayuntamiento\/wp-content\/uploads\/2026\/04\/toros-sj-2026.webp\" alt=\"\"\/>\n\t\t\t\t\t\t\t\t<div class=\"swiper-lazy-preloader swiper-lazy-preloader-white\"><\/div>\n\t\t\t\t\t\t\t\t\t\t\t\t\t\t\t<\/div>\n\t\t\t\t\t\t\t\t\t\t\t<\/div>\n\t\t\t\t\t<div class=\"swiper-button-next\"><\/div>\n\t\t\t\t\t<div class=\"swiper-button-prev\"><\/div>\n\t\t\t\t<\/div>\t\t\t\n\t\t\t\t\t\t\t\t\t\t\t\t\t\t\t\t\t\t\t\t\t\t\t\t\t\t\t\t\t\t\t\t<button class='spectra-image-gallery__control-lightbox--close' aria-label=\"Close\">\n\t\t\t\t\t\t\t\t\t\t\t\t\t<svg xmlns=\"https:\/\/www.w3.org\/2000\/svg\" viewBox= \"0 0 320 512\"><path d=\"M310.6 361.4c12.5 12.5 12.5 32.75 0 45.25C304.4 412.9 296.2 416 288 416s-16.38-3.125-22.62-9.375L160 301.3L54.63 406.6C48.38 412.9 40.19 416 32 416S15.63 412.9 9.375 406.6c-12.5-12.5-12.5-32.75 0-45.25l105.4-105.4L9.375 150.6c-12.5-12.5-12.5-32.75 0-45.25s32.75-12.5 45.25 0L160 210.8l105.4-105.4c12.5-12.5 32.75-12.5 45.25 0s12.5 32.75 0 45.25l-105.4 105.4L310.6 361.4z\"><\/path><\/svg>\n\t\t\t\t\t\t\t\t\t\t\t\t<\/button>\n\t\t\t\t\t\t\t\t\t\t\t\t\t<\/div>\n\t\t\t\t\t\t\t\t\t\n\n<div class=\"tribe-block tribe-block__event-price\">\n\t\t<\/div>\n\n\n<div class=\"tribe-block tribe-block__organizer__details tribe-clearfix\">\n\t<div class=\"tribe-block__organizer__title\">\n\t\t<h3><a href=\"https:\/\/turismocoria.es\/turismo\/organizer\/ayuntamiento-de-coria\/\" title=\"Ayuntamiento de Coria\" target=\"_self\" rel=\"\">Ayuntamiento de Coria<\/a><\/h3>\n\t<\/div>\n\t\t\t<\/div>\n\n\n<div class=\"tribe-block tribe-block__venue tribe-block__venue--has-map\">\n\t\n\t\n<div class=\"tribe-block__venue__meta\">\n\t<div class=\"tribe-block__venue__name\">\n\t\t<h3><a href=\"https:\/\/turismocoria.es\/turismo\/venue\/rincon-del-obispo\/\" title=\"Rinc\u00f3n del Obispo\">Rinc\u00f3n del Obispo<\/a><\/h3>\n\t<\/div>\n\n\t\n\t\n\t\n\t\n\t<\/div>\n\t\n\t<\/div>\n\n\n\n\n\t<div class=\"tribe-block tribe-block__events-link\">\n\t\t<div class=\"tribe-events tribe-common\">\n\t\t\t<div class=\"tribe-events-c-subscribe-dropdown__container\">\n\t\t\t\t<div class=\"tribe-events-c-subscribe-dropdown\">\n\t\t\t\t\t<div class=\"tribe-common-c-btn-border tribe-events-c-subscribe-dropdown__button\" tabindex=\"0\">\n\t\t\t\t\t\t<svg  class=\"tribe-common-c-svgicon tribe-common-c-svgicon--cal-export tribe-events-c-subscribe-dropdown__export-icon\"  viewBox=\"0 0 23 17\" xmlns=\"http:\/\/www.w3.org\/2000\/svg\">\n  <path fill-rule=\"evenodd\" clip-rule=\"evenodd\" d=\"M.128.896V16.13c0 .211.145.383.323.383h15.354c.179 0 .323-.172.323-.383V.896c0-.212-.144-.383-.323-.383H.451C.273.513.128.684.128.896Zm16 6.742h-.901V4.679H1.009v10.729h14.218v-3.336h.901V7.638ZM1.01 1.614h14.218v2.058H1.009V1.614Z\" \/>\n  <path d=\"M20.5 9.846H8.312M18.524 6.953l2.89 2.909-2.855 2.855\" stroke-width=\"1.2\" stroke-linecap=\"round\" stroke-linejoin=\"round\"\/>\n<\/svg>\n\t\t\t\t\t\t<button class=\"tribe-events-c-subscribe-dropdown__button-text\">\n\t\t\t\t\t\t\tA\u00f1adir al calendario\t\t\t\t\t\t<\/button>\n\t\t\t\t\t\t<svg  class=\"tribe-common-c-svgicon tribe-common-c-svgicon--caret-down tribe-events-c-subscribe-dropdown__button-icon\"  viewBox=\"0 0 10 7\" xmlns=\"http:\/\/www.w3.org\/2000\/svg\"><path fill-rule=\"evenodd\" clip-rule=\"evenodd\" d=\"M1.008.609L5 4.6 8.992.61l.958.958L5 6.517.05 1.566l.958-.958z\" class=\"tribe-common-c-svgicon__svg-fill\"\/><\/svg>\n\t\t\t\t\t<\/div>\n\t\t\t\t\t<div class=\"tribe-events-c-subscribe-dropdown__content\">\n\t\t\t\t\t\t<ul class=\"tribe-events-c-subscribe-dropdown__list\" tabindex=\"0\">\n\t\t\t\t\t\t\t\t\t\t\t\t\t\t\t<li class=\"tribe-events-c-subscribe-dropdown__list-item\">\n\t\t\t\t\t\t\t\t\t<a\n\t\t\t\t\t\t\t\t\t\thref=\"https:\/\/www.google.com\/calendar\/event?action=TEMPLATE&#038;dates=20260430T000000\/20260503T235959&#038;text=Fiestas%20en%20honor%20a%20San%20Jos%C3%A9%20Obrero%202026&#038;details=%3C%21--+wp%3Atribe%2Fevent-datetime+%2F--%3E%3C%21--+wp%3Aparagraph+--%3E%3Cp%3EEl+Ayuntamiento+de+Coria+ha+dado+a+conocer+la+programaci%C3%B3n+oficial+de+las+tradicionales+Fiestas+en+honor+a+San+Jos%C3%A9+Obrero+de+Rinc%C3%B3n+del+Obispo%2C+que+se+celebrar%C3%A1n+del+30+de+abril+al+3+de+mayo+de+2026%2C+con+un+amplio+calendario+de+actividades+culturales%2C+religiosas%2C+deportivas+y+festivas+dirigidas+a+todos+los+p%C3%BAblicos.%3C%2Fp%3E%3C%21--+%2Fwp%3Aparagraph+--%3E%3C%21--+wp%3Aparagraph+--%3E%3Cp%3ELos+actos+arrancar%C3%A1n+el+mi%C3%A9rcoles+22+de+abril+con+un+concurso+de+petanca+a+las+10%3A30+horas+en+el+Hogar+del+Pensionista.+La+programaci%C3%B3n+continuar%C3%A1+el+s%C3%A1bado+25+de+abril+con+una+competici%C3%B3n+de+f%C3%BAtbol+sala+de+pe%C3%B1as+a+las+19%3A00+horas%2C+seguida+de+una+sesi%C3%B3n+de+animaci%C3%B3n+musical+en+la+carpa+municipal+a+partir+de+las+23%3A00+horas+con+los+DJs+Pipas+y+Dino.%3C%2Fp%3E%3C%21--+%2Fwp%3Aparagraph+--%3E%3C%21%20(Ver%20aqu\u00ed%20la%20descripci\u00f3n%20completa%20de%20evento:%20https:\/\/turismocoria.es\/turismo\/evento\/fiestas-en-honor-a-san-jose-obrero-2026\/)&#038;location=Rinc\u00f3n%20del%20Obispo&#038;trp=false&#038;ctz=Europe\/Madrid&#038;sprop=website:https:\/\/turismocoria.es\/turismo\"\n\t\t\t\t\t\t\t\t\t\tclass=\"tribe-events-c-subscribe-dropdown__list-item-link\"\n\t\t\t\t\t\t\t\t\t\ttabindex=\"0\"\n\t\t\t\t\t\t\t\t\t\ttarget=\"_blank\"\n\t\t\t\t\t\t\t\t\t\trel=\"noopener noreferrer nofollow noindex\"\n\t\t\t\t\t\t\t\t\t>\n\t\t\t\t\t\t\t\t\t\tGoogle Calendar\t\t\t\t\t\t\t\t\t<\/a>\n\t\t\t\t\t\t\t\t<\/li>\n\t\t\t\t\t\t\t\t\t\t\t\t\t\t\t<li class=\"tribe-events-c-subscribe-dropdown__list-item\">\n\t\t\t\t\t\t\t\t\t<a\n\t\t\t\t\t\t\t\t\t\thref=\"\"\n\t\t\t\t\t\t\t\t\t\tclass=\"tribe-events-c-subscribe-dropdown__list-item-link\"\n\t\t\t\t\t\t\t\t\t\ttabindex=\"0\"\n\t\t\t\t\t\t\t\t\t\ttarget=\"_blank\"\n\t\t\t\t\t\t\t\t\t\trel=\"noopener noreferrer nofollow noindex\"\n\t\t\t\t\t\t\t\t\t>\n\t\t\t\t\t\t\t\t\t\tiCalendar\t\t\t\t\t\t\t\t\t<\/a>\n\t\t\t\t\t\t\t\t<\/li>\n\t\t\t\t\t\t\t\t\t\t\t\t\t\t\t<li class=\"tribe-events-c-subscribe-dropdown__list-item\">\n\t\t\t\t\t\t\t\t\t<a\n\t\t\t\t\t\t\t\t\t\thref=\"\"\n\t\t\t\t\t\t\t\t\t\tclass=\"tribe-events-c-subscribe-dropdown__list-item-link\"\n\t\t\t\t\t\t\t\t\t\ttabindex=\"0\"\n\t\t\t\t\t\t\t\t\t\ttarget=\"_blank\"\n\t\t\t\t\t\t\t\t\t\trel=\"noopener noreferrer nofollow noindex\"\n\t\t\t\t\t\t\t\t\t>\n\t\t\t\t\t\t\t\t\t\tOutlook 365\t\t\t\t\t\t\t\t\t<\/a>\n\t\t\t\t\t\t\t\t<\/li>\n\t\t\t\t\t\t\t\t\t\t\t\t\t\t\t<li class=\"tribe-events-c-subscribe-dropdown__list-item\">\n\t\t\t\t\t\t\t\t\t<a\n\t\t\t\t\t\t\t\t\t\thref=\"\"\n\t\t\t\t\t\t\t\t\t\tclass=\"tribe-events-c-subscribe-dropdown__list-item-link\"\n\t\t\t\t\t\t\t\t\t\ttabindex=\"0\"\n\t\t\t\t\t\t\t\t\t\ttarget=\"_blank\"\n\t\t\t\t\t\t\t\t\t\trel=\"noopener noreferrer nofollow noindex\"\n\t\t\t\t\t\t\t\t\t>\n\t\t\t\t\t\t\t\t\t\tOutlook Live\t\t\t\t\t\t\t\t\t<\/a>\n\t\t\t\t\t\t\t\t<\/li>\n\t\t\t\t\t\t\t\t\t\t\t\t\t<\/ul>\n\t\t\t\t\t<\/div>\n\t\t\t\t<\/div>\n\t\t\t<\/div>\n\t\t<\/div>\n\t<\/div>\n\n","protected":false},"excerpt":{"rendered":"<p>El Ayuntamiento de Coria ha dado a conocer la programaci\u00f3n oficial de las tradicionales Fiestas en honor a San Jos\u00e9 Obrero de Rinc\u00f3n del Obispo, que se celebrar\u00e1n del 30 de abril al 3 de mayo de 2026, con un amplio calendario de actividades culturales, religiosas, deportivas y festivas dirigidas a todos los p\u00fablicos. Los [&hellip;]<\/p>\n","protected":false},"author":4,"featured_media":13840,"comment_status":"closed","ping_status":"closed","template":"","meta":{"_uag_custom_page_level_css":"","site-sidebar-layout":"default","site-content-layout":"","ast-site-content-layout":"default","site-content-style":"default","site-sidebar-style":"default","ast-global-header-display":"","ast-banner-title-visibility":"","ast-main-header-display":"","ast-hfb-above-header-display":"","ast-hfb-below-header-display":"","ast-hfb-mobile-header-display":"","site-post-title":"","ast-breadcrumbs-content":"","ast-featured-img":"","footer-sml-layout":"","theme-transparent-header-meta":"","adv-header-id-meta":"","stick-header-meta":"","header-above-stick-meta":"","header-main-stick-meta":"","header-below-stick-meta":"","astra-migrate-meta-layouts":"set","ast-page-background-enabled":"default","ast-page-background-meta":{"desktop":{"background-color":"","background-image":"","background-repeat":"repeat","background-position":"center center","background-size":"auto","background-attachment":"scroll","background-type":"","background-media":"","overlay-type":"","overlay-color":"","overlay-opacity":"","overlay-gradient":""},"tablet":{"background-color":"","background-image":"","background-repeat":"repeat","background-position":"center center","background-size":"auto","background-attachment":"scroll","background-type":"","background-media":"","overlay-type":"","overlay-color":"","overlay-opacity":"","overlay-gradient":""},"mobile":{"background-color":"","background-image":"","background-repeat":"repeat","background-position":"center center","background-size":"auto","background-attachment":"scroll","background-type":"","background-media":"","overlay-type":"","overlay-color":"","overlay-opacity":"","overlay-gradient":""}},"ast-content-background-meta":{"desktop":{"background-color":"var(--ast-global-color-5)","background-image":"","background-repeat":"repeat","background-position":"center center","background-size":"auto","background-attachment":"scroll","background-type":"","background-media":"","overlay-type":"","overlay-color":"","overlay-opacity":"","overlay-gradient":""},"tablet":{"background-color":"var(--ast-global-color-5)","background-image":"","background-repeat":"repeat","background-position":"center center","background-size":"auto","background-attachment":"scroll","background-type":"","background-media":"","overlay-type":"","overlay-color":"","overlay-opacity":"","overlay-gradient":""},"mobile":{"background-color":"var(--ast-global-color-5)","background-image":"","background-repeat":"repeat","background-position":"center center","background-size":"auto","background-attachment":"scroll","background-type":"","background-media":"","overlay-type":"","overlay-color":"","overlay-opacity":"","overlay-gradient":""}},"_EventAllDay":true,"_EventTimezone":"Europe\/Madrid","_EventStartDate":"2026-04-30 00:00:00","_EventEndDate":"2026-05-03 23:59:59","_EventStartDateUTC":"2026-04-29 22:00:00","_EventEndDateUTC":"2026-05-03 21:59:59","_EventShowMap":true,"_EventShowMapLink":true,"_EventURL":"","_EventCost":"","_EventCostDescription":"","_EventCurrencySymbol":"\u20ac","_EventCurrencyCode":"EUR","_EventCurrencyPosition":"suffix","_EventDateTimeSeparator":"-","_EventTimeRangeSeparator":" - ","_EventOrganizerID":[11943],"_EventVenueID":12390,"_OrganizerEmail":"","_OrganizerPhone":"","_OrganizerWebsite":"","_VenueAddress":"","_VenueCity":"","_VenueCountry":"","_VenueProvince":"","_VenueZip":"","_VenuePhone":"","_VenueURL":"","_VenueStateProvince":"","_VenueLat":"","_VenueLng":"","_tribe_events_status":"","_tribe_events_status_reason":"","footnotes":""},"tags":[],"tribe_events_cat":[],"class_list":["post-13839","tribe_events","type-tribe_events","status-publish","has-post-thumbnail","hentry"],"uagb_featured_image_src":{"full":["https:\/\/turismocoria.es\/turismo\/wp-content\/uploads\/2026\/04\/fiestas-sanjose-2026.webp",1080,1528,false],"thumbnail":["https:\/\/turismocoria.es\/turismo\/wp-content\/uploads\/2026\/04\/fiestas-sanjose-2026-150x150.webp",150,150,true],"medium":["https:\/\/turismocoria.es\/turismo\/wp-content\/uploads\/2026\/04\/fiestas-sanjose-2026-212x300.webp",212,300,true],"medium_large":["https:\/\/turismocoria.es\/turismo\/wp-content\/uploads\/2026\/04\/fiestas-sanjose-2026-768x1087.webp",768,1087,true],"large":["https:\/\/turismocoria.es\/turismo\/wp-content\/uploads\/2026\/04\/fiestas-sanjose-2026-724x1024.webp",724,1024,true],"gs-tiny":["https:\/\/turismocoria.es\/turismo\/wp-content\/uploads\/2026\/04\/fiestas-sanjose-2026-50x71.webp",50,71,true],"xl":["https:\/\/turismocoria.es\/turismo\/wp-content\/uploads\/2026\/04\/fiestas-sanjose-2026.webp",1080,1528,false],"xxl":["https:\/\/turismocoria.es\/turismo\/wp-content\/uploads\/2026\/04\/fiestas-sanjose-2026.webp",1080,1528,false],"xxxl":["https:\/\/turismocoria.es\/turismo\/wp-content\/uploads\/2026\/04\/fiestas-sanjose-2026.webp",1080,1528,false],"xxxxl":["https:\/\/turismocoria.es\/turismo\/wp-content\/uploads\/2026\/04\/fiestas-sanjose-2026.webp",1080,1528,false],"xxxxxl":["https:\/\/turismocoria.es\/turismo\/wp-content\/uploads\/2026\/04\/fiestas-sanjose-2026.webp",1080,1528,false],"1536x1536":["https:\/\/turismocoria.es\/turismo\/wp-content\/uploads\/2026\/04\/fiestas-sanjose-2026.webp",1080,1528,false],"2048x2048":["https:\/\/turismocoria.es\/turismo\/wp-content\/uploads\/2026\/04\/fiestas-sanjose-2026.webp",1080,1528,false],"ultp_layout_landscape_large":["https:\/\/turismocoria.es\/turismo\/wp-content\/uploads\/2026\/04\/fiestas-sanjose-2026-1080x800.webp",1080,800,true],"ultp_layout_landscape":["https:\/\/turismocoria.es\/turismo\/wp-content\/uploads\/2026\/04\/fiestas-sanjose-2026-870x570.webp",870,570,true],"ultp_layout_portrait":["https:\/\/turismocoria.es\/turismo\/wp-content\/uploads\/2026\/04\/fiestas-sanjose-2026-600x900.webp",600,900,true],"ultp_layout_square":["https:\/\/turismocoria.es\/turismo\/wp-content\/uploads\/2026\/04\/fiestas-sanjose-2026-600x600.webp",600,600,true],"gb-block-post-grid-landscape":["https:\/\/turismocoria.es\/turismo\/wp-content\/uploads\/2026\/04\/fiestas-sanjose-2026-600x400.webp",600,400,true],"gb-block-post-grid-square":["https:\/\/turismocoria.es\/turismo\/wp-content\/uploads\/2026\/04\/fiestas-sanjose-2026-600x600.webp",600,600,true]},"uagb_author_info":{"display_name":"Oficina Turismo","author_link":"https:\/\/turismocoria.es\/turismo\/author\/oficina\/"},"uagb_comment_info":0,"uagb_excerpt":"El Ayuntamiento de Coria ha dado a conocer la programaci\u00f3n oficial de las tradicionales Fiestas en honor a San Jos\u00e9 Obrero de Rinc\u00f3n del Obispo, que se celebrar\u00e1n del 30 de abril al 3 de mayo de 2026, con un amplio calendario de actividades culturales, religiosas, deportivas y festivas dirigidas a todos los p\u00fablicos. Los&hellip;","_links":{"self":[{"href":"https:\/\/turismocoria.es\/turismo\/wp-json\/wp\/v2\/tribe_events\/13839"}],"collection":[{"href":"https:\/\/turismocoria.es\/turismo\/wp-json\/wp\/v2\/tribe_events"}],"about":[{"href":"https:\/\/turismocoria.es\/turismo\/wp-json\/wp\/v2\/types\/tribe_events"}],"author":[{"embeddable":true,"href":"https:\/\/turismocoria.es\/turismo\/wp-json\/wp\/v2\/users\/4"}],"replies":[{"embeddable":true,"href":"https:\/\/turismocoria.es\/turismo\/wp-json\/wp\/v2\/comments?post=13839"}],"version-history":[{"count":1,"href":"https:\/\/turismocoria.es\/turismo\/wp-json\/wp\/v2\/tribe_events\/13839\/revisions"}],"predecessor-version":[{"id":13841,"href":"https:\/\/turismocoria.es\/turismo\/wp-json\/wp\/v2\/tribe_events\/13839\/revisions\/13841"}],"wp:featuredmedia":[{"embeddable":true,"href":"https:\/\/turismocoria.es\/turismo\/wp-json\/wp\/v2\/media\/13840"}],"wp:attachment":[{"href":"https:\/\/turismocoria.es\/turismo\/wp-json\/wp\/v2\/media?parent=13839"}],"wp:term":[{"taxonomy":"post_tag","embeddable":true,"href":"https:\/\/turismocoria.es\/turismo\/wp-json\/wp\/v2\/tags?post=13839"},{"taxonomy":"tribe_events_cat","embeddable":true,"href":"https:\/\/turismocoria.es\/turismo\/wp-json\/wp\/v2\/tribe_events_cat?post=13839"}],"curies":[{"name":"wp","href":"https:\/\/api.w.org\/{rel}","templated":true}]}}