{"id":13835,"date":"2026-04-15T14:09:37","date_gmt":"2026-04-15T12:09:37","guid":{"rendered":"https:\/\/turismocoria.es\/turismo\/?post_type=tribe_events&#038;p=13835"},"modified":"2026-04-15T14:09:39","modified_gmt":"2026-04-15T12:09:39","slug":"coria-encueros-2026","status":"publish","type":"tribe_events","link":"https:\/\/turismocoria.es\/turismo\/evento\/coria-encueros-2026\/","title":{"rendered":"Coria EnCueros 2026"},"content":{"rendered":"<div class=\"tribe-events-schedule tribe-clearfix\">\n\t<h2 class=\"tribe-events-schedule__datetime\">\n\t\t<span class=\"tribe-events-schedule__date tribe-events-schedule__date--start\">\n\t\t\t17 abril\t\t<\/span>\n\n\t\t\n\t\t\t\t\t\t\t\t\t<span class=\"tribe-events-schedule__separator tribe-events-schedule__separator--time\">\n\t\t\t\t\t &#8211; \t\t\t\t<\/span>\n\t\t\t\n\t\t\t\t\t\t\t<span class=\"tribe-events-schedule__date tribe-events-schedule__date--end\">\n\t\t\t\t\t19 abril\t\t\t\t<\/span>\n\n\t\t\t\t\n\t\t\t\n\t\t\t\t\t\t<\/h2>\n<\/div>\n\n\n\n<p>El Ayuntamiento de Coria, a trav\u00e9s del departamento de turismo y en colaboraci\u00f3n con la hosteler\u00eda de la ciudad, celebrar\u00e1 un a\u00f1o m\u00e1s la cita gastron\u00f3mica, IV Ruta de Tapas \u201cCoria EnCueros\u201d que tendr\u00e1 lugar el pr\u00f3ximo fin de semana, los d\u00edas 17 y 19 de abril.<\/p>\n\n\n\n<figure class=\"wp-block-image alignleft size-large is-resized\"><img loading=\"lazy\" decoding=\"async\" width=\"819\" height=\"1024\" data-src=\"https:\/\/turismocoria.es\/turismo\/wp-content\/uploads\/2026\/04\/coria-en-cueros-2026-819x1024.webp\" alt=\"\" class=\"wp-image-13836 lazyload\" style=\"--smush-placeholder-width: 819px; --smush-placeholder-aspect-ratio: 819\/1024;width:367px;height:auto\" data-srcset=\"https:\/\/turismocoria.es\/turismo\/wp-content\/uploads\/2026\/04\/coria-en-cueros-2026-819x1024.webp 819w, https:\/\/turismocoria.es\/turismo\/wp-content\/uploads\/2026\/04\/coria-en-cueros-2026-240x300.webp 240w, https:\/\/turismocoria.es\/turismo\/wp-content\/uploads\/2026\/04\/coria-en-cueros-2026-768x960.webp 768w, https:\/\/turismocoria.es\/turismo\/wp-content\/uploads\/2026\/04\/coria-en-cueros-2026-50x63.webp 50w, https:\/\/turismocoria.es\/turismo\/wp-content\/uploads\/2026\/04\/coria-en-cueros-2026.webp 1080w\" data-sizes=\"(max-width: 819px) 100vw, 819px\" src=\"data:image\/gif;base64,R0lGODlhAQABAAAAACH5BAEKAAEALAAAAAABAAEAAAICTAEAOw==\" \/><noscript><img loading=\"lazy\" decoding=\"async\" width=\"819\" height=\"1024\" src=\"https:\/\/turismocoria.es\/turismo\/wp-content\/uploads\/2026\/04\/coria-en-cueros-2026-819x1024.webp\" alt=\"\" class=\"wp-image-13836\" style=\"width:367px;height:auto\" srcset=\"https:\/\/turismocoria.es\/turismo\/wp-content\/uploads\/2026\/04\/coria-en-cueros-2026-819x1024.webp 819w, https:\/\/turismocoria.es\/turismo\/wp-content\/uploads\/2026\/04\/coria-en-cueros-2026-240x300.webp 240w, https:\/\/turismocoria.es\/turismo\/wp-content\/uploads\/2026\/04\/coria-en-cueros-2026-768x960.webp 768w, https:\/\/turismocoria.es\/turismo\/wp-content\/uploads\/2026\/04\/coria-en-cueros-2026-50x63.webp 50w, https:\/\/turismocoria.es\/turismo\/wp-content\/uploads\/2026\/04\/coria-en-cueros-2026.webp 1080w\" sizes=\"(max-width: 819px) 100vw, 819px\" \/><\/noscript><\/figure>\n\n\n\n<p>Una nueva jornada gastron\u00f3mica que, tras el \u00e9xito obtenido en ediciones anteriores, este a\u00f1o volver\u00e1 a celebrarse en la ciudad gracias a la participaci\u00f3n de un total 18 establecimientos, m\u00e1s que el a\u00f1o anterior.<\/p>\n\n\n\n<p>Una de las actividades programadas para este mes de abrir, es Coria EnCueros, los d\u00edas 17, 18 y 19 de abril en los establecimientos de la ciudad donde se podr\u00e1 disfrutar de este manjar tan nuestro. Una nueva jornada gastron\u00f3mica entorno a otro animal que se cr\u00eda en la dehesa y que nos da muchos productos de calidad como el jam\u00f3n, lomo, embutidos, un largo etc\u00e9tera.<\/p>\n\n\n\n<p>En este caso el cuero ser\u00e1 el protagonista el pr\u00f3ximo fin de semana en Coria, esa parte del morro y la careta, que podemos encontrar, en pr\u00e1cticamente todos los establecimientos de hosteler\u00eda de la ciudad, lo encontramos como tapa que gratuitamente ofrecen nuestros establecimientos.<\/p>\n\n\n\n<p>Esta iniciativa no es un concurso sino una promoci\u00f3n de un producto tan de Coria como los cueros, nuestra tapa por excelencia que se podr\u00e1 degustar en los 18 establecimientos que se han querido sumar a esta actividad:&nbsp;<strong>restaurante San Crist\u00f3bal, restaurante Palacio Ducal de Alba, restaurante Montesol, restaurante Huumm, restaurante Bobo de Coria, restaurante Campana, restaurante-cafeter\u00eda Al-Karika, restaurante Casa Maxi, restaurante San Juan, restaurante&nbsp;<\/strong><strong>Arruche<\/strong><strong>, taper\u00eda La Posada, gastrobar Trucha\u00b4s, caf\u00e9-bar Grana y Oro, caf\u00e9-bar Los Nuevos Deportes, caf\u00e9-bar Gale\u00f3n y caf\u00e9-bar Caurus, caf\u00e9-bar Bocater\u00eda El Molino, caf\u00e9-bar Los Kekes.<\/strong><\/p>\n\n\n\n<p>Desde el Ayuntamiento de Coria invitan a todos aquellos que no conozcan este producto a probarlo y disfrutarlo, en especial durante el fin de semana del 17 al 19 de febrero.<\/p>\n\n\n<div class=\"tribe-block tribe-block__event-price\">\n\t\t<\/div>\n\n\n<div class=\"tribe-block tribe-block__organizer__details tribe-clearfix\">\n\t<div class=\"tribe-block__organizer__title\">\n\t\t<h3><a href=\"https:\/\/turismocoria.es\/turismo\/organizer\/oficina-de-turismo-de-coria\/\" title=\"Oficina de Turismo de Coria\" target=\"_self\" rel=\"\">Oficina de Turismo de Coria<\/a><\/h3>\n\t<\/div>\n\t\t\t<p class=\"tribe-block__organizer__phone\">927508000 ext- 290<\/p>\n\t\t\t\t\t<p class=\"tribe-block__organizer__email\">of&#105;&#099;in&#097;&#116;&#117;ri&#115;&#109;&#111;&#064;c&#111;&#114;&#105;a&#046;o&#114;&#103;<\/p>\n\t<\/div>\n\n\n<div class=\"tribe-block tribe-block__venue tribe-block__venue--has-map\">\n\t\n\t\t\n\t<\/div>\n\n\n\n\n\t<div class=\"tribe-block tribe-block__events-link\">\n\t\t<div class=\"tribe-events tribe-common\">\n\t\t\t<div class=\"tribe-events-c-subscribe-dropdown__container\">\n\t\t\t\t<div class=\"tribe-events-c-subscribe-dropdown\">\n\t\t\t\t\t<div class=\"tribe-common-c-btn-border tribe-events-c-subscribe-dropdown__button\" tabindex=\"0\">\n\t\t\t\t\t\t<svg  class=\"tribe-common-c-svgicon tribe-common-c-svgicon--cal-export tribe-events-c-subscribe-dropdown__export-icon\"  viewBox=\"0 0 23 17\" xmlns=\"http:\/\/www.w3.org\/2000\/svg\">\n  <path fill-rule=\"evenodd\" clip-rule=\"evenodd\" d=\"M.128.896V16.13c0 .211.145.383.323.383h15.354c.179 0 .323-.172.323-.383V.896c0-.212-.144-.383-.323-.383H.451C.273.513.128.684.128.896Zm16 6.742h-.901V4.679H1.009v10.729h14.218v-3.336h.901V7.638ZM1.01 1.614h14.218v2.058H1.009V1.614Z\" \/>\n  <path d=\"M20.5 9.846H8.312M18.524 6.953l2.89 2.909-2.855 2.855\" stroke-width=\"1.2\" stroke-linecap=\"round\" stroke-linejoin=\"round\"\/>\n<\/svg>\n\t\t\t\t\t\t<button class=\"tribe-events-c-subscribe-dropdown__button-text\">\n\t\t\t\t\t\t\tA\u00f1adir al calendario\t\t\t\t\t\t<\/button>\n\t\t\t\t\t\t<svg  class=\"tribe-common-c-svgicon tribe-common-c-svgicon--caret-down tribe-events-c-subscribe-dropdown__button-icon\"  viewBox=\"0 0 10 7\" xmlns=\"http:\/\/www.w3.org\/2000\/svg\"><path fill-rule=\"evenodd\" clip-rule=\"evenodd\" d=\"M1.008.609L5 4.6 8.992.61l.958.958L5 6.517.05 1.566l.958-.958z\" class=\"tribe-common-c-svgicon__svg-fill\"\/><\/svg>\n\t\t\t\t\t<\/div>\n\t\t\t\t\t<div class=\"tribe-events-c-subscribe-dropdown__content\">\n\t\t\t\t\t\t<ul class=\"tribe-events-c-subscribe-dropdown__list\" tabindex=\"0\">\n\t\t\t\t\t\t\t\t\t\t\t\t\t\t\t<li class=\"tribe-events-c-subscribe-dropdown__list-item\">\n\t\t\t\t\t\t\t\t\t<a\n\t\t\t\t\t\t\t\t\t\thref=\"https:\/\/www.google.com\/calendar\/event?action=TEMPLATE&#038;dates=20260417T000000\/20260419T235959&#038;text=Coria%20EnCueros%202026&#038;details=%3C%21--+wp%3Atribe%2Fevent-datetime+%2F--%3E%3C%21--+wp%3Aparagraph+%7B%22placeholder%22%3A%22A%C3%B1adir+descripci%C3%B3n%E2%80%A6%22%7D+--%3E%3Cp%3EEl+Ayuntamiento+de+Coria%2C+a+trav%C3%A9s+del+departamento+de+turismo+y+en+colaboraci%C3%B3n+con+la+hosteler%C3%ADa+de+la+ciudad%2C+celebrar%C3%A1+un+a%C3%B1o+m%C3%A1s+la+cita+gastron%C3%B3mica%2C+IV+Ruta+de+Tapas+%E2%80%9CCoria+EnCueros%E2%80%9D+que+tendr%C3%A1+lugar+el+pr%C3%B3ximo+fin+de+semana%2C+los+d%C3%ADas+17+y+19+de+abril.%3C%2Fp%3E%3C%21--+%2Fwp%3Aparagraph+--%3E%3C%21--+wp%3Aimage+%7B%22id%22%3A13836%2C%22width%22%3A%22367px%22%2C%22height%22%3A%22auto%22%2C%22sizeSlug%22%3A%22large%22%2C%22linkDestination%22%3A%22none%22%2C%22align%22%3A%22left%22%7D+--%3E%3Cfigure+class%3D%22wp-block-image+alignleft+size-large+is-resized%22%3E%3Cimg+src%3D%22https%3A%2F%2Fturismocoria.es%2Fturismo%2Fwp-content%2Fuploads%2F2026%2F04%2Fcoria-en-cueros-2026-819x1024.webp%22+alt%3D%22%22+class%3D%22wp-image-13836%22+styl%20(Ver%20aqu\u00ed%20la%20descripci\u00f3n%20completa%20de%20evento:%20https:\/\/turismocoria.es\/turismo\/evento\/coria-encueros-2026\/)&#038;trp=false&#038;ctz=Europe\/Madrid&#038;sprop=website:https:\/\/turismocoria.es\/turismo\"\n\t\t\t\t\t\t\t\t\t\tclass=\"tribe-events-c-subscribe-dropdown__list-item-link\"\n\t\t\t\t\t\t\t\t\t\ttabindex=\"0\"\n\t\t\t\t\t\t\t\t\t\ttarget=\"_blank\"\n\t\t\t\t\t\t\t\t\t\trel=\"noopener noreferrer nofollow noindex\"\n\t\t\t\t\t\t\t\t\t>\n\t\t\t\t\t\t\t\t\t\tGoogle Calendar\t\t\t\t\t\t\t\t\t<\/a>\n\t\t\t\t\t\t\t\t<\/li>\n\t\t\t\t\t\t\t\t\t\t\t\t\t\t\t<li class=\"tribe-events-c-subscribe-dropdown__list-item\">\n\t\t\t\t\t\t\t\t\t<a\n\t\t\t\t\t\t\t\t\t\thref=\"\"\n\t\t\t\t\t\t\t\t\t\tclass=\"tribe-events-c-subscribe-dropdown__list-item-link\"\n\t\t\t\t\t\t\t\t\t\ttabindex=\"0\"\n\t\t\t\t\t\t\t\t\t\ttarget=\"_blank\"\n\t\t\t\t\t\t\t\t\t\trel=\"noopener noreferrer nofollow noindex\"\n\t\t\t\t\t\t\t\t\t>\n\t\t\t\t\t\t\t\t\t\tiCalendar\t\t\t\t\t\t\t\t\t<\/a>\n\t\t\t\t\t\t\t\t<\/li>\n\t\t\t\t\t\t\t\t\t\t\t\t\t\t\t<li class=\"tribe-events-c-subscribe-dropdown__list-item\">\n\t\t\t\t\t\t\t\t\t<a\n\t\t\t\t\t\t\t\t\t\thref=\"\"\n\t\t\t\t\t\t\t\t\t\tclass=\"tribe-events-c-subscribe-dropdown__list-item-link\"\n\t\t\t\t\t\t\t\t\t\ttabindex=\"0\"\n\t\t\t\t\t\t\t\t\t\ttarget=\"_blank\"\n\t\t\t\t\t\t\t\t\t\trel=\"noopener noreferrer nofollow noindex\"\n\t\t\t\t\t\t\t\t\t>\n\t\t\t\t\t\t\t\t\t\tOutlook 365\t\t\t\t\t\t\t\t\t<\/a>\n\t\t\t\t\t\t\t\t<\/li>\n\t\t\t\t\t\t\t\t\t\t\t\t\t\t\t<li class=\"tribe-events-c-subscribe-dropdown__list-item\">\n\t\t\t\t\t\t\t\t\t<a\n\t\t\t\t\t\t\t\t\t\thref=\"\"\n\t\t\t\t\t\t\t\t\t\tclass=\"tribe-events-c-subscribe-dropdown__list-item-link\"\n\t\t\t\t\t\t\t\t\t\ttabindex=\"0\"\n\t\t\t\t\t\t\t\t\t\ttarget=\"_blank\"\n\t\t\t\t\t\t\t\t\t\trel=\"noopener noreferrer nofollow noindex\"\n\t\t\t\t\t\t\t\t\t>\n\t\t\t\t\t\t\t\t\t\tOutlook Live\t\t\t\t\t\t\t\t\t<\/a>\n\t\t\t\t\t\t\t\t<\/li>\n\t\t\t\t\t\t\t\t\t\t\t\t\t<\/ul>\n\t\t\t\t\t<\/div>\n\t\t\t\t<\/div>\n\t\t\t<\/div>\n\t\t<\/div>\n\t<\/div>\n\n","protected":false},"excerpt":{"rendered":"<p>El Ayuntamiento de Coria, a trav\u00e9s del departamento de turismo y en colaboraci\u00f3n con la hosteler\u00eda de la ciudad, celebrar\u00e1 un a\u00f1o m\u00e1s la cita gastron\u00f3mica, IV Ruta de Tapas \u201cCoria EnCueros\u201d que tendr\u00e1 lugar el pr\u00f3ximo fin de semana, los d\u00edas 17 y 19 de abril. Una nueva jornada gastron\u00f3mica que, tras el \u00e9xito [&hellip;]<\/p>\n","protected":false},"author":4,"featured_media":13836,"comment_status":"closed","ping_status":"closed","template":"","meta":{"_uag_custom_page_level_css":"","site-sidebar-layout":"default","site-content-layout":"","ast-site-content-layout":"default","site-content-style":"default","site-sidebar-style":"default","ast-global-header-display":"","ast-banner-title-visibility":"","ast-main-header-display":"","ast-hfb-above-header-display":"","ast-hfb-below-header-display":"","ast-hfb-mobile-header-display":"","site-post-title":"","ast-breadcrumbs-content":"","ast-featured-img":"","footer-sml-layout":"","theme-transparent-header-meta":"","adv-header-id-meta":"","stick-header-meta":"","header-above-stick-meta":"","header-main-stick-meta":"","header-below-stick-meta":"","astra-migrate-meta-layouts":"set","ast-page-background-enabled":"default","ast-page-background-meta":{"desktop":{"background-color":"","background-image":"","background-repeat":"repeat","background-position":"center center","background-size":"auto","background-attachment":"scroll","background-type":"","background-media":"","overlay-type":"","overlay-color":"","overlay-opacity":"","overlay-gradient":""},"tablet":{"background-color":"","background-image":"","background-repeat":"repeat","background-position":"center center","background-size":"auto","background-attachment":"scroll","background-type":"","background-media":"","overlay-type":"","overlay-color":"","overlay-opacity":"","overlay-gradient":""},"mobile":{"background-color":"","background-image":"","background-repeat":"repeat","background-position":"center center","background-size":"auto","background-attachment":"scroll","background-type":"","background-media":"","overlay-type":"","overlay-color":"","overlay-opacity":"","overlay-gradient":""}},"ast-content-background-meta":{"desktop":{"background-color":"var(--ast-global-color-5)","background-image":"","background-repeat":"repeat","background-position":"center center","background-size":"auto","background-attachment":"scroll","background-type":"","background-media":"","overlay-type":"","overlay-color":"","overlay-opacity":"","overlay-gradient":""},"tablet":{"background-color":"var(--ast-global-color-5)","background-image":"","background-repeat":"repeat","background-position":"center center","background-size":"auto","background-attachment":"scroll","background-type":"","background-media":"","overlay-type":"","overlay-color":"","overlay-opacity":"","overlay-gradient":""},"mobile":{"background-color":"var(--ast-global-color-5)","background-image":"","background-repeat":"repeat","background-position":"center center","background-size":"auto","background-attachment":"scroll","background-type":"","background-media":"","overlay-type":"","overlay-color":"","overlay-opacity":"","overlay-gradient":""}},"_EventAllDay":true,"_EventTimezone":"Europe\/Madrid","_EventStartDate":"2026-04-17 00:00:00","_EventEndDate":"2026-04-19 23:59:59","_EventStartDateUTC":"2026-04-16 22:00:00","_EventEndDateUTC":"2026-04-19 21:59:59","_EventShowMap":true,"_EventShowMapLink":true,"_EventURL":"","_EventCost":"","_EventCostDescription":"","_EventCurrencySymbol":"\u20ac","_EventCurrencyCode":"EUR","_EventCurrencyPosition":"suffix","_EventDateTimeSeparator":"-","_EventTimeRangeSeparator":" - ","_EventOrganizerID":[12844],"_EventVenueID":0,"_OrganizerEmail":"","_OrganizerPhone":"","_OrganizerWebsite":"","_VenueAddress":"","_VenueCity":"","_VenueCountry":"","_VenueProvince":"","_VenueZip":"","_VenuePhone":"","_VenueURL":"","_VenueStateProvince":"","_VenueLat":"","_VenueLng":"","_tribe_events_status":"","_tribe_events_status_reason":"","footnotes":""},"tags":[],"tribe_events_cat":[],"class_list":["post-13835","tribe_events","type-tribe_events","status-publish","has-post-thumbnail","hentry"],"uagb_featured_image_src":{"full":["https:\/\/turismocoria.es\/turismo\/wp-content\/uploads\/2026\/04\/coria-en-cueros-2026.webp",1080,1350,false],"thumbnail":["https:\/\/turismocoria.es\/turismo\/wp-content\/uploads\/2026\/04\/coria-en-cueros-2026-150x150.webp",150,150,true],"medium":["https:\/\/turismocoria.es\/turismo\/wp-content\/uploads\/2026\/04\/coria-en-cueros-2026-240x300.webp",240,300,true],"medium_large":["https:\/\/turismocoria.es\/turismo\/wp-content\/uploads\/2026\/04\/coria-en-cueros-2026-768x960.webp",768,960,true],"large":["https:\/\/turismocoria.es\/turismo\/wp-content\/uploads\/2026\/04\/coria-en-cueros-2026-819x1024.webp",819,1024,true],"gs-tiny":["https:\/\/turismocoria.es\/turismo\/wp-content\/uploads\/2026\/04\/coria-en-cueros-2026-50x63.webp",50,63,true],"xl":["https:\/\/turismocoria.es\/turismo\/wp-content\/uploads\/2026\/04\/coria-en-cueros-2026.webp",1080,1350,false],"xxl":["https:\/\/turismocoria.es\/turismo\/wp-content\/uploads\/2026\/04\/coria-en-cueros-2026.webp",1080,1350,false],"xxxl":["https:\/\/turismocoria.es\/turismo\/wp-content\/uploads\/2026\/04\/coria-en-cueros-2026.webp",1080,1350,false],"xxxxl":["https:\/\/turismocoria.es\/turismo\/wp-content\/uploads\/2026\/04\/coria-en-cueros-2026.webp",1080,1350,false],"xxxxxl":["https:\/\/turismocoria.es\/turismo\/wp-content\/uploads\/2026\/04\/coria-en-cueros-2026.webp",1080,1350,false],"1536x1536":["https:\/\/turismocoria.es\/turismo\/wp-content\/uploads\/2026\/04\/coria-en-cueros-2026.webp",1080,1350,false],"2048x2048":["https:\/\/turismocoria.es\/turismo\/wp-content\/uploads\/2026\/04\/coria-en-cueros-2026.webp",1080,1350,false],"ultp_layout_landscape_large":["https:\/\/turismocoria.es\/turismo\/wp-content\/uploads\/2026\/04\/coria-en-cueros-2026-1080x800.webp",1080,800,true],"ultp_layout_landscape":["https:\/\/turismocoria.es\/turismo\/wp-content\/uploads\/2026\/04\/coria-en-cueros-2026-870x570.webp",870,570,true],"ultp_layout_portrait":["https:\/\/turismocoria.es\/turismo\/wp-content\/uploads\/2026\/04\/coria-en-cueros-2026-600x900.webp",600,900,true],"ultp_layout_square":["https:\/\/turismocoria.es\/turismo\/wp-content\/uploads\/2026\/04\/coria-en-cueros-2026-600x600.webp",600,600,true],"gb-block-post-grid-landscape":["https:\/\/turismocoria.es\/turismo\/wp-content\/uploads\/2026\/04\/coria-en-cueros-2026-600x400.webp",600,400,true],"gb-block-post-grid-square":["https:\/\/turismocoria.es\/turismo\/wp-content\/uploads\/2026\/04\/coria-en-cueros-2026-600x600.webp",600,600,true]},"uagb_author_info":{"display_name":"Oficina Turismo","author_link":"https:\/\/turismocoria.es\/turismo\/author\/oficina\/"},"uagb_comment_info":0,"uagb_excerpt":"El Ayuntamiento de Coria, a trav\u00e9s del departamento de turismo y en colaboraci\u00f3n con la hosteler\u00eda de la ciudad, celebrar\u00e1 un a\u00f1o m\u00e1s la cita gastron\u00f3mica, IV Ruta de Tapas \u201cCoria EnCueros\u201d que tendr\u00e1 lugar el pr\u00f3ximo fin de semana, los d\u00edas 17 y 19 de abril. Una nueva jornada gastron\u00f3mica que, tras el \u00e9xito&hellip;","_links":{"self":[{"href":"https:\/\/turismocoria.es\/turismo\/wp-json\/wp\/v2\/tribe_events\/13835"}],"collection":[{"href":"https:\/\/turismocoria.es\/turismo\/wp-json\/wp\/v2\/tribe_events"}],"about":[{"href":"https:\/\/turismocoria.es\/turismo\/wp-json\/wp\/v2\/types\/tribe_events"}],"author":[{"embeddable":true,"href":"https:\/\/turismocoria.es\/turismo\/wp-json\/wp\/v2\/users\/4"}],"replies":[{"embeddable":true,"href":"https:\/\/turismocoria.es\/turismo\/wp-json\/wp\/v2\/comments?post=13835"}],"version-history":[{"count":1,"href":"https:\/\/turismocoria.es\/turismo\/wp-json\/wp\/v2\/tribe_events\/13835\/revisions"}],"predecessor-version":[{"id":13837,"href":"https:\/\/turismocoria.es\/turismo\/wp-json\/wp\/v2\/tribe_events\/13835\/revisions\/13837"}],"wp:featuredmedia":[{"embeddable":true,"href":"https:\/\/turismocoria.es\/turismo\/wp-json\/wp\/v2\/media\/13836"}],"wp:attachment":[{"href":"https:\/\/turismocoria.es\/turismo\/wp-json\/wp\/v2\/media?parent=13835"}],"wp:term":[{"taxonomy":"post_tag","embeddable":true,"href":"https:\/\/turismocoria.es\/turismo\/wp-json\/wp\/v2\/tags?post=13835"},{"taxonomy":"tribe_events_cat","embeddable":true,"href":"https:\/\/turismocoria.es\/turismo\/wp-json\/wp\/v2\/tribe_events_cat?post=13835"}],"curies":[{"name":"wp","href":"https:\/\/api.w.org\/{rel}","templated":true}]}}