{"id":13523,"date":"2025-10-03T11:27:38","date_gmt":"2025-10-03T09:27:38","guid":{"rendered":"https:\/\/turismocoria.es\/turismo\/?post_type=tribe_events&#038;p=13523"},"modified":"2025-10-17T11:34:15","modified_gmt":"2025-10-17T09:34:15","slug":"fiesta-gastronomica-de-la-caza","status":"publish","type":"tribe_events","link":"https:\/\/turismocoria.es\/turismo\/evento\/fiesta-gastronomica-de-la-caza\/","title":{"rendered":"Fiesta Gastron\u00f3mica de la Caza"},"content":{"rendered":"<div class=\"tribe-events-schedule tribe-clearfix\">\n\t<h2 class=\"tribe-events-schedule__datetime\">\n\t\t<span class=\"tribe-events-schedule__date tribe-events-schedule__date--start\">\n\t\t\t11 10 2025\t\t<\/span>\n\n\t\t\n\t\t\t\t\t\t\t\t\t<span class=\"tribe-events-schedule__separator tribe-events-schedule__separator--time\">\n\t\t\t\t\t &#8211; \t\t\t\t<\/span>\n\t\t\t\n\t\t\t\t\t\t\t<span class=\"tribe-events-schedule__date tribe-events-schedule__date--end\">\n\t\t\t\t\t19 10 2025\t\t\t\t<\/span>\n\n\t\t\t\t\n\t\t\t\n\t\t\t\t\t\t<\/h2>\n<\/div>\n\n\n\n<div class=\"wp-block-columns is-layout-flex wp-container-core-columns-is-layout-1 wp-block-columns-is-layout-flex\">\n<div class=\"wp-block-column is-layout-flow wp-block-column-is-layout-flow\">\n<figure class=\"wp-block-image size-full\"><img decoding=\"async\" data-src=\"https:\/\/coria.org\/ayuntamiento\/wp-content\/uploads\/2025\/10\/fg-octubre-caza.webp\" alt=\"\" class=\"wp-image-65413 lazyload\" src=\"data:image\/gif;base64,R0lGODlhAQABAAAAACH5BAEKAAEALAAAAAABAAEAAAICTAEAOw==\" \/><noscript><img decoding=\"async\" src=\"https:\/\/coria.org\/ayuntamiento\/wp-content\/uploads\/2025\/10\/fg-octubre-caza.webp\" alt=\"\" class=\"wp-image-65413\"\/><\/noscript><\/figure>\n<\/div>\n\n\n\n<div class=\"wp-block-column is-layout-flow wp-block-column-is-layout-flow\">\n<figure class=\"wp-block-image size-full\"><img decoding=\"async\" data-src=\"https:\/\/coria.org\/ayuntamiento\/wp-content\/uploads\/2025\/10\/ruta-tapas-oct-25.webp\" alt=\"\" class=\"wp-image-65483 lazyload\" src=\"data:image\/gif;base64,R0lGODlhAQABAAAAACH5BAEKAAEALAAAAAABAAEAAAICTAEAOw==\" \/><noscript><img decoding=\"async\" src=\"https:\/\/coria.org\/ayuntamiento\/wp-content\/uploads\/2025\/10\/ruta-tapas-oct-25.webp\" alt=\"\" class=\"wp-image-65483\"\/><\/noscript><\/figure>\n<\/div>\n<\/div>\n\n\n\n<p class=\"has-light-green-cyan-background-color has-background\">La caza es un producto emblem\u00e1tico de la gastronom\u00eda de Extremadura, donde la abundancia de espacios naturales y la tradici\u00f3n cineg\u00e9tica han favorecido su consumo y elaboraci\u00f3n. Especies como el venado, el jabal\u00ed, la perdiz o el conejo son la base de platos tradicionales como los estofados, los escabeches y las calderetas, que destacan por sus sabores intensos y su valor nutritivo. Adem\u00e1s de su riqueza gastron\u00f3mica, la carne de caza representa un recurso sostenible que contribuye al equilibrio ecol\u00f3gico y a la econom\u00eda rural, siendo un s\u00edmbolo de la cocina extreme\u00f1a y un atractivo para el turismo gastron\u00f3mico.<\/p>\n\n\n\n<div style=\"height:25px\" aria-hidden=\"true\" class=\"wp-block-spacer\"><\/div>\n\n\n\n<div class=\"wp-block-group is-layout-flow wp-block-group-is-layout-flow\"><div class=\"wp-block-group__inner-container\">\n<div class=\"wp-block-columns is-layout-flex wp-container-core-columns-is-layout-2 wp-block-columns-is-layout-flex\">\n<div class=\"wp-block-column has-light-green-cyan-background-color has-background is-layout-flow wp-block-column-is-layout-flow\">\n<div class=\"wp-block-group is-layout-flow wp-block-group-is-layout-flow\"><div class=\"wp-block-group__inner-container\">\n<h6 class=\"wp-block-heading has-text-align-center has-vivid-green-cyan-background-color has-background\"><strong>Men\u00fa Fin de Semana<\/strong><br><strong>(Del 11 al 12 Octubre 2025)<\/strong><\/h6>\n\n\n\n<div class=\"wp-block-group is-layout-flow wp-block-group-is-layout-flow\" style=\"margin-top:0;margin-bottom:0;padding-top:var(--wp--preset--spacing--10);padding-right:var(--wp--preset--spacing--10);padding-bottom:var(--wp--preset--spacing--10);padding-left:var(--wp--preset--spacing--10)\"><div class=\"wp-block-group__inner-container\">\n<p><strong>Restaurante San Crist\u00f3bal<\/strong><\/p>\n\n\n\n<p><strong>Restaurante Montesol<\/strong><\/p>\n\n\n\n<p><strong>Restaurante Palacio Ducal Alba<\/strong><\/p>\n\n\n\n<p><strong>Restaurante Campana<\/strong><\/p>\n\n\n\n<p><strong>Taper\u00eda La Posada<\/strong><\/p>\n<\/div><\/div>\n<\/div><\/div>\n<\/div>\n\n\n\n<div class=\"wp-block-column has-light-green-cyan-background-color has-background is-layout-flow wp-block-column-is-layout-flow\">\n<div class=\"wp-block-group is-layout-flow wp-block-group-is-layout-flow\"><div class=\"wp-block-group__inner-container\">\n<h6 class=\"wp-block-heading has-text-align-center has-vivid-green-cyan-background-color has-background\"><strong>Carta<br>(Del 13 al 19 Octubre 2025)<\/strong><\/h6>\n\n\n\n<div class=\"wp-block-group is-layout-flow wp-block-group-is-layout-flow\" style=\"margin-top:0;margin-bottom:0;padding-top:var(--wp--preset--spacing--10);padding-right:var(--wp--preset--spacing--10);padding-bottom:var(--wp--preset--spacing--10);padding-left:var(--wp--preset--spacing--10)\"><div class=\"wp-block-group__inner-container\">\n<p><strong>Restaurante San Crist\u00f3bal<\/strong><\/p>\n\n\n\n<p><strong>Restaurante Montesol<\/strong><\/p>\n\n\n\n<p><strong>Restaurante Palacio Ducal Alba<\/strong><\/p>\n\n\n\n<p><strong>Restaurante El Bobo de Coria<\/strong><\/p>\n\n\n\n<p><strong>Restaurante Casa Maxi<\/strong><\/p>\n\n\n\n<p><strong>Taper\u00eda La Posada<\/strong><\/p>\n<\/div><\/div>\n<\/div><\/div>\n<\/div>\n\n\n\n<div class=\"wp-block-column has-light-green-cyan-background-color has-background is-layout-flow wp-block-column-is-layout-flow\">\n<div class=\"wp-block-group is-layout-flow wp-block-group-is-layout-flow\"><div class=\"wp-block-group__inner-container\">\n<h6 class=\"wp-block-heading has-text-align-center has-vivid-green-cyan-background-color has-background\"><strong>Ruta de Tapas<\/strong><br><strong>(Del 17 al 19 Octubre 2025)<\/strong><\/h6>\n\n\n\n<div class=\"wp-block-group is-layout-flow wp-block-group-is-layout-flow\" style=\"margin-top:0;margin-bottom:0;padding-top:var(--wp--preset--spacing--10);padding-right:var(--wp--preset--spacing--10);padding-bottom:var(--wp--preset--spacing--10);padding-left:var(--wp--preset--spacing--10)\"><div class=\"wp-block-group__inner-container\">\n<p><strong>Restaurante Palacio Ducal Alba<\/strong><\/p>\n\n\n\n<p><strong>Restaurante Campana<\/strong><\/p>\n\n\n\n<p><strong>Restaurante-Cafeter\u00eda Al-Karika<\/strong><\/p>\n\n\n\n<p><strong>Restaurante Casa Maxi<\/strong><\/p>\n\n\n\n<p><strong>Restaurante Saborea La Plaza<\/strong><\/p>\n\n\n\n<p><strong>GastroBar Trucha\u2019s<\/strong><\/p>\n\n\n\n<p><strong>Caf\u00e9-Bar Grana y Oro<\/strong><\/p>\n\n\n\n<p><strong>Caf\u00e9-Bar Los Nuevos Deportes<\/strong><\/p>\n\n\n\n<p><strong>Caf\u00e9-Bar Gale\u00f3n<\/strong><\/p>\n<\/div><\/div>\n<\/div><\/div>\n<\/div>\n<\/div>\n\n\n\n<div style=\"height:35px\" aria-hidden=\"true\" class=\"wp-block-spacer\"><\/div>\n<\/div><\/div>\n\n\n\n<h4 class=\"wp-block-heading\">Productos de Caza de Extremadura.<\/h4>\n\n\n\n<div class=\"wp-block-group is-layout-flow wp-block-group-is-layout-flow\" style=\"padding-top:var(--wp--preset--spacing--20);padding-right:0;padding-bottom:var(--wp--preset--spacing--20);padding-left:0\"><div class=\"wp-block-group__inner-container\">\n<figure class=\"wp-block-image alignright size-full is-resized\" style=\"margin-top:var(--wp--preset--spacing--20);margin-right:var(--wp--preset--spacing--20);margin-bottom:var(--wp--preset--spacing--20);margin-left:var(--wp--preset--spacing--20)\"><a href=\"https:\/\/www.asiccaza.org\/\" target=\"_blank\" rel=\"noreferrer noopener\"><img decoding=\"async\" data-src=\"https:\/\/turismocoria.es\/cge2025\/wp-content\/uploads\/2024\/09\/asiccaza.png\" alt=\"\" class=\"wp-image-482 lazyload\" style=\"width:168px;height:auto\" src=\"data:image\/gif;base64,R0lGODlhAQABAAAAACH5BAEKAAEALAAAAAABAAEAAAICTAEAOw==\" \/><noscript><img decoding=\"async\" src=\"https:\/\/turismocoria.es\/cge2025\/wp-content\/uploads\/2024\/09\/asiccaza.png\" alt=\"\" class=\"wp-image-482\" style=\"width:168px;height:auto\"\/><\/noscript><\/a><\/figure>\n\n\n\n<p class=\"has-light-green-cyan-background-color has-background has-medium-font-size\"><strong>Zona de producci\u00f3n<\/strong>: Toda Extremadura, destacando principalmente las comarcas y los municipios que cuentan con terrenos de aprovechamiento com\u00fan clasificados en cotos sociales, municipales, deportivos, privados e intensivos de caza menor mediante gesti\u00f3n en sociedades u asociaciones de cazadores, adem\u00e1s de la cotos privados y las reservas de caza mayor protegidos y destinados a la vida salvaje para el turismo deportivo cineg\u00e9tico.<\/p>\n\n\n\n<figure class=\"wp-block-image alignright size-full is-resized\" style=\"margin-top:var(--wp--preset--spacing--20);margin-right:var(--wp--preset--spacing--20);margin-bottom:var(--wp--preset--spacing--20);margin-left:var(--wp--preset--spacing--20)\"><a href=\"https:\/\/www.fedexcaza.com\/\" target=\"_blank\" rel=\"noreferrer noopener\"><img decoding=\"async\" data-src=\"https:\/\/turismocoria.es\/cge2025\/wp-content\/uploads\/2024\/09\/fedexcaza.png\" alt=\"\" class=\"wp-image-481 lazyload\" style=\"width:168px;height:auto\" src=\"data:image\/gif;base64,R0lGODlhAQABAAAAACH5BAEKAAEALAAAAAABAAEAAAICTAEAOw==\" \/><noscript><img decoding=\"async\" src=\"https:\/\/turismocoria.es\/cge2025\/wp-content\/uploads\/2024\/09\/fedexcaza.png\" alt=\"\" class=\"wp-image-481\" style=\"width:168px;height:auto\"\/><\/noscript><\/a><\/figure>\n\n\n\n<p class=\"has-light-green-cyan-background-color has-background has-medium-font-size\"><strong>Caracter\u00edsticas<\/strong>: La carne de caza salvaje, clasificada en \u201cpiezas de pelo\u201d, divididas en funci\u00f3n del tama\u00f1o, caso de la caza mayor: ciervo, gamo, corzo, cabra mont\u00e9s y jabal\u00ed principalmente, de caza menor: liebre y conejo, y de caza de pluma: perdiz, palomas torcaces, codornices, t\u00f3rtolas, becadas y patos, poseen caracter\u00edsticas organol\u00e9pticas que la diferencian de la de otros animales de abasto: un color rojo m\u00e1s oscuro, que se intensifica con la edad del animal y por su bajo contenido en grasa, adem\u00e1s de un olor y un sabor m\u00e1s pronunciados y arom\u00e1ticos propios del campo. Por otro lado, es de destacar su significativo mayor contenido de prote\u00ednas completas, sus bajos niveles de grasa con una composici\u00f3n beneficiosa de \u00e1cidos grasos y excelente fuente de Omega-3 y Omega-6, adem\u00e1s del aporte a las cantidades diarias recomendadas de minerales como: f\u00f3sforo, hierro, cobre, zinc y potasio, y de las vitaminas del grupo B como: riboflavina (B2), niacina (B3), piridoxina (B6) y cianocobalamina (B12).<\/p>\n\n\n\n<figure class=\"wp-block-image size-full\" style=\"margin-top:var(--wp--preset--spacing--20);margin-bottom:var(--wp--preset--spacing--20)\"><img decoding=\"async\" data-src=\"https:\/\/turismocoria.es\/cge2025\/wp-content\/uploads\/2024\/09\/solomillo-venado.webp\" alt=\"\" class=\"wp-image-479 lazyload\" src=\"data:image\/gif;base64,R0lGODlhAQABAAAAACH5BAEKAAEALAAAAAABAAEAAAICTAEAOw==\" \/><noscript><img decoding=\"async\" src=\"https:\/\/turismocoria.es\/cge2025\/wp-content\/uploads\/2024\/09\/solomillo-venado.webp\" alt=\"\" class=\"wp-image-479\"\/><\/noscript><\/figure>\n\n\n\n<p class=\"has-light-green-cyan-background-color has-background has-small-font-size\">M\u00e1s informaci\u00f3n en:<br>Federaci\u00f3n Extreme\u00f1a de Caza: <a href=\"https:\/\/www.fedexcaza.com\/\" target=\"_blank\" rel=\"noreferrer noopener\">https:\/\/www.fedexcaza.com\/<\/a><br>Asociaci\u00f3n Interprofesional de la Carne de Caza: <a href=\"https:\/\/www.asiccaza.org\/\">https:\/\/www.asiccaza.org\/<\/a><\/p>\n<\/div><\/div>\n\n\n<div class=\"tribe-block tribe-block__event-price\">\n\t\t<\/div>\n\n\n<div class=\"tribe-block tribe-block__organizer__details tribe-clearfix\">\n\t<div class=\"tribe-block__organizer__title\">\n\t\t<h3><a href=\"https:\/\/turismocoria.es\/turismo\/organizer\/oficina-de-turismo-de-coria\/\" title=\"Oficina de Turismo de Coria\" target=\"_self\" rel=\"\">Oficina de Turismo de Coria<\/a><\/h3>\n\t<\/div>\n\t\t\t<p class=\"tribe-block__organizer__phone\">927508000 ext- 290<\/p>\n\t\t\t\t\t<p class=\"tribe-block__organizer__email\">o&#102;icinat&#117;&#114;&#105;s&#109;o&#064;c&#111;ri&#097;&#046;org<\/p>\n\t<\/div>\n\n\n<div class=\"tribe-block tribe-block__venue tribe-block__venue--has-map\">\n\t\n\t\n<div class=\"tribe-block__venue__meta\">\n\t<div class=\"tribe-block__venue__name\">\n\t\t<h3><a href=\"https:\/\/turismocoria.es\/turismo\/venue\/coria\/\" title=\"Coria\">Coria<\/a><\/h3>\n\t<\/div>\n\n\t\n\t\n\t\n\t\n\t<\/div>\n\t\n\t<\/div>\n\n\n\n\n\t<div class=\"tribe-block tribe-block__events-link\">\n\t\t<div class=\"tribe-events tribe-common\">\n\t\t\t<div class=\"tribe-events-c-subscribe-dropdown__container\">\n\t\t\t\t<div class=\"tribe-events-c-subscribe-dropdown\">\n\t\t\t\t\t<div class=\"tribe-common-c-btn-border tribe-events-c-subscribe-dropdown__button\" tabindex=\"0\">\n\t\t\t\t\t\t<svg  class=\"tribe-common-c-svgicon tribe-common-c-svgicon--cal-export tribe-events-c-subscribe-dropdown__export-icon\"  viewBox=\"0 0 23 17\" xmlns=\"http:\/\/www.w3.org\/2000\/svg\">\n  <path fill-rule=\"evenodd\" clip-rule=\"evenodd\" d=\"M.128.896V16.13c0 .211.145.383.323.383h15.354c.179 0 .323-.172.323-.383V.896c0-.212-.144-.383-.323-.383H.451C.273.513.128.684.128.896Zm16 6.742h-.901V4.679H1.009v10.729h14.218v-3.336h.901V7.638ZM1.01 1.614h14.218v2.058H1.009V1.614Z\" \/>\n  <path d=\"M20.5 9.846H8.312M18.524 6.953l2.89 2.909-2.855 2.855\" stroke-width=\"1.2\" stroke-linecap=\"round\" stroke-linejoin=\"round\"\/>\n<\/svg>\n\t\t\t\t\t\t<button class=\"tribe-events-c-subscribe-dropdown__button-text\">\n\t\t\t\t\t\t\tA\u00f1adir al calendario\t\t\t\t\t\t<\/button>\n\t\t\t\t\t\t<svg  class=\"tribe-common-c-svgicon tribe-common-c-svgicon--caret-down tribe-events-c-subscribe-dropdown__button-icon\"  viewBox=\"0 0 10 7\" xmlns=\"http:\/\/www.w3.org\/2000\/svg\"><path fill-rule=\"evenodd\" clip-rule=\"evenodd\" d=\"M1.008.609L5 4.6 8.992.61l.958.958L5 6.517.05 1.566l.958-.958z\" class=\"tribe-common-c-svgicon__svg-fill\"\/><\/svg>\n\t\t\t\t\t<\/div>\n\t\t\t\t\t<div class=\"tribe-events-c-subscribe-dropdown__content\">\n\t\t\t\t\t\t<ul class=\"tribe-events-c-subscribe-dropdown__list\" tabindex=\"0\">\n\t\t\t\t\t\t\t\t\t\t\t\t\t\t\t<li class=\"tribe-events-c-subscribe-dropdown__list-item\">\n\t\t\t\t\t\t\t\t\t<a\n\t\t\t\t\t\t\t\t\t\thref=\"https:\/\/www.google.com\/calendar\/event?action=TEMPLATE&#038;dates=20251011T000000\/20251019T235959&#038;text=Fiesta%20Gastron%C3%B3mica%20de%20la%20Caza&#038;details=%3C%21--+wp%3Atribe%2Fevent-datetime+%2F--%3E%3C%21--+wp%3Acolumns+--%3E%3Cdiv+class%3D%22wp-block-columns%22%3E%3C%21--+wp%3Acolumn+--%3E%3Cdiv+class%3D%22wp-block-column%22%3E%3C%21--+wp%3Aimage+%7B%22id%22%3A65413%2C%22sizeSlug%22%3A%22full%22%2C%22linkDestination%22%3A%22none%22%7D+--%3E%3Cfigure+class%3D%22wp-block-image+size-full%22%3E%3Cimg+src%3D%22https%3A%2F%2Fcoria.org%2Fayuntamiento%2Fwp-content%2Fuploads%2F2025%2F10%2Ffg-octubre-caza.webp%22+alt%3D%22%22+class%3D%22wp-image-65413%22%2F%3E%3C%2Ffigure%3E%3C%21--+%2Fwp%3Aimage+--%3E%3C%2Fdiv%3E%3C%21--+%2Fwp%3Acolumn+--%3E%3C%21--+wp%3Acolumn+--%3E%3Cdiv+class%3D%22wp-block-column%22%3E%3C%21--+wp%3Aimage+%7B%22id%22%3A65483%2C%22sizeSlug%22%3A%22full%22%2C%22linkDestination%22%3A%22none%22%7D+--%3E%3Cfigure+class%3D%22wp-block-image+size-full%22%3E%3Cimg+src%3D%22https%3A%2F%2Fcoria.org%2Fayuntamiento%2Fwp-content%2Fuploads%2F2025%2F10%2Fruta-tapas-oct-25.webp%22+alt%3D%22%22+class%3D%22%20(Ver%20aqu\u00ed%20la%20descripci\u00f3n%20completa%20de%20evento:%20https:\/\/turismocoria.es\/turismo\/evento\/fiesta-gastronomica-de-la-caza\/)&#038;location=Coria&#038;trp=false&#038;ctz=Europe\/Madrid&#038;sprop=website:https:\/\/turismocoria.es\/turismo\"\n\t\t\t\t\t\t\t\t\t\tclass=\"tribe-events-c-subscribe-dropdown__list-item-link\"\n\t\t\t\t\t\t\t\t\t\ttabindex=\"0\"\n\t\t\t\t\t\t\t\t\t\ttarget=\"_blank\"\n\t\t\t\t\t\t\t\t\t\trel=\"noopener noreferrer nofollow noindex\"\n\t\t\t\t\t\t\t\t\t>\n\t\t\t\t\t\t\t\t\t\tGoogle Calendar\t\t\t\t\t\t\t\t\t<\/a>\n\t\t\t\t\t\t\t\t<\/li>\n\t\t\t\t\t\t\t\t\t\t\t\t\t\t\t<li class=\"tribe-events-c-subscribe-dropdown__list-item\">\n\t\t\t\t\t\t\t\t\t<a\n\t\t\t\t\t\t\t\t\t\thref=\"\"\n\t\t\t\t\t\t\t\t\t\tclass=\"tribe-events-c-subscribe-dropdown__list-item-link\"\n\t\t\t\t\t\t\t\t\t\ttabindex=\"0\"\n\t\t\t\t\t\t\t\t\t\ttarget=\"_blank\"\n\t\t\t\t\t\t\t\t\t\trel=\"noopener noreferrer nofollow noindex\"\n\t\t\t\t\t\t\t\t\t>\n\t\t\t\t\t\t\t\t\t\tiCalendar\t\t\t\t\t\t\t\t\t<\/a>\n\t\t\t\t\t\t\t\t<\/li>\n\t\t\t\t\t\t\t\t\t\t\t\t\t\t\t<li class=\"tribe-events-c-subscribe-dropdown__list-item\">\n\t\t\t\t\t\t\t\t\t<a\n\t\t\t\t\t\t\t\t\t\thref=\"\"\n\t\t\t\t\t\t\t\t\t\tclass=\"tribe-events-c-subscribe-dropdown__list-item-link\"\n\t\t\t\t\t\t\t\t\t\ttabindex=\"0\"\n\t\t\t\t\t\t\t\t\t\ttarget=\"_blank\"\n\t\t\t\t\t\t\t\t\t\trel=\"noopener noreferrer nofollow noindex\"\n\t\t\t\t\t\t\t\t\t>\n\t\t\t\t\t\t\t\t\t\tOutlook 365\t\t\t\t\t\t\t\t\t<\/a>\n\t\t\t\t\t\t\t\t<\/li>\n\t\t\t\t\t\t\t\t\t\t\t\t\t\t\t<li class=\"tribe-events-c-subscribe-dropdown__list-item\">\n\t\t\t\t\t\t\t\t\t<a\n\t\t\t\t\t\t\t\t\t\thref=\"\"\n\t\t\t\t\t\t\t\t\t\tclass=\"tribe-events-c-subscribe-dropdown__list-item-link\"\n\t\t\t\t\t\t\t\t\t\ttabindex=\"0\"\n\t\t\t\t\t\t\t\t\t\ttarget=\"_blank\"\n\t\t\t\t\t\t\t\t\t\trel=\"noopener noreferrer nofollow noindex\"\n\t\t\t\t\t\t\t\t\t>\n\t\t\t\t\t\t\t\t\t\tOutlook Live\t\t\t\t\t\t\t\t\t<\/a>\n\t\t\t\t\t\t\t\t<\/li>\n\t\t\t\t\t\t\t\t\t\t\t\t\t<\/ul>\n\t\t\t\t\t<\/div>\n\t\t\t\t<\/div>\n\t\t\t<\/div>\n\t\t<\/div>\n\t<\/div>\n\n","protected":false},"excerpt":{"rendered":"<p>La caza es un producto emblem\u00e1tico de la gastronom\u00eda de Extremadura, donde la abundancia de espacios naturales y la tradici\u00f3n cineg\u00e9tica han favorecido su consumo y elaboraci\u00f3n. Especies como el venado, el jabal\u00ed, la perdiz o el conejo son la base de platos tradicionales como los estofados, los escabeches y las calderetas, que destacan por [&hellip;]<\/p>\n","protected":false},"author":4,"featured_media":13524,"comment_status":"closed","ping_status":"closed","template":"","meta":{"_uag_custom_page_level_css":"","site-sidebar-layout":"default","site-content-layout":"","ast-site-content-layout":"default","site-content-style":"default","site-sidebar-style":"default","ast-global-header-display":"","ast-banner-title-visibility":"","ast-main-header-display":"","ast-hfb-above-header-display":"","ast-hfb-below-header-display":"","ast-hfb-mobile-header-display":"","site-post-title":"","ast-breadcrumbs-content":"","ast-featured-img":"","footer-sml-layout":"","theme-transparent-header-meta":"","adv-header-id-meta":"","stick-header-meta":"","header-above-stick-meta":"","header-main-stick-meta":"","header-below-stick-meta":"","astra-migrate-meta-layouts":"set","ast-page-background-enabled":"default","ast-page-background-meta":{"desktop":{"background-color":"","background-image":"","background-repeat":"repeat","background-position":"center center","background-size":"auto","background-attachment":"scroll","background-type":"","background-media":"","overlay-type":"","overlay-color":"","overlay-opacity":"","overlay-gradient":""},"tablet":{"background-color":"","background-image":"","background-repeat":"repeat","background-position":"center center","background-size":"auto","background-attachment":"scroll","background-type":"","background-media":"","overlay-type":"","overlay-color":"","overlay-opacity":"","overlay-gradient":""},"mobile":{"background-color":"","background-image":"","background-repeat":"repeat","background-position":"center center","background-size":"auto","background-attachment":"scroll","background-type":"","background-media":"","overlay-type":"","overlay-color":"","overlay-opacity":"","overlay-gradient":""}},"ast-content-background-meta":{"desktop":{"background-color":"var(--ast-global-color-5)","background-image":"","background-repeat":"repeat","background-position":"center center","background-size":"auto","background-attachment":"scroll","background-type":"","background-media":"","overlay-type":"","overlay-color":"","overlay-opacity":"","overlay-gradient":""},"tablet":{"background-color":"var(--ast-global-color-5)","background-image":"","background-repeat":"repeat","background-position":"center center","background-size":"auto","background-attachment":"scroll","background-type":"","background-media":"","overlay-type":"","overlay-color":"","overlay-opacity":"","overlay-gradient":""},"mobile":{"background-color":"var(--ast-global-color-5)","background-image":"","background-repeat":"repeat","background-position":"center center","background-size":"auto","background-attachment":"scroll","background-type":"","background-media":"","overlay-type":"","overlay-color":"","overlay-opacity":"","overlay-gradient":""}},"_EventAllDay":true,"_EventTimezone":"Europe\/Madrid","_EventStartDate":"2025-10-11 00:00:00","_EventEndDate":"2025-10-19 23:59:59","_EventStartDateUTC":"2025-10-10 22:00:00","_EventEndDateUTC":"2025-10-19 21:59:59","_EventShowMap":true,"_EventShowMapLink":true,"_EventURL":"","_EventCost":"","_EventCostDescription":"","_EventCurrencySymbol":"\u20ac","_EventCurrencyCode":"EUR","_EventCurrencyPosition":"suffix","_EventDateTimeSeparator":"-","_EventTimeRangeSeparator":" - ","_EventOrganizerID":[12844],"_EventVenueID":13096,"_OrganizerEmail":"","_OrganizerPhone":"","_OrganizerWebsite":"","_VenueAddress":"","_VenueCity":"","_VenueCountry":"","_VenueProvince":"","_VenueZip":"","_VenuePhone":"","_VenueURL":"","_VenueStateProvince":"","_VenueLat":"","_VenueLng":"","_tribe_events_status":"","_tribe_events_status_reason":"","footnotes":""},"tags":[],"tribe_events_cat":[],"class_list":["post-13523","tribe_events","type-tribe_events","status-publish","has-post-thumbnail","hentry"],"uagb_featured_image_src":{"full":["https:\/\/turismocoria.es\/turismo\/wp-content\/uploads\/2025\/10\/fg-octubre-caza.webp",1080,1350,false],"thumbnail":["https:\/\/turismocoria.es\/turismo\/wp-content\/uploads\/2025\/10\/fg-octubre-caza-150x150.webp",150,150,true],"medium":["https:\/\/turismocoria.es\/turismo\/wp-content\/uploads\/2025\/10\/fg-octubre-caza-240x300.webp",240,300,true],"medium_large":["https:\/\/turismocoria.es\/turismo\/wp-content\/uploads\/2025\/10\/fg-octubre-caza-768x960.webp",768,960,true],"large":["https:\/\/turismocoria.es\/turismo\/wp-content\/uploads\/2025\/10\/fg-octubre-caza-819x1024.webp",819,1024,true],"gs-tiny":["https:\/\/turismocoria.es\/turismo\/wp-content\/uploads\/2025\/10\/fg-octubre-caza-50x63.webp",50,63,true],"xl":["https:\/\/turismocoria.es\/turismo\/wp-content\/uploads\/2025\/10\/fg-octubre-caza.webp",1080,1350,false],"xxl":["https:\/\/turismocoria.es\/turismo\/wp-content\/uploads\/2025\/10\/fg-octubre-caza.webp",1080,1350,false],"xxxl":["https:\/\/turismocoria.es\/turismo\/wp-content\/uploads\/2025\/10\/fg-octubre-caza.webp",1080,1350,false],"xxxxl":["https:\/\/turismocoria.es\/turismo\/wp-content\/uploads\/2025\/10\/fg-octubre-caza.webp",1080,1350,false],"xxxxxl":["https:\/\/turismocoria.es\/turismo\/wp-content\/uploads\/2025\/10\/fg-octubre-caza.webp",1080,1350,false],"1536x1536":["https:\/\/turismocoria.es\/turismo\/wp-content\/uploads\/2025\/10\/fg-octubre-caza.webp",1080,1350,false],"2048x2048":["https:\/\/turismocoria.es\/turismo\/wp-content\/uploads\/2025\/10\/fg-octubre-caza.webp",1080,1350,false],"ultp_layout_landscape_large":["https:\/\/turismocoria.es\/turismo\/wp-content\/uploads\/2025\/10\/fg-octubre-caza-1080x800.webp",1080,800,true],"ultp_layout_landscape":["https:\/\/turismocoria.es\/turismo\/wp-content\/uploads\/2025\/10\/fg-octubre-caza-870x570.webp",870,570,true],"ultp_layout_portrait":["https:\/\/turismocoria.es\/turismo\/wp-content\/uploads\/2025\/10\/fg-octubre-caza-600x900.webp",600,900,true],"ultp_layout_square":["https:\/\/turismocoria.es\/turismo\/wp-content\/uploads\/2025\/10\/fg-octubre-caza-600x600.webp",600,600,true],"gb-block-post-grid-landscape":["https:\/\/turismocoria.es\/turismo\/wp-content\/uploads\/2025\/10\/fg-octubre-caza-600x400.webp",600,400,true],"gb-block-post-grid-square":["https:\/\/turismocoria.es\/turismo\/wp-content\/uploads\/2025\/10\/fg-octubre-caza-600x600.webp",600,600,true]},"uagb_author_info":{"display_name":"Oficina Turismo","author_link":"https:\/\/turismocoria.es\/turismo\/author\/oficina\/"},"uagb_comment_info":0,"uagb_excerpt":"La caza es un producto emblem\u00e1tico de la gastronom\u00eda de Extremadura, donde la abundancia de espacios naturales y la tradici\u00f3n cineg\u00e9tica han favorecido su consumo y elaboraci\u00f3n. Especies como el venado, el jabal\u00ed, la perdiz o el conejo son la base de platos tradicionales como los estofados, los escabeches y las calderetas, que destacan por&hellip;","_links":{"self":[{"href":"https:\/\/turismocoria.es\/turismo\/wp-json\/wp\/v2\/tribe_events\/13523"}],"collection":[{"href":"https:\/\/turismocoria.es\/turismo\/wp-json\/wp\/v2\/tribe_events"}],"about":[{"href":"https:\/\/turismocoria.es\/turismo\/wp-json\/wp\/v2\/types\/tribe_events"}],"author":[{"embeddable":true,"href":"https:\/\/turismocoria.es\/turismo\/wp-json\/wp\/v2\/users\/4"}],"replies":[{"embeddable":true,"href":"https:\/\/turismocoria.es\/turismo\/wp-json\/wp\/v2\/comments?post=13523"}],"version-history":[{"count":4,"href":"https:\/\/turismocoria.es\/turismo\/wp-json\/wp\/v2\/tribe_events\/13523\/revisions"}],"predecessor-version":[{"id":13541,"href":"https:\/\/turismocoria.es\/turismo\/wp-json\/wp\/v2\/tribe_events\/13523\/revisions\/13541"}],"wp:featuredmedia":[{"embeddable":true,"href":"https:\/\/turismocoria.es\/turismo\/wp-json\/wp\/v2\/media\/13524"}],"wp:attachment":[{"href":"https:\/\/turismocoria.es\/turismo\/wp-json\/wp\/v2\/media?parent=13523"}],"wp:term":[{"taxonomy":"post_tag","embeddable":true,"href":"https:\/\/turismocoria.es\/turismo\/wp-json\/wp\/v2\/tags?post=13523"},{"taxonomy":"tribe_events_cat","embeddable":true,"href":"https:\/\/turismocoria.es\/turismo\/wp-json\/wp\/v2\/tribe_events_cat?post=13523"}],"curies":[{"name":"wp","href":"https:\/\/api.w.org\/{rel}","templated":true}]}}