{"id":13510,"date":"2025-09-19T08:05:28","date_gmt":"2025-09-19T06:05:28","guid":{"rendered":"https:\/\/turismocoria.es\/turismo\/?post_type=tribe_events&#038;p=13510"},"modified":"2025-09-19T08:05:33","modified_gmt":"2025-09-19T06:05:33","slug":"dia-mundial-del-turismo-en-coria","status":"publish","type":"tribe_events","link":"https:\/\/turismocoria.es\/turismo\/evento\/dia-mundial-del-turismo-en-coria\/","title":{"rendered":"D\u00eda Mundial del Turismo en Coria"},"content":{"rendered":"<div class=\"tribe-events-schedule tribe-clearfix\">\n\t<h2 class=\"tribe-events-schedule__datetime\">\n\t\t<span class=\"tribe-events-schedule__date tribe-events-schedule__date--start\">\n\t\t\t27 09 2025\t\t<\/span>\n\n\t\t\t\t\t<span class=\"tribe-events-schedule__all-day\">Todo el d\u00eda<\/span>\n\t\t\n\t\t\t<\/h2>\n<\/div>\n\n\n\n<p>Con motivo del D\u00eda Mundial del Turismo, el Ayuntamiento de Coria, a trav\u00e9s de la Oficina Municipal de Turismo, ha preparado una completa programaci\u00f3n cultural y tur\u00edstica que permitir\u00e1 a vecinos y visitantes redescubrir el rico patrimonio hist\u00f3rico, art\u00edstico y monumental de la ciudad a trav\u00e9s de jornadas de puertas abiertas, visitas guiadas y una exposici\u00f3n de caricaturas.<\/p>\n\n\n\n<div class=\"wp-block-columns is-layout-flex wp-container-core-columns-is-layout-1 wp-block-columns-is-layout-flex\">\n<div class=\"wp-block-column is-layout-flow wp-block-column-is-layout-flow\">\n<figure class=\"wp-block-image size-large\"><img loading=\"lazy\" decoding=\"async\" width=\"819\" height=\"1024\" data-src=\"https:\/\/turismocoria.es\/turismo\/wp-content\/uploads\/2025\/09\/dia-turismo-coria-25-819x1024.webp\" alt=\"\" class=\"wp-image-13512 lazyload\" data-srcset=\"https:\/\/turismocoria.es\/turismo\/wp-content\/uploads\/2025\/09\/dia-turismo-coria-25-819x1024.webp 819w, https:\/\/turismocoria.es\/turismo\/wp-content\/uploads\/2025\/09\/dia-turismo-coria-25-240x300.webp 240w, https:\/\/turismocoria.es\/turismo\/wp-content\/uploads\/2025\/09\/dia-turismo-coria-25-768x960.webp 768w, https:\/\/turismocoria.es\/turismo\/wp-content\/uploads\/2025\/09\/dia-turismo-coria-25-50x63.webp 50w, https:\/\/turismocoria.es\/turismo\/wp-content\/uploads\/2025\/09\/dia-turismo-coria-25.webp 1080w\" data-sizes=\"(max-width: 819px) 100vw, 819px\" src=\"data:image\/gif;base64,R0lGODlhAQABAAAAACH5BAEKAAEALAAAAAABAAEAAAICTAEAOw==\" style=\"--smush-placeholder-width: 819px; --smush-placeholder-aspect-ratio: 819\/1024;\" \/><noscript><img loading=\"lazy\" decoding=\"async\" width=\"819\" height=\"1024\" src=\"https:\/\/turismocoria.es\/turismo\/wp-content\/uploads\/2025\/09\/dia-turismo-coria-25-819x1024.webp\" alt=\"\" class=\"wp-image-13512\" srcset=\"https:\/\/turismocoria.es\/turismo\/wp-content\/uploads\/2025\/09\/dia-turismo-coria-25-819x1024.webp 819w, https:\/\/turismocoria.es\/turismo\/wp-content\/uploads\/2025\/09\/dia-turismo-coria-25-240x300.webp 240w, https:\/\/turismocoria.es\/turismo\/wp-content\/uploads\/2025\/09\/dia-turismo-coria-25-768x960.webp 768w, https:\/\/turismocoria.es\/turismo\/wp-content\/uploads\/2025\/09\/dia-turismo-coria-25-50x63.webp 50w, https:\/\/turismocoria.es\/turismo\/wp-content\/uploads\/2025\/09\/dia-turismo-coria-25.webp 1080w\" sizes=\"(max-width: 819px) 100vw, 819px\" \/><\/noscript><\/figure>\n<\/div>\n\n\n\n<div class=\"wp-block-column is-layout-flow wp-block-column-is-layout-flow\">\n<figure class=\"wp-block-image size-large\"><img loading=\"lazy\" decoding=\"async\" width=\"819\" height=\"1024\" data-src=\"https:\/\/turismocoria.es\/turismo\/wp-content\/uploads\/2025\/09\/dia-turismo-coria-25-actividades-819x1024.webp\" alt=\"\" class=\"wp-image-13511 lazyload\" data-srcset=\"https:\/\/turismocoria.es\/turismo\/wp-content\/uploads\/2025\/09\/dia-turismo-coria-25-actividades-819x1024.webp 819w, https:\/\/turismocoria.es\/turismo\/wp-content\/uploads\/2025\/09\/dia-turismo-coria-25-actividades-240x300.webp 240w, https:\/\/turismocoria.es\/turismo\/wp-content\/uploads\/2025\/09\/dia-turismo-coria-25-actividades-768x960.webp 768w, https:\/\/turismocoria.es\/turismo\/wp-content\/uploads\/2025\/09\/dia-turismo-coria-25-actividades-50x63.webp 50w, https:\/\/turismocoria.es\/turismo\/wp-content\/uploads\/2025\/09\/dia-turismo-coria-25-actividades.webp 1080w\" data-sizes=\"(max-width: 819px) 100vw, 819px\" src=\"data:image\/gif;base64,R0lGODlhAQABAAAAACH5BAEKAAEALAAAAAABAAEAAAICTAEAOw==\" style=\"--smush-placeholder-width: 819px; --smush-placeholder-aspect-ratio: 819\/1024;\" \/><noscript><img loading=\"lazy\" decoding=\"async\" width=\"819\" height=\"1024\" src=\"https:\/\/turismocoria.es\/turismo\/wp-content\/uploads\/2025\/09\/dia-turismo-coria-25-actividades-819x1024.webp\" alt=\"\" class=\"wp-image-13511\" srcset=\"https:\/\/turismocoria.es\/turismo\/wp-content\/uploads\/2025\/09\/dia-turismo-coria-25-actividades-819x1024.webp 819w, https:\/\/turismocoria.es\/turismo\/wp-content\/uploads\/2025\/09\/dia-turismo-coria-25-actividades-240x300.webp 240w, https:\/\/turismocoria.es\/turismo\/wp-content\/uploads\/2025\/09\/dia-turismo-coria-25-actividades-768x960.webp 768w, https:\/\/turismocoria.es\/turismo\/wp-content\/uploads\/2025\/09\/dia-turismo-coria-25-actividades-50x63.webp 50w, https:\/\/turismocoria.es\/turismo\/wp-content\/uploads\/2025\/09\/dia-turismo-coria-25-actividades.webp 1080w\" sizes=\"(max-width: 819px) 100vw, 819px\" \/><\/noscript><\/figure>\n<\/div>\n<\/div>\n\n\n\n<p>El objetivo de esta celebraci\u00f3n es poner en valor los recursos tur\u00edsticos de Coria, acercarlos a la poblaci\u00f3n y destacar su importancia como motor cultural y econ\u00f3mico.<\/p>\n\n\n\n<p>Entre las principales actividades programadas para el s\u00e1bado 27 de septiembre, la Oficina de Turismo destaca<\/p>\n\n\n\n<p>Jornadas de Puertas Abiertas<\/p>\n\n\n\n<p>Sala Muse\u00edstica de la C\u00e1rcel Real<br>Horario: de 10:00 a 14:00 h y de 16:30 a 18:30 h.<br>Claustro del Convento de la Madre de Dios<br>Horario: de 9:30 a 13:00 h y de 16:30 a 18:30 h.<br>Estas jornadas permitir\u00e1n el acceso libre a dos de los espacios m\u00e1s emblem\u00e1ticos de la ciudad, brindando la oportunidad de conocer su historia y arquitectura.<br>Visita guiada al Palacio de los Duques de Alba<\/p>\n\n\n\n<p>Una experiencia \u00fanica para descubrir uno de los enclaves m\u00e1s representativos del patrimonio nobiliario de Coria.<\/p>\n\n\n\n<p>Inscripci\u00f3n previa en la Oficina de Turismo: 619 122 719. El horario ser\u00e1 a las 11:00 horas.<\/p>\n\n\n\n<p>Acceso a la Catedral de Coria<\/p>\n\n\n\n<p>Tambi\u00e9n se suma a esta celebraci\u00f3n, permitiendo a los asistentes disfrutar de su riqueza art\u00edstica, religiosa y patrimonial. Entrada general con precio reducido + audiogu\u00eda y subida al campanario, de 10:30 a 14:00 y de 17:00 a 20:00 horas.<\/p>\n\n\n\n<p>Exposici\u00f3n: \u201cThe Caricature Horror Exhibition Show\u201d<\/p>\n\n\n\n<p>Organizada por la Asociaci\u00f3n Espa\u00f1ola de Caricaturistas, esta muestra presenta una selecci\u00f3n de obras sat\u00edricas con un enfoque art\u00edstico y original.<br>Lugar: Patio de Cristal del Excmo. Ayuntamiento de Coria.<br>Horario durante el fin de semana: de 10:00 a 14:00 h.<\/p>\n\n\n\n<p>Esta programaci\u00f3n especial con motivo del D\u00eda Mundial del Turismo es una invitaci\u00f3n a disfrutar, aprender y valorar el patrimonio de Coria, y refleja el firme compromiso del Ayuntamiento con la promoci\u00f3n tur\u00edstica y cultural del municipio.<\/p>\n\n\n\n<p>Dentro de esta programaci\u00f3n tambi\u00e9n se incluye la Fiesta Gastron\u00f3mica de la Vaca y la Ternera, del 20 al 28 de septiembre. Durante este evento, se ofrecen men\u00fas especiales, platos a la carta y una ruta de tapas para celebrar y disfrutar de estos productos c\u00e1rnicos.<\/p>\n\n\n\n<p>Las personas que deseen inscribirse en la visita guiada podr\u00e1 inscribirse previamente en la Oficina de Turismo de Coria o en el tel\u00e9fono: 619 122 719.<\/p>\n\n\n<div class=\"tribe-block tribe-block__event-price\">\n\t\t<\/div>\n\n\n<div class=\"tribe-block tribe-block__organizer__details tribe-clearfix\">\n\t<div class=\"tribe-block__organizer__title\">\n\t\t<h3><a href=\"https:\/\/turismocoria.es\/turismo\/organizer\/oficina-de-turismo-de-coria\/\" title=\"Oficina de Turismo de Coria\" target=\"_self\" rel=\"\">Oficina de Turismo de Coria<\/a><\/h3>\n\t<\/div>\n\t\t\t<p class=\"tribe-block__organizer__phone\">927508000 ext- 290<\/p>\n\t\t\t\t\t<p class=\"tribe-block__organizer__email\">o&#102;i&#099;ina&#116;uri&#115;&#109;o&#064;&#099;o&#114;ia.&#111;&#114;g<\/p>\n\t<\/div>\n\n\n<div class=\"tribe-block tribe-block__venue \">\n\t\n\t\n<div class=\"tribe-block__venue__meta\">\n\t<div class=\"tribe-block__venue__name\">\n\t\t<h3><a href=\"https:\/\/turismocoria.es\/turismo\/venue\/coria\/\" title=\"Coria\">Coria<\/a><\/h3>\n\t<\/div>\n\n\t\n\t\n\t\n\t\n\t<\/div>\n\t\n\t<\/div>\n\n\n\n\n\t<div class=\"tribe-block tribe-block__events-link\">\n\t\t<div class=\"tribe-events tribe-common\">\n\t\t\t<div class=\"tribe-events-c-subscribe-dropdown__container\">\n\t\t\t\t<div class=\"tribe-events-c-subscribe-dropdown\">\n\t\t\t\t\t<div class=\"tribe-common-c-btn-border tribe-events-c-subscribe-dropdown__button\" tabindex=\"0\">\n\t\t\t\t\t\t<svg  class=\"tribe-common-c-svgicon tribe-common-c-svgicon--cal-export tribe-events-c-subscribe-dropdown__export-icon\"  viewBox=\"0 0 23 17\" xmlns=\"http:\/\/www.w3.org\/2000\/svg\">\n  <path fill-rule=\"evenodd\" clip-rule=\"evenodd\" d=\"M.128.896V16.13c0 .211.145.383.323.383h15.354c.179 0 .323-.172.323-.383V.896c0-.212-.144-.383-.323-.383H.451C.273.513.128.684.128.896Zm16 6.742h-.901V4.679H1.009v10.729h14.218v-3.336h.901V7.638ZM1.01 1.614h14.218v2.058H1.009V1.614Z\" \/>\n  <path d=\"M20.5 9.846H8.312M18.524 6.953l2.89 2.909-2.855 2.855\" stroke-width=\"1.2\" stroke-linecap=\"round\" stroke-linejoin=\"round\"\/>\n<\/svg>\n\t\t\t\t\t\t<button class=\"tribe-events-c-subscribe-dropdown__button-text\">\n\t\t\t\t\t\t\tA\u00f1adir al calendario\t\t\t\t\t\t<\/button>\n\t\t\t\t\t\t<svg  class=\"tribe-common-c-svgicon tribe-common-c-svgicon--caret-down tribe-events-c-subscribe-dropdown__button-icon\"  viewBox=\"0 0 10 7\" xmlns=\"http:\/\/www.w3.org\/2000\/svg\"><path fill-rule=\"evenodd\" clip-rule=\"evenodd\" d=\"M1.008.609L5 4.6 8.992.61l.958.958L5 6.517.05 1.566l.958-.958z\" class=\"tribe-common-c-svgicon__svg-fill\"\/><\/svg>\n\t\t\t\t\t<\/div>\n\t\t\t\t\t<div class=\"tribe-events-c-subscribe-dropdown__content\">\n\t\t\t\t\t\t<ul class=\"tribe-events-c-subscribe-dropdown__list\" tabindex=\"0\">\n\t\t\t\t\t\t\t\t\t\t\t\t\t\t\t<li class=\"tribe-events-c-subscribe-dropdown__list-item\">\n\t\t\t\t\t\t\t\t\t<a\n\t\t\t\t\t\t\t\t\t\thref=\"https:\/\/www.google.com\/calendar\/event?action=TEMPLATE&#038;dates=20250927T000000\/20250927T235959&#038;text=D%C3%ADa%20Mundial%20del%20Turismo%20en%20Coria&#038;details=%3C%21--+wp%3Atribe%2Fevent-datetime+%2F--%3E%3C%21--+wp%3Aparagraph+%7B%22placeholder%22%3A%22A%C3%B1adir+descripci%C3%B3n%E2%80%A6%22%7D+--%3E%3Cp%3ECon+motivo+del+D%C3%ADa+Mundial+del+Turismo%2C+el+Ayuntamiento+de+Coria%2C+a+trav%C3%A9s+de+la+Oficina+Municipal+de+Turismo%2C+ha+preparado+una+completa+programaci%C3%B3n+cultural+y+tur%C3%ADstica+que+permitir%C3%A1+a+vecinos+y+visitantes+redescubrir+el+rico+patrimonio+hist%C3%B3rico%2C+art%C3%ADstico+y+monumental+de+la+ciudad+a+trav%C3%A9s+de+jornadas+de+puertas+abiertas%2C+visitas+guiadas+y+una+exposici%C3%B3n+de+caricaturas.%3C%2Fp%3E%3C%21--+%2Fwp%3Aparagraph+--%3E%3C%21--+wp%3Acolumns+--%3E%3Cdiv+class%3D%22wp-block-columns%22%3E%3C%21--+wp%3Acolumn+--%3E%3Cdiv+class%3D%22wp-block-column%22%3E%3C%21--+wp%3Aimage+%7B%22id%22%3A13512%2C%22sizeSlug%22%3A%22large%22%2C%22linkDestination%22%3A%22none%22%7D+--%3E%3Cfigure+class%3D%22wp-block-image+size-large%22%3E%3Cimg+src%3D%22https%3A%2F%2Fturismocoria.es%20(Ver%20aqu\u00ed%20la%20descripci\u00f3n%20completa%20de%20evento:%20https:\/\/turismocoria.es\/turismo\/evento\/dia-mundial-del-turismo-en-coria\/)&#038;location=Coria&#038;trp=false&#038;ctz=Europe\/Madrid&#038;sprop=website:https:\/\/turismocoria.es\/turismo\"\n\t\t\t\t\t\t\t\t\t\tclass=\"tribe-events-c-subscribe-dropdown__list-item-link\"\n\t\t\t\t\t\t\t\t\t\ttabindex=\"0\"\n\t\t\t\t\t\t\t\t\t\ttarget=\"_blank\"\n\t\t\t\t\t\t\t\t\t\trel=\"noopener noreferrer nofollow noindex\"\n\t\t\t\t\t\t\t\t\t>\n\t\t\t\t\t\t\t\t\t\tGoogle Calendar\t\t\t\t\t\t\t\t\t<\/a>\n\t\t\t\t\t\t\t\t<\/li>\n\t\t\t\t\t\t\t\t\t\t\t\t\t\t\t<li class=\"tribe-events-c-subscribe-dropdown__list-item\">\n\t\t\t\t\t\t\t\t\t<a\n\t\t\t\t\t\t\t\t\t\thref=\"\"\n\t\t\t\t\t\t\t\t\t\tclass=\"tribe-events-c-subscribe-dropdown__list-item-link\"\n\t\t\t\t\t\t\t\t\t\ttabindex=\"0\"\n\t\t\t\t\t\t\t\t\t\ttarget=\"_blank\"\n\t\t\t\t\t\t\t\t\t\trel=\"noopener noreferrer nofollow noindex\"\n\t\t\t\t\t\t\t\t\t>\n\t\t\t\t\t\t\t\t\t\tiCalendar\t\t\t\t\t\t\t\t\t<\/a>\n\t\t\t\t\t\t\t\t<\/li>\n\t\t\t\t\t\t\t\t\t\t\t\t\t\t\t<li class=\"tribe-events-c-subscribe-dropdown__list-item\">\n\t\t\t\t\t\t\t\t\t<a\n\t\t\t\t\t\t\t\t\t\thref=\"\"\n\t\t\t\t\t\t\t\t\t\tclass=\"tribe-events-c-subscribe-dropdown__list-item-link\"\n\t\t\t\t\t\t\t\t\t\ttabindex=\"0\"\n\t\t\t\t\t\t\t\t\t\ttarget=\"_blank\"\n\t\t\t\t\t\t\t\t\t\trel=\"noopener noreferrer nofollow noindex\"\n\t\t\t\t\t\t\t\t\t>\n\t\t\t\t\t\t\t\t\t\tOutlook 365\t\t\t\t\t\t\t\t\t<\/a>\n\t\t\t\t\t\t\t\t<\/li>\n\t\t\t\t\t\t\t\t\t\t\t\t\t\t\t<li class=\"tribe-events-c-subscribe-dropdown__list-item\">\n\t\t\t\t\t\t\t\t\t<a\n\t\t\t\t\t\t\t\t\t\thref=\"\"\n\t\t\t\t\t\t\t\t\t\tclass=\"tribe-events-c-subscribe-dropdown__list-item-link\"\n\t\t\t\t\t\t\t\t\t\ttabindex=\"0\"\n\t\t\t\t\t\t\t\t\t\ttarget=\"_blank\"\n\t\t\t\t\t\t\t\t\t\trel=\"noopener noreferrer nofollow noindex\"\n\t\t\t\t\t\t\t\t\t>\n\t\t\t\t\t\t\t\t\t\tOutlook Live\t\t\t\t\t\t\t\t\t<\/a>\n\t\t\t\t\t\t\t\t<\/li>\n\t\t\t\t\t\t\t\t\t\t\t\t\t<\/ul>\n\t\t\t\t\t<\/div>\n\t\t\t\t<\/div>\n\t\t\t<\/div>\n\t\t<\/div>\n\t<\/div>\n\n","protected":false},"excerpt":{"rendered":"<p>Con motivo del D\u00eda Mundial del Turismo, el Ayuntamiento de Coria, a trav\u00e9s de la Oficina Municipal de Turismo, ha preparado una completa programaci\u00f3n cultural y tur\u00edstica que permitir\u00e1 a vecinos y visitantes redescubrir el rico patrimonio hist\u00f3rico, art\u00edstico y monumental de la ciudad a trav\u00e9s de jornadas de puertas abiertas, visitas guiadas y una [&hellip;]<\/p>\n","protected":false},"author":4,"featured_media":13512,"comment_status":"closed","ping_status":"closed","template":"","meta":{"_uag_custom_page_level_css":"","site-sidebar-layout":"default","site-content-layout":"","ast-site-content-layout":"default","site-content-style":"default","site-sidebar-style":"default","ast-global-header-display":"","ast-banner-title-visibility":"","ast-main-header-display":"","ast-hfb-above-header-display":"","ast-hfb-below-header-display":"","ast-hfb-mobile-header-display":"","site-post-title":"","ast-breadcrumbs-content":"","ast-featured-img":"disabled","footer-sml-layout":"","theme-transparent-header-meta":"","adv-header-id-meta":"","stick-header-meta":"","header-above-stick-meta":"","header-main-stick-meta":"","header-below-stick-meta":"","astra-migrate-meta-layouts":"set","ast-page-background-enabled":"default","ast-page-background-meta":{"desktop":{"background-color":"","background-image":"","background-repeat":"repeat","background-position":"center center","background-size":"auto","background-attachment":"scroll","background-type":"","background-media":"","overlay-type":"","overlay-color":"","overlay-opacity":"","overlay-gradient":""},"tablet":{"background-color":"","background-image":"","background-repeat":"repeat","background-position":"center center","background-size":"auto","background-attachment":"scroll","background-type":"","background-media":"","overlay-type":"","overlay-color":"","overlay-opacity":"","overlay-gradient":""},"mobile":{"background-color":"","background-image":"","background-repeat":"repeat","background-position":"center center","background-size":"auto","background-attachment":"scroll","background-type":"","background-media":"","overlay-type":"","overlay-color":"","overlay-opacity":"","overlay-gradient":""}},"ast-content-background-meta":{"desktop":{"background-color":"var(--ast-global-color-5)","background-image":"","background-repeat":"repeat","background-position":"center center","background-size":"auto","background-attachment":"scroll","background-type":"","background-media":"","overlay-type":"","overlay-color":"","overlay-opacity":"","overlay-gradient":""},"tablet":{"background-color":"var(--ast-global-color-5)","background-image":"","background-repeat":"repeat","background-position":"center center","background-size":"auto","background-attachment":"scroll","background-type":"","background-media":"","overlay-type":"","overlay-color":"","overlay-opacity":"","overlay-gradient":""},"mobile":{"background-color":"var(--ast-global-color-5)","background-image":"","background-repeat":"repeat","background-position":"center center","background-size":"auto","background-attachment":"scroll","background-type":"","background-media":"","overlay-type":"","overlay-color":"","overlay-opacity":"","overlay-gradient":""}},"_EventAllDay":true,"_EventTimezone":"Europe\/Madrid","_EventStartDate":"2025-09-27 00:00:00","_EventEndDate":"2025-09-27 23:59:59","_EventStartDateUTC":"2025-09-26 22:00:00","_EventEndDateUTC":"2025-09-27 21:59:59","_EventShowMap":false,"_EventShowMapLink":false,"_EventURL":"","_EventCost":"","_EventCostDescription":"","_EventCurrencySymbol":"\u20ac","_EventCurrencyCode":"EUR","_EventCurrencyPosition":"suffix","_EventDateTimeSeparator":"-","_EventTimeRangeSeparator":" - ","_EventOrganizerID":[12844],"_EventVenueID":13096,"_OrganizerEmail":"","_OrganizerPhone":"","_OrganizerWebsite":"","_VenueAddress":"","_VenueCity":"","_VenueCountry":"","_VenueProvince":"","_VenueZip":"","_VenuePhone":"","_VenueURL":"","_VenueStateProvince":"","_VenueLat":"","_VenueLng":"","_tribe_events_status":"","_tribe_events_status_reason":"","footnotes":""},"tags":[],"tribe_events_cat":[],"class_list":["post-13510","tribe_events","type-tribe_events","status-publish","has-post-thumbnail","hentry"],"uagb_featured_image_src":{"full":["https:\/\/turismocoria.es\/turismo\/wp-content\/uploads\/2025\/09\/dia-turismo-coria-25.webp",1080,1350,false],"thumbnail":["https:\/\/turismocoria.es\/turismo\/wp-content\/uploads\/2025\/09\/dia-turismo-coria-25-150x150.webp",150,150,true],"medium":["https:\/\/turismocoria.es\/turismo\/wp-content\/uploads\/2025\/09\/dia-turismo-coria-25-240x300.webp",240,300,true],"medium_large":["https:\/\/turismocoria.es\/turismo\/wp-content\/uploads\/2025\/09\/dia-turismo-coria-25-768x960.webp",768,960,true],"large":["https:\/\/turismocoria.es\/turismo\/wp-content\/uploads\/2025\/09\/dia-turismo-coria-25-819x1024.webp",819,1024,true],"gs-tiny":["https:\/\/turismocoria.es\/turismo\/wp-content\/uploads\/2025\/09\/dia-turismo-coria-25-50x63.webp",50,63,true],"xl":["https:\/\/turismocoria.es\/turismo\/wp-content\/uploads\/2025\/09\/dia-turismo-coria-25.webp",1080,1350,false],"xxl":["https:\/\/turismocoria.es\/turismo\/wp-content\/uploads\/2025\/09\/dia-turismo-coria-25.webp",1080,1350,false],"xxxl":["https:\/\/turismocoria.es\/turismo\/wp-content\/uploads\/2025\/09\/dia-turismo-coria-25.webp",1080,1350,false],"xxxxl":["https:\/\/turismocoria.es\/turismo\/wp-content\/uploads\/2025\/09\/dia-turismo-coria-25.webp",1080,1350,false],"xxxxxl":["https:\/\/turismocoria.es\/turismo\/wp-content\/uploads\/2025\/09\/dia-turismo-coria-25.webp",1080,1350,false],"1536x1536":["https:\/\/turismocoria.es\/turismo\/wp-content\/uploads\/2025\/09\/dia-turismo-coria-25.webp",1080,1350,false],"2048x2048":["https:\/\/turismocoria.es\/turismo\/wp-content\/uploads\/2025\/09\/dia-turismo-coria-25.webp",1080,1350,false],"ultp_layout_landscape_large":["https:\/\/turismocoria.es\/turismo\/wp-content\/uploads\/2025\/09\/dia-turismo-coria-25-1080x800.webp",1080,800,true],"ultp_layout_landscape":["https:\/\/turismocoria.es\/turismo\/wp-content\/uploads\/2025\/09\/dia-turismo-coria-25-870x570.webp",870,570,true],"ultp_layout_portrait":["https:\/\/turismocoria.es\/turismo\/wp-content\/uploads\/2025\/09\/dia-turismo-coria-25-600x900.webp",600,900,true],"ultp_layout_square":["https:\/\/turismocoria.es\/turismo\/wp-content\/uploads\/2025\/09\/dia-turismo-coria-25-600x600.webp",600,600,true],"gb-block-post-grid-landscape":["https:\/\/turismocoria.es\/turismo\/wp-content\/uploads\/2025\/09\/dia-turismo-coria-25-600x400.webp",600,400,true],"gb-block-post-grid-square":["https:\/\/turismocoria.es\/turismo\/wp-content\/uploads\/2025\/09\/dia-turismo-coria-25-600x600.webp",600,600,true]},"uagb_author_info":{"display_name":"Oficina Turismo","author_link":"https:\/\/turismocoria.es\/turismo\/author\/oficina\/"},"uagb_comment_info":0,"uagb_excerpt":"Con motivo del D\u00eda Mundial del Turismo, el Ayuntamiento de Coria, a trav\u00e9s de la Oficina Municipal de Turismo, ha preparado una completa programaci\u00f3n cultural y tur\u00edstica que permitir\u00e1 a vecinos y visitantes redescubrir el rico patrimonio hist\u00f3rico, art\u00edstico y monumental de la ciudad a trav\u00e9s de jornadas de puertas abiertas, visitas guiadas y una&hellip;","_links":{"self":[{"href":"https:\/\/turismocoria.es\/turismo\/wp-json\/wp\/v2\/tribe_events\/13510"}],"collection":[{"href":"https:\/\/turismocoria.es\/turismo\/wp-json\/wp\/v2\/tribe_events"}],"about":[{"href":"https:\/\/turismocoria.es\/turismo\/wp-json\/wp\/v2\/types\/tribe_events"}],"author":[{"embeddable":true,"href":"https:\/\/turismocoria.es\/turismo\/wp-json\/wp\/v2\/users\/4"}],"replies":[{"embeddable":true,"href":"https:\/\/turismocoria.es\/turismo\/wp-json\/wp\/v2\/comments?post=13510"}],"version-history":[{"count":1,"href":"https:\/\/turismocoria.es\/turismo\/wp-json\/wp\/v2\/tribe_events\/13510\/revisions"}],"predecessor-version":[{"id":13513,"href":"https:\/\/turismocoria.es\/turismo\/wp-json\/wp\/v2\/tribe_events\/13510\/revisions\/13513"}],"wp:featuredmedia":[{"embeddable":true,"href":"https:\/\/turismocoria.es\/turismo\/wp-json\/wp\/v2\/media\/13512"}],"wp:attachment":[{"href":"https:\/\/turismocoria.es\/turismo\/wp-json\/wp\/v2\/media?parent=13510"}],"wp:term":[{"taxonomy":"post_tag","embeddable":true,"href":"https:\/\/turismocoria.es\/turismo\/wp-json\/wp\/v2\/tags?post=13510"},{"taxonomy":"tribe_events_cat","embeddable":true,"href":"https:\/\/turismocoria.es\/turismo\/wp-json\/wp\/v2\/tribe_events_cat?post=13510"}],"curies":[{"name":"wp","href":"https:\/\/api.w.org\/{rel}","templated":true}]}}