{"id":13493,"date":"2025-09-19T07:21:43","date_gmt":"2025-09-19T05:21:43","guid":{"rendered":"https:\/\/turismocoria.es\/turismo\/?post_type=tribe_events&#038;p=13493"},"modified":"2025-09-19T07:21:46","modified_gmt":"2025-09-19T05:21:46","slug":"v-encuentro-benefico-de-cortadores-de-jamon","status":"publish","type":"tribe_events","link":"https:\/\/turismocoria.es\/turismo\/evento\/v-encuentro-benefico-de-cortadores-de-jamon\/","title":{"rendered":"V Encuentro Ben\u00e9fico de Cortadores de Jam\u00f3n"},"content":{"rendered":"<div class=\"tribe-events-schedule tribe-clearfix\">\n\t<h2 class=\"tribe-events-schedule__datetime\">\n\t\t<span class=\"tribe-events-schedule__date tribe-events-schedule__date--start\">\n\t\t\t21 09 2025\t\t<\/span>\n\n\t\t\t\t\t<span class=\"tribe-events-schedule__separator tribe-events-schedule__separator--date\">\n\t\t\t\t&#8211;\t\t\t<\/span>\n\t\t\t<span class=\"tribe-events-schedule__time tribe-events-schedule__time--start\">\n\t\t\t\t11:00\t\t\t<\/span>\n\t\t\n\t\t\t\t\t\t\t\t\t<span class=\"tribe-events-schedule__separator tribe-events-schedule__separator--time\">\n\t\t\t\t\t &#8211; \t\t\t\t<\/span>\n\t\t\t\n\t\t\t\t\t\t\t<span class=\"tribe-events-schedule__time tribe-events-schedule__time--end\">\n\t\t\t\t\t15:00\t\t\t\t<\/span>\n\t\t\t\n\t\t\t\t\t\t<\/h2>\n<\/div>\n\n\n\n<figure data-wp-context=\"{&quot;imageId&quot;:&quot;69ef2a871e5c6&quot;}\" data-wp-interactive=\"core\/image\" class=\"wp-block-image alignleft size-large is-resized wp-lightbox-container\"><img loading=\"lazy\" decoding=\"async\" width=\"688\" height=\"1024\" data-wp-class--hide=\"state.isContentHidden\" data-wp-class--show=\"state.isContentVisible\" data-wp-init=\"callbacks.setButtonStyles\" data-wp-on-async--click=\"actions.showLightbox\" data-wp-on-async--load=\"callbacks.setButtonStyles\" data-wp-on-async-window--resize=\"callbacks.setButtonStyles\" data-src=\"https:\/\/turismocoria.es\/turismo\/wp-content\/uploads\/2025\/09\/cortadores-jamos-25-688x1024.webp\" alt=\"\" class=\"wp-image-13495 lazyload\" style=\"--smush-placeholder-width: 688px; --smush-placeholder-aspect-ratio: 688\/1024;width:349px;height:auto\" data-srcset=\"https:\/\/turismocoria.es\/turismo\/wp-content\/uploads\/2025\/09\/cortadores-jamos-25-688x1024.webp 688w, https:\/\/turismocoria.es\/turismo\/wp-content\/uploads\/2025\/09\/cortadores-jamos-25-202x300.webp 202w, https:\/\/turismocoria.es\/turismo\/wp-content\/uploads\/2025\/09\/cortadores-jamos-25-768x1143.webp 768w, https:\/\/turismocoria.es\/turismo\/wp-content\/uploads\/2025\/09\/cortadores-jamos-25-50x74.webp 50w, https:\/\/turismocoria.es\/turismo\/wp-content\/uploads\/2025\/09\/cortadores-jamos-25-1032x1536.webp 1032w, https:\/\/turismocoria.es\/turismo\/wp-content\/uploads\/2025\/09\/cortadores-jamos-25.webp 1080w\" data-sizes=\"(max-width: 688px) 100vw, 688px\" src=\"data:image\/gif;base64,R0lGODlhAQABAAAAACH5BAEKAAEALAAAAAABAAEAAAICTAEAOw==\" \/><noscript><img loading=\"lazy\" decoding=\"async\" width=\"688\" height=\"1024\" data-wp-class--hide=\"state.isContentHidden\" data-wp-class--show=\"state.isContentVisible\" data-wp-init=\"callbacks.setButtonStyles\" data-wp-on-async--click=\"actions.showLightbox\" data-wp-on-async--load=\"callbacks.setButtonStyles\" data-wp-on-async-window--resize=\"callbacks.setButtonStyles\" src=\"https:\/\/turismocoria.es\/turismo\/wp-content\/uploads\/2025\/09\/cortadores-jamos-25-688x1024.webp\" alt=\"\" class=\"wp-image-13495\" style=\"width:349px;height:auto\" srcset=\"https:\/\/turismocoria.es\/turismo\/wp-content\/uploads\/2025\/09\/cortadores-jamos-25-688x1024.webp 688w, https:\/\/turismocoria.es\/turismo\/wp-content\/uploads\/2025\/09\/cortadores-jamos-25-202x300.webp 202w, https:\/\/turismocoria.es\/turismo\/wp-content\/uploads\/2025\/09\/cortadores-jamos-25-768x1143.webp 768w, https:\/\/turismocoria.es\/turismo\/wp-content\/uploads\/2025\/09\/cortadores-jamos-25-50x74.webp 50w, https:\/\/turismocoria.es\/turismo\/wp-content\/uploads\/2025\/09\/cortadores-jamos-25-1032x1536.webp 1032w, https:\/\/turismocoria.es\/turismo\/wp-content\/uploads\/2025\/09\/cortadores-jamos-25.webp 1080w\" sizes=\"(max-width: 688px) 100vw, 688px\" \/><\/noscript><button\n\t\t\tclass=\"lightbox-trigger\"\n\t\t\ttype=\"button\"\n\t\t\taria-haspopup=\"dialog\"\n\t\t\taria-label=\"Ampliar la imagen\"\n\t\t\tdata-wp-init=\"callbacks.initTriggerButton\"\n\t\t\tdata-wp-on-async--click=\"actions.showLightbox\"\n\t\t\tdata-wp-style--right=\"state.imageButtonRight\"\n\t\t\tdata-wp-style--top=\"state.imageButtonTop\"\n\t\t>\n\t\t\t<svg xmlns=\"http:\/\/www.w3.org\/2000\/svg\" width=\"12\" height=\"12\" fill=\"none\" viewBox=\"0 0 12 12\">\n\t\t\t\t<path fill=\"#fff\" d=\"M2 0a2 2 0 0 0-2 2v2h1.5V2a.5.5 0 0 1 .5-.5h2V0H2Zm2 10.5H2a.5.5 0 0 1-.5-.5V8H0v2a2 2 0 0 0 2 2h2v-1.5ZM8 12v-1.5h2a.5.5 0 0 0 .5-.5V8H12v2a2 2 0 0 1-2 2H8Zm2-12a2 2 0 0 1 2 2v2h-1.5V2a.5.5 0 0 0-.5-.5H8V0h2Z\" \/>\n\t\t\t<\/svg>\n\t\t<\/button><\/figure>\n\n\n\n<p>La plaza del Rollo de Coria y aleda\u00f1os, acoger\u00e1 el pr\u00f3ximo 21 de septiembre desde las once de la ma\u00f1ana hasta las tres de la tarde, una iniciativa promovida por el reconocido profesional en la maestr\u00eda del corte de jam\u00f3n, Jorge Bertol, y la Asociaci\u00f3n Oncol\u00f3gica Extreme\u00f1a con delegaci\u00f3n en Coria (AOEX), en colaboraci\u00f3n con el consistorio cauriense.<\/p>\n\n\n\n<p>En este evento participar\u00e1n cerca de medio centenar de cortadores profesionales de jam\u00f3n de toda Espa\u00f1a. Cada plato que se vender\u00e1 al p\u00fablico tendr\u00e1 un precio simb\u00f3lico de 3 euros, importe que ir\u00e1 destinado \u00edntegramente a AOEX.<\/p>\n\n\n\n<p>La Alcaldesa de la Ciudad de Coria, Almudena Domingo, ha destacado la importancia de este tipo de eventos que siempre se hacen para apoyar a una asociaci\u00f3n local que necesita de nuestra colaboraci\u00f3n para continuar prestando sus servicios (muy necesarios) en nuestra localidad, por ello hace una invitaci\u00f3n a todos los vecinos para disfrutar de este d\u00eda festivo y ver el espect\u00e1culo de ver a tantos cortadores de jam\u00f3n unidos por una buena causa.<\/p>\n\n\n\n<p>Desde la Asociaci\u00f3n Oncol\u00f3gica han destacado que ser\u00e1 una jornada entretenida donde habr\u00e1 sorpresas, sorteos de regalos, animaci\u00f3n y bailes.<\/p>\n\n\n<div class=\"tribe-block tribe-block__event-price\">\n\t\t<\/div>\n\n\n<div class=\"tribe-block tribe-block__organizer__details tribe-clearfix\">\n\t<div class=\"tribe-block__organizer__title\">\n\t\t<h3><a href=\"https:\/\/turismocoria.es\/turismo\/organizer\/aoex-coria\/\" title=\"AOEX Coria\" target=\"_self\" rel=\"\">AOEX Coria<\/a><\/h3>\n\t<\/div>\n\t\t\t<\/div>\n\n\n<div class=\"tribe-block tribe-block__venue \">\n\t\n\t\n<div class=\"tribe-block__venue__meta\">\n\t<div class=\"tribe-block__venue__name\">\n\t\t<h3><a href=\"https:\/\/turismocoria.es\/turismo\/venue\/plaza-del-rollo\/\" title=\"Plaza del Rollo\">Plaza del Rollo<\/a><\/h3>\n\t<\/div>\n\n\t\n\t\t\t<address class=\"tribe-block__venue__address\">\n\t\t\t<span class=\"tribe-address\">\n\n<span class=\"tribe-street-address\">Plaza del Rollo<\/span>\n\t\n\t\t<br>\n\t\t<span class=\"tribe-locality\">Coria<\/span><span class=\"tribe-delimiter\">,<\/span>\n\n\t<abbr class=\"tribe-region tribe-events-abbr\" title=\"C\u00e1ceres\">C\u00e1ceres<\/abbr>\n\n\t<span class=\"tribe-postal-code\">10800<\/span>\n\n\t<span class=\"tribe-country-name\">Espa\u00f1a<\/span>\n\n<\/span>\n\n\t\t\t\t\t<\/address>\n\t\n\t\n\t\n\t<\/div>\n\t\n\t<\/div>\n\n\n\n\n\t<div class=\"tribe-block tribe-block__events-link\">\n\t\t<div class=\"tribe-events tribe-common\">\n\t\t\t<div class=\"tribe-events-c-subscribe-dropdown__container\">\n\t\t\t\t<div class=\"tribe-events-c-subscribe-dropdown\">\n\t\t\t\t\t<div class=\"tribe-common-c-btn-border tribe-events-c-subscribe-dropdown__button\" tabindex=\"0\">\n\t\t\t\t\t\t<svg  class=\"tribe-common-c-svgicon tribe-common-c-svgicon--cal-export tribe-events-c-subscribe-dropdown__export-icon\"  viewBox=\"0 0 23 17\" xmlns=\"http:\/\/www.w3.org\/2000\/svg\">\n  <path fill-rule=\"evenodd\" clip-rule=\"evenodd\" d=\"M.128.896V16.13c0 .211.145.383.323.383h15.354c.179 0 .323-.172.323-.383V.896c0-.212-.144-.383-.323-.383H.451C.273.513.128.684.128.896Zm16 6.742h-.901V4.679H1.009v10.729h14.218v-3.336h.901V7.638ZM1.01 1.614h14.218v2.058H1.009V1.614Z\" \/>\n  <path d=\"M20.5 9.846H8.312M18.524 6.953l2.89 2.909-2.855 2.855\" stroke-width=\"1.2\" stroke-linecap=\"round\" stroke-linejoin=\"round\"\/>\n<\/svg>\n\t\t\t\t\t\t<button class=\"tribe-events-c-subscribe-dropdown__button-text\">\n\t\t\t\t\t\t\tA\u00f1adir al calendario\t\t\t\t\t\t<\/button>\n\t\t\t\t\t\t<svg  class=\"tribe-common-c-svgicon tribe-common-c-svgicon--caret-down tribe-events-c-subscribe-dropdown__button-icon\"  viewBox=\"0 0 10 7\" xmlns=\"http:\/\/www.w3.org\/2000\/svg\"><path fill-rule=\"evenodd\" clip-rule=\"evenodd\" d=\"M1.008.609L5 4.6 8.992.61l.958.958L5 6.517.05 1.566l.958-.958z\" class=\"tribe-common-c-svgicon__svg-fill\"\/><\/svg>\n\t\t\t\t\t<\/div>\n\t\t\t\t\t<div class=\"tribe-events-c-subscribe-dropdown__content\">\n\t\t\t\t\t\t<ul class=\"tribe-events-c-subscribe-dropdown__list\" tabindex=\"0\">\n\t\t\t\t\t\t\t\t\t\t\t\t\t\t\t<li class=\"tribe-events-c-subscribe-dropdown__list-item\">\n\t\t\t\t\t\t\t\t\t<a\n\t\t\t\t\t\t\t\t\t\thref=\"https:\/\/www.google.com\/calendar\/event?action=TEMPLATE&#038;dates=20250921T110000\/20250921T150000&#038;text=V%20Encuentro%20Ben%C3%A9fico%20de%20Cortadores%20de%20Jam%C3%B3n&#038;details=%3C%21--+wp%3Atribe%2Fevent-datetime+%2F--%3E%3C%21--+wp%3Aimage+%7B%22lightbox%22%3A%7B%22enabled%22%3Atrue%7D%2C%22id%22%3A13495%2C%22width%22%3A%22349px%22%2C%22height%22%3A%22auto%22%2C%22sizeSlug%22%3A%22large%22%2C%22linkDestination%22%3A%22none%22%2C%22align%22%3A%22left%22%7D+--%3E%3Cfigure+class%3D%22wp-block-image+alignleft+size-large+is-resized%22%3E%3Cimg+src%3D%22https%3A%2F%2Fturismocoria.es%2Fturismo%2Fwp-content%2Fuploads%2F2025%2F09%2Fcortadores-jamos-25-688x1024.webp%22+alt%3D%22%22+class%3D%22wp-image-13495%22+style%3D%22width%3A349px%3Bheight%3Aauto%22%2F%3E%3C%2Ffigure%3E%3C%21--+%2Fwp%3Aimage+--%3E%3C%21--+wp%3Aparagraph+%7B%22placeholder%22%3A%22A%C3%B1adir+descripci%C3%B3n%E2%80%A6%22%7D+--%3E%3Cp%3ELa+plaza+del+Rollo+de+Coria+y+aleda%C3%B1os%2C+acoger%C3%A1+el+pr%C3%B3ximo+21+de+septiembre+desde+las+once+de+la+ma%C3%B1ana+hasta+las+tres+de+la+tarde%2C+una+iniciativa+promovida+por+el+reconocido+profesional+en+la+maestr%C3%ADa+del+corte+d%20(Ver%20aqu\u00ed%20la%20descripci\u00f3n%20completa%20de%20evento:%20https:\/\/turismocoria.es\/turismo\/evento\/v-encuentro-benefico-de-cortadores-de-jamon\/)&#038;location=Plaza%20del%20Rollo,%20Plaza%20del%20Rollo,%20Coria,%20C\u00e1ceres,%2010800,%20Espa\u00f1a&#038;trp=false&#038;ctz=Europe\/Madrid&#038;sprop=website:https:\/\/turismocoria.es\/turismo\"\n\t\t\t\t\t\t\t\t\t\tclass=\"tribe-events-c-subscribe-dropdown__list-item-link\"\n\t\t\t\t\t\t\t\t\t\ttabindex=\"0\"\n\t\t\t\t\t\t\t\t\t\ttarget=\"_blank\"\n\t\t\t\t\t\t\t\t\t\trel=\"noopener noreferrer nofollow noindex\"\n\t\t\t\t\t\t\t\t\t>\n\t\t\t\t\t\t\t\t\t\tGoogle Calendar\t\t\t\t\t\t\t\t\t<\/a>\n\t\t\t\t\t\t\t\t<\/li>\n\t\t\t\t\t\t\t\t\t\t\t\t\t\t\t<li class=\"tribe-events-c-subscribe-dropdown__list-item\">\n\t\t\t\t\t\t\t\t\t<a\n\t\t\t\t\t\t\t\t\t\thref=\"\"\n\t\t\t\t\t\t\t\t\t\tclass=\"tribe-events-c-subscribe-dropdown__list-item-link\"\n\t\t\t\t\t\t\t\t\t\ttabindex=\"0\"\n\t\t\t\t\t\t\t\t\t\ttarget=\"_blank\"\n\t\t\t\t\t\t\t\t\t\trel=\"noopener noreferrer nofollow noindex\"\n\t\t\t\t\t\t\t\t\t>\n\t\t\t\t\t\t\t\t\t\tiCalendar\t\t\t\t\t\t\t\t\t<\/a>\n\t\t\t\t\t\t\t\t<\/li>\n\t\t\t\t\t\t\t\t\t\t\t\t\t\t\t<li class=\"tribe-events-c-subscribe-dropdown__list-item\">\n\t\t\t\t\t\t\t\t\t<a\n\t\t\t\t\t\t\t\t\t\thref=\"\"\n\t\t\t\t\t\t\t\t\t\tclass=\"tribe-events-c-subscribe-dropdown__list-item-link\"\n\t\t\t\t\t\t\t\t\t\ttabindex=\"0\"\n\t\t\t\t\t\t\t\t\t\ttarget=\"_blank\"\n\t\t\t\t\t\t\t\t\t\trel=\"noopener noreferrer nofollow noindex\"\n\t\t\t\t\t\t\t\t\t>\n\t\t\t\t\t\t\t\t\t\tOutlook 365\t\t\t\t\t\t\t\t\t<\/a>\n\t\t\t\t\t\t\t\t<\/li>\n\t\t\t\t\t\t\t\t\t\t\t\t\t\t\t<li class=\"tribe-events-c-subscribe-dropdown__list-item\">\n\t\t\t\t\t\t\t\t\t<a\n\t\t\t\t\t\t\t\t\t\thref=\"\"\n\t\t\t\t\t\t\t\t\t\tclass=\"tribe-events-c-subscribe-dropdown__list-item-link\"\n\t\t\t\t\t\t\t\t\t\ttabindex=\"0\"\n\t\t\t\t\t\t\t\t\t\ttarget=\"_blank\"\n\t\t\t\t\t\t\t\t\t\trel=\"noopener noreferrer nofollow noindex\"\n\t\t\t\t\t\t\t\t\t>\n\t\t\t\t\t\t\t\t\t\tOutlook Live\t\t\t\t\t\t\t\t\t<\/a>\n\t\t\t\t\t\t\t\t<\/li>\n\t\t\t\t\t\t\t\t\t\t\t\t\t<\/ul>\n\t\t\t\t\t<\/div>\n\t\t\t\t<\/div>\n\t\t\t<\/div>\n\t\t<\/div>\n\t<\/div>\n\n","protected":false},"excerpt":{"rendered":"<p>La plaza del Rollo de Coria y aleda\u00f1os, acoger\u00e1 el pr\u00f3ximo 21 de septiembre desde las once de la ma\u00f1ana hasta las tres de la tarde, una iniciativa promovida por el reconocido profesional en la maestr\u00eda del corte de jam\u00f3n, Jorge Bertol, y la Asociaci\u00f3n Oncol\u00f3gica Extreme\u00f1a con delegaci\u00f3n en Coria (AOEX), en colaboraci\u00f3n con [&hellip;]<\/p>\n","protected":false},"author":4,"featured_media":13495,"comment_status":"closed","ping_status":"closed","template":"","meta":{"_uag_custom_page_level_css":"","site-sidebar-layout":"default","site-content-layout":"","ast-site-content-layout":"default","site-content-style":"default","site-sidebar-style":"default","ast-global-header-display":"","ast-banner-title-visibility":"","ast-main-header-display":"","ast-hfb-above-header-display":"","ast-hfb-below-header-display":"","ast-hfb-mobile-header-display":"","site-post-title":"","ast-breadcrumbs-content":"","ast-featured-img":"disabled","footer-sml-layout":"","theme-transparent-header-meta":"","adv-header-id-meta":"","stick-header-meta":"","header-above-stick-meta":"","header-main-stick-meta":"","header-below-stick-meta":"","astra-migrate-meta-layouts":"set","ast-page-background-enabled":"default","ast-page-background-meta":{"desktop":{"background-color":"","background-image":"","background-repeat":"repeat","background-position":"center center","background-size":"auto","background-attachment":"scroll","background-type":"","background-media":"","overlay-type":"","overlay-color":"","overlay-opacity":"","overlay-gradient":""},"tablet":{"background-color":"","background-image":"","background-repeat":"repeat","background-position":"center center","background-size":"auto","background-attachment":"scroll","background-type":"","background-media":"","overlay-type":"","overlay-color":"","overlay-opacity":"","overlay-gradient":""},"mobile":{"background-color":"","background-image":"","background-repeat":"repeat","background-position":"center center","background-size":"auto","background-attachment":"scroll","background-type":"","background-media":"","overlay-type":"","overlay-color":"","overlay-opacity":"","overlay-gradient":""}},"ast-content-background-meta":{"desktop":{"background-color":"var(--ast-global-color-5)","background-image":"","background-repeat":"repeat","background-position":"center center","background-size":"auto","background-attachment":"scroll","background-type":"","background-media":"","overlay-type":"","overlay-color":"","overlay-opacity":"","overlay-gradient":""},"tablet":{"background-color":"var(--ast-global-color-5)","background-image":"","background-repeat":"repeat","background-position":"center center","background-size":"auto","background-attachment":"scroll","background-type":"","background-media":"","overlay-type":"","overlay-color":"","overlay-opacity":"","overlay-gradient":""},"mobile":{"background-color":"var(--ast-global-color-5)","background-image":"","background-repeat":"repeat","background-position":"center center","background-size":"auto","background-attachment":"scroll","background-type":"","background-media":"","overlay-type":"","overlay-color":"","overlay-opacity":"","overlay-gradient":""}},"_EventAllDay":false,"_EventTimezone":"Europe\/Madrid","_EventStartDate":"2025-09-21 11:00:00","_EventEndDate":"2025-09-21 15:00:00","_EventStartDateUTC":"2025-09-21 09:00:00","_EventEndDateUTC":"2025-09-21 13:00:00","_EventShowMap":false,"_EventShowMapLink":false,"_EventURL":"","_EventCost":"","_EventCostDescription":"","_EventCurrencySymbol":"\u20ac","_EventCurrencyCode":"EUR","_EventCurrencyPosition":"suffix","_EventDateTimeSeparator":"-","_EventTimeRangeSeparator":" - ","_EventOrganizerID":[13494],"_EventVenueID":11948,"_OrganizerEmail":"","_OrganizerPhone":"","_OrganizerWebsite":"","_VenueAddress":"","_VenueCity":"","_VenueCountry":"","_VenueProvince":"","_VenueZip":"","_VenuePhone":"","_VenueURL":"","_VenueStateProvince":"","_VenueLat":"","_VenueLng":"","_tribe_events_status":"","_tribe_events_status_reason":"","footnotes":""},"tags":[],"tribe_events_cat":[],"class_list":["post-13493","tribe_events","type-tribe_events","status-publish","has-post-thumbnail","hentry"],"uagb_featured_image_src":{"full":["https:\/\/turismocoria.es\/turismo\/wp-content\/uploads\/2025\/09\/cortadores-jamos-25.webp",1080,1607,false],"thumbnail":["https:\/\/turismocoria.es\/turismo\/wp-content\/uploads\/2025\/09\/cortadores-jamos-25-150x150.webp",150,150,true],"medium":["https:\/\/turismocoria.es\/turismo\/wp-content\/uploads\/2025\/09\/cortadores-jamos-25-202x300.webp",202,300,true],"medium_large":["https:\/\/turismocoria.es\/turismo\/wp-content\/uploads\/2025\/09\/cortadores-jamos-25-768x1143.webp",768,1143,true],"large":["https:\/\/turismocoria.es\/turismo\/wp-content\/uploads\/2025\/09\/cortadores-jamos-25-688x1024.webp",688,1024,true],"gs-tiny":["https:\/\/turismocoria.es\/turismo\/wp-content\/uploads\/2025\/09\/cortadores-jamos-25-50x74.webp",50,74,true],"xl":["https:\/\/turismocoria.es\/turismo\/wp-content\/uploads\/2025\/09\/cortadores-jamos-25.webp",1080,1607,false],"xxl":["https:\/\/turismocoria.es\/turismo\/wp-content\/uploads\/2025\/09\/cortadores-jamos-25.webp",1080,1607,false],"xxxl":["https:\/\/turismocoria.es\/turismo\/wp-content\/uploads\/2025\/09\/cortadores-jamos-25.webp",1080,1607,false],"xxxxl":["https:\/\/turismocoria.es\/turismo\/wp-content\/uploads\/2025\/09\/cortadores-jamos-25.webp",1080,1607,false],"xxxxxl":["https:\/\/turismocoria.es\/turismo\/wp-content\/uploads\/2025\/09\/cortadores-jamos-25.webp",1080,1607,false],"1536x1536":["https:\/\/turismocoria.es\/turismo\/wp-content\/uploads\/2025\/09\/cortadores-jamos-25-1032x1536.webp",1032,1536,true],"2048x2048":["https:\/\/turismocoria.es\/turismo\/wp-content\/uploads\/2025\/09\/cortadores-jamos-25.webp",1080,1607,false],"ultp_layout_landscape_large":["https:\/\/turismocoria.es\/turismo\/wp-content\/uploads\/2025\/09\/cortadores-jamos-25-1080x800.webp",1080,800,true],"ultp_layout_landscape":["https:\/\/turismocoria.es\/turismo\/wp-content\/uploads\/2025\/09\/cortadores-jamos-25-870x570.webp",870,570,true],"ultp_layout_portrait":["https:\/\/turismocoria.es\/turismo\/wp-content\/uploads\/2025\/09\/cortadores-jamos-25-600x900.webp",600,900,true],"ultp_layout_square":["https:\/\/turismocoria.es\/turismo\/wp-content\/uploads\/2025\/09\/cortadores-jamos-25-600x600.webp",600,600,true],"gb-block-post-grid-landscape":["https:\/\/turismocoria.es\/turismo\/wp-content\/uploads\/2025\/09\/cortadores-jamos-25-600x400.webp",600,400,true],"gb-block-post-grid-square":["https:\/\/turismocoria.es\/turismo\/wp-content\/uploads\/2025\/09\/cortadores-jamos-25-600x600.webp",600,600,true]},"uagb_author_info":{"display_name":"Oficina Turismo","author_link":"https:\/\/turismocoria.es\/turismo\/author\/oficina\/"},"uagb_comment_info":0,"uagb_excerpt":"La plaza del Rollo de Coria y aleda\u00f1os, acoger\u00e1 el pr\u00f3ximo 21 de septiembre desde las once de la ma\u00f1ana hasta las tres de la tarde, una iniciativa promovida por el reconocido profesional en la maestr\u00eda del corte de jam\u00f3n, Jorge Bertol, y la Asociaci\u00f3n Oncol\u00f3gica Extreme\u00f1a con delegaci\u00f3n en Coria (AOEX), en colaboraci\u00f3n con&hellip;","_links":{"self":[{"href":"https:\/\/turismocoria.es\/turismo\/wp-json\/wp\/v2\/tribe_events\/13493"}],"collection":[{"href":"https:\/\/turismocoria.es\/turismo\/wp-json\/wp\/v2\/tribe_events"}],"about":[{"href":"https:\/\/turismocoria.es\/turismo\/wp-json\/wp\/v2\/types\/tribe_events"}],"author":[{"embeddable":true,"href":"https:\/\/turismocoria.es\/turismo\/wp-json\/wp\/v2\/users\/4"}],"replies":[{"embeddable":true,"href":"https:\/\/turismocoria.es\/turismo\/wp-json\/wp\/v2\/comments?post=13493"}],"version-history":[{"count":1,"href":"https:\/\/turismocoria.es\/turismo\/wp-json\/wp\/v2\/tribe_events\/13493\/revisions"}],"predecessor-version":[{"id":13496,"href":"https:\/\/turismocoria.es\/turismo\/wp-json\/wp\/v2\/tribe_events\/13493\/revisions\/13496"}],"wp:featuredmedia":[{"embeddable":true,"href":"https:\/\/turismocoria.es\/turismo\/wp-json\/wp\/v2\/media\/13495"}],"wp:attachment":[{"href":"https:\/\/turismocoria.es\/turismo\/wp-json\/wp\/v2\/media?parent=13493"}],"wp:term":[{"taxonomy":"post_tag","embeddable":true,"href":"https:\/\/turismocoria.es\/turismo\/wp-json\/wp\/v2\/tags?post=13493"},{"taxonomy":"tribe_events_cat","embeddable":true,"href":"https:\/\/turismocoria.es\/turismo\/wp-json\/wp\/v2\/tribe_events_cat?post=13493"}],"curies":[{"name":"wp","href":"https:\/\/api.w.org\/{rel}","templated":true}]}}