{"id":13449,"date":"2025-08-07T12:53:08","date_gmt":"2025-08-07T10:53:08","guid":{"rendered":"https:\/\/turismocoria.es\/turismo\/?post_type=tribe_events&#038;p=13449"},"modified":"2025-08-07T13:22:51","modified_gmt":"2025-08-07T11:22:51","slug":"xiii-certamen-internacional-de-dibujo-y-pintura-al-aire-libre-bufon-calabacillas","status":"publish","type":"tribe_events","link":"https:\/\/turismocoria.es\/turismo\/evento\/xiii-certamen-internacional-de-dibujo-y-pintura-al-aire-libre-bufon-calabacillas\/","title":{"rendered":"XIII Certamen Internacional de Dibujo y Pintura al aire libre \u201cBuf\u00f3n Calabacillas\u201d"},"content":{"rendered":"<div class=\"tribe-events-schedule tribe-clearfix\">\n\t<h2 class=\"tribe-events-schedule__datetime\">\n\t\t<span class=\"tribe-events-schedule__date tribe-events-schedule__date--start\">\n\t\t\t16 08 2025\t\t<\/span>\n\n\t\t\t\t\t<span class=\"tribe-events-schedule__separator tribe-events-schedule__separator--date\">\n\t\t\t\t&#8211;\t\t\t<\/span>\n\t\t\t<span class=\"tribe-events-schedule__time tribe-events-schedule__time--start\">\n\t\t\t\t08:30\t\t\t<\/span>\n\t\t\n\t\t\t\t\t\t\t\t\t<span class=\"tribe-events-schedule__separator tribe-events-schedule__separator--time\">\n\t\t\t\t\t &#8211; \t\t\t\t<\/span>\n\t\t\t\n\t\t\t\t\t\t\t<span class=\"tribe-events-schedule__time tribe-events-schedule__time--end\">\n\t\t\t\t\t17:30\t\t\t\t<\/span>\n\t\t\t\n\t\t\t\t\t\t<\/h2>\n<\/div>\n\n\n\n<figure data-wp-context=\"{&quot;imageId&quot;:&quot;69ee797d86809&quot;}\" data-wp-interactive=\"core\/image\" class=\"wp-block-image alignleft size-large is-resized wp-lightbox-container\"><img loading=\"lazy\" decoding=\"async\" width=\"768\" height=\"1024\" data-wp-class--hide=\"state.isContentHidden\" data-wp-class--show=\"state.isContentVisible\" data-wp-init=\"callbacks.setButtonStyles\" data-wp-on-async--click=\"actions.showLightbox\" data-wp-on-async--load=\"callbacks.setButtonStyles\" data-wp-on-async-window--resize=\"callbacks.setButtonStyles\" data-src=\"https:\/\/turismocoria.es\/turismo\/wp-content\/uploads\/2025\/08\/certamen-pintura-25-768x1024.webp\" alt=\"\" class=\"wp-image-13450 lazyload\" style=\"--smush-placeholder-width: 768px; --smush-placeholder-aspect-ratio: 768\/1024;width:422px;height:auto\" data-srcset=\"https:\/\/turismocoria.es\/turismo\/wp-content\/uploads\/2025\/08\/certamen-pintura-25-768x1024.webp 768w, https:\/\/turismocoria.es\/turismo\/wp-content\/uploads\/2025\/08\/certamen-pintura-25-225x300.webp 225w, https:\/\/turismocoria.es\/turismo\/wp-content\/uploads\/2025\/08\/certamen-pintura-25-50x67.webp 50w, https:\/\/turismocoria.es\/turismo\/wp-content\/uploads\/2025\/08\/certamen-pintura-25.webp 1080w\" data-sizes=\"(max-width: 768px) 100vw, 768px\" src=\"data:image\/gif;base64,R0lGODlhAQABAAAAACH5BAEKAAEALAAAAAABAAEAAAICTAEAOw==\" \/><noscript><img loading=\"lazy\" decoding=\"async\" width=\"768\" height=\"1024\" data-wp-class--hide=\"state.isContentHidden\" data-wp-class--show=\"state.isContentVisible\" data-wp-init=\"callbacks.setButtonStyles\" data-wp-on-async--click=\"actions.showLightbox\" data-wp-on-async--load=\"callbacks.setButtonStyles\" data-wp-on-async-window--resize=\"callbacks.setButtonStyles\" src=\"https:\/\/turismocoria.es\/turismo\/wp-content\/uploads\/2025\/08\/certamen-pintura-25-768x1024.webp\" alt=\"\" class=\"wp-image-13450\" style=\"width:422px;height:auto\" srcset=\"https:\/\/turismocoria.es\/turismo\/wp-content\/uploads\/2025\/08\/certamen-pintura-25-768x1024.webp 768w, https:\/\/turismocoria.es\/turismo\/wp-content\/uploads\/2025\/08\/certamen-pintura-25-225x300.webp 225w, https:\/\/turismocoria.es\/turismo\/wp-content\/uploads\/2025\/08\/certamen-pintura-25-50x67.webp 50w, https:\/\/turismocoria.es\/turismo\/wp-content\/uploads\/2025\/08\/certamen-pintura-25.webp 1080w\" sizes=\"(max-width: 768px) 100vw, 768px\" \/><\/noscript><button\n\t\t\tclass=\"lightbox-trigger\"\n\t\t\ttype=\"button\"\n\t\t\taria-haspopup=\"dialog\"\n\t\t\taria-label=\"Ampliar la imagen\"\n\t\t\tdata-wp-init=\"callbacks.initTriggerButton\"\n\t\t\tdata-wp-on-async--click=\"actions.showLightbox\"\n\t\t\tdata-wp-style--right=\"state.imageButtonRight\"\n\t\t\tdata-wp-style--top=\"state.imageButtonTop\"\n\t\t>\n\t\t\t<svg xmlns=\"http:\/\/www.w3.org\/2000\/svg\" width=\"12\" height=\"12\" fill=\"none\" viewBox=\"0 0 12 12\">\n\t\t\t\t<path fill=\"#fff\" d=\"M2 0a2 2 0 0 0-2 2v2h1.5V2a.5.5 0 0 1 .5-.5h2V0H2Zm2 10.5H2a.5.5 0 0 1-.5-.5V8H0v2a2 2 0 0 0 2 2h2v-1.5ZM8 12v-1.5h2a.5.5 0 0 0 .5-.5V8H12v2a2 2 0 0 1-2 2H8Zm2-12a2 2 0 0 1 2 2v2h-1.5V2a.5.5 0 0 0-.5-.5H8V0h2Z\" \/>\n\t\t\t<\/svg>\n\t\t<\/button><\/figure>\n\n\n\n<p>La Asociaci\u00f3n \u201cBuf\u00f3n Calabacillas-Coria\u201d convoca el XIII Certamen Internacional de Dibujo y Pintura al Aire Libre, fij\u00e1ndola el d\u00eda 16 de agosto de 2025.<\/p>\n\n\n\n<p>Podr\u00e1n participar en el Certamen todos los dibujantes y pintores espa\u00f1oles o extranjeros que deseen.Se convoca en el mismo d\u00eda y al mismo tiempo una categor\u00eda juvenil entre los 12 y 17 a\u00f1os y una infantil exclusivamente para menores entre 6 y 12 a\u00f1os. Los menores participantes deber\u00e1n presentar a la hora de la inscripci\u00f3n la autorizaci\u00f3n familiar.<\/p>\n\n\n\n<p>El tema ser\u00e1 cualquier vista del paisaje urbano de la ciudad de Coria, sus monumentos (incluida la Ermita de Nuestra Se\u00f1ora de Argeme), patios, particulares siempre que puedan ser visitados por el jurado, interior de edificios notables de la localidad y su contorno( interior de la catedral, interior del palacio de los Duques de Alba\u2026) as\u00ed como cualquier vista desde el exterior de la poblaci\u00f3n en la que se incluya el casco hist\u00f3rico.<\/p>\n\n\n\n<p>Cada artista podr\u00e1 elegir libremente su emplazamiento. La t\u00e9cnica ser\u00e1 libre.<\/p>\n\n\n\n<p>Se dispone de una preinscripci\u00f3n para facilitar el trabajo de la organizaci\u00f3n a la hora del c\u00e1lculo de bocadillos y dem\u00e1s, aunque esta no es imprescindible para participar en el concurso.<\/p>\n\n\n\n<p>La preinscripci\u00f3n se puede realizar a trav\u00e9s del enlace habilitado en la web:&nbsp;<a href=\"https:\/\/bufoncalabacillas.com\/%20concurso\/\" target=\"_blank\" rel=\"noreferrer noopener\">https:\/\/bufoncalabacillas.com\/ concurso\/<\/a><\/p>\n\n\n\n<p>El Jurado despu\u00e9s de elegir las obras premiadas,proceder\u00e1 a dar lectura p\u00fablica del acta entre las 19:30 y 20:00 horas del mismo d\u00eda del concurso. \u2022 Los premios se conceder\u00e1n sin distinci\u00f3n de t\u00e9cnica, pudiendo ser dibujo, pintura o t\u00e9cnica mixta.<\/p>\n\n\n\n<p>El certamen contar\u00e1 con las siguientes categor\u00edas y sus correspondientes premios:<\/p>\n\n\n\n<p><strong>ADULTOS<\/strong>.<\/p>\n\n\n\n<ul class=\"wp-block-list\">\n<li>1. Premio donado por el Excmo. Ayto de Coria. \u2026\u2026\u2026\u2026..\u2026\u20261.000 \u20ac y diploma.<\/li>\n\n\n\n<li>2. Premio donado por Asociaci\u00f3n \u201cBuf\u00f3n Calabacillas\u201d\u2026\u2026\u2026\u2026\u2026700 \u20ac y diploma.<\/li>\n\n\n\n<li>3. Premio donado por el Excmo. Ayto de Coria\u2026\u2026\u2026\u2026\u2026\u2026\u2026.\u2026500 \u20ac y diploma.<\/li>\n\n\n\n<li>4. Premio donado por el Cabildo de la Catedral de Coria\u2026\u2026\u2026\u2026450 \u20ac y diploma.<\/li>\n\n\n\n<li>5. Premio donado por Idea Olivera\u2026\u2026\u2026\u2026\u2026\u2026\u2026\u2026\u2026\u2026\u2026\u2026,.\u2026400 \u20ac y diploma.<\/li>\n\n\n\n<li>6. Premio donado por Emilio Gonz\u00e1lez Sanchez S.L.\u2026\u2026\u2026\u2026.\u2026.350 \u20ac y diploma.<\/li>\n\n\n\n<li>7. Premio donado por Bodegas Valdepe\u00f1as..\u2026\u2026\u2026\u2026\u2026\u2026..\u2026.\u2026350 \u20ac y diploma.<\/li>\n\n\n\n<li>8. Premio donado por AHC Hotel Palacio Coria\u2026\u2026\u2026\u2026\u2026\u2026\u2026\u2026300 \u20ac y diploma.<\/li>\n\n\n\n<li>9. Premio donado por MERCAPLASENCIA \u2026\u2026\u2026\u2026\u2026\u2026\u2026\u2026\u2026..300 \u20ac y diploma.\n<ol start=\"10\" class=\"wp-block-list\">\n<li>Premio donado por Gimnasio ACR\u00d3POLIS\u2026\u2026\u2026\u2026\u2026\u2026\u2026\u2026300 \u20ac y diploma.<\/li>\n<\/ol>\n<\/li>\n<\/ul>\n\n\n\n<p><strong>JUVENIL<\/strong>.<\/p>\n\n\n\n<p>Premio \u201c Eduardo Carpintero Garc\u00eda\u201d\u2026\u2026\u2026\u2026\u2026\u2026..\u2026150 \u20ac y diploma.<\/p>\n\n\n\n<p><strong>INFANTIL<\/strong>.<\/p>\n\n\n\n<p>Donados por Emilio Gonz\u00e1lez S\u00e1nchez S.L.<\/p>\n\n\n\n<ul class=\"wp-block-list\">\n<li>1 Premio \u2026\u2026\u2026\u2026\u2026\u2026\u2026\u2026\u2026\u2026\u2026\u2026\u2026\u2026\u2026\u2026\u2026\u2026\u2026material de dibujo y diploma.<\/li>\n\n\n\n<li>2 Premio \u2026\u2026\u2026\u2026\u2026\u2026\u2026\u2026\u2026\u2026\u2026\u2026\u2026\u2026\u2026\u2026\u2026\u2026\u2026material de dibujo y diploma.<\/li>\n\n\n\n<li>3 Premio \u2026\u2026\u2026\u2026\u2026\u2026\u2026\u2026\u2026\u2026\u2026\u2026\u2026\u2026\u2026\u2026\u2026\u2026\u2026material de dibujo y diploma.<\/li>\n<\/ul>\n\n\n\n<p>Para m\u00e1s informaci\u00f3n consulte las bases del certamen:<\/p>\n\n\n\n<p><object data=\"https:\/\/coria.org\/ayuntamiento\/wp-content\/uploads\/2025\/08\/bases-concurso-2025-definitivas-2.pdf\" type=\"application\/pdf\"><\/object><a href=\"https:\/\/coria.org\/ayuntamiento\/wp-content\/uploads\/2025\/08\/bases-concurso-2025-definitivas-2.pdf\">bases-concurso-2025<\/a><a href=\"https:\/\/coria.org\/ayuntamiento\/wp-content\/uploads\/2025\/08\/bases-concurso-2025-definitivas-2.pdf\">Descarga<\/a><\/p>\n\n\n<div class=\"tribe-block tribe-block__event-price\">\n\t\t<\/div>\n\n\n<div class=\"tribe-block tribe-block__organizer__details tribe-clearfix\">\n\t<div class=\"tribe-block__organizer__title\">\n\t\t<h3><a href=\"https:\/\/turismocoria.es\/turismo\/organizer\/asociacion-bufon-calabacillas-coria\/\" title=\"Asociaci\u00f3n \u201cBuf\u00f3n Calabacillas-Coria\u201d\" target=\"_self\" rel=\"\">Asociaci\u00f3n \u201cBuf\u00f3n Calabacillas-Coria\u201d<\/a><\/h3>\n\t<\/div>\n\t\t\t<\/div>\n\n\n<div class=\"tribe-block tribe-block__venue tribe-block__venue--has-map\">\n\t\n\t\n<div class=\"tribe-block__venue__meta\">\n\t<div class=\"tribe-block__venue__name\">\n\t\t<h3><a href=\"https:\/\/turismocoria.es\/turismo\/venue\/coria\/\" title=\"Coria\">Coria<\/a><\/h3>\n\t<\/div>\n\n\t\n\t\n\t\n\t\n\t<\/div>\n\t\n\t<\/div>\n\n\n\n\n\t<div class=\"tribe-block tribe-block__events-link\">\n\t\t<div class=\"tribe-events tribe-common\">\n\t\t\t<div class=\"tribe-events-c-subscribe-dropdown__container\">\n\t\t\t\t<div class=\"tribe-events-c-subscribe-dropdown\">\n\t\t\t\t\t<div class=\"tribe-common-c-btn-border tribe-events-c-subscribe-dropdown__button\" tabindex=\"0\">\n\t\t\t\t\t\t<svg  class=\"tribe-common-c-svgicon tribe-common-c-svgicon--cal-export tribe-events-c-subscribe-dropdown__export-icon\"  viewBox=\"0 0 23 17\" xmlns=\"http:\/\/www.w3.org\/2000\/svg\">\n  <path fill-rule=\"evenodd\" clip-rule=\"evenodd\" d=\"M.128.896V16.13c0 .211.145.383.323.383h15.354c.179 0 .323-.172.323-.383V.896c0-.212-.144-.383-.323-.383H.451C.273.513.128.684.128.896Zm16 6.742h-.901V4.679H1.009v10.729h14.218v-3.336h.901V7.638ZM1.01 1.614h14.218v2.058H1.009V1.614Z\" \/>\n  <path d=\"M20.5 9.846H8.312M18.524 6.953l2.89 2.909-2.855 2.855\" stroke-width=\"1.2\" stroke-linecap=\"round\" stroke-linejoin=\"round\"\/>\n<\/svg>\n\t\t\t\t\t\t<button class=\"tribe-events-c-subscribe-dropdown__button-text\">\n\t\t\t\t\t\t\tA\u00f1adir al calendario\t\t\t\t\t\t<\/button>\n\t\t\t\t\t\t<svg  class=\"tribe-common-c-svgicon tribe-common-c-svgicon--caret-down tribe-events-c-subscribe-dropdown__button-icon\"  viewBox=\"0 0 10 7\" xmlns=\"http:\/\/www.w3.org\/2000\/svg\"><path fill-rule=\"evenodd\" clip-rule=\"evenodd\" d=\"M1.008.609L5 4.6 8.992.61l.958.958L5 6.517.05 1.566l.958-.958z\" class=\"tribe-common-c-svgicon__svg-fill\"\/><\/svg>\n\t\t\t\t\t<\/div>\n\t\t\t\t\t<div class=\"tribe-events-c-subscribe-dropdown__content\">\n\t\t\t\t\t\t<ul class=\"tribe-events-c-subscribe-dropdown__list\" tabindex=\"0\">\n\t\t\t\t\t\t\t\t\t\t\t\t\t\t\t<li class=\"tribe-events-c-subscribe-dropdown__list-item\">\n\t\t\t\t\t\t\t\t\t<a\n\t\t\t\t\t\t\t\t\t\thref=\"https:\/\/www.google.com\/calendar\/event?action=TEMPLATE&#038;dates=20250816T083000\/20250816T173000&#038;text=XIII%20Certamen%20Internacional%20de%20Dibujo%20y%20Pintura%20al%20aire%20libre%20%E2%80%9CBuf%C3%B3n%20Calabacillas%E2%80%9D&#038;details=%3C%21--+wp%3Atribe%2Fevent-datetime+%2F--%3E%3C%21--+wp%3Aimage+%7B%22lightbox%22%3A%7B%22enabled%22%3Atrue%7D%2C%22id%22%3A13450%2C%22width%22%3A%22422px%22%2C%22height%22%3A%22auto%22%2C%22sizeSlug%22%3A%22large%22%2C%22linkDestination%22%3A%22none%22%2C%22align%22%3A%22left%22%7D+--%3E%3Cfigure+class%3D%22wp-block-image+alignleft+size-large+is-resized%22%3E%3Cimg+src%3D%22https%3A%2F%2Fturismocoria.es%2Fturismo%2Fwp-content%2Fuploads%2F2025%2F08%2Fcertamen-pintura-25-768x1024.webp%22+alt%3D%22%22+class%3D%22wp-image-13450%22+style%3D%22width%3A422px%3Bheight%3Aauto%22%2F%3E%3C%2Ffigure%3E%3C%21--+%2Fwp%3Aimage+--%3E%3C%21--+wp%3Aparagraph+%7B%22placeholder%22%3A%22A%C3%B1adir+descripci%C3%B3n%E2%80%A6%22%7D+--%3E%3Cp%3ELa+Asociaci%C3%B3n+%E2%80%9CBuf%C3%B3n+Calabacillas-Coria%E2%80%9D+convoca+el+XIII+Certamen+Internacional+de+Dibujo+y+Pintura+al+Aire+Libre%2C+fij%C3%A1ndola+el+d%C3%ADa+16+de+agosto+de+2025.%3C%2Fp%3E%3C%21--+%2Fwp%3Aparagraph+--%3E%20(Ver%20aqu\u00ed%20la%20descripci\u00f3n%20completa%20de%20evento:%20https:\/\/turismocoria.es\/turismo\/evento\/xiii-certamen-internacional-de-dibujo-y-pintura-al-aire-libre-bufon-calabacillas\/)&#038;location=Coria&#038;trp=false&#038;ctz=Europe\/Madrid&#038;sprop=website:https:\/\/turismocoria.es\/turismo\"\n\t\t\t\t\t\t\t\t\t\tclass=\"tribe-events-c-subscribe-dropdown__list-item-link\"\n\t\t\t\t\t\t\t\t\t\ttabindex=\"0\"\n\t\t\t\t\t\t\t\t\t\ttarget=\"_blank\"\n\t\t\t\t\t\t\t\t\t\trel=\"noopener noreferrer nofollow noindex\"\n\t\t\t\t\t\t\t\t\t>\n\t\t\t\t\t\t\t\t\t\tGoogle Calendar\t\t\t\t\t\t\t\t\t<\/a>\n\t\t\t\t\t\t\t\t<\/li>\n\t\t\t\t\t\t\t\t\t\t\t\t\t\t\t<li class=\"tribe-events-c-subscribe-dropdown__list-item\">\n\t\t\t\t\t\t\t\t\t<a\n\t\t\t\t\t\t\t\t\t\thref=\"\"\n\t\t\t\t\t\t\t\t\t\tclass=\"tribe-events-c-subscribe-dropdown__list-item-link\"\n\t\t\t\t\t\t\t\t\t\ttabindex=\"0\"\n\t\t\t\t\t\t\t\t\t\ttarget=\"_blank\"\n\t\t\t\t\t\t\t\t\t\trel=\"noopener noreferrer nofollow noindex\"\n\t\t\t\t\t\t\t\t\t>\n\t\t\t\t\t\t\t\t\t\tiCalendar\t\t\t\t\t\t\t\t\t<\/a>\n\t\t\t\t\t\t\t\t<\/li>\n\t\t\t\t\t\t\t\t\t\t\t\t\t\t\t<li class=\"tribe-events-c-subscribe-dropdown__list-item\">\n\t\t\t\t\t\t\t\t\t<a\n\t\t\t\t\t\t\t\t\t\thref=\"\"\n\t\t\t\t\t\t\t\t\t\tclass=\"tribe-events-c-subscribe-dropdown__list-item-link\"\n\t\t\t\t\t\t\t\t\t\ttabindex=\"0\"\n\t\t\t\t\t\t\t\t\t\ttarget=\"_blank\"\n\t\t\t\t\t\t\t\t\t\trel=\"noopener noreferrer nofollow noindex\"\n\t\t\t\t\t\t\t\t\t>\n\t\t\t\t\t\t\t\t\t\tOutlook 365\t\t\t\t\t\t\t\t\t<\/a>\n\t\t\t\t\t\t\t\t<\/li>\n\t\t\t\t\t\t\t\t\t\t\t\t\t\t\t<li class=\"tribe-events-c-subscribe-dropdown__list-item\">\n\t\t\t\t\t\t\t\t\t<a\n\t\t\t\t\t\t\t\t\t\thref=\"\"\n\t\t\t\t\t\t\t\t\t\tclass=\"tribe-events-c-subscribe-dropdown__list-item-link\"\n\t\t\t\t\t\t\t\t\t\ttabindex=\"0\"\n\t\t\t\t\t\t\t\t\t\ttarget=\"_blank\"\n\t\t\t\t\t\t\t\t\t\trel=\"noopener noreferrer nofollow noindex\"\n\t\t\t\t\t\t\t\t\t>\n\t\t\t\t\t\t\t\t\t\tOutlook Live\t\t\t\t\t\t\t\t\t<\/a>\n\t\t\t\t\t\t\t\t<\/li>\n\t\t\t\t\t\t\t\t\t\t\t\t\t<\/ul>\n\t\t\t\t\t<\/div>\n\t\t\t\t<\/div>\n\t\t\t<\/div>\n\t\t<\/div>\n\t<\/div>\n\n","protected":false},"excerpt":{"rendered":"<p>La Asociaci\u00f3n \u201cBuf\u00f3n Calabacillas-Coria\u201d convoca el XIII Certamen Internacional de Dibujo y Pintura al Aire Libre, fij\u00e1ndola el d\u00eda 16 de agosto de 2025. Podr\u00e1n participar en el Certamen todos los dibujantes y pintores espa\u00f1oles o extranjeros que deseen.Se convoca en el mismo d\u00eda y al mismo tiempo una categor\u00eda juvenil entre los 12 y [&hellip;]<\/p>\n","protected":false},"author":4,"featured_media":13450,"comment_status":"closed","ping_status":"closed","template":"","meta":{"_uag_custom_page_level_css":"","site-sidebar-layout":"default","site-content-layout":"","ast-site-content-layout":"default","site-content-style":"default","site-sidebar-style":"default","ast-global-header-display":"","ast-banner-title-visibility":"","ast-main-header-display":"","ast-hfb-above-header-display":"","ast-hfb-below-header-display":"","ast-hfb-mobile-header-display":"","site-post-title":"","ast-breadcrumbs-content":"","ast-featured-img":"","footer-sml-layout":"","theme-transparent-header-meta":"","adv-header-id-meta":"","stick-header-meta":"","header-above-stick-meta":"","header-main-stick-meta":"","header-below-stick-meta":"","astra-migrate-meta-layouts":"set","ast-page-background-enabled":"default","ast-page-background-meta":{"desktop":{"background-color":"","background-image":"","background-repeat":"repeat","background-position":"center center","background-size":"auto","background-attachment":"scroll","background-type":"","background-media":"","overlay-type":"","overlay-color":"","overlay-opacity":"","overlay-gradient":""},"tablet":{"background-color":"","background-image":"","background-repeat":"repeat","background-position":"center center","background-size":"auto","background-attachment":"scroll","background-type":"","background-media":"","overlay-type":"","overlay-color":"","overlay-opacity":"","overlay-gradient":""},"mobile":{"background-color":"","background-image":"","background-repeat":"repeat","background-position":"center center","background-size":"auto","background-attachment":"scroll","background-type":"","background-media":"","overlay-type":"","overlay-color":"","overlay-opacity":"","overlay-gradient":""}},"ast-content-background-meta":{"desktop":{"background-color":"var(--ast-global-color-5)","background-image":"","background-repeat":"repeat","background-position":"center center","background-size":"auto","background-attachment":"scroll","background-type":"","background-media":"","overlay-type":"","overlay-color":"","overlay-opacity":"","overlay-gradient":""},"tablet":{"background-color":"var(--ast-global-color-5)","background-image":"","background-repeat":"repeat","background-position":"center center","background-size":"auto","background-attachment":"scroll","background-type":"","background-media":"","overlay-type":"","overlay-color":"","overlay-opacity":"","overlay-gradient":""},"mobile":{"background-color":"var(--ast-global-color-5)","background-image":"","background-repeat":"repeat","background-position":"center center","background-size":"auto","background-attachment":"scroll","background-type":"","background-media":"","overlay-type":"","overlay-color":"","overlay-opacity":"","overlay-gradient":""}},"_EventAllDay":false,"_EventTimezone":"Europe\/Madrid","_EventStartDate":"2025-08-16 08:30:00","_EventEndDate":"2025-08-16 17:30:00","_EventStartDateUTC":"2025-08-16 06:30:00","_EventEndDateUTC":"2025-08-16 15:30:00","_EventShowMap":true,"_EventShowMapLink":true,"_EventURL":"","_EventCost":"","_EventCostDescription":"","_EventCurrencySymbol":"\u20ac","_EventCurrencyCode":"EUR","_EventCurrencyPosition":"suffix","_EventDateTimeSeparator":"-","_EventTimeRangeSeparator":" - ","_EventOrganizerID":[11915],"_EventVenueID":13096,"_OrganizerEmail":"","_OrganizerPhone":"","_OrganizerWebsite":"","_VenueAddress":"","_VenueCity":"","_VenueCountry":"","_VenueProvince":"","_VenueZip":"","_VenuePhone":"","_VenueURL":"","_VenueStateProvince":"","_VenueLat":"","_VenueLng":"","_tribe_events_status":"","_tribe_events_status_reason":"","footnotes":""},"tags":[532],"tribe_events_cat":[],"class_list":["post-13449","tribe_events","type-tribe_events","status-publish","has-post-thumbnail","hentry","tag-pintura"],"uagb_featured_image_src":{"full":["https:\/\/turismocoria.es\/turismo\/wp-content\/uploads\/2025\/08\/certamen-pintura-25.webp",1080,1440,false],"thumbnail":["https:\/\/turismocoria.es\/turismo\/wp-content\/uploads\/2025\/08\/certamen-pintura-25-150x150.webp",150,150,true],"medium":["https:\/\/turismocoria.es\/turismo\/wp-content\/uploads\/2025\/08\/certamen-pintura-25-225x300.webp",225,300,true],"medium_large":["https:\/\/turismocoria.es\/turismo\/wp-content\/uploads\/2025\/08\/certamen-pintura-25-768x1024.webp",768,1024,true],"large":["https:\/\/turismocoria.es\/turismo\/wp-content\/uploads\/2025\/08\/certamen-pintura-25-768x1024.webp",768,1024,true],"gs-tiny":["https:\/\/turismocoria.es\/turismo\/wp-content\/uploads\/2025\/08\/certamen-pintura-25-50x67.webp",50,67,true],"xl":["https:\/\/turismocoria.es\/turismo\/wp-content\/uploads\/2025\/08\/certamen-pintura-25.webp",1080,1440,false],"xxl":["https:\/\/turismocoria.es\/turismo\/wp-content\/uploads\/2025\/08\/certamen-pintura-25.webp",1080,1440,false],"xxxl":["https:\/\/turismocoria.es\/turismo\/wp-content\/uploads\/2025\/08\/certamen-pintura-25.webp",1080,1440,false],"xxxxl":["https:\/\/turismocoria.es\/turismo\/wp-content\/uploads\/2025\/08\/certamen-pintura-25.webp",1080,1440,false],"xxxxxl":["https:\/\/turismocoria.es\/turismo\/wp-content\/uploads\/2025\/08\/certamen-pintura-25.webp",1080,1440,false],"1536x1536":["https:\/\/turismocoria.es\/turismo\/wp-content\/uploads\/2025\/08\/certamen-pintura-25.webp",1080,1440,false],"2048x2048":["https:\/\/turismocoria.es\/turismo\/wp-content\/uploads\/2025\/08\/certamen-pintura-25.webp",1080,1440,false],"ultp_layout_landscape_large":["https:\/\/turismocoria.es\/turismo\/wp-content\/uploads\/2025\/08\/certamen-pintura-25-1080x800.webp",1080,800,true],"ultp_layout_landscape":["https:\/\/turismocoria.es\/turismo\/wp-content\/uploads\/2025\/08\/certamen-pintura-25-870x570.webp",870,570,true],"ultp_layout_portrait":["https:\/\/turismocoria.es\/turismo\/wp-content\/uploads\/2025\/08\/certamen-pintura-25-600x900.webp",600,900,true],"ultp_layout_square":["https:\/\/turismocoria.es\/turismo\/wp-content\/uploads\/2025\/08\/certamen-pintura-25-600x600.webp",600,600,true],"gb-block-post-grid-landscape":["https:\/\/turismocoria.es\/turismo\/wp-content\/uploads\/2025\/08\/certamen-pintura-25-600x400.webp",600,400,true],"gb-block-post-grid-square":["https:\/\/turismocoria.es\/turismo\/wp-content\/uploads\/2025\/08\/certamen-pintura-25-600x600.webp",600,600,true]},"uagb_author_info":{"display_name":"Oficina Turismo","author_link":"https:\/\/turismocoria.es\/turismo\/author\/oficina\/"},"uagb_comment_info":0,"uagb_excerpt":"La Asociaci\u00f3n \u201cBuf\u00f3n Calabacillas-Coria\u201d convoca el XIII Certamen Internacional de Dibujo y Pintura al Aire Libre, fij\u00e1ndola el d\u00eda 16 de agosto de 2025. Podr\u00e1n participar en el Certamen todos los dibujantes y pintores espa\u00f1oles o extranjeros que deseen.Se convoca en el mismo d\u00eda y al mismo tiempo una categor\u00eda juvenil entre los 12 y&hellip;","_links":{"self":[{"href":"https:\/\/turismocoria.es\/turismo\/wp-json\/wp\/v2\/tribe_events\/13449"}],"collection":[{"href":"https:\/\/turismocoria.es\/turismo\/wp-json\/wp\/v2\/tribe_events"}],"about":[{"href":"https:\/\/turismocoria.es\/turismo\/wp-json\/wp\/v2\/types\/tribe_events"}],"author":[{"embeddable":true,"href":"https:\/\/turismocoria.es\/turismo\/wp-json\/wp\/v2\/users\/4"}],"replies":[{"embeddable":true,"href":"https:\/\/turismocoria.es\/turismo\/wp-json\/wp\/v2\/comments?post=13449"}],"version-history":[{"count":1,"href":"https:\/\/turismocoria.es\/turismo\/wp-json\/wp\/v2\/tribe_events\/13449\/revisions"}],"predecessor-version":[{"id":13451,"href":"https:\/\/turismocoria.es\/turismo\/wp-json\/wp\/v2\/tribe_events\/13449\/revisions\/13451"}],"wp:featuredmedia":[{"embeddable":true,"href":"https:\/\/turismocoria.es\/turismo\/wp-json\/wp\/v2\/media\/13450"}],"wp:attachment":[{"href":"https:\/\/turismocoria.es\/turismo\/wp-json\/wp\/v2\/media?parent=13449"}],"wp:term":[{"taxonomy":"post_tag","embeddable":true,"href":"https:\/\/turismocoria.es\/turismo\/wp-json\/wp\/v2\/tags?post=13449"},{"taxonomy":"tribe_events_cat","embeddable":true,"href":"https:\/\/turismocoria.es\/turismo\/wp-json\/wp\/v2\/tribe_events_cat?post=13449"}],"curies":[{"name":"wp","href":"https:\/\/api.w.org\/{rel}","templated":true}]}}