{"id":12987,"date":"2025-02-10T14:29:43","date_gmt":"2025-02-10T13:29:43","guid":{"rendered":"https:\/\/turismocoria.es\/turismo\/?post_type=tribe_events&#038;p=12987"},"modified":"2025-02-10T14:39:01","modified_gmt":"2025-02-10T13:39:01","slug":"nada-ni-nadie","status":"publish","type":"tribe_events","link":"https:\/\/turismocoria.es\/turismo\/evento\/nada-ni-nadie\/","title":{"rendered":"Nada ni Nadie"},"content":{"rendered":"<div class=\"tribe-events-schedule tribe-clearfix\">\n\t<h2 class=\"tribe-events-schedule__datetime\">\n\t\t<span class=\"tribe-events-schedule__date tribe-events-schedule__date--start\">\n\t\t\t14 02 2025\t\t<\/span>\n\n\t\t\t\t\t<span class=\"tribe-events-schedule__separator tribe-events-schedule__separator--date\">\n\t\t\t\t&#8211;\t\t\t<\/span>\n\t\t\t<span class=\"tribe-events-schedule__time tribe-events-schedule__time--start\">\n\t\t\t\t20:30\t\t\t<\/span>\n\t\t\n\t\t\t\t\t\t\t\t\t<span class=\"tribe-events-schedule__separator tribe-events-schedule__separator--time\">\n\t\t\t\t\t &#8211; \t\t\t\t<\/span>\n\t\t\t\n\t\t\t\t\t\t\t<span class=\"tribe-events-schedule__time tribe-events-schedule__time--end\">\n\t\t\t\t\t22:00\t\t\t\t<\/span>\n\t\t\t\n\t\t\t\t\t\t<\/h2>\n<\/div>\n\n\n\n<p>Representaci\u00f3n a cargo de Mar\u00eda de Melo Producciones el pr\u00f3ximo viernes 14 de febrero a las 20h30 en la Casa de Cultura de Coria.<\/p>\n\n\n\n<h4 class=\"wp-block-heading\">Sinopsis<\/h4>\n\n\n\n<figure class=\"wp-block-image alignleft size-full is-resized\"><img loading=\"lazy\" decoding=\"async\" width=\"940\" height=\"788\" data-src=\"https:\/\/turismocoria.es\/turismo\/wp-content\/uploads\/2025\/02\/nada-ni-nadie-coria-25.webp\" alt=\"\" class=\"wp-image-12990 lazyload\" style=\"--smush-placeholder-width: 940px; --smush-placeholder-aspect-ratio: 940\/788;width:432px;height:auto\" data-srcset=\"https:\/\/turismocoria.es\/turismo\/wp-content\/uploads\/2025\/02\/nada-ni-nadie-coria-25.webp 940w, https:\/\/turismocoria.es\/turismo\/wp-content\/uploads\/2025\/02\/nada-ni-nadie-coria-25-300x251.webp 300w, https:\/\/turismocoria.es\/turismo\/wp-content\/uploads\/2025\/02\/nada-ni-nadie-coria-25-768x644.webp 768w, https:\/\/turismocoria.es\/turismo\/wp-content\/uploads\/2025\/02\/nada-ni-nadie-coria-25-50x42.webp 50w\" data-sizes=\"(max-width: 940px) 100vw, 940px\" src=\"data:image\/gif;base64,R0lGODlhAQABAAAAACH5BAEKAAEALAAAAAABAAEAAAICTAEAOw==\" \/><noscript><img loading=\"lazy\" decoding=\"async\" width=\"940\" height=\"788\" src=\"https:\/\/turismocoria.es\/turismo\/wp-content\/uploads\/2025\/02\/nada-ni-nadie-coria-25.webp\" alt=\"\" class=\"wp-image-12990\" style=\"width:432px;height:auto\" srcset=\"https:\/\/turismocoria.es\/turismo\/wp-content\/uploads\/2025\/02\/nada-ni-nadie-coria-25.webp 940w, https:\/\/turismocoria.es\/turismo\/wp-content\/uploads\/2025\/02\/nada-ni-nadie-coria-25-300x251.webp 300w, https:\/\/turismocoria.es\/turismo\/wp-content\/uploads\/2025\/02\/nada-ni-nadie-coria-25-768x644.webp 768w, https:\/\/turismocoria.es\/turismo\/wp-content\/uploads\/2025\/02\/nada-ni-nadie-coria-25-50x42.webp 50w\" sizes=\"(max-width: 940px) 100vw, 940px\" \/><\/noscript><\/figure>\n\n\n\n<p>Si tuvieras todo el poder\u2026 \u00bfcu\u00e1l ser\u00eda tu modo de conducirte, tus normas morales? Si fueras due\u00f1o de todo lo que queda, de lo que resta, \u00bfser\u00edan tus intenciones, tus acciones diferentes de las que en otro tiempo fueron ostentadas por otros? Mat y Pit son dos personajes que representan metaf\u00f3ricamente lo m\u00e1s crudo de la cruda sociedad en la que vivimos pendiente siempre de una espada de Damocles sobre nuestras cabezas. \u00bfSomos lo suficientemente maduros, inteligentes para discernir lo verdaderamente importante de lo superfluo?, \u00bfexiste alguna esperanza de elevarnos sobre nuestros ombligos y de enfrentar los problemas serios de la existencia y de no escondernos con actitudes pueriles detr\u00e1s de lo inane? \u00bfPuede el humor, incluso en los tiempos m\u00e1s duros, salvarnos al fin y al cabo de la miseria que arrastramos? Nada ni nadie, tragicomedia del poder en el fin de los tiempos, es una aproximaci\u00f3n dist\u00f3pica a lo que podr\u00eda ser la vida en sus \u00faltimos latidos, ese juego finito de seres de alma infinita abandonados en un p\u00e1lido punto azul del universo.<\/p>\n\n\n\n<p>Organizado por el Ayuntamiento de Coria y el patrocinio la Red de Teatros de Extremadura.<\/p>\n\n\n<div class=\"tribe-block tribe-block__event-price\">\n\t\t\t<span class=\"tribe-block__event-price__cost\"> 5\u20ac <\/span>\n\t\t<\/div>\n\n\n<div class=\"tribe-block tribe-block__organizer__details tribe-clearfix\">\n\t<div class=\"tribe-block__organizer__title\">\n\t\t<h3><a href=\"https:\/\/turismocoria.es\/turismo\/organizer\/ayuntamiento-de-coria\/\" title=\"Ayuntamiento de Coria\" target=\"_self\" rel=\"\">Ayuntamiento de Coria<\/a><\/h3>\n\t<\/div>\n\t\t\t<\/div>\n\n\n<div class=\"tribe-block tribe-block__venue tribe-block__venue--has-map\">\n\t\n\t\n<div class=\"tribe-block__venue__meta\">\n\t<div class=\"tribe-block__venue__name\">\n\t\t<h3><a href=\"https:\/\/turismocoria.es\/turismo\/venue\/casa-de-cultura\/\" title=\"Casa de Cultura\">Casa de Cultura<\/a><\/h3>\n\t<\/div>\n\n\t\n\t\t\t<address class=\"tribe-block__venue__address\">\n\t\t\t<span class=\"tribe-address\">\n\n<span class=\"tribe-street-address\">Plaza de la Solidaridad s\/n<\/span>\n\t\n\t\t<br>\n\t\t<span class=\"tribe-locality\">Coria<\/span><span class=\"tribe-delimiter\">,<\/span>\n\n\n\t<span class=\"tribe-postal-code\">10800<\/span>\n\n\t<span class=\"tribe-country-name\">Espa\u00f1a<\/span>\n\n<\/span>\n\n\t\t\t\t\t\t\t<a class=\"tribe-events-gmap\" href=\"https:\/\/maps.google.com\/maps?f=q&#038;source=s_q&#038;hl=en&#038;geocode=&#038;q=Plaza+de+la+Solidaridad+s%2Fn+Coria+10800+Espa%C3%B1a\" title=\"Haz clic para ver un mapa de Google\" target=\"_blank\" rel=\"noreferrer noopener\">+ Google Map<\/a>\t\t\t\t\t<\/address>\n\t\n\t\n\t\n\t<\/div>\n\t\n<div class=\"tribe-block__venue__map\">\n\t\n<iframe loading=\"lazy\"\n  title=\"Google maps iframe displaying the address to Casa de Cultura\"\n  aria-label=\"Mapa de ubicaci\u00f3n del local\"\n  width=\"100%\"\n  height=\"350px\"\n  frameborder=\"0\" style=\"border:0\"\n  data-src=\"https:\/\/www.google.com\/maps\/embed\/v1\/place?key=AIzaSyDNsicAsP6-VuGtAb1O9riI3oc_NOb7IOU&#038;q=Plaza+de+la+Solidaridad+s%2Fn+Coria+10800+Espa%C3%B1a+&#038;zoom=10\" allowfullscreen src=\"data:image\/gif;base64,R0lGODlhAQABAAAAACH5BAEKAAEALAAAAAABAAEAAAICTAEAOw==\" class=\"lazyload\" data-load-mode=\"1\">\n<\/iframe>\n<\/div>\n\n\t<\/div>\n\n\n\n\n\t<div class=\"tribe-block tribe-block__events-link\">\n\t\t<div class=\"tribe-events tribe-common\">\n\t\t\t<div class=\"tribe-events-c-subscribe-dropdown__container\">\n\t\t\t\t<div class=\"tribe-events-c-subscribe-dropdown\">\n\t\t\t\t\t<div class=\"tribe-common-c-btn-border tribe-events-c-subscribe-dropdown__button\" tabindex=\"0\">\n\t\t\t\t\t\t<svg  class=\"tribe-common-c-svgicon tribe-common-c-svgicon--cal-export tribe-events-c-subscribe-dropdown__export-icon\"  viewBox=\"0 0 23 17\" xmlns=\"http:\/\/www.w3.org\/2000\/svg\">\n  <path fill-rule=\"evenodd\" clip-rule=\"evenodd\" d=\"M.128.896V16.13c0 .211.145.383.323.383h15.354c.179 0 .323-.172.323-.383V.896c0-.212-.144-.383-.323-.383H.451C.273.513.128.684.128.896Zm16 6.742h-.901V4.679H1.009v10.729h14.218v-3.336h.901V7.638ZM1.01 1.614h14.218v2.058H1.009V1.614Z\" \/>\n  <path d=\"M20.5 9.846H8.312M18.524 6.953l2.89 2.909-2.855 2.855\" stroke-width=\"1.2\" stroke-linecap=\"round\" stroke-linejoin=\"round\"\/>\n<\/svg>\n\t\t\t\t\t\t<button class=\"tribe-events-c-subscribe-dropdown__button-text\">\n\t\t\t\t\t\t\tA\u00f1adir al calendario\t\t\t\t\t\t<\/button>\n\t\t\t\t\t\t<svg  class=\"tribe-common-c-svgicon tribe-common-c-svgicon--caret-down tribe-events-c-subscribe-dropdown__button-icon\"  viewBox=\"0 0 10 7\" xmlns=\"http:\/\/www.w3.org\/2000\/svg\"><path fill-rule=\"evenodd\" clip-rule=\"evenodd\" d=\"M1.008.609L5 4.6 8.992.61l.958.958L5 6.517.05 1.566l.958-.958z\" class=\"tribe-common-c-svgicon__svg-fill\"\/><\/svg>\n\t\t\t\t\t<\/div>\n\t\t\t\t\t<div class=\"tribe-events-c-subscribe-dropdown__content\">\n\t\t\t\t\t\t<ul class=\"tribe-events-c-subscribe-dropdown__list\" tabindex=\"0\">\n\t\t\t\t\t\t\t\t\t\t\t\t\t\t\t<li class=\"tribe-events-c-subscribe-dropdown__list-item\">\n\t\t\t\t\t\t\t\t\t<a\n\t\t\t\t\t\t\t\t\t\thref=\"https:\/\/www.google.com\/calendar\/event?action=TEMPLATE&#038;dates=20250214T203000\/20250214T220000&#038;text=Nada%20ni%20Nadie&#038;details=%3C%21--+wp%3Atribe%2Fevent-datetime+%2F--%3E%3C%21--+wp%3Aparagraph+%7B%22placeholder%22%3A%22A%C3%B1adir+descripci%C3%B3n%E2%80%A6%22%7D+--%3E%3Cp%3ERepresentaci%C3%B3n+a+cargo+de+Mar%C3%ADa+de+Melo+Producciones+el+pr%C3%B3ximo+viernes+14+de+febrero+a+las+20h30+en+la+Casa+de+Cultura+de+Coria.%3C%2Fp%3E%3C%21--+%2Fwp%3Aparagraph+--%3E%3C%21--+wp%3Aheading+%7B%22level%22%3A4%7D+--%3E%3Ch4+class%3D%22wp-block-heading%22%3ESinopsis%3C%2Fh4%3E%3C%21--+%2Fwp%3Aheading+--%3E%3C%21--+wp%3Aimage+%7B%22id%22%3A12990%2C%22width%22%3A%22432px%22%2C%22height%22%3A%22auto%22%2C%22sizeSlug%22%3A%22full%22%2C%22linkDestination%22%3A%22none%22%2C%22align%22%3A%22left%22%7D+--%3E%3Cfigure+class%3D%22wp-block-image+alignleft+size-full+is-resized%22%3E%3Cimg+src%3D%22https%3A%2F%2Fturismocoria.es%2Fturismo%2Fwp-content%2Fuploads%2F2025%2F02%2Fnada-ni-nadie-coria-25.webp%22+alt%3D%22%22+class%3D%22wp-image-12990%22+style%3D%22width%3A432px%3Bheight%3Aauto%22%2F%3E%3C%%20(Ver%20aqu\u00ed%20la%20descripci\u00f3n%20completa%20de%20evento:%20https:\/\/turismocoria.es\/turismo\/evento\/nada-ni-nadie\/)&#038;location=Casa%20de%20Cultura,%20Plaza%20de%20la%20Solidaridad%20s\/n,%20Coria,%2010800,%20Espa\u00f1a&#038;trp=false&#038;ctz=Europe\/Madrid&#038;sprop=website:https:\/\/turismocoria.es\/turismo\"\n\t\t\t\t\t\t\t\t\t\tclass=\"tribe-events-c-subscribe-dropdown__list-item-link\"\n\t\t\t\t\t\t\t\t\t\ttabindex=\"0\"\n\t\t\t\t\t\t\t\t\t\ttarget=\"_blank\"\n\t\t\t\t\t\t\t\t\t\trel=\"noopener noreferrer nofollow noindex\"\n\t\t\t\t\t\t\t\t\t>\n\t\t\t\t\t\t\t\t\t\tGoogle Calendar\t\t\t\t\t\t\t\t\t<\/a>\n\t\t\t\t\t\t\t\t<\/li>\n\t\t\t\t\t\t\t\t\t\t\t\t\t\t\t<li class=\"tribe-events-c-subscribe-dropdown__list-item\">\n\t\t\t\t\t\t\t\t\t<a\n\t\t\t\t\t\t\t\t\t\thref=\"\"\n\t\t\t\t\t\t\t\t\t\tclass=\"tribe-events-c-subscribe-dropdown__list-item-link\"\n\t\t\t\t\t\t\t\t\t\ttabindex=\"0\"\n\t\t\t\t\t\t\t\t\t\ttarget=\"_blank\"\n\t\t\t\t\t\t\t\t\t\trel=\"noopener noreferrer nofollow noindex\"\n\t\t\t\t\t\t\t\t\t>\n\t\t\t\t\t\t\t\t\t\tiCalendar\t\t\t\t\t\t\t\t\t<\/a>\n\t\t\t\t\t\t\t\t<\/li>\n\t\t\t\t\t\t\t\t\t\t\t\t\t\t\t<li class=\"tribe-events-c-subscribe-dropdown__list-item\">\n\t\t\t\t\t\t\t\t\t<a\n\t\t\t\t\t\t\t\t\t\thref=\"\"\n\t\t\t\t\t\t\t\t\t\tclass=\"tribe-events-c-subscribe-dropdown__list-item-link\"\n\t\t\t\t\t\t\t\t\t\ttabindex=\"0\"\n\t\t\t\t\t\t\t\t\t\ttarget=\"_blank\"\n\t\t\t\t\t\t\t\t\t\trel=\"noopener noreferrer nofollow noindex\"\n\t\t\t\t\t\t\t\t\t>\n\t\t\t\t\t\t\t\t\t\tOutlook 365\t\t\t\t\t\t\t\t\t<\/a>\n\t\t\t\t\t\t\t\t<\/li>\n\t\t\t\t\t\t\t\t\t\t\t\t\t\t\t<li class=\"tribe-events-c-subscribe-dropdown__list-item\">\n\t\t\t\t\t\t\t\t\t<a\n\t\t\t\t\t\t\t\t\t\thref=\"\"\n\t\t\t\t\t\t\t\t\t\tclass=\"tribe-events-c-subscribe-dropdown__list-item-link\"\n\t\t\t\t\t\t\t\t\t\ttabindex=\"0\"\n\t\t\t\t\t\t\t\t\t\ttarget=\"_blank\"\n\t\t\t\t\t\t\t\t\t\trel=\"noopener noreferrer nofollow noindex\"\n\t\t\t\t\t\t\t\t\t>\n\t\t\t\t\t\t\t\t\t\tOutlook Live\t\t\t\t\t\t\t\t\t<\/a>\n\t\t\t\t\t\t\t\t<\/li>\n\t\t\t\t\t\t\t\t\t\t\t\t\t<\/ul>\n\t\t\t\t\t<\/div>\n\t\t\t\t<\/div>\n\t\t\t<\/div>\n\t\t<\/div>\n\t<\/div>\n\n","protected":false},"excerpt":{"rendered":"<p>Representaci\u00f3n a cargo de Mar\u00eda de Melo Producciones el pr\u00f3ximo viernes 14 de febrero a las 20h30 en la Casa de Cultura de Coria. Sinopsis Si tuvieras todo el poder\u2026 \u00bfcu\u00e1l ser\u00eda tu modo de conducirte, tus normas morales? Si fueras due\u00f1o de todo lo que queda, de lo que resta, \u00bfser\u00edan tus intenciones, tus [&hellip;]<\/p>\n","protected":false},"author":4,"featured_media":12990,"comment_status":"closed","ping_status":"closed","template":"","meta":{"_uag_custom_page_level_css":"","site-sidebar-layout":"default","site-content-layout":"","ast-site-content-layout":"default","site-content-style":"default","site-sidebar-style":"default","ast-global-header-display":"","ast-banner-title-visibility":"","ast-main-header-display":"","ast-hfb-above-header-display":"","ast-hfb-below-header-display":"","ast-hfb-mobile-header-display":"","site-post-title":"","ast-breadcrumbs-content":"","ast-featured-img":"","footer-sml-layout":"","theme-transparent-header-meta":"","adv-header-id-meta":"","stick-header-meta":"","header-above-stick-meta":"","header-main-stick-meta":"","header-below-stick-meta":"","astra-migrate-meta-layouts":"set","ast-page-background-enabled":"default","ast-page-background-meta":{"desktop":{"background-color":"","background-image":"","background-repeat":"repeat","background-position":"center center","background-size":"auto","background-attachment":"scroll","background-type":"","background-media":"","overlay-type":"","overlay-color":"","overlay-opacity":"","overlay-gradient":""},"tablet":{"background-color":"","background-image":"","background-repeat":"repeat","background-position":"center center","background-size":"auto","background-attachment":"scroll","background-type":"","background-media":"","overlay-type":"","overlay-color":"","overlay-opacity":"","overlay-gradient":""},"mobile":{"background-color":"","background-image":"","background-repeat":"repeat","background-position":"center center","background-size":"auto","background-attachment":"scroll","background-type":"","background-media":"","overlay-type":"","overlay-color":"","overlay-opacity":"","overlay-gradient":""}},"ast-content-background-meta":{"desktop":{"background-color":"var(--ast-global-color-5)","background-image":"","background-repeat":"repeat","background-position":"center center","background-size":"auto","background-attachment":"scroll","background-type":"","background-media":"","overlay-type":"","overlay-color":"","overlay-opacity":"","overlay-gradient":""},"tablet":{"background-color":"var(--ast-global-color-5)","background-image":"","background-repeat":"repeat","background-position":"center center","background-size":"auto","background-attachment":"scroll","background-type":"","background-media":"","overlay-type":"","overlay-color":"","overlay-opacity":"","overlay-gradient":""},"mobile":{"background-color":"var(--ast-global-color-5)","background-image":"","background-repeat":"repeat","background-position":"center center","background-size":"auto","background-attachment":"scroll","background-type":"","background-media":"","overlay-type":"","overlay-color":"","overlay-opacity":"","overlay-gradient":""}},"_EventAllDay":false,"_EventTimezone":"Europe\/Madrid","_EventStartDate":"2025-02-14 20:30:00","_EventEndDate":"2025-02-14 22:00:00","_EventStartDateUTC":"2025-02-14 19:30:00","_EventEndDateUTC":"2025-02-14 21:00:00","_EventShowMap":true,"_EventShowMapLink":true,"_EventURL":"","_EventCost":"5","_EventCostDescription":"","_EventCurrencySymbol":"\u20ac","_EventCurrencyCode":"EUR","_EventCurrencyPosition":"suffix","_EventDateTimeSeparator":"-","_EventTimeRangeSeparator":" - ","_EventOrganizerID":[11943],"_EventVenueID":12667,"_OrganizerEmail":"","_OrganizerPhone":"","_OrganizerWebsite":"","_VenueAddress":"","_VenueCity":"","_VenueCountry":"","_VenueProvince":"","_VenueZip":"","_VenuePhone":"","_VenueURL":"","_VenueStateProvince":"","_VenueLat":"","_VenueLng":"","_tribe_events_status":"","_tribe_events_status_reason":"","footnotes":""},"tags":[],"tribe_events_cat":[],"class_list":["post-12987","tribe_events","type-tribe_events","status-publish","has-post-thumbnail","hentry"],"uagb_featured_image_src":{"full":["https:\/\/turismocoria.es\/turismo\/wp-content\/uploads\/2025\/02\/nada-ni-nadie-coria-25.webp",940,788,false],"thumbnail":["https:\/\/turismocoria.es\/turismo\/wp-content\/uploads\/2025\/02\/nada-ni-nadie-coria-25-150x150.webp",150,150,true],"medium":["https:\/\/turismocoria.es\/turismo\/wp-content\/uploads\/2025\/02\/nada-ni-nadie-coria-25-300x251.webp",300,251,true],"medium_large":["https:\/\/turismocoria.es\/turismo\/wp-content\/uploads\/2025\/02\/nada-ni-nadie-coria-25-768x644.webp",768,644,true],"large":["https:\/\/turismocoria.es\/turismo\/wp-content\/uploads\/2025\/02\/nada-ni-nadie-coria-25.webp",940,788,false],"gs-tiny":["https:\/\/turismocoria.es\/turismo\/wp-content\/uploads\/2025\/02\/nada-ni-nadie-coria-25-50x42.webp",50,42,true],"xl":["https:\/\/turismocoria.es\/turismo\/wp-content\/uploads\/2025\/02\/nada-ni-nadie-coria-25.webp",940,788,false],"xxl":["https:\/\/turismocoria.es\/turismo\/wp-content\/uploads\/2025\/02\/nada-ni-nadie-coria-25.webp",940,788,false],"xxxl":["https:\/\/turismocoria.es\/turismo\/wp-content\/uploads\/2025\/02\/nada-ni-nadie-coria-25.webp",940,788,false],"xxxxl":["https:\/\/turismocoria.es\/turismo\/wp-content\/uploads\/2025\/02\/nada-ni-nadie-coria-25.webp",940,788,false],"xxxxxl":["https:\/\/turismocoria.es\/turismo\/wp-content\/uploads\/2025\/02\/nada-ni-nadie-coria-25.webp",940,788,false],"1536x1536":["https:\/\/turismocoria.es\/turismo\/wp-content\/uploads\/2025\/02\/nada-ni-nadie-coria-25.webp",940,788,false],"2048x2048":["https:\/\/turismocoria.es\/turismo\/wp-content\/uploads\/2025\/02\/nada-ni-nadie-coria-25.webp",940,788,false],"ultp_layout_landscape_large":["https:\/\/turismocoria.es\/turismo\/wp-content\/uploads\/2025\/02\/nada-ni-nadie-coria-25.webp",940,788,false],"ultp_layout_landscape":["https:\/\/turismocoria.es\/turismo\/wp-content\/uploads\/2025\/02\/nada-ni-nadie-coria-25-870x570.webp",870,570,true],"ultp_layout_portrait":["https:\/\/turismocoria.es\/turismo\/wp-content\/uploads\/2025\/02\/nada-ni-nadie-coria-25-600x788.webp",600,788,true],"ultp_layout_square":["https:\/\/turismocoria.es\/turismo\/wp-content\/uploads\/2025\/02\/nada-ni-nadie-coria-25-600x600.webp",600,600,true],"gb-block-post-grid-landscape":["https:\/\/turismocoria.es\/turismo\/wp-content\/uploads\/2025\/02\/nada-ni-nadie-coria-25-600x400.webp",600,400,true],"gb-block-post-grid-square":["https:\/\/turismocoria.es\/turismo\/wp-content\/uploads\/2025\/02\/nada-ni-nadie-coria-25-600x600.webp",600,600,true]},"uagb_author_info":{"display_name":"Oficina Turismo","author_link":"https:\/\/turismocoria.es\/turismo\/author\/oficina\/"},"uagb_comment_info":0,"uagb_excerpt":"Representaci\u00f3n a cargo de Mar\u00eda de Melo Producciones el pr\u00f3ximo viernes 14 de febrero a las 20h30 en la Casa de Cultura de Coria. Sinopsis Si tuvieras todo el poder\u2026 \u00bfcu\u00e1l ser\u00eda tu modo de conducirte, tus normas morales? Si fueras due\u00f1o de todo lo que queda, de lo que resta, \u00bfser\u00edan tus intenciones, tus&hellip;","_links":{"self":[{"href":"https:\/\/turismocoria.es\/turismo\/wp-json\/wp\/v2\/tribe_events\/12987"}],"collection":[{"href":"https:\/\/turismocoria.es\/turismo\/wp-json\/wp\/v2\/tribe_events"}],"about":[{"href":"https:\/\/turismocoria.es\/turismo\/wp-json\/wp\/v2\/types\/tribe_events"}],"author":[{"embeddable":true,"href":"https:\/\/turismocoria.es\/turismo\/wp-json\/wp\/v2\/users\/4"}],"replies":[{"embeddable":true,"href":"https:\/\/turismocoria.es\/turismo\/wp-json\/wp\/v2\/comments?post=12987"}],"version-history":[{"count":2,"href":"https:\/\/turismocoria.es\/turismo\/wp-json\/wp\/v2\/tribe_events\/12987\/revisions"}],"predecessor-version":[{"id":12991,"href":"https:\/\/turismocoria.es\/turismo\/wp-json\/wp\/v2\/tribe_events\/12987\/revisions\/12991"}],"wp:featuredmedia":[{"embeddable":true,"href":"https:\/\/turismocoria.es\/turismo\/wp-json\/wp\/v2\/media\/12990"}],"wp:attachment":[{"href":"https:\/\/turismocoria.es\/turismo\/wp-json\/wp\/v2\/media?parent=12987"}],"wp:term":[{"taxonomy":"post_tag","embeddable":true,"href":"https:\/\/turismocoria.es\/turismo\/wp-json\/wp\/v2\/tags?post=12987"},{"taxonomy":"tribe_events_cat","embeddable":true,"href":"https:\/\/turismocoria.es\/turismo\/wp-json\/wp\/v2\/tribe_events_cat?post=12987"}],"curies":[{"name":"wp","href":"https:\/\/api.w.org\/{rel}","templated":true}]}}