{"id":12926,"date":"2025-01-15T13:13:29","date_gmt":"2025-01-15T12:13:29","guid":{"rendered":"https:\/\/turismocoria.es\/turismo\/?post_type=tribe_events&#038;p=12926"},"modified":"2025-03-14T13:51:45","modified_gmt":"2025-03-14T12:51:45","slug":"xviii-concentracion-nacional-club-peugeot-205","status":"publish","type":"tribe_events","link":"https:\/\/turismocoria.es\/turismo\/evento\/xviii-concentracion-nacional-club-peugeot-205\/","title":{"rendered":"XVIII Concentraci\u00f3n Nacional Club Peugeot 205"},"content":{"rendered":"<div class=\"tribe-events-schedule tribe-clearfix\">\n\t<h2 class=\"tribe-events-schedule__datetime\">\n\t\t<span class=\"tribe-events-schedule__date tribe-events-schedule__date--start\">\n\t\t\t28 03 2025\t\t<\/span>\n\n\t\t\n\t\t\t\t\t\t\t\t\t<span class=\"tribe-events-schedule__separator tribe-events-schedule__separator--time\">\n\t\t\t\t\t &#8211; \t\t\t\t<\/span>\n\t\t\t\n\t\t\t\t\t\t\t<span class=\"tribe-events-schedule__date tribe-events-schedule__date--end\">\n\t\t\t\t\t30 03 2025\t\t\t\t<\/span>\n\n\t\t\t\t\n\t\t\t\n\t\t\t\t\t\t<\/h2>\n<\/div>\n\n\n<figure class=\"wp-block-post-featured-image\"><img loading=\"lazy\" decoding=\"async\" width=\"1080\" height=\"810\" data-src=\"https:\/\/turismocoria.es\/turismo\/wp-content\/uploads\/2025\/01\/concentracio-2026-coria.webp\" class=\"attachment-post-thumbnail size-post-thumbnail wp-post-image lazyload\" alt=\"\" style=\"--smush-placeholder-width: 1080px; --smush-placeholder-aspect-ratio: 1080\/810;object-fit:cover;\" data-srcset=\"https:\/\/turismocoria.es\/turismo\/wp-content\/uploads\/2025\/01\/concentracio-2026-coria.webp 1080w, https:\/\/turismocoria.es\/turismo\/wp-content\/uploads\/2025\/01\/concentracio-2026-coria-300x225.webp 300w, https:\/\/turismocoria.es\/turismo\/wp-content\/uploads\/2025\/01\/concentracio-2026-coria-1024x768.webp 1024w, https:\/\/turismocoria.es\/turismo\/wp-content\/uploads\/2025\/01\/concentracio-2026-coria-768x576.webp 768w, https:\/\/turismocoria.es\/turismo\/wp-content\/uploads\/2025\/01\/concentracio-2026-coria-50x38.webp 50w\" data-sizes=\"(max-width: 1080px) 100vw, 1080px\" src=\"data:image\/gif;base64,R0lGODlhAQABAAAAACH5BAEKAAEALAAAAAABAAEAAAICTAEAOw==\" \/><noscript><img loading=\"lazy\" decoding=\"async\" width=\"1080\" height=\"810\" src=\"https:\/\/turismocoria.es\/turismo\/wp-content\/uploads\/2025\/01\/concentracio-2026-coria.webp\" class=\"attachment-post-thumbnail size-post-thumbnail wp-post-image\" alt=\"\" style=\"object-fit:cover;\" srcset=\"https:\/\/turismocoria.es\/turismo\/wp-content\/uploads\/2025\/01\/concentracio-2026-coria.webp 1080w, https:\/\/turismocoria.es\/turismo\/wp-content\/uploads\/2025\/01\/concentracio-2026-coria-300x225.webp 300w, https:\/\/turismocoria.es\/turismo\/wp-content\/uploads\/2025\/01\/concentracio-2026-coria-1024x768.webp 1024w, https:\/\/turismocoria.es\/turismo\/wp-content\/uploads\/2025\/01\/concentracio-2026-coria-768x576.webp 768w, https:\/\/turismocoria.es\/turismo\/wp-content\/uploads\/2025\/01\/concentracio-2026-coria-50x38.webp 50w\" sizes=\"(max-width: 1080px) 100vw, 1080px\" \/><\/noscript><\/figure>\n\n\n<p>La Ciudad de Coria ser\u00e1 sede, el pr\u00f3ximo mes de marzo, de la I Concentraci\u00f3n de coches de la marca Peugeot 205, un modelo que marc\u00f3 una era en la historia del autom\u00f3vil.<\/p>\n\n\n\n<p>El ic\u00f3nico Peugeot 205 ser\u00e1 el protagonista de la Gran Concentraci\u00f3n que se celebrar\u00e1 en Coria los d\u00edas 28, 29 y 30 de marzo. Un evento que reunir\u00e1 a aficionados, propietarios y entusiastas del emblem\u00e1tico modelo, para celebrar su legado y compartir la pasi\u00f3n por uno de los coches m\u00e1s queridos de la historia automovil\u00edstica y que ha cumplido ya 40 a\u00f1os de edad.<\/p>\n\n\n\n<p>El Club de 205 Espa\u00f1a organiza, en colaboraci\u00f3n con el Ayuntamiento de Coria, esta concentraci\u00f3n que ser\u00e1 una oportunidad \u00fanica para admirar una amplia variedad de versiones del Peugeot 205, desde las ediciones cl\u00e1sicas hasta los legendarios deportivos.<\/p>\n\n\n\n<p>Asimismo, el Club de 205 Espa\u00f1a tiene el placer de invitar a sus miembros a un emocionante fin de semana en tierras extreme\u00f1as. Se concentrar\u00e1n en la maravillosa Ciudad de Coria, en el Hotel Montesol, en un enclave privilegiado a orillas del r\u00edo Alag\u00f3n.<\/p>\n\n\n\n<p>Durante el fin de semana, los participantes tendr\u00e1n la oportunidad de disfrutar y conocer la ciudad cauriense, su gastronom\u00eda y recorrer otros lugares cercanos a la poblaci\u00f3n.<\/p>\n\n\n\n<p>Toda persona interesada que quiera apuntarse y pasar un fin de semana apasionante, tiene toda la informaci\u00f3n en el siguiente enlace: <a href=\"https:\/\/www.club-205.com\/forum\/viewtopic.php?t=40551\" target=\"_blank\" rel=\"noreferrer noopener\">https:\/\/www.club-205.com\/forum\/viewtopic.php?t=40551<\/a>.<\/p>\n\n\n\n<p>El plazo para la presentaci\u00f3n de inscripciones finaliza el 23 de febrero de 2025.<\/p>\n\n\n<div class=\"tribe-block tribe-block__event-price\">\n\t\t<\/div>\n\n\n<div class=\"tribe-block tribe-block__organizer__details tribe-clearfix\">\n\t<div class=\"tribe-block__organizer__title\">\n\t\t<h3><a href=\"https:\/\/turismocoria.es\/turismo\/organizer\/club-205-espana\/\" title=\"Club 205 Espa\u00f1a\" target=\"_self\" rel=\"\">Club 205 Espa\u00f1a<\/a><\/h3>\n\t<\/div>\n\t\t\t\t<p class=\"tribe-block__organizer__website\"><a href=\"https:\/\/club-205.com\/\" target=\"_self\" rel=\"external\">Ver la web Organizador<\/a><\/p>\n\t\t\t\t<p class=\"tribe-block__organizer__email\">cl&#117;&#098;&#064;c&#108;u&#098;-&#050;&#048;&#053;&#046;&#099;&#111;&#109;<\/p>\n\t<\/div>\n\n\n<div class=\"tribe-block tribe-block__venue tribe-block__venue--has-map\">\n\t\n\t\n<div class=\"tribe-block__venue__meta\">\n\t<div class=\"tribe-block__venue__name\">\n\t\t<h3><a href=\"https:\/\/turismocoria.es\/turismo\/venue\/hotel-montesol\/\" title=\"Hotel Montesol\">Hotel Montesol<\/a><\/h3>\n\t<\/div>\n\n\t\n\t\t\t<address class=\"tribe-block__venue__address\">\n\t\t\t<span class=\"tribe-address\">\n\n<span class=\"tribe-street-address\">Ctra. Puente de Hierro, s\/n (EX-109)<\/span>\n\t\n\t\t<br>\n\t\t<span class=\"tribe-locality\">Coria<\/span><span class=\"tribe-delimiter\">,<\/span>\n\n\n\t<span class=\"tribe-postal-code\">10800<\/span>\n\n\t<span class=\"tribe-country-name\">Espa\u00f1a<\/span>\n\n<\/span>\n\n\t\t\t\t\t\t\t<a class=\"tribe-events-gmap\" href=\"https:\/\/maps.google.com\/maps?f=q&#038;source=s_q&#038;hl=en&#038;geocode=&#038;q=Ctra.+Puente+de+Hierro%2C+s%2Fn+%28EX-109%29+Coria+10800+Espa%C3%B1a\" title=\"Haz clic para ver un mapa de Google\" target=\"_blank\" rel=\"noreferrer noopener\">+ Google Map<\/a>\t\t\t\t\t<\/address>\n\t\n\t\t\t<span class=\"tribe-block__venue__phone\">927 50 10 49<\/span><br \/>\n\t\n\t\t\t<span class=\"tribe-block__venue__website\"><a href=\"https:\/\/www.montesolcoria.com\" target=\"_self\" rel=\"external\">Ver la web Local<\/a><\/span><br \/>\n\t\n\t<\/div>\n\t\n<div class=\"tribe-block__venue__map\">\n\t\n<iframe loading=\"lazy\"\n  title=\"Google maps iframe displaying the address to Hotel Montesol\"\n  aria-label=\"Mapa de ubicaci\u00f3n del local\"\n  width=\"100%\"\n  height=\"350px\"\n  frameborder=\"0\" style=\"border:0\"\n  data-src=\"https:\/\/www.google.com\/maps\/embed\/v1\/place?key=AIzaSyDNsicAsP6-VuGtAb1O9riI3oc_NOb7IOU&#038;q=Ctra.+Puente+de+Hierro%2C+s%2Fn+%28EX-109%29+Coria+10800+Espa%C3%B1a+&#038;zoom=10\" allowfullscreen src=\"data:image\/gif;base64,R0lGODlhAQABAAAAACH5BAEKAAEALAAAAAABAAEAAAICTAEAOw==\" class=\"lazyload\" data-load-mode=\"1\">\n<\/iframe>\n<\/div>\n\n\t<\/div>\n\n\n\n\n\t<div class=\"tribe-block tribe-block__events-link\">\n\t\t<div class=\"tribe-events tribe-common\">\n\t\t\t<div class=\"tribe-events-c-subscribe-dropdown__container\">\n\t\t\t\t<div class=\"tribe-events-c-subscribe-dropdown\">\n\t\t\t\t\t<div class=\"tribe-common-c-btn-border tribe-events-c-subscribe-dropdown__button\" tabindex=\"0\">\n\t\t\t\t\t\t<svg  class=\"tribe-common-c-svgicon tribe-common-c-svgicon--cal-export tribe-events-c-subscribe-dropdown__export-icon\"  viewBox=\"0 0 23 17\" xmlns=\"http:\/\/www.w3.org\/2000\/svg\">\n  <path fill-rule=\"evenodd\" clip-rule=\"evenodd\" d=\"M.128.896V16.13c0 .211.145.383.323.383h15.354c.179 0 .323-.172.323-.383V.896c0-.212-.144-.383-.323-.383H.451C.273.513.128.684.128.896Zm16 6.742h-.901V4.679H1.009v10.729h14.218v-3.336h.901V7.638ZM1.01 1.614h14.218v2.058H1.009V1.614Z\" \/>\n  <path d=\"M20.5 9.846H8.312M18.524 6.953l2.89 2.909-2.855 2.855\" stroke-width=\"1.2\" stroke-linecap=\"round\" stroke-linejoin=\"round\"\/>\n<\/svg>\n\t\t\t\t\t\t<button class=\"tribe-events-c-subscribe-dropdown__button-text\">\n\t\t\t\t\t\t\tA\u00f1adir al calendario\t\t\t\t\t\t<\/button>\n\t\t\t\t\t\t<svg  class=\"tribe-common-c-svgicon tribe-common-c-svgicon--caret-down tribe-events-c-subscribe-dropdown__button-icon\"  viewBox=\"0 0 10 7\" xmlns=\"http:\/\/www.w3.org\/2000\/svg\"><path fill-rule=\"evenodd\" clip-rule=\"evenodd\" d=\"M1.008.609L5 4.6 8.992.61l.958.958L5 6.517.05 1.566l.958-.958z\" class=\"tribe-common-c-svgicon__svg-fill\"\/><\/svg>\n\t\t\t\t\t<\/div>\n\t\t\t\t\t<div class=\"tribe-events-c-subscribe-dropdown__content\">\n\t\t\t\t\t\t<ul class=\"tribe-events-c-subscribe-dropdown__list\" tabindex=\"0\">\n\t\t\t\t\t\t\t\t\t\t\t\t\t\t\t<li class=\"tribe-events-c-subscribe-dropdown__list-item\">\n\t\t\t\t\t\t\t\t\t<a\n\t\t\t\t\t\t\t\t\t\thref=\"https:\/\/www.google.com\/calendar\/event?action=TEMPLATE&#038;dates=20250328T000000\/20250330T235959&#038;text=XVIII%20Concentraci%C3%B3n%20Nacional%20Club%20Peugeot%20205&#038;details=%3C%21--+wp%3Atribe%2Fevent-datetime+%2F--%3E%3C%21--+wp%3Apost-featured-image+%2F--%3E%3C%21--+wp%3Aparagraph+%7B%22placeholder%22%3A%22A%C3%B1adir+descripci%C3%B3n%E2%80%A6%22%7D+--%3E%3Cp%3ELa+Ciudad+de+Coria+ser%C3%A1+sede%2C+el+pr%C3%B3ximo+mes+de+marzo%2C+de+la+I+Concentraci%C3%B3n+de+coches+de+la+marca+Peugeot+205%2C+un+modelo+que+marc%C3%B3+una+era+en+la+historia+del+autom%C3%B3vil.%3C%2Fp%3E%3C%21--+%2Fwp%3Aparagraph+--%3E%3C%21--+wp%3Aparagraph+--%3E%3Cp%3EEl+ic%C3%B3nico+Peugeot+205+ser%C3%A1+el+protagonista+de+la+Gran+Concentraci%C3%B3n+que+se+celebrar%C3%A1+en+Coria+los+d%C3%ADas+28%2C+29+y+30+de+marzo.+Un+evento+que+reunir%C3%A1+a+aficionados%2C+propietarios+y+entusiastas+del+emblem%C3%A1tico+modelo%2C+para+celebrar+su+legado+y+compartir+la+pasi%C3%B3n+por+uno+de+los+coches+m%C3%A1s+queridos+de+la+historia+automovil%C3%ADstica+y+que+ha+cumplido+ya+40+a%C3%B1os+de+edad.%3C%2Fp%3E%3C%21--+%2Fwp%3Aparagraph+--%3E%3C%21--+wp%3Aparagraph%20(Ver%20aqu\u00ed%20la%20descripci\u00f3n%20completa%20de%20evento:%20https:\/\/turismocoria.es\/turismo\/evento\/xviii-concentracion-nacional-club-peugeot-205\/)&#038;location=Hotel%20Montesol,%20Ctra.%20Puente%20de%20Hierro,%20s\/n%20(EX-109),%20Coria,%2010800,%20Espa\u00f1a&#038;trp=false&#038;ctz=Europe\/Madrid&#038;sprop=website:https:\/\/turismocoria.es\/turismo\"\n\t\t\t\t\t\t\t\t\t\tclass=\"tribe-events-c-subscribe-dropdown__list-item-link\"\n\t\t\t\t\t\t\t\t\t\ttabindex=\"0\"\n\t\t\t\t\t\t\t\t\t\ttarget=\"_blank\"\n\t\t\t\t\t\t\t\t\t\trel=\"noopener noreferrer nofollow noindex\"\n\t\t\t\t\t\t\t\t\t>\n\t\t\t\t\t\t\t\t\t\tGoogle Calendar\t\t\t\t\t\t\t\t\t<\/a>\n\t\t\t\t\t\t\t\t<\/li>\n\t\t\t\t\t\t\t\t\t\t\t\t\t\t\t<li class=\"tribe-events-c-subscribe-dropdown__list-item\">\n\t\t\t\t\t\t\t\t\t<a\n\t\t\t\t\t\t\t\t\t\thref=\"\"\n\t\t\t\t\t\t\t\t\t\tclass=\"tribe-events-c-subscribe-dropdown__list-item-link\"\n\t\t\t\t\t\t\t\t\t\ttabindex=\"0\"\n\t\t\t\t\t\t\t\t\t\ttarget=\"_blank\"\n\t\t\t\t\t\t\t\t\t\trel=\"noopener noreferrer nofollow noindex\"\n\t\t\t\t\t\t\t\t\t>\n\t\t\t\t\t\t\t\t\t\tiCalendar\t\t\t\t\t\t\t\t\t<\/a>\n\t\t\t\t\t\t\t\t<\/li>\n\t\t\t\t\t\t\t\t\t\t\t\t\t\t\t<li class=\"tribe-events-c-subscribe-dropdown__list-item\">\n\t\t\t\t\t\t\t\t\t<a\n\t\t\t\t\t\t\t\t\t\thref=\"\"\n\t\t\t\t\t\t\t\t\t\tclass=\"tribe-events-c-subscribe-dropdown__list-item-link\"\n\t\t\t\t\t\t\t\t\t\ttabindex=\"0\"\n\t\t\t\t\t\t\t\t\t\ttarget=\"_blank\"\n\t\t\t\t\t\t\t\t\t\trel=\"noopener noreferrer nofollow noindex\"\n\t\t\t\t\t\t\t\t\t>\n\t\t\t\t\t\t\t\t\t\tOutlook 365\t\t\t\t\t\t\t\t\t<\/a>\n\t\t\t\t\t\t\t\t<\/li>\n\t\t\t\t\t\t\t\t\t\t\t\t\t\t\t<li class=\"tribe-events-c-subscribe-dropdown__list-item\">\n\t\t\t\t\t\t\t\t\t<a\n\t\t\t\t\t\t\t\t\t\thref=\"\"\n\t\t\t\t\t\t\t\t\t\tclass=\"tribe-events-c-subscribe-dropdown__list-item-link\"\n\t\t\t\t\t\t\t\t\t\ttabindex=\"0\"\n\t\t\t\t\t\t\t\t\t\ttarget=\"_blank\"\n\t\t\t\t\t\t\t\t\t\trel=\"noopener noreferrer nofollow noindex\"\n\t\t\t\t\t\t\t\t\t>\n\t\t\t\t\t\t\t\t\t\tOutlook Live\t\t\t\t\t\t\t\t\t<\/a>\n\t\t\t\t\t\t\t\t<\/li>\n\t\t\t\t\t\t\t\t\t\t\t\t\t<\/ul>\n\t\t\t\t\t<\/div>\n\t\t\t\t<\/div>\n\t\t\t<\/div>\n\t\t<\/div>\n\t<\/div>\n\n","protected":false},"excerpt":{"rendered":"<p>La Ciudad de Coria ser\u00e1 sede, el pr\u00f3ximo mes de marzo, de la I Concentraci\u00f3n de coches de la marca Peugeot 205, un modelo que marc\u00f3 una era en la historia del autom\u00f3vil. El ic\u00f3nico Peugeot 205 ser\u00e1 el protagonista de la Gran Concentraci\u00f3n que se celebrar\u00e1 en Coria los d\u00edas 28, 29 y 30 [&hellip;]<\/p>\n","protected":false},"author":4,"featured_media":12928,"comment_status":"closed","ping_status":"closed","template":"","meta":{"_uag_custom_page_level_css":"","site-sidebar-layout":"default","site-content-layout":"","ast-site-content-layout":"default","site-content-style":"default","site-sidebar-style":"default","ast-global-header-display":"","ast-banner-title-visibility":"","ast-main-header-display":"","ast-hfb-above-header-display":"","ast-hfb-below-header-display":"","ast-hfb-mobile-header-display":"","site-post-title":"","ast-breadcrumbs-content":"","ast-featured-img":"","footer-sml-layout":"","theme-transparent-header-meta":"","adv-header-id-meta":"","stick-header-meta":"","header-above-stick-meta":"","header-main-stick-meta":"","header-below-stick-meta":"","astra-migrate-meta-layouts":"set","ast-page-background-enabled":"default","ast-page-background-meta":{"desktop":{"background-color":"","background-image":"","background-repeat":"repeat","background-position":"center center","background-size":"auto","background-attachment":"scroll","background-type":"","background-media":"","overlay-type":"","overlay-color":"","overlay-opacity":"","overlay-gradient":""},"tablet":{"background-color":"","background-image":"","background-repeat":"repeat","background-position":"center center","background-size":"auto","background-attachment":"scroll","background-type":"","background-media":"","overlay-type":"","overlay-color":"","overlay-opacity":"","overlay-gradient":""},"mobile":{"background-color":"","background-image":"","background-repeat":"repeat","background-position":"center center","background-size":"auto","background-attachment":"scroll","background-type":"","background-media":"","overlay-type":"","overlay-color":"","overlay-opacity":"","overlay-gradient":""}},"ast-content-background-meta":{"desktop":{"background-color":"var(--ast-global-color-5)","background-image":"","background-repeat":"repeat","background-position":"center center","background-size":"auto","background-attachment":"scroll","background-type":"","background-media":"","overlay-type":"","overlay-color":"","overlay-opacity":"","overlay-gradient":""},"tablet":{"background-color":"var(--ast-global-color-5)","background-image":"","background-repeat":"repeat","background-position":"center center","background-size":"auto","background-attachment":"scroll","background-type":"","background-media":"","overlay-type":"","overlay-color":"","overlay-opacity":"","overlay-gradient":""},"mobile":{"background-color":"var(--ast-global-color-5)","background-image":"","background-repeat":"repeat","background-position":"center center","background-size":"auto","background-attachment":"scroll","background-type":"","background-media":"","overlay-type":"","overlay-color":"","overlay-opacity":"","overlay-gradient":""}},"_EventAllDay":true,"_EventTimezone":"Europe\/Madrid","_EventStartDate":"2025-03-28 00:00:00","_EventEndDate":"2025-03-30 23:59:59","_EventStartDateUTC":"2025-03-27 23:00:00","_EventEndDateUTC":"2025-03-30 21:59:59","_EventShowMap":true,"_EventShowMapLink":true,"_EventURL":"","_EventCost":"","_EventCostDescription":"","_EventCurrencySymbol":"\u20ac","_EventCurrencyCode":"EUR","_EventCurrencyPosition":"suffix","_EventDateTimeSeparator":"-","_EventTimeRangeSeparator":" - ","_EventOrganizerID":[12927],"_EventVenueID":12929,"_OrganizerEmail":"","_OrganizerPhone":"","_OrganizerWebsite":"","_VenueAddress":"","_VenueCity":"","_VenueCountry":"","_VenueProvince":"","_VenueZip":"","_VenuePhone":"","_VenueURL":"","_VenueStateProvince":"","_VenueLat":"","_VenueLng":"","_tribe_events_status":"","_tribe_events_status_reason":"","footnotes":""},"tags":[511],"tribe_events_cat":[],"class_list":["post-12926","tribe_events","type-tribe_events","status-publish","has-post-thumbnail","hentry","tag-511"],"uagb_featured_image_src":{"full":["https:\/\/turismocoria.es\/turismo\/wp-content\/uploads\/2025\/01\/concentracio-2026-coria.webp",1080,810,false],"thumbnail":["https:\/\/turismocoria.es\/turismo\/wp-content\/uploads\/2025\/01\/concentracio-2026-coria-150x150.webp",150,150,true],"medium":["https:\/\/turismocoria.es\/turismo\/wp-content\/uploads\/2025\/01\/concentracio-2026-coria-300x225.webp",300,225,true],"medium_large":["https:\/\/turismocoria.es\/turismo\/wp-content\/uploads\/2025\/01\/concentracio-2026-coria-768x576.webp",768,576,true],"large":["https:\/\/turismocoria.es\/turismo\/wp-content\/uploads\/2025\/01\/concentracio-2026-coria-1024x768.webp",1024,768,true],"gs-tiny":["https:\/\/turismocoria.es\/turismo\/wp-content\/uploads\/2025\/01\/concentracio-2026-coria-50x38.webp",50,38,true],"xl":["https:\/\/turismocoria.es\/turismo\/wp-content\/uploads\/2025\/01\/concentracio-2026-coria.webp",1080,810,false],"xxl":["https:\/\/turismocoria.es\/turismo\/wp-content\/uploads\/2025\/01\/concentracio-2026-coria.webp",1080,810,false],"xxxl":["https:\/\/turismocoria.es\/turismo\/wp-content\/uploads\/2025\/01\/concentracio-2026-coria.webp",1080,810,false],"xxxxl":["https:\/\/turismocoria.es\/turismo\/wp-content\/uploads\/2025\/01\/concentracio-2026-coria.webp",1080,810,false],"xxxxxl":["https:\/\/turismocoria.es\/turismo\/wp-content\/uploads\/2025\/01\/concentracio-2026-coria.webp",1080,810,false],"1536x1536":["https:\/\/turismocoria.es\/turismo\/wp-content\/uploads\/2025\/01\/concentracio-2026-coria.webp",1080,810,false],"2048x2048":["https:\/\/turismocoria.es\/turismo\/wp-content\/uploads\/2025\/01\/concentracio-2026-coria.webp",1080,810,false],"ultp_layout_landscape_large":["https:\/\/turismocoria.es\/turismo\/wp-content\/uploads\/2025\/01\/concentracio-2026-coria-1080x800.webp",1080,800,true],"ultp_layout_landscape":["https:\/\/turismocoria.es\/turismo\/wp-content\/uploads\/2025\/01\/concentracio-2026-coria-870x570.webp",870,570,true],"ultp_layout_portrait":["https:\/\/turismocoria.es\/turismo\/wp-content\/uploads\/2025\/01\/concentracio-2026-coria-600x810.webp",600,810,true],"ultp_layout_square":["https:\/\/turismocoria.es\/turismo\/wp-content\/uploads\/2025\/01\/concentracio-2026-coria-600x600.webp",600,600,true],"gb-block-post-grid-landscape":["https:\/\/turismocoria.es\/turismo\/wp-content\/uploads\/2025\/01\/concentracio-2026-coria-600x400.webp",600,400,true],"gb-block-post-grid-square":["https:\/\/turismocoria.es\/turismo\/wp-content\/uploads\/2025\/01\/concentracio-2026-coria-600x600.webp",600,600,true]},"uagb_author_info":{"display_name":"Oficina Turismo","author_link":"https:\/\/turismocoria.es\/turismo\/author\/oficina\/"},"uagb_comment_info":0,"uagb_excerpt":"La Ciudad de Coria ser\u00e1 sede, el pr\u00f3ximo mes de marzo, de la I Concentraci\u00f3n de coches de la marca Peugeot 205, un modelo que marc\u00f3 una era en la historia del autom\u00f3vil. El ic\u00f3nico Peugeot 205 ser\u00e1 el protagonista de la Gran Concentraci\u00f3n que se celebrar\u00e1 en Coria los d\u00edas 28, 29 y 30&hellip;","_links":{"self":[{"href":"https:\/\/turismocoria.es\/turismo\/wp-json\/wp\/v2\/tribe_events\/12926"}],"collection":[{"href":"https:\/\/turismocoria.es\/turismo\/wp-json\/wp\/v2\/tribe_events"}],"about":[{"href":"https:\/\/turismocoria.es\/turismo\/wp-json\/wp\/v2\/types\/tribe_events"}],"author":[{"embeddable":true,"href":"https:\/\/turismocoria.es\/turismo\/wp-json\/wp\/v2\/users\/4"}],"replies":[{"embeddable":true,"href":"https:\/\/turismocoria.es\/turismo\/wp-json\/wp\/v2\/comments?post=12926"}],"version-history":[{"count":1,"href":"https:\/\/turismocoria.es\/turismo\/wp-json\/wp\/v2\/tribe_events\/12926\/revisions"}],"predecessor-version":[{"id":12930,"href":"https:\/\/turismocoria.es\/turismo\/wp-json\/wp\/v2\/tribe_events\/12926\/revisions\/12930"}],"wp:featuredmedia":[{"embeddable":true,"href":"https:\/\/turismocoria.es\/turismo\/wp-json\/wp\/v2\/media\/12928"}],"wp:attachment":[{"href":"https:\/\/turismocoria.es\/turismo\/wp-json\/wp\/v2\/media?parent=12926"}],"wp:term":[{"taxonomy":"post_tag","embeddable":true,"href":"https:\/\/turismocoria.es\/turismo\/wp-json\/wp\/v2\/tags?post=12926"},{"taxonomy":"tribe_events_cat","embeddable":true,"href":"https:\/\/turismocoria.es\/turismo\/wp-json\/wp\/v2\/tribe_events_cat?post=12926"}],"curies":[{"name":"wp","href":"https:\/\/api.w.org\/{rel}","templated":true}]}}