{"id":12919,"date":"2025-01-15T08:52:29","date_gmt":"2025-01-15T07:52:29","guid":{"rendered":"https:\/\/turismocoria.es\/turismo\/?post_type=tribe_events&#038;p=12919"},"modified":"2025-01-23T11:07:11","modified_gmt":"2025-01-23T10:07:11","slug":"fiesta-gastronomica-del-cabrito","status":"publish","type":"tribe_events","link":"https:\/\/turismocoria.es\/turismo\/evento\/fiesta-gastronomica-del-cabrito\/","title":{"rendered":"Fiesta Gastron\u00f3mica del Cabrito"},"content":{"rendered":"<div class=\"tribe-events-schedule tribe-clearfix\">\n\t<h2 class=\"tribe-events-schedule__datetime\">\n\t\t<span class=\"tribe-events-schedule__date tribe-events-schedule__date--start\">\n\t\t\t18 01 2025\t\t<\/span>\n\n\t\t\n\t\t\t\t\t\t\t\t\t<span class=\"tribe-events-schedule__separator tribe-events-schedule__separator--time\">\n\t\t\t\t\t &#8211; \t\t\t\t<\/span>\n\t\t\t\n\t\t\t\t\t\t\t<span class=\"tribe-events-schedule__date tribe-events-schedule__date--end\">\n\t\t\t\t\t26 01 2025\t\t\t\t<\/span>\n\n\t\t\t\t\n\t\t\t\n\t\t\t\t\t\t<\/h2>\n<\/div>\n\n\n\n<div class=\"wp-block-group is-layout-flow wp-block-group-is-layout-flow\" style=\"padding-top:var(--wp--preset--spacing--20);padding-right:var(--wp--preset--spacing--10);padding-bottom:var(--wp--preset--spacing--20);padding-left:var(--wp--preset--spacing--10)\"><div class=\"wp-block-group__inner-container\">\n<p>El cabrito es un elemento fundamental en la gastronom\u00eda de Extremadura, una regi\u00f3n conocida por su rica tradici\u00f3n culinaria. Este tipo de carne es apreciado por su sabor tierno y jugoso, y se utiliza en una variedad de platos tradicionales que reflejan la herencia cultural y agr\u00edcola de la regi\u00f3n. Adem\u00e1s, la cr\u00eda de cabritos es una actividad econ\u00f3mica importante para muchas familias rurales, contribuyendo al sustento y la econom\u00eda local. La carne de cabrito no solo es un deleite para el paladar, sino que tambi\u00e9n simboliza la conexi\u00f3n profunda entre la tierra, la cultura y las tradiciones de Extremadura.<\/p>\n\n\n\n<div class=\"wp-block-columns is-layout-flex wp-container-core-columns-is-layout-1 wp-block-columns-is-layout-flex\">\n<div class=\"wp-block-column has-vivid-green-cyan-background-color has-background is-layout-flow wp-container-core-column-is-layout-1 wp-block-column-is-layout-flow\" style=\"padding-right:0;padding-left:0\">\n<div class=\"wp-block-group is-layout-flow wp-block-group-is-layout-flow\"><div class=\"wp-block-group__inner-container\">\n<h6 class=\"wp-block-heading has-text-align-center has-black-color has-light-green-cyan-background-color has-text-color has-background has-link-color wp-elements-1ef0348e37a2e7656801f4c049d1b340\"><strong>Men\u00fa Fin de Semana<\/strong><br><strong>(Del 18 al 19 Enero 2025)<\/strong><\/h6>\n\n\n\n<div class=\"wp-block-group is-layout-flow wp-block-group-is-layout-flow\" style=\"margin-top:0;margin-bottom:0;padding-top:var(--wp--preset--spacing--10);padding-right:var(--wp--preset--spacing--10);padding-bottom:var(--wp--preset--spacing--10);padding-left:var(--wp--preset--spacing--10)\"><div class=\"wp-block-group__inner-container\">\n<p class=\"has-text-align-left\"><strong>Restaurante San Crist\u00f3bal<\/strong><\/p>\n\n\n\n<p class=\"has-text-align-left\"><strong>Restaurante Montesol<\/strong><\/p>\n\n\n\n<p class=\"has-text-align-left\"><strong>Restaurante Palacio Ducal Alba<\/strong><\/p>\n\n\n\n<p class=\"has-text-align-left\"><strong>Restaurante Huumm<\/strong><\/p>\n\n\n\n<p class=\"has-text-align-left\"><strong>Restaurante Campana<\/strong><\/p>\n<\/div><\/div>\n<\/div><\/div>\n<\/div>\n\n\n\n<div class=\"wp-block-column has-vivid-green-cyan-background-color has-background is-layout-flow wp-block-column-is-layout-flow\">\n<div class=\"wp-block-group is-layout-flow wp-block-group-is-layout-flow\"><div class=\"wp-block-group__inner-container\">\n<h6 class=\"wp-block-heading has-text-align-center has-black-color has-light-green-cyan-background-color has-text-color has-background has-link-color wp-elements-8c9de5c9a25ea6bfd1eaca828b532ff5\"><strong>Men\u00fa a la Carta<br>(Del 20 al 26 Enero 2025)<\/strong><\/h6>\n\n\n\n<div class=\"wp-block-group is-layout-flow wp-block-group-is-layout-flow\" style=\"margin-top:0;margin-bottom:0;padding-top:var(--wp--preset--spacing--10);padding-right:var(--wp--preset--spacing--10);padding-bottom:var(--wp--preset--spacing--10);padding-left:var(--wp--preset--spacing--10)\"><div class=\"wp-block-group__inner-container\">\n<p class=\"has-text-align-left\"><strong>Restaurante San Crist\u00f3bal<\/strong><\/p>\n\n\n\n<p class=\"has-text-align-left\"><strong>Restaurante Montesol<\/strong><\/p>\n\n\n\n<p class=\"has-text-align-left\"><strong>Restaurante <strong>Palacio Ducal Alba<\/strong><\/strong><\/p>\n\n\n\n<p class=\"has-text-align-left\"><strong>Restaurante El Bobo de Coria<\/strong><\/p>\n\n\n\n<p class=\"has-text-align-left\"><strong><strong>Restaurante Campana<\/strong><\/strong><\/p>\n<\/div><\/div>\n<\/div><\/div>\n<\/div>\n\n\n\n<div class=\"wp-block-column has-vivid-green-cyan-background-color has-background is-layout-flow wp-block-column-is-layout-flow\">\n<div class=\"wp-block-group is-layout-flow wp-block-group-is-layout-flow\"><div class=\"wp-block-group__inner-container\">\n<h6 class=\"wp-block-heading has-text-align-center has-black-color has-light-green-cyan-background-color has-text-color has-background has-link-color wp-elements-e2dfb18b66e67818ad1c16d8a4177b89\"><strong>Raciones<\/strong><br><strong>(Del 24 al 26 Enero 2025)<\/strong><\/h6>\n\n\n\n<div class=\"wp-block-group is-layout-flow wp-block-group-is-layout-flow\" style=\"margin-top:0;margin-bottom:0;padding-top:var(--wp--preset--spacing--10);padding-right:var(--wp--preset--spacing--10);padding-bottom:var(--wp--preset--spacing--10);padding-left:var(--wp--preset--spacing--10)\"><div class=\"wp-block-group__inner-container\">\n<p class=\"has-text-align-left\"><strong>Restaurante San Crist\u00f3bal<\/strong><\/p>\n\n\n\n<p class=\"has-text-align-left\"><strong>Restaurante Palacio Ducal Alba<\/strong><\/p>\n\n\n\n<p><strong>Restaurante-Cafeter\u00eda Al-Karika<\/strong><\/p>\n\n\n\n<p><strong>Restaurante San Juan<\/strong><\/p>\n\n\n\n<p><strong>Restaurante S<\/strong>aborea La Plaza<\/p>\n\n\n\n<p><strong>Taper\u00eda La Posada<\/strong><\/p>\n\n\n\n<p><strong>GastroBar Trucha\u2019s<\/strong><\/p>\n\n\n\n<p><strong>Caf\u00e9-Bar Los Nuevos Deportes<\/strong><\/p>\n<\/div><\/div>\n<\/div><\/div>\n<\/div>\n<\/div>\n\n\n\n<div class=\"wp-block-group is-layout-flow wp-block-group-is-layout-flow\"><div class=\"wp-block-group__inner-container\">\n<h4 class=\"wp-block-heading\">Cabrito de Extremadura (IGP).<\/h4>\n\n\n\n<figure class=\"wp-block-image alignright size-full is-resized\" style=\"margin-top:var(--wp--preset--spacing--20);margin-right:var(--wp--preset--spacing--20);margin-bottom:var(--wp--preset--spacing--20);margin-left:var(--wp--preset--spacing--20)\"><a href=\"https:\/\/cabritodeextremadura.eu\" target=\"_blank\" rel=\"noreferrer noopener\"><img decoding=\"async\" data-src=\"https:\/\/turismocoria.es\/cge2025\/wp-content\/uploads\/2024\/09\/cabrito-igp.webp\" alt=\"\" class=\"wp-image-433 lazyload\" style=\"width:268px;height:auto\" src=\"data:image\/gif;base64,R0lGODlhAQABAAAAACH5BAEKAAEALAAAAAABAAEAAAICTAEAOw==\" \/><noscript><img decoding=\"async\" src=\"https:\/\/turismocoria.es\/cge2025\/wp-content\/uploads\/2024\/09\/cabrito-igp.webp\" alt=\"\" class=\"wp-image-433\" style=\"width:268px;height:auto\"\/><\/noscript><\/a><\/figure>\n\n\n\n<p class=\"has-vivid-green-cyan-background-color has-background has-medium-font-size\"><strong>Zona de producci\u00f3n<\/strong>: <br>Producto ganadero extreme\u00f1o producido en toda Extremadura mediante el sistema de producci\u00f3n extensivo o semiextensivo en el que se cr\u00edan los animales en plena libertad y por m\u00e9todos totalmente tradicionales respetando los recursos de las dehesas o las serran\u00edas logrando obtener productos 100 % naturales.<\/p>\n\n\n\n<p class=\"has-vivid-green-cyan-background-color has-background has-medium-font-size\"><strong>Caracter\u00edsticas<\/strong>: <br>Carne procedente de las canales de los cabritos controlados o de su despiece, de ambos sexos, nacidos y criados en Extremadura, procedentes de las razas caprinas verata, retinta, florida, malague\u00f1a, murciano-granadina, blanca andaluza, cabra de las mesetas o serranas, payoya o los cruces entre dichas razas, entre cuyos  principales tipos podemos encontrar: \u201ccabritos lechales\u201d, procedentes de madres que se cr\u00edan en r\u00e9gimen extensivo o semiextensivo, y que se han alimentado exclusivamente con leche materna; y \u201ccabritos destetados\u201d, procedentes de madres que se cr\u00edan igualmente en r\u00e9gimen extensivo o semiextensivo, pudiendo complementar su lactancia con concentrados compuestos fundamentalmente por cereales y leguminosas hasta el destete, en el que el acabado de los animales destinados a sacrificio se realizar\u00e1 a base de concentrados elaborados fundamentalmente con cereales, leguminosas, proteaginosas y forrajes.<\/p>\n\n\n\n<figure class=\"wp-block-image size-full\" style=\"margin-top:var(--wp--preset--spacing--20);margin-bottom:var(--wp--preset--spacing--20)\"><img decoding=\"async\" data-src=\"https:\/\/turismocoria.es\/cge2025\/wp-content\/uploads\/2024\/09\/fiesta-cabrito.webp\" alt=\"\" class=\"wp-image-418 lazyload\" src=\"data:image\/gif;base64,R0lGODlhAQABAAAAACH5BAEKAAEALAAAAAABAAEAAAICTAEAOw==\" \/><noscript><img decoding=\"async\" src=\"https:\/\/turismocoria.es\/cge2025\/wp-content\/uploads\/2024\/09\/fiesta-cabrito.webp\" alt=\"\" class=\"wp-image-418\"\/><\/noscript><\/figure>\n\n\n\n<p class=\"has-vivid-green-cyan-background-color has-background has-small-font-size\"><strong>M\u00e1s informaci\u00f3n en:<\/strong><br>Cabrito de Extremadura (IGP) : <a href=\"https:\/\/cabritodeextremadura.eu\">https:\/\/cabritodeextremadura.eu<\/a><\/p>\n<\/div><\/div>\n<\/div><\/div>\n\n\n<div class=\"tribe-block tribe-block__event-price\">\n\t\t<\/div>\n\n\n<div class=\"tribe-block tribe-block__organizer__details tribe-clearfix\">\n\t<div class=\"tribe-block__organizer__title\">\n\t\t<h3><a href=\"https:\/\/turismocoria.es\/turismo\/organizer\/ayuntamiento-de-coria\/\" title=\"Ayuntamiento de Coria\" target=\"_self\" rel=\"\">Ayuntamiento de Coria<\/a><\/h3>\n\t<\/div>\n\t\t\t<\/div>\n\n\n<div class=\"tribe-block tribe-block__venue tribe-block__venue--has-map\">\n\t\n\t\t\n\t<\/div>\n\n\n\n\n\t<div class=\"tribe-block tribe-block__events-link\">\n\t\t<div class=\"tribe-events tribe-common\">\n\t\t\t<div class=\"tribe-events-c-subscribe-dropdown__container\">\n\t\t\t\t<div class=\"tribe-events-c-subscribe-dropdown\">\n\t\t\t\t\t<div class=\"tribe-common-c-btn-border tribe-events-c-subscribe-dropdown__button\" tabindex=\"0\">\n\t\t\t\t\t\t<svg  class=\"tribe-common-c-svgicon tribe-common-c-svgicon--cal-export tribe-events-c-subscribe-dropdown__export-icon\"  viewBox=\"0 0 23 17\" xmlns=\"http:\/\/www.w3.org\/2000\/svg\">\n  <path fill-rule=\"evenodd\" clip-rule=\"evenodd\" d=\"M.128.896V16.13c0 .211.145.383.323.383h15.354c.179 0 .323-.172.323-.383V.896c0-.212-.144-.383-.323-.383H.451C.273.513.128.684.128.896Zm16 6.742h-.901V4.679H1.009v10.729h14.218v-3.336h.901V7.638ZM1.01 1.614h14.218v2.058H1.009V1.614Z\" \/>\n  <path d=\"M20.5 9.846H8.312M18.524 6.953l2.89 2.909-2.855 2.855\" stroke-width=\"1.2\" stroke-linecap=\"round\" stroke-linejoin=\"round\"\/>\n<\/svg>\n\t\t\t\t\t\t<button class=\"tribe-events-c-subscribe-dropdown__button-text\">\n\t\t\t\t\t\t\tA\u00f1adir al calendario\t\t\t\t\t\t<\/button>\n\t\t\t\t\t\t<svg  class=\"tribe-common-c-svgicon tribe-common-c-svgicon--caret-down tribe-events-c-subscribe-dropdown__button-icon\"  viewBox=\"0 0 10 7\" xmlns=\"http:\/\/www.w3.org\/2000\/svg\"><path fill-rule=\"evenodd\" clip-rule=\"evenodd\" d=\"M1.008.609L5 4.6 8.992.61l.958.958L5 6.517.05 1.566l.958-.958z\" class=\"tribe-common-c-svgicon__svg-fill\"\/><\/svg>\n\t\t\t\t\t<\/div>\n\t\t\t\t\t<div class=\"tribe-events-c-subscribe-dropdown__content\">\n\t\t\t\t\t\t<ul class=\"tribe-events-c-subscribe-dropdown__list\" tabindex=\"0\">\n\t\t\t\t\t\t\t\t\t\t\t\t\t\t\t<li class=\"tribe-events-c-subscribe-dropdown__list-item\">\n\t\t\t\t\t\t\t\t\t<a\n\t\t\t\t\t\t\t\t\t\thref=\"https:\/\/www.google.com\/calendar\/event?action=TEMPLATE&#038;dates=20250118T000000\/20250126T235959&#038;text=Fiesta%20Gastron%C3%B3mica%20del%20Cabrito&#038;details=%3C%21--+wp%3Atribe%2Fevent-datetime+%2F--%3E%3C%21--+wp%3Agroup+%7B%22style%22%3A%7B%22spacing%22%3A%7B%22padding%22%3A%7B%22top%22%3A%22var%3Apreset%7Cspacing%7C20%22%2C%22bottom%22%3A%22var%3Apreset%7Cspacing%7C20%22%2C%22left%22%3A%22var%3Apreset%7Cspacing%7C10%22%2C%22right%22%3A%22var%3Apreset%7Cspacing%7C10%22%7D%7D%7D%2C%22layout%22%3A%7B%22type%22%3A%22default%22%7D%7D+--%3E%3Cdiv+class%3D%22wp-block-group%22+style%3D%22padding-top%3Avar%28--wp--preset--spacing--20%29%3Bpadding-right%3Avar%28--wp--preset--spacing--10%29%3Bpadding-bottom%3Avar%28--wp--preset--spacing--20%29%3Bpadding-left%3Avar%28--wp--preset--spacing--10%29%22%3E%3C%21--+wp%3Aparagraph+--%3E%3Cp%3EEl+cabrito+es+un+elemento+fundamental+en+la+gastronom%C3%ADa+de+Extremadura%2C+una+regi%C3%B3n+conocida+por+su+rica+tradici%C3%B3n+culinaria.+Este+tipo+de+carne+es+apreciado+por+su+sabor+tierno+y+jugoso%2C+y+se+utiliza+en+una+variedad+de+platos+tradicionales+que+reflejan+la+herencia+cultural+y+agr%C3%%20(Ver%20aqu\u00ed%20la%20descripci\u00f3n%20completa%20de%20evento:%20https:\/\/turismocoria.es\/turismo\/evento\/fiesta-gastronomica-del-cabrito\/)&#038;trp=false&#038;ctz=Europe\/Madrid&#038;sprop=website:https:\/\/turismocoria.es\/turismo\"\n\t\t\t\t\t\t\t\t\t\tclass=\"tribe-events-c-subscribe-dropdown__list-item-link\"\n\t\t\t\t\t\t\t\t\t\ttabindex=\"0\"\n\t\t\t\t\t\t\t\t\t\ttarget=\"_blank\"\n\t\t\t\t\t\t\t\t\t\trel=\"noopener noreferrer nofollow noindex\"\n\t\t\t\t\t\t\t\t\t>\n\t\t\t\t\t\t\t\t\t\tGoogle Calendar\t\t\t\t\t\t\t\t\t<\/a>\n\t\t\t\t\t\t\t\t<\/li>\n\t\t\t\t\t\t\t\t\t\t\t\t\t\t\t<li class=\"tribe-events-c-subscribe-dropdown__list-item\">\n\t\t\t\t\t\t\t\t\t<a\n\t\t\t\t\t\t\t\t\t\thref=\"\"\n\t\t\t\t\t\t\t\t\t\tclass=\"tribe-events-c-subscribe-dropdown__list-item-link\"\n\t\t\t\t\t\t\t\t\t\ttabindex=\"0\"\n\t\t\t\t\t\t\t\t\t\ttarget=\"_blank\"\n\t\t\t\t\t\t\t\t\t\trel=\"noopener noreferrer nofollow noindex\"\n\t\t\t\t\t\t\t\t\t>\n\t\t\t\t\t\t\t\t\t\tiCalendar\t\t\t\t\t\t\t\t\t<\/a>\n\t\t\t\t\t\t\t\t<\/li>\n\t\t\t\t\t\t\t\t\t\t\t\t\t\t\t<li class=\"tribe-events-c-subscribe-dropdown__list-item\">\n\t\t\t\t\t\t\t\t\t<a\n\t\t\t\t\t\t\t\t\t\thref=\"\"\n\t\t\t\t\t\t\t\t\t\tclass=\"tribe-events-c-subscribe-dropdown__list-item-link\"\n\t\t\t\t\t\t\t\t\t\ttabindex=\"0\"\n\t\t\t\t\t\t\t\t\t\ttarget=\"_blank\"\n\t\t\t\t\t\t\t\t\t\trel=\"noopener noreferrer nofollow noindex\"\n\t\t\t\t\t\t\t\t\t>\n\t\t\t\t\t\t\t\t\t\tOutlook 365\t\t\t\t\t\t\t\t\t<\/a>\n\t\t\t\t\t\t\t\t<\/li>\n\t\t\t\t\t\t\t\t\t\t\t\t\t\t\t<li class=\"tribe-events-c-subscribe-dropdown__list-item\">\n\t\t\t\t\t\t\t\t\t<a\n\t\t\t\t\t\t\t\t\t\thref=\"\"\n\t\t\t\t\t\t\t\t\t\tclass=\"tribe-events-c-subscribe-dropdown__list-item-link\"\n\t\t\t\t\t\t\t\t\t\ttabindex=\"0\"\n\t\t\t\t\t\t\t\t\t\ttarget=\"_blank\"\n\t\t\t\t\t\t\t\t\t\trel=\"noopener noreferrer nofollow noindex\"\n\t\t\t\t\t\t\t\t\t>\n\t\t\t\t\t\t\t\t\t\tOutlook Live\t\t\t\t\t\t\t\t\t<\/a>\n\t\t\t\t\t\t\t\t<\/li>\n\t\t\t\t\t\t\t\t\t\t\t\t\t<\/ul>\n\t\t\t\t\t<\/div>\n\t\t\t\t<\/div>\n\t\t\t<\/div>\n\t\t<\/div>\n\t<\/div>\n\n","protected":false},"excerpt":{"rendered":"<p>El cabrito es un elemento fundamental en la gastronom\u00eda de Extremadura, una regi\u00f3n conocida por su rica tradici\u00f3n culinaria. Este tipo de carne es apreciado por su sabor tierno y jugoso, y se utiliza en una variedad de platos tradicionales que reflejan la herencia cultural y agr\u00edcola de la regi\u00f3n. Adem\u00e1s, la cr\u00eda de cabritos [&hellip;]<\/p>\n","protected":false},"author":4,"featured_media":12934,"comment_status":"closed","ping_status":"closed","template":"","meta":{"_uag_custom_page_level_css":"","site-sidebar-layout":"default","site-content-layout":"","ast-site-content-layout":"default","site-content-style":"default","site-sidebar-style":"default","ast-global-header-display":"","ast-banner-title-visibility":"","ast-main-header-display":"","ast-hfb-above-header-display":"","ast-hfb-below-header-display":"","ast-hfb-mobile-header-display":"","site-post-title":"","ast-breadcrumbs-content":"","ast-featured-img":"","footer-sml-layout":"","theme-transparent-header-meta":"","adv-header-id-meta":"","stick-header-meta":"","header-above-stick-meta":"","header-main-stick-meta":"","header-below-stick-meta":"","astra-migrate-meta-layouts":"set","ast-page-background-enabled":"default","ast-page-background-meta":{"desktop":{"background-color":"","background-image":"","background-repeat":"repeat","background-position":"center center","background-size":"auto","background-attachment":"scroll","background-type":"","background-media":"","overlay-type":"","overlay-color":"","overlay-opacity":"","overlay-gradient":""},"tablet":{"background-color":"","background-image":"","background-repeat":"repeat","background-position":"center center","background-size":"auto","background-attachment":"scroll","background-type":"","background-media":"","overlay-type":"","overlay-color":"","overlay-opacity":"","overlay-gradient":""},"mobile":{"background-color":"","background-image":"","background-repeat":"repeat","background-position":"center center","background-size":"auto","background-attachment":"scroll","background-type":"","background-media":"","overlay-type":"","overlay-color":"","overlay-opacity":"","overlay-gradient":""}},"ast-content-background-meta":{"desktop":{"background-color":"var(--ast-global-color-5)","background-image":"","background-repeat":"repeat","background-position":"center center","background-size":"auto","background-attachment":"scroll","background-type":"","background-media":"","overlay-type":"","overlay-color":"","overlay-opacity":"","overlay-gradient":""},"tablet":{"background-color":"var(--ast-global-color-5)","background-image":"","background-repeat":"repeat","background-position":"center center","background-size":"auto","background-attachment":"scroll","background-type":"","background-media":"","overlay-type":"","overlay-color":"","overlay-opacity":"","overlay-gradient":""},"mobile":{"background-color":"var(--ast-global-color-5)","background-image":"","background-repeat":"repeat","background-position":"center center","background-size":"auto","background-attachment":"scroll","background-type":"","background-media":"","overlay-type":"","overlay-color":"","overlay-opacity":"","overlay-gradient":""}},"_EventAllDay":true,"_EventTimezone":"Europe\/Madrid","_EventStartDate":"2025-01-18 00:00:00","_EventEndDate":"2025-01-26 23:59:59","_EventStartDateUTC":"2025-01-17 23:00:00","_EventEndDateUTC":"2025-01-26 22:59:59","_EventShowMap":true,"_EventShowMapLink":true,"_EventURL":"","_EventCost":"","_EventCostDescription":"","_EventCurrencySymbol":"\u20ac","_EventCurrencyCode":"EUR","_EventCurrencyPosition":"suffix","_EventDateTimeSeparator":"-","_EventTimeRangeSeparator":" - ","_EventOrganizerID":[11943],"_EventVenueID":0,"_OrganizerEmail":"","_OrganizerPhone":"","_OrganizerWebsite":"","_VenueAddress":"","_VenueCity":"","_VenueCountry":"","_VenueProvince":"","_VenueZip":"","_VenuePhone":"","_VenueURL":"","_VenueStateProvince":"","_VenueLat":"","_VenueLng":"","_tribe_events_status":"","_tribe_events_status_reason":"","footnotes":""},"tags":[419],"tribe_events_cat":[],"class_list":["post-12919","tribe_events","type-tribe_events","status-publish","has-post-thumbnail","hentry","tag-gastronomia"],"uagb_featured_image_src":{"full":["https:\/\/turismocoria.es\/turismo\/wp-content\/uploads\/2025\/01\/fiesta-gastronomica-cabrito-cgecoria-2025.webp",1638,2048,false],"thumbnail":["https:\/\/turismocoria.es\/turismo\/wp-content\/uploads\/2025\/01\/fiesta-gastronomica-cabrito-cgecoria-2025-150x150.webp",150,150,true],"medium":["https:\/\/turismocoria.es\/turismo\/wp-content\/uploads\/2025\/01\/fiesta-gastronomica-cabrito-cgecoria-2025-240x300.webp",240,300,true],"medium_large":["https:\/\/turismocoria.es\/turismo\/wp-content\/uploads\/2025\/01\/fiesta-gastronomica-cabrito-cgecoria-2025-768x960.webp",768,960,true],"large":["https:\/\/turismocoria.es\/turismo\/wp-content\/uploads\/2025\/01\/fiesta-gastronomica-cabrito-cgecoria-2025-819x1024.webp",819,1024,true],"gs-tiny":["https:\/\/turismocoria.es\/turismo\/wp-content\/uploads\/2025\/01\/fiesta-gastronomica-cabrito-cgecoria-2025-50x63.webp",50,63,true],"xl":["https:\/\/turismocoria.es\/turismo\/wp-content\/uploads\/2025\/01\/fiesta-gastronomica-cabrito-cgecoria-2025-1600x2000.webp",1600,2000,true],"xxl":["https:\/\/turismocoria.es\/turismo\/wp-content\/uploads\/2025\/01\/fiesta-gastronomica-cabrito-cgecoria-2025.webp",1638,2048,false],"xxxl":["https:\/\/turismocoria.es\/turismo\/wp-content\/uploads\/2025\/01\/fiesta-gastronomica-cabrito-cgecoria-2025.webp",1638,2048,false],"xxxxl":["https:\/\/turismocoria.es\/turismo\/wp-content\/uploads\/2025\/01\/fiesta-gastronomica-cabrito-cgecoria-2025.webp",1638,2048,false],"xxxxxl":["https:\/\/turismocoria.es\/turismo\/wp-content\/uploads\/2025\/01\/fiesta-gastronomica-cabrito-cgecoria-2025.webp",1638,2048,false],"1536x1536":["https:\/\/turismocoria.es\/turismo\/wp-content\/uploads\/2025\/01\/fiesta-gastronomica-cabrito-cgecoria-2025-1229x1536.webp",1229,1536,true],"2048x2048":["https:\/\/turismocoria.es\/turismo\/wp-content\/uploads\/2025\/01\/fiesta-gastronomica-cabrito-cgecoria-2025.webp",1638,2048,false],"ultp_layout_landscape_large":["https:\/\/turismocoria.es\/turismo\/wp-content\/uploads\/2025\/01\/fiesta-gastronomica-cabrito-cgecoria-2025-1200x800.webp",1200,800,true],"ultp_layout_landscape":["https:\/\/turismocoria.es\/turismo\/wp-content\/uploads\/2025\/01\/fiesta-gastronomica-cabrito-cgecoria-2025-870x570.webp",870,570,true],"ultp_layout_portrait":["https:\/\/turismocoria.es\/turismo\/wp-content\/uploads\/2025\/01\/fiesta-gastronomica-cabrito-cgecoria-2025-600x900.webp",600,900,true],"ultp_layout_square":["https:\/\/turismocoria.es\/turismo\/wp-content\/uploads\/2025\/01\/fiesta-gastronomica-cabrito-cgecoria-2025-600x600.webp",600,600,true],"gb-block-post-grid-landscape":["https:\/\/turismocoria.es\/turismo\/wp-content\/uploads\/2025\/01\/fiesta-gastronomica-cabrito-cgecoria-2025-600x400.webp",600,400,true],"gb-block-post-grid-square":["https:\/\/turismocoria.es\/turismo\/wp-content\/uploads\/2025\/01\/fiesta-gastronomica-cabrito-cgecoria-2025-600x600.webp",600,600,true]},"uagb_author_info":{"display_name":"Oficina Turismo","author_link":"https:\/\/turismocoria.es\/turismo\/author\/oficina\/"},"uagb_comment_info":0,"uagb_excerpt":"El cabrito es un elemento fundamental en la gastronom\u00eda de Extremadura, una regi\u00f3n conocida por su rica tradici\u00f3n culinaria. Este tipo de carne es apreciado por su sabor tierno y jugoso, y se utiliza en una variedad de platos tradicionales que reflejan la herencia cultural y agr\u00edcola de la regi\u00f3n. Adem\u00e1s, la cr\u00eda de cabritos&hellip;","_links":{"self":[{"href":"https:\/\/turismocoria.es\/turismo\/wp-json\/wp\/v2\/tribe_events\/12919"}],"collection":[{"href":"https:\/\/turismocoria.es\/turismo\/wp-json\/wp\/v2\/tribe_events"}],"about":[{"href":"https:\/\/turismocoria.es\/turismo\/wp-json\/wp\/v2\/types\/tribe_events"}],"author":[{"embeddable":true,"href":"https:\/\/turismocoria.es\/turismo\/wp-json\/wp\/v2\/users\/4"}],"replies":[{"embeddable":true,"href":"https:\/\/turismocoria.es\/turismo\/wp-json\/wp\/v2\/comments?post=12919"}],"version-history":[{"count":2,"href":"https:\/\/turismocoria.es\/turismo\/wp-json\/wp\/v2\/tribe_events\/12919\/revisions"}],"predecessor-version":[{"id":12925,"href":"https:\/\/turismocoria.es\/turismo\/wp-json\/wp\/v2\/tribe_events\/12919\/revisions\/12925"}],"wp:featuredmedia":[{"embeddable":true,"href":"https:\/\/turismocoria.es\/turismo\/wp-json\/wp\/v2\/media\/12934"}],"wp:attachment":[{"href":"https:\/\/turismocoria.es\/turismo\/wp-json\/wp\/v2\/media?parent=12919"}],"wp:term":[{"taxonomy":"post_tag","embeddable":true,"href":"https:\/\/turismocoria.es\/turismo\/wp-json\/wp\/v2\/tags?post=12919"},{"taxonomy":"tribe_events_cat","embeddable":true,"href":"https:\/\/turismocoria.es\/turismo\/wp-json\/wp\/v2\/tribe_events_cat?post=12919"}],"curies":[{"name":"wp","href":"https:\/\/api.w.org\/{rel}","templated":true}]}}