{"id":12875,"date":"2024-12-16T11:28:04","date_gmt":"2024-12-16T10:28:04","guid":{"rendered":"https:\/\/turismocoria.es\/turismo\/?post_type=tribe_events&#038;p=12875"},"modified":"2024-12-16T14:04:19","modified_gmt":"2024-12-16T13:04:19","slug":"belen-viviente-en-coria","status":"publish","type":"tribe_events","link":"https:\/\/turismocoria.es\/turismo\/evento\/belen-viviente-en-coria\/","title":{"rendered":"Bel\u00e9n Viviente en Coria"},"content":{"rendered":"<div class=\"tribe-events-schedule tribe-clearfix\">\n\t<h2 class=\"tribe-events-schedule__datetime\">\n\t\t<span class=\"tribe-events-schedule__date tribe-events-schedule__date--start\">\n\t\t\t21 12 2024\t\t<\/span>\n\n\t\t\t\t\t<span class=\"tribe-events-schedule__separator tribe-events-schedule__separator--date\">\n\t\t\t\t&#8211;\t\t\t<\/span>\n\t\t\t<span class=\"tribe-events-schedule__time tribe-events-schedule__time--start\">\n\t\t\t\t19:00\t\t\t<\/span>\n\t\t\n\t\t\t\t\t\t\t\t\t<span class=\"tribe-events-schedule__separator tribe-events-schedule__separator--time\">\n\t\t\t\t\t &#8211; \t\t\t\t<\/span>\n\t\t\t\n\t\t\t\t\t\t\t<span class=\"tribe-events-schedule__time tribe-events-schedule__time--end\">\n\t\t\t\t\t21:00\t\t\t\t<\/span>\n\t\t\t\n\t\t\t\t\t\t<\/h2>\n<\/div>\n\n\n\n<figure data-wp-context=\"{&quot;imageId&quot;:&quot;69f254dacf0ab&quot;}\" data-wp-interactive=\"core\/image\" class=\"wp-block-image alignleft size-large is-resized wp-lightbox-container\"><img loading=\"lazy\" decoding=\"async\" width=\"724\" height=\"1024\" data-wp-class--hide=\"state.isContentHidden\" data-wp-class--show=\"state.isContentVisible\" data-wp-init=\"callbacks.setButtonStyles\" data-wp-on-async--click=\"actions.showLightbox\" data-wp-on-async--load=\"callbacks.setButtonStyles\" data-wp-on-async-window--resize=\"callbacks.setButtonStyles\" data-src=\"https:\/\/turismocoria.es\/turismo\/wp-content\/uploads\/2024\/12\/belen-viviente-coria-2024-1-724x1024.webp\" alt=\"\" class=\"wp-image-12882 lazyload\" style=\"--smush-placeholder-width: 724px; --smush-placeholder-aspect-ratio: 724\/1024;width:316px;height:auto\" data-srcset=\"https:\/\/turismocoria.es\/turismo\/wp-content\/uploads\/2024\/12\/belen-viviente-coria-2024-1-724x1024.webp 724w, https:\/\/turismocoria.es\/turismo\/wp-content\/uploads\/2024\/12\/belen-viviente-coria-2024-1-212x300.webp 212w, https:\/\/turismocoria.es\/turismo\/wp-content\/uploads\/2024\/12\/belen-viviente-coria-2024-1-768x1086.webp 768w, https:\/\/turismocoria.es\/turismo\/wp-content\/uploads\/2024\/12\/belen-viviente-coria-2024-1-50x71.webp 50w, https:\/\/turismocoria.es\/turismo\/wp-content\/uploads\/2024\/12\/belen-viviente-coria-2024-1-1086x1536.webp 1086w, https:\/\/turismocoria.es\/turismo\/wp-content\/uploads\/2024\/12\/belen-viviente-coria-2024-1.webp 1131w\" data-sizes=\"(max-width: 724px) 100vw, 724px\" src=\"data:image\/gif;base64,R0lGODlhAQABAAAAACH5BAEKAAEALAAAAAABAAEAAAICTAEAOw==\" \/><noscript><img loading=\"lazy\" decoding=\"async\" width=\"724\" height=\"1024\" data-wp-class--hide=\"state.isContentHidden\" data-wp-class--show=\"state.isContentVisible\" data-wp-init=\"callbacks.setButtonStyles\" data-wp-on-async--click=\"actions.showLightbox\" data-wp-on-async--load=\"callbacks.setButtonStyles\" data-wp-on-async-window--resize=\"callbacks.setButtonStyles\" src=\"https:\/\/turismocoria.es\/turismo\/wp-content\/uploads\/2024\/12\/belen-viviente-coria-2024-1-724x1024.webp\" alt=\"\" class=\"wp-image-12882\" style=\"width:316px;height:auto\" srcset=\"https:\/\/turismocoria.es\/turismo\/wp-content\/uploads\/2024\/12\/belen-viviente-coria-2024-1-724x1024.webp 724w, https:\/\/turismocoria.es\/turismo\/wp-content\/uploads\/2024\/12\/belen-viviente-coria-2024-1-212x300.webp 212w, https:\/\/turismocoria.es\/turismo\/wp-content\/uploads\/2024\/12\/belen-viviente-coria-2024-1-768x1086.webp 768w, https:\/\/turismocoria.es\/turismo\/wp-content\/uploads\/2024\/12\/belen-viviente-coria-2024-1-50x71.webp 50w, https:\/\/turismocoria.es\/turismo\/wp-content\/uploads\/2024\/12\/belen-viviente-coria-2024-1-1086x1536.webp 1086w, https:\/\/turismocoria.es\/turismo\/wp-content\/uploads\/2024\/12\/belen-viviente-coria-2024-1.webp 1131w\" sizes=\"(max-width: 724px) 100vw, 724px\" \/><\/noscript><button\n\t\t\tclass=\"lightbox-trigger\"\n\t\t\ttype=\"button\"\n\t\t\taria-haspopup=\"dialog\"\n\t\t\taria-label=\"Ampliar la imagen\"\n\t\t\tdata-wp-init=\"callbacks.initTriggerButton\"\n\t\t\tdata-wp-on-async--click=\"actions.showLightbox\"\n\t\t\tdata-wp-style--right=\"state.imageButtonRight\"\n\t\t\tdata-wp-style--top=\"state.imageButtonTop\"\n\t\t>\n\t\t\t<svg xmlns=\"http:\/\/www.w3.org\/2000\/svg\" width=\"12\" height=\"12\" fill=\"none\" viewBox=\"0 0 12 12\">\n\t\t\t\t<path fill=\"#fff\" d=\"M2 0a2 2 0 0 0-2 2v2h1.5V2a.5.5 0 0 1 .5-.5h2V0H2Zm2 10.5H2a.5.5 0 0 1-.5-.5V8H0v2a2 2 0 0 0 2 2h2v-1.5ZM8 12v-1.5h2a.5.5 0 0 0 .5-.5V8H12v2a2 2 0 0 1-2 2H8Zm2-12a2 2 0 0 1 2 2v2h-1.5V2a.5.5 0 0 0-.5-.5H8V0h2Z\" \/>\n\t\t\t<\/svg>\n\t\t<\/button><\/figure>\n\n\n\n<p>El Ayuntamiento de Coria, junto a la colaboraci\u00f3n de varias asociaciones de la localidad y personas particulares, organiza un a\u00f1o m\u00e1s el tradicional Bel\u00e9n Viviente que este a\u00f1o contar\u00e1 con novedades importantes y se celebrar\u00e1 el pr\u00f3ximo s\u00e1bado d\u00eda 21.<\/p>\n\n\n\n<p>Alberto Jos\u00e9 D\u00edaz, Concejal de Barrios en el Ayuntamiento, ha explicado que en esta edici\u00f3n se quiere recuperar la representaci\u00f3n teatral que se hac\u00eda en a\u00f1os anteriores realizando una representaci\u00f3n completa del Bel\u00e9n, con texto, di\u00e1logos, etc, con la colaboraci\u00f3n de personas que se han prestado a ser actores por un d\u00eda.<\/p>\n\n\n\n<p>D\u00edaz ha afirmado que se ha elegido un gui\u00f3n y se ha dividido en varias escenas que ser\u00e1n representadas a las 19:00 horas en la plaza de Espa\u00f1a.<\/p>\n\n\n\n<p>Cabe destacar que una vez finalizada la representaci\u00f3n teatral del Bel\u00e9n Viviente, las asociaciones compartir\u00e1n con los asistentes chocolate, migas, y productos t\u00edpicos de esta \u00e9poca del a\u00f1o, en las plazas de San Pedro, Cava, San Benito y Espa\u00f1a.<\/p>\n\n\n\n<p>Las asociaciones, colectivos y centros educativos que colaboran son: Asociaci\u00f3n de Mujeres, Colegio Sagrado Coraz\u00f3n, Iglesia Evang\u00e9lica, AXPAY, AOEX Coria, Coros y Danzas Savia Viva, Pe\u00f1a La Geta, Juventud Cauriense y Asociaci\u00f3n Pe\u00f1a Junta de Defensa.<\/p>\n\n\n<div class=\"tribe-block tribe-block__event-price\">\n\t\t<\/div>\n\n\n<div class=\"tribe-block tribe-block__organizer__details tribe-clearfix\">\n\t<div class=\"tribe-block__organizer__title\">\n\t\t<h3><a href=\"https:\/\/turismocoria.es\/turismo\/organizer\/ayuntamiento-de-coria\/\" title=\"Ayuntamiento de Coria\" target=\"_self\" rel=\"\">Ayuntamiento de Coria<\/a><\/h3>\n\t<\/div>\n\t\t\t<\/div>\n\n\n<div class=\"tribe-block tribe-block__venue tribe-block__venue--has-map\">\n\t\n\t\n<div class=\"tribe-block__venue__meta\">\n\t<div class=\"tribe-block__venue__name\">\n\t\t<h3><a href=\"https:\/\/turismocoria.es\/turismo\/venue\/casco-historico-de-coria\/\" title=\"Casco Hist\u00f3rico de Coria\">Casco Hist\u00f3rico de Coria<\/a><\/h3>\n\t<\/div>\n\n\t\n\t\n\t\n\t\n\t<\/div>\n\t\n\t<\/div>\n\n\n\n\n\t<div class=\"tribe-block tribe-block__events-link\">\n\t\t<div class=\"tribe-events tribe-common\">\n\t\t\t<div class=\"tribe-events-c-subscribe-dropdown__container\">\n\t\t\t\t<div class=\"tribe-events-c-subscribe-dropdown\">\n\t\t\t\t\t<div class=\"tribe-common-c-btn-border tribe-events-c-subscribe-dropdown__button\" tabindex=\"0\">\n\t\t\t\t\t\t<svg  class=\"tribe-common-c-svgicon tribe-common-c-svgicon--cal-export tribe-events-c-subscribe-dropdown__export-icon\"  viewBox=\"0 0 23 17\" xmlns=\"http:\/\/www.w3.org\/2000\/svg\">\n  <path fill-rule=\"evenodd\" clip-rule=\"evenodd\" d=\"M.128.896V16.13c0 .211.145.383.323.383h15.354c.179 0 .323-.172.323-.383V.896c0-.212-.144-.383-.323-.383H.451C.273.513.128.684.128.896Zm16 6.742h-.901V4.679H1.009v10.729h14.218v-3.336h.901V7.638ZM1.01 1.614h14.218v2.058H1.009V1.614Z\" \/>\n  <path d=\"M20.5 9.846H8.312M18.524 6.953l2.89 2.909-2.855 2.855\" stroke-width=\"1.2\" stroke-linecap=\"round\" stroke-linejoin=\"round\"\/>\n<\/svg>\n\t\t\t\t\t\t<button class=\"tribe-events-c-subscribe-dropdown__button-text\">\n\t\t\t\t\t\t\tA\u00f1adir al calendario\t\t\t\t\t\t<\/button>\n\t\t\t\t\t\t<svg  class=\"tribe-common-c-svgicon tribe-common-c-svgicon--caret-down tribe-events-c-subscribe-dropdown__button-icon\"  viewBox=\"0 0 10 7\" xmlns=\"http:\/\/www.w3.org\/2000\/svg\"><path fill-rule=\"evenodd\" clip-rule=\"evenodd\" d=\"M1.008.609L5 4.6 8.992.61l.958.958L5 6.517.05 1.566l.958-.958z\" class=\"tribe-common-c-svgicon__svg-fill\"\/><\/svg>\n\t\t\t\t\t<\/div>\n\t\t\t\t\t<div class=\"tribe-events-c-subscribe-dropdown__content\">\n\t\t\t\t\t\t<ul class=\"tribe-events-c-subscribe-dropdown__list\" tabindex=\"0\">\n\t\t\t\t\t\t\t\t\t\t\t\t\t\t\t<li class=\"tribe-events-c-subscribe-dropdown__list-item\">\n\t\t\t\t\t\t\t\t\t<a\n\t\t\t\t\t\t\t\t\t\thref=\"https:\/\/www.google.com\/calendar\/event?action=TEMPLATE&#038;dates=20241221T190000\/20241221T210000&#038;text=Bel%C3%A9n%20Viviente%20en%20Coria&#038;details=%3C%21--+wp%3Atribe%2Fevent-datetime+%2F--%3E%3C%21--+wp%3Aimage+%7B%22lightbox%22%3A%7B%22enabled%22%3Atrue%7D%2C%22id%22%3A12882%2C%22width%22%3A%22316px%22%2C%22height%22%3A%22auto%22%2C%22sizeSlug%22%3A%22large%22%2C%22linkDestination%22%3A%22none%22%2C%22align%22%3A%22left%22%7D+--%3E%3Cfigure+class%3D%22wp-block-image+alignleft+size-large+is-resized%22%3E%3Cimg+src%3D%22https%3A%2F%2Fturismocoria.es%2Fturismo%2Fwp-content%2Fuploads%2F2024%2F12%2Fbelen-viviente-coria-2024-1-724x1024.webp%22+alt%3D%22%22+class%3D%22wp-image-12882%22+style%3D%22width%3A316px%3Bheight%3Aauto%22%2F%3E%3C%2Ffigure%3E%3C%21--+%2Fwp%3Aimage+--%3E%3C%21--+wp%3Aparagraph+%7B%22placeholder%22%3A%22A%C3%B1adir+descripci%C3%B3n%E2%80%A6%22%7D+--%3E%3Cp%3EEl+Ayuntamiento+de+Coria%2C+junto+a+la+colaboraci%C3%B3n+de+varias+asociaciones+de+la+localidad+y+personas+particulares%2C+organiza+un+a%C3%B1o+m%C3%A1s+el+tradicional+Bel%C3%A9n+Viviente+que+este+a%C3%B1o+contar%C3%A1+con+novedades+i%20(Ver%20aqu\u00ed%20la%20descripci\u00f3n%20completa%20de%20evento:%20https:\/\/turismocoria.es\/turismo\/evento\/belen-viviente-en-coria\/)&#038;location=Casco%20Hist\u00f3rico%20de%20Coria&#038;trp=false&#038;ctz=Europe\/Madrid&#038;sprop=website:https:\/\/turismocoria.es\/turismo\"\n\t\t\t\t\t\t\t\t\t\tclass=\"tribe-events-c-subscribe-dropdown__list-item-link\"\n\t\t\t\t\t\t\t\t\t\ttabindex=\"0\"\n\t\t\t\t\t\t\t\t\t\ttarget=\"_blank\"\n\t\t\t\t\t\t\t\t\t\trel=\"noopener noreferrer nofollow noindex\"\n\t\t\t\t\t\t\t\t\t>\n\t\t\t\t\t\t\t\t\t\tGoogle Calendar\t\t\t\t\t\t\t\t\t<\/a>\n\t\t\t\t\t\t\t\t<\/li>\n\t\t\t\t\t\t\t\t\t\t\t\t\t\t\t<li class=\"tribe-events-c-subscribe-dropdown__list-item\">\n\t\t\t\t\t\t\t\t\t<a\n\t\t\t\t\t\t\t\t\t\thref=\"\"\n\t\t\t\t\t\t\t\t\t\tclass=\"tribe-events-c-subscribe-dropdown__list-item-link\"\n\t\t\t\t\t\t\t\t\t\ttabindex=\"0\"\n\t\t\t\t\t\t\t\t\t\ttarget=\"_blank\"\n\t\t\t\t\t\t\t\t\t\trel=\"noopener noreferrer nofollow noindex\"\n\t\t\t\t\t\t\t\t\t>\n\t\t\t\t\t\t\t\t\t\tiCalendar\t\t\t\t\t\t\t\t\t<\/a>\n\t\t\t\t\t\t\t\t<\/li>\n\t\t\t\t\t\t\t\t\t\t\t\t\t\t\t<li class=\"tribe-events-c-subscribe-dropdown__list-item\">\n\t\t\t\t\t\t\t\t\t<a\n\t\t\t\t\t\t\t\t\t\thref=\"\"\n\t\t\t\t\t\t\t\t\t\tclass=\"tribe-events-c-subscribe-dropdown__list-item-link\"\n\t\t\t\t\t\t\t\t\t\ttabindex=\"0\"\n\t\t\t\t\t\t\t\t\t\ttarget=\"_blank\"\n\t\t\t\t\t\t\t\t\t\trel=\"noopener noreferrer nofollow noindex\"\n\t\t\t\t\t\t\t\t\t>\n\t\t\t\t\t\t\t\t\t\tOutlook 365\t\t\t\t\t\t\t\t\t<\/a>\n\t\t\t\t\t\t\t\t<\/li>\n\t\t\t\t\t\t\t\t\t\t\t\t\t\t\t<li class=\"tribe-events-c-subscribe-dropdown__list-item\">\n\t\t\t\t\t\t\t\t\t<a\n\t\t\t\t\t\t\t\t\t\thref=\"\"\n\t\t\t\t\t\t\t\t\t\tclass=\"tribe-events-c-subscribe-dropdown__list-item-link\"\n\t\t\t\t\t\t\t\t\t\ttabindex=\"0\"\n\t\t\t\t\t\t\t\t\t\ttarget=\"_blank\"\n\t\t\t\t\t\t\t\t\t\trel=\"noopener noreferrer nofollow noindex\"\n\t\t\t\t\t\t\t\t\t>\n\t\t\t\t\t\t\t\t\t\tOutlook Live\t\t\t\t\t\t\t\t\t<\/a>\n\t\t\t\t\t\t\t\t<\/li>\n\t\t\t\t\t\t\t\t\t\t\t\t\t<\/ul>\n\t\t\t\t\t<\/div>\n\t\t\t\t<\/div>\n\t\t\t<\/div>\n\t\t<\/div>\n\t<\/div>\n\n","protected":false},"excerpt":{"rendered":"<p>El Ayuntamiento de Coria, junto a la colaboraci\u00f3n de varias asociaciones de la localidad y personas particulares, organiza un a\u00f1o m\u00e1s el tradicional Bel\u00e9n Viviente que este a\u00f1o contar\u00e1 con novedades importantes y se celebrar\u00e1 el pr\u00f3ximo s\u00e1bado d\u00eda 21. Alberto Jos\u00e9 D\u00edaz, Concejal de Barrios en el Ayuntamiento, ha explicado que en esta edici\u00f3n [&hellip;]<\/p>\n","protected":false},"author":4,"featured_media":12882,"comment_status":"closed","ping_status":"closed","template":"","meta":{"_uag_custom_page_level_css":"","site-sidebar-layout":"default","site-content-layout":"","ast-site-content-layout":"default","site-content-style":"default","site-sidebar-style":"default","ast-global-header-display":"","ast-banner-title-visibility":"","ast-main-header-display":"","ast-hfb-above-header-display":"","ast-hfb-below-header-display":"","ast-hfb-mobile-header-display":"","site-post-title":"","ast-breadcrumbs-content":"","ast-featured-img":"","footer-sml-layout":"","theme-transparent-header-meta":"","adv-header-id-meta":"","stick-header-meta":"","header-above-stick-meta":"","header-main-stick-meta":"","header-below-stick-meta":"","astra-migrate-meta-layouts":"set","ast-page-background-enabled":"default","ast-page-background-meta":{"desktop":{"background-color":"","background-image":"","background-repeat":"repeat","background-position":"center center","background-size":"auto","background-attachment":"scroll","background-type":"","background-media":"","overlay-type":"","overlay-color":"","overlay-opacity":"","overlay-gradient":""},"tablet":{"background-color":"","background-image":"","background-repeat":"repeat","background-position":"center center","background-size":"auto","background-attachment":"scroll","background-type":"","background-media":"","overlay-type":"","overlay-color":"","overlay-opacity":"","overlay-gradient":""},"mobile":{"background-color":"","background-image":"","background-repeat":"repeat","background-position":"center center","background-size":"auto","background-attachment":"scroll","background-type":"","background-media":"","overlay-type":"","overlay-color":"","overlay-opacity":"","overlay-gradient":""}},"ast-content-background-meta":{"desktop":{"background-color":"var(--ast-global-color-5)","background-image":"","background-repeat":"repeat","background-position":"center center","background-size":"auto","background-attachment":"scroll","background-type":"","background-media":"","overlay-type":"","overlay-color":"","overlay-opacity":"","overlay-gradient":""},"tablet":{"background-color":"var(--ast-global-color-5)","background-image":"","background-repeat":"repeat","background-position":"center center","background-size":"auto","background-attachment":"scroll","background-type":"","background-media":"","overlay-type":"","overlay-color":"","overlay-opacity":"","overlay-gradient":""},"mobile":{"background-color":"var(--ast-global-color-5)","background-image":"","background-repeat":"repeat","background-position":"center center","background-size":"auto","background-attachment":"scroll","background-type":"","background-media":"","overlay-type":"","overlay-color":"","overlay-opacity":"","overlay-gradient":""}},"_EventAllDay":false,"_EventTimezone":"Europe\/Madrid","_EventStartDate":"2024-12-21 19:00:00","_EventEndDate":"2024-12-21 21:00:00","_EventStartDateUTC":"2024-12-21 18:00:00","_EventEndDateUTC":"2024-12-21 20:00:00","_EventShowMap":true,"_EventShowMapLink":true,"_EventURL":"","_EventCost":"","_EventCostDescription":"","_EventCurrencySymbol":"\u20ac","_EventCurrencyCode":"EUR","_EventCurrencyPosition":"suffix","_EventDateTimeSeparator":"-","_EventTimeRangeSeparator":" - ","_EventOrganizerID":[11943],"_EventVenueID":11916,"_OrganizerEmail":"","_OrganizerPhone":"","_OrganizerWebsite":"","_VenueAddress":"","_VenueCity":"","_VenueCountry":"","_VenueProvince":"","_VenueZip":"","_VenuePhone":"","_VenueURL":"","_VenueStateProvince":"","_VenueLat":"","_VenueLng":"","_tribe_events_status":"","_tribe_events_status_reason":"","footnotes":""},"tags":[],"tribe_events_cat":[],"class_list":["post-12875","tribe_events","type-tribe_events","status-publish","has-post-thumbnail","hentry"],"uagb_featured_image_src":{"full":["https:\/\/turismocoria.es\/turismo\/wp-content\/uploads\/2024\/12\/belen-viviente-coria-2024-1.webp",1131,1600,false],"thumbnail":["https:\/\/turismocoria.es\/turismo\/wp-content\/uploads\/2024\/12\/belen-viviente-coria-2024-1-150x150.webp",150,150,true],"medium":["https:\/\/turismocoria.es\/turismo\/wp-content\/uploads\/2024\/12\/belen-viviente-coria-2024-1-212x300.webp",212,300,true],"medium_large":["https:\/\/turismocoria.es\/turismo\/wp-content\/uploads\/2024\/12\/belen-viviente-coria-2024-1-768x1086.webp",768,1086,true],"large":["https:\/\/turismocoria.es\/turismo\/wp-content\/uploads\/2024\/12\/belen-viviente-coria-2024-1-724x1024.webp",724,1024,true],"gs-tiny":["https:\/\/turismocoria.es\/turismo\/wp-content\/uploads\/2024\/12\/belen-viviente-coria-2024-1-50x71.webp",50,71,true],"xl":["https:\/\/turismocoria.es\/turismo\/wp-content\/uploads\/2024\/12\/belen-viviente-coria-2024-1.webp",1131,1600,false],"xxl":["https:\/\/turismocoria.es\/turismo\/wp-content\/uploads\/2024\/12\/belen-viviente-coria-2024-1.webp",1131,1600,false],"xxxl":["https:\/\/turismocoria.es\/turismo\/wp-content\/uploads\/2024\/12\/belen-viviente-coria-2024-1.webp",1131,1600,false],"xxxxl":["https:\/\/turismocoria.es\/turismo\/wp-content\/uploads\/2024\/12\/belen-viviente-coria-2024-1.webp",1131,1600,false],"xxxxxl":["https:\/\/turismocoria.es\/turismo\/wp-content\/uploads\/2024\/12\/belen-viviente-coria-2024-1.webp",1131,1600,false],"1536x1536":["https:\/\/turismocoria.es\/turismo\/wp-content\/uploads\/2024\/12\/belen-viviente-coria-2024-1-1086x1536.webp",1086,1536,true],"2048x2048":["https:\/\/turismocoria.es\/turismo\/wp-content\/uploads\/2024\/12\/belen-viviente-coria-2024-1.webp",1131,1600,false],"ultp_layout_landscape_large":["https:\/\/turismocoria.es\/turismo\/wp-content\/uploads\/2024\/12\/belen-viviente-coria-2024-1-1131x800.webp",1131,800,true],"ultp_layout_landscape":["https:\/\/turismocoria.es\/turismo\/wp-content\/uploads\/2024\/12\/belen-viviente-coria-2024-1-870x570.webp",870,570,true],"ultp_layout_portrait":["https:\/\/turismocoria.es\/turismo\/wp-content\/uploads\/2024\/12\/belen-viviente-coria-2024-1-600x900.webp",600,900,true],"ultp_layout_square":["https:\/\/turismocoria.es\/turismo\/wp-content\/uploads\/2024\/12\/belen-viviente-coria-2024-1-600x600.webp",600,600,true],"gb-block-post-grid-landscape":["https:\/\/turismocoria.es\/turismo\/wp-content\/uploads\/2024\/12\/belen-viviente-coria-2024-1-600x400.webp",600,400,true],"gb-block-post-grid-square":["https:\/\/turismocoria.es\/turismo\/wp-content\/uploads\/2024\/12\/belen-viviente-coria-2024-1-600x600.webp",600,600,true]},"uagb_author_info":{"display_name":"Oficina Turismo","author_link":"https:\/\/turismocoria.es\/turismo\/author\/oficina\/"},"uagb_comment_info":0,"uagb_excerpt":"El Ayuntamiento de Coria, junto a la colaboraci\u00f3n de varias asociaciones de la localidad y personas particulares, organiza un a\u00f1o m\u00e1s el tradicional Bel\u00e9n Viviente que este a\u00f1o contar\u00e1 con novedades importantes y se celebrar\u00e1 el pr\u00f3ximo s\u00e1bado d\u00eda 21. Alberto Jos\u00e9 D\u00edaz, Concejal de Barrios en el Ayuntamiento, ha explicado que en esta edici\u00f3n&hellip;","_links":{"self":[{"href":"https:\/\/turismocoria.es\/turismo\/wp-json\/wp\/v2\/tribe_events\/12875"}],"collection":[{"href":"https:\/\/turismocoria.es\/turismo\/wp-json\/wp\/v2\/tribe_events"}],"about":[{"href":"https:\/\/turismocoria.es\/turismo\/wp-json\/wp\/v2\/types\/tribe_events"}],"author":[{"embeddable":true,"href":"https:\/\/turismocoria.es\/turismo\/wp-json\/wp\/v2\/users\/4"}],"replies":[{"embeddable":true,"href":"https:\/\/turismocoria.es\/turismo\/wp-json\/wp\/v2\/comments?post=12875"}],"version-history":[{"count":3,"href":"https:\/\/turismocoria.es\/turismo\/wp-json\/wp\/v2\/tribe_events\/12875\/revisions"}],"predecessor-version":[{"id":12884,"href":"https:\/\/turismocoria.es\/turismo\/wp-json\/wp\/v2\/tribe_events\/12875\/revisions\/12884"}],"wp:featuredmedia":[{"embeddable":true,"href":"https:\/\/turismocoria.es\/turismo\/wp-json\/wp\/v2\/media\/12882"}],"wp:attachment":[{"href":"https:\/\/turismocoria.es\/turismo\/wp-json\/wp\/v2\/media?parent=12875"}],"wp:term":[{"taxonomy":"post_tag","embeddable":true,"href":"https:\/\/turismocoria.es\/turismo\/wp-json\/wp\/v2\/tags?post=12875"},{"taxonomy":"tribe_events_cat","embeddable":true,"href":"https:\/\/turismocoria.es\/turismo\/wp-json\/wp\/v2\/tribe_events_cat?post=12875"}],"curies":[{"name":"wp","href":"https:\/\/api.w.org\/{rel}","templated":true}]}}