{"id":12862,"date":"2024-12-11T14:48:49","date_gmt":"2024-12-11T13:48:49","guid":{"rendered":"https:\/\/turismocoria.es\/turismo\/?post_type=tribe_events&#038;p=12862"},"modified":"2024-12-16T10:15:10","modified_gmt":"2024-12-16T09:15:10","slug":"exposicion-de-belenes-en-el-casco-historico","status":"publish","type":"tribe_events","link":"https:\/\/turismocoria.es\/turismo\/evento\/exposicion-de-belenes-en-el-casco-historico\/","title":{"rendered":"Exposici\u00f3n de Belenes en el Casco Hist\u00f3rico"},"content":{"rendered":"<div class=\"tribe-events-schedule tribe-clearfix\">\n\t<h2 class=\"tribe-events-schedule__datetime\">\n\t\t<span class=\"tribe-events-schedule__date tribe-events-schedule__date--start\">\n\t\t\t01 12 2024\t\t<\/span>\n\n\t\t\n\t\t\t\t\t\t\t\t\t<span class=\"tribe-events-schedule__separator tribe-events-schedule__separator--time\">\n\t\t\t\t\t &#8211; \t\t\t\t<\/span>\n\t\t\t\n\t\t\t\t\t\t\t<span class=\"tribe-events-schedule__date tribe-events-schedule__date--end\">\n\t\t\t\t\t31 12 2024\t\t\t\t<\/span>\n\n\t\t\t\t\n\t\t\t\n\t\t\t\t\t\t<\/h2>\n<\/div>\n\n\n\n<p>Nos complace anunciar que, como cada a\u00f1o, la ciudad de Coria celebrar\u00e1 su tan esperada Exposici\u00f3n de Belenes en la pintoresca zona del Casco Hist\u00f3rico. Este evento, que ha ganado gran popularidad entre los vecinos y visitantes, transformar\u00e1 las calles de nuestra Ciudad Monumental en un aut\u00e9ntico escaparate de creatividad y esp\u00edritu navide\u00f1o.<\/p>\n\n\n\n<p>Para hacer a\u00fan m\u00e1s especial esta edici\u00f3n, y facilitar la identificaci\u00f3n de las casas participantes, cada vivienda que forme parte de la exposici\u00f3n contar\u00e1 con una estrella navide\u00f1a colocada en su fachada. Esta estrella servir\u00e1 como distintivo, guiando a los paseantes a trav\u00e9s de las diferentes muestras de belenes repartidas por toda la parte antigua.<\/p>\n\n\n\n<p>Les invitamos a recorrer las calles y disfrutar de la diversidad de belenes, que reflejan la rica tradici\u00f3n y la ilusi\u00f3n de la Navidad en Coria. La exposici\u00f3n estar\u00e1 disponible durante todo el mes de diciembre, desde las primeras luces hasta la v\u00edspera de Reyes. \u00a1No se lo pierdan!<\/p>\n\n\n\n<p>\u00a1Ven y vive la magia de la Navidad en Coria!<\/p>\n\n\n\n<figure data-wp-context=\"{&quot;imageId&quot;:&quot;69f1c0c543234&quot;}\" data-wp-interactive=\"core\/image\" class=\"wp-block-image size-large is-resized wp-lightbox-container\"><img loading=\"lazy\" decoding=\"async\" width=\"769\" height=\"1024\" data-wp-class--hide=\"state.isContentHidden\" data-wp-class--show=\"state.isContentVisible\" data-wp-init=\"callbacks.setButtonStyles\" data-wp-on-async--click=\"actions.showLightbox\" data-wp-on-async--load=\"callbacks.setButtonStyles\" data-wp-on-async-window--resize=\"callbacks.setButtonStyles\" data-src=\"https:\/\/turismocoria.es\/turismo\/wp-content\/uploads\/2024\/12\/belenes-2024-769x1024.webp\" alt=\"\" class=\"wp-image-12863 lazyload\" style=\"--smush-placeholder-width: 769px; --smush-placeholder-aspect-ratio: 769\/1024;width:538px;height:auto\" data-srcset=\"https:\/\/turismocoria.es\/turismo\/wp-content\/uploads\/2024\/12\/belenes-2024-769x1024.webp 769w, https:\/\/turismocoria.es\/turismo\/wp-content\/uploads\/2024\/12\/belenes-2024-225x300.webp 225w, https:\/\/turismocoria.es\/turismo\/wp-content\/uploads\/2024\/12\/belenes-2024-768x1023.webp 768w, https:\/\/turismocoria.es\/turismo\/wp-content\/uploads\/2024\/12\/belenes-2024-50x67.webp 50w, https:\/\/turismocoria.es\/turismo\/wp-content\/uploads\/2024\/12\/belenes-2024-1153x1536.webp 1153w, https:\/\/turismocoria.es\/turismo\/wp-content\/uploads\/2024\/12\/belenes-2024.webp 1440w\" data-sizes=\"(max-width: 769px) 100vw, 769px\" src=\"data:image\/gif;base64,R0lGODlhAQABAAAAACH5BAEKAAEALAAAAAABAAEAAAICTAEAOw==\" \/><noscript><img loading=\"lazy\" decoding=\"async\" width=\"769\" height=\"1024\" data-wp-class--hide=\"state.isContentHidden\" data-wp-class--show=\"state.isContentVisible\" data-wp-init=\"callbacks.setButtonStyles\" data-wp-on-async--click=\"actions.showLightbox\" data-wp-on-async--load=\"callbacks.setButtonStyles\" data-wp-on-async-window--resize=\"callbacks.setButtonStyles\" src=\"https:\/\/turismocoria.es\/turismo\/wp-content\/uploads\/2024\/12\/belenes-2024-769x1024.webp\" alt=\"\" class=\"wp-image-12863\" style=\"width:538px;height:auto\" srcset=\"https:\/\/turismocoria.es\/turismo\/wp-content\/uploads\/2024\/12\/belenes-2024-769x1024.webp 769w, https:\/\/turismocoria.es\/turismo\/wp-content\/uploads\/2024\/12\/belenes-2024-225x300.webp 225w, https:\/\/turismocoria.es\/turismo\/wp-content\/uploads\/2024\/12\/belenes-2024-768x1023.webp 768w, https:\/\/turismocoria.es\/turismo\/wp-content\/uploads\/2024\/12\/belenes-2024-50x67.webp 50w, https:\/\/turismocoria.es\/turismo\/wp-content\/uploads\/2024\/12\/belenes-2024-1153x1536.webp 1153w, https:\/\/turismocoria.es\/turismo\/wp-content\/uploads\/2024\/12\/belenes-2024.webp 1440w\" sizes=\"(max-width: 769px) 100vw, 769px\" \/><\/noscript><button\n\t\t\tclass=\"lightbox-trigger\"\n\t\t\ttype=\"button\"\n\t\t\taria-haspopup=\"dialog\"\n\t\t\taria-label=\"Ampliar la imagen\"\n\t\t\tdata-wp-init=\"callbacks.initTriggerButton\"\n\t\t\tdata-wp-on-async--click=\"actions.showLightbox\"\n\t\t\tdata-wp-style--right=\"state.imageButtonRight\"\n\t\t\tdata-wp-style--top=\"state.imageButtonTop\"\n\t\t>\n\t\t\t<svg xmlns=\"http:\/\/www.w3.org\/2000\/svg\" width=\"12\" height=\"12\" fill=\"none\" viewBox=\"0 0 12 12\">\n\t\t\t\t<path fill=\"#fff\" d=\"M2 0a2 2 0 0 0-2 2v2h1.5V2a.5.5 0 0 1 .5-.5h2V0H2Zm2 10.5H2a.5.5 0 0 1-.5-.5V8H0v2a2 2 0 0 0 2 2h2v-1.5ZM8 12v-1.5h2a.5.5 0 0 0 .5-.5V8H12v2a2 2 0 0 1-2 2H8Zm2-12a2 2 0 0 1 2 2v2h-1.5V2a.5.5 0 0 0-.5-.5H8V0h2Z\" \/>\n\t\t\t<\/svg>\n\t\t<\/button><\/figure>\n\n\n<div class=\"tribe-block tribe-block__event-price\">\n\t\t<\/div>\n\n\n<div class=\"tribe-block tribe-block__organizer__details tribe-clearfix\">\n\t<div class=\"tribe-block__organizer__title\">\n\t\t<h3><a href=\"https:\/\/turismocoria.es\/turismo\/organizer\/ayuntamiento-de-coria\/\" title=\"Ayuntamiento de Coria\" target=\"_self\" rel=\"\">Ayuntamiento de Coria<\/a><\/h3>\n\t<\/div>\n\t\t\t<\/div>\n\n\n<div class=\"tribe-block tribe-block__venue tribe-block__venue--has-map\">\n\t\n\t\n<div class=\"tribe-block__venue__meta\">\n\t<div class=\"tribe-block__venue__name\">\n\t\t<h3><a href=\"https:\/\/turismocoria.es\/turismo\/venue\/casco-historico-de-coria\/\" title=\"Casco Hist\u00f3rico de Coria\">Casco Hist\u00f3rico de Coria<\/a><\/h3>\n\t<\/div>\n\n\t\n\t\n\t\n\t\n\t<\/div>\n\t\n\t<\/div>\n\n\n\n\n\t<div class=\"tribe-block tribe-block__events-link\">\n\t\t<div class=\"tribe-events tribe-common\">\n\t\t\t<div class=\"tribe-events-c-subscribe-dropdown__container\">\n\t\t\t\t<div class=\"tribe-events-c-subscribe-dropdown\">\n\t\t\t\t\t<div class=\"tribe-common-c-btn-border tribe-events-c-subscribe-dropdown__button\" tabindex=\"0\">\n\t\t\t\t\t\t<svg  class=\"tribe-common-c-svgicon tribe-common-c-svgicon--cal-export tribe-events-c-subscribe-dropdown__export-icon\"  viewBox=\"0 0 23 17\" xmlns=\"http:\/\/www.w3.org\/2000\/svg\">\n  <path fill-rule=\"evenodd\" clip-rule=\"evenodd\" d=\"M.128.896V16.13c0 .211.145.383.323.383h15.354c.179 0 .323-.172.323-.383V.896c0-.212-.144-.383-.323-.383H.451C.273.513.128.684.128.896Zm16 6.742h-.901V4.679H1.009v10.729h14.218v-3.336h.901V7.638ZM1.01 1.614h14.218v2.058H1.009V1.614Z\" \/>\n  <path d=\"M20.5 9.846H8.312M18.524 6.953l2.89 2.909-2.855 2.855\" stroke-width=\"1.2\" stroke-linecap=\"round\" stroke-linejoin=\"round\"\/>\n<\/svg>\n\t\t\t\t\t\t<button class=\"tribe-events-c-subscribe-dropdown__button-text\">\n\t\t\t\t\t\t\tA\u00f1adir al calendario\t\t\t\t\t\t<\/button>\n\t\t\t\t\t\t<svg  class=\"tribe-common-c-svgicon tribe-common-c-svgicon--caret-down tribe-events-c-subscribe-dropdown__button-icon\"  viewBox=\"0 0 10 7\" xmlns=\"http:\/\/www.w3.org\/2000\/svg\"><path fill-rule=\"evenodd\" clip-rule=\"evenodd\" d=\"M1.008.609L5 4.6 8.992.61l.958.958L5 6.517.05 1.566l.958-.958z\" class=\"tribe-common-c-svgicon__svg-fill\"\/><\/svg>\n\t\t\t\t\t<\/div>\n\t\t\t\t\t<div class=\"tribe-events-c-subscribe-dropdown__content\">\n\t\t\t\t\t\t<ul class=\"tribe-events-c-subscribe-dropdown__list\" tabindex=\"0\">\n\t\t\t\t\t\t\t\t\t\t\t\t\t\t\t<li class=\"tribe-events-c-subscribe-dropdown__list-item\">\n\t\t\t\t\t\t\t\t\t<a\n\t\t\t\t\t\t\t\t\t\thref=\"https:\/\/www.google.com\/calendar\/event?action=TEMPLATE&#038;dates=20241201T000000\/20241231T235959&#038;text=Exposici%C3%B3n%20de%20Belenes%20en%20el%20Casco%20Hist%C3%B3rico&#038;details=%3C%21--+wp%3Atribe%2Fevent-datetime+%2F--%3E%3C%21--+wp%3Aparagraph+%7B%22placeholder%22%3A%22A%C3%B1adir+descripci%C3%B3n%E2%80%A6%22%7D+--%3E%3Cp%3ENos+complace+anunciar+que%2C+como+cada+a%C3%B1o%2C+la+ciudad+de+Coria+celebrar%C3%A1+su+tan+esperada+Exposici%C3%B3n+de+Belenes+en+la+pintoresca+zona+del+Casco+Hist%C3%B3rico.+Este+evento%2C+que+ha+ganado+gran+popularidad+entre+los+vecinos+y+visitantes%2C+transformar%C3%A1+las+calles+de+nuestra+Ciudad+Monumental+en+un+aut%C3%A9ntico+escaparate+de+creatividad+y+esp%C3%ADritu+navide%C3%B1o.%3C%2Fp%3E%3C%21--+%2Fwp%3Aparagraph+--%3E%3C%21--+wp%3Aparagraph+--%3E%3Cp%3EPara+hacer+a%C3%BAn+m%C3%A1s+especial+esta+edici%C3%B3n%2C+y+facilitar+la+identificaci%C3%B3n+de+las+casas+participantes%2C+cada+vivienda+que+forme+parte+de+la+exposici%C3%B3n+contar%C3%A1+con+una+estrella+navide%C3%B1a+colocada+en+su+fachada.+Esta+estrella+servir%C3%A1+como+distintivo%2C+guiando+a+los+paseantes+a+trav%C3%A9s+de+las+diferentes+muestras+%20(Ver%20aqu\u00ed%20la%20descripci\u00f3n%20completa%20de%20evento:%20https:\/\/turismocoria.es\/turismo\/evento\/exposicion-de-belenes-en-el-casco-historico\/)&#038;location=Casco%20Hist\u00f3rico%20de%20Coria&#038;trp=false&#038;ctz=Europe\/Madrid&#038;sprop=website:https:\/\/turismocoria.es\/turismo\"\n\t\t\t\t\t\t\t\t\t\tclass=\"tribe-events-c-subscribe-dropdown__list-item-link\"\n\t\t\t\t\t\t\t\t\t\ttabindex=\"0\"\n\t\t\t\t\t\t\t\t\t\ttarget=\"_blank\"\n\t\t\t\t\t\t\t\t\t\trel=\"noopener noreferrer nofollow noindex\"\n\t\t\t\t\t\t\t\t\t>\n\t\t\t\t\t\t\t\t\t\tGoogle Calendar\t\t\t\t\t\t\t\t\t<\/a>\n\t\t\t\t\t\t\t\t<\/li>\n\t\t\t\t\t\t\t\t\t\t\t\t\t\t\t<li class=\"tribe-events-c-subscribe-dropdown__list-item\">\n\t\t\t\t\t\t\t\t\t<a\n\t\t\t\t\t\t\t\t\t\thref=\"\"\n\t\t\t\t\t\t\t\t\t\tclass=\"tribe-events-c-subscribe-dropdown__list-item-link\"\n\t\t\t\t\t\t\t\t\t\ttabindex=\"0\"\n\t\t\t\t\t\t\t\t\t\ttarget=\"_blank\"\n\t\t\t\t\t\t\t\t\t\trel=\"noopener noreferrer nofollow noindex\"\n\t\t\t\t\t\t\t\t\t>\n\t\t\t\t\t\t\t\t\t\tiCalendar\t\t\t\t\t\t\t\t\t<\/a>\n\t\t\t\t\t\t\t\t<\/li>\n\t\t\t\t\t\t\t\t\t\t\t\t\t\t\t<li class=\"tribe-events-c-subscribe-dropdown__list-item\">\n\t\t\t\t\t\t\t\t\t<a\n\t\t\t\t\t\t\t\t\t\thref=\"\"\n\t\t\t\t\t\t\t\t\t\tclass=\"tribe-events-c-subscribe-dropdown__list-item-link\"\n\t\t\t\t\t\t\t\t\t\ttabindex=\"0\"\n\t\t\t\t\t\t\t\t\t\ttarget=\"_blank\"\n\t\t\t\t\t\t\t\t\t\trel=\"noopener noreferrer nofollow noindex\"\n\t\t\t\t\t\t\t\t\t>\n\t\t\t\t\t\t\t\t\t\tOutlook 365\t\t\t\t\t\t\t\t\t<\/a>\n\t\t\t\t\t\t\t\t<\/li>\n\t\t\t\t\t\t\t\t\t\t\t\t\t\t\t<li class=\"tribe-events-c-subscribe-dropdown__list-item\">\n\t\t\t\t\t\t\t\t\t<a\n\t\t\t\t\t\t\t\t\t\thref=\"\"\n\t\t\t\t\t\t\t\t\t\tclass=\"tribe-events-c-subscribe-dropdown__list-item-link\"\n\t\t\t\t\t\t\t\t\t\ttabindex=\"0\"\n\t\t\t\t\t\t\t\t\t\ttarget=\"_blank\"\n\t\t\t\t\t\t\t\t\t\trel=\"noopener noreferrer nofollow noindex\"\n\t\t\t\t\t\t\t\t\t>\n\t\t\t\t\t\t\t\t\t\tOutlook Live\t\t\t\t\t\t\t\t\t<\/a>\n\t\t\t\t\t\t\t\t<\/li>\n\t\t\t\t\t\t\t\t\t\t\t\t\t<\/ul>\n\t\t\t\t\t<\/div>\n\t\t\t\t<\/div>\n\t\t\t<\/div>\n\t\t<\/div>\n\t<\/div>\n\n","protected":false},"excerpt":{"rendered":"<p>Nos complace anunciar que, como cada a\u00f1o, la ciudad de Coria celebrar\u00e1 su tan esperada Exposici\u00f3n de Belenes en la pintoresca zona del Casco Hist\u00f3rico. Este evento, que ha ganado gran popularidad entre los vecinos y visitantes, transformar\u00e1 las calles de nuestra Ciudad Monumental en un aut\u00e9ntico escaparate de creatividad y esp\u00edritu navide\u00f1o. Para hacer [&hellip;]<\/p>\n","protected":false},"author":4,"featured_media":12866,"comment_status":"closed","ping_status":"closed","template":"","meta":{"_uag_custom_page_level_css":"","site-sidebar-layout":"default","site-content-layout":"","ast-site-content-layout":"default","site-content-style":"default","site-sidebar-style":"default","ast-global-header-display":"","ast-banner-title-visibility":"","ast-main-header-display":"","ast-hfb-above-header-display":"","ast-hfb-below-header-display":"","ast-hfb-mobile-header-display":"","site-post-title":"","ast-breadcrumbs-content":"","ast-featured-img":"","footer-sml-layout":"","theme-transparent-header-meta":"","adv-header-id-meta":"","stick-header-meta":"","header-above-stick-meta":"","header-main-stick-meta":"","header-below-stick-meta":"","astra-migrate-meta-layouts":"set","ast-page-background-enabled":"default","ast-page-background-meta":{"desktop":{"background-color":"","background-image":"","background-repeat":"repeat","background-position":"center center","background-size":"auto","background-attachment":"scroll","background-type":"","background-media":"","overlay-type":"","overlay-color":"","overlay-opacity":"","overlay-gradient":""},"tablet":{"background-color":"","background-image":"","background-repeat":"repeat","background-position":"center center","background-size":"auto","background-attachment":"scroll","background-type":"","background-media":"","overlay-type":"","overlay-color":"","overlay-opacity":"","overlay-gradient":""},"mobile":{"background-color":"","background-image":"","background-repeat":"repeat","background-position":"center center","background-size":"auto","background-attachment":"scroll","background-type":"","background-media":"","overlay-type":"","overlay-color":"","overlay-opacity":"","overlay-gradient":""}},"ast-content-background-meta":{"desktop":{"background-color":"var(--ast-global-color-5)","background-image":"","background-repeat":"repeat","background-position":"center center","background-size":"auto","background-attachment":"scroll","background-type":"","background-media":"","overlay-type":"","overlay-color":"","overlay-opacity":"","overlay-gradient":""},"tablet":{"background-color":"var(--ast-global-color-5)","background-image":"","background-repeat":"repeat","background-position":"center center","background-size":"auto","background-attachment":"scroll","background-type":"","background-media":"","overlay-type":"","overlay-color":"","overlay-opacity":"","overlay-gradient":""},"mobile":{"background-color":"var(--ast-global-color-5)","background-image":"","background-repeat":"repeat","background-position":"center center","background-size":"auto","background-attachment":"scroll","background-type":"","background-media":"","overlay-type":"","overlay-color":"","overlay-opacity":"","overlay-gradient":""}},"_EventAllDay":true,"_EventTimezone":"Europe\/Madrid","_EventStartDate":"2024-12-01 00:00:00","_EventEndDate":"2024-12-31 23:59:59","_EventStartDateUTC":"2024-11-30 23:00:00","_EventEndDateUTC":"2024-12-31 22:59:59","_EventShowMap":true,"_EventShowMapLink":true,"_EventURL":"","_EventCost":"","_EventCostDescription":"","_EventCurrencySymbol":"\u20ac","_EventCurrencyCode":"EUR","_EventCurrencyPosition":"suffix","_EventDateTimeSeparator":"-","_EventTimeRangeSeparator":" - ","_EventOrganizerID":[11943],"_EventVenueID":11916,"_OrganizerEmail":"","_OrganizerPhone":"","_OrganizerWebsite":"","_VenueAddress":"","_VenueCity":"","_VenueCountry":"","_VenueProvince":"","_VenueZip":"","_VenuePhone":"","_VenueURL":"","_VenueStateProvince":"","_VenueLat":"","_VenueLng":"","_tribe_events_status":"","_tribe_events_status_reason":"","footnotes":""},"tags":[503],"tribe_events_cat":[],"class_list":["post-12862","tribe_events","type-tribe_events","status-publish","has-post-thumbnail","hentry","tag-belenes"],"uagb_featured_image_src":{"full":["https:\/\/turismocoria.es\/turismo\/wp-content\/uploads\/2024\/12\/exposicion-belenes-ayto.jpg",1131,1600,false],"thumbnail":["https:\/\/turismocoria.es\/turismo\/wp-content\/uploads\/2024\/12\/exposicion-belenes-ayto-150x150.jpg",150,150,true],"medium":["https:\/\/turismocoria.es\/turismo\/wp-content\/uploads\/2024\/12\/exposicion-belenes-ayto-212x300.jpg",212,300,true],"medium_large":["https:\/\/turismocoria.es\/turismo\/wp-content\/uploads\/2024\/12\/exposicion-belenes-ayto-768x1086.jpg",768,1086,true],"large":["https:\/\/turismocoria.es\/turismo\/wp-content\/uploads\/2024\/12\/exposicion-belenes-ayto-724x1024.jpg",724,1024,true],"gs-tiny":["https:\/\/turismocoria.es\/turismo\/wp-content\/uploads\/2024\/12\/exposicion-belenes-ayto-50x71.jpg",50,71,true],"xl":["https:\/\/turismocoria.es\/turismo\/wp-content\/uploads\/2024\/12\/exposicion-belenes-ayto.jpg",1131,1600,false],"xxl":["https:\/\/turismocoria.es\/turismo\/wp-content\/uploads\/2024\/12\/exposicion-belenes-ayto.jpg",1131,1600,false],"xxxl":["https:\/\/turismocoria.es\/turismo\/wp-content\/uploads\/2024\/12\/exposicion-belenes-ayto.jpg",1131,1600,false],"xxxxl":["https:\/\/turismocoria.es\/turismo\/wp-content\/uploads\/2024\/12\/exposicion-belenes-ayto.jpg",1131,1600,false],"xxxxxl":["https:\/\/turismocoria.es\/turismo\/wp-content\/uploads\/2024\/12\/exposicion-belenes-ayto.jpg",1131,1600,false],"1536x1536":["https:\/\/turismocoria.es\/turismo\/wp-content\/uploads\/2024\/12\/exposicion-belenes-ayto-1086x1536.jpg",1086,1536,true],"2048x2048":["https:\/\/turismocoria.es\/turismo\/wp-content\/uploads\/2024\/12\/exposicion-belenes-ayto.jpg",1131,1600,false],"ultp_layout_landscape_large":["https:\/\/turismocoria.es\/turismo\/wp-content\/uploads\/2024\/12\/exposicion-belenes-ayto-1131x800.jpg",1131,800,true],"ultp_layout_landscape":["https:\/\/turismocoria.es\/turismo\/wp-content\/uploads\/2024\/12\/exposicion-belenes-ayto-870x570.jpg",870,570,true],"ultp_layout_portrait":["https:\/\/turismocoria.es\/turismo\/wp-content\/uploads\/2024\/12\/exposicion-belenes-ayto-600x900.jpg",600,900,true],"ultp_layout_square":["https:\/\/turismocoria.es\/turismo\/wp-content\/uploads\/2024\/12\/exposicion-belenes-ayto-600x600.jpg",600,600,true],"gb-block-post-grid-landscape":["https:\/\/turismocoria.es\/turismo\/wp-content\/uploads\/2024\/12\/exposicion-belenes-ayto-600x400.jpg",600,400,true],"gb-block-post-grid-square":["https:\/\/turismocoria.es\/turismo\/wp-content\/uploads\/2024\/12\/exposicion-belenes-ayto-600x600.jpg",600,600,true]},"uagb_author_info":{"display_name":"Oficina Turismo","author_link":"https:\/\/turismocoria.es\/turismo\/author\/oficina\/"},"uagb_comment_info":0,"uagb_excerpt":"Nos complace anunciar que, como cada a\u00f1o, la ciudad de Coria celebrar\u00e1 su tan esperada Exposici\u00f3n de Belenes en la pintoresca zona del Casco Hist\u00f3rico. Este evento, que ha ganado gran popularidad entre los vecinos y visitantes, transformar\u00e1 las calles de nuestra Ciudad Monumental en un aut\u00e9ntico escaparate de creatividad y esp\u00edritu navide\u00f1o. Para hacer&hellip;","_links":{"self":[{"href":"https:\/\/turismocoria.es\/turismo\/wp-json\/wp\/v2\/tribe_events\/12862"}],"collection":[{"href":"https:\/\/turismocoria.es\/turismo\/wp-json\/wp\/v2\/tribe_events"}],"about":[{"href":"https:\/\/turismocoria.es\/turismo\/wp-json\/wp\/v2\/types\/tribe_events"}],"author":[{"embeddable":true,"href":"https:\/\/turismocoria.es\/turismo\/wp-json\/wp\/v2\/users\/4"}],"replies":[{"embeddable":true,"href":"https:\/\/turismocoria.es\/turismo\/wp-json\/wp\/v2\/comments?post=12862"}],"version-history":[{"count":1,"href":"https:\/\/turismocoria.es\/turismo\/wp-json\/wp\/v2\/tribe_events\/12862\/revisions"}],"predecessor-version":[{"id":12865,"href":"https:\/\/turismocoria.es\/turismo\/wp-json\/wp\/v2\/tribe_events\/12862\/revisions\/12865"}],"wp:featuredmedia":[{"embeddable":true,"href":"https:\/\/turismocoria.es\/turismo\/wp-json\/wp\/v2\/media\/12866"}],"wp:attachment":[{"href":"https:\/\/turismocoria.es\/turismo\/wp-json\/wp\/v2\/media?parent=12862"}],"wp:term":[{"taxonomy":"post_tag","embeddable":true,"href":"https:\/\/turismocoria.es\/turismo\/wp-json\/wp\/v2\/tags?post=12862"},{"taxonomy":"tribe_events_cat","embeddable":true,"href":"https:\/\/turismocoria.es\/turismo\/wp-json\/wp\/v2\/tribe_events_cat?post=12862"}],"curies":[{"name":"wp","href":"https:\/\/api.w.org\/{rel}","templated":true}]}}