{"id":12822,"date":"2024-11-11T14:50:18","date_gmt":"2024-11-11T13:50:18","guid":{"rendered":"https:\/\/turismocoria.es\/turismo\/?post_type=tribe_events&#038;p=12822"},"modified":"2024-11-11T14:57:07","modified_gmt":"2024-11-11T13:57:07","slug":"ruta-senderista-bosque-galeria-de-hervas","status":"publish","type":"tribe_events","link":"https:\/\/turismocoria.es\/turismo\/evento\/ruta-senderista-bosque-galeria-de-hervas\/","title":{"rendered":"Ruta Senderista \u00abBosque Galer\u00eda de Herv\u00e1s\u00bb"},"content":{"rendered":"<div class=\"tribe-events-schedule tribe-clearfix\">\n\t<h2 class=\"tribe-events-schedule__datetime\">\n\t\t<span class=\"tribe-events-schedule__date tribe-events-schedule__date--start\">\n\t\t\t24 11 2024\t\t<\/span>\n\n\t\t\t\t\t<span class=\"tribe-events-schedule__separator tribe-events-schedule__separator--date\">\n\t\t\t\t&#8211;\t\t\t<\/span>\n\t\t\t<span class=\"tribe-events-schedule__time tribe-events-schedule__time--start\">\n\t\t\t\t08:30\t\t\t<\/span>\n\t\t\n\t\t\t\t\t\t\t\t\t<span class=\"tribe-events-schedule__separator tribe-events-schedule__separator--time\">\n\t\t\t\t\t &#8211; \t\t\t\t<\/span>\n\t\t\t\n\t\t\t\t\t\t\t<span class=\"tribe-events-schedule__time tribe-events-schedule__time--end\">\n\t\t\t\t\t15:00\t\t\t\t<\/span>\n\t\t\t\n\t\t\t\t\t\t<\/h2>\n<\/div>\n\n\n<figure class=\"wp-block-post-featured-image\"><img loading=\"lazy\" decoding=\"async\" width=\"1920\" height=\"1371\" data-src=\"https:\/\/turismocoria.es\/turismo\/wp-content\/uploads\/2024\/11\/Bosque-hervas.webp\" class=\"attachment-post-thumbnail size-post-thumbnail wp-post-image lazyload\" alt=\"\" style=\"--smush-placeholder-width: 1920px; --smush-placeholder-aspect-ratio: 1920\/1371;object-fit:cover;\" data-srcset=\"https:\/\/turismocoria.es\/turismo\/wp-content\/uploads\/2024\/11\/Bosque-hervas.webp 1920w, https:\/\/turismocoria.es\/turismo\/wp-content\/uploads\/2024\/11\/Bosque-hervas-300x214.webp 300w, https:\/\/turismocoria.es\/turismo\/wp-content\/uploads\/2024\/11\/Bosque-hervas-1024x731.webp 1024w, https:\/\/turismocoria.es\/turismo\/wp-content\/uploads\/2024\/11\/Bosque-hervas-768x548.webp 768w, https:\/\/turismocoria.es\/turismo\/wp-content\/uploads\/2024\/11\/Bosque-hervas-50x36.webp 50w, https:\/\/turismocoria.es\/turismo\/wp-content\/uploads\/2024\/11\/Bosque-hervas-1600x1143.webp 1600w, https:\/\/turismocoria.es\/turismo\/wp-content\/uploads\/2024\/11\/Bosque-hervas-1536x1097.webp 1536w\" data-sizes=\"(max-width: 1920px) 100vw, 1920px\" src=\"data:image\/gif;base64,R0lGODlhAQABAAAAACH5BAEKAAEALAAAAAABAAEAAAICTAEAOw==\" \/><noscript><img loading=\"lazy\" decoding=\"async\" width=\"1920\" height=\"1371\" src=\"https:\/\/turismocoria.es\/turismo\/wp-content\/uploads\/2024\/11\/Bosque-hervas.webp\" class=\"attachment-post-thumbnail size-post-thumbnail wp-post-image\" alt=\"\" style=\"object-fit:cover;\" srcset=\"https:\/\/turismocoria.es\/turismo\/wp-content\/uploads\/2024\/11\/Bosque-hervas.webp 1920w, https:\/\/turismocoria.es\/turismo\/wp-content\/uploads\/2024\/11\/Bosque-hervas-300x214.webp 300w, https:\/\/turismocoria.es\/turismo\/wp-content\/uploads\/2024\/11\/Bosque-hervas-1024x731.webp 1024w, https:\/\/turismocoria.es\/turismo\/wp-content\/uploads\/2024\/11\/Bosque-hervas-768x548.webp 768w, https:\/\/turismocoria.es\/turismo\/wp-content\/uploads\/2024\/11\/Bosque-hervas-50x36.webp 50w, https:\/\/turismocoria.es\/turismo\/wp-content\/uploads\/2024\/11\/Bosque-hervas-1600x1143.webp 1600w, https:\/\/turismocoria.es\/turismo\/wp-content\/uploads\/2024\/11\/Bosque-hervas-1536x1097.webp 1536w\" sizes=\"(max-width: 1920px) 100vw, 1920px\" \/><\/noscript><\/figure>\n\n\n<p>Ponemos en conocimiento desde el Departamento de Deportes del Ayuntamiento de Coria, sobre la apertura de inscripciones de la ruta del mes de noviembre, denominada: \u201cBOSQUE GALER\u00cdA DE HERV\u00c1S\u201d, una ruta circular con lugar de inicio y llegada en la poblaci\u00f3n de Herv\u00e1s (C\u00e1ceres).<\/p>\n\n\n\n<p>Esta vez, la fecha de celebraci\u00f3n se ha emplazado para el DOMINGO 24 de NOVIEMBRE, siendo la hora de salida a las 08:30 horas desde la ESTACI\u00d3N DE AUTOBUSES.<\/p>\n\n\n\n<p>El plazo de inscripci\u00f3n estar\u00e1 abierto hasta el jueves 21 de noviembre, siendo el procedimiento de inscripci\u00f3n el siguiente:<\/p>\n\n\n\n<p>\u00b7 Llamando a los tel\u00e9fonos 927.50.80.33 \u2013 618.84.67.98<\/p>\n\n\n\n<p>\u00b7 Por e-mail:&nbsp;<a href=\"mailto:deportescoria@coria.org\">deportescoria@coria.org<\/a><\/p>\n\n\n\n<p>\u00b7 A trav\u00e9s del blog&nbsp;<a href=\"https:\/\/senderismocoria.blogspot.com\/\" target=\"_blank\" rel=\"noreferrer noopener\">https:\/\/senderismocoria.blogspot.com<\/a><\/p>\n\n\n\n<p>Las caracter\u00edsticas t\u00e9cnicas de la ruta son:<\/p>\n\n\n\n<p>\u00b7 Distancia y tiempo de duraci\u00f3n: 13,15 km \/ 4,10 h.<\/p>\n\n\n\n<p>\u00b7 Tipo de recorrido: Circular.<\/p>\n\n\n\n<p>\u00b7 Dificultad: Media.<\/p>\n\n\n\n<p>M\u00e1s informaci\u00f3n:<\/p>\n\n\n\n<p>\u00b7 Cuota: 10 \u20ac no federados (incluye bus y seguro de accidente) y 7 \u20ac para los federados.<\/p>\n\n\n\n<p>\u00b7 Los menores de edad deber\u00e1n ir acompa\u00f1ados de un adulto (padre\/madre\/tutor) con su correspondiente autorizaci\u00f3n.<\/p>\n\n\n\n<p>\u00b7 Se tendr\u00e1n en cuenta todas las medidas sanitarias e higi\u00e9nicas que marcan las Autoridades Sanitarias.<\/p>\n\n\n\n<p>\u00b7 Al ser una ruta circular, se podr\u00e1 ir en coche particular para aquellos interesados en asistir, sin sobrepasar los 55 inscritos del total de la ruta.<\/p>\n\n\n\n<p>\u00b7 Recomendaciones: calzado y ropa adecuados (botas o zapatillas de trekking), bast\u00f3n, bocadillo y agua o bebida isot\u00f3nica.<\/p>\n\n\n\n<p>Toda la informaci\u00f3n y formas de inscripci\u00f3n se encuentran en&nbsp;<a href=\"https:\/\/deportescoria.blogspot.com\/\">https:\/\/deportescoria.blogspot.com<\/a><\/p>\n\n\n<div class=\"tribe-block tribe-block__event-price\">\n\t\t\t<span class=\"tribe-block__event-price__cost\"> 10\u20ac <\/span>\n\t\t<\/div>\n\n\n<div class=\"tribe-block tribe-block__organizer__details tribe-clearfix\">\n\t<div class=\"tribe-block__organizer__title\">\n\t\t<h3><a href=\"https:\/\/turismocoria.es\/turismo\/organizer\/departamento-de-deportes\/\" title=\"Departamento de Deportes\" target=\"_self\" rel=\"\">Departamento de Deportes<\/a><\/h3>\n\t<\/div>\n\t\t\t<p class=\"tribe-block__organizer__phone\">927508000 Ext- 261<\/p>\n\t\t\t<\/div>\n\n\n<div class=\"tribe-block tribe-block__venue tribe-block__venue--has-map\">\n\t\n\t\n<div class=\"tribe-block__venue__meta\">\n\t<div class=\"tribe-block__venue__name\">\n\t\t<h3><a href=\"https:\/\/turismocoria.es\/turismo\/venue\/estacion-de-autobuses\/\" title=\"Estaci\u00f3n de Autobuses\">Estaci\u00f3n de Autobuses<\/a><\/h3>\n\t<\/div>\n\n\t\n\t\t\t<address class=\"tribe-block__venue__address\">\n\t\t\t<span class=\"tribe-address\">\n\n<span class=\"tribe-street-address\">Calle Brasil s\/n<\/span>\n\t\n\t\t<br>\n\t\t<span class=\"tribe-locality\">Coria<\/span><span class=\"tribe-delimiter\">,<\/span>\n\n\n\t<span class=\"tribe-postal-code\">10800<\/span>\n\n\t<span class=\"tribe-country-name\">Espa\u00f1a<\/span>\n\n<\/span>\n\n\t\t\t\t\t\t\t<a class=\"tribe-events-gmap\" href=\"https:\/\/maps.google.com\/maps?f=q&#038;source=s_q&#038;hl=en&#038;geocode=&#038;q=Calle+Brasil+s%2Fn+Coria+10800+Espa%C3%B1a\" title=\"Haz clic para ver un mapa de Google\" target=\"_blank\" rel=\"noreferrer noopener\">+ Google Map<\/a>\t\t\t\t\t<\/address>\n\t\n\t\n\t\n\t<\/div>\n\t\n<div class=\"tribe-block__venue__map\">\n\t\n<iframe loading=\"lazy\"\n  title=\"Google maps iframe displaying the address to Estaci\u00f3n de Autobuses\"\n  aria-label=\"Mapa de ubicaci\u00f3n del local\"\n  width=\"100%\"\n  height=\"350px\"\n  frameborder=\"0\" style=\"border:0\"\n  data-src=\"https:\/\/www.google.com\/maps\/embed\/v1\/place?key=AIzaSyDNsicAsP6-VuGtAb1O9riI3oc_NOb7IOU&#038;q=Calle+Brasil+s%2Fn+Coria+10800+Espa%C3%B1a+&#038;zoom=10\" allowfullscreen src=\"data:image\/gif;base64,R0lGODlhAQABAAAAACH5BAEKAAEALAAAAAABAAEAAAICTAEAOw==\" class=\"lazyload\" data-load-mode=\"1\">\n<\/iframe>\n<\/div>\n\n\t<\/div>\n\n\n\n\n\t<div class=\"tribe-block tribe-block__events-link\">\n\t\t<div class=\"tribe-events tribe-common\">\n\t\t\t<div class=\"tribe-events-c-subscribe-dropdown__container\">\n\t\t\t\t<div class=\"tribe-events-c-subscribe-dropdown\">\n\t\t\t\t\t<div class=\"tribe-common-c-btn-border tribe-events-c-subscribe-dropdown__button\" tabindex=\"0\">\n\t\t\t\t\t\t<svg  class=\"tribe-common-c-svgicon tribe-common-c-svgicon--cal-export tribe-events-c-subscribe-dropdown__export-icon\"  viewBox=\"0 0 23 17\" xmlns=\"http:\/\/www.w3.org\/2000\/svg\">\n  <path fill-rule=\"evenodd\" clip-rule=\"evenodd\" d=\"M.128.896V16.13c0 .211.145.383.323.383h15.354c.179 0 .323-.172.323-.383V.896c0-.212-.144-.383-.323-.383H.451C.273.513.128.684.128.896Zm16 6.742h-.901V4.679H1.009v10.729h14.218v-3.336h.901V7.638ZM1.01 1.614h14.218v2.058H1.009V1.614Z\" \/>\n  <path d=\"M20.5 9.846H8.312M18.524 6.953l2.89 2.909-2.855 2.855\" stroke-width=\"1.2\" stroke-linecap=\"round\" stroke-linejoin=\"round\"\/>\n<\/svg>\n\t\t\t\t\t\t<button class=\"tribe-events-c-subscribe-dropdown__button-text\">\n\t\t\t\t\t\t\tA\u00f1adir al calendario\t\t\t\t\t\t<\/button>\n\t\t\t\t\t\t<svg  class=\"tribe-common-c-svgicon tribe-common-c-svgicon--caret-down tribe-events-c-subscribe-dropdown__button-icon\"  viewBox=\"0 0 10 7\" xmlns=\"http:\/\/www.w3.org\/2000\/svg\"><path fill-rule=\"evenodd\" clip-rule=\"evenodd\" d=\"M1.008.609L5 4.6 8.992.61l.958.958L5 6.517.05 1.566l.958-.958z\" class=\"tribe-common-c-svgicon__svg-fill\"\/><\/svg>\n\t\t\t\t\t<\/div>\n\t\t\t\t\t<div class=\"tribe-events-c-subscribe-dropdown__content\">\n\t\t\t\t\t\t<ul class=\"tribe-events-c-subscribe-dropdown__list\" tabindex=\"0\">\n\t\t\t\t\t\t\t\t\t\t\t\t\t\t\t<li class=\"tribe-events-c-subscribe-dropdown__list-item\">\n\t\t\t\t\t\t\t\t\t<a\n\t\t\t\t\t\t\t\t\t\thref=\"https:\/\/www.google.com\/calendar\/event?action=TEMPLATE&#038;dates=20241124T083000\/20241124T150000&#038;text=Ruta%20Senderista%20%C2%ABBosque%20Galer%C3%ADa%20de%20Herv%C3%A1s%C2%BB&#038;details=%3C%21--+wp%3Atribe%2Fevent-datetime+%2F--%3E%3C%21--+wp%3Apost-featured-image+%2F--%3E%3C%21--+wp%3Aparagraph+%7B%22placeholder%22%3A%22A%C3%B1adir+descripci%C3%B3n%E2%80%A6%22%7D+--%3E%3Cp%3EPonemos+en+conocimiento+desde+el+Departamento+de+Deportes+del+Ayuntamiento+de+Coria%2C+sobre+la+apertura+de+inscripciones+de+la+ruta+del+mes+de+noviembre%2C+denominada%3A+%E2%80%9CBOSQUE+GALER%C3%8DA+DE+HERV%C3%81S%E2%80%9D%2C+una+ruta+circular+con+lugar+de+inicio+y+llegada+en+la+poblaci%C3%B3n+de+Herv%C3%A1s+%28C%C3%A1ceres%29.%3C%2Fp%3E%3C%21--+%2Fwp%3Aparagraph+--%3E%3C%21--+wp%3Aparagraph+--%3E%3Cp%3EEsta+vez%2C+la+fecha+de+celebraci%C3%B3n+se+ha+emplazado+para+el+DOMINGO+24+de+NOVIEMBRE%2C+siendo+la+hora+de+salida+a+las+08%3A30+horas+desde+la+ESTACI%C3%93N+DE+AUTOBUSES.%3C%2Fp%3E%3C%21--+%2Fwp%3Aparagraph+--%3E%3C%21--+wp%3Aparagraph+--%3E%3Cp%3EEl+plazo+de+inscripci%C3%B3n+estar%C3%A1+abierto+hasta+el+jueves+21+de+noviembre%2C+siendo+el+procedimien%20(Ver%20aqu\u00ed%20la%20descripci\u00f3n%20completa%20de%20evento:%20https:\/\/turismocoria.es\/turismo\/evento\/ruta-senderista-bosque-galeria-de-hervas\/)&#038;location=Estaci\u00f3n%20de%20Autobuses,%20Calle%20Brasil%20s\/n,%20Coria,%2010800,%20Espa\u00f1a&#038;trp=false&#038;ctz=Europe\/Madrid&#038;sprop=website:https:\/\/turismocoria.es\/turismo\"\n\t\t\t\t\t\t\t\t\t\tclass=\"tribe-events-c-subscribe-dropdown__list-item-link\"\n\t\t\t\t\t\t\t\t\t\ttabindex=\"0\"\n\t\t\t\t\t\t\t\t\t\ttarget=\"_blank\"\n\t\t\t\t\t\t\t\t\t\trel=\"noopener noreferrer nofollow noindex\"\n\t\t\t\t\t\t\t\t\t>\n\t\t\t\t\t\t\t\t\t\tGoogle Calendar\t\t\t\t\t\t\t\t\t<\/a>\n\t\t\t\t\t\t\t\t<\/li>\n\t\t\t\t\t\t\t\t\t\t\t\t\t\t\t<li class=\"tribe-events-c-subscribe-dropdown__list-item\">\n\t\t\t\t\t\t\t\t\t<a\n\t\t\t\t\t\t\t\t\t\thref=\"\"\n\t\t\t\t\t\t\t\t\t\tclass=\"tribe-events-c-subscribe-dropdown__list-item-link\"\n\t\t\t\t\t\t\t\t\t\ttabindex=\"0\"\n\t\t\t\t\t\t\t\t\t\ttarget=\"_blank\"\n\t\t\t\t\t\t\t\t\t\trel=\"noopener noreferrer nofollow noindex\"\n\t\t\t\t\t\t\t\t\t>\n\t\t\t\t\t\t\t\t\t\tiCalendar\t\t\t\t\t\t\t\t\t<\/a>\n\t\t\t\t\t\t\t\t<\/li>\n\t\t\t\t\t\t\t\t\t\t\t\t\t\t\t<li class=\"tribe-events-c-subscribe-dropdown__list-item\">\n\t\t\t\t\t\t\t\t\t<a\n\t\t\t\t\t\t\t\t\t\thref=\"\"\n\t\t\t\t\t\t\t\t\t\tclass=\"tribe-events-c-subscribe-dropdown__list-item-link\"\n\t\t\t\t\t\t\t\t\t\ttabindex=\"0\"\n\t\t\t\t\t\t\t\t\t\ttarget=\"_blank\"\n\t\t\t\t\t\t\t\t\t\trel=\"noopener noreferrer nofollow noindex\"\n\t\t\t\t\t\t\t\t\t>\n\t\t\t\t\t\t\t\t\t\tOutlook 365\t\t\t\t\t\t\t\t\t<\/a>\n\t\t\t\t\t\t\t\t<\/li>\n\t\t\t\t\t\t\t\t\t\t\t\t\t\t\t<li class=\"tribe-events-c-subscribe-dropdown__list-item\">\n\t\t\t\t\t\t\t\t\t<a\n\t\t\t\t\t\t\t\t\t\thref=\"\"\n\t\t\t\t\t\t\t\t\t\tclass=\"tribe-events-c-subscribe-dropdown__list-item-link\"\n\t\t\t\t\t\t\t\t\t\ttabindex=\"0\"\n\t\t\t\t\t\t\t\t\t\ttarget=\"_blank\"\n\t\t\t\t\t\t\t\t\t\trel=\"noopener noreferrer nofollow noindex\"\n\t\t\t\t\t\t\t\t\t>\n\t\t\t\t\t\t\t\t\t\tOutlook Live\t\t\t\t\t\t\t\t\t<\/a>\n\t\t\t\t\t\t\t\t<\/li>\n\t\t\t\t\t\t\t\t\t\t\t\t\t<\/ul>\n\t\t\t\t\t<\/div>\n\t\t\t\t<\/div>\n\t\t\t<\/div>\n\t\t<\/div>\n\t<\/div>\n\n","protected":false},"excerpt":{"rendered":"<p>Ponemos en conocimiento desde el Departamento de Deportes del Ayuntamiento de Coria, sobre la apertura de inscripciones de la ruta del mes de noviembre, denominada: \u201cBOSQUE GALER\u00cdA DE HERV\u00c1S\u201d, una ruta circular con lugar de inicio y llegada en la poblaci\u00f3n de Herv\u00e1s (C\u00e1ceres). Esta vez, la fecha de celebraci\u00f3n se ha emplazado para el [&hellip;]<\/p>\n","protected":false},"author":3,"featured_media":12824,"comment_status":"closed","ping_status":"closed","template":"","meta":{"_uag_custom_page_level_css":"","site-sidebar-layout":"default","site-content-layout":"","ast-site-content-layout":"default","site-content-style":"default","site-sidebar-style":"default","ast-global-header-display":"","ast-banner-title-visibility":"","ast-main-header-display":"","ast-hfb-above-header-display":"","ast-hfb-below-header-display":"","ast-hfb-mobile-header-display":"","site-post-title":"","ast-breadcrumbs-content":"","ast-featured-img":"","footer-sml-layout":"","theme-transparent-header-meta":"","adv-header-id-meta":"","stick-header-meta":"","header-above-stick-meta":"","header-main-stick-meta":"","header-below-stick-meta":"","astra-migrate-meta-layouts":"set","ast-page-background-enabled":"default","ast-page-background-meta":{"desktop":{"background-color":"","background-image":"","background-repeat":"repeat","background-position":"center center","background-size":"auto","background-attachment":"scroll","background-type":"","background-media":"","overlay-type":"","overlay-color":"","overlay-opacity":"","overlay-gradient":""},"tablet":{"background-color":"","background-image":"","background-repeat":"repeat","background-position":"center center","background-size":"auto","background-attachment":"scroll","background-type":"","background-media":"","overlay-type":"","overlay-color":"","overlay-opacity":"","overlay-gradient":""},"mobile":{"background-color":"","background-image":"","background-repeat":"repeat","background-position":"center center","background-size":"auto","background-attachment":"scroll","background-type":"","background-media":"","overlay-type":"","overlay-color":"","overlay-opacity":"","overlay-gradient":""}},"ast-content-background-meta":{"desktop":{"background-color":"var(--ast-global-color-5)","background-image":"","background-repeat":"repeat","background-position":"center center","background-size":"auto","background-attachment":"scroll","background-type":"","background-media":"","overlay-type":"","overlay-color":"","overlay-opacity":"","overlay-gradient":""},"tablet":{"background-color":"var(--ast-global-color-5)","background-image":"","background-repeat":"repeat","background-position":"center center","background-size":"auto","background-attachment":"scroll","background-type":"","background-media":"","overlay-type":"","overlay-color":"","overlay-opacity":"","overlay-gradient":""},"mobile":{"background-color":"var(--ast-global-color-5)","background-image":"","background-repeat":"repeat","background-position":"center center","background-size":"auto","background-attachment":"scroll","background-type":"","background-media":"","overlay-type":"","overlay-color":"","overlay-opacity":"","overlay-gradient":""}},"_EventAllDay":false,"_EventTimezone":"Europe\/Madrid","_EventStartDate":"2024-11-24 08:30:00","_EventEndDate":"2024-11-24 15:00:00","_EventStartDateUTC":"2024-11-24 07:30:00","_EventEndDateUTC":"2024-11-24 14:00:00","_EventShowMap":true,"_EventShowMapLink":true,"_EventURL":"","_EventCost":"10","_EventCostDescription":"","_EventCurrencySymbol":"\u20ac","_EventCurrencyCode":"EUR","_EventCurrencyPosition":"suffix","_EventDateTimeSeparator":"-","_EventTimeRangeSeparator":" - ","_EventOrganizerID":[12788],"_EventVenueID":12823,"_OrganizerEmail":"","_OrganizerPhone":"","_OrganizerWebsite":"","_VenueAddress":"","_VenueCity":"","_VenueCountry":"","_VenueProvince":"","_VenueZip":"","_VenuePhone":"","_VenueURL":"","_VenueStateProvince":"","_VenueLat":"","_VenueLng":"","_tribe_events_status":"","_tribe_events_status_reason":"","footnotes":""},"tags":[],"tribe_events_cat":[],"class_list":["post-12822","tribe_events","type-tribe_events","status-publish","has-post-thumbnail","hentry"],"uagb_featured_image_src":{"full":["https:\/\/turismocoria.es\/turismo\/wp-content\/uploads\/2024\/11\/Bosque-hervas.webp",1920,1371,false],"thumbnail":["https:\/\/turismocoria.es\/turismo\/wp-content\/uploads\/2024\/11\/Bosque-hervas-150x150.webp",150,150,true],"medium":["https:\/\/turismocoria.es\/turismo\/wp-content\/uploads\/2024\/11\/Bosque-hervas-300x214.webp",300,214,true],"medium_large":["https:\/\/turismocoria.es\/turismo\/wp-content\/uploads\/2024\/11\/Bosque-hervas-768x548.webp",768,548,true],"large":["https:\/\/turismocoria.es\/turismo\/wp-content\/uploads\/2024\/11\/Bosque-hervas-1024x731.webp",1024,731,true],"gs-tiny":["https:\/\/turismocoria.es\/turismo\/wp-content\/uploads\/2024\/11\/Bosque-hervas-50x36.webp",50,36,true],"xl":["https:\/\/turismocoria.es\/turismo\/wp-content\/uploads\/2024\/11\/Bosque-hervas-1600x1143.webp",1600,1143,true],"xxl":["https:\/\/turismocoria.es\/turismo\/wp-content\/uploads\/2024\/11\/Bosque-hervas.webp",1920,1371,false],"xxxl":["https:\/\/turismocoria.es\/turismo\/wp-content\/uploads\/2024\/11\/Bosque-hervas.webp",1920,1371,false],"xxxxl":["https:\/\/turismocoria.es\/turismo\/wp-content\/uploads\/2024\/11\/Bosque-hervas.webp",1920,1371,false],"xxxxxl":["https:\/\/turismocoria.es\/turismo\/wp-content\/uploads\/2024\/11\/Bosque-hervas.webp",1920,1371,false],"1536x1536":["https:\/\/turismocoria.es\/turismo\/wp-content\/uploads\/2024\/11\/Bosque-hervas-1536x1097.webp",1536,1097,true],"2048x2048":["https:\/\/turismocoria.es\/turismo\/wp-content\/uploads\/2024\/11\/Bosque-hervas.webp",1920,1371,false],"ultp_layout_landscape_large":["https:\/\/turismocoria.es\/turismo\/wp-content\/uploads\/2024\/11\/Bosque-hervas-1200x800.webp",1200,800,true],"ultp_layout_landscape":["https:\/\/turismocoria.es\/turismo\/wp-content\/uploads\/2024\/11\/Bosque-hervas-870x570.webp",870,570,true],"ultp_layout_portrait":["https:\/\/turismocoria.es\/turismo\/wp-content\/uploads\/2024\/11\/Bosque-hervas-600x900.webp",600,900,true],"ultp_layout_square":["https:\/\/turismocoria.es\/turismo\/wp-content\/uploads\/2024\/11\/Bosque-hervas-600x600.webp",600,600,true],"gb-block-post-grid-landscape":["https:\/\/turismocoria.es\/turismo\/wp-content\/uploads\/2024\/11\/Bosque-hervas-600x400.webp",600,400,true],"gb-block-post-grid-square":["https:\/\/turismocoria.es\/turismo\/wp-content\/uploads\/2024\/11\/Bosque-hervas-600x600.webp",600,600,true]},"uagb_author_info":{"display_name":"adolfo","author_link":"https:\/\/turismocoria.es\/turismo\/author\/adolfo\/"},"uagb_comment_info":0,"uagb_excerpt":"Ponemos en conocimiento desde el Departamento de Deportes del Ayuntamiento de Coria, sobre la apertura de inscripciones de la ruta del mes de noviembre, denominada: \u201cBOSQUE GALER\u00cdA DE HERV\u00c1S\u201d, una ruta circular con lugar de inicio y llegada en la poblaci\u00f3n de Herv\u00e1s (C\u00e1ceres). Esta vez, la fecha de celebraci\u00f3n se ha emplazado para el&hellip;","_links":{"self":[{"href":"https:\/\/turismocoria.es\/turismo\/wp-json\/wp\/v2\/tribe_events\/12822"}],"collection":[{"href":"https:\/\/turismocoria.es\/turismo\/wp-json\/wp\/v2\/tribe_events"}],"about":[{"href":"https:\/\/turismocoria.es\/turismo\/wp-json\/wp\/v2\/types\/tribe_events"}],"author":[{"embeddable":true,"href":"https:\/\/turismocoria.es\/turismo\/wp-json\/wp\/v2\/users\/3"}],"replies":[{"embeddable":true,"href":"https:\/\/turismocoria.es\/turismo\/wp-json\/wp\/v2\/comments?post=12822"}],"version-history":[{"count":1,"href":"https:\/\/turismocoria.es\/turismo\/wp-json\/wp\/v2\/tribe_events\/12822\/revisions"}],"predecessor-version":[{"id":12825,"href":"https:\/\/turismocoria.es\/turismo\/wp-json\/wp\/v2\/tribe_events\/12822\/revisions\/12825"}],"wp:featuredmedia":[{"embeddable":true,"href":"https:\/\/turismocoria.es\/turismo\/wp-json\/wp\/v2\/media\/12824"}],"wp:attachment":[{"href":"https:\/\/turismocoria.es\/turismo\/wp-json\/wp\/v2\/media?parent=12822"}],"wp:term":[{"taxonomy":"post_tag","embeddable":true,"href":"https:\/\/turismocoria.es\/turismo\/wp-json\/wp\/v2\/tags?post=12822"},{"taxonomy":"tribe_events_cat","embeddable":true,"href":"https:\/\/turismocoria.es\/turismo\/wp-json\/wp\/v2\/tribe_events_cat?post=12822"}],"curies":[{"name":"wp","href":"https:\/\/api.w.org\/{rel}","templated":true}]}}