{"id":12813,"date":"2024-10-24T14:17:10","date_gmt":"2024-10-24T12:17:10","guid":{"rendered":"https:\/\/turismocoria.es\/turismo\/?post_type=tribe_events&#038;p=12813"},"modified":"2024-10-24T14:17:12","modified_gmt":"2024-10-24T12:17:12","slug":"iii-festival-benefico-de-la-chaquetia","status":"publish","type":"tribe_events","link":"https:\/\/turismocoria.es\/turismo\/evento\/iii-festival-benefico-de-la-chaquetia\/","title":{"rendered":"III Festival Ben\u00e9fico de la Chaquet\u00eda"},"content":{"rendered":"<div class=\"tribe-events-schedule tribe-clearfix\">\n\t<h2 class=\"tribe-events-schedule__datetime\">\n\t\t<span class=\"tribe-events-schedule__date tribe-events-schedule__date--start\">\n\t\t\t31 10 2024\t\t<\/span>\n\n\t\t\t\t\t<span class=\"tribe-events-schedule__separator tribe-events-schedule__separator--date\">\n\t\t\t\t&#8211;\t\t\t<\/span>\n\t\t\t<span class=\"tribe-events-schedule__time tribe-events-schedule__time--start\">\n\t\t\t\t17:00\t\t\t<\/span>\n\t\t\n\t\t\t\t\t\t\t\t\t<span class=\"tribe-events-schedule__separator tribe-events-schedule__separator--time\">\n\t\t\t\t\t &#8211; \t\t\t\t<\/span>\n\t\t\t\n\t\t\t\t\t\t\t<span class=\"tribe-events-schedule__time tribe-events-schedule__time--end\">\n\t\t\t\t\t21:00\t\t\t\t<\/span>\n\t\t\t\n\t\t\t\t\t\t<\/h2>\n<\/div>\n\n\n\n<p>El Ayuntamiento de Coria, a trav\u00e9s de la Oficina de Turismo, por tercer a\u00f1o consecutivo, organiza el III Festival Ben\u00e9fico de la Chaquet\u00eda, que se desarrollar\u00e1 en la tarde del 31 de octubre, por las calles del Casco Hist\u00f3rico de la Ciudad.<\/p>\n\n\n\n<figure data-wp-context=\"{&quot;imageId&quot;:&quot;69ef8fa07ec12&quot;}\" data-wp-interactive=\"core\/image\" class=\"wp-block-image alignleft size-large is-resized wp-lightbox-container\"><img loading=\"lazy\" decoding=\"async\" width=\"724\" height=\"1024\" data-wp-class--hide=\"state.isContentHidden\" data-wp-class--show=\"state.isContentVisible\" data-wp-init=\"callbacks.setButtonStyles\" data-wp-on-async--click=\"actions.showLightbox\" data-wp-on-async--load=\"callbacks.setButtonStyles\" data-wp-on-async-window--resize=\"callbacks.setButtonStyles\" data-src=\"https:\/\/turismocoria.es\/turismo\/wp-content\/uploads\/2024\/10\/iii-festival-de-la-chaquetia-724x1024.webp\" alt=\"\" class=\"wp-image-12814 lazyload\" style=\"--smush-placeholder-width: 724px; --smush-placeholder-aspect-ratio: 724\/1024;width:343px;height:auto\" data-srcset=\"https:\/\/turismocoria.es\/turismo\/wp-content\/uploads\/2024\/10\/iii-festival-de-la-chaquetia-724x1024.webp 724w, https:\/\/turismocoria.es\/turismo\/wp-content\/uploads\/2024\/10\/iii-festival-de-la-chaquetia-212x300.webp 212w, https:\/\/turismocoria.es\/turismo\/wp-content\/uploads\/2024\/10\/iii-festival-de-la-chaquetia-768x1086.webp 768w, https:\/\/turismocoria.es\/turismo\/wp-content\/uploads\/2024\/10\/iii-festival-de-la-chaquetia-50x71.webp 50w, https:\/\/turismocoria.es\/turismo\/wp-content\/uploads\/2024\/10\/iii-festival-de-la-chaquetia-1086x1536.webp 1086w, https:\/\/turismocoria.es\/turismo\/wp-content\/uploads\/2024\/10\/iii-festival-de-la-chaquetia.webp 1131w\" data-sizes=\"(max-width: 724px) 100vw, 724px\" src=\"data:image\/gif;base64,R0lGODlhAQABAAAAACH5BAEKAAEALAAAAAABAAEAAAICTAEAOw==\" \/><noscript><img loading=\"lazy\" decoding=\"async\" width=\"724\" height=\"1024\" data-wp-class--hide=\"state.isContentHidden\" data-wp-class--show=\"state.isContentVisible\" data-wp-init=\"callbacks.setButtonStyles\" data-wp-on-async--click=\"actions.showLightbox\" data-wp-on-async--load=\"callbacks.setButtonStyles\" data-wp-on-async-window--resize=\"callbacks.setButtonStyles\" src=\"https:\/\/turismocoria.es\/turismo\/wp-content\/uploads\/2024\/10\/iii-festival-de-la-chaquetia-724x1024.webp\" alt=\"\" class=\"wp-image-12814\" style=\"width:343px;height:auto\" srcset=\"https:\/\/turismocoria.es\/turismo\/wp-content\/uploads\/2024\/10\/iii-festival-de-la-chaquetia-724x1024.webp 724w, https:\/\/turismocoria.es\/turismo\/wp-content\/uploads\/2024\/10\/iii-festival-de-la-chaquetia-212x300.webp 212w, https:\/\/turismocoria.es\/turismo\/wp-content\/uploads\/2024\/10\/iii-festival-de-la-chaquetia-768x1086.webp 768w, https:\/\/turismocoria.es\/turismo\/wp-content\/uploads\/2024\/10\/iii-festival-de-la-chaquetia-50x71.webp 50w, https:\/\/turismocoria.es\/turismo\/wp-content\/uploads\/2024\/10\/iii-festival-de-la-chaquetia-1086x1536.webp 1086w, https:\/\/turismocoria.es\/turismo\/wp-content\/uploads\/2024\/10\/iii-festival-de-la-chaquetia.webp 1131w\" sizes=\"(max-width: 724px) 100vw, 724px\" \/><\/noscript><button\n\t\t\tclass=\"lightbox-trigger\"\n\t\t\ttype=\"button\"\n\t\t\taria-haspopup=\"dialog\"\n\t\t\taria-label=\"Ampliar la imagen\"\n\t\t\tdata-wp-init=\"callbacks.initTriggerButton\"\n\t\t\tdata-wp-on-async--click=\"actions.showLightbox\"\n\t\t\tdata-wp-style--right=\"state.imageButtonRight\"\n\t\t\tdata-wp-style--top=\"state.imageButtonTop\"\n\t\t>\n\t\t\t<svg xmlns=\"http:\/\/www.w3.org\/2000\/svg\" width=\"12\" height=\"12\" fill=\"none\" viewBox=\"0 0 12 12\">\n\t\t\t\t<path fill=\"#fff\" d=\"M2 0a2 2 0 0 0-2 2v2h1.5V2a.5.5 0 0 1 .5-.5h2V0H2Zm2 10.5H2a.5.5 0 0 1-.5-.5V8H0v2a2 2 0 0 0 2 2h2v-1.5ZM8 12v-1.5h2a.5.5 0 0 0 .5-.5V8H12v2a2 2 0 0 1-2 2H8Zm2-12a2 2 0 0 1 2 2v2h-1.5V2a.5.5 0 0 0-.5-.5H8V0h2Z\" \/>\n\t\t\t<\/svg>\n\t\t<\/button><\/figure>\n\n\n\n<p>En eta ocasi\u00f3n, el evento vuelve a tener una gran acogida por parte de las asociaciones de la ciudad, llegando a participar m\u00e1s de veinte agrupaciones en esta nueva edici\u00f3n. Cabe destacar que, grupos de amigos y pe\u00f1as de San Juan se han prestado tambi\u00e9n a colaborar con la organizaci\u00f3n aportando su granito de arena para seguir manteniendo y promoviendo nuestras tradiciones.<\/p>\n\n\n\n<p>Cada asociaci\u00f3n vender\u00e1 el paquete de casta\u00f1as asadas al precio de 1\u20ac. Las agrupaciones que participan este a\u00f1o son: El 27, Asociaci\u00f3n de Mujeres, Junta de Defensa, Jubilados del Hogar del Pensionista, Cofrad\u00eda Cristo Resucitado, Manutina, Cauria Neuro, S\u00edndrome de Dravet, Axpay, AFA, FEAFES, Buf\u00f3n Calabacillas, Asociaci\u00f3n de Intramuros, Pe\u00f1a la Gu\u00eda, C\u00e1ritas, La Pe\u00f1a de Kike y Pensionistas La Vida Sigue. Todo el dinero recaudado ir\u00e1 destinado a la Asociaci\u00f3n S\u00edndrome de Dravet.<\/p>\n\n\n\n<p>Los distintos puestos estar\u00e1n ubicados y ambientados con motivos oto\u00f1ales, en la Plaza de San Pedro, Plaza de Espa\u00f1a, Plazuela de San Juan, Plaza de la Catedral y Puerta de la Gu\u00eda.<\/p>\n\n\n\n<p>Adem\u00e1s, la Ciudad Monumental contar\u00e1 con pasacalles musicales. A las 18:00h el grupo de acordeonistas amenizar\u00e1 el evento con su m\u00fasica y, a partir de las 20:00h, ser\u00e1 la Tuna \u201cRondalla Acapulpa\u201d la encargada de continuar llenando el Casco Hist\u00f3rico de notas musicales.<\/p>\n\n\n\n<p>Asimismo, a las 19:30h, en la Plazuela de San Juan tendr\u00e1 lugar el Cuenta Cuentos de la Casta\u00f1aera, all\u00ed, la se\u00f1ora Casta\u00f1era estar\u00e1 esperando a todos los ni\u00f1os para contarle sus aventuras.<\/p>\n\n\n\n<p>A partir de las 17:00h y hasta las 21:00h, en la Plaza de Espa\u00f1a, las cuatro candidaturas a la Juventud Cauriense llevar\u00e1n a cabo diferentes juegos tradicionales, como la rayuela, el pa\u00f1uelo, el toro. A su vez, las propias candidaturas ofrecer\u00e1n chocolate con churros a un precio simb\u00f3lico, destinando este dinero a la misma causa ben\u00e9fica.<\/p>\n\n\n\n<p>De nuevo, la Ciudad de Coria volver\u00e1 a sentir el olor de las hogueras y el olor a las casta\u00f1as asadas que nos evocar\u00e1n a esos d\u00edas venideros de invierno, compartiendo historias con amigos y familiares al calor de los hogares.<\/p>\n\n\n\n<p>Con esta iniciativa se pretende poner en valor una de nuestras tradiciones m\u00e1s entra\u00f1ables como es La Chaquet\u00eda, ese d\u00eda donde ni\u00f1os y, no tan ni\u00f1os, sal\u00edan al campo para celebrar el d\u00eda de Todos los Santos.<\/p>\n\n\n\n<p>Desde el Ayuntamiento de Coria se anima a vecinos y visitantes a recorrer las calles de Intramuros para seguir sumando momentos y experiencias \u00fanicas a la vez que mantenemos vivas nuestras tradiciones y costumbres.<\/p>\n\n\n<div class=\"tribe-block tribe-block__event-price\">\n\t\t<\/div>\n\n\n<div class=\"tribe-block tribe-block__organizer__details tribe-clearfix\">\n\t<div class=\"tribe-block__organizer__title\">\n\t\t<h3><a href=\"https:\/\/turismocoria.es\/turismo\/organizer\/ayuntamiento-de-coria\/\" title=\"Ayuntamiento de Coria\" target=\"_self\" rel=\"\">Ayuntamiento de Coria<\/a><\/h3>\n\t<\/div>\n\t\t\t<\/div>\n\n\n<div class=\"tribe-block tribe-block__venue tribe-block__venue--has-map\">\n\t\n\t\n<div class=\"tribe-block__venue__meta\">\n\t<div class=\"tribe-block__venue__name\">\n\t\t<h3><a href=\"https:\/\/turismocoria.es\/turismo\/venue\/casco-historico-de-coria\/\" title=\"Casco Hist\u00f3rico de Coria\">Casco Hist\u00f3rico de Coria<\/a><\/h3>\n\t<\/div>\n\n\t\n\t\n\t\n\t\n\t<\/div>\n\t\n\t<\/div>\n\n\n\n\n\t<div class=\"tribe-block tribe-block__events-link\">\n\t\t<div class=\"tribe-events tribe-common\">\n\t\t\t<div class=\"tribe-events-c-subscribe-dropdown__container\">\n\t\t\t\t<div class=\"tribe-events-c-subscribe-dropdown\">\n\t\t\t\t\t<div class=\"tribe-common-c-btn-border tribe-events-c-subscribe-dropdown__button\" tabindex=\"0\">\n\t\t\t\t\t\t<svg  class=\"tribe-common-c-svgicon tribe-common-c-svgicon--cal-export tribe-events-c-subscribe-dropdown__export-icon\"  viewBox=\"0 0 23 17\" xmlns=\"http:\/\/www.w3.org\/2000\/svg\">\n  <path fill-rule=\"evenodd\" clip-rule=\"evenodd\" d=\"M.128.896V16.13c0 .211.145.383.323.383h15.354c.179 0 .323-.172.323-.383V.896c0-.212-.144-.383-.323-.383H.451C.273.513.128.684.128.896Zm16 6.742h-.901V4.679H1.009v10.729h14.218v-3.336h.901V7.638ZM1.01 1.614h14.218v2.058H1.009V1.614Z\" \/>\n  <path d=\"M20.5 9.846H8.312M18.524 6.953l2.89 2.909-2.855 2.855\" stroke-width=\"1.2\" stroke-linecap=\"round\" stroke-linejoin=\"round\"\/>\n<\/svg>\n\t\t\t\t\t\t<button class=\"tribe-events-c-subscribe-dropdown__button-text\">\n\t\t\t\t\t\t\tA\u00f1adir al calendario\t\t\t\t\t\t<\/button>\n\t\t\t\t\t\t<svg  class=\"tribe-common-c-svgicon tribe-common-c-svgicon--caret-down tribe-events-c-subscribe-dropdown__button-icon\"  viewBox=\"0 0 10 7\" xmlns=\"http:\/\/www.w3.org\/2000\/svg\"><path fill-rule=\"evenodd\" clip-rule=\"evenodd\" d=\"M1.008.609L5 4.6 8.992.61l.958.958L5 6.517.05 1.566l.958-.958z\" class=\"tribe-common-c-svgicon__svg-fill\"\/><\/svg>\n\t\t\t\t\t<\/div>\n\t\t\t\t\t<div class=\"tribe-events-c-subscribe-dropdown__content\">\n\t\t\t\t\t\t<ul class=\"tribe-events-c-subscribe-dropdown__list\" tabindex=\"0\">\n\t\t\t\t\t\t\t\t\t\t\t\t\t\t\t<li class=\"tribe-events-c-subscribe-dropdown__list-item\">\n\t\t\t\t\t\t\t\t\t<a\n\t\t\t\t\t\t\t\t\t\thref=\"https:\/\/www.google.com\/calendar\/event?action=TEMPLATE&#038;dates=20241031T170000\/20241031T210000&#038;text=III%20Festival%20Ben%C3%A9fico%20de%20la%20Chaquet%C3%ADa&#038;details=%3C%21--+wp%3Atribe%2Fevent-datetime+%2F--%3E%3C%21--+wp%3Aparagraph+%7B%22placeholder%22%3A%22A%C3%B1adir+descripci%C3%B3n%E2%80%A6%22%7D+--%3E%3Cp%3EEl+Ayuntamiento+de+Coria%2C+a+trav%C3%A9s+de+la+Oficina+de+Turismo%2C+por+tercer+a%C3%B1o+consecutivo%2C+organiza+el+III+Festival+Ben%C3%A9fico+de+la+Chaquet%C3%ADa%2C+que+se+desarrollar%C3%A1+en+la+tarde+del+31+de+octubre%2C+por+las+calles+del+Casco+Hist%C3%B3rico+de+la+Ciudad.%3C%2Fp%3E%3C%21--+%2Fwp%3Aparagraph+--%3E%3C%21--+wp%3Aimage+%7B%22lightbox%22%3A%7B%22enabled%22%3Atrue%7D%2C%22id%22%3A12814%2C%22width%22%3A%22343px%22%2C%22height%22%3A%22auto%22%2C%22sizeSlug%22%3A%22large%22%2C%22linkDestination%22%3A%22none%22%2C%22align%22%3A%22left%22%7D+--%3E%3Cfigure+class%3D%22wp-block-image+alignleft+size-large+is-resized%22%3E%3Cimg+src%3D%22https%3A%2F%2Fturismocoria.es%2Fturismo%2Fwp-content%2Fuploads%2F2024%2F10%2Fiii-festival-de-la-chaquetia-724x1024.webp%22+alt%3D%22%22+class%3D%22wp-image-12814%22+styl%20(Ver%20aqu\u00ed%20la%20descripci\u00f3n%20completa%20de%20evento:%20https:\/\/turismocoria.es\/turismo\/evento\/iii-festival-benefico-de-la-chaquetia\/)&#038;location=Casco%20Hist\u00f3rico%20de%20Coria&#038;trp=false&#038;ctz=Europe\/Madrid&#038;sprop=website:https:\/\/turismocoria.es\/turismo\"\n\t\t\t\t\t\t\t\t\t\tclass=\"tribe-events-c-subscribe-dropdown__list-item-link\"\n\t\t\t\t\t\t\t\t\t\ttabindex=\"0\"\n\t\t\t\t\t\t\t\t\t\ttarget=\"_blank\"\n\t\t\t\t\t\t\t\t\t\trel=\"noopener noreferrer nofollow noindex\"\n\t\t\t\t\t\t\t\t\t>\n\t\t\t\t\t\t\t\t\t\tGoogle Calendar\t\t\t\t\t\t\t\t\t<\/a>\n\t\t\t\t\t\t\t\t<\/li>\n\t\t\t\t\t\t\t\t\t\t\t\t\t\t\t<li class=\"tribe-events-c-subscribe-dropdown__list-item\">\n\t\t\t\t\t\t\t\t\t<a\n\t\t\t\t\t\t\t\t\t\thref=\"\"\n\t\t\t\t\t\t\t\t\t\tclass=\"tribe-events-c-subscribe-dropdown__list-item-link\"\n\t\t\t\t\t\t\t\t\t\ttabindex=\"0\"\n\t\t\t\t\t\t\t\t\t\ttarget=\"_blank\"\n\t\t\t\t\t\t\t\t\t\trel=\"noopener noreferrer nofollow noindex\"\n\t\t\t\t\t\t\t\t\t>\n\t\t\t\t\t\t\t\t\t\tiCalendar\t\t\t\t\t\t\t\t\t<\/a>\n\t\t\t\t\t\t\t\t<\/li>\n\t\t\t\t\t\t\t\t\t\t\t\t\t\t\t<li class=\"tribe-events-c-subscribe-dropdown__list-item\">\n\t\t\t\t\t\t\t\t\t<a\n\t\t\t\t\t\t\t\t\t\thref=\"\"\n\t\t\t\t\t\t\t\t\t\tclass=\"tribe-events-c-subscribe-dropdown__list-item-link\"\n\t\t\t\t\t\t\t\t\t\ttabindex=\"0\"\n\t\t\t\t\t\t\t\t\t\ttarget=\"_blank\"\n\t\t\t\t\t\t\t\t\t\trel=\"noopener noreferrer nofollow noindex\"\n\t\t\t\t\t\t\t\t\t>\n\t\t\t\t\t\t\t\t\t\tOutlook 365\t\t\t\t\t\t\t\t\t<\/a>\n\t\t\t\t\t\t\t\t<\/li>\n\t\t\t\t\t\t\t\t\t\t\t\t\t\t\t<li class=\"tribe-events-c-subscribe-dropdown__list-item\">\n\t\t\t\t\t\t\t\t\t<a\n\t\t\t\t\t\t\t\t\t\thref=\"\"\n\t\t\t\t\t\t\t\t\t\tclass=\"tribe-events-c-subscribe-dropdown__list-item-link\"\n\t\t\t\t\t\t\t\t\t\ttabindex=\"0\"\n\t\t\t\t\t\t\t\t\t\ttarget=\"_blank\"\n\t\t\t\t\t\t\t\t\t\trel=\"noopener noreferrer nofollow noindex\"\n\t\t\t\t\t\t\t\t\t>\n\t\t\t\t\t\t\t\t\t\tOutlook Live\t\t\t\t\t\t\t\t\t<\/a>\n\t\t\t\t\t\t\t\t<\/li>\n\t\t\t\t\t\t\t\t\t\t\t\t\t<\/ul>\n\t\t\t\t\t<\/div>\n\t\t\t\t<\/div>\n\t\t\t<\/div>\n\t\t<\/div>\n\t<\/div>\n\n","protected":false},"excerpt":{"rendered":"<p>El Ayuntamiento de Coria, a trav\u00e9s de la Oficina de Turismo, por tercer a\u00f1o consecutivo, organiza el III Festival Ben\u00e9fico de la Chaquet\u00eda, que se desarrollar\u00e1 en la tarde del 31 de octubre, por las calles del Casco Hist\u00f3rico de la Ciudad. En eta ocasi\u00f3n, el evento vuelve a tener una gran acogida por parte [&hellip;]<\/p>\n","protected":false},"author":4,"featured_media":12814,"comment_status":"closed","ping_status":"closed","template":"","meta":{"_uag_custom_page_level_css":"","site-sidebar-layout":"default","site-content-layout":"","ast-site-content-layout":"default","site-content-style":"default","site-sidebar-style":"default","ast-global-header-display":"","ast-banner-title-visibility":"","ast-main-header-display":"","ast-hfb-above-header-display":"","ast-hfb-below-header-display":"","ast-hfb-mobile-header-display":"","site-post-title":"","ast-breadcrumbs-content":"","ast-featured-img":"","footer-sml-layout":"","theme-transparent-header-meta":"","adv-header-id-meta":"","stick-header-meta":"","header-above-stick-meta":"","header-main-stick-meta":"","header-below-stick-meta":"","astra-migrate-meta-layouts":"set","ast-page-background-enabled":"default","ast-page-background-meta":{"desktop":{"background-color":"","background-image":"","background-repeat":"repeat","background-position":"center center","background-size":"auto","background-attachment":"scroll","background-type":"","background-media":"","overlay-type":"","overlay-color":"","overlay-opacity":"","overlay-gradient":""},"tablet":{"background-color":"","background-image":"","background-repeat":"repeat","background-position":"center center","background-size":"auto","background-attachment":"scroll","background-type":"","background-media":"","overlay-type":"","overlay-color":"","overlay-opacity":"","overlay-gradient":""},"mobile":{"background-color":"","background-image":"","background-repeat":"repeat","background-position":"center center","background-size":"auto","background-attachment":"scroll","background-type":"","background-media":"","overlay-type":"","overlay-color":"","overlay-opacity":"","overlay-gradient":""}},"ast-content-background-meta":{"desktop":{"background-color":"var(--ast-global-color-5)","background-image":"","background-repeat":"repeat","background-position":"center center","background-size":"auto","background-attachment":"scroll","background-type":"","background-media":"","overlay-type":"","overlay-color":"","overlay-opacity":"","overlay-gradient":""},"tablet":{"background-color":"var(--ast-global-color-5)","background-image":"","background-repeat":"repeat","background-position":"center center","background-size":"auto","background-attachment":"scroll","background-type":"","background-media":"","overlay-type":"","overlay-color":"","overlay-opacity":"","overlay-gradient":""},"mobile":{"background-color":"var(--ast-global-color-5)","background-image":"","background-repeat":"repeat","background-position":"center center","background-size":"auto","background-attachment":"scroll","background-type":"","background-media":"","overlay-type":"","overlay-color":"","overlay-opacity":"","overlay-gradient":""}},"_EventAllDay":false,"_EventTimezone":"Europe\/Madrid","_EventStartDate":"2024-10-31 17:00:00","_EventEndDate":"2024-10-31 21:00:00","_EventStartDateUTC":"2024-10-31 16:00:00","_EventEndDateUTC":"2024-10-31 20:00:00","_EventShowMap":true,"_EventShowMapLink":true,"_EventURL":"","_EventCost":"","_EventCostDescription":"","_EventCurrencySymbol":"\u20ac","_EventCurrencyCode":"EUR","_EventCurrencyPosition":"suffix","_EventDateTimeSeparator":"-","_EventTimeRangeSeparator":" - ","_EventOrganizerID":[11943],"_EventVenueID":11916,"_OrganizerEmail":"","_OrganizerPhone":"","_OrganizerWebsite":"","_VenueAddress":"","_VenueCity":"","_VenueCountry":"","_VenueProvince":"","_VenueZip":"","_VenuePhone":"","_VenueURL":"","_VenueStateProvince":"","_VenueLat":"","_VenueLng":"","_tribe_events_status":"","_tribe_events_status_reason":"","footnotes":""},"tags":[],"tribe_events_cat":[],"class_list":["post-12813","tribe_events","type-tribe_events","status-publish","has-post-thumbnail","hentry"],"uagb_featured_image_src":{"full":["https:\/\/turismocoria.es\/turismo\/wp-content\/uploads\/2024\/10\/iii-festival-de-la-chaquetia.webp",1131,1600,false],"thumbnail":["https:\/\/turismocoria.es\/turismo\/wp-content\/uploads\/2024\/10\/iii-festival-de-la-chaquetia-150x150.webp",150,150,true],"medium":["https:\/\/turismocoria.es\/turismo\/wp-content\/uploads\/2024\/10\/iii-festival-de-la-chaquetia-212x300.webp",212,300,true],"medium_large":["https:\/\/turismocoria.es\/turismo\/wp-content\/uploads\/2024\/10\/iii-festival-de-la-chaquetia-768x1086.webp",768,1086,true],"large":["https:\/\/turismocoria.es\/turismo\/wp-content\/uploads\/2024\/10\/iii-festival-de-la-chaquetia-724x1024.webp",724,1024,true],"gs-tiny":["https:\/\/turismocoria.es\/turismo\/wp-content\/uploads\/2024\/10\/iii-festival-de-la-chaquetia-50x71.webp",50,71,true],"xl":["https:\/\/turismocoria.es\/turismo\/wp-content\/uploads\/2024\/10\/iii-festival-de-la-chaquetia.webp",1131,1600,false],"xxl":["https:\/\/turismocoria.es\/turismo\/wp-content\/uploads\/2024\/10\/iii-festival-de-la-chaquetia.webp",1131,1600,false],"xxxl":["https:\/\/turismocoria.es\/turismo\/wp-content\/uploads\/2024\/10\/iii-festival-de-la-chaquetia.webp",1131,1600,false],"xxxxl":["https:\/\/turismocoria.es\/turismo\/wp-content\/uploads\/2024\/10\/iii-festival-de-la-chaquetia.webp",1131,1600,false],"xxxxxl":["https:\/\/turismocoria.es\/turismo\/wp-content\/uploads\/2024\/10\/iii-festival-de-la-chaquetia.webp",1131,1600,false],"1536x1536":["https:\/\/turismocoria.es\/turismo\/wp-content\/uploads\/2024\/10\/iii-festival-de-la-chaquetia-1086x1536.webp",1086,1536,true],"2048x2048":["https:\/\/turismocoria.es\/turismo\/wp-content\/uploads\/2024\/10\/iii-festival-de-la-chaquetia.webp",1131,1600,false],"ultp_layout_landscape_large":["https:\/\/turismocoria.es\/turismo\/wp-content\/uploads\/2024\/10\/iii-festival-de-la-chaquetia-1131x800.webp",1131,800,true],"ultp_layout_landscape":["https:\/\/turismocoria.es\/turismo\/wp-content\/uploads\/2024\/10\/iii-festival-de-la-chaquetia-870x570.webp",870,570,true],"ultp_layout_portrait":["https:\/\/turismocoria.es\/turismo\/wp-content\/uploads\/2024\/10\/iii-festival-de-la-chaquetia-600x900.webp",600,900,true],"ultp_layout_square":["https:\/\/turismocoria.es\/turismo\/wp-content\/uploads\/2024\/10\/iii-festival-de-la-chaquetia-600x600.webp",600,600,true],"gb-block-post-grid-landscape":["https:\/\/turismocoria.es\/turismo\/wp-content\/uploads\/2024\/10\/iii-festival-de-la-chaquetia-600x400.webp",600,400,true],"gb-block-post-grid-square":["https:\/\/turismocoria.es\/turismo\/wp-content\/uploads\/2024\/10\/iii-festival-de-la-chaquetia-600x600.webp",600,600,true]},"uagb_author_info":{"display_name":"Oficina Turismo","author_link":"https:\/\/turismocoria.es\/turismo\/author\/oficina\/"},"uagb_comment_info":0,"uagb_excerpt":"El Ayuntamiento de Coria, a trav\u00e9s de la Oficina de Turismo, por tercer a\u00f1o consecutivo, organiza el III Festival Ben\u00e9fico de la Chaquet\u00eda, que se desarrollar\u00e1 en la tarde del 31 de octubre, por las calles del Casco Hist\u00f3rico de la Ciudad. En eta ocasi\u00f3n, el evento vuelve a tener una gran acogida por parte&hellip;","_links":{"self":[{"href":"https:\/\/turismocoria.es\/turismo\/wp-json\/wp\/v2\/tribe_events\/12813"}],"collection":[{"href":"https:\/\/turismocoria.es\/turismo\/wp-json\/wp\/v2\/tribe_events"}],"about":[{"href":"https:\/\/turismocoria.es\/turismo\/wp-json\/wp\/v2\/types\/tribe_events"}],"author":[{"embeddable":true,"href":"https:\/\/turismocoria.es\/turismo\/wp-json\/wp\/v2\/users\/4"}],"replies":[{"embeddable":true,"href":"https:\/\/turismocoria.es\/turismo\/wp-json\/wp\/v2\/comments?post=12813"}],"version-history":[{"count":1,"href":"https:\/\/turismocoria.es\/turismo\/wp-json\/wp\/v2\/tribe_events\/12813\/revisions"}],"predecessor-version":[{"id":12815,"href":"https:\/\/turismocoria.es\/turismo\/wp-json\/wp\/v2\/tribe_events\/12813\/revisions\/12815"}],"wp:featuredmedia":[{"embeddable":true,"href":"https:\/\/turismocoria.es\/turismo\/wp-json\/wp\/v2\/media\/12814"}],"wp:attachment":[{"href":"https:\/\/turismocoria.es\/turismo\/wp-json\/wp\/v2\/media?parent=12813"}],"wp:term":[{"taxonomy":"post_tag","embeddable":true,"href":"https:\/\/turismocoria.es\/turismo\/wp-json\/wp\/v2\/tags?post=12813"},{"taxonomy":"tribe_events_cat","embeddable":true,"href":"https:\/\/turismocoria.es\/turismo\/wp-json\/wp\/v2\/tribe_events_cat?post=12813"}],"curies":[{"name":"wp","href":"https:\/\/api.w.org\/{rel}","templated":true}]}}