{"id":12783,"date":"2024-10-07T12:57:30","date_gmt":"2024-10-07T10:57:30","guid":{"rendered":"https:\/\/turismocoria.es\/turismo\/?post_type=tribe_events&#038;p=12783"},"modified":"2024-10-25T09:18:49","modified_gmt":"2024-10-25T07:18:49","slug":"coria-sabor-micologico-2024","status":"publish","type":"tribe_events","link":"https:\/\/turismocoria.es\/turismo\/evento\/coria-sabor-micologico-2024\/","title":{"rendered":"Coria Sabor Micol\u00f3gico 2024"},"content":{"rendered":"<div class=\"tribe-events-schedule tribe-clearfix\">\n\t<h2 class=\"tribe-events-schedule__datetime\">\n\t\t<span class=\"tribe-events-schedule__date tribe-events-schedule__date--start\">\n\t\t\t01 11 2024\t\t<\/span>\n\n\t\t\n\t\t\t\t\t\t\t\t\t<span class=\"tribe-events-schedule__separator tribe-events-schedule__separator--time\">\n\t\t\t\t\t &#8211; \t\t\t\t<\/span>\n\t\t\t\n\t\t\t\t\t\t\t<span class=\"tribe-events-schedule__date tribe-events-schedule__date--end\">\n\t\t\t\t\t30 11 2024\t\t\t\t<\/span>\n\n\t\t\t\t\n\t\t\t\n\t\t\t\t\t\t<\/h2>\n<\/div>\n\n\n\n<p>El Excmo. Ayuntamiento de Coria, a trav\u00e9s de la Concejal\u00eda de Turismo, por decimos\u00e9ptimo a\u00f1o consecutivo, derivado de las expectativas creadas y de las posibilidades que suponen para el desarrollo del turismo y del sector de la hosteler\u00eda de la ciudad, contin\u00faa apostando, un a\u00f1o m\u00e1s, por la organizaci\u00f3n del la XVII Mes Gastron\u00f3mico, \u201cCoria, Sabor Micol\u00f3gico\u201d, que se celebrar\u00e1 del 1 al 30 de noviembre de 2024.<\/p>\n\n\n\n<div style=\"height:3em\" aria-hidden=\"true\" class=\"wp-block-spacer\"><\/div>\n\n\n<figure class=\"wp-block-post-featured-image\"><img loading=\"lazy\" decoding=\"async\" width=\"960\" height=\"1200\" data-src=\"https:\/\/turismocoria.es\/turismo\/wp-content\/uploads\/2024\/10\/sabor-micologico-2024.webp\" class=\"attachment-post-thumbnail size-post-thumbnail wp-post-image lazyload\" alt=\"\" style=\"--smush-placeholder-width: 960px; --smush-placeholder-aspect-ratio: 960\/1200;object-fit:cover;\" data-srcset=\"https:\/\/turismocoria.es\/turismo\/wp-content\/uploads\/2024\/10\/sabor-micologico-2024.webp 960w, https:\/\/turismocoria.es\/turismo\/wp-content\/uploads\/2024\/10\/sabor-micologico-2024-240x300.webp 240w, https:\/\/turismocoria.es\/turismo\/wp-content\/uploads\/2024\/10\/sabor-micologico-2024-819x1024.webp 819w, https:\/\/turismocoria.es\/turismo\/wp-content\/uploads\/2024\/10\/sabor-micologico-2024-768x960.webp 768w, https:\/\/turismocoria.es\/turismo\/wp-content\/uploads\/2024\/10\/sabor-micologico-2024-50x63.webp 50w\" data-sizes=\"(max-width: 960px) 100vw, 960px\" src=\"data:image\/gif;base64,R0lGODlhAQABAAAAACH5BAEKAAEALAAAAAABAAEAAAICTAEAOw==\" \/><noscript><img loading=\"lazy\" decoding=\"async\" width=\"960\" height=\"1200\" src=\"https:\/\/turismocoria.es\/turismo\/wp-content\/uploads\/2024\/10\/sabor-micologico-2024.webp\" class=\"attachment-post-thumbnail size-post-thumbnail wp-post-image\" alt=\"\" style=\"object-fit:cover;\" srcset=\"https:\/\/turismocoria.es\/turismo\/wp-content\/uploads\/2024\/10\/sabor-micologico-2024.webp 960w, https:\/\/turismocoria.es\/turismo\/wp-content\/uploads\/2024\/10\/sabor-micologico-2024-240x300.webp 240w, https:\/\/turismocoria.es\/turismo\/wp-content\/uploads\/2024\/10\/sabor-micologico-2024-819x1024.webp 819w, https:\/\/turismocoria.es\/turismo\/wp-content\/uploads\/2024\/10\/sabor-micologico-2024-768x960.webp 768w, https:\/\/turismocoria.es\/turismo\/wp-content\/uploads\/2024\/10\/sabor-micologico-2024-50x63.webp 50w\" sizes=\"(max-width: 960px) 100vw, 960px\" \/><\/noscript><\/figure>\n\n\n<div style=\"height:3em\" aria-hidden=\"true\" class=\"wp-block-spacer\"><\/div>\n\n\n\n<h3 class=\"wp-block-heading\">Programa de Coria Sabor Micol\u00f3gico 2024<\/h3>\n\n\n\n<div class=\"wp-block-group has-custom-secundario-5-background-color has-background is-layout-flow wp-block-group-is-layout-flow\" style=\"padding-top:var(--wp--preset--spacing--20);padding-right:var(--wp--preset--spacing--20);padding-bottom:var(--wp--preset--spacing--20);padding-left:var(--wp--preset--spacing--20)\"><div class=\"wp-block-group__inner-container\">\n<p><strong>Del 1 al 30 de Noviembre de 2024.<\/strong><\/p>\n\n\n\n<p><strong>Promoci\u00f3n Descuentos Especial \u201cXVII D\u00eda de la Seta de Coria \u201d en Alojamientos.<\/strong><\/p>\n\n\n\n<p>M\u00e1s informaci\u00f3n:&nbsp;<a href=\"https:\/\/turismocoria.es\/gastronomia\/index.php\/promocion-alojamientos\/\">Promoci\u00f3n en Alojamientos<\/a><\/p>\n<\/div><\/div>\n\n\n\n<div class=\"wp-block-group has-pale-cyan-blue-background-color has-background is-layout-flow wp-container-core-group-is-layout-2 wp-block-group-is-layout-flow\" style=\"padding-top:var(--wp--preset--spacing--20);padding-right:var(--wp--preset--spacing--20);padding-bottom:var(--wp--preset--spacing--20);padding-left:var(--wp--preset--spacing--20)\"><div class=\"wp-block-group__inner-container\">\n<p><strong>Del 1 al 30 de Noviembre de 2024.<\/strong><\/p>\n\n\n\n<p><strong>Degustaci\u00f3n de Platos Micol\u00f3gicos a la Carta Diarios y Men\u00fas Micol\u00f3gicos<br>de Fines de Semana en Restaurantes<\/strong><\/p>\n\n\n\n<p>M\u00e1s Informaci\u00f3n:&nbsp;<a href=\"https:\/\/turismocoria.es\/gastronomia\/index.php\/degustacion-de-tapas-y-menus-micologicos\/\">Degustaci\u00f3n Men\u00fas Micol\u00f3gicos en Restaurantes<\/a><\/p>\n<\/div><\/div>\n\n\n\n<div class=\"wp-block-group has-custom-secundario-5-background-color has-background is-layout-flow wp-block-group-is-layout-flow\" style=\"padding-top:var(--wp--preset--spacing--20);padding-right:var(--wp--preset--spacing--20);padding-bottom:var(--wp--preset--spacing--20);padding-left:var(--wp--preset--spacing--20)\"><div class=\"wp-block-group__inner-container\">\n<p><strong>Del 22 al 24 de Noviembre de 2024.<\/strong><\/p>\n\n\n\n<p><strong>Degustaci\u00f3n IX Certamen Ruta de Tapas \u201cCoria Sabor Micol\u00f3gico\u201d en Hosteler\u00eda<\/strong><\/p>\n\n\n\n<p>M\u00e1s Informaci\u00f3n:\u00a0<a href=\"https:\/\/turismocoria.es\/gastronomia\/index.php\/degustacion-aperitivos-micologicos-en-bares-y-cafeterias\/\" data-type=\"link\" data-id=\"https:\/\/turismocoria.es\/gastronomia\/index.php\/degustacion-aperitivos-micologicos-en-bares-y-cafeterias\/\">IX Certamen Ruta de Tapas<\/a><\/p>\n<\/div><\/div>\n\n\n\n<div class=\"wp-block-group has-pale-cyan-blue-background-color has-background is-layout-flow wp-container-core-group-is-layout-4 wp-block-group-is-layout-flow\" style=\"padding-top:var(--wp--preset--spacing--20);padding-right:var(--wp--preset--spacing--20);padding-bottom:var(--wp--preset--spacing--20);padding-left:var(--wp--preset--spacing--20)\"><div class=\"wp-block-group__inner-container\">\n<p><strong>Del 1 al 30 de Noviembre 2024.<\/strong><br>Exposici\u00f3n del IV Concurso Fotogr\u00e1fico \u00abPan y Vino\u00bb.<br>Lugar: Restaurante-Cervecer\u00eda San Juan (Calle Alcalde Francisco Lomo, 31)<br>Organiza: Asociaci\u00f3n Micol\u00f3gica Senderuelas de Coria.<\/p>\n<\/div><\/div>\n\n\n\n<div class=\"wp-block-group has-custom-secundario-5-background-color has-background is-layout-flow wp-block-group-is-layout-flow\" style=\"padding-top:var(--wp--preset--spacing--20);padding-right:var(--wp--preset--spacing--20);padding-bottom:var(--wp--preset--spacing--20);padding-left:var(--wp--preset--spacing--20)\"><div class=\"wp-block-group__inner-container\">\n<p><strong>Viernes: 8, 15, 22 y 29 de Noviembre de 2024.<\/strong><br>19:00 h.&nbsp;<strong>Recogida, Aporte, Clasificaci\u00f3n Taxon\u00f3mica y Tertulia Micol\u00f3gica.<\/strong><br>Lugar: Patio de Cristal del Ayuntamiento de Coria (Plaza de San Pedro, 1).<br>Colabora: Asociaci\u00f3n Micol\u00f3gica Senderuelas de Coria.<\/p>\n<\/div><\/div>\n\n\n\n<div class=\"wp-block-group has-pale-cyan-blue-background-color has-background is-layout-flow wp-container-core-group-is-layout-6 wp-block-group-is-layout-flow\" style=\"padding-top:var(--wp--preset--spacing--20);padding-right:var(--wp--preset--spacing--20);padding-bottom:var(--wp--preset--spacing--20);padding-left:var(--wp--preset--spacing--20)\"><div class=\"wp-block-group__inner-container\">\n<p><strong>Viernes, 8 de Noviembre de 2024<\/strong>.<br>19:30 h. Proyecci\u00f3n: \u201cTodo Sobre El Gurumelo\u201d.<br>Documental de Jos\u00e9 Luis Becerra Gonz\u00e1lez, Miembro SME.<br>Lugar: Patio de Cristal del Ayuntamiento de Coria (Plaza de San Pedro, 1).<br>Colabora: Sociedad Micol\u00f3gica Extreme\u00f1a (SME).<\/p>\n<\/div><\/div>\n\n\n\n<div class=\"wp-block-group has-custom-secundario-5-background-color has-background is-layout-flow wp-block-group-is-layout-flow\" style=\"padding-top:var(--wp--preset--spacing--20);padding-right:var(--wp--preset--spacing--20);padding-bottom:var(--wp--preset--spacing--20);padding-left:var(--wp--preset--spacing--20)\"><div class=\"wp-block-group__inner-container\">\n<p><strong>Viernes, 15 de Noviembre de 2024.<\/strong><br>19:30 h. Proyecci\u00f3n: \u201cCriadillas de Tierra: Un Placer Oculto\u201d.<br>Documental de Jos\u00e9 Luis Becerra Gonz\u00e1lez, Miembro SME.<br>Lugar: Patio de Cristal del Ayuntamiento de Coria (Plaza de San Pedro, 1).<br>Colabora: Sociedad Micol\u00f3gica Extreme\u00f1a (SME).<\/p>\n<\/div><\/div>\n\n\n\n<h4 class=\"wp-block-heading\">XVII D\u00eda de la Seta en Coria<\/h4>\n\n\n\n<div class=\"wp-block-group has-custom-secundario-5-background-color has-background is-layout-flow wp-block-group-is-layout-flow\" style=\"padding-top:var(--wp--preset--spacing--20);padding-right:var(--wp--preset--spacing--20);padding-bottom:var(--wp--preset--spacing--20);padding-left:var(--wp--preset--spacing--20)\"><div class=\"wp-block-group__inner-container\">\n<p><strong>Viernes, 22 de Noviembre de 2023.<\/strong><\/p>\n\n\n\n<p>14h00&nbsp;<strong>Degustaci\u00f3n de Men\u00fas Micol\u00f3gicos en Restaurantes.<\/strong><br>Lugar: Establecimientos de Restauranci\u00f3n Participantes Adheridos.&nbsp;<a href=\"https:\/\/turismocoria.es\/gastronomia\/index.php\/degustacion-de-tapas-y-menus-micologicos\/\">M\u00e1s informaci\u00f3n<\/a>.<\/p>\n<\/div><\/div>\n\n\n\n<div class=\"wp-block-group has-pale-cyan-blue-background-color has-background is-layout-flow wp-container-core-group-is-layout-9 wp-block-group-is-layout-flow\" style=\"padding-top:var(--wp--preset--spacing--20);padding-right:var(--wp--preset--spacing--20);padding-bottom:var(--wp--preset--spacing--20);padding-left:var(--wp--preset--spacing--20)\"><div class=\"wp-block-group__inner-container\">\n<p>19:30 h.&nbsp;<strong>Recogida, Aporte, Clasificaci\u00f3n Taxon\u00f3mica y Tertulia Micol\u00f3gica.<\/strong><br>Lugar: Patio de Cristal del Ayuntamiento de Coria (Plaza de San Pedro, 1).<br>Colabora: Asociaci\u00f3n Micol\u00f3gica Senderuelas de Coria.<\/p>\n<\/div><\/div>\n\n\n\n<div class=\"wp-block-group has-custom-secundario-5-background-color has-background is-layout-flow wp-block-group-is-layout-flow\" style=\"padding-top:var(--wp--preset--spacing--20);padding-right:var(--wp--preset--spacing--20);padding-bottom:var(--wp--preset--spacing--20);padding-left:var(--wp--preset--spacing--20)\"><div class=\"wp-block-group__inner-container\">\n<p>20h00 h.&nbsp;<strong>Conferencia Micol\u00f3gica:\u201cSetas del Valle del Alag\u00f3n \u2013 Curiosidades\u201d<\/strong><br>Ponente: Mill\u00e1n Pulido S\u00e1nchez,. Miembro Asoc. Micol\u00f3gica Senderuelas de Coria.<br>Lugar: Sal\u00f3n de Plenos del Ayuntamiento de Coria (Plaza de San Pedro,1).<\/p>\n<\/div><\/div>\n\n\n\n<div class=\"wp-block-group has-pale-cyan-blue-background-color has-background is-layout-flow wp-container-core-group-is-layout-11 wp-block-group-is-layout-flow\" style=\"padding-top:var(--wp--preset--spacing--20);padding-right:var(--wp--preset--spacing--20);padding-bottom:var(--wp--preset--spacing--20);padding-left:var(--wp--preset--spacing--20)\"><div class=\"wp-block-group__inner-container\">\n<p>20h00 a 23h00&nbsp;<strong>IX Certamen Ruta de Tapas \u00abCoria Sabor Micol\u00f3gico\u00bb<\/strong><br>Lugar: Establecimientos Hosteleros Participantes.&nbsp;<a href=\"https:\/\/turismocoria.es\/gastronomia\/index.php\/certamen-de-tapas\/\">M\u00e1s informaci\u00f3n<\/a><\/p>\n<\/div><\/div>\n\n\n\n<div class=\"wp-block-group has-custom-secundario-5-background-color has-background is-layout-flow wp-block-group-is-layout-flow\" style=\"padding-top:var(--wp--preset--spacing--20);padding-right:var(--wp--preset--spacing--20);padding-bottom:var(--wp--preset--spacing--20);padding-left:var(--wp--preset--spacing--20)\"><div class=\"wp-block-group__inner-container\">\n<p><strong>S\u00e1bado, 23 de Noviembre de 2024.<\/strong><\/p>\n\n\n\n<p>09:00 h.&nbsp;<strong>Desayuno con Migas Extreme\u00f1as.<\/strong><br>Lugar: Hotel-Restaurante Montesol (Ctra. Puente de Hierro, s\/n).<\/p>\n<\/div><\/div>\n\n\n\n<div class=\"wp-block-group has-pale-cyan-blue-background-color has-background is-layout-flow wp-container-core-group-is-layout-13 wp-block-group-is-layout-flow\" style=\"padding-top:var(--wp--preset--spacing--20);padding-right:var(--wp--preset--spacing--20);padding-bottom:var(--wp--preset--spacing--20);padding-left:var(--wp--preset--spacing--20)\"><div class=\"wp-block-group__inner-container\">\n<p>10:00 h.&nbsp;<strong>Paseo Micol\u00f3gico por la Dehesa de M\u00ednguez.<\/strong><br>Lugar de Salida: Puente de Hierro de Coria.M\u00e1s informaci\u00f3n:&nbsp;<a href=\"http:\/\/www.coria.org\/gastronomia\/paseo-micologico\/\">Paseo Micol\u00f3gico<\/a><br>Gu\u00eda: C\u00e9sar Mart\u00edn Alcoba (GISrena, S.L. y Miembro de la SME).<br>Colabora: Asociaci\u00f3n Micol\u00f3gica Senderuelas de Coria y SME.<\/p>\n<\/div><\/div>\n\n\n\n<div class=\"wp-block-group has-custom-secundario-5-background-color has-background is-layout-flow wp-block-group-is-layout-flow\" style=\"padding-top:var(--wp--preset--spacing--20);padding-right:var(--wp--preset--spacing--20);padding-bottom:var(--wp--preset--spacing--20);padding-left:var(--wp--preset--spacing--20)\"><div class=\"wp-block-group__inner-container\">\n<p>13:00 h.&nbsp;<strong>Montaje y Clasificaci\u00f3n Taxon\u00f3mica de las Setas Recolectadas<\/strong>.<br>Lugar: Patio de Cristal del Ayuntamiento de Coria (Plaza de San Pedro, 1).<\/p>\n<\/div><\/div>\n\n\n\n<div class=\"wp-block-group has-pale-cyan-blue-background-color has-background is-layout-flow wp-container-core-group-is-layout-15 wp-block-group-is-layout-flow\" style=\"padding-top:var(--wp--preset--spacing--20);padding-right:var(--wp--preset--spacing--20);padding-bottom:var(--wp--preset--spacing--20);padding-left:var(--wp--preset--spacing--20)\"><div class=\"wp-block-group__inner-container\">\n<p>13:00 h. a 16:00 h.&nbsp;<strong>IX&nbsp;Certamen Ruta de Tapas \u201cCoria Sabor Micol\u00f3gico\u201d.<\/strong><br>Lugar: Establecimientos Hosteleros Participantes.&nbsp;<a href=\"https:\/\/turismocoria.es\/gastronomia\/index.php\/certamen-de-tapas\/\">M\u00e1s informaci\u00f3n<\/a><\/p>\n<\/div><\/div>\n\n\n\n<div class=\"wp-block-group has-custom-secundario-5-background-color has-background is-layout-flow wp-block-group-is-layout-flow\" style=\"padding-top:var(--wp--preset--spacing--20);padding-right:var(--wp--preset--spacing--20);padding-bottom:var(--wp--preset--spacing--20);padding-left:var(--wp--preset--spacing--20)\"><div class=\"wp-block-group__inner-container\">\n<p>14h00&nbsp;<strong>Degustaci\u00f3n de Men\u00fas Micol\u00f3gicos en Restaurantes.<\/strong><br>Lugar: Establecimientos de Restauranci\u00f3n Participantes Adheridos.&nbsp;<a href=\"https:\/\/turismocoria.es\/gastronomia\/index.php\/degustacion-de-tapas-y-menus-micologicos\/\">M\u00e1s informaci\u00f3n<\/a>.<\/p>\n<\/div><\/div>\n\n\n\n<div class=\"wp-block-group has-pale-cyan-blue-background-color has-background is-layout-flow wp-container-core-group-is-layout-17 wp-block-group-is-layout-flow\" style=\"padding-top:var(--wp--preset--spacing--20);padding-right:var(--wp--preset--spacing--20);padding-bottom:var(--wp--preset--spacing--20);padding-left:var(--wp--preset--spacing--20)\"><div class=\"wp-block-group__inner-container\">\n<p>20h00 a 23h00&nbsp;<strong>IX&nbsp;Certamen Ruta de Tapas \u00abCoria Sabor Micol\u00f3gico\u00bb<\/strong><br>Lugar: Establecimientos Hosteleros Participantes.&nbsp;<a href=\"https:\/\/turismocoria.es\/gastronomia\/index.php\/certamen-de-tapas\/\">M\u00e1s informaci\u00f3n<\/a><\/p>\n<\/div><\/div>\n\n\n\n<div class=\"wp-block-group has-custom-secundario-5-background-color has-background is-layout-flow wp-block-group-is-layout-flow\" style=\"padding-top:var(--wp--preset--spacing--20);padding-right:var(--wp--preset--spacing--20);padding-bottom:var(--wp--preset--spacing--20);padding-left:var(--wp--preset--spacing--20)\"><div class=\"wp-block-group__inner-container\">\n<p><strong>Domingo, 24 de Noviembre de 2024.<\/strong><\/p>\n\n\n\n<p>12:00 h.&nbsp;<strong>Visita Guiada Teatralizada \u201cEl Bulul\u00fa de Don Cosme\u201d<\/strong>&nbsp;por el Casco Hist\u00f3rico de Coria.<br>Inscripci\u00f3n Previa: Oficina Municipal de Turismo (Plaza de San Pedro, 1).<br>Lugar de Salida: Plaza de la Cava.<\/p>\n<\/div><\/div>\n\n\n\n<div class=\"wp-block-group has-pale-cyan-blue-background-color has-background is-layout-flow wp-container-core-group-is-layout-19 wp-block-group-is-layout-flow\" style=\"padding-top:var(--wp--preset--spacing--20);padding-right:var(--wp--preset--spacing--20);padding-bottom:var(--wp--preset--spacing--20);padding-left:var(--wp--preset--spacing--20)\"><div class=\"wp-block-group__inner-container\">\n<p>13:00 h. a 16:00 h.&nbsp;<strong>IX&nbsp;Certamen Ruta de Tapas \u00abCoria Sabor Micol\u00f3gico\u00bb<\/strong><br>Lugar: Establecimientos Hosteleros Participantes.M\u00e1s informaci\u00f3n&nbsp;<a href=\"https:\/\/turismocoria.es\/gastronomia\/index.php\/certamen-de-tapas\/\">M\u00e1s informaci\u00f3n<\/a><\/p>\n<\/div><\/div>\n\n\n\n<div class=\"wp-block-group has-custom-secundario-5-background-color has-background is-layout-flow wp-block-group-is-layout-flow\" style=\"padding-top:var(--wp--preset--spacing--20);padding-right:var(--wp--preset--spacing--20);padding-bottom:var(--wp--preset--spacing--20);padding-left:var(--wp--preset--spacing--20)\"><div class=\"wp-block-group__inner-container\">\n<p>14h00&nbsp;<strong>Degustaci\u00f3n de Men\u00fas Micol\u00f3gicos en Restaurantes<\/strong>.<br>Lugar: Establecimientos de Restauraci\u00f3n Participantes Adheridos.&nbsp;<a href=\"https:\/\/turismocoria.es\/gastronomia\/index.php\/degustacion-de-tapas-y-menus-micologicos\/\">M\u00e1s informaci\u00f3n<\/a>.<\/p>\n<\/div><\/div>\n\n\n\n<div class=\"wp-block-buttons is-content-justification-center is-layout-flex wp-container-core-buttons-is-layout-1 wp-block-buttons-is-layout-flex\">\n<div class=\"wp-block-button has-custom-width wp-block-button__width-75 has-custom-font-size has-medium-font-size\"><a class=\"wp-block-button__link wp-element-button\" href=\"https:\/\/turismocoria.es\/gastronomia\" style=\"border-width:7px;border-radius:18px;padding-top:var(--wp--preset--spacing--40);padding-right:var(--wp--preset--spacing--40);padding-bottom:var(--wp--preset--spacing--40);padding-left:var(--wp--preset--spacing--40)\" target=\"_blank\" rel=\"noreferrer noopener\">+ Informaci\u00f3n en la Web Oficial de Coria Sabor Micol\u00f3gico 2024<\/a><\/div>\n<\/div>\n\n\n<div class=\"tribe-block tribe-block__event-price\">\n\t\t<\/div>\n\n\n<div class=\"tribe-block tribe-block__organizer__details tribe-clearfix\">\n\t<div class=\"tribe-block__organizer__title\">\n\t\t<h3><a href=\"https:\/\/turismocoria.es\/turismo\/organizer\/ayuntamiento-de-coria\/\" title=\"Ayuntamiento de Coria\" target=\"_self\" rel=\"\">Ayuntamiento de Coria<\/a><\/h3>\n\t<\/div>\n\t\t\t<\/div>\n\n\n<div class=\"tribe-block tribe-block__venue tribe-block__venue--has-map\">\n\t\n\t\t\n\t<\/div>\n\n\n\n\n\t<div class=\"tribe-block tribe-block__events-link\">\n\t\t<div class=\"tribe-events tribe-common\">\n\t\t\t<div class=\"tribe-events-c-subscribe-dropdown__container\">\n\t\t\t\t<div class=\"tribe-events-c-subscribe-dropdown\">\n\t\t\t\t\t<div class=\"tribe-common-c-btn-border tribe-events-c-subscribe-dropdown__button\" tabindex=\"0\">\n\t\t\t\t\t\t<svg  class=\"tribe-common-c-svgicon tribe-common-c-svgicon--cal-export tribe-events-c-subscribe-dropdown__export-icon\"  viewBox=\"0 0 23 17\" xmlns=\"http:\/\/www.w3.org\/2000\/svg\">\n  <path fill-rule=\"evenodd\" clip-rule=\"evenodd\" d=\"M.128.896V16.13c0 .211.145.383.323.383h15.354c.179 0 .323-.172.323-.383V.896c0-.212-.144-.383-.323-.383H.451C.273.513.128.684.128.896Zm16 6.742h-.901V4.679H1.009v10.729h14.218v-3.336h.901V7.638ZM1.01 1.614h14.218v2.058H1.009V1.614Z\" \/>\n  <path d=\"M20.5 9.846H8.312M18.524 6.953l2.89 2.909-2.855 2.855\" stroke-width=\"1.2\" stroke-linecap=\"round\" stroke-linejoin=\"round\"\/>\n<\/svg>\n\t\t\t\t\t\t<button class=\"tribe-events-c-subscribe-dropdown__button-text\">\n\t\t\t\t\t\t\tA\u00f1adir al calendario\t\t\t\t\t\t<\/button>\n\t\t\t\t\t\t<svg  class=\"tribe-common-c-svgicon tribe-common-c-svgicon--caret-down tribe-events-c-subscribe-dropdown__button-icon\"  viewBox=\"0 0 10 7\" xmlns=\"http:\/\/www.w3.org\/2000\/svg\"><path fill-rule=\"evenodd\" clip-rule=\"evenodd\" d=\"M1.008.609L5 4.6 8.992.61l.958.958L5 6.517.05 1.566l.958-.958z\" class=\"tribe-common-c-svgicon__svg-fill\"\/><\/svg>\n\t\t\t\t\t<\/div>\n\t\t\t\t\t<div class=\"tribe-events-c-subscribe-dropdown__content\">\n\t\t\t\t\t\t<ul class=\"tribe-events-c-subscribe-dropdown__list\" tabindex=\"0\">\n\t\t\t\t\t\t\t\t\t\t\t\t\t\t\t<li class=\"tribe-events-c-subscribe-dropdown__list-item\">\n\t\t\t\t\t\t\t\t\t<a\n\t\t\t\t\t\t\t\t\t\thref=\"https:\/\/www.google.com\/calendar\/event?action=TEMPLATE&#038;dates=20241101T000000\/20241130T235959&#038;text=Coria%20Sabor%20Micol%C3%B3gico%202024&#038;details=%3C%21--+wp%3Atribe%2Fevent-datetime+%2F--%3E%3C%21--+wp%3Aparagraph+%7B%22placeholder%22%3A%22A%C3%B1adir+descripci%C3%B3n%E2%80%A6%22%7D+--%3E%3Cp%3EEl+Excmo.+Ayuntamiento+de+Coria%2C+a+trav%C3%A9s+de+la+Concejal%C3%ADa+de+Turismo%2C+por+decimos%C3%A9ptimo+a%C3%B1o+consecutivo%2C+derivado+de+las+expectativas+creadas+y+de+las+posibilidades+que+suponen+para+el+desarrollo+del+turismo+y+del+sector+de+la+hosteler%C3%ADa+de+la+ciudad%2C+contin%C3%BAa+apostando%2C+un+a%C3%B1o+m%C3%A1s%2C+por+la+organizaci%C3%B3n+del+la+XVII+Mes+Gastron%C3%B3mico%2C+%E2%80%9CCoria%2C+Sabor+Micol%C3%B3gico%E2%80%9D%2C+que+se+celebrar%C3%A1+del+1+al+30+de+noviembre+de+2024.%3C%2Fp%3E%3C%21--+%2Fwp%3Aparagraph+--%3E%3C%21--+wp%3Aspacer+%7B%22height%22%3A%223em%22%7D+--%3E%3Cdiv+style%3D%22height%3A3em%22+aria-hidden%3D%22true%22+class%3D%22wp-block-spacer%22%3E%3C%2Fdiv%3E%3C%21--+%2Fwp%3Aspacer+--%3E%3C%21--+wp%3Apost-featured-image+%2F--%3E%3C%21--+wp%3Aspacer+%7B%22hei%20(Ver%20aqu\u00ed%20la%20descripci\u00f3n%20completa%20de%20evento:%20https:\/\/turismocoria.es\/turismo\/evento\/coria-sabor-micologico-2024\/)&#038;trp=false&#038;ctz=Europe\/Madrid&#038;sprop=website:https:\/\/turismocoria.es\/turismo\"\n\t\t\t\t\t\t\t\t\t\tclass=\"tribe-events-c-subscribe-dropdown__list-item-link\"\n\t\t\t\t\t\t\t\t\t\ttabindex=\"0\"\n\t\t\t\t\t\t\t\t\t\ttarget=\"_blank\"\n\t\t\t\t\t\t\t\t\t\trel=\"noopener noreferrer nofollow noindex\"\n\t\t\t\t\t\t\t\t\t>\n\t\t\t\t\t\t\t\t\t\tGoogle Calendar\t\t\t\t\t\t\t\t\t<\/a>\n\t\t\t\t\t\t\t\t<\/li>\n\t\t\t\t\t\t\t\t\t\t\t\t\t\t\t<li class=\"tribe-events-c-subscribe-dropdown__list-item\">\n\t\t\t\t\t\t\t\t\t<a\n\t\t\t\t\t\t\t\t\t\thref=\"\"\n\t\t\t\t\t\t\t\t\t\tclass=\"tribe-events-c-subscribe-dropdown__list-item-link\"\n\t\t\t\t\t\t\t\t\t\ttabindex=\"0\"\n\t\t\t\t\t\t\t\t\t\ttarget=\"_blank\"\n\t\t\t\t\t\t\t\t\t\trel=\"noopener noreferrer nofollow noindex\"\n\t\t\t\t\t\t\t\t\t>\n\t\t\t\t\t\t\t\t\t\tiCalendar\t\t\t\t\t\t\t\t\t<\/a>\n\t\t\t\t\t\t\t\t<\/li>\n\t\t\t\t\t\t\t\t\t\t\t\t\t\t\t<li class=\"tribe-events-c-subscribe-dropdown__list-item\">\n\t\t\t\t\t\t\t\t\t<a\n\t\t\t\t\t\t\t\t\t\thref=\"\"\n\t\t\t\t\t\t\t\t\t\tclass=\"tribe-events-c-subscribe-dropdown__list-item-link\"\n\t\t\t\t\t\t\t\t\t\ttabindex=\"0\"\n\t\t\t\t\t\t\t\t\t\ttarget=\"_blank\"\n\t\t\t\t\t\t\t\t\t\trel=\"noopener noreferrer nofollow noindex\"\n\t\t\t\t\t\t\t\t\t>\n\t\t\t\t\t\t\t\t\t\tOutlook 365\t\t\t\t\t\t\t\t\t<\/a>\n\t\t\t\t\t\t\t\t<\/li>\n\t\t\t\t\t\t\t\t\t\t\t\t\t\t\t<li class=\"tribe-events-c-subscribe-dropdown__list-item\">\n\t\t\t\t\t\t\t\t\t<a\n\t\t\t\t\t\t\t\t\t\thref=\"\"\n\t\t\t\t\t\t\t\t\t\tclass=\"tribe-events-c-subscribe-dropdown__list-item-link\"\n\t\t\t\t\t\t\t\t\t\ttabindex=\"0\"\n\t\t\t\t\t\t\t\t\t\ttarget=\"_blank\"\n\t\t\t\t\t\t\t\t\t\trel=\"noopener noreferrer nofollow noindex\"\n\t\t\t\t\t\t\t\t\t>\n\t\t\t\t\t\t\t\t\t\tOutlook Live\t\t\t\t\t\t\t\t\t<\/a>\n\t\t\t\t\t\t\t\t<\/li>\n\t\t\t\t\t\t\t\t\t\t\t\t\t<\/ul>\n\t\t\t\t\t<\/div>\n\t\t\t\t<\/div>\n\t\t\t<\/div>\n\t\t<\/div>\n\t<\/div>\n\n","protected":false},"excerpt":{"rendered":"<p>El Excmo. Ayuntamiento de Coria, a trav\u00e9s de la Concejal\u00eda de Turismo, por decimos\u00e9ptimo a\u00f1o consecutivo, derivado de las expectativas creadas y de las posibilidades que suponen para el desarrollo del turismo y del sector de la hosteler\u00eda de la ciudad, contin\u00faa apostando, un a\u00f1o m\u00e1s, por la organizaci\u00f3n del la XVII Mes Gastron\u00f3mico, \u201cCoria, [&hellip;]<\/p>\n","protected":false},"author":3,"featured_media":12784,"comment_status":"closed","ping_status":"closed","template":"","meta":{"_uag_custom_page_level_css":"","site-sidebar-layout":"default","site-content-layout":"","ast-site-content-layout":"default","site-content-style":"default","site-sidebar-style":"default","ast-global-header-display":"","ast-banner-title-visibility":"","ast-main-header-display":"","ast-hfb-above-header-display":"","ast-hfb-below-header-display":"","ast-hfb-mobile-header-display":"","site-post-title":"","ast-breadcrumbs-content":"","ast-featured-img":"","footer-sml-layout":"","theme-transparent-header-meta":"","adv-header-id-meta":"","stick-header-meta":"","header-above-stick-meta":"","header-main-stick-meta":"","header-below-stick-meta":"","astra-migrate-meta-layouts":"set","ast-page-background-enabled":"default","ast-page-background-meta":{"desktop":{"background-color":"","background-image":"","background-repeat":"repeat","background-position":"center center","background-size":"auto","background-attachment":"scroll","background-type":"","background-media":"","overlay-type":"","overlay-color":"","overlay-opacity":"","overlay-gradient":""},"tablet":{"background-color":"","background-image":"","background-repeat":"repeat","background-position":"center center","background-size":"auto","background-attachment":"scroll","background-type":"","background-media":"","overlay-type":"","overlay-color":"","overlay-opacity":"","overlay-gradient":""},"mobile":{"background-color":"","background-image":"","background-repeat":"repeat","background-position":"center center","background-size":"auto","background-attachment":"scroll","background-type":"","background-media":"","overlay-type":"","overlay-color":"","overlay-opacity":"","overlay-gradient":""}},"ast-content-background-meta":{"desktop":{"background-color":"var(--ast-global-color-5)","background-image":"","background-repeat":"repeat","background-position":"center center","background-size":"auto","background-attachment":"scroll","background-type":"","background-media":"","overlay-type":"","overlay-color":"","overlay-opacity":"","overlay-gradient":""},"tablet":{"background-color":"var(--ast-global-color-5)","background-image":"","background-repeat":"repeat","background-position":"center center","background-size":"auto","background-attachment":"scroll","background-type":"","background-media":"","overlay-type":"","overlay-color":"","overlay-opacity":"","overlay-gradient":""},"mobile":{"background-color":"var(--ast-global-color-5)","background-image":"","background-repeat":"repeat","background-position":"center center","background-size":"auto","background-attachment":"scroll","background-type":"","background-media":"","overlay-type":"","overlay-color":"","overlay-opacity":"","overlay-gradient":""}},"_EventAllDay":true,"_EventTimezone":"Europe\/Madrid","_EventStartDate":"2024-11-01 00:00:00","_EventEndDate":"2024-11-30 23:59:59","_EventStartDateUTC":"2024-10-31 23:00:00","_EventEndDateUTC":"2024-11-30 22:59:59","_EventShowMap":true,"_EventShowMapLink":true,"_EventURL":"","_EventCost":"","_EventCostDescription":"","_EventCurrencySymbol":"\u20ac","_EventCurrencyCode":"EUR","_EventCurrencyPosition":"suffix","_EventDateTimeSeparator":"-","_EventTimeRangeSeparator":" - ","_EventOrganizerID":[11943],"_EventVenueID":0,"_OrganizerEmail":"","_OrganizerPhone":"","_OrganizerWebsite":"","_VenueAddress":"","_VenueCity":"","_VenueCountry":"","_VenueProvince":"","_VenueZip":"","_VenuePhone":"","_VenueURL":"","_VenueStateProvince":"","_VenueLat":"","_VenueLng":"","_tribe_events_status":"","_tribe_events_status_reason":"","footnotes":""},"tags":[],"tribe_events_cat":[],"class_list":["post-12783","tribe_events","type-tribe_events","status-publish","has-post-thumbnail","hentry"],"uagb_featured_image_src":{"full":["https:\/\/turismocoria.es\/turismo\/wp-content\/uploads\/2024\/10\/sabor-micologico-2024.webp",960,1200,false],"thumbnail":["https:\/\/turismocoria.es\/turismo\/wp-content\/uploads\/2024\/10\/sabor-micologico-2024-150x150.webp",150,150,true],"medium":["https:\/\/turismocoria.es\/turismo\/wp-content\/uploads\/2024\/10\/sabor-micologico-2024-240x300.webp",240,300,true],"medium_large":["https:\/\/turismocoria.es\/turismo\/wp-content\/uploads\/2024\/10\/sabor-micologico-2024-768x960.webp",768,960,true],"large":["https:\/\/turismocoria.es\/turismo\/wp-content\/uploads\/2024\/10\/sabor-micologico-2024-819x1024.webp",819,1024,true],"gs-tiny":["https:\/\/turismocoria.es\/turismo\/wp-content\/uploads\/2024\/10\/sabor-micologico-2024-50x63.webp",50,63,true],"xl":["https:\/\/turismocoria.es\/turismo\/wp-content\/uploads\/2024\/10\/sabor-micologico-2024.webp",960,1200,false],"xxl":["https:\/\/turismocoria.es\/turismo\/wp-content\/uploads\/2024\/10\/sabor-micologico-2024.webp",960,1200,false],"xxxl":["https:\/\/turismocoria.es\/turismo\/wp-content\/uploads\/2024\/10\/sabor-micologico-2024.webp",960,1200,false],"xxxxl":["https:\/\/turismocoria.es\/turismo\/wp-content\/uploads\/2024\/10\/sabor-micologico-2024.webp",960,1200,false],"xxxxxl":["https:\/\/turismocoria.es\/turismo\/wp-content\/uploads\/2024\/10\/sabor-micologico-2024.webp",960,1200,false],"1536x1536":["https:\/\/turismocoria.es\/turismo\/wp-content\/uploads\/2024\/10\/sabor-micologico-2024.webp",960,1200,false],"2048x2048":["https:\/\/turismocoria.es\/turismo\/wp-content\/uploads\/2024\/10\/sabor-micologico-2024.webp",960,1200,false],"ultp_layout_landscape_large":["https:\/\/turismocoria.es\/turismo\/wp-content\/uploads\/2024\/10\/sabor-micologico-2024-960x800.webp",960,800,true],"ultp_layout_landscape":["https:\/\/turismocoria.es\/turismo\/wp-content\/uploads\/2024\/10\/sabor-micologico-2024-870x570.webp",870,570,true],"ultp_layout_portrait":["https:\/\/turismocoria.es\/turismo\/wp-content\/uploads\/2024\/10\/sabor-micologico-2024-600x900.webp",600,900,true],"ultp_layout_square":["https:\/\/turismocoria.es\/turismo\/wp-content\/uploads\/2024\/10\/sabor-micologico-2024-600x600.webp",600,600,true],"gb-block-post-grid-landscape":["https:\/\/turismocoria.es\/turismo\/wp-content\/uploads\/2024\/10\/sabor-micologico-2024-600x400.webp",600,400,true],"gb-block-post-grid-square":["https:\/\/turismocoria.es\/turismo\/wp-content\/uploads\/2024\/10\/sabor-micologico-2024-600x600.webp",600,600,true]},"uagb_author_info":{"display_name":"adolfo","author_link":"https:\/\/turismocoria.es\/turismo\/author\/adolfo\/"},"uagb_comment_info":0,"uagb_excerpt":"El Excmo. Ayuntamiento de Coria, a trav\u00e9s de la Concejal\u00eda de Turismo, por decimos\u00e9ptimo a\u00f1o consecutivo, derivado de las expectativas creadas y de las posibilidades que suponen para el desarrollo del turismo y del sector de la hosteler\u00eda de la ciudad, contin\u00faa apostando, un a\u00f1o m\u00e1s, por la organizaci\u00f3n del la XVII Mes Gastron\u00f3mico, \u201cCoria,&hellip;","_links":{"self":[{"href":"https:\/\/turismocoria.es\/turismo\/wp-json\/wp\/v2\/tribe_events\/12783"}],"collection":[{"href":"https:\/\/turismocoria.es\/turismo\/wp-json\/wp\/v2\/tribe_events"}],"about":[{"href":"https:\/\/turismocoria.es\/turismo\/wp-json\/wp\/v2\/types\/tribe_events"}],"author":[{"embeddable":true,"href":"https:\/\/turismocoria.es\/turismo\/wp-json\/wp\/v2\/users\/3"}],"replies":[{"embeddable":true,"href":"https:\/\/turismocoria.es\/turismo\/wp-json\/wp\/v2\/comments?post=12783"}],"version-history":[{"count":4,"href":"https:\/\/turismocoria.es\/turismo\/wp-json\/wp\/v2\/tribe_events\/12783\/revisions"}],"predecessor-version":[{"id":12817,"href":"https:\/\/turismocoria.es\/turismo\/wp-json\/wp\/v2\/tribe_events\/12783\/revisions\/12817"}],"wp:featuredmedia":[{"embeddable":true,"href":"https:\/\/turismocoria.es\/turismo\/wp-json\/wp\/v2\/media\/12784"}],"wp:attachment":[{"href":"https:\/\/turismocoria.es\/turismo\/wp-json\/wp\/v2\/media?parent=12783"}],"wp:term":[{"taxonomy":"post_tag","embeddable":true,"href":"https:\/\/turismocoria.es\/turismo\/wp-json\/wp\/v2\/tags?post=12783"},{"taxonomy":"tribe_events_cat","embeddable":true,"href":"https:\/\/turismocoria.es\/turismo\/wp-json\/wp\/v2\/tribe_events_cat?post=12783"}],"curies":[{"name":"wp","href":"https:\/\/api.w.org\/{rel}","templated":true}]}}