{"id":12601,"date":"2024-09-12T09:52:44","date_gmt":"2024-09-12T07:52:44","guid":{"rendered":"https:\/\/turismocoria.es\/turismo\/?post_type=tribe_events&#038;p=12601"},"modified":"2024-09-12T09:52:48","modified_gmt":"2024-09-12T07:52:48","slug":"dia-de-la-bici-2024","status":"publish","type":"tribe_events","link":"https:\/\/turismocoria.es\/turismo\/evento\/dia-de-la-bici-2024\/","title":{"rendered":"D\u00eda de la Bici 2024"},"content":{"rendered":"<div class=\"tribe-events-schedule tribe-clearfix\">\n\t<h2 class=\"tribe-events-schedule__datetime\">\n\t\t<span class=\"tribe-events-schedule__date tribe-events-schedule__date--start\">\n\t\t\t21 09 2024\t\t<\/span>\n\n\t\t\t\t\t<span class=\"tribe-events-schedule__separator tribe-events-schedule__separator--date\">\n\t\t\t\t&#8211;\t\t\t<\/span>\n\t\t\t<span class=\"tribe-events-schedule__time tribe-events-schedule__time--start\">\n\t\t\t\t10:00\t\t\t<\/span>\n\t\t\n\t\t\t\t\t\t\t\t\t<span class=\"tribe-events-schedule__separator tribe-events-schedule__separator--time\">\n\t\t\t\t\t &#8211; \t\t\t\t<\/span>\n\t\t\t\n\t\t\t\t\t\t\t<span class=\"tribe-events-schedule__time tribe-events-schedule__time--end\">\n\t\t\t\t\t13:00\t\t\t\t<\/span>\n\t\t\t\n\t\t\t\t\t\t<\/h2>\n<\/div>\n\n\n<figure class=\"wp-block-post-featured-image\"><img loading=\"lazy\" decoding=\"async\" width=\"1357\" height=\"1920\" data-src=\"https:\/\/turismocoria.es\/turismo\/wp-content\/uploads\/2024\/09\/dia-bici-2024.jpg\" class=\"attachment-post-thumbnail size-post-thumbnail wp-post-image lazyload\" alt=\"\" style=\"--smush-placeholder-width: 1357px; --smush-placeholder-aspect-ratio: 1357\/1920;object-fit:cover;\" data-srcset=\"https:\/\/turismocoria.es\/turismo\/wp-content\/uploads\/2024\/09\/dia-bici-2024.jpg 1357w, https:\/\/turismocoria.es\/turismo\/wp-content\/uploads\/2024\/09\/dia-bici-2024-212x300.jpg 212w, https:\/\/turismocoria.es\/turismo\/wp-content\/uploads\/2024\/09\/dia-bici-2024-724x1024.jpg 724w, https:\/\/turismocoria.es\/turismo\/wp-content\/uploads\/2024\/09\/dia-bici-2024-768x1087.jpg 768w, https:\/\/turismocoria.es\/turismo\/wp-content\/uploads\/2024\/09\/dia-bici-2024-50x71.jpg 50w, https:\/\/turismocoria.es\/turismo\/wp-content\/uploads\/2024\/09\/dia-bici-2024-1086x1536.jpg 1086w\" data-sizes=\"(max-width: 1357px) 100vw, 1357px\" src=\"data:image\/gif;base64,R0lGODlhAQABAAAAACH5BAEKAAEALAAAAAABAAEAAAICTAEAOw==\" \/><noscript><img loading=\"lazy\" decoding=\"async\" width=\"1357\" height=\"1920\" src=\"https:\/\/turismocoria.es\/turismo\/wp-content\/uploads\/2024\/09\/dia-bici-2024.jpg\" class=\"attachment-post-thumbnail size-post-thumbnail wp-post-image\" alt=\"\" style=\"object-fit:cover;\" srcset=\"https:\/\/turismocoria.es\/turismo\/wp-content\/uploads\/2024\/09\/dia-bici-2024.jpg 1357w, https:\/\/turismocoria.es\/turismo\/wp-content\/uploads\/2024\/09\/dia-bici-2024-212x300.jpg 212w, https:\/\/turismocoria.es\/turismo\/wp-content\/uploads\/2024\/09\/dia-bici-2024-724x1024.jpg 724w, https:\/\/turismocoria.es\/turismo\/wp-content\/uploads\/2024\/09\/dia-bici-2024-768x1087.jpg 768w, https:\/\/turismocoria.es\/turismo\/wp-content\/uploads\/2024\/09\/dia-bici-2024-50x71.jpg 50w, https:\/\/turismocoria.es\/turismo\/wp-content\/uploads\/2024\/09\/dia-bici-2024-1086x1536.jpg 1086w\" sizes=\"(max-width: 1357px) 100vw, 1357px\" \/><\/noscript><\/figure>\n\n\n<p>Este evento cuenta con la colaboraci\u00f3n del Club Ciclista Cauriense, donde se organizar\u00e1n dos rutas, una urbana familiar por la avenida principal con una distancia aprox. 1.100 metros, para todas las edades, y otra ruta a la pedan\u00eda del Rinc\u00f3n del Obispo, para los m\u00e1s avanzados (ni\u00f1@s a partir de 8 a\u00f1os) con una distancia de 10 km.<\/p>\n\n\n\n<p>El lugar de concentraci\u00f3n ser\u00e1 en la Plaza de la Paz a las 10:00 horas de la ma\u00f1ana. Para finalizar habr\u00e1 juegos y sorteo de regalos para los m\u00e1s peque\u00f1os.<\/p>\n\n\n\n<p><strong><u>Programa<\/u><\/strong> para el D\u00eda de la Bici, <a href=\"https:\/\/drive.google.com\/file\/d\/1yuh1wKNukznD_nWeKRqZuQtMOEzzk_-q\/view?usp=sharing\"><em><strong>pincha aqu\u00ed<\/strong><\/em>.<\/a><\/p>\n\n\n\n<p>Puedes realizar la <strong><u>inscripci\u00f3n<\/u><\/strong> en el siguiente <strong><u><a href=\"https:\/\/docs.google.com\/forms\/d\/e\/1FAIpQLSfFbKk0M2ns84hssq3ehtiLahv72er9JcjF2A45lPA73ovpxw\/viewform\">formulario, <em>pincha aqu\u00ed<\/em>.<\/a><\/u><\/strong><\/p>\n\n\n<div class=\"tribe-block tribe-block__event-price\">\n\t\t<\/div>\n\n\n<div class=\"tribe-block tribe-block__organizer__details tribe-clearfix\">\n\t<div class=\"tribe-block__organizer__title\">\n\t\t<h3><a href=\"https:\/\/turismocoria.es\/turismo\/organizer\/ayuntamiento-de-coria\/\" title=\"Ayuntamiento de Coria\" target=\"_self\" rel=\"\">Ayuntamiento de Coria<\/a><\/h3>\n\t<\/div>\n\t\t\t<\/div>\n\n\n<div class=\"tribe-block tribe-block__venue tribe-block__venue--has-map\">\n\t\n\t\n<div class=\"tribe-block__venue__meta\">\n\t<div class=\"tribe-block__venue__name\">\n\t\t<h3><a href=\"https:\/\/turismocoria.es\/turismo\/venue\/plaza-de-la-paz\/\" title=\"Plaza de la Paz\">Plaza de la Paz<\/a><\/h3>\n\t<\/div>\n\n\t\n\t\t\t<address class=\"tribe-block__venue__address\">\n\t\t\t<span class=\"tribe-address\">\n\n<span class=\"tribe-street-address\">Plaza de la Paz<\/span>\n\t\n\t\t<br>\n\t\t<span class=\"tribe-locality\">Coria<\/span><span class=\"tribe-delimiter\">,<\/span>\n\n\t<abbr class=\"tribe-region tribe-events-abbr\" title=\"C\u00e1ceres\">C\u00e1ceres<\/abbr>\n\n\t<span class=\"tribe-postal-code\">10800<\/span>\n\n\t<span class=\"tribe-country-name\">Espa\u00f1a<\/span>\n\n<\/span>\n\n\t\t\t\t\t\t\t<a class=\"tribe-events-gmap\" href=\"https:\/\/maps.google.com\/maps?f=q&#038;source=s_q&#038;hl=en&#038;geocode=&#038;q=Plaza+de+la+Paz+Coria+C%C3%A1ceres+10800+Espa%C3%B1a\" title=\"Haz clic para ver un mapa de Google\" target=\"_blank\" rel=\"noreferrer noopener\">+ Google Map<\/a>\t\t\t\t\t<\/address>\n\t\n\t\n\t\n\t<\/div>\n\t\n<div class=\"tribe-block__venue__map\">\n\t\n<iframe loading=\"lazy\"\n  title=\"Google maps iframe displaying the address to Plaza de la Paz\"\n  aria-label=\"Mapa de ubicaci\u00f3n del local\"\n  width=\"100%\"\n  height=\"350px\"\n  frameborder=\"0\" style=\"border:0\"\n  data-src=\"https:\/\/www.google.com\/maps\/embed\/v1\/place?key=AIzaSyDNsicAsP6-VuGtAb1O9riI3oc_NOb7IOU&#038;q=Plaza+de+la+Paz+Coria+C%C3%A1ceres+10800+Espa%C3%B1a+&#038;zoom=10\" allowfullscreen src=\"data:image\/gif;base64,R0lGODlhAQABAAAAACH5BAEKAAEALAAAAAABAAEAAAICTAEAOw==\" class=\"lazyload\" data-load-mode=\"1\">\n<\/iframe>\n<\/div>\n\n\t<\/div>\n\n\n\n\n\t<div class=\"tribe-block tribe-block__events-link\">\n\t\t<div class=\"tribe-events tribe-common\">\n\t\t\t<div class=\"tribe-events-c-subscribe-dropdown__container\">\n\t\t\t\t<div class=\"tribe-events-c-subscribe-dropdown\">\n\t\t\t\t\t<div class=\"tribe-common-c-btn-border tribe-events-c-subscribe-dropdown__button\" tabindex=\"0\">\n\t\t\t\t\t\t<svg  class=\"tribe-common-c-svgicon tribe-common-c-svgicon--cal-export tribe-events-c-subscribe-dropdown__export-icon\"  viewBox=\"0 0 23 17\" xmlns=\"http:\/\/www.w3.org\/2000\/svg\">\n  <path fill-rule=\"evenodd\" clip-rule=\"evenodd\" d=\"M.128.896V16.13c0 .211.145.383.323.383h15.354c.179 0 .323-.172.323-.383V.896c0-.212-.144-.383-.323-.383H.451C.273.513.128.684.128.896Zm16 6.742h-.901V4.679H1.009v10.729h14.218v-3.336h.901V7.638ZM1.01 1.614h14.218v2.058H1.009V1.614Z\" \/>\n  <path d=\"M20.5 9.846H8.312M18.524 6.953l2.89 2.909-2.855 2.855\" stroke-width=\"1.2\" stroke-linecap=\"round\" stroke-linejoin=\"round\"\/>\n<\/svg>\n\t\t\t\t\t\t<button class=\"tribe-events-c-subscribe-dropdown__button-text\">\n\t\t\t\t\t\t\tA\u00f1adir al calendario\t\t\t\t\t\t<\/button>\n\t\t\t\t\t\t<svg  class=\"tribe-common-c-svgicon tribe-common-c-svgicon--caret-down tribe-events-c-subscribe-dropdown__button-icon\"  viewBox=\"0 0 10 7\" xmlns=\"http:\/\/www.w3.org\/2000\/svg\"><path fill-rule=\"evenodd\" clip-rule=\"evenodd\" d=\"M1.008.609L5 4.6 8.992.61l.958.958L5 6.517.05 1.566l.958-.958z\" class=\"tribe-common-c-svgicon__svg-fill\"\/><\/svg>\n\t\t\t\t\t<\/div>\n\t\t\t\t\t<div class=\"tribe-events-c-subscribe-dropdown__content\">\n\t\t\t\t\t\t<ul class=\"tribe-events-c-subscribe-dropdown__list\" tabindex=\"0\">\n\t\t\t\t\t\t\t\t\t\t\t\t\t\t\t<li class=\"tribe-events-c-subscribe-dropdown__list-item\">\n\t\t\t\t\t\t\t\t\t<a\n\t\t\t\t\t\t\t\t\t\thref=\"https:\/\/www.google.com\/calendar\/event?action=TEMPLATE&#038;dates=20240921T100000\/20240921T130000&#038;text=D%C3%ADa%20de%20la%20Bici%202024&#038;details=%3C%21--+wp%3Atribe%2Fevent-datetime+%2F--%3E%3C%21--+wp%3Apost-featured-image+%2F--%3E%3C%21--+wp%3Aparagraph+%7B%22placeholder%22%3A%22A%C3%B1adir+descripci%C3%B3n%E2%80%A6%22%7D+--%3E%3Cp%3EEste+evento+cuenta+con+la+colaboraci%C3%B3n+del+Club+Ciclista+Cauriense%2C+donde+se+organizar%C3%A1n+dos+rutas%2C+una+urbana+familiar+por+la+avenida+principal+con+una+distancia+aprox.+1.100+metros%2C+para+todas+las+edades%2C+y+otra+ruta+a+la+pedan%C3%ADa+del+Rinc%C3%B3n+del+Obispo%2C+para+los+m%C3%A1s+avanzados+%28ni%C3%B1%40s+a+partir+de+8+a%C3%B1os%29+con+una+distancia+de+10+km.%3C%2Fp%3E%3C%21--+%2Fwp%3Aparagraph+--%3E%3C%21--+wp%3Aparagraph+--%3E%3Cp%3EEl+lugar+de+concentraci%C3%B3n+ser%C3%A1+en+la+Plaza+de+la+Paz+a+las+10%3A00+horas+de+la+ma%C3%B1ana.+Para+finalizar+habr%C3%A1+juegos+y+sorteo+de+regalos+para+los+m%C3%A1s+peque%C3%B1os.%3C%2Fp%3E%3C%21--+%2Fwp%3Aparagraph+--%3E%3C%21--+wp%3Aparagraph+--%3E%3Cp%3E%3Cstrong%3E%3Cu%3EPrograma%3C%2Fu%3E%%20(Ver%20aqu\u00ed%20la%20descripci\u00f3n%20completa%20de%20evento:%20https:\/\/turismocoria.es\/turismo\/evento\/dia-de-la-bici-2024\/)&#038;location=Plaza%20de%20la%20Paz,%20Plaza%20de%20la%20Paz,%20Coria,%20C\u00e1ceres,%2010800,%20Espa\u00f1a&#038;trp=false&#038;ctz=Europe\/Madrid&#038;sprop=website:https:\/\/turismocoria.es\/turismo\"\n\t\t\t\t\t\t\t\t\t\tclass=\"tribe-events-c-subscribe-dropdown__list-item-link\"\n\t\t\t\t\t\t\t\t\t\ttabindex=\"0\"\n\t\t\t\t\t\t\t\t\t\ttarget=\"_blank\"\n\t\t\t\t\t\t\t\t\t\trel=\"noopener noreferrer nofollow noindex\"\n\t\t\t\t\t\t\t\t\t>\n\t\t\t\t\t\t\t\t\t\tGoogle Calendar\t\t\t\t\t\t\t\t\t<\/a>\n\t\t\t\t\t\t\t\t<\/li>\n\t\t\t\t\t\t\t\t\t\t\t\t\t\t\t<li class=\"tribe-events-c-subscribe-dropdown__list-item\">\n\t\t\t\t\t\t\t\t\t<a\n\t\t\t\t\t\t\t\t\t\thref=\"\"\n\t\t\t\t\t\t\t\t\t\tclass=\"tribe-events-c-subscribe-dropdown__list-item-link\"\n\t\t\t\t\t\t\t\t\t\ttabindex=\"0\"\n\t\t\t\t\t\t\t\t\t\ttarget=\"_blank\"\n\t\t\t\t\t\t\t\t\t\trel=\"noopener noreferrer nofollow noindex\"\n\t\t\t\t\t\t\t\t\t>\n\t\t\t\t\t\t\t\t\t\tiCalendar\t\t\t\t\t\t\t\t\t<\/a>\n\t\t\t\t\t\t\t\t<\/li>\n\t\t\t\t\t\t\t\t\t\t\t\t\t\t\t<li class=\"tribe-events-c-subscribe-dropdown__list-item\">\n\t\t\t\t\t\t\t\t\t<a\n\t\t\t\t\t\t\t\t\t\thref=\"\"\n\t\t\t\t\t\t\t\t\t\tclass=\"tribe-events-c-subscribe-dropdown__list-item-link\"\n\t\t\t\t\t\t\t\t\t\ttabindex=\"0\"\n\t\t\t\t\t\t\t\t\t\ttarget=\"_blank\"\n\t\t\t\t\t\t\t\t\t\trel=\"noopener noreferrer nofollow noindex\"\n\t\t\t\t\t\t\t\t\t>\n\t\t\t\t\t\t\t\t\t\tOutlook 365\t\t\t\t\t\t\t\t\t<\/a>\n\t\t\t\t\t\t\t\t<\/li>\n\t\t\t\t\t\t\t\t\t\t\t\t\t\t\t<li class=\"tribe-events-c-subscribe-dropdown__list-item\">\n\t\t\t\t\t\t\t\t\t<a\n\t\t\t\t\t\t\t\t\t\thref=\"\"\n\t\t\t\t\t\t\t\t\t\tclass=\"tribe-events-c-subscribe-dropdown__list-item-link\"\n\t\t\t\t\t\t\t\t\t\ttabindex=\"0\"\n\t\t\t\t\t\t\t\t\t\ttarget=\"_blank\"\n\t\t\t\t\t\t\t\t\t\trel=\"noopener noreferrer nofollow noindex\"\n\t\t\t\t\t\t\t\t\t>\n\t\t\t\t\t\t\t\t\t\tOutlook Live\t\t\t\t\t\t\t\t\t<\/a>\n\t\t\t\t\t\t\t\t<\/li>\n\t\t\t\t\t\t\t\t\t\t\t\t\t<\/ul>\n\t\t\t\t\t<\/div>\n\t\t\t\t<\/div>\n\t\t\t<\/div>\n\t\t<\/div>\n\t<\/div>\n\n","protected":false},"excerpt":{"rendered":"<p>Este evento cuenta con la colaboraci\u00f3n del Club Ciclista Cauriense, donde se organizar\u00e1n dos rutas, una urbana familiar por la avenida principal con una distancia aprox. 1.100 metros, para todas las edades, y otra ruta a la pedan\u00eda del Rinc\u00f3n del Obispo, para los m\u00e1s avanzados (ni\u00f1@s a partir de 8 a\u00f1os) con una distancia [&hellip;]<\/p>\n","protected":false},"author":3,"featured_media":12602,"comment_status":"closed","ping_status":"closed","template":"","meta":{"_uag_custom_page_level_css":"","site-sidebar-layout":"default","site-content-layout":"","ast-site-content-layout":"default","site-content-style":"default","site-sidebar-style":"default","ast-global-header-display":"","ast-banner-title-visibility":"","ast-main-header-display":"","ast-hfb-above-header-display":"","ast-hfb-below-header-display":"","ast-hfb-mobile-header-display":"","site-post-title":"","ast-breadcrumbs-content":"","ast-featured-img":"","footer-sml-layout":"","theme-transparent-header-meta":"","adv-header-id-meta":"","stick-header-meta":"","header-above-stick-meta":"","header-main-stick-meta":"","header-below-stick-meta":"","astra-migrate-meta-layouts":"set","ast-page-background-enabled":"default","ast-page-background-meta":{"desktop":{"background-color":"","background-image":"","background-repeat":"repeat","background-position":"center center","background-size":"auto","background-attachment":"scroll","background-type":"","background-media":"","overlay-type":"","overlay-color":"","overlay-opacity":"","overlay-gradient":""},"tablet":{"background-color":"","background-image":"","background-repeat":"repeat","background-position":"center center","background-size":"auto","background-attachment":"scroll","background-type":"","background-media":"","overlay-type":"","overlay-color":"","overlay-opacity":"","overlay-gradient":""},"mobile":{"background-color":"","background-image":"","background-repeat":"repeat","background-position":"center center","background-size":"auto","background-attachment":"scroll","background-type":"","background-media":"","overlay-type":"","overlay-color":"","overlay-opacity":"","overlay-gradient":""}},"ast-content-background-meta":{"desktop":{"background-color":"var(--ast-global-color-5)","background-image":"","background-repeat":"repeat","background-position":"center center","background-size":"auto","background-attachment":"scroll","background-type":"","background-media":"","overlay-type":"","overlay-color":"","overlay-opacity":"","overlay-gradient":""},"tablet":{"background-color":"var(--ast-global-color-5)","background-image":"","background-repeat":"repeat","background-position":"center center","background-size":"auto","background-attachment":"scroll","background-type":"","background-media":"","overlay-type":"","overlay-color":"","overlay-opacity":"","overlay-gradient":""},"mobile":{"background-color":"var(--ast-global-color-5)","background-image":"","background-repeat":"repeat","background-position":"center center","background-size":"auto","background-attachment":"scroll","background-type":"","background-media":"","overlay-type":"","overlay-color":"","overlay-opacity":"","overlay-gradient":""}},"_EventAllDay":false,"_EventTimezone":"Europe\/Madrid","_EventStartDate":"2024-09-21 10:00:00","_EventEndDate":"2024-09-21 13:00:00","_EventStartDateUTC":"2024-09-21 08:00:00","_EventEndDateUTC":"2024-09-21 11:00:00","_EventShowMap":true,"_EventShowMapLink":true,"_EventURL":"","_EventCost":"","_EventCostDescription":"","_EventCurrencySymbol":"\u20ac","_EventCurrencyCode":"EUR","_EventCurrencyPosition":"suffix","_EventDateTimeSeparator":"-","_EventTimeRangeSeparator":" - ","_EventOrganizerID":[11943],"_EventVenueID":12603,"_OrganizerEmail":"","_OrganizerPhone":"","_OrganizerWebsite":"","_VenueAddress":"","_VenueCity":"","_VenueCountry":"","_VenueProvince":"","_VenueZip":"","_VenuePhone":"","_VenueURL":"","_VenueStateProvince":"","_VenueLat":"","_VenueLng":"","_tribe_events_status":"","_tribe_events_status_reason":"","footnotes":""},"tags":[],"tribe_events_cat":[],"class_list":["post-12601","tribe_events","type-tribe_events","status-publish","has-post-thumbnail","hentry"],"uagb_featured_image_src":{"full":["https:\/\/turismocoria.es\/turismo\/wp-content\/uploads\/2024\/09\/dia-bici-2024.jpg",1357,1920,false],"thumbnail":["https:\/\/turismocoria.es\/turismo\/wp-content\/uploads\/2024\/09\/dia-bici-2024-150x150.jpg",150,150,true],"medium":["https:\/\/turismocoria.es\/turismo\/wp-content\/uploads\/2024\/09\/dia-bici-2024-212x300.jpg",212,300,true],"medium_large":["https:\/\/turismocoria.es\/turismo\/wp-content\/uploads\/2024\/09\/dia-bici-2024-768x1087.jpg",768,1087,true],"large":["https:\/\/turismocoria.es\/turismo\/wp-content\/uploads\/2024\/09\/dia-bici-2024-724x1024.jpg",724,1024,true],"gs-tiny":["https:\/\/turismocoria.es\/turismo\/wp-content\/uploads\/2024\/09\/dia-bici-2024-50x71.jpg",50,71,true],"xl":["https:\/\/turismocoria.es\/turismo\/wp-content\/uploads\/2024\/09\/dia-bici-2024.jpg",1357,1920,false],"xxl":["https:\/\/turismocoria.es\/turismo\/wp-content\/uploads\/2024\/09\/dia-bici-2024.jpg",1357,1920,false],"xxxl":["https:\/\/turismocoria.es\/turismo\/wp-content\/uploads\/2024\/09\/dia-bici-2024.jpg",1357,1920,false],"xxxxl":["https:\/\/turismocoria.es\/turismo\/wp-content\/uploads\/2024\/09\/dia-bici-2024.jpg",1357,1920,false],"xxxxxl":["https:\/\/turismocoria.es\/turismo\/wp-content\/uploads\/2024\/09\/dia-bici-2024.jpg",1357,1920,false],"1536x1536":["https:\/\/turismocoria.es\/turismo\/wp-content\/uploads\/2024\/09\/dia-bici-2024-1086x1536.jpg",1086,1536,true],"2048x2048":["https:\/\/turismocoria.es\/turismo\/wp-content\/uploads\/2024\/09\/dia-bici-2024.jpg",1357,1920,false],"ultp_layout_landscape_large":["https:\/\/turismocoria.es\/turismo\/wp-content\/uploads\/2024\/09\/dia-bici-2024-1200x800.jpg",1200,800,true],"ultp_layout_landscape":["https:\/\/turismocoria.es\/turismo\/wp-content\/uploads\/2024\/09\/dia-bici-2024-870x570.jpg",870,570,true],"ultp_layout_portrait":["https:\/\/turismocoria.es\/turismo\/wp-content\/uploads\/2024\/09\/dia-bici-2024-600x900.jpg",600,900,true],"ultp_layout_square":["https:\/\/turismocoria.es\/turismo\/wp-content\/uploads\/2024\/09\/dia-bici-2024-600x600.jpg",600,600,true],"gb-block-post-grid-landscape":["https:\/\/turismocoria.es\/turismo\/wp-content\/uploads\/2024\/09\/dia-bici-2024-600x400.jpg",600,400,true],"gb-block-post-grid-square":["https:\/\/turismocoria.es\/turismo\/wp-content\/uploads\/2024\/09\/dia-bici-2024-600x600.jpg",600,600,true]},"uagb_author_info":{"display_name":"adolfo","author_link":"https:\/\/turismocoria.es\/turismo\/author\/adolfo\/"},"uagb_comment_info":0,"uagb_excerpt":"Este evento cuenta con la colaboraci\u00f3n del Club Ciclista Cauriense, donde se organizar\u00e1n dos rutas, una urbana familiar por la avenida principal con una distancia aprox. 1.100 metros, para todas las edades, y otra ruta a la pedan\u00eda del Rinc\u00f3n del Obispo, para los m\u00e1s avanzados (ni\u00f1@s a partir de 8 a\u00f1os) con una distancia&hellip;","_links":{"self":[{"href":"https:\/\/turismocoria.es\/turismo\/wp-json\/wp\/v2\/tribe_events\/12601"}],"collection":[{"href":"https:\/\/turismocoria.es\/turismo\/wp-json\/wp\/v2\/tribe_events"}],"about":[{"href":"https:\/\/turismocoria.es\/turismo\/wp-json\/wp\/v2\/types\/tribe_events"}],"author":[{"embeddable":true,"href":"https:\/\/turismocoria.es\/turismo\/wp-json\/wp\/v2\/users\/3"}],"replies":[{"embeddable":true,"href":"https:\/\/turismocoria.es\/turismo\/wp-json\/wp\/v2\/comments?post=12601"}],"version-history":[{"count":1,"href":"https:\/\/turismocoria.es\/turismo\/wp-json\/wp\/v2\/tribe_events\/12601\/revisions"}],"predecessor-version":[{"id":12604,"href":"https:\/\/turismocoria.es\/turismo\/wp-json\/wp\/v2\/tribe_events\/12601\/revisions\/12604"}],"wp:featuredmedia":[{"embeddable":true,"href":"https:\/\/turismocoria.es\/turismo\/wp-json\/wp\/v2\/media\/12602"}],"wp:attachment":[{"href":"https:\/\/turismocoria.es\/turismo\/wp-json\/wp\/v2\/media?parent=12601"}],"wp:term":[{"taxonomy":"post_tag","embeddable":true,"href":"https:\/\/turismocoria.es\/turismo\/wp-json\/wp\/v2\/tags?post=12601"},{"taxonomy":"tribe_events_cat","embeddable":true,"href":"https:\/\/turismocoria.es\/turismo\/wp-json\/wp\/v2\/tribe_events_cat?post=12601"}],"curies":[{"name":"wp","href":"https:\/\/api.w.org\/{rel}","templated":true}]}}