{"id":12575,"date":"2024-08-02T13:13:22","date_gmt":"2024-08-02T11:13:22","guid":{"rendered":"https:\/\/turismocoria.es\/turismo\/?post_type=tribe_events&#038;p=12575"},"modified":"2024-08-02T13:14:07","modified_gmt":"2024-08-02T11:14:07","slug":"mercado-artesanal-de-las-velas-2024","status":"publish","type":"tribe_events","link":"https:\/\/turismocoria.es\/turismo\/evento\/mercado-artesanal-de-las-velas-2024\/","title":{"rendered":"Mercado Artesanal de las Velas 2024"},"content":{"rendered":"<div class=\"tribe-events-schedule tribe-clearfix\">\n\t<h2 class=\"tribe-events-schedule__datetime\">\n\t\t<span class=\"tribe-events-schedule__date tribe-events-schedule__date--start\">\n\t\t\t14 08 2024\t\t<\/span>\n\n\t\t\t\t\t<span class=\"tribe-events-schedule__separator tribe-events-schedule__separator--date\">\n\t\t\t\t&#8211;\t\t\t<\/span>\n\t\t\t<span class=\"tribe-events-schedule__time tribe-events-schedule__time--start\">\n\t\t\t\t22:00\t\t\t<\/span>\n\t\t\n\t\t\t\t\t\t\t\t\t<span class=\"tribe-events-schedule__separator tribe-events-schedule__separator--time\">\n\t\t\t\t\t &#8211; \t\t\t\t<\/span>\n\t\t\t\n\t\t\t\t\t\t\t<span class=\"tribe-events-schedule__date tribe-events-schedule__date--end\">\n\t\t\t\t\t15 08 2024\t\t\t\t<\/span>\n\n\t\t\t\t\t\t\t\t\t<span class=\"tribe-events-schedule__separator tribe-events-schedule__separator--date\">\n\t\t\t\t\t\t&#8211;\t\t\t\t\t<\/span>\n\t\t\t\t\t<span class=\"tribe-events-schedule__time tribe-events-schedule__time--end\">\n\t\t\t\t\t\t02:00\t\t\t\t\t<\/span>\n\t\t\t\t\n\t\t\t\n\t\t\t\t\t\t<\/h2>\n<\/div>\n\n\n\n<p>Organizado por el Ayuntamiento de Coria<\/p>\n\n\n\n<p>Espect\u00e1culo y Exposici\u00f3n de Cetrer\u00eda. Puerta del Perd\u00f3n. Atrio del Perd\u00f3n de la Catedral. 22:00 h. a 02:00 h.<\/p>\n\n\n\n<p>Iluminaci\u00f3n de las principales plazas y calles por velas de ambientaci\u00f3n c\u00e1lida y veraniega.<\/p>\n\n\n\n<p>M\u00fasica ambiente de 22:30 h. a 00:30 h.<\/p>\n\n\n\n<p>Guitarra: Plaza de la Cava.<\/p>\n\n\n\n<p>Piano: Plaza de San Pedro.<\/p>\n\n\n\n<p>Viol\u00edn: Plaza de la Catedral.<\/p>\n\n\n\n<p>Flauta y Clarinete: Plaza de Espa\u00f1a.<\/p>\n\n\n\n<p>Photocall de 22:00 h. a 00:00 h. Espect\u00e1culo de fantas\u00eda de globos e iluminaci\u00f3n, adem\u00e1s del personaje estrella de la noche: La Vela.<\/p>\n\n\n\n<p>Mini Feria gratuita. 22:00 h. a 02:00 h. Plaza de San Juan.<\/p>\n\n\n\n<p>Mesas de Juegos 22:00 h. a 02:00 h. Plaza de San Juan.<\/p>\n\n\n\n<p>Taller de pompas gigantes 22:00 h. a 02:00 h. Plaza de San Juan.<\/p>\n\n\n<div class=\"tribe-block tribe-block__event-price\">\n\t\t<\/div>\n\n\n<div class=\"tribe-block tribe-block__organizer__details tribe-clearfix\">\n\t<div class=\"tribe-block__organizer__title\">\n\t\t<h3><a href=\"https:\/\/turismocoria.es\/turismo\/organizer\/ayuntamiento-de-coria\/\" title=\"Ayuntamiento de Coria\" target=\"_self\" rel=\"\">Ayuntamiento de Coria<\/a><\/h3>\n\t<\/div>\n\t\t\t<\/div>\n\n\n<div class=\"tribe-block tribe-block__venue tribe-block__venue--has-map\">\n\t\n\t\n<div class=\"tribe-block__venue__meta\">\n\t<div class=\"tribe-block__venue__name\">\n\t\t<h3><a href=\"https:\/\/turismocoria.es\/turismo\/venue\/casco-historico-de-coria\/\" title=\"Casco Hist\u00f3rico de Coria\">Casco Hist\u00f3rico de Coria<\/a><\/h3>\n\t<\/div>\n\n\t\n\t\n\t\n\t\n\t<\/div>\n\t\n\t<\/div>\n\n\n\n\n\t<div class=\"tribe-block tribe-block__events-link\">\n\t\t<div class=\"tribe-events tribe-common\">\n\t\t\t<div class=\"tribe-events-c-subscribe-dropdown__container\">\n\t\t\t\t<div class=\"tribe-events-c-subscribe-dropdown\">\n\t\t\t\t\t<div class=\"tribe-common-c-btn-border tribe-events-c-subscribe-dropdown__button\" tabindex=\"0\">\n\t\t\t\t\t\t<svg  class=\"tribe-common-c-svgicon tribe-common-c-svgicon--cal-export tribe-events-c-subscribe-dropdown__export-icon\"  viewBox=\"0 0 23 17\" xmlns=\"http:\/\/www.w3.org\/2000\/svg\">\n  <path fill-rule=\"evenodd\" clip-rule=\"evenodd\" d=\"M.128.896V16.13c0 .211.145.383.323.383h15.354c.179 0 .323-.172.323-.383V.896c0-.212-.144-.383-.323-.383H.451C.273.513.128.684.128.896Zm16 6.742h-.901V4.679H1.009v10.729h14.218v-3.336h.901V7.638ZM1.01 1.614h14.218v2.058H1.009V1.614Z\" \/>\n  <path d=\"M20.5 9.846H8.312M18.524 6.953l2.89 2.909-2.855 2.855\" stroke-width=\"1.2\" stroke-linecap=\"round\" stroke-linejoin=\"round\"\/>\n<\/svg>\n\t\t\t\t\t\t<button class=\"tribe-events-c-subscribe-dropdown__button-text\">\n\t\t\t\t\t\t\tA\u00f1adir al calendario\t\t\t\t\t\t<\/button>\n\t\t\t\t\t\t<svg  class=\"tribe-common-c-svgicon tribe-common-c-svgicon--caret-down tribe-events-c-subscribe-dropdown__button-icon\"  viewBox=\"0 0 10 7\" xmlns=\"http:\/\/www.w3.org\/2000\/svg\"><path fill-rule=\"evenodd\" clip-rule=\"evenodd\" d=\"M1.008.609L5 4.6 8.992.61l.958.958L5 6.517.05 1.566l.958-.958z\" class=\"tribe-common-c-svgicon__svg-fill\"\/><\/svg>\n\t\t\t\t\t<\/div>\n\t\t\t\t\t<div class=\"tribe-events-c-subscribe-dropdown__content\">\n\t\t\t\t\t\t<ul class=\"tribe-events-c-subscribe-dropdown__list\" tabindex=\"0\">\n\t\t\t\t\t\t\t\t\t\t\t\t\t\t\t<li class=\"tribe-events-c-subscribe-dropdown__list-item\">\n\t\t\t\t\t\t\t\t\t<a\n\t\t\t\t\t\t\t\t\t\thref=\"https:\/\/www.google.com\/calendar\/event?action=TEMPLATE&#038;dates=20240814T220000\/20240815T020000&#038;text=Mercado%20Artesanal%20de%20las%20Velas%202024&#038;details=%3C%21--+wp%3Atribe%2Fevent-datetime+%2F--%3E%3C%21--+wp%3Aparagraph+%7B%22placeholder%22%3A%22A%C3%B1adir+descripci%C3%B3n%E2%80%A6%22%7D+--%3E%3Cp%3EOrganizado+por+el+Ayuntamiento+de+Coria%3C%2Fp%3E%3C%21--+%2Fwp%3Aparagraph+--%3E%3C%21--+wp%3Aparagraph+%7B%22placeholder%22%3A%22A%C3%B1adir+descripci%C3%B3n%E2%80%A6%22%7D+--%3E%3Cp%3EEspect%C3%A1culo+y+Exposici%C3%B3n+de+Cetrer%C3%ADa.+Puerta+del+Perd%C3%B3n.+Atrio+del+Perd%C3%B3n+de+la+Catedral.+22%3A00+h.+a+02%3A00+h.%3C%2Fp%3E%3C%21--+%2Fwp%3Aparagraph+--%3E%3C%21--+wp%3Aparagraph+--%3E%3Cp%3EIluminaci%C3%B3n+de+las+principales+plazas+y+calles+por+velas+de+ambientaci%C3%B3n+c%C3%A1lida+y+veraniega.%3C%2Fp%3E%3C%21--+%2Fwp%3Aparagraph+--%3E%3C%21--+wp%3Aparagraph+--%3E%3Cp%3EM%C3%BAsica+ambiente+de+22%3A30+h.+a+00%3A30+h.%3C%2Fp%3E%3C%21--+%2Fwp%3Aparagraph+--%3E%3C%21--+wp%3Aparagraph+--%3E%3Cp%3EGuitarra%3A+Plaza+de+la+Cava.%3C%2Fp%3E%3C%21--+%2Fwp%3Aparagraph+--%3E%%20(Ver%20aqu\u00ed%20la%20descripci\u00f3n%20completa%20de%20evento:%20https:\/\/turismocoria.es\/turismo\/evento\/mercado-artesanal-de-las-velas-2024\/)&#038;location=Casco%20Hist\u00f3rico%20de%20Coria&#038;trp=false&#038;ctz=Europe\/Madrid&#038;sprop=website:https:\/\/turismocoria.es\/turismo\"\n\t\t\t\t\t\t\t\t\t\tclass=\"tribe-events-c-subscribe-dropdown__list-item-link\"\n\t\t\t\t\t\t\t\t\t\ttabindex=\"0\"\n\t\t\t\t\t\t\t\t\t\ttarget=\"_blank\"\n\t\t\t\t\t\t\t\t\t\trel=\"noopener noreferrer nofollow noindex\"\n\t\t\t\t\t\t\t\t\t>\n\t\t\t\t\t\t\t\t\t\tGoogle Calendar\t\t\t\t\t\t\t\t\t<\/a>\n\t\t\t\t\t\t\t\t<\/li>\n\t\t\t\t\t\t\t\t\t\t\t\t\t\t\t<li class=\"tribe-events-c-subscribe-dropdown__list-item\">\n\t\t\t\t\t\t\t\t\t<a\n\t\t\t\t\t\t\t\t\t\thref=\"\"\n\t\t\t\t\t\t\t\t\t\tclass=\"tribe-events-c-subscribe-dropdown__list-item-link\"\n\t\t\t\t\t\t\t\t\t\ttabindex=\"0\"\n\t\t\t\t\t\t\t\t\t\ttarget=\"_blank\"\n\t\t\t\t\t\t\t\t\t\trel=\"noopener noreferrer nofollow noindex\"\n\t\t\t\t\t\t\t\t\t>\n\t\t\t\t\t\t\t\t\t\tiCalendar\t\t\t\t\t\t\t\t\t<\/a>\n\t\t\t\t\t\t\t\t<\/li>\n\t\t\t\t\t\t\t\t\t\t\t\t\t\t\t<li class=\"tribe-events-c-subscribe-dropdown__list-item\">\n\t\t\t\t\t\t\t\t\t<a\n\t\t\t\t\t\t\t\t\t\thref=\"\"\n\t\t\t\t\t\t\t\t\t\tclass=\"tribe-events-c-subscribe-dropdown__list-item-link\"\n\t\t\t\t\t\t\t\t\t\ttabindex=\"0\"\n\t\t\t\t\t\t\t\t\t\ttarget=\"_blank\"\n\t\t\t\t\t\t\t\t\t\trel=\"noopener noreferrer nofollow noindex\"\n\t\t\t\t\t\t\t\t\t>\n\t\t\t\t\t\t\t\t\t\tOutlook 365\t\t\t\t\t\t\t\t\t<\/a>\n\t\t\t\t\t\t\t\t<\/li>\n\t\t\t\t\t\t\t\t\t\t\t\t\t\t\t<li class=\"tribe-events-c-subscribe-dropdown__list-item\">\n\t\t\t\t\t\t\t\t\t<a\n\t\t\t\t\t\t\t\t\t\thref=\"\"\n\t\t\t\t\t\t\t\t\t\tclass=\"tribe-events-c-subscribe-dropdown__list-item-link\"\n\t\t\t\t\t\t\t\t\t\ttabindex=\"0\"\n\t\t\t\t\t\t\t\t\t\ttarget=\"_blank\"\n\t\t\t\t\t\t\t\t\t\trel=\"noopener noreferrer nofollow noindex\"\n\t\t\t\t\t\t\t\t\t>\n\t\t\t\t\t\t\t\t\t\tOutlook Live\t\t\t\t\t\t\t\t\t<\/a>\n\t\t\t\t\t\t\t\t<\/li>\n\t\t\t\t\t\t\t\t\t\t\t\t\t<\/ul>\n\t\t\t\t\t<\/div>\n\t\t\t\t<\/div>\n\t\t\t<\/div>\n\t\t<\/div>\n\t<\/div>\n\n","protected":false},"excerpt":{"rendered":"<p>Organizado por el Ayuntamiento de Coria Espect\u00e1culo y Exposici\u00f3n de Cetrer\u00eda. Puerta del Perd\u00f3n. Atrio del Perd\u00f3n de la Catedral. 22:00 h. a 02:00 h. Iluminaci\u00f3n de las principales plazas y calles por velas de ambientaci\u00f3n c\u00e1lida y veraniega. M\u00fasica ambiente de 22:30 h. a 00:30 h. Guitarra: Plaza de la Cava. Piano: Plaza de [&hellip;]<\/p>\n","protected":false},"author":4,"featured_media":12576,"comment_status":"closed","ping_status":"closed","template":"","meta":{"_uag_custom_page_level_css":"","site-sidebar-layout":"default","site-content-layout":"","ast-site-content-layout":"default","site-content-style":"default","site-sidebar-style":"default","ast-global-header-display":"","ast-banner-title-visibility":"","ast-main-header-display":"","ast-hfb-above-header-display":"","ast-hfb-below-header-display":"","ast-hfb-mobile-header-display":"","site-post-title":"","ast-breadcrumbs-content":"","ast-featured-img":"","footer-sml-layout":"","theme-transparent-header-meta":"","adv-header-id-meta":"","stick-header-meta":"","header-above-stick-meta":"","header-main-stick-meta":"","header-below-stick-meta":"","astra-migrate-meta-layouts":"set","ast-page-background-enabled":"default","ast-page-background-meta":{"desktop":{"background-color":"","background-image":"","background-repeat":"repeat","background-position":"center center","background-size":"auto","background-attachment":"scroll","background-type":"","background-media":"","overlay-type":"","overlay-color":"","overlay-opacity":"","overlay-gradient":""},"tablet":{"background-color":"","background-image":"","background-repeat":"repeat","background-position":"center center","background-size":"auto","background-attachment":"scroll","background-type":"","background-media":"","overlay-type":"","overlay-color":"","overlay-opacity":"","overlay-gradient":""},"mobile":{"background-color":"","background-image":"","background-repeat":"repeat","background-position":"center center","background-size":"auto","background-attachment":"scroll","background-type":"","background-media":"","overlay-type":"","overlay-color":"","overlay-opacity":"","overlay-gradient":""}},"ast-content-background-meta":{"desktop":{"background-color":"var(--ast-global-color-5)","background-image":"","background-repeat":"repeat","background-position":"center center","background-size":"auto","background-attachment":"scroll","background-type":"","background-media":"","overlay-type":"","overlay-color":"","overlay-opacity":"","overlay-gradient":""},"tablet":{"background-color":"var(--ast-global-color-5)","background-image":"","background-repeat":"repeat","background-position":"center center","background-size":"auto","background-attachment":"scroll","background-type":"","background-media":"","overlay-type":"","overlay-color":"","overlay-opacity":"","overlay-gradient":""},"mobile":{"background-color":"var(--ast-global-color-5)","background-image":"","background-repeat":"repeat","background-position":"center center","background-size":"auto","background-attachment":"scroll","background-type":"","background-media":"","overlay-type":"","overlay-color":"","overlay-opacity":"","overlay-gradient":""}},"_EventAllDay":false,"_EventTimezone":"Europe\/Madrid","_EventStartDate":"2024-08-14 22:00:00","_EventEndDate":"2024-08-15 02:00:00","_EventStartDateUTC":"2024-08-14 20:00:00","_EventEndDateUTC":"2024-08-15 00:00:00","_EventShowMap":true,"_EventShowMapLink":true,"_EventURL":"","_EventCost":"","_EventCostDescription":"","_EventCurrencySymbol":"\u20ac","_EventCurrencyCode":"EUR","_EventCurrencyPosition":"suffix","_EventDateTimeSeparator":"-","_EventTimeRangeSeparator":" - ","_EventOrganizerID":[11943],"_EventVenueID":11916,"_OrganizerEmail":"","_OrganizerPhone":"","_OrganizerWebsite":"","_VenueAddress":"","_VenueCity":"","_VenueCountry":"","_VenueProvince":"","_VenueZip":"","_VenuePhone":"","_VenueURL":"","_VenueStateProvince":"","_VenueLat":"","_VenueLng":"","_tribe_events_status":"","_tribe_events_status_reason":"","footnotes":""},"tags":[391,389],"tribe_events_cat":[],"class_list":["post-12575","tribe_events","type-tribe_events","status-publish","has-post-thumbnail","hentry","tag-mercado","tag-velas"],"uagb_featured_image_src":{"full":["https:\/\/turismocoria.es\/turismo\/wp-content\/uploads\/2024\/08\/mercado-velas.jpg",2560,1920,false],"thumbnail":["https:\/\/turismocoria.es\/turismo\/wp-content\/uploads\/2024\/08\/mercado-velas-150x150.jpg",150,150,true],"medium":["https:\/\/turismocoria.es\/turismo\/wp-content\/uploads\/2024\/08\/mercado-velas-300x225.jpg",300,225,true],"medium_large":["https:\/\/turismocoria.es\/turismo\/wp-content\/uploads\/2024\/08\/mercado-velas-768x576.jpg",768,576,true],"large":["https:\/\/turismocoria.es\/turismo\/wp-content\/uploads\/2024\/08\/mercado-velas-1024x768.jpg",1024,768,true],"gs-tiny":["https:\/\/turismocoria.es\/turismo\/wp-content\/uploads\/2024\/08\/mercado-velas-50x38.jpg",50,38,true],"xl":["https:\/\/turismocoria.es\/turismo\/wp-content\/uploads\/2024\/08\/mercado-velas-1600x1200.jpg",1600,1200,true],"xxl":["https:\/\/turismocoria.es\/turismo\/wp-content\/uploads\/2024\/08\/mercado-velas-2200x1650.jpg",2200,1650,true],"xxxl":["https:\/\/turismocoria.es\/turismo\/wp-content\/uploads\/2024\/08\/mercado-velas.jpg",2560,1920,false],"xxxxl":["https:\/\/turismocoria.es\/turismo\/wp-content\/uploads\/2024\/08\/mercado-velas.jpg",2560,1920,false],"xxxxxl":["https:\/\/turismocoria.es\/turismo\/wp-content\/uploads\/2024\/08\/mercado-velas.jpg",2560,1920,false],"1536x1536":["https:\/\/turismocoria.es\/turismo\/wp-content\/uploads\/2024\/08\/mercado-velas-1536x1152.jpg",1536,1152,true],"2048x2048":["https:\/\/turismocoria.es\/turismo\/wp-content\/uploads\/2024\/08\/mercado-velas-2048x1536.jpg",2048,1536,true],"ultp_layout_landscape_large":["https:\/\/turismocoria.es\/turismo\/wp-content\/uploads\/2024\/08\/mercado-velas-1200x800.jpg",1200,800,true],"ultp_layout_landscape":["https:\/\/turismocoria.es\/turismo\/wp-content\/uploads\/2024\/08\/mercado-velas-870x570.jpg",870,570,true],"ultp_layout_portrait":["https:\/\/turismocoria.es\/turismo\/wp-content\/uploads\/2024\/08\/mercado-velas-600x900.jpg",600,900,true],"ultp_layout_square":["https:\/\/turismocoria.es\/turismo\/wp-content\/uploads\/2024\/08\/mercado-velas-600x600.jpg",600,600,true],"gb-block-post-grid-landscape":["https:\/\/turismocoria.es\/turismo\/wp-content\/uploads\/2024\/08\/mercado-velas-600x400.jpg",600,400,true],"gb-block-post-grid-square":["https:\/\/turismocoria.es\/turismo\/wp-content\/uploads\/2024\/08\/mercado-velas-600x600.jpg",600,600,true]},"uagb_author_info":{"display_name":"Oficina Turismo","author_link":"https:\/\/turismocoria.es\/turismo\/author\/oficina\/"},"uagb_comment_info":0,"uagb_excerpt":"Organizado por el Ayuntamiento de Coria Espect\u00e1culo y Exposici\u00f3n de Cetrer\u00eda. Puerta del Perd\u00f3n. Atrio del Perd\u00f3n de la Catedral. 22:00 h. a 02:00 h. Iluminaci\u00f3n de las principales plazas y calles por velas de ambientaci\u00f3n c\u00e1lida y veraniega. M\u00fasica ambiente de 22:30 h. a 00:30 h. Guitarra: Plaza de la Cava. Piano: Plaza de&hellip;","_links":{"self":[{"href":"https:\/\/turismocoria.es\/turismo\/wp-json\/wp\/v2\/tribe_events\/12575"}],"collection":[{"href":"https:\/\/turismocoria.es\/turismo\/wp-json\/wp\/v2\/tribe_events"}],"about":[{"href":"https:\/\/turismocoria.es\/turismo\/wp-json\/wp\/v2\/types\/tribe_events"}],"author":[{"embeddable":true,"href":"https:\/\/turismocoria.es\/turismo\/wp-json\/wp\/v2\/users\/4"}],"replies":[{"embeddable":true,"href":"https:\/\/turismocoria.es\/turismo\/wp-json\/wp\/v2\/comments?post=12575"}],"version-history":[{"count":2,"href":"https:\/\/turismocoria.es\/turismo\/wp-json\/wp\/v2\/tribe_events\/12575\/revisions"}],"predecessor-version":[{"id":13374,"href":"https:\/\/turismocoria.es\/turismo\/wp-json\/wp\/v2\/tribe_events\/12575\/revisions\/13374"}],"wp:featuredmedia":[{"embeddable":true,"href":"https:\/\/turismocoria.es\/turismo\/wp-json\/wp\/v2\/media\/12576"}],"wp:attachment":[{"href":"https:\/\/turismocoria.es\/turismo\/wp-json\/wp\/v2\/media?parent=12575"}],"wp:term":[{"taxonomy":"post_tag","embeddable":true,"href":"https:\/\/turismocoria.es\/turismo\/wp-json\/wp\/v2\/tags?post=12575"},{"taxonomy":"tribe_events_cat","embeddable":true,"href":"https:\/\/turismocoria.es\/turismo\/wp-json\/wp\/v2\/tribe_events_cat?post=12575"}],"curies":[{"name":"wp","href":"https:\/\/api.w.org\/{rel}","templated":true}]}}