{"id":12529,"date":"2024-07-23T14:11:50","date_gmt":"2024-07-23T12:11:50","guid":{"rendered":"https:\/\/turismocoria.es\/turismo\/?post_type=tribe_events&#038;p=12529"},"modified":"2024-07-23T14:46:10","modified_gmt":"2024-07-23T12:46:10","slug":"agosto-turistico-2024","status":"publish","type":"tribe_events","link":"https:\/\/turismocoria.es\/turismo\/evento\/agosto-turistico-2024\/","title":{"rendered":"Agosto Tur\u00edstico 2024"},"content":{"rendered":"<div class=\"tribe-events-schedule tribe-clearfix\">\n\t<h2 class=\"tribe-events-schedule__datetime\">\n\t\t<span class=\"tribe-events-schedule__date tribe-events-schedule__date--start\">\n\t\t\t01 08 2024\t\t<\/span>\n\n\t\t\t\t\t<span class=\"tribe-events-schedule__separator tribe-events-schedule__separator--date\">\n\t\t\t\t&#8211;\t\t\t<\/span>\n\t\t\t<span class=\"tribe-events-schedule__time tribe-events-schedule__time--start\">\n\t\t\t\t21:30\t\t\t<\/span>\n\t\t\n\t\t\t\t\t\t\t\t\t<span class=\"tribe-events-schedule__separator tribe-events-schedule__separator--time\">\n\t\t\t\t\t &#8211; \t\t\t\t<\/span>\n\t\t\t\n\t\t\t\t\t\t\t<span class=\"tribe-events-schedule__date tribe-events-schedule__date--end\">\n\t\t\t\t\t24 08 2024\t\t\t\t<\/span>\n\n\t\t\t\t\t\t\t\t\t<span class=\"tribe-events-schedule__separator tribe-events-schedule__separator--date\">\n\t\t\t\t\t\t&#8211;\t\t\t\t\t<\/span>\n\t\t\t\t\t<span class=\"tribe-events-schedule__time tribe-events-schedule__time--end\">\n\t\t\t\t\t\t23:59\t\t\t\t\t<\/span>\n\t\t\t\t\n\t\t\t\n\t\t\t\t\t\t<\/h2>\n<\/div>\n\n\n\n<h2 class=\"wp-block-heading\">PROGRAMACI\u00d3N AGOSTO TUR\u00cdSTICO 2024<\/h2>\n\n\n\n<p class=\"has-medium-font-size\">Durante el Mes de Agosto en Coria se llevar\u00e1n a cabo diferentes actividades,encabezadas sobre todo, por El Festival Internacional de Guitarra y el Jueves Tur\u00edstico.<\/p>\n\n\n\n<h3 class=\"wp-block-heading\">DEL 1 AL 8 DE AGOSTO: FESTIVAL INTERNACIONAL DE GUITARRA.<\/h3>\n\n\n\n<ul class=\"wp-block-list\">\n<li>1 de Agosto: Carlos Trepat. Entrada libre. S.I. Catedral. 21:30 h.<\/li>\n\n\n\n<li>2 de Agosto: Javier Riba. Entrada libre. S.I. Catedral. 21:30 h.<\/li>\n\n\n\n<li>3 de Agosto: Iv\u00e1n \u201cMel\u00f3n\u201d Lewis 8. The Cuban Swing Express. 15\u20ac. Plaza de la Catedral. 21:30 h.<\/li>\n\n\n\n<li>4 de Agosto: Concierto de Aniello Desiderio. Entrada libre. S.I. Catedral. 21:30 h.<\/li>\n\n\n\n<li>5 de Agosto: Concierto D\u00fao Cavatina. Entrada libre. Puerta del Perd\u00f3n. 21:30 h.<\/li>\n\n\n\n<li>6 de Agosto: Concierto del Cuarteto de Guitarras de Andaluc\u00eda. Entrada libre. Puerta del Perd\u00f3n. 21:30 h.<\/li>\n\n\n\n<li>7 de Agosto: Concierto de Kevin Loh. Entrada libre. S.l Catedral. 21:30 h.<\/li>\n\n\n\n<li>8 de Agosto: Final del Concurso Senior. 22:00 h.<\/li>\n<\/ul>\n\n\n\n<h3 class=\"wp-block-heading\">9 de AGOSTO. SHOWPPING NIGHT.<\/h3>\n\n\n\n<p>Apertura de Tiendas hasta la 01:00 h.<br>Talleres art\u00edsticos, pasacalles, espect\u00e1culos musicales y un sin fin de actividades para completar una noche de compras.<\/p>\n\n\n\n<h3 class=\"wp-block-heading\">10 DE AGOSTO. FESTIVAL NACIONAL DE FOLKLORE.<\/h3>\n\n\n\n<p>Puerta del Perd\u00f3n. 22:00 h.<br>Organiza Ayto. De Coria y Asociaci\u00f3n de Coros y Danzas Savia Viva.<\/p>\n\n\n\n<ul class=\"wp-block-list\">\n<li>Grupo Nacional: Montaraces y Charros (Salamanca).<\/li>\n\n\n\n<li>Grupo Regional: La Besana (San Vicente de Alc\u00e1ntara).<\/li>\n\n\n\n<li>Grupo Local: Savia Viva (Coria).<\/li>\n<\/ul>\n\n\n\n<h3 class=\"wp-block-heading\">11 DE AGOSTO. ESPECT\u00c1CULO \u201cLA MEJOR \u00c9POCA\u201d <\/h3>\n\n\n\n<p>Plaza del Norte. 22:00 h.<\/p>\n\n\n\n<h2 class=\"wp-block-heading\">14 DE AGOSTO: MERCADO DE LAS VELAS 22:00h a 02:00h.<\/h2>\n\n\n\n<ul class=\"wp-block-list\">\n<li>Iluminaci\u00f3n de las principales plazas y calles por velas de ambienaci\u00f3n c\u00e1lida y veraniega.<\/li>\n\n\n\n<li>M\u00fasica ambiente de 22:30 h. a 00:30 h.\n<ul class=\"wp-block-list\">\n<li>Guitarra: Plaza de la Cava.<\/li>\n\n\n\n<li>Piano: Plaza de San Pedro.<\/li>\n\n\n\n<li>Viol\u00edn: Plaza de la Catedral.<\/li>\n\n\n\n<li>Flauta y Clarinete: Plaza de Espa\u00f1a.<\/li>\n<\/ul>\n<\/li>\n\n\n\n<li>Photocall de 22:00 h. a 00:00 h. Espect\u00e1culo de fantas\u00eda de globos e iluminaci\u00f3n, adem\u00e1s del personaje estrella de la noche: La Vela.<\/li>\n\n\n\n<li>Mini Feria gratuita. 22:00 h. a 02:00 h. Plaza de San Juan.<\/li>\n\n\n\n<li>Mesas de Juegos 22:00 h. a 02:00 h. Plaza de San Juan.<\/li>\n\n\n\n<li>Taller de pompas gigantes 22:00 h. a 02:00 h. Plaza de San Juan.<\/li>\n\n\n\n<li>Espect\u00e1culo y Exposici\u00f3n de Cetrer\u00eda. Puerta del Perd\u00f3n. Atrio del Perd\u00f3n de la Catedral. 22:00 h. a 02:00 h.<\/li>\n<\/ul>\n\n\n\n<h3 class=\"wp-block-heading\">15 DE AGOSTO: JUEVES TUR\u00cdSTICO. <\/h3>\n\n\n\n<p><\/p>\n\n\n\n<ul class=\"wp-block-list\">\n<li>09:00 h. a 14:00 h.<br>Caricaturas del Peneke: de 10:00 h. a 13:00 h. en la Plaza de la Catedral. An\u00edmate a que nuestro artista te saque tu mejor cara.<\/li>\n\n\n\n<li>Teatro de calle \u201cTras las huellas de los Albas\u201d 11:00 h. a 13:00 h. Salida Plaza de a Cava.<\/li>\n\n\n\n<li>Paseo en Burritos: 11:30 h. a 13:30 h. Paseo en burrito por el Casco Historico. Itinerario: San Benito &#8211; Rejas &#8211; Seminario &#8211; Yglesia &#8211; Plaza de la Catedral -Yglesia Oscura &#8211; San Benito.<\/li>\n\n\n\n<li>Mini Feria gratuita. 09:30h a 14:00h. Plazuela de San Juan.<\/li>\n\n\n\n<li>Mesas de Juegos 09:30h a 14:00h. Plazuela de San Juan.<\/li>\n\n\n\n<li>Taller de Pompas Gigantes 09:30h a 14:00h. Plazuela de San Juan.<\/li>\n\n\n\n<li>Espect\u00e1culo y Exposici\u00f3n de Cetrer\u00eda. Atrio del Perd\u00f3n. Puerta del Perd\u00f3n de la Catedral. 09:30 h. a 14:00 h.<\/li>\n\n\n\n<li>Pasacalles Grupo de Acordeonistas de Coria y Comarca. 11:00 h. a 13:00 h. Salida Plaza de San Pedro.<\/li>\n<\/ul>\n\n\n\n<h3 class=\"wp-block-heading\">17 DE AGOSTO. CONCURSO DE PINTURA AL AIRE LIBRE.<\/h3>\n\n\n\n<p>Organiza Escuela de Pintura Buf\u00f3n Calabacilas.<br>De 09:00 h. a 14:00 h.<br>Calles del Casco Hist\u00f3rico.<\/p>\n\n\n\n<h3 class=\"wp-block-heading\">17 DE AGOSTO. OBSERVACI\u00d3N DEL CIELO. \u201cDE CORIA A LA LUNA&#8221;<\/h3>\n\n\n\n<p>22:30 h. Explanada aparcamientos Ermita Ntra. Sra. De Argeme.<br>Inscripci\u00f3n gratuita en la Oficina de Turismo. Plazas limitadas. 80-100<\/p>\n\n\n\n<h3 class=\"wp-block-heading\">17 DE AGOSTO. Ruta Nocturna Luna Zapatona.<\/h3>\n\n\n\n<p>Salida del Pabell\u00f3n Municipal de Deportes. 10km.<br>Hora: 23:00 h.<br>Inscripciones: http:\/\/lunazapatona.blogspot.com<br>Organiza Ayto. De Coria y Zapatones Running.<\/p>\n\n\n\n<h3 class=\"wp-block-heading\">23 DE AGOSTO: VISITA GUIADA TEATRALIZADA. \u201cEL CONVENTILLO DE DON CAMIS\u00d3N&#8221;.<\/h3>\n\n\n\n<p>Salida Plaza de San Pedro. 22:30 h.<br>Inscripciones gratuitas en la Oficina de Turismo.<\/p>\n\n\n\n<h3 class=\"wp-block-heading\">24 DE AGOSTO. ISLA PARTY II! EDICI\u00d3N.<\/h3>\n\n\n\n<p>Zona Campo de F\u00fatbol.<br>Hora de inicio: 23:59 h.<\/p>\n\n\n\n<figure class=\"wp-block-gallery has-nested-images columns-default is-cropped wp-block-gallery-1 is-layout-flex wp-block-gallery-is-layout-flex\">\n<figure class=\"wp-block-image size-large\"><img loading=\"lazy\" decoding=\"async\" width=\"739\" height=\"1024\" data-id=\"12533\" data-src=\"https:\/\/turismocoria.es\/turismo\/wp-content\/uploads\/2024\/07\/agosto-turistico-2024-01-739x1024.jpg\" alt=\"\" class=\"wp-image-12533 lazyload\" data-srcset=\"https:\/\/turismocoria.es\/turismo\/wp-content\/uploads\/2024\/07\/agosto-turistico-2024-01-739x1024.jpg 739w, https:\/\/turismocoria.es\/turismo\/wp-content\/uploads\/2024\/07\/agosto-turistico-2024-01-217x300.jpg 217w, https:\/\/turismocoria.es\/turismo\/wp-content\/uploads\/2024\/07\/agosto-turistico-2024-01-768x1064.jpg 768w, https:\/\/turismocoria.es\/turismo\/wp-content\/uploads\/2024\/07\/agosto-turistico-2024-01-50x69.jpg 50w, https:\/\/turismocoria.es\/turismo\/wp-content\/uploads\/2024\/07\/agosto-turistico-2024-01-1109x1536.jpg 1109w, https:\/\/turismocoria.es\/turismo\/wp-content\/uploads\/2024\/07\/agosto-turistico-2024-01.jpg 1386w\" data-sizes=\"(max-width: 739px) 100vw, 739px\" src=\"data:image\/gif;base64,R0lGODlhAQABAAAAACH5BAEKAAEALAAAAAABAAEAAAICTAEAOw==\" style=\"--smush-placeholder-width: 739px; --smush-placeholder-aspect-ratio: 739\/1024;\" \/><noscript><img loading=\"lazy\" decoding=\"async\" width=\"739\" height=\"1024\" data-id=\"12533\" src=\"https:\/\/turismocoria.es\/turismo\/wp-content\/uploads\/2024\/07\/agosto-turistico-2024-01-739x1024.jpg\" alt=\"\" class=\"wp-image-12533\" srcset=\"https:\/\/turismocoria.es\/turismo\/wp-content\/uploads\/2024\/07\/agosto-turistico-2024-01-739x1024.jpg 739w, https:\/\/turismocoria.es\/turismo\/wp-content\/uploads\/2024\/07\/agosto-turistico-2024-01-217x300.jpg 217w, https:\/\/turismocoria.es\/turismo\/wp-content\/uploads\/2024\/07\/agosto-turistico-2024-01-768x1064.jpg 768w, https:\/\/turismocoria.es\/turismo\/wp-content\/uploads\/2024\/07\/agosto-turistico-2024-01-50x69.jpg 50w, https:\/\/turismocoria.es\/turismo\/wp-content\/uploads\/2024\/07\/agosto-turistico-2024-01-1109x1536.jpg 1109w, https:\/\/turismocoria.es\/turismo\/wp-content\/uploads\/2024\/07\/agosto-turistico-2024-01.jpg 1386w\" sizes=\"(max-width: 739px) 100vw, 739px\" \/><\/noscript><\/figure>\n\n\n\n<figure class=\"wp-block-image size-large\"><img loading=\"lazy\" decoding=\"async\" width=\"705\" height=\"1024\" data-id=\"12532\" data-src=\"https:\/\/turismocoria.es\/turismo\/wp-content\/uploads\/2024\/07\/agosto-turistico-2024-02-705x1024.jpg\" alt=\"\" class=\"wp-image-12532 lazyload\" data-srcset=\"https:\/\/turismocoria.es\/turismo\/wp-content\/uploads\/2024\/07\/agosto-turistico-2024-02-705x1024.jpg 705w, https:\/\/turismocoria.es\/turismo\/wp-content\/uploads\/2024\/07\/agosto-turistico-2024-02-206x300.jpg 206w, https:\/\/turismocoria.es\/turismo\/wp-content\/uploads\/2024\/07\/agosto-turistico-2024-02-768x1116.jpg 768w, https:\/\/turismocoria.es\/turismo\/wp-content\/uploads\/2024\/07\/agosto-turistico-2024-02-50x73.jpg 50w, https:\/\/turismocoria.es\/turismo\/wp-content\/uploads\/2024\/07\/agosto-turistico-2024-02-1057x1536.jpg 1057w, https:\/\/turismocoria.es\/turismo\/wp-content\/uploads\/2024\/07\/agosto-turistico-2024-02.jpg 1321w\" data-sizes=\"(max-width: 705px) 100vw, 705px\" src=\"data:image\/gif;base64,R0lGODlhAQABAAAAACH5BAEKAAEALAAAAAABAAEAAAICTAEAOw==\" style=\"--smush-placeholder-width: 705px; --smush-placeholder-aspect-ratio: 705\/1024;\" \/><noscript><img loading=\"lazy\" decoding=\"async\" width=\"705\" height=\"1024\" data-id=\"12532\" src=\"https:\/\/turismocoria.es\/turismo\/wp-content\/uploads\/2024\/07\/agosto-turistico-2024-02-705x1024.jpg\" alt=\"\" class=\"wp-image-12532\" srcset=\"https:\/\/turismocoria.es\/turismo\/wp-content\/uploads\/2024\/07\/agosto-turistico-2024-02-705x1024.jpg 705w, https:\/\/turismocoria.es\/turismo\/wp-content\/uploads\/2024\/07\/agosto-turistico-2024-02-206x300.jpg 206w, https:\/\/turismocoria.es\/turismo\/wp-content\/uploads\/2024\/07\/agosto-turistico-2024-02-768x1116.jpg 768w, https:\/\/turismocoria.es\/turismo\/wp-content\/uploads\/2024\/07\/agosto-turistico-2024-02-50x73.jpg 50w, https:\/\/turismocoria.es\/turismo\/wp-content\/uploads\/2024\/07\/agosto-turistico-2024-02-1057x1536.jpg 1057w, https:\/\/turismocoria.es\/turismo\/wp-content\/uploads\/2024\/07\/agosto-turistico-2024-02.jpg 1321w\" sizes=\"(max-width: 705px) 100vw, 705px\" \/><\/noscript><\/figure>\n\n\n\n<figure class=\"wp-block-image size-large\"><img loading=\"lazy\" decoding=\"async\" width=\"725\" height=\"1024\" data-id=\"12531\" data-src=\"https:\/\/turismocoria.es\/turismo\/wp-content\/uploads\/2024\/07\/agosto-turistico-2024-03-725x1024.jpg\" alt=\"\" class=\"wp-image-12531 lazyload\" data-srcset=\"https:\/\/turismocoria.es\/turismo\/wp-content\/uploads\/2024\/07\/agosto-turistico-2024-03-725x1024.jpg 725w, https:\/\/turismocoria.es\/turismo\/wp-content\/uploads\/2024\/07\/agosto-turistico-2024-03-212x300.jpg 212w, https:\/\/turismocoria.es\/turismo\/wp-content\/uploads\/2024\/07\/agosto-turistico-2024-03-768x1085.jpg 768w, https:\/\/turismocoria.es\/turismo\/wp-content\/uploads\/2024\/07\/agosto-turistico-2024-03-50x71.jpg 50w, https:\/\/turismocoria.es\/turismo\/wp-content\/uploads\/2024\/07\/agosto-turistico-2024-03-1087x1536.jpg 1087w, https:\/\/turismocoria.es\/turismo\/wp-content\/uploads\/2024\/07\/agosto-turistico-2024-03.jpg 1359w\" data-sizes=\"(max-width: 725px) 100vw, 725px\" src=\"data:image\/gif;base64,R0lGODlhAQABAAAAACH5BAEKAAEALAAAAAABAAEAAAICTAEAOw==\" style=\"--smush-placeholder-width: 725px; --smush-placeholder-aspect-ratio: 725\/1024;\" \/><noscript><img loading=\"lazy\" decoding=\"async\" width=\"725\" height=\"1024\" data-id=\"12531\" src=\"https:\/\/turismocoria.es\/turismo\/wp-content\/uploads\/2024\/07\/agosto-turistico-2024-03-725x1024.jpg\" alt=\"\" class=\"wp-image-12531\" srcset=\"https:\/\/turismocoria.es\/turismo\/wp-content\/uploads\/2024\/07\/agosto-turistico-2024-03-725x1024.jpg 725w, https:\/\/turismocoria.es\/turismo\/wp-content\/uploads\/2024\/07\/agosto-turistico-2024-03-212x300.jpg 212w, https:\/\/turismocoria.es\/turismo\/wp-content\/uploads\/2024\/07\/agosto-turistico-2024-03-768x1085.jpg 768w, https:\/\/turismocoria.es\/turismo\/wp-content\/uploads\/2024\/07\/agosto-turistico-2024-03-50x71.jpg 50w, https:\/\/turismocoria.es\/turismo\/wp-content\/uploads\/2024\/07\/agosto-turistico-2024-03-1087x1536.jpg 1087w, https:\/\/turismocoria.es\/turismo\/wp-content\/uploads\/2024\/07\/agosto-turistico-2024-03.jpg 1359w\" sizes=\"(max-width: 725px) 100vw, 725px\" \/><\/noscript><\/figure>\n\n\n\n<figure class=\"wp-block-image size-large\"><img loading=\"lazy\" decoding=\"async\" width=\"719\" height=\"1024\" data-id=\"12534\" data-src=\"https:\/\/turismocoria.es\/turismo\/wp-content\/uploads\/2024\/07\/agosto-turistico-2024-00-719x1024.jpg\" alt=\"\" class=\"wp-image-12534 lazyload\" data-srcset=\"https:\/\/turismocoria.es\/turismo\/wp-content\/uploads\/2024\/07\/agosto-turistico-2024-00-719x1024.jpg 719w, https:\/\/turismocoria.es\/turismo\/wp-content\/uploads\/2024\/07\/agosto-turistico-2024-00-211x300.jpg 211w, https:\/\/turismocoria.es\/turismo\/wp-content\/uploads\/2024\/07\/agosto-turistico-2024-00-768x1093.jpg 768w, https:\/\/turismocoria.es\/turismo\/wp-content\/uploads\/2024\/07\/agosto-turistico-2024-00-50x71.jpg 50w, https:\/\/turismocoria.es\/turismo\/wp-content\/uploads\/2024\/07\/agosto-turistico-2024-00-1079x1536.jpg 1079w, https:\/\/turismocoria.es\/turismo\/wp-content\/uploads\/2024\/07\/agosto-turistico-2024-00.jpg 1349w\" data-sizes=\"(max-width: 719px) 100vw, 719px\" src=\"data:image\/gif;base64,R0lGODlhAQABAAAAACH5BAEKAAEALAAAAAABAAEAAAICTAEAOw==\" style=\"--smush-placeholder-width: 719px; --smush-placeholder-aspect-ratio: 719\/1024;\" \/><noscript><img loading=\"lazy\" decoding=\"async\" width=\"719\" height=\"1024\" data-id=\"12534\" src=\"https:\/\/turismocoria.es\/turismo\/wp-content\/uploads\/2024\/07\/agosto-turistico-2024-00-719x1024.jpg\" alt=\"\" class=\"wp-image-12534\" srcset=\"https:\/\/turismocoria.es\/turismo\/wp-content\/uploads\/2024\/07\/agosto-turistico-2024-00-719x1024.jpg 719w, https:\/\/turismocoria.es\/turismo\/wp-content\/uploads\/2024\/07\/agosto-turistico-2024-00-211x300.jpg 211w, https:\/\/turismocoria.es\/turismo\/wp-content\/uploads\/2024\/07\/agosto-turistico-2024-00-768x1093.jpg 768w, https:\/\/turismocoria.es\/turismo\/wp-content\/uploads\/2024\/07\/agosto-turistico-2024-00-50x71.jpg 50w, https:\/\/turismocoria.es\/turismo\/wp-content\/uploads\/2024\/07\/agosto-turistico-2024-00-1079x1536.jpg 1079w, https:\/\/turismocoria.es\/turismo\/wp-content\/uploads\/2024\/07\/agosto-turistico-2024-00.jpg 1349w\" sizes=\"(max-width: 719px) 100vw, 719px\" \/><\/noscript><\/figure>\n<\/figure>\n\n\n<div class=\"tribe-block tribe-block__event-price\">\n\t\t<\/div>\n\n\n<div class=\"tribe-block tribe-block__organizer__details tribe-clearfix\">\n\t<div class=\"tribe-block__organizer__title\">\n\t\t<h3><a href=\"https:\/\/turismocoria.es\/turismo\/organizer\/ayuntamiento-de-coria\/\" title=\"Ayuntamiento de Coria\" target=\"_self\" rel=\"\">Ayuntamiento de Coria<\/a><\/h3>\n\t<\/div>\n\t\t\t<\/div>\n\n\n<div class=\"tribe-block tribe-block__venue tribe-block__venue--has-map\">\n\t\n\t\t\n\t<\/div>\n\n\n\n\n\t<div class=\"tribe-block tribe-block__events-link\">\n\t\t<div class=\"tribe-events tribe-common\">\n\t\t\t<div class=\"tribe-events-c-subscribe-dropdown__container\">\n\t\t\t\t<div class=\"tribe-events-c-subscribe-dropdown\">\n\t\t\t\t\t<div class=\"tribe-common-c-btn-border tribe-events-c-subscribe-dropdown__button\" tabindex=\"0\">\n\t\t\t\t\t\t<svg  class=\"tribe-common-c-svgicon tribe-common-c-svgicon--cal-export tribe-events-c-subscribe-dropdown__export-icon\"  viewBox=\"0 0 23 17\" xmlns=\"http:\/\/www.w3.org\/2000\/svg\">\n  <path fill-rule=\"evenodd\" clip-rule=\"evenodd\" d=\"M.128.896V16.13c0 .211.145.383.323.383h15.354c.179 0 .323-.172.323-.383V.896c0-.212-.144-.383-.323-.383H.451C.273.513.128.684.128.896Zm16 6.742h-.901V4.679H1.009v10.729h14.218v-3.336h.901V7.638ZM1.01 1.614h14.218v2.058H1.009V1.614Z\" \/>\n  <path d=\"M20.5 9.846H8.312M18.524 6.953l2.89 2.909-2.855 2.855\" stroke-width=\"1.2\" stroke-linecap=\"round\" stroke-linejoin=\"round\"\/>\n<\/svg>\n\t\t\t\t\t\t<button class=\"tribe-events-c-subscribe-dropdown__button-text\">\n\t\t\t\t\t\t\tA\u00f1adir al calendario\t\t\t\t\t\t<\/button>\n\t\t\t\t\t\t<svg  class=\"tribe-common-c-svgicon tribe-common-c-svgicon--caret-down tribe-events-c-subscribe-dropdown__button-icon\"  viewBox=\"0 0 10 7\" xmlns=\"http:\/\/www.w3.org\/2000\/svg\"><path fill-rule=\"evenodd\" clip-rule=\"evenodd\" d=\"M1.008.609L5 4.6 8.992.61l.958.958L5 6.517.05 1.566l.958-.958z\" class=\"tribe-common-c-svgicon__svg-fill\"\/><\/svg>\n\t\t\t\t\t<\/div>\n\t\t\t\t\t<div class=\"tribe-events-c-subscribe-dropdown__content\">\n\t\t\t\t\t\t<ul class=\"tribe-events-c-subscribe-dropdown__list\" tabindex=\"0\">\n\t\t\t\t\t\t\t\t\t\t\t\t\t\t\t<li class=\"tribe-events-c-subscribe-dropdown__list-item\">\n\t\t\t\t\t\t\t\t\t<a\n\t\t\t\t\t\t\t\t\t\thref=\"https:\/\/www.google.com\/calendar\/event?action=TEMPLATE&#038;dates=20240801T213000\/20240824T235900&#038;text=Agosto%20Tur%C3%ADstico%202024&#038;details=%3C%21--+wp%3Atribe%2Fevent-datetime+%2F--%3E%3C%21--+wp%3Aheading+--%3E%3Ch2+class%3D%22wp-block-heading%22%3EPROGRAMACI%C3%93N+AGOSTO+TUR%C3%8DSTICO+2024%3C%2Fh2%3E%3C%21--+%2Fwp%3Aheading+--%3E%3C%21--+wp%3Aparagraph+%7B%22fontSize%22%3A%22medium%22%7D+--%3E%3Cp+class%3D%22has-medium-font-size%22%3EDurante+el+Mes+de+Agosto+en+Coria+se+llevar%C3%A1n+a+cabo+diferentes+actividades%2Cencabezadas+sobre+todo%2C+por+El+Festival+Internacional+de+Guitarra+y+el+Jueves+Tur%C3%ADstico.%3C%2Fp%3E%3C%21--+%2Fwp%3Aparagraph+--%3E%3C%21--+wp%3Aheading+%7B%22level%22%3A3%7D+--%3E%3Ch3+class%3D%22wp-block-heading%22%3EDEL+1+AL+8+DE+AGOSTO%3A+FESTIVAL+INTERNACIONAL+DE+GUITARRA.%3C%2Fh3%3E%3C%21--+%2Fwp%3Aheading+--%3E%3C%21--+wp%3Alist+--%3E%3Cul+class%3D%22wp-block-list%22%3E%3C%21--+wp%3Alist-item+--%3E%3Cli%3E1+de+Agosto%3A+Carlos+Trepat.+Entrada+libre.+S.I.+Catedral.+21%3A30+h.%3C%2Fli%3E%3C%21--+%2Fwp%3Alist-item+--%3E%3C%21--+wp%3Alist%20(Ver%20aqu\u00ed%20la%20descripci\u00f3n%20completa%20de%20evento:%20https:\/\/turismocoria.es\/turismo\/evento\/agosto-turistico-2024\/)&#038;trp=false&#038;ctz=Europe\/Madrid&#038;sprop=website:https:\/\/turismocoria.es\/turismo\"\n\t\t\t\t\t\t\t\t\t\tclass=\"tribe-events-c-subscribe-dropdown__list-item-link\"\n\t\t\t\t\t\t\t\t\t\ttabindex=\"0\"\n\t\t\t\t\t\t\t\t\t\ttarget=\"_blank\"\n\t\t\t\t\t\t\t\t\t\trel=\"noopener noreferrer nofollow noindex\"\n\t\t\t\t\t\t\t\t\t>\n\t\t\t\t\t\t\t\t\t\tGoogle Calendar\t\t\t\t\t\t\t\t\t<\/a>\n\t\t\t\t\t\t\t\t<\/li>\n\t\t\t\t\t\t\t\t\t\t\t\t\t\t\t<li class=\"tribe-events-c-subscribe-dropdown__list-item\">\n\t\t\t\t\t\t\t\t\t<a\n\t\t\t\t\t\t\t\t\t\thref=\"\"\n\t\t\t\t\t\t\t\t\t\tclass=\"tribe-events-c-subscribe-dropdown__list-item-link\"\n\t\t\t\t\t\t\t\t\t\ttabindex=\"0\"\n\t\t\t\t\t\t\t\t\t\ttarget=\"_blank\"\n\t\t\t\t\t\t\t\t\t\trel=\"noopener noreferrer nofollow noindex\"\n\t\t\t\t\t\t\t\t\t>\n\t\t\t\t\t\t\t\t\t\tiCalendar\t\t\t\t\t\t\t\t\t<\/a>\n\t\t\t\t\t\t\t\t<\/li>\n\t\t\t\t\t\t\t\t\t\t\t\t\t\t\t<li class=\"tribe-events-c-subscribe-dropdown__list-item\">\n\t\t\t\t\t\t\t\t\t<a\n\t\t\t\t\t\t\t\t\t\thref=\"\"\n\t\t\t\t\t\t\t\t\t\tclass=\"tribe-events-c-subscribe-dropdown__list-item-link\"\n\t\t\t\t\t\t\t\t\t\ttabindex=\"0\"\n\t\t\t\t\t\t\t\t\t\ttarget=\"_blank\"\n\t\t\t\t\t\t\t\t\t\trel=\"noopener noreferrer nofollow noindex\"\n\t\t\t\t\t\t\t\t\t>\n\t\t\t\t\t\t\t\t\t\tOutlook 365\t\t\t\t\t\t\t\t\t<\/a>\n\t\t\t\t\t\t\t\t<\/li>\n\t\t\t\t\t\t\t\t\t\t\t\t\t\t\t<li class=\"tribe-events-c-subscribe-dropdown__list-item\">\n\t\t\t\t\t\t\t\t\t<a\n\t\t\t\t\t\t\t\t\t\thref=\"\"\n\t\t\t\t\t\t\t\t\t\tclass=\"tribe-events-c-subscribe-dropdown__list-item-link\"\n\t\t\t\t\t\t\t\t\t\ttabindex=\"0\"\n\t\t\t\t\t\t\t\t\t\ttarget=\"_blank\"\n\t\t\t\t\t\t\t\t\t\trel=\"noopener noreferrer nofollow noindex\"\n\t\t\t\t\t\t\t\t\t>\n\t\t\t\t\t\t\t\t\t\tOutlook Live\t\t\t\t\t\t\t\t\t<\/a>\n\t\t\t\t\t\t\t\t<\/li>\n\t\t\t\t\t\t\t\t\t\t\t\t\t<\/ul>\n\t\t\t\t\t<\/div>\n\t\t\t\t<\/div>\n\t\t\t<\/div>\n\t\t<\/div>\n\t<\/div>\n\n","protected":false},"excerpt":{"rendered":"<p>PROGRAMACI\u00d3N AGOSTO TUR\u00cdSTICO 2024 Durante el Mes de Agosto en Coria se llevar\u00e1n a cabo diferentes actividades,encabezadas sobre todo, por El Festival Internacional de Guitarra y el Jueves Tur\u00edstico. DEL 1 AL 8 DE AGOSTO: FESTIVAL INTERNACIONAL DE GUITARRA. 9 de AGOSTO. SHOWPPING NIGHT. Apertura de Tiendas hasta la 01:00 h.Talleres art\u00edsticos, pasacalles, espect\u00e1culos musicales [&hellip;]<\/p>\n","protected":false},"author":3,"featured_media":12534,"comment_status":"closed","ping_status":"closed","template":"","meta":{"_uag_custom_page_level_css":"","site-sidebar-layout":"default","site-content-layout":"","ast-site-content-layout":"default","site-content-style":"default","site-sidebar-style":"default","ast-global-header-display":"","ast-banner-title-visibility":"","ast-main-header-display":"","ast-hfb-above-header-display":"","ast-hfb-below-header-display":"","ast-hfb-mobile-header-display":"","site-post-title":"","ast-breadcrumbs-content":"","ast-featured-img":"","footer-sml-layout":"","theme-transparent-header-meta":"","adv-header-id-meta":"","stick-header-meta":"","header-above-stick-meta":"","header-main-stick-meta":"","header-below-stick-meta":"","astra-migrate-meta-layouts":"set","ast-page-background-enabled":"default","ast-page-background-meta":{"desktop":{"background-color":"","background-image":"","background-repeat":"repeat","background-position":"center center","background-size":"auto","background-attachment":"scroll","background-type":"","background-media":"","overlay-type":"","overlay-color":"","overlay-opacity":"","overlay-gradient":""},"tablet":{"background-color":"","background-image":"","background-repeat":"repeat","background-position":"center center","background-size":"auto","background-attachment":"scroll","background-type":"","background-media":"","overlay-type":"","overlay-color":"","overlay-opacity":"","overlay-gradient":""},"mobile":{"background-color":"","background-image":"","background-repeat":"repeat","background-position":"center center","background-size":"auto","background-attachment":"scroll","background-type":"","background-media":"","overlay-type":"","overlay-color":"","overlay-opacity":"","overlay-gradient":""}},"ast-content-background-meta":{"desktop":{"background-color":"var(--ast-global-color-5)","background-image":"","background-repeat":"repeat","background-position":"center center","background-size":"auto","background-attachment":"scroll","background-type":"","background-media":"","overlay-type":"","overlay-color":"","overlay-opacity":"","overlay-gradient":""},"tablet":{"background-color":"var(--ast-global-color-5)","background-image":"","background-repeat":"repeat","background-position":"center center","background-size":"auto","background-attachment":"scroll","background-type":"","background-media":"","overlay-type":"","overlay-color":"","overlay-opacity":"","overlay-gradient":""},"mobile":{"background-color":"var(--ast-global-color-5)","background-image":"","background-repeat":"repeat","background-position":"center center","background-size":"auto","background-attachment":"scroll","background-type":"","background-media":"","overlay-type":"","overlay-color":"","overlay-opacity":"","overlay-gradient":""}},"_EventAllDay":false,"_EventTimezone":"Europe\/Madrid","_EventStartDate":"2024-08-01 21:30:00","_EventEndDate":"2024-08-24 23:59:00","_EventStartDateUTC":"2024-08-01 19:30:00","_EventEndDateUTC":"2024-08-24 21:59:00","_EventShowMap":true,"_EventShowMapLink":true,"_EventURL":"","_EventCost":"","_EventCostDescription":"","_EventCurrencySymbol":"\u20ac","_EventCurrencyCode":"EUR","_EventCurrencyPosition":"suffix","_EventDateTimeSeparator":"-","_EventTimeRangeSeparator":" - ","_EventOrganizerID":[11943],"_EventVenueID":0,"_OrganizerEmail":"","_OrganizerPhone":"","_OrganizerWebsite":"","_VenueAddress":"","_VenueCity":"","_VenueCountry":"","_VenueProvince":"","_VenueZip":"","_VenuePhone":"","_VenueURL":"","_VenueStateProvince":"","_VenueLat":"","_VenueLng":"","_tribe_events_status":"","_tribe_events_status_reason":"","footnotes":""},"tags":[],"tribe_events_cat":[],"class_list":["post-12529","tribe_events","type-tribe_events","status-publish","has-post-thumbnail","hentry"],"uagb_featured_image_src":{"full":["https:\/\/turismocoria.es\/turismo\/wp-content\/uploads\/2024\/07\/agosto-turistico-2024-00.jpg",1349,1920,false],"thumbnail":["https:\/\/turismocoria.es\/turismo\/wp-content\/uploads\/2024\/07\/agosto-turistico-2024-00-150x150.jpg",150,150,true],"medium":["https:\/\/turismocoria.es\/turismo\/wp-content\/uploads\/2024\/07\/agosto-turistico-2024-00-211x300.jpg",211,300,true],"medium_large":["https:\/\/turismocoria.es\/turismo\/wp-content\/uploads\/2024\/07\/agosto-turistico-2024-00-768x1093.jpg",768,1093,true],"large":["https:\/\/turismocoria.es\/turismo\/wp-content\/uploads\/2024\/07\/agosto-turistico-2024-00-719x1024.jpg",719,1024,true],"gs-tiny":["https:\/\/turismocoria.es\/turismo\/wp-content\/uploads\/2024\/07\/agosto-turistico-2024-00-50x71.jpg",50,71,true],"xl":["https:\/\/turismocoria.es\/turismo\/wp-content\/uploads\/2024\/07\/agosto-turistico-2024-00.jpg",1349,1920,false],"xxl":["https:\/\/turismocoria.es\/turismo\/wp-content\/uploads\/2024\/07\/agosto-turistico-2024-00.jpg",1349,1920,false],"xxxl":["https:\/\/turismocoria.es\/turismo\/wp-content\/uploads\/2024\/07\/agosto-turistico-2024-00.jpg",1349,1920,false],"xxxxl":["https:\/\/turismocoria.es\/turismo\/wp-content\/uploads\/2024\/07\/agosto-turistico-2024-00.jpg",1349,1920,false],"xxxxxl":["https:\/\/turismocoria.es\/turismo\/wp-content\/uploads\/2024\/07\/agosto-turistico-2024-00.jpg",1349,1920,false],"1536x1536":["https:\/\/turismocoria.es\/turismo\/wp-content\/uploads\/2024\/07\/agosto-turistico-2024-00-1079x1536.jpg",1079,1536,true],"2048x2048":["https:\/\/turismocoria.es\/turismo\/wp-content\/uploads\/2024\/07\/agosto-turistico-2024-00.jpg",1349,1920,false],"ultp_layout_landscape_large":["https:\/\/turismocoria.es\/turismo\/wp-content\/uploads\/2024\/07\/agosto-turistico-2024-00-1200x800.jpg",1200,800,true],"ultp_layout_landscape":["https:\/\/turismocoria.es\/turismo\/wp-content\/uploads\/2024\/07\/agosto-turistico-2024-00-870x570.jpg",870,570,true],"ultp_layout_portrait":["https:\/\/turismocoria.es\/turismo\/wp-content\/uploads\/2024\/07\/agosto-turistico-2024-00-600x900.jpg",600,900,true],"ultp_layout_square":["https:\/\/turismocoria.es\/turismo\/wp-content\/uploads\/2024\/07\/agosto-turistico-2024-00-600x600.jpg",600,600,true],"gb-block-post-grid-landscape":["https:\/\/turismocoria.es\/turismo\/wp-content\/uploads\/2024\/07\/agosto-turistico-2024-00-600x400.jpg",600,400,true],"gb-block-post-grid-square":["https:\/\/turismocoria.es\/turismo\/wp-content\/uploads\/2024\/07\/agosto-turistico-2024-00-600x600.jpg",600,600,true]},"uagb_author_info":{"display_name":"adolfo","author_link":"https:\/\/turismocoria.es\/turismo\/author\/adolfo\/"},"uagb_comment_info":0,"uagb_excerpt":"PROGRAMACI\u00d3N AGOSTO TUR\u00cdSTICO 2024 Durante el Mes de Agosto en Coria se llevar\u00e1n a cabo diferentes actividades,encabezadas sobre todo, por El Festival Internacional de Guitarra y el Jueves Tur\u00edstico. DEL 1 AL 8 DE AGOSTO: FESTIVAL INTERNACIONAL DE GUITARRA. 9 de AGOSTO. SHOWPPING NIGHT. Apertura de Tiendas hasta la 01:00 h.Talleres art\u00edsticos, pasacalles, espect\u00e1culos musicales&hellip;","_links":{"self":[{"href":"https:\/\/turismocoria.es\/turismo\/wp-json\/wp\/v2\/tribe_events\/12529"}],"collection":[{"href":"https:\/\/turismocoria.es\/turismo\/wp-json\/wp\/v2\/tribe_events"}],"about":[{"href":"https:\/\/turismocoria.es\/turismo\/wp-json\/wp\/v2\/types\/tribe_events"}],"author":[{"embeddable":true,"href":"https:\/\/turismocoria.es\/turismo\/wp-json\/wp\/v2\/users\/3"}],"replies":[{"embeddable":true,"href":"https:\/\/turismocoria.es\/turismo\/wp-json\/wp\/v2\/comments?post=12529"}],"version-history":[{"count":4,"href":"https:\/\/turismocoria.es\/turismo\/wp-json\/wp\/v2\/tribe_events\/12529\/revisions"}],"predecessor-version":[{"id":12540,"href":"https:\/\/turismocoria.es\/turismo\/wp-json\/wp\/v2\/tribe_events\/12529\/revisions\/12540"}],"wp:featuredmedia":[{"embeddable":true,"href":"https:\/\/turismocoria.es\/turismo\/wp-json\/wp\/v2\/media\/12534"}],"wp:attachment":[{"href":"https:\/\/turismocoria.es\/turismo\/wp-json\/wp\/v2\/media?parent=12529"}],"wp:term":[{"taxonomy":"post_tag","embeddable":true,"href":"https:\/\/turismocoria.es\/turismo\/wp-json\/wp\/v2\/tags?post=12529"},{"taxonomy":"tribe_events_cat","embeddable":true,"href":"https:\/\/turismocoria.es\/turismo\/wp-json\/wp\/v2\/tribe_events_cat?post=12529"}],"curies":[{"name":"wp","href":"https:\/\/api.w.org\/{rel}","templated":true}]}}