{"id":12461,"date":"2024-05-27T12:52:30","date_gmt":"2024-05-27T10:52:30","guid":{"rendered":"https:\/\/turismocoria.es\/turismo\/?post_type=tribe_events&#038;p=12461"},"modified":"2024-05-27T13:18:28","modified_gmt":"2024-05-27T11:18:28","slug":"san-juan-en-el-comercio-2024","status":"publish","type":"tribe_events","link":"https:\/\/turismocoria.es\/turismo\/evento\/san-juan-en-el-comercio-2024\/","title":{"rendered":"San Juan en el Comercio 2024"},"content":{"rendered":"<div class=\"tribe-events-schedule tribe-clearfix\">\n\t<h2 class=\"tribe-events-schedule__datetime\">\n\t\t<span class=\"tribe-events-schedule__date tribe-events-schedule__date--start\">\n\t\t\t20 05 2024\t\t<\/span>\n\n\t\t\n\t\t\t\t\t\t\t\t\t<span class=\"tribe-events-schedule__separator tribe-events-schedule__separator--time\">\n\t\t\t\t\t &#8211; \t\t\t\t<\/span>\n\t\t\t\n\t\t\t\t\t\t\t<span class=\"tribe-events-schedule__date tribe-events-schedule__date--end\">\n\t\t\t\t\t10 06 2024\t\t\t\t<\/span>\n\n\t\t\t\t\n\t\t\t\n\t\t\t\t\t\t<\/h2>\n<\/div>\n\n\n\n<p>Cabe recordar que, el Ayuntamiento de Coria, en su af\u00e1n por apoyar el Comercio Local, vuelve a organizar, desde el Departamento de Desarrollo Local y Comercio, una iniciativa interesante para fomentar las compras con motivo de las Fiestas de San Juan que se celebran del 23 al 29 de junio.<\/p>\n\n\n\n<figure data-wp-context=\"{&quot;imageId&quot;:&quot;69ef84fe7c1f5&quot;}\" data-wp-interactive=\"core\/image\" class=\"wp-block-image alignleft size-large is-resized wp-lightbox-container\"><img loading=\"lazy\" decoding=\"async\" width=\"823\" height=\"1024\" data-wp-class--hide=\"state.isContentHidden\" data-wp-class--show=\"state.isContentVisible\" data-wp-init=\"callbacks.setButtonStyles\" data-wp-on-async--click=\"actions.showLightbox\" data-wp-on-async--load=\"callbacks.setButtonStyles\" data-wp-on-async-window--resize=\"callbacks.setButtonStyles\" data-src=\"https:\/\/turismocoria.es\/turismo\/wp-content\/uploads\/2024\/05\/san-juan-en-el-comercio-24-823x1024.jpg\" alt=\"\" class=\"wp-image-12464 lazyload\" style=\"--smush-placeholder-width: 823px; --smush-placeholder-aspect-ratio: 823\/1024;width:305px;height:auto\" data-srcset=\"https:\/\/turismocoria.es\/turismo\/wp-content\/uploads\/2024\/05\/san-juan-en-el-comercio-24-823x1024.jpg 823w, https:\/\/turismocoria.es\/turismo\/wp-content\/uploads\/2024\/05\/san-juan-en-el-comercio-24-241x300.jpg 241w, https:\/\/turismocoria.es\/turismo\/wp-content\/uploads\/2024\/05\/san-juan-en-el-comercio-24-768x956.jpg 768w, https:\/\/turismocoria.es\/turismo\/wp-content\/uploads\/2024\/05\/san-juan-en-el-comercio-24-50x62.jpg 50w, https:\/\/turismocoria.es\/turismo\/wp-content\/uploads\/2024\/05\/san-juan-en-el-comercio-24-1234x1536.jpg 1234w, https:\/\/turismocoria.es\/turismo\/wp-content\/uploads\/2024\/05\/san-juan-en-el-comercio-24.jpg 1440w\" data-sizes=\"(max-width: 823px) 100vw, 823px\" src=\"data:image\/gif;base64,R0lGODlhAQABAAAAACH5BAEKAAEALAAAAAABAAEAAAICTAEAOw==\" \/><noscript><img loading=\"lazy\" decoding=\"async\" width=\"823\" height=\"1024\" data-wp-class--hide=\"state.isContentHidden\" data-wp-class--show=\"state.isContentVisible\" data-wp-init=\"callbacks.setButtonStyles\" data-wp-on-async--click=\"actions.showLightbox\" data-wp-on-async--load=\"callbacks.setButtonStyles\" data-wp-on-async-window--resize=\"callbacks.setButtonStyles\" src=\"https:\/\/turismocoria.es\/turismo\/wp-content\/uploads\/2024\/05\/san-juan-en-el-comercio-24-823x1024.jpg\" alt=\"\" class=\"wp-image-12464\" style=\"width:305px;height:auto\" srcset=\"https:\/\/turismocoria.es\/turismo\/wp-content\/uploads\/2024\/05\/san-juan-en-el-comercio-24-823x1024.jpg 823w, https:\/\/turismocoria.es\/turismo\/wp-content\/uploads\/2024\/05\/san-juan-en-el-comercio-24-241x300.jpg 241w, https:\/\/turismocoria.es\/turismo\/wp-content\/uploads\/2024\/05\/san-juan-en-el-comercio-24-768x956.jpg 768w, https:\/\/turismocoria.es\/turismo\/wp-content\/uploads\/2024\/05\/san-juan-en-el-comercio-24-50x62.jpg 50w, https:\/\/turismocoria.es\/turismo\/wp-content\/uploads\/2024\/05\/san-juan-en-el-comercio-24-1234x1536.jpg 1234w, https:\/\/turismocoria.es\/turismo\/wp-content\/uploads\/2024\/05\/san-juan-en-el-comercio-24.jpg 1440w\" sizes=\"(max-width: 823px) 100vw, 823px\" \/><\/noscript><button\n\t\t\tclass=\"lightbox-trigger\"\n\t\t\ttype=\"button\"\n\t\t\taria-haspopup=\"dialog\"\n\t\t\taria-label=\"Ampliar la imagen\"\n\t\t\tdata-wp-init=\"callbacks.initTriggerButton\"\n\t\t\tdata-wp-on-async--click=\"actions.showLightbox\"\n\t\t\tdata-wp-style--right=\"state.imageButtonRight\"\n\t\t\tdata-wp-style--top=\"state.imageButtonTop\"\n\t\t>\n\t\t\t<svg xmlns=\"http:\/\/www.w3.org\/2000\/svg\" width=\"12\" height=\"12\" fill=\"none\" viewBox=\"0 0 12 12\">\n\t\t\t\t<path fill=\"#fff\" d=\"M2 0a2 2 0 0 0-2 2v2h1.5V2a.5.5 0 0 1 .5-.5h2V0H2Zm2 10.5H2a.5.5 0 0 1-.5-.5V8H0v2a2 2 0 0 0 2 2h2v-1.5ZM8 12v-1.5h2a.5.5 0 0 0 .5-.5V8H12v2a2 2 0 0 1-2 2H8Zm2-12a2 2 0 0 1 2 2v2h-1.5V2a.5.5 0 0 0-.5-.5H8V0h2Z\" \/>\n\t\t\t<\/svg>\n\t\t<\/button><\/figure>\n\n\n\n<p>Una de las partes de la campa\u00f1a consistir\u00e1 en llevar a cabo diferentes sorteos semanales para todas aquellas personas que compren en el comercio de proximidad durante los d\u00edas 20 de mayo al 10 de junio. Los clientes deber\u00e1n rellenar el formulario con el n\u00ba de boleto que le entregue cada comercio participante. Los sorteos se realizar\u00e1n los d\u00edas 27 de mayo, 3 y 10 de junio a las 13:00h.<\/p>\n\n\n\n<p>Entre los regalos que entrar\u00e1n en el sorteo habr\u00e1 carros de compra valorados en 50\u20ac, conjuntos sanjuaneros de pa\u00f1uelo y faj\u00edn, entradas para ver los toros en San Juan, entradas para el Festival Internacional de Teatro, entradas para los conciertos del Festival Internacional de Guitarra, camisetas sanjuaneras y mochilas sanjuaneras.<\/p>\n\n\n\n<p>Adem\u00e1s, habr\u00e1 un Concurso de Escaparates Sanjuaneros organizado por ASECOC, con diploma y reconocimiento p\u00fablico mediante todos los canales de difusi\u00f3n de los que dispone la Asociaci\u00f3n para el establecimiento ganador.<\/p>\n\n\n\n<p>La Alcaldesa de Coria, Almudena Domingo, junto al Concejal de Desarrollo Local, Juan Manuel Guti\u00e9rrez, el Vocal de Comercio en ASECOC, Juan Ignacio Rodr\u00edguez y el Dinamizador Comercial, \u00c1ngel Corchero, animan a la ciudad de Coria a comprar en el comercio de proximidad durante estas semanas previas a las Fiestas de San Juan.<\/p>\n\n\n\n<p>Como novedad este a\u00f1o, cada establecimiento participante, repartir\u00e1 entre los primeros clientes que realicen sus primeras compras sanjuaneras, abanicos sanjuaneros con los colores t\u00edpicos de estas fiestas.<\/p>\n\n\n\n<p>Enlace con la web de los sorteos:<\/p>\n\n\n\n<figure class=\"wp-block-image size-large\"><a href=\"https:\/\/docs.google.com\/forms\/d\/e\/1FAIpQLSe5o8EyFIszuQmkQTF4uf62rol8hq78IssMZjd62XZJP2ycKA\/viewform\"><img loading=\"lazy\" decoding=\"async\" width=\"1024\" height=\"213\" data-src=\"https:\/\/turismocoria.es\/turismo\/wp-content\/uploads\/2024\/05\/banner-sorteos-1024x213.jpg\" alt=\"\" class=\"wp-image-12462 lazyload\" data-srcset=\"https:\/\/turismocoria.es\/turismo\/wp-content\/uploads\/2024\/05\/banner-sorteos-1024x213.jpg 1024w, https:\/\/turismocoria.es\/turismo\/wp-content\/uploads\/2024\/05\/banner-sorteos-300x63.jpg 300w, https:\/\/turismocoria.es\/turismo\/wp-content\/uploads\/2024\/05\/banner-sorteos-768x160.jpg 768w, https:\/\/turismocoria.es\/turismo\/wp-content\/uploads\/2024\/05\/banner-sorteos-50x10.jpg 50w, https:\/\/turismocoria.es\/turismo\/wp-content\/uploads\/2024\/05\/banner-sorteos-1600x333.jpg 1600w, https:\/\/turismocoria.es\/turismo\/wp-content\/uploads\/2024\/05\/banner-sorteos-1536x320.jpg 1536w, https:\/\/turismocoria.es\/turismo\/wp-content\/uploads\/2024\/05\/banner-sorteos.jpg 1920w\" data-sizes=\"(max-width: 1024px) 100vw, 1024px\" src=\"data:image\/gif;base64,R0lGODlhAQABAAAAACH5BAEKAAEALAAAAAABAAEAAAICTAEAOw==\" style=\"--smush-placeholder-width: 1024px; --smush-placeholder-aspect-ratio: 1024\/213;\" \/><noscript><img loading=\"lazy\" decoding=\"async\" width=\"1024\" height=\"213\" src=\"https:\/\/turismocoria.es\/turismo\/wp-content\/uploads\/2024\/05\/banner-sorteos-1024x213.jpg\" alt=\"\" class=\"wp-image-12462\" srcset=\"https:\/\/turismocoria.es\/turismo\/wp-content\/uploads\/2024\/05\/banner-sorteos-1024x213.jpg 1024w, https:\/\/turismocoria.es\/turismo\/wp-content\/uploads\/2024\/05\/banner-sorteos-300x63.jpg 300w, https:\/\/turismocoria.es\/turismo\/wp-content\/uploads\/2024\/05\/banner-sorteos-768x160.jpg 768w, https:\/\/turismocoria.es\/turismo\/wp-content\/uploads\/2024\/05\/banner-sorteos-50x10.jpg 50w, https:\/\/turismocoria.es\/turismo\/wp-content\/uploads\/2024\/05\/banner-sorteos-1600x333.jpg 1600w, https:\/\/turismocoria.es\/turismo\/wp-content\/uploads\/2024\/05\/banner-sorteos-1536x320.jpg 1536w, https:\/\/turismocoria.es\/turismo\/wp-content\/uploads\/2024\/05\/banner-sorteos.jpg 1920w\" sizes=\"(max-width: 1024px) 100vw, 1024px\" \/><\/noscript><\/a><\/figure>\n\n\n<div class=\"tribe-block tribe-block__event-price\">\n\t\t<\/div>\n\n\n<div class=\"tribe-block tribe-block__organizer__details tribe-clearfix\">\n\t<div class=\"tribe-block__organizer__title\">\n\t\t<h3><a href=\"https:\/\/turismocoria.es\/turismo\/organizer\/ayuntamiento-de-coria\/\" title=\"Ayuntamiento de Coria\" target=\"_self\" rel=\"\">Ayuntamiento de Coria<\/a><\/h3>\n\t<\/div>\n\t\t\t<\/div>\n\n\n<div class=\"tribe-block tribe-block__venue tribe-block__venue--has-map\">\n\t\n\t\t\n\t<\/div>\n\n\n\n\n\t<div class=\"tribe-block tribe-block__events-link\">\n\t\t<div class=\"tribe-events tribe-common\">\n\t\t\t<div class=\"tribe-events-c-subscribe-dropdown__container\">\n\t\t\t\t<div class=\"tribe-events-c-subscribe-dropdown\">\n\t\t\t\t\t<div class=\"tribe-common-c-btn-border tribe-events-c-subscribe-dropdown__button\" tabindex=\"0\">\n\t\t\t\t\t\t<svg  class=\"tribe-common-c-svgicon tribe-common-c-svgicon--cal-export tribe-events-c-subscribe-dropdown__export-icon\"  viewBox=\"0 0 23 17\" xmlns=\"http:\/\/www.w3.org\/2000\/svg\">\n  <path fill-rule=\"evenodd\" clip-rule=\"evenodd\" d=\"M.128.896V16.13c0 .211.145.383.323.383h15.354c.179 0 .323-.172.323-.383V.896c0-.212-.144-.383-.323-.383H.451C.273.513.128.684.128.896Zm16 6.742h-.901V4.679H1.009v10.729h14.218v-3.336h.901V7.638ZM1.01 1.614h14.218v2.058H1.009V1.614Z\" \/>\n  <path d=\"M20.5 9.846H8.312M18.524 6.953l2.89 2.909-2.855 2.855\" stroke-width=\"1.2\" stroke-linecap=\"round\" stroke-linejoin=\"round\"\/>\n<\/svg>\n\t\t\t\t\t\t<button class=\"tribe-events-c-subscribe-dropdown__button-text\">\n\t\t\t\t\t\t\tA\u00f1adir al calendario\t\t\t\t\t\t<\/button>\n\t\t\t\t\t\t<svg  class=\"tribe-common-c-svgicon tribe-common-c-svgicon--caret-down tribe-events-c-subscribe-dropdown__button-icon\"  viewBox=\"0 0 10 7\" xmlns=\"http:\/\/www.w3.org\/2000\/svg\"><path fill-rule=\"evenodd\" clip-rule=\"evenodd\" d=\"M1.008.609L5 4.6 8.992.61l.958.958L5 6.517.05 1.566l.958-.958z\" class=\"tribe-common-c-svgicon__svg-fill\"\/><\/svg>\n\t\t\t\t\t<\/div>\n\t\t\t\t\t<div class=\"tribe-events-c-subscribe-dropdown__content\">\n\t\t\t\t\t\t<ul class=\"tribe-events-c-subscribe-dropdown__list\" tabindex=\"0\">\n\t\t\t\t\t\t\t\t\t\t\t\t\t\t\t<li class=\"tribe-events-c-subscribe-dropdown__list-item\">\n\t\t\t\t\t\t\t\t\t<a\n\t\t\t\t\t\t\t\t\t\thref=\"https:\/\/www.google.com\/calendar\/event?action=TEMPLATE&#038;dates=20240520T000000\/20240610T235959&#038;text=San%20Juan%20en%20el%20Comercio%202024&#038;details=%3C%21--+wp%3Atribe%2Fevent-datetime+%2F--%3E%3C%21--+wp%3Aparagraph+--%3E%3Cp%3ECabe+recordar+que%2C+el+Ayuntamiento+de+Coria%2C+en+su+af%C3%A1n+por+apoyar+el+Comercio+Local%2C+vuelve+a+organizar%2C+desde+el+Departamento+de+Desarrollo+Local+y+Comercio%2C+una+iniciativa+interesante+para+fomentar+las+compras+con+motivo+de+las+Fiestas+de+San+Juan+que+se+celebran+del+23+al+29+de+junio.%3C%2Fp%3E%3C%21--+%2Fwp%3Aparagraph+--%3E%3C%21--+wp%3Aimage+%7B%22lightbox%22%3A%7B%22enabled%22%3Atrue%7D%2C%22id%22%3A12464%2C%22width%22%3A%22305px%22%2C%22height%22%3A%22auto%22%2C%22sizeSlug%22%3A%22large%22%2C%22linkDestination%22%3A%22none%22%2C%22align%22%3A%22left%22%7D+--%3E%3Cfigure+class%3D%22wp-block-image+alignleft+size-large+is-resized%22%3E%3Cimg+src%3D%22https%3A%2F%2Fturismocoria.es%2Fturismo%2Fwp-content%2Fuploads%2F2024%2F05%2Fsan-juan-en-el-comercio-24-823x1024.jpg%22+alt%3D%22%22+class%3D%22wp-image-12464%22+style%3D%22width%3A305px%3Bheight%3Aauto%22%2F%3E%3C%20(Ver%20aqu\u00ed%20la%20descripci\u00f3n%20completa%20de%20evento:%20https:\/\/turismocoria.es\/turismo\/evento\/san-juan-en-el-comercio-2024\/)&#038;trp=false&#038;ctz=Europe\/Madrid&#038;sprop=website:https:\/\/turismocoria.es\/turismo\"\n\t\t\t\t\t\t\t\t\t\tclass=\"tribe-events-c-subscribe-dropdown__list-item-link\"\n\t\t\t\t\t\t\t\t\t\ttabindex=\"0\"\n\t\t\t\t\t\t\t\t\t\ttarget=\"_blank\"\n\t\t\t\t\t\t\t\t\t\trel=\"noopener noreferrer nofollow noindex\"\n\t\t\t\t\t\t\t\t\t>\n\t\t\t\t\t\t\t\t\t\tGoogle Calendar\t\t\t\t\t\t\t\t\t<\/a>\n\t\t\t\t\t\t\t\t<\/li>\n\t\t\t\t\t\t\t\t\t\t\t\t\t\t\t<li class=\"tribe-events-c-subscribe-dropdown__list-item\">\n\t\t\t\t\t\t\t\t\t<a\n\t\t\t\t\t\t\t\t\t\thref=\"\"\n\t\t\t\t\t\t\t\t\t\tclass=\"tribe-events-c-subscribe-dropdown__list-item-link\"\n\t\t\t\t\t\t\t\t\t\ttabindex=\"0\"\n\t\t\t\t\t\t\t\t\t\ttarget=\"_blank\"\n\t\t\t\t\t\t\t\t\t\trel=\"noopener noreferrer nofollow noindex\"\n\t\t\t\t\t\t\t\t\t>\n\t\t\t\t\t\t\t\t\t\tiCalendar\t\t\t\t\t\t\t\t\t<\/a>\n\t\t\t\t\t\t\t\t<\/li>\n\t\t\t\t\t\t\t\t\t\t\t\t\t\t\t<li class=\"tribe-events-c-subscribe-dropdown__list-item\">\n\t\t\t\t\t\t\t\t\t<a\n\t\t\t\t\t\t\t\t\t\thref=\"\"\n\t\t\t\t\t\t\t\t\t\tclass=\"tribe-events-c-subscribe-dropdown__list-item-link\"\n\t\t\t\t\t\t\t\t\t\ttabindex=\"0\"\n\t\t\t\t\t\t\t\t\t\ttarget=\"_blank\"\n\t\t\t\t\t\t\t\t\t\trel=\"noopener noreferrer nofollow noindex\"\n\t\t\t\t\t\t\t\t\t>\n\t\t\t\t\t\t\t\t\t\tOutlook 365\t\t\t\t\t\t\t\t\t<\/a>\n\t\t\t\t\t\t\t\t<\/li>\n\t\t\t\t\t\t\t\t\t\t\t\t\t\t\t<li class=\"tribe-events-c-subscribe-dropdown__list-item\">\n\t\t\t\t\t\t\t\t\t<a\n\t\t\t\t\t\t\t\t\t\thref=\"\"\n\t\t\t\t\t\t\t\t\t\tclass=\"tribe-events-c-subscribe-dropdown__list-item-link\"\n\t\t\t\t\t\t\t\t\t\ttabindex=\"0\"\n\t\t\t\t\t\t\t\t\t\ttarget=\"_blank\"\n\t\t\t\t\t\t\t\t\t\trel=\"noopener noreferrer nofollow noindex\"\n\t\t\t\t\t\t\t\t\t>\n\t\t\t\t\t\t\t\t\t\tOutlook Live\t\t\t\t\t\t\t\t\t<\/a>\n\t\t\t\t\t\t\t\t<\/li>\n\t\t\t\t\t\t\t\t\t\t\t\t\t<\/ul>\n\t\t\t\t\t<\/div>\n\t\t\t\t<\/div>\n\t\t\t<\/div>\n\t\t<\/div>\n\t<\/div>\n\n","protected":false},"excerpt":{"rendered":"<p>Cabe recordar que, el Ayuntamiento de Coria, en su af\u00e1n por apoyar el Comercio Local, vuelve a organizar, desde el Departamento de Desarrollo Local y Comercio, una iniciativa interesante para fomentar las compras con motivo de las Fiestas de San Juan que se celebran del 23 al 29 de junio. Una de las partes de [&hellip;]<\/p>\n","protected":false},"author":3,"featured_media":12464,"comment_status":"closed","ping_status":"closed","template":"","meta":{"_uag_custom_page_level_css":"","site-sidebar-layout":"default","site-content-layout":"","ast-site-content-layout":"default","site-content-style":"default","site-sidebar-style":"default","ast-global-header-display":"","ast-banner-title-visibility":"","ast-main-header-display":"","ast-hfb-above-header-display":"","ast-hfb-below-header-display":"","ast-hfb-mobile-header-display":"","site-post-title":"","ast-breadcrumbs-content":"","ast-featured-img":"","footer-sml-layout":"","theme-transparent-header-meta":"","adv-header-id-meta":"","stick-header-meta":"","header-above-stick-meta":"","header-main-stick-meta":"","header-below-stick-meta":"","astra-migrate-meta-layouts":"set","ast-page-background-enabled":"default","ast-page-background-meta":{"desktop":{"background-color":"","background-image":"","background-repeat":"repeat","background-position":"center center","background-size":"auto","background-attachment":"scroll","background-type":"","background-media":"","overlay-type":"","overlay-color":"","overlay-opacity":"","overlay-gradient":""},"tablet":{"background-color":"","background-image":"","background-repeat":"repeat","background-position":"center center","background-size":"auto","background-attachment":"scroll","background-type":"","background-media":"","overlay-type":"","overlay-color":"","overlay-opacity":"","overlay-gradient":""},"mobile":{"background-color":"","background-image":"","background-repeat":"repeat","background-position":"center center","background-size":"auto","background-attachment":"scroll","background-type":"","background-media":"","overlay-type":"","overlay-color":"","overlay-opacity":"","overlay-gradient":""}},"ast-content-background-meta":{"desktop":{"background-color":"var(--ast-global-color-5)","background-image":"","background-repeat":"repeat","background-position":"center center","background-size":"auto","background-attachment":"scroll","background-type":"","background-media":"","overlay-type":"","overlay-color":"","overlay-opacity":"","overlay-gradient":""},"tablet":{"background-color":"var(--ast-global-color-5)","background-image":"","background-repeat":"repeat","background-position":"center center","background-size":"auto","background-attachment":"scroll","background-type":"","background-media":"","overlay-type":"","overlay-color":"","overlay-opacity":"","overlay-gradient":""},"mobile":{"background-color":"var(--ast-global-color-5)","background-image":"","background-repeat":"repeat","background-position":"center center","background-size":"auto","background-attachment":"scroll","background-type":"","background-media":"","overlay-type":"","overlay-color":"","overlay-opacity":"","overlay-gradient":""}},"_EventAllDay":true,"_EventTimezone":"Europe\/Madrid","_EventStartDate":"2024-05-20 00:00:00","_EventEndDate":"2024-06-10 23:59:59","_EventStartDateUTC":"2024-05-19 22:00:00","_EventEndDateUTC":"2024-06-10 21:59:59","_EventShowMap":true,"_EventShowMapLink":true,"_EventURL":"","_EventCost":"","_EventCostDescription":"","_EventCurrencySymbol":"\u20ac","_EventCurrencyCode":"EUR","_EventCurrencyPosition":"suffix","_EventDateTimeSeparator":"-","_EventTimeRangeSeparator":" - ","_EventOrganizerID":[11943],"_EventVenueID":0,"_OrganizerEmail":"","_OrganizerPhone":"","_OrganizerWebsite":"","_VenueAddress":"","_VenueCity":"","_VenueCountry":"","_VenueProvince":"","_VenueZip":"","_VenuePhone":"","_VenueURL":"","_VenueStateProvince":"","_VenueLat":"","_VenueLng":"","_tribe_events_status":"","_tribe_events_status_reason":"","footnotes":""},"tags":[],"tribe_events_cat":[],"class_list":["post-12461","tribe_events","type-tribe_events","status-publish","has-post-thumbnail","hentry"],"uagb_featured_image_src":{"full":["https:\/\/turismocoria.es\/turismo\/wp-content\/uploads\/2024\/05\/san-juan-en-el-comercio-24.jpg",1440,1792,false],"thumbnail":["https:\/\/turismocoria.es\/turismo\/wp-content\/uploads\/2024\/05\/san-juan-en-el-comercio-24-150x150.jpg",150,150,true],"medium":["https:\/\/turismocoria.es\/turismo\/wp-content\/uploads\/2024\/05\/san-juan-en-el-comercio-24-241x300.jpg",241,300,true],"medium_large":["https:\/\/turismocoria.es\/turismo\/wp-content\/uploads\/2024\/05\/san-juan-en-el-comercio-24-768x956.jpg",768,956,true],"large":["https:\/\/turismocoria.es\/turismo\/wp-content\/uploads\/2024\/05\/san-juan-en-el-comercio-24-823x1024.jpg",823,1024,true],"gs-tiny":["https:\/\/turismocoria.es\/turismo\/wp-content\/uploads\/2024\/05\/san-juan-en-el-comercio-24-50x62.jpg",50,62,true],"xl":["https:\/\/turismocoria.es\/turismo\/wp-content\/uploads\/2024\/05\/san-juan-en-el-comercio-24.jpg",1440,1792,false],"xxl":["https:\/\/turismocoria.es\/turismo\/wp-content\/uploads\/2024\/05\/san-juan-en-el-comercio-24.jpg",1440,1792,false],"xxxl":["https:\/\/turismocoria.es\/turismo\/wp-content\/uploads\/2024\/05\/san-juan-en-el-comercio-24.jpg",1440,1792,false],"xxxxl":["https:\/\/turismocoria.es\/turismo\/wp-content\/uploads\/2024\/05\/san-juan-en-el-comercio-24.jpg",1440,1792,false],"xxxxxl":["https:\/\/turismocoria.es\/turismo\/wp-content\/uploads\/2024\/05\/san-juan-en-el-comercio-24.jpg",1440,1792,false],"1536x1536":["https:\/\/turismocoria.es\/turismo\/wp-content\/uploads\/2024\/05\/san-juan-en-el-comercio-24-1234x1536.jpg",1234,1536,true],"2048x2048":["https:\/\/turismocoria.es\/turismo\/wp-content\/uploads\/2024\/05\/san-juan-en-el-comercio-24.jpg",1440,1792,false],"ultp_layout_landscape_large":["https:\/\/turismocoria.es\/turismo\/wp-content\/uploads\/2024\/05\/san-juan-en-el-comercio-24-1200x800.jpg",1200,800,true],"ultp_layout_landscape":["https:\/\/turismocoria.es\/turismo\/wp-content\/uploads\/2024\/05\/san-juan-en-el-comercio-24-870x570.jpg",870,570,true],"ultp_layout_portrait":["https:\/\/turismocoria.es\/turismo\/wp-content\/uploads\/2024\/05\/san-juan-en-el-comercio-24-600x900.jpg",600,900,true],"ultp_layout_square":["https:\/\/turismocoria.es\/turismo\/wp-content\/uploads\/2024\/05\/san-juan-en-el-comercio-24-600x600.jpg",600,600,true],"gb-block-post-grid-landscape":["https:\/\/turismocoria.es\/turismo\/wp-content\/uploads\/2024\/05\/san-juan-en-el-comercio-24-600x400.jpg",600,400,true],"gb-block-post-grid-square":["https:\/\/turismocoria.es\/turismo\/wp-content\/uploads\/2024\/05\/san-juan-en-el-comercio-24-600x600.jpg",600,600,true]},"uagb_author_info":{"display_name":"adolfo","author_link":"https:\/\/turismocoria.es\/turismo\/author\/adolfo\/"},"uagb_comment_info":0,"uagb_excerpt":"Cabe recordar que, el Ayuntamiento de Coria, en su af\u00e1n por apoyar el Comercio Local, vuelve a organizar, desde el Departamento de Desarrollo Local y Comercio, una iniciativa interesante para fomentar las compras con motivo de las Fiestas de San Juan que se celebran del 23 al 29 de junio. Una de las partes de&hellip;","_links":{"self":[{"href":"https:\/\/turismocoria.es\/turismo\/wp-json\/wp\/v2\/tribe_events\/12461"}],"collection":[{"href":"https:\/\/turismocoria.es\/turismo\/wp-json\/wp\/v2\/tribe_events"}],"about":[{"href":"https:\/\/turismocoria.es\/turismo\/wp-json\/wp\/v2\/types\/tribe_events"}],"author":[{"embeddable":true,"href":"https:\/\/turismocoria.es\/turismo\/wp-json\/wp\/v2\/users\/3"}],"replies":[{"embeddable":true,"href":"https:\/\/turismocoria.es\/turismo\/wp-json\/wp\/v2\/comments?post=12461"}],"version-history":[{"count":2,"href":"https:\/\/turismocoria.es\/turismo\/wp-json\/wp\/v2\/tribe_events\/12461\/revisions"}],"predecessor-version":[{"id":12465,"href":"https:\/\/turismocoria.es\/turismo\/wp-json\/wp\/v2\/tribe_events\/12461\/revisions\/12465"}],"wp:featuredmedia":[{"embeddable":true,"href":"https:\/\/turismocoria.es\/turismo\/wp-json\/wp\/v2\/media\/12464"}],"wp:attachment":[{"href":"https:\/\/turismocoria.es\/turismo\/wp-json\/wp\/v2\/media?parent=12461"}],"wp:term":[{"taxonomy":"post_tag","embeddable":true,"href":"https:\/\/turismocoria.es\/turismo\/wp-json\/wp\/v2\/tags?post=12461"},{"taxonomy":"tribe_events_cat","embeddable":true,"href":"https:\/\/turismocoria.es\/turismo\/wp-json\/wp\/v2\/tribe_events_cat?post=12461"}],"curies":[{"name":"wp","href":"https:\/\/api.w.org\/{rel}","templated":true}]}}