{"id":12422,"date":"2024-05-06T14:02:00","date_gmt":"2024-05-06T12:02:00","guid":{"rendered":"https:\/\/turismocoria.es\/turismo\/?post_type=tribe_events&#038;p=12422"},"modified":"2024-05-06T14:06:36","modified_gmt":"2024-05-06T12:06:36","slug":"fiesta-de-ntra-sra-virgen-de-argeme-2024","status":"publish","type":"tribe_events","link":"https:\/\/turismocoria.es\/turismo\/evento\/fiesta-de-ntra-sra-virgen-de-argeme-2024\/","title":{"rendered":"Fiesta de Ntra. Sra. Virgen de Argeme 2024"},"content":{"rendered":"<div class=\"tribe-events-schedule tribe-clearfix\">\n\t<h2 class=\"tribe-events-schedule__datetime\">\n\t\t<span class=\"tribe-events-schedule__date tribe-events-schedule__date--start\">\n\t\t\t27 04 2024\t\t<\/span>\n\n\t\t\t\t\t<span class=\"tribe-events-schedule__separator tribe-events-schedule__separator--date\">\n\t\t\t\t&#8211;\t\t\t<\/span>\n\t\t\t<span class=\"tribe-events-schedule__time tribe-events-schedule__time--start\">\n\t\t\t\t20:00\t\t\t<\/span>\n\t\t\n\t\t\t\t\t\t\t\t\t<span class=\"tribe-events-schedule__separator tribe-events-schedule__separator--time\">\n\t\t\t\t\t &#8211; \t\t\t\t<\/span>\n\t\t\t\n\t\t\t\t\t\t\t<span class=\"tribe-events-schedule__date tribe-events-schedule__date--end\">\n\t\t\t\t\t13 05 2024\t\t\t\t<\/span>\n\n\t\t\t\t\t\t\t\t\t<span class=\"tribe-events-schedule__separator tribe-events-schedule__separator--date\">\n\t\t\t\t\t\t&#8211;\t\t\t\t\t<\/span>\n\t\t\t\t\t<span class=\"tribe-events-schedule__time tribe-events-schedule__time--end\">\n\t\t\t\t\t\t12:00\t\t\t\t\t<\/span>\n\t\t\t\t\n\t\t\t\n\t\t\t\t\t\t<\/h2>\n<\/div>\n\n\n\n<p><strong>D\u00cdA 27 DE ABRIL, S\u00c1BADO. PREG\u00d3N<\/strong><\/p>\n\n\n\n<p>. A las 20:00 horas en la S.I. Catedral Santa Mar\u00eda de la Asunci\u00f3n, preg\u00f3n a cargo de Excma. Sra. D\u00f1a. Mar\u00eda F\u00e9lix Tena Arag\u00f3n.<br>. Preside el Excmo. y Rvdmo. Sr. Obispo de la Di\u00f3cesis, D. Jes\u00fas Pulido Arriero.<br>. Presentaci\u00f3n de la pregonera: D\u00f1a. M2 Amparo Ech\u00e1varri Rodr\u00edguez. . Intermedios musicales a cargo de D\u00f1a. M2 Carmen Tovar de la Rosa y D\u00f1a. Noelia Bueso Almendros.<\/p>\n\n\n\n<p><strong>D\u00cdA 2 DE MAYO, JUEVES. LLEGADA DE LA VIRGEN A CORIA<\/strong><\/p>\n\n\n\n<p>. Salida del Santuario a las 17:30 horas<br>. Ameniza el trayecto el tamborilero Alejandro Garc\u00eda.<br>. Alas 20:00 horas, recibimiento del Excmo. Ayuntamiento de Coria en el Camino de la Virgen; del Ilmo. Cabildo Catedral y Obispo Diocesano en la Puerta del Carmen a las 20:30 horas y del pueblo, en la Plaza de la CatedraI.<br>. Actuar\u00e1 la Banda de m\u00fasica de la Excma. Diputaci\u00f3n de C\u00e1ceres.<br>NOTA: la Cofrad\u00eda de la Stma. Virgen de Argeme invita al vecindario a engalanar toda la ciudad.<\/p>\n\n\n\n<p><strong>DEL 3 DE MAYO AL 11 DE MAYO<\/strong><\/p>\n\n\n\n<p>Solemne Novenario Capitular en la S.I. Catedral de Coria \u201cSanta Mar\u00eda de la Asunci\u00f3n\u201d, tributado a nuestra Excelsa Patrona por el llmo. Cabildo, Cofrad\u00eda y ciudad de Coria. Predica el Ilmo. Mons. Juan Miguel Ferrer Gresneche, Can\u00f3nigo de la Catedral Primada de Toledo.<\/p>\n\n\n\n<p><strong>D\u00cdA 3 DE MAYO, VIERNES<\/strong><\/p>\n\n\n\n<p>. 07:00 horas. Rosario y misa de alba, oficiada por el M.I. Sr. D. Juli\u00e1n Carlos P\u00e9rez Dom\u00ednguez.<br>. 10:00 horas. Ofrecimiento del Colegio Zurbar\u00e1n. Oficiado por el M.I. Sr. D. Roberto Chaves Camp\u00f3n.<br>. 12:30 horas. Ofrecimiento del Hogar del Pensionista. Oficiado por el M.I. Sr. D. Roberto Chaves Camp\u00f3n.<br>. 20:00 horas. Novena y misa solemne capitular.<\/p>\n\n\n\n<p><strong>D\u00cdA 4 DE MAYO, S\u00c1BADO<\/strong><\/p>\n\n\n\n<p>. 07:00 horas. Rosario y misa de alba. Oficiada por el M.I. Sr. D. Roberto Rodr\u00edguez Santib\u00e1\u00f1ez.<br>. 13:00 horas. Misa.<br>. 17:00 horas. Ofrecimiento de la Asociaci\u00f3n de Mujeres de Coria, Oficiado por el M. Sr. D.Roberto Chaves Camp\u00f3n.<br>. 18:00 horas. Comuniones. Oficiada por el M.I. Sr. D.Roberto Chaves Camp\u00f3n.<br>. 20:00 horas. Novena y misa solemne capitular, actuar\u00e1 el Coro de C\u00e1mara Ars Nova de Plasencia.<\/p>\n\n\n\n<p><strong>D\u00cdA 5 DE MAYO, DOMINGO<\/strong><\/p>\n\n\n\n<p>. 07:00 horas. Rosario y misa de alba. Oficiada por M.I. Sr. D. Roberto Chaves Camp\u00f3n. . 12:00 horas. Comuniones. Oficiadas por el M.I. Sr. D. Roberto Chaves Camp\u00f3n. .20:00 horas. Novena y misa solemne capitular.<\/p>\n\n\n\n<p><strong>D\u00cdA 6 DE MAYO, LUNES<\/strong><\/p>\n\n\n\n<p>. 07:00 horas. Rosario y misa de alba. Oficiada por el M.I. Sr. D. \u00c1ngel David Mart\u00edn Rubio.<br>. 10:00 horas. Ofrecimiento del Colegio Camilo Hern\u00e1ndez. Oficiado por el M.I. Sr. D. Roberto Rodr\u00edguez Santib\u00e1\u00f1ez.<br>. 12:00 hrs. Ofrecimiento del Colegio Virgen de Argeme. Oficiado por el M.I. Sr. D. Roberto Rodr\u00edguez Santib\u00e1\u00f1ez.<br>. 13:20 horas. Ofrecimiento del 1.E.S. Caurium. Oficiado por el M.I. Sr. D. Roberto Rodr\u00edguez Santib\u00e1\u00f1ez.<br>. 20:00 horas: Novena y misa solemne capitular.<\/p>\n\n\n\n<p><strong>D\u00cdA 7 DE MAYO, MARTES<\/strong><\/p>\n\n\n\n<p>. 07:00 horas. Rosario y misa de alba. Oficiada por el M.I. Sr. D. Juli\u00e1n Carlos P\u00e9rez Dom\u00ednguez.<br>. 10:00 horas. Ofrecimiento del Colegio Sagrado Coraz\u00f3n. Oficiado por el Ilmo. Mons. Juan Miguel Ferrer Grenesche, predicador de la novena.<br>. 12:00 horas. Ofrecimiento del Colegio Sagrado Coraz\u00f3n. Oficiado por el limo. Mons. Juan Miguel Ferrer Gresnesche, predicador de la novena.<br>. 18:00 horas. Presentaci\u00f3n a la Virgen de los Ni\u00f1os nacidos este \u00faltimo a\u00f1o. Oficiado por el M.I. Sr. D. Roberto Rodr\u00edguez Santib\u00e1\u00f1ez.<br>. 20:00 horas. Novena y misa solemne capitular.<\/p>\n\n\n\n<p><strong>D\u00cdA 8 DE MAYO, MI\u00c9RCOLES<\/strong><\/p>\n\n\n\n<p>. 07:00 horas. Rosario y misa de alba. Oficiada por el M.I. Sr. D. Roberto Chaves Camp\u00f3n.<br>. 18:30 horas. Ofrecimiento de AXPAY. Oficiado por el M.I. Sr. D. Roberto Rodr\u00edguez Santib\u00e1\u00f1ez.<br>. 20:00 horas. Novena y misa solemne capitular.<\/p>\n\n\n\n<p><strong>D\u00cdA 9 DE MAYO, JUEVES<\/strong><\/p>\n\n\n\n<p>. 07:00 horas. Rosario y misa de alba. Oficiada por el M.I. Sr. D. Roberto Rodr\u00edguez Santib\u00e1\u00f1ez.<br>. 18:00 horas. Imposici\u00f3n de medallas a los nuevos cofrades. Oficiado por el M.I. Sr. D. Roberto Rodr\u00edguez Santib\u00e1\u00f1ez.<br>. 20:00 horas. Novena y misa solemne capitular.<br>. 21:30 horas. Vigilia de Adoraci\u00f3n Nocturna. Oficiada por el M.I. Sr. D. Roberto Chaves Camp\u00f3n.<\/p>\n\n\n\n<p><strong>D\u00cdA 10 DE MAYO, VIERNES<\/strong><\/p>\n\n\n\n<p>. 07:00 horas. Rosario y misa de alba. Oficiada por el M.I. Sr. D. Roberto Chaves Camp\u00f3n.<br>. 10:00 horas. Celebraci\u00f3n comunitaria de la Unci\u00f3n de enfermos y ofrecimiento de las Residencias de Ancianos; La Inmaculada, San Nicolas de Bari, Residencia de Mayores de Coria y el 1.E.S. Alag\u00f3n. Oficiado por M.II. Sr. D. Roberto Chaves Camp\u00f3n.<br>. 12:30 horas. Ofrecimiento de las Argemes. Oficiado por M.I. Sr. D. Roberto Chaves Camp\u00f3n.<br>. 18:00 horas. Ofrecimiento de la Asociaci\u00f3n de Caballistas. Oficiado por M.I. Sr. D. Roberto Rodr\u00edguez Santib\u00e1\u00f1ez.<br>. 20:00 horas. Novena y misa solemne capitular.<\/p>\n\n\n\n<p><strong>D\u00cdA 11 DE MAYO, S\u00c1BADO<\/strong><\/p>\n\n\n\n<p>. 07:00 horas. Rosario y misa de alba. Oficiada por el M.I. Sr. D. Mario Javier M\u00e9ndez Ramos. A partir de la misa, comienza el besamanto ininterrumpidamente hasta las 19:00 horas.<br>. 20:00 horas. Novena y misa solemne capitular.<br>. 24:00 horas. Ronda de Acapulpa y Salve de las luces. Oficiada por el M.I. Sr. D. Roberto Rodr\u00edguez Santib\u00e1\u00f1ez.<\/p>\n\n\n\n<p><strong>D\u00cdA 12 DE MAYO, DOMINGO. FIESTA DE LA STMA. VIRGEN DE ARGEME<\/strong><\/p>\n\n\n\n<p>. 07:00 horas. Rosario y misa de alba. Oficiada por M.I. Sr. D. Juli\u00e1n Carlos P\u00e9rez Dom\u00ednguez. Despu\u00e9s del rosario se cerrar\u00e1 la S.I. Catedral de Coria \u201cSanta Mar\u00eda de la Asunci\u00f3n\u201d, hasta las 12:00 horas.<\/p>\n\n\n\n<p>. 18:00 horas. Solemne Eucarist\u00eda. Presidida por el Excmo. y Rvdmo. Sr. D. Jes\u00fas Pulido Arriero, Obispo de la Di\u00f3cesis. Durante la Misa actuar\u00e1 el Coro \u201cTom\u00e1s Luis de Victoria\u201d de la Universidad Pontificia de Salamanca. A continuaci\u00f3n, Procesi\u00f3n por el recorrido tradicional, con asistencia del Excmo. y Rvdmo. Sr. D. Jes\u00fas Pulido Arriero, llmo. Cabildo, clero, autoridades, cofrad\u00edas, asociaciones y fieles. \u00abEn la puerta de la Catedral el grupo de Coros y Danzas \u201cSavia Viva\u201d de Coria, le ofrece a la Patrona bailes regionales.<\/p>\n\n\n\n<p>. Portar\u00e1n las andas los Hermanos de carga.<\/p>\n\n\n\n<p>. Actuar\u00e1 la Banda de M\u00fasica de la Diputaci\u00f3n de C\u00e1ceres.<\/p>\n\n\n\n<p>. La Cofrad\u00eda, invita a todo aquel que lo desee, a participar en la procesi\u00f3n vistiendo traje regional o la tradicional mantilla espa\u00f1ola.<\/p>\n\n\n\n<p><strong>D\u00cdA 13 DE MAYO, LUNES. ROMER\u00cdA<\/strong><\/p>\n\n\n\n<p>. 07:00 horas. Rosario y misa de alba. Oficiada por el M.I. Sr. D. Roberto Rodr\u00edguez Santib\u00e1\u00f1ez. A continuaci\u00f3n, regreso de la Stma. Virgen de Argeme a su Santuario.<br>. 12:00 horas. Misa de campa\u00f1a presidida por el Excmo. y Rvdmo. Sr. D. Jes\u00fas Pulido Arriero, Obispo de la Di\u00f3cesis. A continuaci\u00f3n, procesi\u00f3n, besamanto y subida al camar\u00edn.<\/p>\n\n\n\n<p><strong>D\u00cdA 20 DE MAYO, LUNES. LXVIIl ANIVERSARIO DE LA CORONACI\u00d3N CAN\u00d3NICA<\/strong><\/p>\n\n\n\n<p>. 18:45 horas. Rosario, misa y besamanto. Oficiada por el M.I. Sr. D. Roberto Rodr\u00edguez Santib\u00e1\u00f1ez. Rector del santuario.<\/p>\n\n\n\t\t\t\t\t<div\n\t\t\t\t\t\tclass=\"wp-block-uagb-image-gallery uagb-block-92807b0d     \"\n\t\t\t\t\t\tstyle=\"\"\n\t\t\t\t\t>\n\t\t\t\t\t\t\t\t\t\t\t<div class=\"spectra-image-gallery spectra-image-gallery__layout--grid spectra-image-gallery__layout--grid-col-3 spectra-image-gallery__layout--grid-col-tab-3 spectra-image-gallery__layout--grid-col-mob-2\">\n\t\t\t\t\t\t\t\t\t\t\t<div class='spectra-image-gallery__media-wrapper' data-spectra-gallery-image-id='12430' tabindex=\"0\">\n\t\t\t\t\t\t\t<div class=\"spectra-image-gallery__media spectra-image-gallery__media--grid\">\n\t\t\t\t<picture>\n\t\t\t\t\t<source media=\"(min-width: 1024px)\" data-srcset=\"https:\/\/turismocoria.es\/turismo\/wp-content\/uploads\/2024\/05\/programa-argeme1-530x1024.jpg\">\n\t\t\t\t\t<source media=\"(min-width: 768px)\" data-srcset=\"https:\/\/turismocoria.es\/turismo\/wp-content\/uploads\/2024\/05\/programa-argeme1-530x1024.jpg\">\n\t\t\t\t\t<img decoding=\"async\" class=\"spectra-image-gallery__media-thumbnail spectra-image-gallery__media-thumbnail--grid lazyload\" data-src=\"https:\/\/turismocoria.es\/turismo\/wp-content\/uploads\/2024\/05\/programa-argeme1-155x300.jpg\" alt=\"\" loading=\"lazy\" src=\"data:image\/gif;base64,R0lGODlhAQABAAAAACH5BAEKAAEALAAAAAABAAEAAAICTAEAOw==\" style=\"--smush-placeholder-width: 155px; --smush-placeholder-aspect-ratio: 155\/300;\" \/><noscript><img decoding=\"async\" class=\"spectra-image-gallery__media-thumbnail spectra-image-gallery__media-thumbnail--grid\" src=\"https:\/\/turismocoria.es\/turismo\/wp-content\/uploads\/2024\/05\/programa-argeme1-155x300.jpg\" alt=\"\" loading=\"lazy\" \/><\/noscript>\n\t\t\t\t<\/picture>\n\t\t\t\t<div class=\"spectra-image-gallery__media-thumbnail-blurrer\"><\/div>\n\t\t\t\t\t\t\t\t\t\t\t<div class=\"spectra-image-gallery__media-thumbnail-caption-wrapper spectra-image-gallery__media-thumbnail-caption-wrapper--overlay\">\n\t\t\t\t\t\t\t\t\t\t\t<div class=\"spectra-image-gallery__media-thumbnail-caption spectra-image-gallery__media-thumbnail-caption--overlay\">\n\t\t\t\t\tNo Caption\t\t\t\t<\/div>\n\t\t\t\t\t\t\t\t\t\t<\/div>\n\t\t\t\t\t\t\t\t\t<\/div>\n\t\t\t\t\t\t<\/div>\n\t\t\t\t\t\t<div class='spectra-image-gallery__media-wrapper' data-spectra-gallery-image-id='12427' tabindex=\"0\">\n\t\t\t\t\t\t\t<div class=\"spectra-image-gallery__media spectra-image-gallery__media--grid\">\n\t\t\t\t<picture>\n\t\t\t\t\t<source media=\"(min-width: 1024px)\" data-srcset=\"https:\/\/turismocoria.es\/turismo\/wp-content\/uploads\/2024\/05\/programa-argeme2-512x1024.jpg\">\n\t\t\t\t\t<source media=\"(min-width: 768px)\" data-srcset=\"https:\/\/turismocoria.es\/turismo\/wp-content\/uploads\/2024\/05\/programa-argeme2-512x1024.jpg\">\n\t\t\t\t\t<img decoding=\"async\" class=\"spectra-image-gallery__media-thumbnail spectra-image-gallery__media-thumbnail--grid lazyload\" data-src=\"https:\/\/turismocoria.es\/turismo\/wp-content\/uploads\/2024\/05\/programa-argeme2-150x300.jpg\" alt=\"\" loading=\"lazy\" src=\"data:image\/gif;base64,R0lGODlhAQABAAAAACH5BAEKAAEALAAAAAABAAEAAAICTAEAOw==\" style=\"--smush-placeholder-width: 150px; --smush-placeholder-aspect-ratio: 150\/300;\" \/><noscript><img decoding=\"async\" class=\"spectra-image-gallery__media-thumbnail spectra-image-gallery__media-thumbnail--grid\" src=\"https:\/\/turismocoria.es\/turismo\/wp-content\/uploads\/2024\/05\/programa-argeme2-150x300.jpg\" alt=\"\" loading=\"lazy\" \/><\/noscript>\n\t\t\t\t<\/picture>\n\t\t\t\t<div class=\"spectra-image-gallery__media-thumbnail-blurrer\"><\/div>\n\t\t\t\t\t\t\t\t\t\t\t<div class=\"spectra-image-gallery__media-thumbnail-caption-wrapper spectra-image-gallery__media-thumbnail-caption-wrapper--overlay\">\n\t\t\t\t\t\t\t\t\t\t\t<div class=\"spectra-image-gallery__media-thumbnail-caption spectra-image-gallery__media-thumbnail-caption--overlay\">\n\t\t\t\t\tNo Caption\t\t\t\t<\/div>\n\t\t\t\t\t\t\t\t\t\t<\/div>\n\t\t\t\t\t\t\t\t\t<\/div>\n\t\t\t\t\t\t<\/div>\n\t\t\t\t\t\t<div class='spectra-image-gallery__media-wrapper' data-spectra-gallery-image-id='12426' tabindex=\"0\">\n\t\t\t\t\t\t\t<div class=\"spectra-image-gallery__media spectra-image-gallery__media--grid\">\n\t\t\t\t<picture>\n\t\t\t\t\t<source media=\"(min-width: 1024px)\" data-srcset=\"https:\/\/turismocoria.es\/turismo\/wp-content\/uploads\/2024\/05\/programa-argeme3-503x1024.jpg\">\n\t\t\t\t\t<source media=\"(min-width: 768px)\" data-srcset=\"https:\/\/turismocoria.es\/turismo\/wp-content\/uploads\/2024\/05\/programa-argeme3-503x1024.jpg\">\n\t\t\t\t\t<img decoding=\"async\" class=\"spectra-image-gallery__media-thumbnail spectra-image-gallery__media-thumbnail--grid lazyload\" data-src=\"https:\/\/turismocoria.es\/turismo\/wp-content\/uploads\/2024\/05\/programa-argeme3-148x300.jpg\" alt=\"\" loading=\"lazy\" src=\"data:image\/gif;base64,R0lGODlhAQABAAAAACH5BAEKAAEALAAAAAABAAEAAAICTAEAOw==\" style=\"--smush-placeholder-width: 148px; --smush-placeholder-aspect-ratio: 148\/300;\" \/><noscript><img decoding=\"async\" class=\"spectra-image-gallery__media-thumbnail spectra-image-gallery__media-thumbnail--grid\" src=\"https:\/\/turismocoria.es\/turismo\/wp-content\/uploads\/2024\/05\/programa-argeme3-148x300.jpg\" alt=\"\" loading=\"lazy\" \/><\/noscript>\n\t\t\t\t<\/picture>\n\t\t\t\t<div class=\"spectra-image-gallery__media-thumbnail-blurrer\"><\/div>\n\t\t\t\t\t\t\t\t\t\t\t<div class=\"spectra-image-gallery__media-thumbnail-caption-wrapper spectra-image-gallery__media-thumbnail-caption-wrapper--overlay\">\n\t\t\t\t\t\t\t\t\t\t\t<div class=\"spectra-image-gallery__media-thumbnail-caption spectra-image-gallery__media-thumbnail-caption--overlay\">\n\t\t\t\t\tNo Caption\t\t\t\t<\/div>\n\t\t\t\t\t\t\t\t\t\t<\/div>\n\t\t\t\t\t\t\t\t\t<\/div>\n\t\t\t\t\t\t<\/div>\n\t\t\t\t\t\t<div class='spectra-image-gallery__media-wrapper' data-spectra-gallery-image-id='12425' tabindex=\"0\">\n\t\t\t\t\t\t\t<div class=\"spectra-image-gallery__media spectra-image-gallery__media--grid\">\n\t\t\t\t<picture>\n\t\t\t\t\t<source media=\"(min-width: 1024px)\" data-srcset=\"https:\/\/turismocoria.es\/turismo\/wp-content\/uploads\/2024\/05\/programa-argeme4-501x1024.jpg\">\n\t\t\t\t\t<source media=\"(min-width: 768px)\" data-srcset=\"https:\/\/turismocoria.es\/turismo\/wp-content\/uploads\/2024\/05\/programa-argeme4-501x1024.jpg\">\n\t\t\t\t\t<img decoding=\"async\" class=\"spectra-image-gallery__media-thumbnail spectra-image-gallery__media-thumbnail--grid lazyload\" data-src=\"https:\/\/turismocoria.es\/turismo\/wp-content\/uploads\/2024\/05\/programa-argeme4-147x300.jpg\" alt=\"\" loading=\"lazy\" src=\"data:image\/gif;base64,R0lGODlhAQABAAAAACH5BAEKAAEALAAAAAABAAEAAAICTAEAOw==\" style=\"--smush-placeholder-width: 147px; --smush-placeholder-aspect-ratio: 147\/300;\" \/><noscript><img decoding=\"async\" class=\"spectra-image-gallery__media-thumbnail spectra-image-gallery__media-thumbnail--grid\" src=\"https:\/\/turismocoria.es\/turismo\/wp-content\/uploads\/2024\/05\/programa-argeme4-147x300.jpg\" alt=\"\" loading=\"lazy\" \/><\/noscript>\n\t\t\t\t<\/picture>\n\t\t\t\t<div class=\"spectra-image-gallery__media-thumbnail-blurrer\"><\/div>\n\t\t\t\t\t\t\t\t\t\t\t<div class=\"spectra-image-gallery__media-thumbnail-caption-wrapper spectra-image-gallery__media-thumbnail-caption-wrapper--overlay\">\n\t\t\t\t\t\t\t\t\t\t\t<div class=\"spectra-image-gallery__media-thumbnail-caption spectra-image-gallery__media-thumbnail-caption--overlay\">\n\t\t\t\t\tNo Caption\t\t\t\t<\/div>\n\t\t\t\t\t\t\t\t\t\t<\/div>\n\t\t\t\t\t\t\t\t\t<\/div>\n\t\t\t\t\t\t<\/div>\n\t\t\t\t\t\t<div class='spectra-image-gallery__media-wrapper' data-spectra-gallery-image-id='12429' tabindex=\"0\">\n\t\t\t\t\t\t\t<div class=\"spectra-image-gallery__media spectra-image-gallery__media--grid\">\n\t\t\t\t<picture>\n\t\t\t\t\t<source media=\"(min-width: 1024px)\" data-srcset=\"https:\/\/turismocoria.es\/turismo\/wp-content\/uploads\/2024\/05\/programa-argeme5-509x1024.jpg\">\n\t\t\t\t\t<source media=\"(min-width: 768px)\" data-srcset=\"https:\/\/turismocoria.es\/turismo\/wp-content\/uploads\/2024\/05\/programa-argeme5-509x1024.jpg\">\n\t\t\t\t\t<img decoding=\"async\" class=\"spectra-image-gallery__media-thumbnail spectra-image-gallery__media-thumbnail--grid lazyload\" data-src=\"https:\/\/turismocoria.es\/turismo\/wp-content\/uploads\/2024\/05\/programa-argeme5-149x300.jpg\" alt=\"\" loading=\"lazy\" src=\"data:image\/gif;base64,R0lGODlhAQABAAAAACH5BAEKAAEALAAAAAABAAEAAAICTAEAOw==\" style=\"--smush-placeholder-width: 149px; --smush-placeholder-aspect-ratio: 149\/300;\" \/><noscript><img decoding=\"async\" class=\"spectra-image-gallery__media-thumbnail spectra-image-gallery__media-thumbnail--grid\" src=\"https:\/\/turismocoria.es\/turismo\/wp-content\/uploads\/2024\/05\/programa-argeme5-149x300.jpg\" alt=\"\" loading=\"lazy\" \/><\/noscript>\n\t\t\t\t<\/picture>\n\t\t\t\t<div class=\"spectra-image-gallery__media-thumbnail-blurrer\"><\/div>\n\t\t\t\t\t\t\t\t\t\t\t<div class=\"spectra-image-gallery__media-thumbnail-caption-wrapper spectra-image-gallery__media-thumbnail-caption-wrapper--overlay\">\n\t\t\t\t\t\t\t\t\t\t\t<div class=\"spectra-image-gallery__media-thumbnail-caption spectra-image-gallery__media-thumbnail-caption--overlay\">\n\t\t\t\t\tNo Caption\t\t\t\t<\/div>\n\t\t\t\t\t\t\t\t\t\t<\/div>\n\t\t\t\t\t\t\t\t\t<\/div>\n\t\t\t\t\t\t<\/div>\n\t\t\t\t\t\t<div class='spectra-image-gallery__media-wrapper' data-spectra-gallery-image-id='12428' tabindex=\"0\">\n\t\t\t\t\t\t\t<div class=\"spectra-image-gallery__media spectra-image-gallery__media--grid\">\n\t\t\t\t<picture>\n\t\t\t\t\t<source media=\"(min-width: 1024px)\" data-srcset=\"https:\/\/turismocoria.es\/turismo\/wp-content\/uploads\/2024\/05\/programa-argeme6-477x1024.jpg\">\n\t\t\t\t\t<source media=\"(min-width: 768px)\" data-srcset=\"https:\/\/turismocoria.es\/turismo\/wp-content\/uploads\/2024\/05\/programa-argeme6-477x1024.jpg\">\n\t\t\t\t\t<img decoding=\"async\" class=\"spectra-image-gallery__media-thumbnail spectra-image-gallery__media-thumbnail--grid lazyload\" data-src=\"https:\/\/turismocoria.es\/turismo\/wp-content\/uploads\/2024\/05\/programa-argeme6-140x300.jpg\" alt=\"\" loading=\"lazy\" src=\"data:image\/gif;base64,R0lGODlhAQABAAAAACH5BAEKAAEALAAAAAABAAEAAAICTAEAOw==\" style=\"--smush-placeholder-width: 140px; --smush-placeholder-aspect-ratio: 140\/300;\" \/><noscript><img decoding=\"async\" class=\"spectra-image-gallery__media-thumbnail spectra-image-gallery__media-thumbnail--grid\" src=\"https:\/\/turismocoria.es\/turismo\/wp-content\/uploads\/2024\/05\/programa-argeme6-140x300.jpg\" alt=\"\" loading=\"lazy\" \/><\/noscript>\n\t\t\t\t<\/picture>\n\t\t\t\t<div class=\"spectra-image-gallery__media-thumbnail-blurrer\"><\/div>\n\t\t\t\t\t\t\t\t\t\t\t<div class=\"spectra-image-gallery__media-thumbnail-caption-wrapper spectra-image-gallery__media-thumbnail-caption-wrapper--overlay\">\n\t\t\t\t\t\t\t\t\t\t\t<div class=\"spectra-image-gallery__media-thumbnail-caption spectra-image-gallery__media-thumbnail-caption--overlay\">\n\t\t\t\t\tNo Caption\t\t\t\t<\/div>\n\t\t\t\t\t\t\t\t\t\t<\/div>\n\t\t\t\t\t\t\t\t\t<\/div>\n\t\t\t\t\t\t<\/div>\n\t\t\t\t\t\t\t\t\t\t<\/div>\n\t\t\t\t\t\t\t\t\t\t\t\t\t\t\t\t\t\t<\/div>\n\t\t\t\t\t\t\t\t\t\t\t<div class='spectra-image-gallery__control-lightbox' tabindex='0'>\n\t\t\t\t\t\t\t\t\t\t\t<div class=\"swiper spectra-image-gallery__control-lightbox--main\" dir=\"\">\n\t\t\t\t\t<div class=\"swiper-wrapper\">\n\t\t\t\t\t\t\t\t\t\t\t\t\t\n\t\t\t\t\t\t\t<div class=\"swiper-slide\">\n\t\t\t\t\t\t\t\t<img class=\"swiper-lazy\" data-src=\"https:\/\/turismocoria.es\/turismo\/wp-content\/uploads\/2024\/05\/programa-argeme1.jpg\" alt=\"\"\/>\n\t\t\t\t\t\t\t\t<div class=\"swiper-lazy-preloader swiper-lazy-preloader-white\"><\/div>\n\t\t\t\t\t\t\t\t\t\t\t\t\t\t\t<\/div>\n\t\t\t\t\t\t\t\t\t\t\t\t\t\n\t\t\t\t\t\t\t<div class=\"swiper-slide\">\n\t\t\t\t\t\t\t\t<img class=\"swiper-lazy\" data-src=\"https:\/\/turismocoria.es\/turismo\/wp-content\/uploads\/2024\/05\/programa-argeme2.jpg\" alt=\"\"\/>\n\t\t\t\t\t\t\t\t<div class=\"swiper-lazy-preloader swiper-lazy-preloader-white\"><\/div>\n\t\t\t\t\t\t\t\t\t\t\t\t\t\t\t<\/div>\n\t\t\t\t\t\t\t\t\t\t\t\t\t\n\t\t\t\t\t\t\t<div class=\"swiper-slide\">\n\t\t\t\t\t\t\t\t<img class=\"swiper-lazy\" data-src=\"https:\/\/turismocoria.es\/turismo\/wp-content\/uploads\/2024\/05\/programa-argeme3.jpg\" alt=\"\"\/>\n\t\t\t\t\t\t\t\t<div class=\"swiper-lazy-preloader swiper-lazy-preloader-white\"><\/div>\n\t\t\t\t\t\t\t\t\t\t\t\t\t\t\t<\/div>\n\t\t\t\t\t\t\t\t\t\t\t\t\t\n\t\t\t\t\t\t\t<div class=\"swiper-slide\">\n\t\t\t\t\t\t\t\t<img class=\"swiper-lazy\" data-src=\"https:\/\/turismocoria.es\/turismo\/wp-content\/uploads\/2024\/05\/programa-argeme4.jpg\" alt=\"\"\/>\n\t\t\t\t\t\t\t\t<div class=\"swiper-lazy-preloader swiper-lazy-preloader-white\"><\/div>\n\t\t\t\t\t\t\t\t\t\t\t\t\t\t\t<\/div>\n\t\t\t\t\t\t\t\t\t\t\t\t\t\n\t\t\t\t\t\t\t<div class=\"swiper-slide\">\n\t\t\t\t\t\t\t\t<img class=\"swiper-lazy\" data-src=\"https:\/\/turismocoria.es\/turismo\/wp-content\/uploads\/2024\/05\/programa-argeme5.jpg\" alt=\"\"\/>\n\t\t\t\t\t\t\t\t<div class=\"swiper-lazy-preloader swiper-lazy-preloader-white\"><\/div>\n\t\t\t\t\t\t\t\t\t\t\t\t\t\t\t<\/div>\n\t\t\t\t\t\t\t\t\t\t\t\t\t\n\t\t\t\t\t\t\t<div class=\"swiper-slide\">\n\t\t\t\t\t\t\t\t<img class=\"swiper-lazy\" data-src=\"https:\/\/turismocoria.es\/turismo\/wp-content\/uploads\/2024\/05\/programa-argeme6.jpg\" alt=\"\"\/>\n\t\t\t\t\t\t\t\t<div class=\"swiper-lazy-preloader swiper-lazy-preloader-white\"><\/div>\n\t\t\t\t\t\t\t\t\t\t\t\t\t\t\t<\/div>\n\t\t\t\t\t\t\t\t\t\t\t<\/div>\n\t\t\t\t\t<div class=\"swiper-button-next\"><\/div>\n\t\t\t\t\t<div class=\"swiper-button-prev\"><\/div>\n\t\t\t\t<\/div>\t\t\t\n\t\t\t\t\t\t\t\t\t\t\t\t\t\t\t\t\t\t\t\t\t\t\t\t\t\t\t\t\t\t\t\t<button class='spectra-image-gallery__control-lightbox--close' aria-label=\"Close\">\n\t\t\t\t\t\t\t\t\t\t\t\t\t<svg xmlns=\"https:\/\/www.w3.org\/2000\/svg\" viewBox= \"0 0 320 512\"><path d=\"M310.6 361.4c12.5 12.5 12.5 32.75 0 45.25C304.4 412.9 296.2 416 288 416s-16.38-3.125-22.62-9.375L160 301.3L54.63 406.6C48.38 412.9 40.19 416 32 416S15.63 412.9 9.375 406.6c-12.5-12.5-12.5-32.75 0-45.25l105.4-105.4L9.375 150.6c-12.5-12.5-12.5-32.75 0-45.25s32.75-12.5 45.25 0L160 210.8l105.4-105.4c12.5-12.5 32.75-12.5 45.25 0s12.5 32.75 0 45.25l-105.4 105.4L310.6 361.4z\"><\/path><\/svg>\n\t\t\t\t\t\t\t\t\t\t\t\t<\/button>\n\t\t\t\t\t\t\t\t\t\t\t\t\t<\/div>\n\t\t\t\t\t\t\t\t\t\n\n<div class=\"tribe-block tribe-block__event-price\">\n\t\t<\/div>\n\n\n<div class=\"tribe-block tribe-block__organizer__details tribe-clearfix\">\n\t<div class=\"tribe-block__organizer__title\">\n\t\t<h3><a href=\"https:\/\/turismocoria.es\/turismo\/organizer\/cofradia-de-la-stma-virgen-de-argeme\/\" title=\"Cofrad\u00eda de la Stma Virgen de Argeme\" target=\"_self\" rel=\"\">Cofrad\u00eda de la Stma Virgen de Argeme<\/a><\/h3>\n\t<\/div>\n\t\t\t<\/div>\n\n\n<div class=\"tribe-block tribe-block__venue tribe-block__venue--has-map\">\n\t\n\t\t\n\t<\/div>\n\n\n\n\n\t<div class=\"tribe-block tribe-block__events-link\">\n\t\t<div class=\"tribe-events tribe-common\">\n\t\t\t<div class=\"tribe-events-c-subscribe-dropdown__container\">\n\t\t\t\t<div class=\"tribe-events-c-subscribe-dropdown\">\n\t\t\t\t\t<div class=\"tribe-common-c-btn-border tribe-events-c-subscribe-dropdown__button\" tabindex=\"0\">\n\t\t\t\t\t\t<svg  class=\"tribe-common-c-svgicon tribe-common-c-svgicon--cal-export tribe-events-c-subscribe-dropdown__export-icon\"  viewBox=\"0 0 23 17\" xmlns=\"http:\/\/www.w3.org\/2000\/svg\">\n  <path fill-rule=\"evenodd\" clip-rule=\"evenodd\" d=\"M.128.896V16.13c0 .211.145.383.323.383h15.354c.179 0 .323-.172.323-.383V.896c0-.212-.144-.383-.323-.383H.451C.273.513.128.684.128.896Zm16 6.742h-.901V4.679H1.009v10.729h14.218v-3.336h.901V7.638ZM1.01 1.614h14.218v2.058H1.009V1.614Z\" \/>\n  <path d=\"M20.5 9.846H8.312M18.524 6.953l2.89 2.909-2.855 2.855\" stroke-width=\"1.2\" stroke-linecap=\"round\" stroke-linejoin=\"round\"\/>\n<\/svg>\n\t\t\t\t\t\t<button class=\"tribe-events-c-subscribe-dropdown__button-text\">\n\t\t\t\t\t\t\tA\u00f1adir al calendario\t\t\t\t\t\t<\/button>\n\t\t\t\t\t\t<svg  class=\"tribe-common-c-svgicon tribe-common-c-svgicon--caret-down tribe-events-c-subscribe-dropdown__button-icon\"  viewBox=\"0 0 10 7\" xmlns=\"http:\/\/www.w3.org\/2000\/svg\"><path fill-rule=\"evenodd\" clip-rule=\"evenodd\" d=\"M1.008.609L5 4.6 8.992.61l.958.958L5 6.517.05 1.566l.958-.958z\" class=\"tribe-common-c-svgicon__svg-fill\"\/><\/svg>\n\t\t\t\t\t<\/div>\n\t\t\t\t\t<div class=\"tribe-events-c-subscribe-dropdown__content\">\n\t\t\t\t\t\t<ul class=\"tribe-events-c-subscribe-dropdown__list\" tabindex=\"0\">\n\t\t\t\t\t\t\t\t\t\t\t\t\t\t\t<li class=\"tribe-events-c-subscribe-dropdown__list-item\">\n\t\t\t\t\t\t\t\t\t<a\n\t\t\t\t\t\t\t\t\t\thref=\"https:\/\/www.google.com\/calendar\/event?action=TEMPLATE&#038;dates=20240427T200000\/20240513T120000&#038;text=Fiesta%20de%20Ntra.%20Sra.%20Virgen%20de%20Argeme%202024&#038;details=%3C%21--+wp%3Atribe%2Fevent-datetime+%2F--%3E%3C%21--+wp%3Aparagraph+--%3E%3Cp%3E%3Cstrong%3ED%C3%8DA+27+DE+ABRIL%2C+S%C3%81BADO.+PREG%C3%93N%3C%2Fstrong%3E%3C%2Fp%3E%3C%21--+%2Fwp%3Aparagraph+--%3E%3C%21--+wp%3Aparagraph+--%3E%3Cp%3E.+A+las+20%3A00+horas+en+la+S.I.+Catedral+Santa+Mar%C3%ADa+de+la+Asunci%C3%B3n%2C+preg%C3%B3n+a+cargo+de+Excma.+Sra.+D%C3%B1a.+Mar%C3%ADa+F%C3%A9lix+Tena+Arag%C3%B3n.%3Cbr%3E.+Preside+el+Excmo.+y+Rvdmo.+Sr.+Obispo+de+la+Di%C3%B3cesis%2C+D.+Jes%C3%BAs+Pulido+Arriero.%3Cbr%3E.+Presentaci%C3%B3n+de+la+pregonera%3A+D%C3%B1a.+M2+Amparo+Ech%C3%A1varri+Rodr%C3%ADguez.+.+Intermedios+musicales+a+cargo+de+D%C3%B1a.+M2+Carmen+Tovar+de+la+Rosa+y+D%C3%B1a.+Noelia+Bueso+Almendros.%3C%2Fp%3E%3C%21--+%2Fwp%3Aparagraph+--%3E%3C%21--+wp%3Aparagraph+--%3E%3Cp%3E%3Cstrong%3ED%C3%8DA+2+DE+MAYO%2C+JUEVES.+LLEGADA+DE+LA+VIRGEN+A+CORIA%3C%2Fstrong%3E%3C%2Fp%3E%3C%21--+%2Fwp%3Aparagraph+--%3E%3C%21--+wp%3Aparagraph+--%3E%3Cp%3E.+Sal%20(Ver%20aqu\u00ed%20la%20descripci\u00f3n%20completa%20de%20evento:%20https:\/\/turismocoria.es\/turismo\/evento\/fiesta-de-ntra-sra-virgen-de-argeme-2024\/)&#038;trp=false&#038;ctz=Europe\/Madrid&#038;sprop=website:https:\/\/turismocoria.es\/turismo\"\n\t\t\t\t\t\t\t\t\t\tclass=\"tribe-events-c-subscribe-dropdown__list-item-link\"\n\t\t\t\t\t\t\t\t\t\ttabindex=\"0\"\n\t\t\t\t\t\t\t\t\t\ttarget=\"_blank\"\n\t\t\t\t\t\t\t\t\t\trel=\"noopener noreferrer nofollow noindex\"\n\t\t\t\t\t\t\t\t\t>\n\t\t\t\t\t\t\t\t\t\tGoogle Calendar\t\t\t\t\t\t\t\t\t<\/a>\n\t\t\t\t\t\t\t\t<\/li>\n\t\t\t\t\t\t\t\t\t\t\t\t\t\t\t<li class=\"tribe-events-c-subscribe-dropdown__list-item\">\n\t\t\t\t\t\t\t\t\t<a\n\t\t\t\t\t\t\t\t\t\thref=\"\"\n\t\t\t\t\t\t\t\t\t\tclass=\"tribe-events-c-subscribe-dropdown__list-item-link\"\n\t\t\t\t\t\t\t\t\t\ttabindex=\"0\"\n\t\t\t\t\t\t\t\t\t\ttarget=\"_blank\"\n\t\t\t\t\t\t\t\t\t\trel=\"noopener noreferrer nofollow noindex\"\n\t\t\t\t\t\t\t\t\t>\n\t\t\t\t\t\t\t\t\t\tiCalendar\t\t\t\t\t\t\t\t\t<\/a>\n\t\t\t\t\t\t\t\t<\/li>\n\t\t\t\t\t\t\t\t\t\t\t\t\t\t\t<li class=\"tribe-events-c-subscribe-dropdown__list-item\">\n\t\t\t\t\t\t\t\t\t<a\n\t\t\t\t\t\t\t\t\t\thref=\"\"\n\t\t\t\t\t\t\t\t\t\tclass=\"tribe-events-c-subscribe-dropdown__list-item-link\"\n\t\t\t\t\t\t\t\t\t\ttabindex=\"0\"\n\t\t\t\t\t\t\t\t\t\ttarget=\"_blank\"\n\t\t\t\t\t\t\t\t\t\trel=\"noopener noreferrer nofollow noindex\"\n\t\t\t\t\t\t\t\t\t>\n\t\t\t\t\t\t\t\t\t\tOutlook 365\t\t\t\t\t\t\t\t\t<\/a>\n\t\t\t\t\t\t\t\t<\/li>\n\t\t\t\t\t\t\t\t\t\t\t\t\t\t\t<li class=\"tribe-events-c-subscribe-dropdown__list-item\">\n\t\t\t\t\t\t\t\t\t<a\n\t\t\t\t\t\t\t\t\t\thref=\"\"\n\t\t\t\t\t\t\t\t\t\tclass=\"tribe-events-c-subscribe-dropdown__list-item-link\"\n\t\t\t\t\t\t\t\t\t\ttabindex=\"0\"\n\t\t\t\t\t\t\t\t\t\ttarget=\"_blank\"\n\t\t\t\t\t\t\t\t\t\trel=\"noopener noreferrer nofollow noindex\"\n\t\t\t\t\t\t\t\t\t>\n\t\t\t\t\t\t\t\t\t\tOutlook Live\t\t\t\t\t\t\t\t\t<\/a>\n\t\t\t\t\t\t\t\t<\/li>\n\t\t\t\t\t\t\t\t\t\t\t\t\t<\/ul>\n\t\t\t\t\t<\/div>\n\t\t\t\t<\/div>\n\t\t\t<\/div>\n\t\t<\/div>\n\t<\/div>\n\n","protected":false},"excerpt":{"rendered":"<p>D\u00cdA 27 DE ABRIL, S\u00c1BADO. PREG\u00d3N . A las 20:00 horas en la S.I. Catedral Santa Mar\u00eda de la Asunci\u00f3n, preg\u00f3n a cargo de Excma. Sra. D\u00f1a. Mar\u00eda F\u00e9lix Tena Arag\u00f3n.. Preside el Excmo. y Rvdmo. Sr. Obispo de la Di\u00f3cesis, D. Jes\u00fas Pulido Arriero.. Presentaci\u00f3n de la pregonera: D\u00f1a. M2 Amparo Ech\u00e1varri Rodr\u00edguez. . [&hellip;]<\/p>\n","protected":false},"author":4,"featured_media":12423,"comment_status":"closed","ping_status":"closed","template":"","meta":{"_uag_custom_page_level_css":"","site-sidebar-layout":"default","site-content-layout":"","ast-site-content-layout":"default","site-content-style":"default","site-sidebar-style":"default","ast-global-header-display":"","ast-banner-title-visibility":"","ast-main-header-display":"","ast-hfb-above-header-display":"","ast-hfb-below-header-display":"","ast-hfb-mobile-header-display":"","site-post-title":"","ast-breadcrumbs-content":"","ast-featured-img":"","footer-sml-layout":"","theme-transparent-header-meta":"","adv-header-id-meta":"","stick-header-meta":"","header-above-stick-meta":"","header-main-stick-meta":"","header-below-stick-meta":"","astra-migrate-meta-layouts":"set","ast-page-background-enabled":"default","ast-page-background-meta":{"desktop":{"background-color":"","background-image":"","background-repeat":"repeat","background-position":"center center","background-size":"auto","background-attachment":"scroll","background-type":"","background-media":"","overlay-type":"","overlay-color":"","overlay-opacity":"","overlay-gradient":""},"tablet":{"background-color":"","background-image":"","background-repeat":"repeat","background-position":"center center","background-size":"auto","background-attachment":"scroll","background-type":"","background-media":"","overlay-type":"","overlay-color":"","overlay-opacity":"","overlay-gradient":""},"mobile":{"background-color":"","background-image":"","background-repeat":"repeat","background-position":"center center","background-size":"auto","background-attachment":"scroll","background-type":"","background-media":"","overlay-type":"","overlay-color":"","overlay-opacity":"","overlay-gradient":""}},"ast-content-background-meta":{"desktop":{"background-color":"var(--ast-global-color-5)","background-image":"","background-repeat":"repeat","background-position":"center center","background-size":"auto","background-attachment":"scroll","background-type":"","background-media":"","overlay-type":"","overlay-color":"","overlay-opacity":"","overlay-gradient":""},"tablet":{"background-color":"var(--ast-global-color-5)","background-image":"","background-repeat":"repeat","background-position":"center center","background-size":"auto","background-attachment":"scroll","background-type":"","background-media":"","overlay-type":"","overlay-color":"","overlay-opacity":"","overlay-gradient":""},"mobile":{"background-color":"var(--ast-global-color-5)","background-image":"","background-repeat":"repeat","background-position":"center center","background-size":"auto","background-attachment":"scroll","background-type":"","background-media":"","overlay-type":"","overlay-color":"","overlay-opacity":"","overlay-gradient":""}},"_EventAllDay":false,"_EventTimezone":"Europe\/Madrid","_EventStartDate":"2024-04-27 20:00:00","_EventEndDate":"2024-05-13 12:00:00","_EventStartDateUTC":"2024-04-27 18:00:00","_EventEndDateUTC":"2024-05-13 10:00:00","_EventShowMap":true,"_EventShowMapLink":true,"_EventURL":"","_EventCost":"","_EventCostDescription":"","_EventCurrencySymbol":"\u20ac","_EventCurrencyCode":"EUR","_EventCurrencyPosition":"suffix","_EventDateTimeSeparator":"-","_EventTimeRangeSeparator":" - ","_EventOrganizerID":[12424],"_EventVenueID":0,"_OrganizerEmail":"","_OrganizerPhone":"","_OrganizerWebsite":"","_VenueAddress":"","_VenueCity":"","_VenueCountry":"","_VenueProvince":"","_VenueZip":"","_VenuePhone":"","_VenueURL":"","_VenueStateProvince":"","_VenueLat":"","_VenueLng":"","_tribe_events_status":"","_tribe_events_status_reason":"","footnotes":""},"tags":[],"tribe_events_cat":[],"class_list":["post-12422","tribe_events","type-tribe_events","status-publish","has-post-thumbnail","hentry"],"uagb_featured_image_src":{"full":["https:\/\/turismocoria.es\/turismo\/wp-content\/uploads\/2024\/05\/virgen-argeme-24.jpg",447,668,false],"thumbnail":["https:\/\/turismocoria.es\/turismo\/wp-content\/uploads\/2024\/05\/virgen-argeme-24-150x150.jpg",150,150,true],"medium":["https:\/\/turismocoria.es\/turismo\/wp-content\/uploads\/2024\/05\/virgen-argeme-24-201x300.jpg",201,300,true],"medium_large":["https:\/\/turismocoria.es\/turismo\/wp-content\/uploads\/2024\/05\/virgen-argeme-24.jpg",447,668,false],"large":["https:\/\/turismocoria.es\/turismo\/wp-content\/uploads\/2024\/05\/virgen-argeme-24.jpg",447,668,false],"gs-tiny":["https:\/\/turismocoria.es\/turismo\/wp-content\/uploads\/2024\/05\/virgen-argeme-24-50x75.jpg",50,75,true],"xl":["https:\/\/turismocoria.es\/turismo\/wp-content\/uploads\/2024\/05\/virgen-argeme-24.jpg",447,668,false],"xxl":["https:\/\/turismocoria.es\/turismo\/wp-content\/uploads\/2024\/05\/virgen-argeme-24.jpg",447,668,false],"xxxl":["https:\/\/turismocoria.es\/turismo\/wp-content\/uploads\/2024\/05\/virgen-argeme-24.jpg",447,668,false],"xxxxl":["https:\/\/turismocoria.es\/turismo\/wp-content\/uploads\/2024\/05\/virgen-argeme-24.jpg",447,668,false],"xxxxxl":["https:\/\/turismocoria.es\/turismo\/wp-content\/uploads\/2024\/05\/virgen-argeme-24.jpg",447,668,false],"1536x1536":["https:\/\/turismocoria.es\/turismo\/wp-content\/uploads\/2024\/05\/virgen-argeme-24.jpg",447,668,false],"2048x2048":["https:\/\/turismocoria.es\/turismo\/wp-content\/uploads\/2024\/05\/virgen-argeme-24.jpg",447,668,false],"ultp_layout_landscape_large":["https:\/\/turismocoria.es\/turismo\/wp-content\/uploads\/2024\/05\/virgen-argeme-24.jpg",447,668,false],"ultp_layout_landscape":["https:\/\/turismocoria.es\/turismo\/wp-content\/uploads\/2024\/05\/virgen-argeme-24-447x570.jpg",447,570,true],"ultp_layout_portrait":["https:\/\/turismocoria.es\/turismo\/wp-content\/uploads\/2024\/05\/virgen-argeme-24.jpg",447,668,false],"ultp_layout_square":["https:\/\/turismocoria.es\/turismo\/wp-content\/uploads\/2024\/05\/virgen-argeme-24-447x600.jpg",447,600,true],"gb-block-post-grid-landscape":["https:\/\/turismocoria.es\/turismo\/wp-content\/uploads\/2024\/05\/virgen-argeme-24-447x400.jpg",447,400,true],"gb-block-post-grid-square":["https:\/\/turismocoria.es\/turismo\/wp-content\/uploads\/2024\/05\/virgen-argeme-24-447x600.jpg",447,600,true]},"uagb_author_info":{"display_name":"Oficina Turismo","author_link":"https:\/\/turismocoria.es\/turismo\/author\/oficina\/"},"uagb_comment_info":0,"uagb_excerpt":"D\u00cdA 27 DE ABRIL, S\u00c1BADO. PREG\u00d3N . A las 20:00 horas en la S.I. Catedral Santa Mar\u00eda de la Asunci\u00f3n, preg\u00f3n a cargo de Excma. Sra. D\u00f1a. Mar\u00eda F\u00e9lix Tena Arag\u00f3n.. Preside el Excmo. y Rvdmo. Sr. Obispo de la Di\u00f3cesis, D. Jes\u00fas Pulido Arriero.. Presentaci\u00f3n de la pregonera: D\u00f1a. M2 Amparo Ech\u00e1varri Rodr\u00edguez. .&hellip;","_links":{"self":[{"href":"https:\/\/turismocoria.es\/turismo\/wp-json\/wp\/v2\/tribe_events\/12422"}],"collection":[{"href":"https:\/\/turismocoria.es\/turismo\/wp-json\/wp\/v2\/tribe_events"}],"about":[{"href":"https:\/\/turismocoria.es\/turismo\/wp-json\/wp\/v2\/types\/tribe_events"}],"author":[{"embeddable":true,"href":"https:\/\/turismocoria.es\/turismo\/wp-json\/wp\/v2\/users\/4"}],"replies":[{"embeddable":true,"href":"https:\/\/turismocoria.es\/turismo\/wp-json\/wp\/v2\/comments?post=12422"}],"version-history":[{"count":2,"href":"https:\/\/turismocoria.es\/turismo\/wp-json\/wp\/v2\/tribe_events\/12422\/revisions"}],"predecessor-version":[{"id":12433,"href":"https:\/\/turismocoria.es\/turismo\/wp-json\/wp\/v2\/tribe_events\/12422\/revisions\/12433"}],"wp:featuredmedia":[{"embeddable":true,"href":"https:\/\/turismocoria.es\/turismo\/wp-json\/wp\/v2\/media\/12423"}],"wp:attachment":[{"href":"https:\/\/turismocoria.es\/turismo\/wp-json\/wp\/v2\/media?parent=12422"}],"wp:term":[{"taxonomy":"post_tag","embeddable":true,"href":"https:\/\/turismocoria.es\/turismo\/wp-json\/wp\/v2\/tags?post=12422"},{"taxonomy":"tribe_events_cat","embeddable":true,"href":"https:\/\/turismocoria.es\/turismo\/wp-json\/wp\/v2\/tribe_events_cat?post=12422"}],"curies":[{"name":"wp","href":"https:\/\/api.w.org\/{rel}","templated":true}]}}