{"id":12411,"date":"2024-05-06T12:34:53","date_gmt":"2024-05-06T10:34:53","guid":{"rendered":"https:\/\/turismocoria.es\/turismo\/?post_type=tribe_events&#038;p=12411"},"modified":"2024-05-06T14:08:20","modified_gmt":"2024-05-06T12:08:20","slug":"fiestas-patronales-de-puebla-de-argeme-2024","status":"publish","type":"tribe_events","link":"https:\/\/turismocoria.es\/turismo\/evento\/fiestas-patronales-de-puebla-de-argeme-2024\/","title":{"rendered":"Fiestas Patronales de Puebla de Argeme 2024"},"content":{"rendered":"<div class=\"tribe-events-schedule tribe-clearfix\">\n\t<h2 class=\"tribe-events-schedule__datetime\">\n\t\t<span class=\"tribe-events-schedule__date tribe-events-schedule__date--start\">\n\t\t\t07 05 2024\t\t<\/span>\n\n\t\t\t\t\t<span class=\"tribe-events-schedule__separator tribe-events-schedule__separator--date\">\n\t\t\t\t&#8211;\t\t\t<\/span>\n\t\t\t<span class=\"tribe-events-schedule__time tribe-events-schedule__time--start\">\n\t\t\t\t21:00\t\t\t<\/span>\n\t\t\n\t\t\t\t\t\t\t\t\t<span class=\"tribe-events-schedule__separator tribe-events-schedule__separator--time\">\n\t\t\t\t\t &#8211; \t\t\t\t<\/span>\n\t\t\t\n\t\t\t\t\t\t\t<span class=\"tribe-events-schedule__date tribe-events-schedule__date--end\">\n\t\t\t\t\t13 05 2024\t\t\t\t<\/span>\n\n\t\t\t\t\t\t\t\t\t<span class=\"tribe-events-schedule__separator tribe-events-schedule__separator--date\">\n\t\t\t\t\t\t&#8211;\t\t\t\t\t<\/span>\n\t\t\t\t\t<span class=\"tribe-events-schedule__time tribe-events-schedule__time--end\">\n\t\t\t\t\t\t23:30\t\t\t\t\t<\/span>\n\t\t\t\t\n\t\t\t\n\t\t\t\t\t\t<\/h2>\n<\/div>\n\n\n\n<p><strong>Programaci\u00f3n<\/strong><\/p>\n\n\n\n<p><strong><u>Martes 7<\/u><\/strong><br>21:00h <strong>Actuaci\u00f3n de la Escuela de Baile Natasha Pulido<\/strong> (flamenco, baile urbano&#8230;)<\/p>\n\n\n\n<p><strong><u>Mi\u00e9rcoles 8<\/u><\/strong><br>21:30 h Actuaci\u00f3n musical infantil \u201c<strong>Jotas<\/strong>\u201d.<\/p>\n\n\n\n<p><strong><u>Jueves 9<\/u><\/strong><br>21:00 h Actuaci\u00f3n musical.<strong> Grupo de Coros y Danzas \u201cLa Vara\u201d<\/strong>.<\/p>\n\n\n\n<p><strong><u>Viernes 10<\/u><\/strong><br>18:00h Tirada de cohetes de <strong>Inicio de Fiestas<\/strong>.<br>20:00h <strong>Lidia de 1 Toro por las calles<\/strong>.<br>23:59h Concierto \u201c<strong>La D\u00e9cada Prodigiosa<\/strong>\u201d.<\/p>\n\n\n\n<p><strong><u>S\u00e1bado 11<\/u><\/strong><br>01:30h \u201c<strong>Cherri Coke DJ<\/strong> \u201c.<br>03:30h <strong>Lidia de 1 Toro por las calles<\/strong>.<br>03:30h <strong>\u00d1ako DJ<\/strong> y <strong>\u201dLa Pampara\u201d DJ<\/strong>.<br>12:00h <strong>Misa<\/strong>.<br>13:00h <strong>Procesi\u00f3n de la Virgen de Argeme<\/strong>.<br>13:40h<strong> Vino de honor <\/strong>en la Casa de Cultura.<br>14:00h <strong>Charanga<\/strong> por bares y pe\u00f1as.<br>19:30h <strong>Lidia de una vaca<\/strong> (donada por Grupo Villar).<br>20:00h <strong>Lidia de 1 Toro por las calles<\/strong>.<br><\/p>\n\n\n\n<p><strong><u>Domingo 12<\/u><\/strong><br>00:00h <strong>\u00d1ako DJ<\/strong>.<br>00:30h <strong>Marek<\/strong> en concierto.<br>01:30h <strong>Alberto Toral <\/strong>en concierto.<br>03:00h <strong>Lidia de 1 Toro por las calles<\/strong>.<br>03:00h <strong>Fark Lamm DJ<\/strong>.<br>04:00h <strong>Diego DPL DJ<\/strong> \u201cGanador de Disco de Oro\u201c 2023.<br>06:00h <strong>Axel DJ<\/strong>.<br>11:00h Misa.<br>13:00h <strong>Lidia de 1 Toro por las calles<\/strong>.<br>14:00h <strong>Encierro Infantil Did\u00e1ctico<\/strong>.<br>17:00h <strong>Charanga<\/strong> por las pe\u00f1as.<br>20:00h <strong>Lidia de 1 Toro por las calles<\/strong>.<br>23:59h Concierto \u201c<strong>Aurelio Gallardo<\/strong>\u201d (zona de pe\u00f1as).<\/p>\n\n\n\n<p><strong><u>Lunes 13<\/u><\/strong><br>02:00h <strong>Disco m\u00f3vil<\/strong>.<br>02:00h <strong>Lidia de dos vacas por las calles<\/strong>.<br>10:00h <strong>Romer\u00eda<\/strong> en el Santuario de la Virgen de Argeme.<br>12:00h Espect\u00e1culo Infantil de <strong>toros hinchables<\/strong> (recinto del toro).<br>12:30h Espect\u00e1culo Infantil de la <strong>Fiesta de la espuma<\/strong> (carpa municipal).<br>20:00h <strong>Lidia de 1 Toro por las calles<\/strong>.<br>21:30h Concierto \u201c<strong>\u00d3scar Recio<\/strong>\u201d (carpa municipal).<br>00:30h <strong>Fuegos Artificiales de fin de fiesta<\/strong>.<\/p>\n\n\n\t\t\t\t\t<div\n\t\t\t\t\t\tclass=\"wp-block-uagb-image-gallery uagb-block-3608c6aa     \"\n\t\t\t\t\t\tstyle=\"\"\n\t\t\t\t\t>\n\t\t\t\t\t\t\t\t\t\t\t<div class=\"spectra-image-gallery spectra-image-gallery__layout--grid spectra-image-gallery__layout--grid-col-3 spectra-image-gallery__layout--grid-col-tab-3 spectra-image-gallery__layout--grid-col-mob-2\">\n\t\t\t\t\t\t\t\t\t\t\t<div class='spectra-image-gallery__media-wrapper' data-spectra-gallery-image-id='12413' tabindex=\"0\">\n\t\t\t\t\t\t\t<div class=\"spectra-image-gallery__media spectra-image-gallery__media--grid\">\n\t\t\t\t<picture>\n\t\t\t\t\t<source media=\"(min-width: 1024px)\" data-srcset=\"https:\/\/turismocoria.es\/turismo\/wp-content\/uploads\/2024\/05\/Fiestas-Puebla-2024-724x1024.jpg\">\n\t\t\t\t\t<source media=\"(min-width: 768px)\" data-srcset=\"https:\/\/turismocoria.es\/turismo\/wp-content\/uploads\/2024\/05\/Fiestas-Puebla-2024-724x1024.jpg\">\n\t\t\t\t\t<img decoding=\"async\" class=\"spectra-image-gallery__media-thumbnail spectra-image-gallery__media-thumbnail--grid lazyload\" data-src=\"https:\/\/turismocoria.es\/turismo\/wp-content\/uploads\/2024\/05\/Fiestas-Puebla-2024-212x300.jpg\" alt=\"\" loading=\"lazy\" src=\"data:image\/gif;base64,R0lGODlhAQABAAAAACH5BAEKAAEALAAAAAABAAEAAAICTAEAOw==\" style=\"--smush-placeholder-width: 212px; --smush-placeholder-aspect-ratio: 212\/300;\" \/><noscript><img decoding=\"async\" class=\"spectra-image-gallery__media-thumbnail spectra-image-gallery__media-thumbnail--grid\" src=\"https:\/\/turismocoria.es\/turismo\/wp-content\/uploads\/2024\/05\/Fiestas-Puebla-2024-212x300.jpg\" alt=\"\" loading=\"lazy\" \/><\/noscript>\n\t\t\t\t<\/picture>\n\t\t\t\t<div class=\"spectra-image-gallery__media-thumbnail-blurrer\"><\/div>\n\t\t\t\t\t\t\t\t\t\t\t<div class=\"spectra-image-gallery__media-thumbnail-caption-wrapper spectra-image-gallery__media-thumbnail-caption-wrapper--overlay\">\n\t\t\t\t\t\t\t\t\t\t\t<div class=\"spectra-image-gallery__media-thumbnail-caption spectra-image-gallery__media-thumbnail-caption--overlay\">\n\t\t\t\t\tNo Caption\t\t\t\t<\/div>\n\t\t\t\t\t\t\t\t\t\t<\/div>\n\t\t\t\t\t\t\t\t\t<\/div>\n\t\t\t\t\t\t<\/div>\n\t\t\t\t\t\t<div class='spectra-image-gallery__media-wrapper' data-spectra-gallery-image-id='12418' tabindex=\"0\">\n\t\t\t\t\t\t\t<div class=\"spectra-image-gallery__media spectra-image-gallery__media--grid\">\n\t\t\t\t<picture>\n\t\t\t\t\t<source media=\"(min-width: 1024px)\" data-srcset=\"https:\/\/turismocoria.es\/turismo\/wp-content\/uploads\/2024\/05\/toros-puebla-24-734x1024.jpg\">\n\t\t\t\t\t<source media=\"(min-width: 768px)\" data-srcset=\"https:\/\/turismocoria.es\/turismo\/wp-content\/uploads\/2024\/05\/toros-puebla-24-734x1024.jpg\">\n\t\t\t\t\t<img decoding=\"async\" class=\"spectra-image-gallery__media-thumbnail spectra-image-gallery__media-thumbnail--grid lazyload\" data-src=\"https:\/\/turismocoria.es\/turismo\/wp-content\/uploads\/2024\/05\/toros-puebla-24-215x300.jpg\" alt=\"\" loading=\"lazy\" src=\"data:image\/gif;base64,R0lGODlhAQABAAAAACH5BAEKAAEALAAAAAABAAEAAAICTAEAOw==\" style=\"--smush-placeholder-width: 215px; --smush-placeholder-aspect-ratio: 215\/300;\" \/><noscript><img decoding=\"async\" class=\"spectra-image-gallery__media-thumbnail spectra-image-gallery__media-thumbnail--grid\" src=\"https:\/\/turismocoria.es\/turismo\/wp-content\/uploads\/2024\/05\/toros-puebla-24-215x300.jpg\" alt=\"\" loading=\"lazy\" \/><\/noscript>\n\t\t\t\t<\/picture>\n\t\t\t\t<div class=\"spectra-image-gallery__media-thumbnail-blurrer\"><\/div>\n\t\t\t\t\t\t\t\t\t\t\t<div class=\"spectra-image-gallery__media-thumbnail-caption-wrapper spectra-image-gallery__media-thumbnail-caption-wrapper--overlay\">\n\t\t\t\t\t\t\t\t\t\t\t<div class=\"spectra-image-gallery__media-thumbnail-caption spectra-image-gallery__media-thumbnail-caption--overlay\">\n\t\t\t\t\tNo Caption\t\t\t\t<\/div>\n\t\t\t\t\t\t\t\t\t\t<\/div>\n\t\t\t\t\t\t\t\t\t<\/div>\n\t\t\t\t\t\t<\/div>\n\t\t\t\t\t\t<div class='spectra-image-gallery__media-wrapper' data-spectra-gallery-image-id='12417' tabindex=\"0\">\n\t\t\t\t\t\t\t<div class=\"spectra-image-gallery__media spectra-image-gallery__media--grid\">\n\t\t\t\t<picture>\n\t\t\t\t\t<source media=\"(min-width: 1024px)\" data-srcset=\"https:\/\/turismocoria.es\/turismo\/wp-content\/uploads\/2024\/05\/decada-prodigiosa-819x1024.jpg\">\n\t\t\t\t\t<source media=\"(min-width: 768px)\" data-srcset=\"https:\/\/turismocoria.es\/turismo\/wp-content\/uploads\/2024\/05\/decada-prodigiosa-819x1024.jpg\">\n\t\t\t\t\t<img decoding=\"async\" class=\"spectra-image-gallery__media-thumbnail spectra-image-gallery__media-thumbnail--grid lazyload\" data-src=\"https:\/\/turismocoria.es\/turismo\/wp-content\/uploads\/2024\/05\/decada-prodigiosa-240x300.jpg\" alt=\"\" loading=\"lazy\" src=\"data:image\/gif;base64,R0lGODlhAQABAAAAACH5BAEKAAEALAAAAAABAAEAAAICTAEAOw==\" style=\"--smush-placeholder-width: 240px; --smush-placeholder-aspect-ratio: 240\/300;\" \/><noscript><img decoding=\"async\" class=\"spectra-image-gallery__media-thumbnail spectra-image-gallery__media-thumbnail--grid\" src=\"https:\/\/turismocoria.es\/turismo\/wp-content\/uploads\/2024\/05\/decada-prodigiosa-240x300.jpg\" alt=\"\" loading=\"lazy\" \/><\/noscript>\n\t\t\t\t<\/picture>\n\t\t\t\t<div class=\"spectra-image-gallery__media-thumbnail-blurrer\"><\/div>\n\t\t\t\t\t\t\t\t\t\t\t<div class=\"spectra-image-gallery__media-thumbnail-caption-wrapper spectra-image-gallery__media-thumbnail-caption-wrapper--overlay\">\n\t\t\t\t\t\t\t\t\t\t\t<div class=\"spectra-image-gallery__media-thumbnail-caption spectra-image-gallery__media-thumbnail-caption--overlay\">\n\t\t\t\t\tNo Caption\t\t\t\t<\/div>\n\t\t\t\t\t\t\t\t\t\t<\/div>\n\t\t\t\t\t\t\t\t\t<\/div>\n\t\t\t\t\t\t<\/div>\n\t\t\t\t\t\t<div class='spectra-image-gallery__media-wrapper' data-spectra-gallery-image-id='12416' tabindex=\"0\">\n\t\t\t\t\t\t\t<div class=\"spectra-image-gallery__media spectra-image-gallery__media--grid\">\n\t\t\t\t<picture>\n\t\t\t\t\t<source media=\"(min-width: 1024px)\" data-srcset=\"https:\/\/turismocoria.es\/turismo\/wp-content\/uploads\/2024\/05\/concierto-11-mayo-819x1024.jpg\">\n\t\t\t\t\t<source media=\"(min-width: 768px)\" data-srcset=\"https:\/\/turismocoria.es\/turismo\/wp-content\/uploads\/2024\/05\/concierto-11-mayo-819x1024.jpg\">\n\t\t\t\t\t<img decoding=\"async\" class=\"spectra-image-gallery__media-thumbnail spectra-image-gallery__media-thumbnail--grid lazyload\" data-src=\"https:\/\/turismocoria.es\/turismo\/wp-content\/uploads\/2024\/05\/concierto-11-mayo-240x300.jpg\" alt=\"\" loading=\"lazy\" src=\"data:image\/gif;base64,R0lGODlhAQABAAAAACH5BAEKAAEALAAAAAABAAEAAAICTAEAOw==\" style=\"--smush-placeholder-width: 240px; --smush-placeholder-aspect-ratio: 240\/300;\" \/><noscript><img decoding=\"async\" class=\"spectra-image-gallery__media-thumbnail spectra-image-gallery__media-thumbnail--grid\" src=\"https:\/\/turismocoria.es\/turismo\/wp-content\/uploads\/2024\/05\/concierto-11-mayo-240x300.jpg\" alt=\"\" loading=\"lazy\" \/><\/noscript>\n\t\t\t\t<\/picture>\n\t\t\t\t<div class=\"spectra-image-gallery__media-thumbnail-blurrer\"><\/div>\n\t\t\t\t\t\t\t\t\t\t\t<div class=\"spectra-image-gallery__media-thumbnail-caption-wrapper spectra-image-gallery__media-thumbnail-caption-wrapper--overlay\">\n\t\t\t\t\t\t\t\t\t\t\t<div class=\"spectra-image-gallery__media-thumbnail-caption spectra-image-gallery__media-thumbnail-caption--overlay\">\n\t\t\t\t\tNo Caption\t\t\t\t<\/div>\n\t\t\t\t\t\t\t\t\t\t<\/div>\n\t\t\t\t\t\t\t\t\t<\/div>\n\t\t\t\t\t\t<\/div>\n\t\t\t\t\t\t<div class='spectra-image-gallery__media-wrapper' data-spectra-gallery-image-id='12415' tabindex=\"0\">\n\t\t\t\t\t\t\t<div class=\"spectra-image-gallery__media spectra-image-gallery__media--grid\">\n\t\t\t\t<picture>\n\t\t\t\t\t<source media=\"(min-width: 1024px)\" data-srcset=\"https:\/\/turismocoria.es\/turismo\/wp-content\/uploads\/2024\/05\/aurelio-gallardo.jpg\">\n\t\t\t\t\t<source media=\"(min-width: 768px)\" data-srcset=\"https:\/\/turismocoria.es\/turismo\/wp-content\/uploads\/2024\/05\/aurelio-gallardo.jpg\">\n\t\t\t\t\t<img decoding=\"async\" class=\"spectra-image-gallery__media-thumbnail spectra-image-gallery__media-thumbnail--grid lazyload\" data-src=\"https:\/\/turismocoria.es\/turismo\/wp-content\/uploads\/2024\/05\/aurelio-gallardo-201x300.jpg\" alt=\"\" loading=\"lazy\" src=\"data:image\/gif;base64,R0lGODlhAQABAAAAACH5BAEKAAEALAAAAAABAAEAAAICTAEAOw==\" style=\"--smush-placeholder-width: 201px; --smush-placeholder-aspect-ratio: 201\/300;\" \/><noscript><img decoding=\"async\" class=\"spectra-image-gallery__media-thumbnail spectra-image-gallery__media-thumbnail--grid\" src=\"https:\/\/turismocoria.es\/turismo\/wp-content\/uploads\/2024\/05\/aurelio-gallardo-201x300.jpg\" alt=\"\" loading=\"lazy\" \/><\/noscript>\n\t\t\t\t<\/picture>\n\t\t\t\t<div class=\"spectra-image-gallery__media-thumbnail-blurrer\"><\/div>\n\t\t\t\t\t\t\t\t\t\t\t<div class=\"spectra-image-gallery__media-thumbnail-caption-wrapper spectra-image-gallery__media-thumbnail-caption-wrapper--overlay\">\n\t\t\t\t\t\t\t\t\t\t\t<div class=\"spectra-image-gallery__media-thumbnail-caption spectra-image-gallery__media-thumbnail-caption--overlay\">\n\t\t\t\t\tNo Caption\t\t\t\t<\/div>\n\t\t\t\t\t\t\t\t\t\t<\/div>\n\t\t\t\t\t\t\t\t\t<\/div>\n\t\t\t\t\t\t<\/div>\n\t\t\t\t\t\t<div class='spectra-image-gallery__media-wrapper' data-spectra-gallery-image-id='12414' tabindex=\"0\">\n\t\t\t\t\t\t\t<div class=\"spectra-image-gallery__media spectra-image-gallery__media--grid\">\n\t\t\t\t<picture>\n\t\t\t\t\t<source media=\"(min-width: 1024px)\" data-srcset=\"https:\/\/turismocoria.es\/turismo\/wp-content\/uploads\/2024\/05\/oscar-recio-717x1024.jpg\">\n\t\t\t\t\t<source media=\"(min-width: 768px)\" data-srcset=\"https:\/\/turismocoria.es\/turismo\/wp-content\/uploads\/2024\/05\/oscar-recio-717x1024.jpg\">\n\t\t\t\t\t<img decoding=\"async\" class=\"spectra-image-gallery__media-thumbnail spectra-image-gallery__media-thumbnail--grid lazyload\" data-src=\"https:\/\/turismocoria.es\/turismo\/wp-content\/uploads\/2024\/05\/oscar-recio-210x300.jpg\" alt=\"\" loading=\"lazy\" src=\"data:image\/gif;base64,R0lGODlhAQABAAAAACH5BAEKAAEALAAAAAABAAEAAAICTAEAOw==\" style=\"--smush-placeholder-width: 210px; --smush-placeholder-aspect-ratio: 210\/300;\" \/><noscript><img decoding=\"async\" class=\"spectra-image-gallery__media-thumbnail spectra-image-gallery__media-thumbnail--grid\" src=\"https:\/\/turismocoria.es\/turismo\/wp-content\/uploads\/2024\/05\/oscar-recio-210x300.jpg\" alt=\"\" loading=\"lazy\" \/><\/noscript>\n\t\t\t\t<\/picture>\n\t\t\t\t<div class=\"spectra-image-gallery__media-thumbnail-blurrer\"><\/div>\n\t\t\t\t\t\t\t\t\t\t\t<div class=\"spectra-image-gallery__media-thumbnail-caption-wrapper spectra-image-gallery__media-thumbnail-caption-wrapper--overlay\">\n\t\t\t\t\t\t\t\t\t\t\t<div class=\"spectra-image-gallery__media-thumbnail-caption spectra-image-gallery__media-thumbnail-caption--overlay\">\n\t\t\t\t\tNo Caption\t\t\t\t<\/div>\n\t\t\t\t\t\t\t\t\t\t<\/div>\n\t\t\t\t\t\t\t\t\t<\/div>\n\t\t\t\t\t\t<\/div>\n\t\t\t\t\t\t\t\t\t\t<\/div>\n\t\t\t\t\t\t\t\t\t\t\t\t\t\t\t\t\t\t<\/div>\n\t\t\t\t\t\t\t\t\t\t\t<div class='spectra-image-gallery__control-lightbox' tabindex='0'>\n\t\t\t\t\t\t\t\t\t\t\t<div class=\"swiper spectra-image-gallery__control-lightbox--main\" dir=\"\">\n\t\t\t\t\t<div class=\"swiper-wrapper\">\n\t\t\t\t\t\t\t\t\t\t\t\t\t\n\t\t\t\t\t\t\t<div class=\"swiper-slide\">\n\t\t\t\t\t\t\t\t<img class=\"swiper-lazy\" data-src=\"https:\/\/turismocoria.es\/turismo\/wp-content\/uploads\/2024\/05\/Fiestas-Puebla-2024-scaled.jpg\" alt=\"\"\/>\n\t\t\t\t\t\t\t\t<div class=\"swiper-lazy-preloader swiper-lazy-preloader-white\"><\/div>\n\t\t\t\t\t\t\t\t\t\t\t\t\t\t\t<\/div>\n\t\t\t\t\t\t\t\t\t\t\t\t\t\n\t\t\t\t\t\t\t<div class=\"swiper-slide\">\n\t\t\t\t\t\t\t\t<img class=\"swiper-lazy\" data-src=\"https:\/\/turismocoria.es\/turismo\/wp-content\/uploads\/2024\/05\/toros-puebla-24-scaled.jpg\" alt=\"\"\/>\n\t\t\t\t\t\t\t\t<div class=\"swiper-lazy-preloader swiper-lazy-preloader-white\"><\/div>\n\t\t\t\t\t\t\t\t\t\t\t\t\t\t\t<\/div>\n\t\t\t\t\t\t\t\t\t\t\t\t\t\n\t\t\t\t\t\t\t<div class=\"swiper-slide\">\n\t\t\t\t\t\t\t\t<img class=\"swiper-lazy\" data-src=\"https:\/\/turismocoria.es\/turismo\/wp-content\/uploads\/2024\/05\/decada-prodigiosa.jpg\" alt=\"\"\/>\n\t\t\t\t\t\t\t\t<div class=\"swiper-lazy-preloader swiper-lazy-preloader-white\"><\/div>\n\t\t\t\t\t\t\t\t\t\t\t\t\t\t\t<\/div>\n\t\t\t\t\t\t\t\t\t\t\t\t\t\n\t\t\t\t\t\t\t<div class=\"swiper-slide\">\n\t\t\t\t\t\t\t\t<img class=\"swiper-lazy\" data-src=\"https:\/\/turismocoria.es\/turismo\/wp-content\/uploads\/2024\/05\/concierto-11-mayo.jpg\" alt=\"\"\/>\n\t\t\t\t\t\t\t\t<div class=\"swiper-lazy-preloader swiper-lazy-preloader-white\"><\/div>\n\t\t\t\t\t\t\t\t\t\t\t\t\t\t\t<\/div>\n\t\t\t\t\t\t\t\t\t\t\t\t\t\n\t\t\t\t\t\t\t<div class=\"swiper-slide\">\n\t\t\t\t\t\t\t\t<img class=\"swiper-lazy\" data-src=\"https:\/\/turismocoria.es\/turismo\/wp-content\/uploads\/2024\/05\/aurelio-gallardo.jpg\" alt=\"\"\/>\n\t\t\t\t\t\t\t\t<div class=\"swiper-lazy-preloader swiper-lazy-preloader-white\"><\/div>\n\t\t\t\t\t\t\t\t\t\t\t\t\t\t\t<\/div>\n\t\t\t\t\t\t\t\t\t\t\t\t\t\n\t\t\t\t\t\t\t<div class=\"swiper-slide\">\n\t\t\t\t\t\t\t\t<img class=\"swiper-lazy\" data-src=\"https:\/\/turismocoria.es\/turismo\/wp-content\/uploads\/2024\/05\/oscar-recio.jpg\" alt=\"\"\/>\n\t\t\t\t\t\t\t\t<div class=\"swiper-lazy-preloader swiper-lazy-preloader-white\"><\/div>\n\t\t\t\t\t\t\t\t\t\t\t\t\t\t\t<\/div>\n\t\t\t\t\t\t\t\t\t\t\t<\/div>\n\t\t\t\t\t<div class=\"swiper-button-next\"><\/div>\n\t\t\t\t\t<div class=\"swiper-button-prev\"><\/div>\n\t\t\t\t<\/div>\t\t\t\n\t\t\t\t\t\t\t\t\t\t\t\t\t\t\t\t\t\t\t\t\t\t\t\t\t\t\t\t\t\t\t\t<button class='spectra-image-gallery__control-lightbox--close' aria-label=\"Close\">\n\t\t\t\t\t\t\t\t\t\t\t\t\t<svg xmlns=\"https:\/\/www.w3.org\/2000\/svg\" viewBox= \"0 0 320 512\"><path d=\"M310.6 361.4c12.5 12.5 12.5 32.75 0 45.25C304.4 412.9 296.2 416 288 416s-16.38-3.125-22.62-9.375L160 301.3L54.63 406.6C48.38 412.9 40.19 416 32 416S15.63 412.9 9.375 406.6c-12.5-12.5-12.5-32.75 0-45.25l105.4-105.4L9.375 150.6c-12.5-12.5-12.5-32.75 0-45.25s32.75-12.5 45.25 0L160 210.8l105.4-105.4c12.5-12.5 32.75-12.5 45.25 0s12.5 32.75 0 45.25l-105.4 105.4L310.6 361.4z\"><\/path><\/svg>\n\t\t\t\t\t\t\t\t\t\t\t\t<\/button>\n\t\t\t\t\t\t\t\t\t\t\t\t\t<\/div>\n\t\t\t\t\t\t\t\t\t\n\n<div class=\"tribe-block tribe-block__event-price\">\n\t\t<\/div>\n\n\n<div class=\"tribe-block tribe-block__organizer__details tribe-clearfix\">\n\t<div class=\"tribe-block__organizer__title\">\n\t\t<h3><a href=\"https:\/\/turismocoria.es\/turismo\/organizer\/ayuntamiento-de-coria\/\" title=\"Ayuntamiento de Coria\" target=\"_self\" rel=\"\">Ayuntamiento de Coria<\/a><\/h3>\n\t<\/div>\n\t\t\t<\/div>\n\n\n<div class=\"tribe-block tribe-block__venue tribe-block__venue--has-map\">\n\t\n\t\n<div class=\"tribe-block__venue__meta\">\n\t<div class=\"tribe-block__venue__name\">\n\t\t<h3><a href=\"https:\/\/turismocoria.es\/turismo\/venue\/puebla-de-argeme\/\" title=\"Puebla de Argeme\">Puebla de Argeme<\/a><\/h3>\n\t<\/div>\n\n\t\n\t\t\t<address class=\"tribe-block__venue__address\">\n\t\t\t<span class=\"tribe-address\">\n\n<span class=\"tribe-street-address\">Plaza del Bosque<\/span>\n\t\n\t\t<br>\n\t\t<span class=\"tribe-locality\">Puebla de Argeme<\/span><span class=\"tribe-delimiter\">,<\/span>\n\n\n\t<span class=\"tribe-postal-code\">10811<\/span>\n\n\t<span class=\"tribe-country-name\">Espa\u00f1a<\/span>\n\n<\/span>\n\n\t\t\t\t\t\t\t<a class=\"tribe-events-gmap\" href=\"https:\/\/maps.google.com\/maps?f=q&#038;source=s_q&#038;hl=en&#038;geocode=&#038;q=Plaza+del+Bosque+Puebla+de+Argeme+10811+Espa%C3%B1a\" title=\"Haz clic para ver un mapa de Google\" target=\"_blank\" rel=\"noreferrer noopener\">+ Google Map<\/a>\t\t\t\t\t<\/address>\n\t\n\t\t\t<span class=\"tribe-block__venue__phone\">927508000 Ext- 350<\/span><br \/>\n\t\n\t\n\t<\/div>\n\t\n<div class=\"tribe-block__venue__map\">\n\t\n<iframe loading=\"lazy\"\n  title=\"Google maps iframe displaying the address to Puebla de Argeme\"\n  aria-label=\"Mapa de ubicaci\u00f3n del local\"\n  width=\"100%\"\n  height=\"350px\"\n  frameborder=\"0\" style=\"border:0\"\n  data-src=\"https:\/\/www.google.com\/maps\/embed\/v1\/place?key=AIzaSyDNsicAsP6-VuGtAb1O9riI3oc_NOb7IOU&#038;q=Plaza+del+Bosque+Puebla+de+Argeme+10811+Espa%C3%B1a+&#038;zoom=10\" allowfullscreen src=\"data:image\/gif;base64,R0lGODlhAQABAAAAACH5BAEKAAEALAAAAAABAAEAAAICTAEAOw==\" class=\"lazyload\" data-load-mode=\"1\">\n<\/iframe>\n<\/div>\n\n\t<\/div>\n\n\n\n\n\t<div class=\"tribe-block tribe-block__events-link\">\n\t\t<div class=\"tribe-events tribe-common\">\n\t\t\t<div class=\"tribe-events-c-subscribe-dropdown__container\">\n\t\t\t\t<div class=\"tribe-events-c-subscribe-dropdown\">\n\t\t\t\t\t<div class=\"tribe-common-c-btn-border tribe-events-c-subscribe-dropdown__button\" tabindex=\"0\">\n\t\t\t\t\t\t<svg  class=\"tribe-common-c-svgicon tribe-common-c-svgicon--cal-export tribe-events-c-subscribe-dropdown__export-icon\"  viewBox=\"0 0 23 17\" xmlns=\"http:\/\/www.w3.org\/2000\/svg\">\n  <path fill-rule=\"evenodd\" clip-rule=\"evenodd\" d=\"M.128.896V16.13c0 .211.145.383.323.383h15.354c.179 0 .323-.172.323-.383V.896c0-.212-.144-.383-.323-.383H.451C.273.513.128.684.128.896Zm16 6.742h-.901V4.679H1.009v10.729h14.218v-3.336h.901V7.638ZM1.01 1.614h14.218v2.058H1.009V1.614Z\" \/>\n  <path d=\"M20.5 9.846H8.312M18.524 6.953l2.89 2.909-2.855 2.855\" stroke-width=\"1.2\" stroke-linecap=\"round\" stroke-linejoin=\"round\"\/>\n<\/svg>\n\t\t\t\t\t\t<button class=\"tribe-events-c-subscribe-dropdown__button-text\">\n\t\t\t\t\t\t\tA\u00f1adir al calendario\t\t\t\t\t\t<\/button>\n\t\t\t\t\t\t<svg  class=\"tribe-common-c-svgicon tribe-common-c-svgicon--caret-down tribe-events-c-subscribe-dropdown__button-icon\"  viewBox=\"0 0 10 7\" xmlns=\"http:\/\/www.w3.org\/2000\/svg\"><path fill-rule=\"evenodd\" clip-rule=\"evenodd\" d=\"M1.008.609L5 4.6 8.992.61l.958.958L5 6.517.05 1.566l.958-.958z\" class=\"tribe-common-c-svgicon__svg-fill\"\/><\/svg>\n\t\t\t\t\t<\/div>\n\t\t\t\t\t<div class=\"tribe-events-c-subscribe-dropdown__content\">\n\t\t\t\t\t\t<ul class=\"tribe-events-c-subscribe-dropdown__list\" tabindex=\"0\">\n\t\t\t\t\t\t\t\t\t\t\t\t\t\t\t<li class=\"tribe-events-c-subscribe-dropdown__list-item\">\n\t\t\t\t\t\t\t\t\t<a\n\t\t\t\t\t\t\t\t\t\thref=\"https:\/\/www.google.com\/calendar\/event?action=TEMPLATE&#038;dates=20240507T210000\/20240513T233000&#038;text=Fiestas%20Patronales%20de%20Puebla%20de%20Argeme%202024&#038;details=%3C%21--+wp%3Atribe%2Fevent-datetime+%2F--%3E%3C%21--+wp%3Aparagraph+--%3E%3Cp%3E%3Cstrong%3EProgramaci%C3%B3n%3C%2Fstrong%3E%3C%2Fp%3E%3C%21--+%2Fwp%3Aparagraph+--%3E%3C%21--+wp%3Aparagraph+--%3E%3Cp%3E%3Cstrong%3E%3Cu%3EMartes+7%3C%2Fu%3E%3C%2Fstrong%3E%3Cbr%3E21%3A00h+%3Cstrong%3EActuaci%C3%B3n+de+la+Escuela+de+Baile+Natasha+Pulido%3C%2Fstrong%3E+%28flamenco%2C+baile+urbano...%29%3C%2Fp%3E%3C%21--+%2Fwp%3Aparagraph+--%3E%3C%21--+wp%3Aparagraph+--%3E%3Cp%3E%3Cstrong%3E%3Cu%3EMi%C3%A9rcoles+8%3C%2Fu%3E%3C%2Fstrong%3E%3Cbr%3E21%3A30+h+Actuaci%C3%B3n+musical+infantil+%E2%80%9C%3Cstrong%3EJotas%3C%2Fstrong%3E%E2%80%9D.%3C%2Fp%3E%3C%21--+%2Fwp%3Aparagraph+--%3E%3C%21--+wp%3Aparagraph+--%3E%3Cp%3E%3Cstrong%3E%3Cu%3EJueves+9%3C%2Fu%3E%3C%2Fstrong%3E%3Cbr%3E21%3A00+h+Actuaci%C3%B3n+musical.%3Cstrong%3E+Grupo+de+Coros+y+Danzas+%E2%80%9CLa+Vara%E2%80%9D%3C%2Fstrong%3E.%3C%2Fp%3E%3C%21--+%2Fwp%3Aparagraph+--%3E%3C%21--+wp%3Aparagraph+--%%20(Ver%20aqu\u00ed%20la%20descripci\u00f3n%20completa%20de%20evento:%20https:\/\/turismocoria.es\/turismo\/evento\/fiestas-patronales-de-puebla-de-argeme-2024\/)&#038;location=Puebla%20de%20Argeme,%20Plaza%20del%20Bosque,%20Puebla%20de%20Argeme,%2010811,%20Espa\u00f1a&#038;trp=false&#038;ctz=Europe\/Madrid&#038;sprop=website:https:\/\/turismocoria.es\/turismo\"\n\t\t\t\t\t\t\t\t\t\tclass=\"tribe-events-c-subscribe-dropdown__list-item-link\"\n\t\t\t\t\t\t\t\t\t\ttabindex=\"0\"\n\t\t\t\t\t\t\t\t\t\ttarget=\"_blank\"\n\t\t\t\t\t\t\t\t\t\trel=\"noopener noreferrer nofollow noindex\"\n\t\t\t\t\t\t\t\t\t>\n\t\t\t\t\t\t\t\t\t\tGoogle Calendar\t\t\t\t\t\t\t\t\t<\/a>\n\t\t\t\t\t\t\t\t<\/li>\n\t\t\t\t\t\t\t\t\t\t\t\t\t\t\t<li class=\"tribe-events-c-subscribe-dropdown__list-item\">\n\t\t\t\t\t\t\t\t\t<a\n\t\t\t\t\t\t\t\t\t\thref=\"\"\n\t\t\t\t\t\t\t\t\t\tclass=\"tribe-events-c-subscribe-dropdown__list-item-link\"\n\t\t\t\t\t\t\t\t\t\ttabindex=\"0\"\n\t\t\t\t\t\t\t\t\t\ttarget=\"_blank\"\n\t\t\t\t\t\t\t\t\t\trel=\"noopener noreferrer nofollow noindex\"\n\t\t\t\t\t\t\t\t\t>\n\t\t\t\t\t\t\t\t\t\tiCalendar\t\t\t\t\t\t\t\t\t<\/a>\n\t\t\t\t\t\t\t\t<\/li>\n\t\t\t\t\t\t\t\t\t\t\t\t\t\t\t<li class=\"tribe-events-c-subscribe-dropdown__list-item\">\n\t\t\t\t\t\t\t\t\t<a\n\t\t\t\t\t\t\t\t\t\thref=\"\"\n\t\t\t\t\t\t\t\t\t\tclass=\"tribe-events-c-subscribe-dropdown__list-item-link\"\n\t\t\t\t\t\t\t\t\t\ttabindex=\"0\"\n\t\t\t\t\t\t\t\t\t\ttarget=\"_blank\"\n\t\t\t\t\t\t\t\t\t\trel=\"noopener noreferrer nofollow noindex\"\n\t\t\t\t\t\t\t\t\t>\n\t\t\t\t\t\t\t\t\t\tOutlook 365\t\t\t\t\t\t\t\t\t<\/a>\n\t\t\t\t\t\t\t\t<\/li>\n\t\t\t\t\t\t\t\t\t\t\t\t\t\t\t<li class=\"tribe-events-c-subscribe-dropdown__list-item\">\n\t\t\t\t\t\t\t\t\t<a\n\t\t\t\t\t\t\t\t\t\thref=\"\"\n\t\t\t\t\t\t\t\t\t\tclass=\"tribe-events-c-subscribe-dropdown__list-item-link\"\n\t\t\t\t\t\t\t\t\t\ttabindex=\"0\"\n\t\t\t\t\t\t\t\t\t\ttarget=\"_blank\"\n\t\t\t\t\t\t\t\t\t\trel=\"noopener noreferrer nofollow noindex\"\n\t\t\t\t\t\t\t\t\t>\n\t\t\t\t\t\t\t\t\t\tOutlook Live\t\t\t\t\t\t\t\t\t<\/a>\n\t\t\t\t\t\t\t\t<\/li>\n\t\t\t\t\t\t\t\t\t\t\t\t\t<\/ul>\n\t\t\t\t\t<\/div>\n\t\t\t\t<\/div>\n\t\t\t<\/div>\n\t\t<\/div>\n\t<\/div>\n\n","protected":false},"excerpt":{"rendered":"<p>Programaci\u00f3n Martes 721:00h Actuaci\u00f3n de la Escuela de Baile Natasha Pulido (flamenco, baile urbano&#8230;) Mi\u00e9rcoles 821:30 h Actuaci\u00f3n musical infantil \u201cJotas\u201d. Jueves 921:00 h Actuaci\u00f3n musical. Grupo de Coros y Danzas \u201cLa Vara\u201d. Viernes 1018:00h Tirada de cohetes de Inicio de Fiestas.20:00h Lidia de 1 Toro por las calles.23:59h Concierto \u201cLa D\u00e9cada Prodigiosa\u201d. S\u00e1bado 1101:30h [&hellip;]<\/p>\n","protected":false},"author":4,"featured_media":12413,"comment_status":"closed","ping_status":"closed","template":"","meta":{"_uag_custom_page_level_css":"","site-sidebar-layout":"default","site-content-layout":"","ast-site-content-layout":"default","site-content-style":"default","site-sidebar-style":"default","ast-global-header-display":"","ast-banner-title-visibility":"","ast-main-header-display":"","ast-hfb-above-header-display":"","ast-hfb-below-header-display":"","ast-hfb-mobile-header-display":"","site-post-title":"","ast-breadcrumbs-content":"","ast-featured-img":"","footer-sml-layout":"","theme-transparent-header-meta":"","adv-header-id-meta":"","stick-header-meta":"","header-above-stick-meta":"","header-main-stick-meta":"","header-below-stick-meta":"","astra-migrate-meta-layouts":"set","ast-page-background-enabled":"default","ast-page-background-meta":{"desktop":{"background-color":"","background-image":"","background-repeat":"repeat","background-position":"center center","background-size":"auto","background-attachment":"scroll","background-type":"","background-media":"","overlay-type":"","overlay-color":"","overlay-opacity":"","overlay-gradient":""},"tablet":{"background-color":"","background-image":"","background-repeat":"repeat","background-position":"center center","background-size":"auto","background-attachment":"scroll","background-type":"","background-media":"","overlay-type":"","overlay-color":"","overlay-opacity":"","overlay-gradient":""},"mobile":{"background-color":"","background-image":"","background-repeat":"repeat","background-position":"center center","background-size":"auto","background-attachment":"scroll","background-type":"","background-media":"","overlay-type":"","overlay-color":"","overlay-opacity":"","overlay-gradient":""}},"ast-content-background-meta":{"desktop":{"background-color":"var(--ast-global-color-5)","background-image":"","background-repeat":"repeat","background-position":"center center","background-size":"auto","background-attachment":"scroll","background-type":"","background-media":"","overlay-type":"","overlay-color":"","overlay-opacity":"","overlay-gradient":""},"tablet":{"background-color":"var(--ast-global-color-5)","background-image":"","background-repeat":"repeat","background-position":"center center","background-size":"auto","background-attachment":"scroll","background-type":"","background-media":"","overlay-type":"","overlay-color":"","overlay-opacity":"","overlay-gradient":""},"mobile":{"background-color":"var(--ast-global-color-5)","background-image":"","background-repeat":"repeat","background-position":"center center","background-size":"auto","background-attachment":"scroll","background-type":"","background-media":"","overlay-type":"","overlay-color":"","overlay-opacity":"","overlay-gradient":""}},"_EventAllDay":false,"_EventTimezone":"Europe\/Madrid","_EventStartDate":"2024-05-07 21:00:00","_EventEndDate":"2024-05-13 23:30:00","_EventStartDateUTC":"2024-05-07 19:00:00","_EventEndDateUTC":"2024-05-13 21:30:00","_EventShowMap":true,"_EventShowMapLink":true,"_EventURL":"","_EventCost":"","_EventCostDescription":"","_EventCurrencySymbol":"\u20ac","_EventCurrencyCode":"EUR","_EventCurrencyPosition":"suffix","_EventDateTimeSeparator":"-","_EventTimeRangeSeparator":" - ","_EventOrganizerID":[11943],"_EventVenueID":12412,"_OrganizerEmail":"","_OrganizerPhone":"","_OrganizerWebsite":"","_VenueAddress":"","_VenueCity":"","_VenueCountry":"","_VenueProvince":"","_VenueZip":"","_VenuePhone":"","_VenueURL":"","_VenueStateProvince":"","_VenueLat":"","_VenueLng":"","_tribe_events_status":"","_tribe_events_status_reason":"","footnotes":""},"tags":[495],"tribe_events_cat":[],"class_list":["post-12411","tribe_events","type-tribe_events","status-publish","has-post-thumbnail","hentry","tag-puebla"],"uagb_featured_image_src":{"full":["https:\/\/turismocoria.es\/turismo\/wp-content\/uploads\/2024\/05\/Fiestas-Puebla-2024-scaled.jpg",1810,2560,false],"thumbnail":["https:\/\/turismocoria.es\/turismo\/wp-content\/uploads\/2024\/05\/Fiestas-Puebla-2024-150x150.jpg",150,150,true],"medium":["https:\/\/turismocoria.es\/turismo\/wp-content\/uploads\/2024\/05\/Fiestas-Puebla-2024-212x300.jpg",212,300,true],"medium_large":["https:\/\/turismocoria.es\/turismo\/wp-content\/uploads\/2024\/05\/Fiestas-Puebla-2024-768x1086.jpg",768,1086,true],"large":["https:\/\/turismocoria.es\/turismo\/wp-content\/uploads\/2024\/05\/Fiestas-Puebla-2024-724x1024.jpg",724,1024,true],"gs-tiny":["https:\/\/turismocoria.es\/turismo\/wp-content\/uploads\/2024\/05\/Fiestas-Puebla-2024-50x71.jpg",50,71,true],"xl":["https:\/\/turismocoria.es\/turismo\/wp-content\/uploads\/2024\/05\/Fiestas-Puebla-2024-1600x2263.jpg",1600,2263,true],"xxl":["https:\/\/turismocoria.es\/turismo\/wp-content\/uploads\/2024\/05\/Fiestas-Puebla-2024-2200x3111.jpg",2200,3111,true],"xxxl":["https:\/\/turismocoria.es\/turismo\/wp-content\/uploads\/2024\/05\/Fiestas-Puebla-2024-scaled.jpg",1810,2560,false],"xxxxl":["https:\/\/turismocoria.es\/turismo\/wp-content\/uploads\/2024\/05\/Fiestas-Puebla-2024-scaled.jpg",1810,2560,false],"xxxxxl":["https:\/\/turismocoria.es\/turismo\/wp-content\/uploads\/2024\/05\/Fiestas-Puebla-2024-scaled.jpg",1810,2560,false],"1536x1536":["https:\/\/turismocoria.es\/turismo\/wp-content\/uploads\/2024\/05\/Fiestas-Puebla-2024-1086x1536.jpg",1086,1536,true],"2048x2048":["https:\/\/turismocoria.es\/turismo\/wp-content\/uploads\/2024\/05\/Fiestas-Puebla-2024-1448x2048.jpg",1448,2048,true],"ultp_layout_landscape_large":["https:\/\/turismocoria.es\/turismo\/wp-content\/uploads\/2024\/05\/Fiestas-Puebla-2024-1200x800.jpg",1200,800,true],"ultp_layout_landscape":["https:\/\/turismocoria.es\/turismo\/wp-content\/uploads\/2024\/05\/Fiestas-Puebla-2024-870x570.jpg",870,570,true],"ultp_layout_portrait":["https:\/\/turismocoria.es\/turismo\/wp-content\/uploads\/2024\/05\/Fiestas-Puebla-2024-600x900.jpg",600,900,true],"ultp_layout_square":["https:\/\/turismocoria.es\/turismo\/wp-content\/uploads\/2024\/05\/Fiestas-Puebla-2024-600x600.jpg",600,600,true],"gb-block-post-grid-landscape":["https:\/\/turismocoria.es\/turismo\/wp-content\/uploads\/2024\/05\/Fiestas-Puebla-2024-600x400.jpg",600,400,true],"gb-block-post-grid-square":["https:\/\/turismocoria.es\/turismo\/wp-content\/uploads\/2024\/05\/Fiestas-Puebla-2024-600x600.jpg",600,600,true]},"uagb_author_info":{"display_name":"Oficina Turismo","author_link":"https:\/\/turismocoria.es\/turismo\/author\/oficina\/"},"uagb_comment_info":0,"uagb_excerpt":"Programaci\u00f3n Martes 721:00h Actuaci\u00f3n de la Escuela de Baile Natasha Pulido (flamenco, baile urbano&#8230;) Mi\u00e9rcoles 821:30 h Actuaci\u00f3n musical infantil \u201cJotas\u201d. Jueves 921:00 h Actuaci\u00f3n musical. Grupo de Coros y Danzas \u201cLa Vara\u201d. Viernes 1018:00h Tirada de cohetes de Inicio de Fiestas.20:00h Lidia de 1 Toro por las calles.23:59h Concierto \u201cLa D\u00e9cada Prodigiosa\u201d. S\u00e1bado 1101:30h&hellip;","_links":{"self":[{"href":"https:\/\/turismocoria.es\/turismo\/wp-json\/wp\/v2\/tribe_events\/12411"}],"collection":[{"href":"https:\/\/turismocoria.es\/turismo\/wp-json\/wp\/v2\/tribe_events"}],"about":[{"href":"https:\/\/turismocoria.es\/turismo\/wp-json\/wp\/v2\/types\/tribe_events"}],"author":[{"embeddable":true,"href":"https:\/\/turismocoria.es\/turismo\/wp-json\/wp\/v2\/users\/4"}],"replies":[{"embeddable":true,"href":"https:\/\/turismocoria.es\/turismo\/wp-json\/wp\/v2\/comments?post=12411"}],"version-history":[{"count":3,"href":"https:\/\/turismocoria.es\/turismo\/wp-json\/wp\/v2\/tribe_events\/12411\/revisions"}],"predecessor-version":[{"id":12434,"href":"https:\/\/turismocoria.es\/turismo\/wp-json\/wp\/v2\/tribe_events\/12411\/revisions\/12434"}],"wp:featuredmedia":[{"embeddable":true,"href":"https:\/\/turismocoria.es\/turismo\/wp-json\/wp\/v2\/media\/12413"}],"wp:attachment":[{"href":"https:\/\/turismocoria.es\/turismo\/wp-json\/wp\/v2\/media?parent=12411"}],"wp:term":[{"taxonomy":"post_tag","embeddable":true,"href":"https:\/\/turismocoria.es\/turismo\/wp-json\/wp\/v2\/tags?post=12411"},{"taxonomy":"tribe_events_cat","embeddable":true,"href":"https:\/\/turismocoria.es\/turismo\/wp-json\/wp\/v2\/tribe_events_cat?post=12411"}],"curies":[{"name":"wp","href":"https:\/\/api.w.org\/{rel}","templated":true}]}}