{"id":12379,"date":"2024-04-16T11:34:16","date_gmt":"2024-04-16T09:34:16","guid":{"rendered":"https:\/\/turismocoria.es\/turismo\/?post_type=tribe_events&#038;p=12379"},"modified":"2024-04-16T11:34:20","modified_gmt":"2024-04-16T09:34:20","slug":"ii-ruta-gastronomica-de-tapas-coria-encueros","status":"publish","type":"tribe_events","link":"https:\/\/turismocoria.es\/turismo\/evento\/ii-ruta-gastronomica-de-tapas-coria-encueros\/","title":{"rendered":"II Ruta Gastron\u00f3mica de Tapas \u201cCoria Encueros\u201d"},"content":{"rendered":"<div class=\"tribe-events-schedule tribe-clearfix\">\n\t<h2 class=\"tribe-events-schedule__datetime\">\n\t\t<span class=\"tribe-events-schedule__date tribe-events-schedule__date--start\">\n\t\t\t19 04 2024\t\t<\/span>\n\n\t\t\n\t\t\t\t\t\t\t\t\t<span class=\"tribe-events-schedule__separator tribe-events-schedule__separator--time\">\n\t\t\t\t\t &#8211; \t\t\t\t<\/span>\n\t\t\t\n\t\t\t\t\t\t\t<span class=\"tribe-events-schedule__date tribe-events-schedule__date--end\">\n\t\t\t\t\t21 04 2024\t\t\t\t<\/span>\n\n\t\t\t\t\n\t\t\t\n\t\t\t\t\t\t<\/h2>\n<\/div>\n\n\n\n<p>El II Certamen Gastron\u00f3mico \u201cCoria Encueros\u201d tendr\u00e1 lugar el fin de semana del 19 al 21 de abril de 2024 en diferentes establecimientos Hosteleros de Coria. El evento est\u00e1 organizado por el Ayuntamiento de Coria y cuenta con la&nbsp; colaboraci\u00f3n de la Hosteler\u00eda de Coria.<\/p>\n\n\n\n<p>Establecimientos participantes:<\/p>\n\n\n\n<p><strong>Restaurante San Crist\u00f3bal<\/strong><br>Ctra. de Ciudad Rodrigo, Km 33<\/p>\n\n\n\n<p><strong>Restaurante Asador Higuera<\/strong><br>Ctra. de Casillas de Coria, Km 1<\/p>\n\n\n\n<p><strong>Caf\u00e9-Bar El Paso<\/strong><br>Avda. Monse\u00f1or Riveri, 1<\/p>\n\n\n\n<p><strong>Restaurante MaGar AHC Palacio Coria<\/strong><br>Plaza de la Catedral, s\/n<\/p>\n\n\n\n<p><strong>Taper\u00eda La Posada<\/strong><br>Plaza del Mentidero, 1<\/p>\n\n\n\n<p><strong>Restaurante Palacio Ducal de Alba<\/strong><br>Plazuela del Duque, 7<\/p>\n\n\n\n<p><strong>Cafeter\u00eda Al-Karika<\/strong><br>Calle Encierro, 8<\/p>\n\n\n\n<p><strong>Restaurante Campana<\/strong><br>Plaza de San Pedro, 5<\/p>\n\n\n\n<p><strong>Caf\u00e9-Bar Grana y Oro<\/strong><br>Calle Almanzor, 13<\/p>\n\n\n\n<p><strong>Restaurante Casa Maxi<\/strong><br>Calle Cruz de Piedra, 1<\/p>\n\n\n\n<p><strong>Caf\u00e9-Bar Nuevos Deportes<\/strong><br>Avda. Virgen de Argeme, 9 \u2013 Bajo Izqda.<\/p>\n\n\n\n<p><strong>Restaurante San Juan<\/strong><br>Calle Alcalde Francisco Lomo, 31<\/p>\n\n\n\n<p><strong>Caf\u00e9-Bar Horno El Molino<\/strong><br>Calle C\u00e1ceres, 4<\/p>\n\n\n\n<p><strong>Caf\u00e9-Bar Gale\u00f3n<\/strong><br>Avda. Virgen de Argeme, 13<\/p>\n\n\n\n<p><strong>Restaurante Montesol<\/strong><br>Ctra. Puente de Hierro, s\/n<\/p>\n\n\n\n<p><strong>Gastro-Bar Truchas<\/strong><br>Avda. Virgen de Argeme, 51- Bajo<\/p>\n\n\n\n<p>&nbsp;<strong>Caf\u00e9-Bar Candilejas<\/strong><br>Avda. Virgen de Argeme, 41<\/p>\n\n\n<div class=\"tribe-block tribe-block__event-price\">\n\t\t<\/div>\n\n\n<div class=\"tribe-block tribe-block__organizer__details tribe-clearfix\">\n\t<div class=\"tribe-block__organizer__title\">\n\t\t<h3><a href=\"https:\/\/turismocoria.es\/turismo\/organizer\/ayuntamiento-de-coria\/\" title=\"Ayuntamiento de Coria\" target=\"_self\" rel=\"\">Ayuntamiento de Coria<\/a><\/h3>\n\t<\/div>\n\t\t\t<\/div>\n\n\n<div class=\"tribe-block tribe-block__venue tribe-block__venue--has-map\">\n\t\n\t\t\n\t<\/div>\n\n\n\n\n\t<div class=\"tribe-block tribe-block__events-link\">\n\t\t<div class=\"tribe-events tribe-common\">\n\t\t\t<div class=\"tribe-events-c-subscribe-dropdown__container\">\n\t\t\t\t<div class=\"tribe-events-c-subscribe-dropdown\">\n\t\t\t\t\t<div class=\"tribe-common-c-btn-border tribe-events-c-subscribe-dropdown__button\" tabindex=\"0\">\n\t\t\t\t\t\t<svg  class=\"tribe-common-c-svgicon tribe-common-c-svgicon--cal-export tribe-events-c-subscribe-dropdown__export-icon\"  viewBox=\"0 0 23 17\" xmlns=\"http:\/\/www.w3.org\/2000\/svg\">\n  <path fill-rule=\"evenodd\" clip-rule=\"evenodd\" d=\"M.128.896V16.13c0 .211.145.383.323.383h15.354c.179 0 .323-.172.323-.383V.896c0-.212-.144-.383-.323-.383H.451C.273.513.128.684.128.896Zm16 6.742h-.901V4.679H1.009v10.729h14.218v-3.336h.901V7.638ZM1.01 1.614h14.218v2.058H1.009V1.614Z\" \/>\n  <path d=\"M20.5 9.846H8.312M18.524 6.953l2.89 2.909-2.855 2.855\" stroke-width=\"1.2\" stroke-linecap=\"round\" stroke-linejoin=\"round\"\/>\n<\/svg>\n\t\t\t\t\t\t<button class=\"tribe-events-c-subscribe-dropdown__button-text\">\n\t\t\t\t\t\t\tA\u00f1adir al calendario\t\t\t\t\t\t<\/button>\n\t\t\t\t\t\t<svg  class=\"tribe-common-c-svgicon tribe-common-c-svgicon--caret-down tribe-events-c-subscribe-dropdown__button-icon\"  viewBox=\"0 0 10 7\" xmlns=\"http:\/\/www.w3.org\/2000\/svg\"><path fill-rule=\"evenodd\" clip-rule=\"evenodd\" d=\"M1.008.609L5 4.6 8.992.61l.958.958L5 6.517.05 1.566l.958-.958z\" class=\"tribe-common-c-svgicon__svg-fill\"\/><\/svg>\n\t\t\t\t\t<\/div>\n\t\t\t\t\t<div class=\"tribe-events-c-subscribe-dropdown__content\">\n\t\t\t\t\t\t<ul class=\"tribe-events-c-subscribe-dropdown__list\" tabindex=\"0\">\n\t\t\t\t\t\t\t\t\t\t\t\t\t\t\t<li class=\"tribe-events-c-subscribe-dropdown__list-item\">\n\t\t\t\t\t\t\t\t\t<a\n\t\t\t\t\t\t\t\t\t\thref=\"https:\/\/www.google.com\/calendar\/event?action=TEMPLATE&#038;dates=20240419T000000\/20240421T235959&#038;text=II%20Ruta%20Gastron%C3%B3mica%20de%20Tapas%20%E2%80%9CCoria%20Encueros%E2%80%9D&#038;details=%3C%21--+wp%3Atribe%2Fevent-datetime+%2F--%3E%3C%21--+wp%3Aparagraph+--%3E%3Cp%3EEl+II+Certamen+Gastron%C3%B3mico+%E2%80%9CCoria+Encueros%E2%80%9D+tendr%C3%A1+lugar+el+fin+de+semana+del+19+al+21+de+abril+de+2024+en+diferentes+establecimientos+Hosteleros+de+Coria.+El+evento+est%C3%A1+organizado+por+el+Ayuntamiento+de+Coria+y+cuenta+con+la%26nbsp%3B+colaboraci%C3%B3n+de+la+Hosteler%C3%ADa+de+Coria.%3C%2Fp%3E%3C%21--+%2Fwp%3Aparagraph+--%3E%3C%21--+wp%3Aparagraph+--%3E%3Cp%3EEstablecimientos+participantes%3A%3C%2Fp%3E%3C%21--+%2Fwp%3Aparagraph+--%3E%3C%21--+wp%3Aparagraph+--%3E%3Cp%3E%3Cstrong%3ERestaurante+San+Crist%C3%B3bal%3C%2Fstrong%3E%3Cbr%3ECtra.+de+Ciudad+Rodrigo%2C+Km+33%3C%2Fp%3E%3C%21--+%2Fwp%3Aparagraph+--%3E%3C%21--+wp%3Aparagraph+--%3E%3Cp%3E%3Cstrong%3ERestaurante+Asador+Higuera%3C%2Fstrong%3E%3Cbr%3ECtra.+de+Casillas+de+Coria%2C+Km+1%3C%2Fp%3E%3C%21--+%2Fwp%3Aparagraph+--%3E%3C%21--+wp%3Aparagraph+--%3E%3Cp%3E%3C%20(Ver%20aqu\u00ed%20la%20descripci\u00f3n%20completa%20de%20evento:%20https:\/\/turismocoria.es\/turismo\/evento\/ii-ruta-gastronomica-de-tapas-coria-encueros\/)&#038;trp=false&#038;ctz=Europe\/Madrid&#038;sprop=website:https:\/\/turismocoria.es\/turismo\"\n\t\t\t\t\t\t\t\t\t\tclass=\"tribe-events-c-subscribe-dropdown__list-item-link\"\n\t\t\t\t\t\t\t\t\t\ttabindex=\"0\"\n\t\t\t\t\t\t\t\t\t\ttarget=\"_blank\"\n\t\t\t\t\t\t\t\t\t\trel=\"noopener noreferrer nofollow noindex\"\n\t\t\t\t\t\t\t\t\t>\n\t\t\t\t\t\t\t\t\t\tGoogle Calendar\t\t\t\t\t\t\t\t\t<\/a>\n\t\t\t\t\t\t\t\t<\/li>\n\t\t\t\t\t\t\t\t\t\t\t\t\t\t\t<li class=\"tribe-events-c-subscribe-dropdown__list-item\">\n\t\t\t\t\t\t\t\t\t<a\n\t\t\t\t\t\t\t\t\t\thref=\"\"\n\t\t\t\t\t\t\t\t\t\tclass=\"tribe-events-c-subscribe-dropdown__list-item-link\"\n\t\t\t\t\t\t\t\t\t\ttabindex=\"0\"\n\t\t\t\t\t\t\t\t\t\ttarget=\"_blank\"\n\t\t\t\t\t\t\t\t\t\trel=\"noopener noreferrer nofollow noindex\"\n\t\t\t\t\t\t\t\t\t>\n\t\t\t\t\t\t\t\t\t\tiCalendar\t\t\t\t\t\t\t\t\t<\/a>\n\t\t\t\t\t\t\t\t<\/li>\n\t\t\t\t\t\t\t\t\t\t\t\t\t\t\t<li class=\"tribe-events-c-subscribe-dropdown__list-item\">\n\t\t\t\t\t\t\t\t\t<a\n\t\t\t\t\t\t\t\t\t\thref=\"\"\n\t\t\t\t\t\t\t\t\t\tclass=\"tribe-events-c-subscribe-dropdown__list-item-link\"\n\t\t\t\t\t\t\t\t\t\ttabindex=\"0\"\n\t\t\t\t\t\t\t\t\t\ttarget=\"_blank\"\n\t\t\t\t\t\t\t\t\t\trel=\"noopener noreferrer nofollow noindex\"\n\t\t\t\t\t\t\t\t\t>\n\t\t\t\t\t\t\t\t\t\tOutlook 365\t\t\t\t\t\t\t\t\t<\/a>\n\t\t\t\t\t\t\t\t<\/li>\n\t\t\t\t\t\t\t\t\t\t\t\t\t\t\t<li class=\"tribe-events-c-subscribe-dropdown__list-item\">\n\t\t\t\t\t\t\t\t\t<a\n\t\t\t\t\t\t\t\t\t\thref=\"\"\n\t\t\t\t\t\t\t\t\t\tclass=\"tribe-events-c-subscribe-dropdown__list-item-link\"\n\t\t\t\t\t\t\t\t\t\ttabindex=\"0\"\n\t\t\t\t\t\t\t\t\t\ttarget=\"_blank\"\n\t\t\t\t\t\t\t\t\t\trel=\"noopener noreferrer nofollow noindex\"\n\t\t\t\t\t\t\t\t\t>\n\t\t\t\t\t\t\t\t\t\tOutlook Live\t\t\t\t\t\t\t\t\t<\/a>\n\t\t\t\t\t\t\t\t<\/li>\n\t\t\t\t\t\t\t\t\t\t\t\t\t<\/ul>\n\t\t\t\t\t<\/div>\n\t\t\t\t<\/div>\n\t\t\t<\/div>\n\t\t<\/div>\n\t<\/div>\n\n","protected":false},"excerpt":{"rendered":"<p>El II Certamen Gastron\u00f3mico \u201cCoria Encueros\u201d tendr\u00e1 lugar el fin de semana del 19 al 21 de abril de 2024 en diferentes establecimientos Hosteleros de Coria. El evento est\u00e1 organizado por el Ayuntamiento de Coria y cuenta con la&nbsp; colaboraci\u00f3n de la Hosteler\u00eda de Coria. Establecimientos participantes: Restaurante San Crist\u00f3balCtra. de Ciudad Rodrigo, Km 33 [&hellip;]<\/p>\n","protected":false},"author":4,"featured_media":12380,"comment_status":"closed","ping_status":"closed","template":"","meta":{"_uag_custom_page_level_css":"","site-sidebar-layout":"default","site-content-layout":"","ast-site-content-layout":"default","site-content-style":"default","site-sidebar-style":"default","ast-global-header-display":"","ast-banner-title-visibility":"","ast-main-header-display":"","ast-hfb-above-header-display":"","ast-hfb-below-header-display":"","ast-hfb-mobile-header-display":"","site-post-title":"","ast-breadcrumbs-content":"","ast-featured-img":"","footer-sml-layout":"","theme-transparent-header-meta":"","adv-header-id-meta":"","stick-header-meta":"","header-above-stick-meta":"","header-main-stick-meta":"","header-below-stick-meta":"","astra-migrate-meta-layouts":"set","ast-page-background-enabled":"default","ast-page-background-meta":{"desktop":{"background-color":"","background-image":"","background-repeat":"repeat","background-position":"center center","background-size":"auto","background-attachment":"scroll","background-type":"","background-media":"","overlay-type":"","overlay-color":"","overlay-opacity":"","overlay-gradient":""},"tablet":{"background-color":"","background-image":"","background-repeat":"repeat","background-position":"center center","background-size":"auto","background-attachment":"scroll","background-type":"","background-media":"","overlay-type":"","overlay-color":"","overlay-opacity":"","overlay-gradient":""},"mobile":{"background-color":"","background-image":"","background-repeat":"repeat","background-position":"center center","background-size":"auto","background-attachment":"scroll","background-type":"","background-media":"","overlay-type":"","overlay-color":"","overlay-opacity":"","overlay-gradient":""}},"ast-content-background-meta":{"desktop":{"background-color":"var(--ast-global-color-5)","background-image":"","background-repeat":"repeat","background-position":"center center","background-size":"auto","background-attachment":"scroll","background-type":"","background-media":"","overlay-type":"","overlay-color":"","overlay-opacity":"","overlay-gradient":""},"tablet":{"background-color":"var(--ast-global-color-5)","background-image":"","background-repeat":"repeat","background-position":"center center","background-size":"auto","background-attachment":"scroll","background-type":"","background-media":"","overlay-type":"","overlay-color":"","overlay-opacity":"","overlay-gradient":""},"mobile":{"background-color":"var(--ast-global-color-5)","background-image":"","background-repeat":"repeat","background-position":"center center","background-size":"auto","background-attachment":"scroll","background-type":"","background-media":"","overlay-type":"","overlay-color":"","overlay-opacity":"","overlay-gradient":""}},"_EventAllDay":true,"_EventTimezone":"Europe\/Madrid","_EventStartDate":"2024-04-19 00:00:00","_EventEndDate":"2024-04-21 23:59:59","_EventStartDateUTC":"2024-04-18 22:00:00","_EventEndDateUTC":"2024-04-21 21:59:59","_EventShowMap":true,"_EventShowMapLink":true,"_EventURL":"","_EventCost":"","_EventCostDescription":"","_EventCurrencySymbol":"\u20ac","_EventCurrencyCode":"EUR","_EventCurrencyPosition":"suffix","_EventDateTimeSeparator":"-","_EventTimeRangeSeparator":" - ","_EventOrganizerID":[11943],"_EventVenueID":0,"_OrganizerEmail":"","_OrganizerPhone":"","_OrganizerWebsite":"","_VenueAddress":"","_VenueCity":"","_VenueCountry":"","_VenueProvince":"","_VenueZip":"","_VenuePhone":"","_VenueURL":"","_VenueStateProvince":"","_VenueLat":"","_VenueLng":"","_tribe_events_status":"","_tribe_events_status_reason":"","footnotes":""},"tags":[],"tribe_events_cat":[],"class_list":["post-12379","tribe_events","type-tribe_events","status-publish","has-post-thumbnail","hentry"],"uagb_featured_image_src":{"full":["https:\/\/turismocoria.es\/turismo\/wp-content\/uploads\/2024\/04\/CORIA-ENCUEROS-2024.jpg",501,709,false],"thumbnail":["https:\/\/turismocoria.es\/turismo\/wp-content\/uploads\/2024\/04\/CORIA-ENCUEROS-2024-150x150.jpg",150,150,true],"medium":["https:\/\/turismocoria.es\/turismo\/wp-content\/uploads\/2024\/04\/CORIA-ENCUEROS-2024-212x300.jpg",212,300,true],"medium_large":["https:\/\/turismocoria.es\/turismo\/wp-content\/uploads\/2024\/04\/CORIA-ENCUEROS-2024.jpg",501,709,false],"large":["https:\/\/turismocoria.es\/turismo\/wp-content\/uploads\/2024\/04\/CORIA-ENCUEROS-2024.jpg",501,709,false],"gs-tiny":["https:\/\/turismocoria.es\/turismo\/wp-content\/uploads\/2024\/04\/CORIA-ENCUEROS-2024-50x71.jpg",50,71,true],"xl":["https:\/\/turismocoria.es\/turismo\/wp-content\/uploads\/2024\/04\/CORIA-ENCUEROS-2024.jpg",501,709,false],"xxl":["https:\/\/turismocoria.es\/turismo\/wp-content\/uploads\/2024\/04\/CORIA-ENCUEROS-2024.jpg",501,709,false],"xxxl":["https:\/\/turismocoria.es\/turismo\/wp-content\/uploads\/2024\/04\/CORIA-ENCUEROS-2024.jpg",501,709,false],"xxxxl":["https:\/\/turismocoria.es\/turismo\/wp-content\/uploads\/2024\/04\/CORIA-ENCUEROS-2024.jpg",501,709,false],"xxxxxl":["https:\/\/turismocoria.es\/turismo\/wp-content\/uploads\/2024\/04\/CORIA-ENCUEROS-2024.jpg",501,709,false],"1536x1536":["https:\/\/turismocoria.es\/turismo\/wp-content\/uploads\/2024\/04\/CORIA-ENCUEROS-2024.jpg",501,709,false],"2048x2048":["https:\/\/turismocoria.es\/turismo\/wp-content\/uploads\/2024\/04\/CORIA-ENCUEROS-2024.jpg",501,709,false],"ultp_layout_landscape_large":["https:\/\/turismocoria.es\/turismo\/wp-content\/uploads\/2024\/04\/CORIA-ENCUEROS-2024.jpg",501,709,false],"ultp_layout_landscape":["https:\/\/turismocoria.es\/turismo\/wp-content\/uploads\/2024\/04\/CORIA-ENCUEROS-2024-501x570.jpg",501,570,true],"ultp_layout_portrait":["https:\/\/turismocoria.es\/turismo\/wp-content\/uploads\/2024\/04\/CORIA-ENCUEROS-2024.jpg",501,709,false],"ultp_layout_square":["https:\/\/turismocoria.es\/turismo\/wp-content\/uploads\/2024\/04\/CORIA-ENCUEROS-2024-501x600.jpg",501,600,true],"gb-block-post-grid-landscape":["https:\/\/turismocoria.es\/turismo\/wp-content\/uploads\/2024\/04\/CORIA-ENCUEROS-2024-501x400.jpg",501,400,true],"gb-block-post-grid-square":["https:\/\/turismocoria.es\/turismo\/wp-content\/uploads\/2024\/04\/CORIA-ENCUEROS-2024-501x600.jpg",501,600,true]},"uagb_author_info":{"display_name":"Oficina Turismo","author_link":"https:\/\/turismocoria.es\/turismo\/author\/oficina\/"},"uagb_comment_info":0,"uagb_excerpt":"El II Certamen Gastron\u00f3mico \u201cCoria Encueros\u201d tendr\u00e1 lugar el fin de semana del 19 al 21 de abril de 2024 en diferentes establecimientos Hosteleros de Coria. El evento est\u00e1 organizado por el Ayuntamiento de Coria y cuenta con la&nbsp; colaboraci\u00f3n de la Hosteler\u00eda de Coria. Establecimientos participantes: Restaurante San Crist\u00f3balCtra. de Ciudad Rodrigo, Km 33&hellip;","_links":{"self":[{"href":"https:\/\/turismocoria.es\/turismo\/wp-json\/wp\/v2\/tribe_events\/12379"}],"collection":[{"href":"https:\/\/turismocoria.es\/turismo\/wp-json\/wp\/v2\/tribe_events"}],"about":[{"href":"https:\/\/turismocoria.es\/turismo\/wp-json\/wp\/v2\/types\/tribe_events"}],"author":[{"embeddable":true,"href":"https:\/\/turismocoria.es\/turismo\/wp-json\/wp\/v2\/users\/4"}],"replies":[{"embeddable":true,"href":"https:\/\/turismocoria.es\/turismo\/wp-json\/wp\/v2\/comments?post=12379"}],"version-history":[{"count":1,"href":"https:\/\/turismocoria.es\/turismo\/wp-json\/wp\/v2\/tribe_events\/12379\/revisions"}],"predecessor-version":[{"id":12381,"href":"https:\/\/turismocoria.es\/turismo\/wp-json\/wp\/v2\/tribe_events\/12379\/revisions\/12381"}],"wp:featuredmedia":[{"embeddable":true,"href":"https:\/\/turismocoria.es\/turismo\/wp-json\/wp\/v2\/media\/12380"}],"wp:attachment":[{"href":"https:\/\/turismocoria.es\/turismo\/wp-json\/wp\/v2\/media?parent=12379"}],"wp:term":[{"taxonomy":"post_tag","embeddable":true,"href":"https:\/\/turismocoria.es\/turismo\/wp-json\/wp\/v2\/tags?post=12379"},{"taxonomy":"tribe_events_cat","embeddable":true,"href":"https:\/\/turismocoria.es\/turismo\/wp-json\/wp\/v2\/tribe_events_cat?post=12379"}],"curies":[{"name":"wp","href":"https:\/\/api.w.org\/{rel}","templated":true}]}}