{"id":12088,"date":"2024-01-10T09:26:41","date_gmt":"2024-01-10T08:26:41","guid":{"rendered":"https:\/\/turismocoria.es\/turismo\/?post_type=tribe_events&#038;p=12088"},"modified":"2025-02-21T11:34:14","modified_gmt":"2025-02-21T10:34:14","slug":"ii-ruta-gastronomica-de-la-matanza","status":"publish","type":"tribe_events","link":"https:\/\/turismocoria.es\/turismo\/evento\/ii-ruta-gastronomica-de-la-matanza\/","title":{"rendered":"II Ruta Gastron\u00f3mica de la Matanza"},"content":{"rendered":"<div class=\"tribe-events-schedule tribe-clearfix\">\n\t<h2 class=\"tribe-events-schedule__datetime\">\n\t\t<span class=\"tribe-events-schedule__date tribe-events-schedule__date--start\">\n\t\t\t21 02 2025\t\t<\/span>\n\n\t\t\n\t\t\t\t\t\t\t\t\t<span class=\"tribe-events-schedule__separator tribe-events-schedule__separator--time\">\n\t\t\t\t\t &#8211; \t\t\t\t<\/span>\n\t\t\t\n\t\t\t\t\t\t\t<span class=\"tribe-events-schedule__date tribe-events-schedule__date--end\">\n\t\t\t\t\t23 02 2025\t\t\t\t<\/span>\n\n\t\t\t\t\n\t\t\t\n\t\t\t\t\t\t<\/h2>\n<\/div>\n\n\n<figure class=\"wp-block-post-featured-image\"><img loading=\"lazy\" decoding=\"async\" width=\"1638\" height=\"2048\" data-src=\"https:\/\/turismocoria.es\/turismo\/wp-content\/uploads\/2024\/01\/ruta-gastronomica-la-matanza-2025.webp\" class=\"attachment-post-thumbnail size-post-thumbnail wp-post-image lazyload\" alt=\"\" style=\"--smush-placeholder-width: 1638px; --smush-placeholder-aspect-ratio: 1638\/2048;object-fit:cover;\" data-srcset=\"https:\/\/turismocoria.es\/turismo\/wp-content\/uploads\/2024\/01\/ruta-gastronomica-la-matanza-2025.webp 1638w, https:\/\/turismocoria.es\/turismo\/wp-content\/uploads\/2024\/01\/ruta-gastronomica-la-matanza-2025-240x300.webp 240w, https:\/\/turismocoria.es\/turismo\/wp-content\/uploads\/2024\/01\/ruta-gastronomica-la-matanza-2025-819x1024.webp 819w, https:\/\/turismocoria.es\/turismo\/wp-content\/uploads\/2024\/01\/ruta-gastronomica-la-matanza-2025-768x960.webp 768w, https:\/\/turismocoria.es\/turismo\/wp-content\/uploads\/2024\/01\/ruta-gastronomica-la-matanza-2025-50x63.webp 50w, https:\/\/turismocoria.es\/turismo\/wp-content\/uploads\/2024\/01\/ruta-gastronomica-la-matanza-2025-1600x2000.webp 1600w, https:\/\/turismocoria.es\/turismo\/wp-content\/uploads\/2024\/01\/ruta-gastronomica-la-matanza-2025-1229x1536.webp 1229w\" data-sizes=\"(max-width: 1638px) 100vw, 1638px\" src=\"data:image\/gif;base64,R0lGODlhAQABAAAAACH5BAEKAAEALAAAAAABAAEAAAICTAEAOw==\" \/><noscript><img loading=\"lazy\" decoding=\"async\" width=\"1638\" height=\"2048\" src=\"https:\/\/turismocoria.es\/turismo\/wp-content\/uploads\/2024\/01\/ruta-gastronomica-la-matanza-2025.webp\" class=\"attachment-post-thumbnail size-post-thumbnail wp-post-image\" alt=\"\" style=\"object-fit:cover;\" srcset=\"https:\/\/turismocoria.es\/turismo\/wp-content\/uploads\/2024\/01\/ruta-gastronomica-la-matanza-2025.webp 1638w, https:\/\/turismocoria.es\/turismo\/wp-content\/uploads\/2024\/01\/ruta-gastronomica-la-matanza-2025-240x300.webp 240w, https:\/\/turismocoria.es\/turismo\/wp-content\/uploads\/2024\/01\/ruta-gastronomica-la-matanza-2025-819x1024.webp 819w, https:\/\/turismocoria.es\/turismo\/wp-content\/uploads\/2024\/01\/ruta-gastronomica-la-matanza-2025-768x960.webp 768w, https:\/\/turismocoria.es\/turismo\/wp-content\/uploads\/2024\/01\/ruta-gastronomica-la-matanza-2025-50x63.webp 50w, https:\/\/turismocoria.es\/turismo\/wp-content\/uploads\/2024\/01\/ruta-gastronomica-la-matanza-2025-1600x2000.webp 1600w, https:\/\/turismocoria.es\/turismo\/wp-content\/uploads\/2024\/01\/ruta-gastronomica-la-matanza-2025-1229x1536.webp 1229w\" sizes=\"(max-width: 1638px) 100vw, 1638px\" \/><\/noscript><\/figure>\n\n\n<p>De gran arraigo costumbrista, la matanza tradicional es una usanza que ha sido realizada desde siempre en la Ciudad de Coria y, por ende, en el Valle del Alag\u00f3n y toda Extremadura, donde las familias engordaban a los cerdos para, en los meses de noviembre a enero, proceder a su sacrificio con el fin de consumir sus productos en los per\u00edodos siguientes.<\/p>\n\n\n\n<p>La Ciudad de Coria tiene un pasado cultural hist\u00f3rico muy longevo, y eso se nota en todo lo que tiene para ver con la gastronom\u00eda al ser \u00e9sta muy completa. Derivado de lo anterior, en esta bimilenaria localidad nos encontramos, por tanto, con una cultura gastron\u00f3mica que proviene de la tradici\u00f3n pastoril y conventual, tal y como as\u00ed ocurre en el resto de Extremadura, de las que la matanza del cerdo cobra gran importancia por los productos que provienen del despiece de este venerado animal, del que los cocineros caurienses utilizan sus diferentes cortes y preparaciones para dar vida a platos y tapas de los m\u00e1s emblem\u00e1ticos de toda la regi\u00f3n, en especial, de los cueros o cortezas, y de las morcillas elaboradas en variadas formas: de \u201ckiko\u201d (con sangre y arroz), \u201ccalabaceras\u201d (con calabaza y magro) o \u201cpatateras\u201d (con patata y magro), aderezadas todas ellas con las abundantes especias que ofrece la rica tierra extreme\u00f1a.<\/p>\n\n\n\n<p>Un dom\u00e9stico animal que se cr\u00eda en extensivo en las dehesas y campos que pueblan la zona, del que su carne es un bien muy apreciado por su sabor y textura, adem\u00e1s de por poseer algunas de sus piezas beneficios muy destacados con los que prevenir enfermedades cardiovasculares como es el caso del jam\u00f3n ib\u00e9rico, convertido, sin duda alguna, en uno de los ingredientes m\u00e1s representativos y de reclamo tambi\u00e9n en la cocina cauriense, del que los aficionados a este rico manjar podr\u00e1n deleitarse degustando el exquisito sabor de la carne del cerdo ib\u00e9rico en su conjunto dentro del evento cultural y tur\u00edstico de la II Ruta Gastron\u00f3mica de la Matanza que se desarrollar\u00e1 del 21 al 23 de febrero de 2025 en la Ciudad de Coria.<\/p>\n\n\n\n<p>Establecimientos participantes: Restaurante San Crist\u00f3bal, Restaurante Palacio Ducal Alba, Restaurante Huumm, Restaurante Campana, Restaurante-Cafeter\u00eda Al-Karika, Restaurante Casa Maxi, Restaurante San Juan, Restaurante Saborea La Plaza, Taper\u00eda La Posada, GastroBar Trucha\u2019s, Caf\u00e9-Bar Grana y Oro, Caf\u00e9-Bar Los Nuevos Deportes, Caf\u00e9-Bar Gale\u00f3n y Caf\u00e9-Bar Candilejas.<\/p>\n\n\n\t\t\t\t\t<div\n\t\t\t\t\t\tclass=\"wp-block-uagb-image-gallery uagb-block-c3debfa0     \"\n\t\t\t\t\t\tstyle=\"\"\n\t\t\t\t\t>\n\t\t\t\t\t\t\t\t\t\t\t<div class=\"spectra-image-gallery spectra-image-gallery__layout--isogrid spectra-image-gallery__layout--isogrid-col-2 spectra-image-gallery__layout--isogrid-col-tab-3 spectra-image-gallery__layout--isogrid-col-mob-2\">\n\t\t\t\t\t\t\t\t\t\t\t<div class='spectra-image-gallery__media-wrapper--isotope'>\n\t\t\t\t\t\t\t<div class='spectra-image-gallery__media-wrapper' data-spectra-gallery-image-id='680' tabindex=\"0\">\n\t\t\t\t\t\t\t<div class=\"spectra-image-gallery__media spectra-image-gallery__media--grid\">\n\t\t\t\t<picture>\n\t\t\t\t\t<source media=\"(min-width: 1024px)\" data-srcset=\"https:\/\/turismocoria.es\/cge2025\/wp-content\/uploads\/2024\/09\/ruta-matanza-huumm.webp\">\n\t\t\t\t\t<source media=\"(min-width: 768px)\" data-srcset=\"https:\/\/turismocoria.es\/cge2025\/wp-content\/uploads\/2024\/09\/ruta-matanza-huumm.webp\">\n\t\t\t\t\t<img decoding=\"async\" class=\"spectra-image-gallery__media-thumbnail spectra-image-gallery__media-thumbnail--grid lazyload\" data-src=\"https:\/\/turismocoria.es\/cge2025\/wp-content\/uploads\/2024\/09\/ruta-matanza-huumm.webp\" alt=\"\" loading=\"lazy\" src=\"data:image\/gif;base64,R0lGODlhAQABAAAAACH5BAEKAAEALAAAAAABAAEAAAICTAEAOw==\" \/><noscript><img decoding=\"async\" class=\"spectra-image-gallery__media-thumbnail spectra-image-gallery__media-thumbnail--grid\" src=\"https:\/\/turismocoria.es\/cge2025\/wp-content\/uploads\/2024\/09\/ruta-matanza-huumm.webp\" alt=\"\" loading=\"lazy\" \/><\/noscript>\n\t\t\t\t<\/picture>\n\t\t\t\t<div class=\"spectra-image-gallery__media-thumbnail-blurrer\"><\/div>\n\t\t\t\t\t\t\t\t\t\t\t<div class=\"spectra-image-gallery__media-thumbnail-caption-wrapper spectra-image-gallery__media-thumbnail-caption-wrapper--overlay\"><\/div>\n\t\t\t\t\t\t\t\t<\/div>\n\t\t\t\t\t\t<\/div>\n\t\t\t\t\t\t<\/div>\n\t\t\t\t\t\t<div class='spectra-image-gallery__media-wrapper--isotope'>\n\t\t\t\t\t\t\t<div class='spectra-image-gallery__media-wrapper' data-spectra-gallery-image-id='681' tabindex=\"0\">\n\t\t\t\t\t\t\t<div class=\"spectra-image-gallery__media spectra-image-gallery__media--grid\">\n\t\t\t\t<picture>\n\t\t\t\t\t<source media=\"(min-width: 1024px)\" data-srcset=\"https:\/\/turismocoria.es\/cge2025\/wp-content\/uploads\/2024\/09\/ruta-matanza-sanjuan.webp\">\n\t\t\t\t\t<source media=\"(min-width: 768px)\" data-srcset=\"https:\/\/turismocoria.es\/cge2025\/wp-content\/uploads\/2024\/09\/ruta-matanza-sanjuan.webp\">\n\t\t\t\t\t<img decoding=\"async\" class=\"spectra-image-gallery__media-thumbnail spectra-image-gallery__media-thumbnail--grid lazyload\" data-src=\"https:\/\/turismocoria.es\/cge2025\/wp-content\/uploads\/2024\/09\/ruta-matanza-sanjuan.webp\" alt=\"\" loading=\"lazy\" src=\"data:image\/gif;base64,R0lGODlhAQABAAAAACH5BAEKAAEALAAAAAABAAEAAAICTAEAOw==\" \/><noscript><img decoding=\"async\" class=\"spectra-image-gallery__media-thumbnail spectra-image-gallery__media-thumbnail--grid\" src=\"https:\/\/turismocoria.es\/cge2025\/wp-content\/uploads\/2024\/09\/ruta-matanza-sanjuan.webp\" alt=\"\" loading=\"lazy\" \/><\/noscript>\n\t\t\t\t<\/picture>\n\t\t\t\t<div class=\"spectra-image-gallery__media-thumbnail-blurrer\"><\/div>\n\t\t\t\t\t\t\t\t\t\t\t<div class=\"spectra-image-gallery__media-thumbnail-caption-wrapper spectra-image-gallery__media-thumbnail-caption-wrapper--overlay\"><\/div>\n\t\t\t\t\t\t\t\t<\/div>\n\t\t\t\t\t\t<\/div>\n\t\t\t\t\t\t<\/div>\n\t\t\t\t\t\t\t\t\t\t<\/div>\n\t\t\t\t\t\t\t\t\t\t<div class=\"spectra-image-gallery__control-wrapper\">\n\t\t\t\t<button data-role=\"none\" class=\"spectra-image-gallery__control-arrows spectra-image-gallery__control-arrows--grid\" aria-label=\"Previous\" tabIndex=\"0\" data-direction=\"Prev\" disabled>\n\t\t\t\t\t<svg width=\"20\" height=\"20\" viewBox=\"0 0 256 512\" aria-hidden=\"true\">\n\t\t\t\t\t\t<path d=\"M31.7 239l136-136c9.4-9.4 24.6-9.4 33.9 0l22.6 22.6c9.4 9.4 9.4 24.6 0 33.9L127.9 256l96.4 96.4c9.4 9.4 9.4 24.6 0 33.9L201.7 409c-9.4 9.4-24.6 9.4-33.9 0l-136-136c-9.5-9.4-9.5-24.6-.1-34z\">\n\t\t\t\t\t\t<\/path>\n\t\t\t\t\t<\/svg>\n\t\t\t\t<\/button>\n\t\t\t\t<ul class=\"spectra-image-gallery__control-dots\">\n\t\t\t\t\t\t\t\t\t\t\t<li class=\"spectra-image-gallery__control-dot spectra-image-gallery__control-dot--active\" data-go-to=\"1\">\n\t\t\t\t\t\t\t<button aria-label=\"Page 1\"><\/button>\n\t\t\t\t\t\t<\/li>\n\t\t\t\t\t\t\t\t\t\t\t\t<li class=\"spectra-image-gallery__control-dot\" data-go-to=\"2\">\n\t\t\t\t\t\t\t<button aria-label=\"Page 2\"><\/button>\n\t\t\t\t\t\t<\/li>\n\t\t\t\t\t\t\t\t\t\t\t\t<li class=\"spectra-image-gallery__control-dot\" data-go-to=\"3\">\n\t\t\t\t\t\t\t<button aria-label=\"Page 3\"><\/button>\n\t\t\t\t\t\t<\/li>\n\t\t\t\t\t\t\t\t\t\t\t\t<li class=\"spectra-image-gallery__control-dot\" data-go-to=\"4\">\n\t\t\t\t\t\t\t<button aria-label=\"Page 4\"><\/button>\n\t\t\t\t\t\t<\/li>\n\t\t\t\t\t\t\t\t\t\t\t\t<li class=\"spectra-image-gallery__control-dot\" data-go-to=\"5\">\n\t\t\t\t\t\t\t<button aria-label=\"Page 5\"><\/button>\n\t\t\t\t\t\t<\/li>\n\t\t\t\t\t\t\t\t\t\t\t\t<li class=\"spectra-image-gallery__control-dot\" data-go-to=\"6\">\n\t\t\t\t\t\t\t<button aria-label=\"Page 6\"><\/button>\n\t\t\t\t\t\t<\/li>\n\t\t\t\t\t\t\t\t\t\t\t\t<li class=\"spectra-image-gallery__control-dot\" data-go-to=\"7\">\n\t\t\t\t\t\t\t<button aria-label=\"Page 7\"><\/button>\n\t\t\t\t\t\t<\/li>\n\t\t\t\t\t\t\t\t\t\t<\/ul>\n\t\t\t\t<button data-role=\"none\" class=\"spectra-image-gallery__control-arrows spectra-image-gallery__control-arrows--grid\" aria-label=\"Next\" tabindex=\"0\" data-direction=\"Next\">\n\t\t\t\t\t<svg width=\"20\" height=\"20\" viewBox=\"0 0 256 512\" aria-hidden=\"true\">\n\t\t\t\t\t\t<path d=\"M224.3 273l-136 136c-9.4 9.4-24.6 9.4-33.9 0l-22.6-22.6c-9.4-9.4-9.4-24.6 0-33.9l96.4-96.4-96.4-96.4c-9.4-9.4-9.4-24.6 0-33.9L54.3 103c9.4-9.4 24.6-9.4 33.9 0l136 136c9.5 9.4 9.5 24.6.1 34z\">\n\t\t\t\t\t\t<\/path>\n\t\t\t\t\t<\/svg>\n\t\t\t\t<\/button>\n\t\t\t<\/div>\n\t\t\t\t\t\t\t\t\t\t\t\t\t\t<\/div>\n\t\t\t\t\t\t\t\t\t\t\t<div class='spectra-image-gallery__control-lightbox' tabindex='0'>\n\t\t\t\t\t\t\t\t\t\t\t<div class=\"swiper spectra-image-gallery__control-lightbox--main\" dir=\"\">\n\t\t\t\t\t<div class=\"swiper-wrapper\">\n\t\t\t\t\t\t\t\t\t\t\t\t\t\n\t\t\t\t\t\t\t<div class=\"swiper-slide\">\n\t\t\t\t\t\t\t\t<img class=\"swiper-lazy\" data-src=\"https:\/\/turismocoria.es\/cge2025\/wp-content\/uploads\/2024\/09\/ruta-matanza-huumm.webp\" alt=\"\"\/>\n\t\t\t\t\t\t\t\t<div class=\"swiper-lazy-preloader swiper-lazy-preloader-white\"><\/div>\n\t\t\t\t\t\t\t\t\t\t\t\t\t\t\t<\/div>\n\t\t\t\t\t\t\t\t\t\t\t\t\t\n\t\t\t\t\t\t\t<div class=\"swiper-slide\">\n\t\t\t\t\t\t\t\t<img class=\"swiper-lazy\" data-src=\"https:\/\/turismocoria.es\/cge2025\/wp-content\/uploads\/2024\/09\/ruta-matanza-sanjuan.webp\" alt=\"\"\/>\n\t\t\t\t\t\t\t\t<div class=\"swiper-lazy-preloader swiper-lazy-preloader-white\"><\/div>\n\t\t\t\t\t\t\t\t\t\t\t\t\t\t\t<\/div>\n\t\t\t\t\t\t\t\t\t\t\t\t\t\n\t\t\t\t\t\t\t<div class=\"swiper-slide\">\n\t\t\t\t\t\t\t\t<img class=\"swiper-lazy\" data-src=\"https:\/\/turismocoria.es\/cge2025\/wp-content\/uploads\/2024\/09\/ruta-matanza-nuevosdeportes.webp\" alt=\"\"\/>\n\t\t\t\t\t\t\t\t<div class=\"swiper-lazy-preloader swiper-lazy-preloader-white\"><\/div>\n\t\t\t\t\t\t\t\t\t\t\t\t\t\t\t<\/div>\n\t\t\t\t\t\t\t\t\t\t\t\t\t\n\t\t\t\t\t\t\t<div class=\"swiper-slide\">\n\t\t\t\t\t\t\t\t<img class=\"swiper-lazy\" data-src=\"https:\/\/turismocoria.es\/cge2025\/wp-content\/uploads\/2024\/09\/ruta-matanza-laplaza.webp\" alt=\"\"\/>\n\t\t\t\t\t\t\t\t<div class=\"swiper-lazy-preloader swiper-lazy-preloader-white\"><\/div>\n\t\t\t\t\t\t\t\t\t\t\t\t\t\t\t<\/div>\n\t\t\t\t\t\t\t\t\t\t\t\t\t\n\t\t\t\t\t\t\t<div class=\"swiper-slide\">\n\t\t\t\t\t\t\t\t<img class=\"swiper-lazy\" data-src=\"https:\/\/turismocoria.es\/cge2025\/wp-content\/uploads\/2024\/09\/ruta-matanza-candilejas.webp\" alt=\"\"\/>\n\t\t\t\t\t\t\t\t<div class=\"swiper-lazy-preloader swiper-lazy-preloader-white\"><\/div>\n\t\t\t\t\t\t\t\t\t\t\t\t\t\t\t<\/div>\n\t\t\t\t\t\t\t\t\t\t\t\t\t\n\t\t\t\t\t\t\t<div class=\"swiper-slide\">\n\t\t\t\t\t\t\t\t<img class=\"swiper-lazy\" data-src=\"https:\/\/turismocoria.es\/cge2025\/wp-content\/uploads\/2024\/09\/ruta-matanza-laposada.webp\" alt=\"\"\/>\n\t\t\t\t\t\t\t\t<div class=\"swiper-lazy-preloader swiper-lazy-preloader-white\"><\/div>\n\t\t\t\t\t\t\t\t\t\t\t\t\t\t\t<\/div>\n\t\t\t\t\t\t\t\t\t\t\t\t\t\n\t\t\t\t\t\t\t<div class=\"swiper-slide\">\n\t\t\t\t\t\t\t\t<img class=\"swiper-lazy\" data-src=\"https:\/\/turismocoria.es\/cge2025\/wp-content\/uploads\/2024\/09\/ruta-matanza-casamaxi.webp\" alt=\"\"\/>\n\t\t\t\t\t\t\t\t<div class=\"swiper-lazy-preloader swiper-lazy-preloader-white\"><\/div>\n\t\t\t\t\t\t\t\t\t\t\t\t\t\t\t<\/div>\n\t\t\t\t\t\t\t\t\t\t\t\t\t\n\t\t\t\t\t\t\t<div class=\"swiper-slide\">\n\t\t\t\t\t\t\t\t<img class=\"swiper-lazy\" data-src=\"https:\/\/turismocoria.es\/cge2025\/wp-content\/uploads\/2024\/09\/ruta-matanza-ducal.webp\" alt=\"\"\/>\n\t\t\t\t\t\t\t\t<div class=\"swiper-lazy-preloader swiper-lazy-preloader-white\"><\/div>\n\t\t\t\t\t\t\t\t\t\t\t\t\t\t\t<\/div>\n\t\t\t\t\t\t\t\t\t\t\t\t\t\n\t\t\t\t\t\t\t<div class=\"swiper-slide\">\n\t\t\t\t\t\t\t\t<img class=\"swiper-lazy\" data-src=\"https:\/\/turismocoria.es\/cge2025\/wp-content\/uploads\/2024\/09\/ruta-matanza-sancritobal.webp\" alt=\"\"\/>\n\t\t\t\t\t\t\t\t<div class=\"swiper-lazy-preloader swiper-lazy-preloader-white\"><\/div>\n\t\t\t\t\t\t\t\t\t\t\t\t\t\t\t<\/div>\n\t\t\t\t\t\t\t\t\t\t\t\t\t\n\t\t\t\t\t\t\t<div class=\"swiper-slide\">\n\t\t\t\t\t\t\t\t<img class=\"swiper-lazy\" data-src=\"https:\/\/turismocoria.es\/cge2025\/wp-content\/uploads\/2024\/09\/ruta-matanza-trucha.webp\" alt=\"\"\/>\n\t\t\t\t\t\t\t\t<div class=\"swiper-lazy-preloader swiper-lazy-preloader-white\"><\/div>\n\t\t\t\t\t\t\t\t\t\t\t\t\t\t\t<\/div>\n\t\t\t\t\t\t\t\t\t\t\t\t\t\n\t\t\t\t\t\t\t<div class=\"swiper-slide\">\n\t\t\t\t\t\t\t\t<img class=\"swiper-lazy\" data-src=\"https:\/\/turismocoria.es\/cge2025\/wp-content\/uploads\/2024\/09\/ruta-matanza-alkarica.webp\" alt=\"\"\/>\n\t\t\t\t\t\t\t\t<div class=\"swiper-lazy-preloader swiper-lazy-preloader-white\"><\/div>\n\t\t\t\t\t\t\t\t\t\t\t\t\t\t\t<\/div>\n\t\t\t\t\t\t\t\t\t\t\t\t\t\n\t\t\t\t\t\t\t<div class=\"swiper-slide\">\n\t\t\t\t\t\t\t\t<img class=\"swiper-lazy\" data-src=\"https:\/\/turismocoria.es\/cge2025\/wp-content\/uploads\/2024\/09\/ruta-matanza-campana.webp\" alt=\"\"\/>\n\t\t\t\t\t\t\t\t<div class=\"swiper-lazy-preloader swiper-lazy-preloader-white\"><\/div>\n\t\t\t\t\t\t\t\t\t\t\t\t\t\t\t<\/div>\n\t\t\t\t\t\t\t\t\t\t\t\t\t\n\t\t\t\t\t\t\t<div class=\"swiper-slide\">\n\t\t\t\t\t\t\t\t<img class=\"swiper-lazy\" data-src=\"https:\/\/turismocoria.es\/cge2025\/wp-content\/uploads\/2024\/09\/ruta-matanza-galeon.webp\" alt=\"\"\/>\n\t\t\t\t\t\t\t\t<div class=\"swiper-lazy-preloader swiper-lazy-preloader-white\"><\/div>\n\t\t\t\t\t\t\t\t\t\t\t\t\t\t\t<\/div>\n\t\t\t\t\t\t\t\t\t\t\t\t\t\n\t\t\t\t\t\t\t<div class=\"swiper-slide\">\n\t\t\t\t\t\t\t\t<img class=\"swiper-lazy\" data-src=\"https:\/\/turismocoria.es\/cge2025\/wp-content\/uploads\/2024\/09\/ruta-matanza-granayoro.webp\" alt=\"\"\/>\n\t\t\t\t\t\t\t\t<div class=\"swiper-lazy-preloader swiper-lazy-preloader-white\"><\/div>\n\t\t\t\t\t\t\t\t\t\t\t\t\t\t\t<\/div>\n\t\t\t\t\t\t\t\t\t\t\t<\/div>\n\t\t\t\t\t<div class=\"swiper-button-next\"><\/div>\n\t\t\t\t\t<div class=\"swiper-button-prev\"><\/div>\n\t\t\t\t<\/div>\t\t\t\n\t\t\t\t\t\t\t\t\t\t\t\t\t\t\t\t\t\t\t\t\t\t\t\t\t\t\t\t\t\t\t\t<button class='spectra-image-gallery__control-lightbox--close' aria-label=\"Close\">\n\t\t\t\t\t\t\t\t\t\t\t\t\t<svg xmlns=\"https:\/\/www.w3.org\/2000\/svg\" viewBox= \"0 0 320 512\"><path d=\"M310.6 361.4c12.5 12.5 12.5 32.75 0 45.25C304.4 412.9 296.2 416 288 416s-16.38-3.125-22.62-9.375L160 301.3L54.63 406.6C48.38 412.9 40.19 416 32 416S15.63 412.9 9.375 406.6c-12.5-12.5-12.5-32.75 0-45.25l105.4-105.4L9.375 150.6c-12.5-12.5-12.5-32.75 0-45.25s32.75-12.5 45.25 0L160 210.8l105.4-105.4c12.5-12.5 32.75-12.5 45.25 0s12.5 32.75 0 45.25l-105.4 105.4L310.6 361.4z\"><\/path><\/svg>\n\t\t\t\t\t\t\t\t\t\t\t\t<\/button>\n\t\t\t\t\t\t\t\t\t\t\t\t\t<\/div>\n\t\t\t\t\t\t\t\t\t\n\n<div class=\"tribe-block tribe-block__event-price\">\n\t\t<\/div>\n\n\n<div class=\"tribe-block tribe-block__organizer__details tribe-clearfix\">\n\t<div class=\"tribe-block__organizer__title\">\n\t\t<h3><a href=\"https:\/\/turismocoria.es\/turismo\/organizer\/ayuntamiento-de-coria\/\" title=\"Ayuntamiento de Coria\" target=\"_self\" rel=\"\">Ayuntamiento de Coria<\/a><\/h3>\n\t<\/div>\n\t\t\t<\/div>\n\n\n<div class=\"tribe-block tribe-block__venue tribe-block__venue--has-map\">\n\t\n\t\t\n\t<\/div>\n\n\n<div class=\"tribe-block tribe-block__event-website\">\n\t<a\n\t\thref=\"https:\/\/turismocoria.es\/gastronomia\"\n\t\ttarget=\"_self\"\n\t\t\t>\n\t\tWeb del Evento\t<\/a>\n<\/div>\n\n\n\t<div class=\"tribe-block tribe-block__events-link\">\n\t\t<div class=\"tribe-events tribe-common\">\n\t\t\t<div class=\"tribe-events-c-subscribe-dropdown__container\">\n\t\t\t\t<div class=\"tribe-events-c-subscribe-dropdown\">\n\t\t\t\t\t<div class=\"tribe-common-c-btn-border tribe-events-c-subscribe-dropdown__button\" tabindex=\"0\">\n\t\t\t\t\t\t<svg  class=\"tribe-common-c-svgicon tribe-common-c-svgicon--cal-export tribe-events-c-subscribe-dropdown__export-icon\"  viewBox=\"0 0 23 17\" xmlns=\"http:\/\/www.w3.org\/2000\/svg\">\n  <path fill-rule=\"evenodd\" clip-rule=\"evenodd\" d=\"M.128.896V16.13c0 .211.145.383.323.383h15.354c.179 0 .323-.172.323-.383V.896c0-.212-.144-.383-.323-.383H.451C.273.513.128.684.128.896Zm16 6.742h-.901V4.679H1.009v10.729h14.218v-3.336h.901V7.638ZM1.01 1.614h14.218v2.058H1.009V1.614Z\" \/>\n  <path d=\"M20.5 9.846H8.312M18.524 6.953l2.89 2.909-2.855 2.855\" stroke-width=\"1.2\" stroke-linecap=\"round\" stroke-linejoin=\"round\"\/>\n<\/svg>\n\t\t\t\t\t\t<button class=\"tribe-events-c-subscribe-dropdown__button-text\">\n\t\t\t\t\t\t\tA\u00f1adir al calendario\t\t\t\t\t\t<\/button>\n\t\t\t\t\t\t<svg  class=\"tribe-common-c-svgicon tribe-common-c-svgicon--caret-down tribe-events-c-subscribe-dropdown__button-icon\"  viewBox=\"0 0 10 7\" xmlns=\"http:\/\/www.w3.org\/2000\/svg\"><path fill-rule=\"evenodd\" clip-rule=\"evenodd\" d=\"M1.008.609L5 4.6 8.992.61l.958.958L5 6.517.05 1.566l.958-.958z\" class=\"tribe-common-c-svgicon__svg-fill\"\/><\/svg>\n\t\t\t\t\t<\/div>\n\t\t\t\t\t<div class=\"tribe-events-c-subscribe-dropdown__content\">\n\t\t\t\t\t\t<ul class=\"tribe-events-c-subscribe-dropdown__list\" tabindex=\"0\">\n\t\t\t\t\t\t\t\t\t\t\t\t\t\t\t<li class=\"tribe-events-c-subscribe-dropdown__list-item\">\n\t\t\t\t\t\t\t\t\t<a\n\t\t\t\t\t\t\t\t\t\thref=\"https:\/\/www.google.com\/calendar\/event?action=TEMPLATE&#038;dates=20250221T000000\/20250223T235959&#038;text=II%20Ruta%20Gastron%C3%B3mica%20de%20la%20Matanza&#038;details=%3C%21--+wp%3Atribe%2Fevent-datetime+%2F--%3E%3C%21--+wp%3Apost-featured-image+%2F--%3E%3C%21--+wp%3Aparagraph+--%3E%3Cp%3EDe+gran+arraigo+costumbrista%2C+la+matanza+tradicional+es+una+usanza+que+ha+sido+realizada+desde+siempre+en+la+Ciudad+de+Coria+y%2C+por+ende%2C+en+el+Valle+del+Alag%C3%B3n+y+toda+Extremadura%2C+donde+las+familias+engordaban+a+los+cerdos+para%2C+en+los+meses+de+noviembre+a+enero%2C+proceder+a+su+sacrificio+con+el+fin+de+consumir+sus+productos+en+los+per%C3%ADodos+siguientes.%3C%2Fp%3E%3C%21--+%2Fwp%3Aparagraph+--%3E%3C%21--+wp%3Aparagraph+--%3E%3Cp%3ELa+Ciudad+de+Coria+tiene+un+pasado+cultural+hist%C3%B3rico+muy+longevo%2C+y+eso+se+nota+en+todo+lo+que+tiene+para+ver+con+la+gastronom%C3%ADa+al+ser+%C3%A9sta+muy+completa.+Derivado+de+lo+anterior%2C+en+esta+bimilenaria+localidad+nos+encontramos%2C+por+tanto%2C+con+una+cultura+gastron%C3%B3mica+que+proviene+de+la+tradici%C3%B3n+pastoril+y+conventual%2C+tal+y+como+as%C3%AD+ocurre+en+el+rest%20(Ver%20aqu\u00ed%20la%20descripci\u00f3n%20completa%20de%20evento:%20https:\/\/turismocoria.es\/turismo\/evento\/ii-ruta-gastronomica-de-la-matanza\/)&#038;trp=false&#038;ctz=Europe\/Madrid&#038;sprop=website:https:\/\/turismocoria.es\/turismo\"\n\t\t\t\t\t\t\t\t\t\tclass=\"tribe-events-c-subscribe-dropdown__list-item-link\"\n\t\t\t\t\t\t\t\t\t\ttabindex=\"0\"\n\t\t\t\t\t\t\t\t\t\ttarget=\"_blank\"\n\t\t\t\t\t\t\t\t\t\trel=\"noopener noreferrer nofollow noindex\"\n\t\t\t\t\t\t\t\t\t>\n\t\t\t\t\t\t\t\t\t\tGoogle Calendar\t\t\t\t\t\t\t\t\t<\/a>\n\t\t\t\t\t\t\t\t<\/li>\n\t\t\t\t\t\t\t\t\t\t\t\t\t\t\t<li class=\"tribe-events-c-subscribe-dropdown__list-item\">\n\t\t\t\t\t\t\t\t\t<a\n\t\t\t\t\t\t\t\t\t\thref=\"\"\n\t\t\t\t\t\t\t\t\t\tclass=\"tribe-events-c-subscribe-dropdown__list-item-link\"\n\t\t\t\t\t\t\t\t\t\ttabindex=\"0\"\n\t\t\t\t\t\t\t\t\t\ttarget=\"_blank\"\n\t\t\t\t\t\t\t\t\t\trel=\"noopener noreferrer nofollow noindex\"\n\t\t\t\t\t\t\t\t\t>\n\t\t\t\t\t\t\t\t\t\tiCalendar\t\t\t\t\t\t\t\t\t<\/a>\n\t\t\t\t\t\t\t\t<\/li>\n\t\t\t\t\t\t\t\t\t\t\t\t\t\t\t<li class=\"tribe-events-c-subscribe-dropdown__list-item\">\n\t\t\t\t\t\t\t\t\t<a\n\t\t\t\t\t\t\t\t\t\thref=\"\"\n\t\t\t\t\t\t\t\t\t\tclass=\"tribe-events-c-subscribe-dropdown__list-item-link\"\n\t\t\t\t\t\t\t\t\t\ttabindex=\"0\"\n\t\t\t\t\t\t\t\t\t\ttarget=\"_blank\"\n\t\t\t\t\t\t\t\t\t\trel=\"noopener noreferrer nofollow noindex\"\n\t\t\t\t\t\t\t\t\t>\n\t\t\t\t\t\t\t\t\t\tOutlook 365\t\t\t\t\t\t\t\t\t<\/a>\n\t\t\t\t\t\t\t\t<\/li>\n\t\t\t\t\t\t\t\t\t\t\t\t\t\t\t<li class=\"tribe-events-c-subscribe-dropdown__list-item\">\n\t\t\t\t\t\t\t\t\t<a\n\t\t\t\t\t\t\t\t\t\thref=\"\"\n\t\t\t\t\t\t\t\t\t\tclass=\"tribe-events-c-subscribe-dropdown__list-item-link\"\n\t\t\t\t\t\t\t\t\t\ttabindex=\"0\"\n\t\t\t\t\t\t\t\t\t\ttarget=\"_blank\"\n\t\t\t\t\t\t\t\t\t\trel=\"noopener noreferrer nofollow noindex\"\n\t\t\t\t\t\t\t\t\t>\n\t\t\t\t\t\t\t\t\t\tOutlook Live\t\t\t\t\t\t\t\t\t<\/a>\n\t\t\t\t\t\t\t\t<\/li>\n\t\t\t\t\t\t\t\t\t\t\t\t\t<\/ul>\n\t\t\t\t\t<\/div>\n\t\t\t\t<\/div>\n\t\t\t<\/div>\n\t\t<\/div>\n\t<\/div>\n\n","protected":false},"excerpt":{"rendered":"<p>De gran arraigo costumbrista, la matanza tradicional es una usanza que ha sido realizada desde siempre en la Ciudad de Coria y, por ende, en el Valle del Alag\u00f3n y toda Extremadura, donde las familias engordaban a los cerdos para, en los meses de noviembre a enero, proceder a su sacrificio con el fin de [&hellip;]<\/p>\n","protected":false},"author":2,"featured_media":12985,"comment_status":"closed","ping_status":"closed","template":"","meta":{"_uag_custom_page_level_css":"","site-sidebar-layout":"default","site-content-layout":"","ast-site-content-layout":"default","site-content-style":"default","site-sidebar-style":"default","ast-global-header-display":"","ast-banner-title-visibility":"","ast-main-header-display":"","ast-hfb-above-header-display":"","ast-hfb-below-header-display":"","ast-hfb-mobile-header-display":"","site-post-title":"","ast-breadcrumbs-content":"","ast-featured-img":"","footer-sml-layout":"","theme-transparent-header-meta":"","adv-header-id-meta":"","stick-header-meta":"","header-above-stick-meta":"","header-main-stick-meta":"","header-below-stick-meta":"","astra-migrate-meta-layouts":"set","ast-page-background-enabled":"default","ast-page-background-meta":{"desktop":{"background-color":"","background-image":"","background-repeat":"repeat","background-position":"center center","background-size":"auto","background-attachment":"scroll","background-type":"","background-media":"","overlay-type":"","overlay-color":"","overlay-opacity":"","overlay-gradient":""},"tablet":{"background-color":"","background-image":"","background-repeat":"repeat","background-position":"center center","background-size":"auto","background-attachment":"scroll","background-type":"","background-media":"","overlay-type":"","overlay-color":"","overlay-opacity":"","overlay-gradient":""},"mobile":{"background-color":"","background-image":"","background-repeat":"repeat","background-position":"center center","background-size":"auto","background-attachment":"scroll","background-type":"","background-media":"","overlay-type":"","overlay-color":"","overlay-opacity":"","overlay-gradient":""}},"ast-content-background-meta":{"desktop":{"background-color":"var(--ast-global-color-5)","background-image":"","background-repeat":"repeat","background-position":"center center","background-size":"auto","background-attachment":"scroll","background-type":"","background-media":"","overlay-type":"","overlay-color":"","overlay-opacity":"","overlay-gradient":""},"tablet":{"background-color":"var(--ast-global-color-5)","background-image":"","background-repeat":"repeat","background-position":"center center","background-size":"auto","background-attachment":"scroll","background-type":"","background-media":"","overlay-type":"","overlay-color":"","overlay-opacity":"","overlay-gradient":""},"mobile":{"background-color":"var(--ast-global-color-5)","background-image":"","background-repeat":"repeat","background-position":"center center","background-size":"auto","background-attachment":"scroll","background-type":"","background-media":"","overlay-type":"","overlay-color":"","overlay-opacity":"","overlay-gradient":""}},"_EventAllDay":true,"_EventTimezone":"Europe\/Madrid","_EventStartDate":"2025-02-21 00:00:00","_EventEndDate":"2025-02-23 23:59:59","_EventStartDateUTC":"2025-02-20 23:00:00","_EventEndDateUTC":"2025-02-23 22:59:59","_EventShowMap":true,"_EventShowMapLink":true,"_EventURL":"https:\/\/turismocoria.es\/gastronomia","_EventCost":"","_EventCostDescription":"","_EventCurrencySymbol":"\u20ac","_EventCurrencyCode":"EUR","_EventCurrencyPosition":"suffix","_EventDateTimeSeparator":"-","_EventTimeRangeSeparator":" - ","_EventOrganizerID":[11943],"_EventVenueID":0,"_OrganizerEmail":"","_OrganizerPhone":"","_OrganizerWebsite":"","_VenueAddress":"","_VenueCity":"","_VenueCountry":"","_VenueProvince":"","_VenueZip":"","_VenuePhone":"","_VenueURL":"","_VenueStateProvince":"","_VenueLat":"","_VenueLng":"","_tribe_events_status":"","_tribe_events_status_reason":"","footnotes":""},"tags":[],"tribe_events_cat":[],"class_list":["post-12088","tribe_events","type-tribe_events","status-publish","has-post-thumbnail","hentry"],"uagb_featured_image_src":{"full":["https:\/\/turismocoria.es\/turismo\/wp-content\/uploads\/2024\/01\/ruta-gastronomica-la-matanza-2025.webp",1638,2048,false],"thumbnail":["https:\/\/turismocoria.es\/turismo\/wp-content\/uploads\/2024\/01\/ruta-gastronomica-la-matanza-2025-150x150.webp",150,150,true],"medium":["https:\/\/turismocoria.es\/turismo\/wp-content\/uploads\/2024\/01\/ruta-gastronomica-la-matanza-2025-240x300.webp",240,300,true],"medium_large":["https:\/\/turismocoria.es\/turismo\/wp-content\/uploads\/2024\/01\/ruta-gastronomica-la-matanza-2025-768x960.webp",768,960,true],"large":["https:\/\/turismocoria.es\/turismo\/wp-content\/uploads\/2024\/01\/ruta-gastronomica-la-matanza-2025-819x1024.webp",819,1024,true],"gs-tiny":["https:\/\/turismocoria.es\/turismo\/wp-content\/uploads\/2024\/01\/ruta-gastronomica-la-matanza-2025-50x63.webp",50,63,true],"xl":["https:\/\/turismocoria.es\/turismo\/wp-content\/uploads\/2024\/01\/ruta-gastronomica-la-matanza-2025-1600x2000.webp",1600,2000,true],"xxl":["https:\/\/turismocoria.es\/turismo\/wp-content\/uploads\/2024\/01\/ruta-gastronomica-la-matanza-2025.webp",1638,2048,false],"xxxl":["https:\/\/turismocoria.es\/turismo\/wp-content\/uploads\/2024\/01\/ruta-gastronomica-la-matanza-2025.webp",1638,2048,false],"xxxxl":["https:\/\/turismocoria.es\/turismo\/wp-content\/uploads\/2024\/01\/ruta-gastronomica-la-matanza-2025.webp",1638,2048,false],"xxxxxl":["https:\/\/turismocoria.es\/turismo\/wp-content\/uploads\/2024\/01\/ruta-gastronomica-la-matanza-2025.webp",1638,2048,false],"1536x1536":["https:\/\/turismocoria.es\/turismo\/wp-content\/uploads\/2024\/01\/ruta-gastronomica-la-matanza-2025-1229x1536.webp",1229,1536,true],"2048x2048":["https:\/\/turismocoria.es\/turismo\/wp-content\/uploads\/2024\/01\/ruta-gastronomica-la-matanza-2025.webp",1638,2048,false],"ultp_layout_landscape_large":["https:\/\/turismocoria.es\/turismo\/wp-content\/uploads\/2024\/01\/ruta-gastronomica-la-matanza-2025-1200x800.webp",1200,800,true],"ultp_layout_landscape":["https:\/\/turismocoria.es\/turismo\/wp-content\/uploads\/2024\/01\/ruta-gastronomica-la-matanza-2025-870x570.webp",870,570,true],"ultp_layout_portrait":["https:\/\/turismocoria.es\/turismo\/wp-content\/uploads\/2024\/01\/ruta-gastronomica-la-matanza-2025-600x900.webp",600,900,true],"ultp_layout_square":["https:\/\/turismocoria.es\/turismo\/wp-content\/uploads\/2024\/01\/ruta-gastronomica-la-matanza-2025-600x600.webp",600,600,true],"gb-block-post-grid-landscape":["https:\/\/turismocoria.es\/turismo\/wp-content\/uploads\/2024\/01\/ruta-gastronomica-la-matanza-2025-600x400.webp",600,400,true],"gb-block-post-grid-square":["https:\/\/turismocoria.es\/turismo\/wp-content\/uploads\/2024\/01\/ruta-gastronomica-la-matanza-2025-600x600.webp",600,600,true]},"uagb_author_info":{"display_name":"turismo","author_link":"https:\/\/turismocoria.es\/turismo\/author\/turismo\/"},"uagb_comment_info":0,"uagb_excerpt":"De gran arraigo costumbrista, la matanza tradicional es una usanza que ha sido realizada desde siempre en la Ciudad de Coria y, por ende, en el Valle del Alag\u00f3n y toda Extremadura, donde las familias engordaban a los cerdos para, en los meses de noviembre a enero, proceder a su sacrificio con el fin de&hellip;","_links":{"self":[{"href":"https:\/\/turismocoria.es\/turismo\/wp-json\/wp\/v2\/tribe_events\/12088"}],"collection":[{"href":"https:\/\/turismocoria.es\/turismo\/wp-json\/wp\/v2\/tribe_events"}],"about":[{"href":"https:\/\/turismocoria.es\/turismo\/wp-json\/wp\/v2\/types\/tribe_events"}],"author":[{"embeddable":true,"href":"https:\/\/turismocoria.es\/turismo\/wp-json\/wp\/v2\/users\/2"}],"replies":[{"embeddable":true,"href":"https:\/\/turismocoria.es\/turismo\/wp-json\/wp\/v2\/comments?post=12088"}],"version-history":[{"count":4,"href":"https:\/\/turismocoria.es\/turismo\/wp-json\/wp\/v2\/tribe_events\/12088\/revisions"}],"predecessor-version":[{"id":13007,"href":"https:\/\/turismocoria.es\/turismo\/wp-json\/wp\/v2\/tribe_events\/12088\/revisions\/13007"}],"wp:featuredmedia":[{"embeddable":true,"href":"https:\/\/turismocoria.es\/turismo\/wp-json\/wp\/v2\/media\/12985"}],"wp:attachment":[{"href":"https:\/\/turismocoria.es\/turismo\/wp-json\/wp\/v2\/media?parent=12088"}],"wp:term":[{"taxonomy":"post_tag","embeddable":true,"href":"https:\/\/turismocoria.es\/turismo\/wp-json\/wp\/v2\/tags?post=12088"},{"taxonomy":"tribe_events_cat","embeddable":true,"href":"https:\/\/turismocoria.es\/turismo\/wp-json\/wp\/v2\/tribe_events_cat?post=12088"}],"curies":[{"name":"wp","href":"https:\/\/api.w.org\/{rel}","templated":true}]}}