{"id":11500,"date":"2023-02-02T11:12:56","date_gmt":"2023-02-02T10:12:56","guid":{"rendered":"https:\/\/turismocoria.es\/turismo\/?post_type=tribe_events&#038;p=11500"},"modified":"2023-02-17T14:57:00","modified_gmt":"2023-02-17T13:57:00","slug":"carnaval","status":"publish","type":"tribe_events","link":"https:\/\/turismocoria.es\/turismo\/evento\/carnaval\/","title":{"rendered":"Carnaval"},"content":{"rendered":"<div class=\"tribe-events-schedule tribe-clearfix\">\n\t<h2 class=\"tribe-events-schedule__datetime\">\n\t\t<span class=\"tribe-events-schedule__date tribe-events-schedule__date--start\">\n\t\t\t16 02 2023\t\t<\/span>\n\n\t\t\n\t\t\t\t\t\t\t\t\t<span class=\"tribe-events-schedule__separator tribe-events-schedule__separator--time\">\n\t\t\t\t\t &#8211; \t\t\t\t<\/span>\n\t\t\t\n\t\t\t\t\t\t\t<span class=\"tribe-events-schedule__date tribe-events-schedule__date--end\">\n\t\t\t\t\t22 02 2023\t\t\t\t<\/span>\n\n\t\t\t\t\n\t\t\t\n\t\t\t\t\t\t<\/h2>\n<\/div>\n\n\n\n<figure class=\"wp-block-image alignleft size-large is-resized\"><img loading=\"lazy\" decoding=\"async\" data-src=\"https:\/\/turismocoria.es\/turismo\/wp-content\/uploads\/2023\/02\/CartelCarnavalCoria2023-724x1024.jpeg\" alt=\"\" class=\"wp-image-11534 lazyload\" width=\"362\" height=\"512\" data-srcset=\"https:\/\/turismocoria.es\/turismo\/wp-content\/uploads\/2023\/02\/CartelCarnavalCoria2023-724x1024.jpeg 724w, https:\/\/turismocoria.es\/turismo\/wp-content\/uploads\/2023\/02\/CartelCarnavalCoria2023-212x300.jpeg 212w, https:\/\/turismocoria.es\/turismo\/wp-content\/uploads\/2023\/02\/CartelCarnavalCoria2023-768x1086.jpeg 768w, https:\/\/turismocoria.es\/turismo\/wp-content\/uploads\/2023\/02\/CartelCarnavalCoria2023.jpeg 1044w\" data-sizes=\"(max-width: 362px) 100vw, 362px\" src=\"data:image\/gif;base64,R0lGODlhAQABAAAAACH5BAEKAAEALAAAAAABAAEAAAICTAEAOw==\" style=\"--smush-placeholder-width: 362px; --smush-placeholder-aspect-ratio: 362\/512;\" \/><noscript><img loading=\"lazy\" decoding=\"async\" src=\"https:\/\/turismocoria.es\/turismo\/wp-content\/uploads\/2023\/02\/CartelCarnavalCoria2023-724x1024.jpeg\" alt=\"\" class=\"wp-image-11534\" width=\"362\" height=\"512\" srcset=\"https:\/\/turismocoria.es\/turismo\/wp-content\/uploads\/2023\/02\/CartelCarnavalCoria2023-724x1024.jpeg 724w, https:\/\/turismocoria.es\/turismo\/wp-content\/uploads\/2023\/02\/CartelCarnavalCoria2023-212x300.jpeg 212w, https:\/\/turismocoria.es\/turismo\/wp-content\/uploads\/2023\/02\/CartelCarnavalCoria2023-768x1086.jpeg 768w, https:\/\/turismocoria.es\/turismo\/wp-content\/uploads\/2023\/02\/CartelCarnavalCoria2023.jpeg 1044w\" sizes=\"(max-width: 362px) 100vw, 362px\" \/><\/noscript><\/figure>\n\n\n\n<p><\/p>\n\n\n\n<p>El Carnaval de Coria se celebrar\u00e1 del <strong>16 al 22 de febrero<\/strong> y contar\u00e1 con varios desfiles de disfraces. <\/p>\n\n\n\n<p>Como novedad este a\u00f1o, el I.E.S. Alag\u00f3n organiza un desfile de disfraces en el que participar\u00e1n los alumnos del mismo centro y tambi\u00e9n alumnos de otros centros educativos de la ciudad. Tendr\u00e1 lugar el d\u00eda <strong>16 a las 12:00h<\/strong> por el recorrido habitual, <strong>Avenida Alfonso VII.<\/strong><\/p>\n\n\n\n<p>El <strong>s\u00e1bado d\u00eda 18<\/strong> tendr\u00e1 lugar el <strong>Primer Desfile-Concurso del Carnaval 2023<\/strong>, ser\u00e1 a las <strong>19:00h<\/strong>. <\/p>\n\n\n\n<p>Al finalizar el desfile se realizar\u00e1 la gala para a elecci\u00f3n de <em><strong>Miss y Mister del Carnaval 2023 <\/strong><\/em>en la <strong>Casa de Cultura.<\/strong><\/p>\n\n\n\n<p>Al d\u00eda siguiente, <strong>domingo 19 a las 18:00h<\/strong> se celebrar\u00e1 un <strong>Desfile Infantil<\/strong> donde los m\u00e1s peque\u00f1os podr\u00e1n lucir sus disfraces y al finalizar se realizar\u00e1 una fiesta con hinchables en la Plaza de la Solidaridad (casa de cultura). <\/p>\n\n\n\n<p>A continuaci\u00f3n, a las <strong>19:00h <\/strong>tendr\u00e1 lugar el <strong>Segundo Desfile-Concurso<\/strong> y al finalizar, a las <strong>21:00h aproximadamente<\/strong>, se har\u00e1 la <strong>Entrega de Premios en la Casa de Cultura.<\/strong><\/p>\n\n\n\n<p>Otra de las novedades este a\u00f1o ser\u00e1 la gran <strong>Fiesta Infantil<\/strong> con hinchables que se celebrar\u00e1 el martes d\u00eda <strong>21 de febrero en la Plaza de la Solidaridad<\/strong> a las <strong>17:30h<\/strong><\/p>\n\n\n\n<p>El Carnaval Cauriense finalizar\u00e1, como es habitual, con la <strong>Sardinada en la Plaza del Norte a las 20:00h del Mi\u00e9rcoles de Ceniza.<\/strong><\/p>\n\n\n<div class=\"tribe-block tribe-block__event-price\">\n\t\t<\/div>\n\n\n\n\n<div class=\"tribe-block tribe-block__venue tribe-block__venue--has-map\">\n\t\n\t\t\n\t<\/div>\n\n\n\n\n\t<div class=\"tribe-block tribe-block__events-link\">\n\t\t<div class=\"tribe-events tribe-common\">\n\t\t\t<div class=\"tribe-events-c-subscribe-dropdown__container\">\n\t\t\t\t<div class=\"tribe-events-c-subscribe-dropdown\">\n\t\t\t\t\t<div class=\"tribe-common-c-btn-border tribe-events-c-subscribe-dropdown__button\" tabindex=\"0\">\n\t\t\t\t\t\t<svg  class=\"tribe-common-c-svgicon tribe-common-c-svgicon--cal-export tribe-events-c-subscribe-dropdown__export-icon\"  viewBox=\"0 0 23 17\" xmlns=\"http:\/\/www.w3.org\/2000\/svg\">\n  <path fill-rule=\"evenodd\" clip-rule=\"evenodd\" d=\"M.128.896V16.13c0 .211.145.383.323.383h15.354c.179 0 .323-.172.323-.383V.896c0-.212-.144-.383-.323-.383H.451C.273.513.128.684.128.896Zm16 6.742h-.901V4.679H1.009v10.729h14.218v-3.336h.901V7.638ZM1.01 1.614h14.218v2.058H1.009V1.614Z\" \/>\n  <path d=\"M20.5 9.846H8.312M18.524 6.953l2.89 2.909-2.855 2.855\" stroke-width=\"1.2\" stroke-linecap=\"round\" stroke-linejoin=\"round\"\/>\n<\/svg>\n\t\t\t\t\t\t<button class=\"tribe-events-c-subscribe-dropdown__button-text\">\n\t\t\t\t\t\t\tA\u00f1adir al calendario\t\t\t\t\t\t<\/button>\n\t\t\t\t\t\t<svg  class=\"tribe-common-c-svgicon tribe-common-c-svgicon--caret-down tribe-events-c-subscribe-dropdown__button-icon\"  viewBox=\"0 0 10 7\" xmlns=\"http:\/\/www.w3.org\/2000\/svg\"><path fill-rule=\"evenodd\" clip-rule=\"evenodd\" d=\"M1.008.609L5 4.6 8.992.61l.958.958L5 6.517.05 1.566l.958-.958z\" class=\"tribe-common-c-svgicon__svg-fill\"\/><\/svg>\n\t\t\t\t\t<\/div>\n\t\t\t\t\t<div class=\"tribe-events-c-subscribe-dropdown__content\">\n\t\t\t\t\t\t<ul class=\"tribe-events-c-subscribe-dropdown__list\" tabindex=\"0\">\n\t\t\t\t\t\t\t\t\t\t\t\t\t\t\t<li class=\"tribe-events-c-subscribe-dropdown__list-item\">\n\t\t\t\t\t\t\t\t\t<a\n\t\t\t\t\t\t\t\t\t\thref=\"https:\/\/www.google.com\/calendar\/event?action=TEMPLATE&#038;dates=20230216T000000\/20230222T235959&#038;text=Carnaval&#038;details=%3C%21--+wp%3Atribe%2Fevent-datetime+%2F--%3E%3C%21--+wp%3Aimage+%7B%22align%22%3A%22left%22%2C%22id%22%3A11534%2C%22width%22%3A362%2C%22height%22%3A512%2C%22sizeSlug%22%3A%22large%22%2C%22linkDestination%22%3A%22none%22%7D+--%3E%3Cfigure+class%3D%22wp-block-image+alignleft+size-large+is-resized%22%3E%3Cimg+src%3D%22https%3A%2F%2Fturismocoria.es%2Fturismo%2Fwp-content%2Fuploads%2F2023%2F02%2FCartelCarnavalCoria2023-724x1024.jpeg%22+alt%3D%22%22+class%3D%22wp-image-11534%22+width%3D%22362%22+height%3D%22512%22%2F%3E%3C%2Ffigure%3E%3C%21--+%2Fwp%3Aimage+--%3E%3C%21--+wp%3Aparagraph+--%3E%3Cp%3E%3C%2Fp%3E%3C%21--+%2Fwp%3Aparagraph+--%3E%3C%21--+wp%3Aparagraph+--%3E%3Cp%3EEl+Carnaval+de+Coria+se+celebrar%C3%A1+del+%3Cstrong%3E16+al+22+de+febrero%3C%2Fstrong%3E+y+contar%C3%A1+con+varios+desfiles+de+disfraces.+%3C%2Fp%3E%3C%21--+%2Fwp%3Aparagraph+--%3E%3C%21--+wp%3Aparagraph+--%3E%3Cp%3EComo+novedad+este+a%C3%B1o%2C+el+I.E.S.+Alag%C3%B3n+organ%20(Ver%20aqu\u00ed%20la%20descripci\u00f3n%20completa%20de%20evento:%20https:\/\/turismocoria.es\/turismo\/evento\/carnaval\/)&#038;trp=false&#038;ctz=Europe\/Madrid&#038;sprop=website:https:\/\/turismocoria.es\/turismo\"\n\t\t\t\t\t\t\t\t\t\tclass=\"tribe-events-c-subscribe-dropdown__list-item-link\"\n\t\t\t\t\t\t\t\t\t\ttabindex=\"0\"\n\t\t\t\t\t\t\t\t\t\ttarget=\"_blank\"\n\t\t\t\t\t\t\t\t\t\trel=\"noopener noreferrer nofollow noindex\"\n\t\t\t\t\t\t\t\t\t>\n\t\t\t\t\t\t\t\t\t\tGoogle Calendar\t\t\t\t\t\t\t\t\t<\/a>\n\t\t\t\t\t\t\t\t<\/li>\n\t\t\t\t\t\t\t\t\t\t\t\t\t\t\t<li class=\"tribe-events-c-subscribe-dropdown__list-item\">\n\t\t\t\t\t\t\t\t\t<a\n\t\t\t\t\t\t\t\t\t\thref=\"\"\n\t\t\t\t\t\t\t\t\t\tclass=\"tribe-events-c-subscribe-dropdown__list-item-link\"\n\t\t\t\t\t\t\t\t\t\ttabindex=\"0\"\n\t\t\t\t\t\t\t\t\t\ttarget=\"_blank\"\n\t\t\t\t\t\t\t\t\t\trel=\"noopener noreferrer nofollow noindex\"\n\t\t\t\t\t\t\t\t\t>\n\t\t\t\t\t\t\t\t\t\tiCalendar\t\t\t\t\t\t\t\t\t<\/a>\n\t\t\t\t\t\t\t\t<\/li>\n\t\t\t\t\t\t\t\t\t\t\t\t\t\t\t<li class=\"tribe-events-c-subscribe-dropdown__list-item\">\n\t\t\t\t\t\t\t\t\t<a\n\t\t\t\t\t\t\t\t\t\thref=\"\"\n\t\t\t\t\t\t\t\t\t\tclass=\"tribe-events-c-subscribe-dropdown__list-item-link\"\n\t\t\t\t\t\t\t\t\t\ttabindex=\"0\"\n\t\t\t\t\t\t\t\t\t\ttarget=\"_blank\"\n\t\t\t\t\t\t\t\t\t\trel=\"noopener noreferrer nofollow noindex\"\n\t\t\t\t\t\t\t\t\t>\n\t\t\t\t\t\t\t\t\t\tOutlook 365\t\t\t\t\t\t\t\t\t<\/a>\n\t\t\t\t\t\t\t\t<\/li>\n\t\t\t\t\t\t\t\t\t\t\t\t\t\t\t<li class=\"tribe-events-c-subscribe-dropdown__list-item\">\n\t\t\t\t\t\t\t\t\t<a\n\t\t\t\t\t\t\t\t\t\thref=\"\"\n\t\t\t\t\t\t\t\t\t\tclass=\"tribe-events-c-subscribe-dropdown__list-item-link\"\n\t\t\t\t\t\t\t\t\t\ttabindex=\"0\"\n\t\t\t\t\t\t\t\t\t\ttarget=\"_blank\"\n\t\t\t\t\t\t\t\t\t\trel=\"noopener noreferrer nofollow noindex\"\n\t\t\t\t\t\t\t\t\t>\n\t\t\t\t\t\t\t\t\t\tOutlook Live\t\t\t\t\t\t\t\t\t<\/a>\n\t\t\t\t\t\t\t\t<\/li>\n\t\t\t\t\t\t\t\t\t\t\t\t\t<\/ul>\n\t\t\t\t\t<\/div>\n\t\t\t\t<\/div>\n\t\t\t<\/div>\n\t\t<\/div>\n\t<\/div>\n\n","protected":false},"excerpt":{"rendered":"<p>El Carnaval de Coria se celebrar\u00e1 del 16 al 22 de febrero y contar\u00e1 con varios desfiles de disfraces. Como novedad este a\u00f1o, el I.E.S. Alag\u00f3n organiza un desfile de disfraces en el que participar\u00e1n los alumnos del mismo centro y tambi\u00e9n alumnos de otros centros educativos de la ciudad. Tendr\u00e1 lugar el d\u00eda 16 [&hellip;]<\/p>\n","protected":false},"author":4,"featured_media":11534,"comment_status":"closed","ping_status":"closed","template":"","meta":{"_uag_custom_page_level_css":"","site-sidebar-layout":"default","site-content-layout":"","ast-site-content-layout":"","site-content-style":"default","site-sidebar-style":"default","ast-global-header-display":"","ast-banner-title-visibility":"","ast-main-header-display":"","ast-hfb-above-header-display":"","ast-hfb-below-header-display":"","ast-hfb-mobile-header-display":"","site-post-title":"","ast-breadcrumbs-content":"","ast-featured-img":"","footer-sml-layout":"","theme-transparent-header-meta":"","adv-header-id-meta":"","stick-header-meta":"","header-above-stick-meta":"","header-main-stick-meta":"","header-below-stick-meta":"","astra-migrate-meta-layouts":"default","ast-page-background-enabled":"default","ast-page-background-meta":{"desktop":{"background-color":"","background-image":"","background-repeat":"repeat","background-position":"center center","background-size":"auto","background-attachment":"scroll","background-type":"","background-media":"","overlay-type":"","overlay-color":"","overlay-opacity":"","overlay-gradient":""},"tablet":{"background-color":"","background-image":"","background-repeat":"repeat","background-position":"center center","background-size":"auto","background-attachment":"scroll","background-type":"","background-media":"","overlay-type":"","overlay-color":"","overlay-opacity":"","overlay-gradient":""},"mobile":{"background-color":"","background-image":"","background-repeat":"repeat","background-position":"center center","background-size":"auto","background-attachment":"scroll","background-type":"","background-media":"","overlay-type":"","overlay-color":"","overlay-opacity":"","overlay-gradient":""}},"ast-content-background-meta":{"desktop":{"background-color":"var(--ast-global-color-5)","background-image":"","background-repeat":"repeat","background-position":"center center","background-size":"auto","background-attachment":"scroll","background-type":"","background-media":"","overlay-type":"","overlay-color":"","overlay-opacity":"","overlay-gradient":""},"tablet":{"background-color":"var(--ast-global-color-5)","background-image":"","background-repeat":"repeat","background-position":"center center","background-size":"auto","background-attachment":"scroll","background-type":"","background-media":"","overlay-type":"","overlay-color":"","overlay-opacity":"","overlay-gradient":""},"mobile":{"background-color":"var(--ast-global-color-5)","background-image":"","background-repeat":"repeat","background-position":"center center","background-size":"auto","background-attachment":"scroll","background-type":"","background-media":"","overlay-type":"","overlay-color":"","overlay-opacity":"","overlay-gradient":""}},"_EventAllDay":true,"_EventTimezone":"Europe\/Madrid","_EventStartDate":"2023-02-16 00:00:00","_EventEndDate":"2023-02-22 23:59:59","_EventStartDateUTC":"2023-02-15 23:00:00","_EventEndDateUTC":"2023-02-22 22:59:59","_EventShowMap":true,"_EventShowMapLink":true,"_EventURL":"","_EventCost":"","_EventCostDescription":"","_EventCurrencySymbol":"\u20ac","_EventCurrencyCode":"EUR","_EventCurrencyPosition":"suffix","_EventDateTimeSeparator":"-","_EventTimeRangeSeparator":" - ","_EventOrganizerID":[],"_EventVenueID":0,"_OrganizerEmail":"","_OrganizerPhone":"","_OrganizerWebsite":"","_VenueAddress":"","_VenueCity":"","_VenueCountry":"","_VenueProvince":"","_VenueZip":"","_VenuePhone":"","_VenueURL":"","_VenueStateProvince":"","_VenueLat":"","_VenueLng":"","_tribe_events_status":"","_tribe_events_status_reason":"","footnotes":""},"tags":[447,449,445],"tribe_events_cat":[],"class_list":["post-11500","tribe_events","type-tribe_events","status-publish","has-post-thumbnail","hentry","tag-carnaval","tag-desfile","tag-disfraz"],"uagb_featured_image_src":{"full":["https:\/\/turismocoria.es\/turismo\/wp-content\/uploads\/2023\/02\/CartelCarnavalCoria2023.jpeg",1044,1476,false],"thumbnail":["https:\/\/turismocoria.es\/turismo\/wp-content\/uploads\/2023\/02\/CartelCarnavalCoria2023-150x150.jpeg",150,150,true],"medium":["https:\/\/turismocoria.es\/turismo\/wp-content\/uploads\/2023\/02\/CartelCarnavalCoria2023-212x300.jpeg",212,300,true],"medium_large":["https:\/\/turismocoria.es\/turismo\/wp-content\/uploads\/2023\/02\/CartelCarnavalCoria2023-768x1086.jpeg",768,1086,true],"large":["https:\/\/turismocoria.es\/turismo\/wp-content\/uploads\/2023\/02\/CartelCarnavalCoria2023-724x1024.jpeg",724,1024,true],"gs-tiny":["https:\/\/turismocoria.es\/turismo\/wp-content\/uploads\/2023\/02\/CartelCarnavalCoria2023.jpeg",50,71,false],"xl":["https:\/\/turismocoria.es\/turismo\/wp-content\/uploads\/2023\/02\/CartelCarnavalCoria2023.jpeg",1044,1476,false],"xxl":["https:\/\/turismocoria.es\/turismo\/wp-content\/uploads\/2023\/02\/CartelCarnavalCoria2023.jpeg",1044,1476,false],"xxxl":["https:\/\/turismocoria.es\/turismo\/wp-content\/uploads\/2023\/02\/CartelCarnavalCoria2023.jpeg",1044,1476,false],"xxxxl":["https:\/\/turismocoria.es\/turismo\/wp-content\/uploads\/2023\/02\/CartelCarnavalCoria2023.jpeg",1044,1476,false],"xxxxxl":["https:\/\/turismocoria.es\/turismo\/wp-content\/uploads\/2023\/02\/CartelCarnavalCoria2023.jpeg",1044,1476,false],"1536x1536":["https:\/\/turismocoria.es\/turismo\/wp-content\/uploads\/2023\/02\/CartelCarnavalCoria2023.jpeg",1044,1476,false],"2048x2048":["https:\/\/turismocoria.es\/turismo\/wp-content\/uploads\/2023\/02\/CartelCarnavalCoria2023.jpeg",1044,1476,false],"ultp_layout_landscape_large":["https:\/\/turismocoria.es\/turismo\/wp-content\/uploads\/2023\/02\/CartelCarnavalCoria2023-1044x800.jpeg",1044,800,true],"ultp_layout_landscape":["https:\/\/turismocoria.es\/turismo\/wp-content\/uploads\/2023\/02\/CartelCarnavalCoria2023-870x570.jpeg",870,570,true],"ultp_layout_portrait":["https:\/\/turismocoria.es\/turismo\/wp-content\/uploads\/2023\/02\/CartelCarnavalCoria2023-600x900.jpeg",600,900,true],"ultp_layout_square":["https:\/\/turismocoria.es\/turismo\/wp-content\/uploads\/2023\/02\/CartelCarnavalCoria2023-600x600.jpeg",600,600,true],"gb-block-post-grid-landscape":["https:\/\/turismocoria.es\/turismo\/wp-content\/uploads\/2023\/02\/CartelCarnavalCoria2023-600x400.jpeg",600,400,true],"gb-block-post-grid-square":["https:\/\/turismocoria.es\/turismo\/wp-content\/uploads\/2023\/02\/CartelCarnavalCoria2023-600x600.jpeg",600,600,true]},"uagb_author_info":{"display_name":"Oficina Turismo","author_link":"https:\/\/turismocoria.es\/turismo\/author\/oficina\/"},"uagb_comment_info":0,"uagb_excerpt":"El Carnaval de Coria se celebrar\u00e1 del 16 al 22 de febrero y contar\u00e1 con varios desfiles de disfraces. Como novedad este a\u00f1o, el I.E.S. Alag\u00f3n organiza un desfile de disfraces en el que participar\u00e1n los alumnos del mismo centro y tambi\u00e9n alumnos de otros centros educativos de la ciudad. Tendr\u00e1 lugar el d\u00eda 16&hellip;","_links":{"self":[{"href":"https:\/\/turismocoria.es\/turismo\/wp-json\/wp\/v2\/tribe_events\/11500"}],"collection":[{"href":"https:\/\/turismocoria.es\/turismo\/wp-json\/wp\/v2\/tribe_events"}],"about":[{"href":"https:\/\/turismocoria.es\/turismo\/wp-json\/wp\/v2\/types\/tribe_events"}],"author":[{"embeddable":true,"href":"https:\/\/turismocoria.es\/turismo\/wp-json\/wp\/v2\/users\/4"}],"replies":[{"embeddable":true,"href":"https:\/\/turismocoria.es\/turismo\/wp-json\/wp\/v2\/comments?post=11500"}],"version-history":[{"count":5,"href":"https:\/\/turismocoria.es\/turismo\/wp-json\/wp\/v2\/tribe_events\/11500\/revisions"}],"predecessor-version":[{"id":11548,"href":"https:\/\/turismocoria.es\/turismo\/wp-json\/wp\/v2\/tribe_events\/11500\/revisions\/11548"}],"wp:featuredmedia":[{"embeddable":true,"href":"https:\/\/turismocoria.es\/turismo\/wp-json\/wp\/v2\/media\/11534"}],"wp:attachment":[{"href":"https:\/\/turismocoria.es\/turismo\/wp-json\/wp\/v2\/media?parent=11500"}],"wp:term":[{"taxonomy":"post_tag","embeddable":true,"href":"https:\/\/turismocoria.es\/turismo\/wp-json\/wp\/v2\/tags?post=11500"},{"taxonomy":"tribe_events_cat","embeddable":true,"href":"https:\/\/turismocoria.es\/turismo\/wp-json\/wp\/v2\/tribe_events_cat?post=11500"}],"curies":[{"name":"wp","href":"https:\/\/api.w.org\/{rel}","templated":true}]}}