{"id":10899,"date":"2022-07-21T18:15:16","date_gmt":"2022-07-21T16:15:16","guid":{"rendered":"https:\/\/turismocoria.es\/turismo\/?post_type=tribe_events&#038;p=10899"},"modified":"2023-08-03T12:28:37","modified_gmt":"2023-08-03T10:28:37","slug":"xxv-festival-internacional-de-guitarra","status":"publish","type":"tribe_events","link":"https:\/\/turismocoria.es\/turismo\/evento\/xxv-festival-internacional-de-guitarra\/","title":{"rendered":"XXVI Festival Internacional de Guitarra"},"content":{"rendered":"<div class=\"tribe-events-schedule tribe-clearfix\">\n\t<h2 class=\"tribe-events-schedule__datetime\">\n\t\t<span class=\"tribe-events-schedule__date tribe-events-schedule__date--start\">\n\t\t\t01 08 2023\t\t<\/span>\n\n\t\t\t\t\t<span class=\"tribe-events-schedule__separator tribe-events-schedule__separator--date\">\n\t\t\t\t&#8211;\t\t\t<\/span>\n\t\t\t<span class=\"tribe-events-schedule__time tribe-events-schedule__time--start\">\n\t\t\t\t22:00\t\t\t<\/span>\n\t\t\n\t\t\t\t\t\t\t\t\t<span class=\"tribe-events-schedule__separator tribe-events-schedule__separator--time\">\n\t\t\t\t\t &#8211; \t\t\t\t<\/span>\n\t\t\t\n\t\t\t\t\t\t\t<span class=\"tribe-events-schedule__date tribe-events-schedule__date--end\">\n\t\t\t\t\t07 08 2023\t\t\t\t<\/span>\n\n\t\t\t\t\t\t\t\t\t<span class=\"tribe-events-schedule__separator tribe-events-schedule__separator--date\">\n\t\t\t\t\t\t&#8211;\t\t\t\t\t<\/span>\n\t\t\t\t\t<span class=\"tribe-events-schedule__time tribe-events-schedule__time--end\">\n\t\t\t\t\t\t23:30\t\t\t\t\t<\/span>\n\t\t\t\t\n\t\t\t\n\t\t\t\t\t\t<\/h2>\n<\/div>\n\n\n<div class=\"tribe-block tribe-block__venue \">\n\t\n\t\n<div class=\"tribe-block__venue__meta\">\n\t<div class=\"tribe-block__venue__name\">\n\t\t<h3><a href=\"https:\/\/turismocoria.es\/turismo\/venue\/plaza-de-la-catedral\/\" title=\"Plaza de la Catedral\">Plaza de la Catedral<\/a><\/h3>\n\t<\/div>\n\n\t\n\t\n\t\n\t\n\t<\/div>\n\t\n\t<\/div>\n\n\n<div class=\"tribe-block tribe-block__event-website\">\n\t<a\n\t\thref=\"https:\/\/www.giglon.com\/\"\n\t\ttarget=\"_self\"\n\t\t\t>\n\t\tGiglon.com\t<\/a>\n<\/div>\n\n\n\n<p>Actividades Programadas<\/p>\n\n\n\n<figure class=\"wp-block-image alignleft size-large is-resized\"><img loading=\"lazy\" decoding=\"async\" data-src=\"https:\/\/turismocoria.es\/turismo\/wp-content\/uploads\/2022\/07\/Festival-Guitarra-23-728x1024.jpg\" alt=\"\" class=\"wp-image-11857 lazyload\" width=\"546\" height=\"768\" data-srcset=\"https:\/\/turismocoria.es\/turismo\/wp-content\/uploads\/2022\/07\/Festival-Guitarra-23-728x1024.jpg 728w, https:\/\/turismocoria.es\/turismo\/wp-content\/uploads\/2022\/07\/Festival-Guitarra-23-213x300.jpg 213w, https:\/\/turismocoria.es\/turismo\/wp-content\/uploads\/2022\/07\/Festival-Guitarra-23-768x1080.jpg 768w, https:\/\/turismocoria.es\/turismo\/wp-content\/uploads\/2022\/07\/Festival-Guitarra-23.jpg 1024w\" data-sizes=\"(max-width: 546px) 100vw, 546px\" src=\"data:image\/gif;base64,R0lGODlhAQABAAAAACH5BAEKAAEALAAAAAABAAEAAAICTAEAOw==\" style=\"--smush-placeholder-width: 546px; --smush-placeholder-aspect-ratio: 546\/768;\" \/><noscript><img loading=\"lazy\" decoding=\"async\" src=\"https:\/\/turismocoria.es\/turismo\/wp-content\/uploads\/2022\/07\/Festival-Guitarra-23-728x1024.jpg\" alt=\"\" class=\"wp-image-11857\" width=\"546\" height=\"768\" srcset=\"https:\/\/turismocoria.es\/turismo\/wp-content\/uploads\/2022\/07\/Festival-Guitarra-23-728x1024.jpg 728w, https:\/\/turismocoria.es\/turismo\/wp-content\/uploads\/2022\/07\/Festival-Guitarra-23-213x300.jpg 213w, https:\/\/turismocoria.es\/turismo\/wp-content\/uploads\/2022\/07\/Festival-Guitarra-23-768x1080.jpg 768w, https:\/\/turismocoria.es\/turismo\/wp-content\/uploads\/2022\/07\/Festival-Guitarra-23.jpg 1024w\" sizes=\"(max-width: 546px) 100vw, 546px\" \/><\/noscript><\/figure>\n\n\n\n<p><strong>Concierto Inaugural: Kiko Veneno<\/strong><br>Martes, 1 de Agosto 22:00 h<br>Plaza de la Catedral<br>Venta de Entradas a partir del 1 de julio en Oficina de Turismo de Coria y en la plataforma <a href=\"https:\/\/www.giglon.com\/\" target=\"_blank\" rel=\"noreferrer noopener\">giglon.com<\/a><\/p>\n\n\n\n<p><strong>Concierto del Fernando Esp\u00ed<\/strong><br>Mi\u00e9rcoles, 2 de Agosto 21:30 h<br>S. I. Catedral de Coria<br>Entrada Libre<\/p>\n\n\n\n<p><strong>Concierto de Pedro-Mateo Gonz\u00e1lez<\/strong><br>Jueves, 3 de Agosto 21:30 h<br>S. I. Catedral de Coria<br>Entrada Libre<\/p>\n\n\n\n<p><strong>Concierto Central: Cuarteto de Guitarras de Andaluc\u00eda<\/strong><br>Viernes, 4 de Agosto 22:00 h<br>Puerta del Perd\u00f3n de la Catedral de Coria.<br>Entrada Libre<\/p>\n\n\n\n<p><strong>Concierto de Margarita Escarpa<\/strong><br>S\u00e1bado, 5 de Agosto 21:30 h<br>S. I. Catedral de Coria<br>Entrada Libre<\/p>\n\n\n\n<p><strong>Concierto de Elia Portarena<\/strong><br>Domingo, 6 de Agosto 21:30 h<br>S. I. Catedral de Coria<br>Entrada Libre<\/p>\n\n\n\n<p><strong>Concierto de Clausura: Susan Santos<\/strong><br>Lunes, 7 de Agosto 22:00 h<br>Puerta del Perd\u00f3n de la Catedral de Coria.<br>Entrada Libre<\/p>\n\n\n\n<p><strong>Final del Concurso Senior<\/strong><br>Martes, 8 de Agosto 10:00 h<br>S. I. Catedral de Coria<br>Entrada Libre<\/p>\n\n\n\n<p>Adem\u00e1s de los conciertos programados, convocados en lugares emblem\u00e1ticos de la ciudad, el Festival Internacional de Guitarra de Coria es tambi\u00e9n un Concurso, plataforma de lanzamiento para promesas de la guitarra con premios fant\u00e1sticos destinados a proyectar sus carreras, y foro de perfeccionamiento para j\u00f3venes guitarristas, de la mano de clases magistrales que cuentan como docentes con algunos de los mejores maestros del mundo.<\/p>\n\n\n\n<p>Sitio Web del Evento <a href=\"https:\/\/www.guitarracoria.com\" target=\"_blank\" rel=\"noreferrer noopener\">https:\/\/www.guitarracoria.com<\/a><\/p>\n\n\n\t<div class=\"tribe-block tribe-block__events-link\">\n\t\t<div class=\"tribe-events tribe-common\">\n\t\t\t<div class=\"tribe-events-c-subscribe-dropdown__container\">\n\t\t\t\t<div class=\"tribe-events-c-subscribe-dropdown\">\n\t\t\t\t\t<div class=\"tribe-common-c-btn-border tribe-events-c-subscribe-dropdown__button\" tabindex=\"0\">\n\t\t\t\t\t\t<svg  class=\"tribe-common-c-svgicon tribe-common-c-svgicon--cal-export tribe-events-c-subscribe-dropdown__export-icon\"  viewBox=\"0 0 23 17\" xmlns=\"http:\/\/www.w3.org\/2000\/svg\">\n  <path fill-rule=\"evenodd\" clip-rule=\"evenodd\" d=\"M.128.896V16.13c0 .211.145.383.323.383h15.354c.179 0 .323-.172.323-.383V.896c0-.212-.144-.383-.323-.383H.451C.273.513.128.684.128.896Zm16 6.742h-.901V4.679H1.009v10.729h14.218v-3.336h.901V7.638ZM1.01 1.614h14.218v2.058H1.009V1.614Z\" \/>\n  <path d=\"M20.5 9.846H8.312M18.524 6.953l2.89 2.909-2.855 2.855\" stroke-width=\"1.2\" stroke-linecap=\"round\" stroke-linejoin=\"round\"\/>\n<\/svg>\n\t\t\t\t\t\t<button class=\"tribe-events-c-subscribe-dropdown__button-text\">\n\t\t\t\t\t\t\tA\u00f1adir al calendario\t\t\t\t\t\t<\/button>\n\t\t\t\t\t\t<svg  class=\"tribe-common-c-svgicon tribe-common-c-svgicon--caret-down tribe-events-c-subscribe-dropdown__button-icon\"  viewBox=\"0 0 10 7\" xmlns=\"http:\/\/www.w3.org\/2000\/svg\"><path fill-rule=\"evenodd\" clip-rule=\"evenodd\" d=\"M1.008.609L5 4.6 8.992.61l.958.958L5 6.517.05 1.566l.958-.958z\" class=\"tribe-common-c-svgicon__svg-fill\"\/><\/svg>\n\t\t\t\t\t<\/div>\n\t\t\t\t\t<div class=\"tribe-events-c-subscribe-dropdown__content\">\n\t\t\t\t\t\t<ul class=\"tribe-events-c-subscribe-dropdown__list\" tabindex=\"0\">\n\t\t\t\t\t\t\t\t\t\t\t\t\t\t\t<li class=\"tribe-events-c-subscribe-dropdown__list-item\">\n\t\t\t\t\t\t\t\t\t<a\n\t\t\t\t\t\t\t\t\t\thref=\"https:\/\/www.google.com\/calendar\/event?action=TEMPLATE&#038;dates=20230801T220000\/20230807T233000&#038;text=XXVI%20Festival%20Internacional%20de%20Guitarra&#038;details=%3C%21--+wp%3Atribe%2Fevent-datetime+%2F--%3E%3C%21--+wp%3Atribe%2Fevent-venue+%2F--%3E%3C%21--+wp%3Atribe%2Fevent-website+%7B%22urlLabel%22%3A%22Giglon.com%22%7D+%2F--%3E%3C%21--+wp%3Aparagraph+--%3E%3Cp%3EActividades+Programadas%3C%2Fp%3E%3C%21--+%2Fwp%3Aparagraph+--%3E%3C%21--+wp%3Aimage+%7B%22align%22%3A%22left%22%2C%22id%22%3A11857%2C%22width%22%3A546%2C%22height%22%3A768%2C%22sizeSlug%22%3A%22large%22%2C%22linkDestination%22%3A%22none%22%7D+--%3E%3Cfigure+class%3D%22wp-block-image+alignleft+size-large+is-resized%22%3E%3Cimg+src%3D%22https%3A%2F%2Fturismocoria.es%2Fturismo%2Fwp-content%2Fuploads%2F2022%2F07%2FFestival-Guitarra-23-728x1024.jpg%22+alt%3D%22%22+class%3D%22wp-image-11857%22+width%3D%22546%22+height%3D%22768%22%2F%3E%3C%2Ffigure%3E%3C%21--+%2Fwp%3Aimage+--%3E%3C%21--+wp%3Aparagraph+--%3E%3Cp%3E%3Cstrong%3EConcierto+Inaugural%3A+Kiko+Veneno%3C%2Fstrong%3E%3Cbr%3EMartes%2C+1+de+Agosto+22%3A00+h%3Cbr%3EPlaza+de+la+Catedral%%20(Ver%20aqu\u00ed%20la%20descripci\u00f3n%20completa%20de%20evento:%20https:\/\/turismocoria.es\/turismo\/evento\/xxv-festival-internacional-de-guitarra\/)&#038;location=Plaza%20de%20la%20Catedral&#038;trp=false&#038;ctz=Europe\/Madrid&#038;sprop=website:https:\/\/turismocoria.es\/turismo\"\n\t\t\t\t\t\t\t\t\t\tclass=\"tribe-events-c-subscribe-dropdown__list-item-link\"\n\t\t\t\t\t\t\t\t\t\ttabindex=\"0\"\n\t\t\t\t\t\t\t\t\t\ttarget=\"_blank\"\n\t\t\t\t\t\t\t\t\t\trel=\"noopener noreferrer nofollow noindex\"\n\t\t\t\t\t\t\t\t\t>\n\t\t\t\t\t\t\t\t\t\tGoogle Calendar\t\t\t\t\t\t\t\t\t<\/a>\n\t\t\t\t\t\t\t\t<\/li>\n\t\t\t\t\t\t\t\t\t\t\t\t\t\t\t<li class=\"tribe-events-c-subscribe-dropdown__list-item\">\n\t\t\t\t\t\t\t\t\t<a\n\t\t\t\t\t\t\t\t\t\thref=\"\"\n\t\t\t\t\t\t\t\t\t\tclass=\"tribe-events-c-subscribe-dropdown__list-item-link\"\n\t\t\t\t\t\t\t\t\t\ttabindex=\"0\"\n\t\t\t\t\t\t\t\t\t\ttarget=\"_blank\"\n\t\t\t\t\t\t\t\t\t\trel=\"noopener noreferrer nofollow noindex\"\n\t\t\t\t\t\t\t\t\t>\n\t\t\t\t\t\t\t\t\t\tiCalendar\t\t\t\t\t\t\t\t\t<\/a>\n\t\t\t\t\t\t\t\t<\/li>\n\t\t\t\t\t\t\t\t\t\t\t\t\t\t\t<li class=\"tribe-events-c-subscribe-dropdown__list-item\">\n\t\t\t\t\t\t\t\t\t<a\n\t\t\t\t\t\t\t\t\t\thref=\"\"\n\t\t\t\t\t\t\t\t\t\tclass=\"tribe-events-c-subscribe-dropdown__list-item-link\"\n\t\t\t\t\t\t\t\t\t\ttabindex=\"0\"\n\t\t\t\t\t\t\t\t\t\ttarget=\"_blank\"\n\t\t\t\t\t\t\t\t\t\trel=\"noopener noreferrer nofollow noindex\"\n\t\t\t\t\t\t\t\t\t>\n\t\t\t\t\t\t\t\t\t\tOutlook 365\t\t\t\t\t\t\t\t\t<\/a>\n\t\t\t\t\t\t\t\t<\/li>\n\t\t\t\t\t\t\t\t\t\t\t\t\t\t\t<li class=\"tribe-events-c-subscribe-dropdown__list-item\">\n\t\t\t\t\t\t\t\t\t<a\n\t\t\t\t\t\t\t\t\t\thref=\"\"\n\t\t\t\t\t\t\t\t\t\tclass=\"tribe-events-c-subscribe-dropdown__list-item-link\"\n\t\t\t\t\t\t\t\t\t\ttabindex=\"0\"\n\t\t\t\t\t\t\t\t\t\ttarget=\"_blank\"\n\t\t\t\t\t\t\t\t\t\trel=\"noopener noreferrer nofollow noindex\"\n\t\t\t\t\t\t\t\t\t>\n\t\t\t\t\t\t\t\t\t\tOutlook Live\t\t\t\t\t\t\t\t\t<\/a>\n\t\t\t\t\t\t\t\t<\/li>\n\t\t\t\t\t\t\t\t\t\t\t\t\t<\/ul>\n\t\t\t\t\t<\/div>\n\t\t\t\t<\/div>\n\t\t\t<\/div>\n\t\t<\/div>\n\t<\/div>\n\n\n\n","protected":false},"excerpt":{"rendered":"<p>Actividades Programadas Concierto Inaugural: Kiko VenenoMartes, 1 de Agosto 22:00 hPlaza de la CatedralVenta de Entradas a partir del 1 de julio en Oficina de Turismo de Coria y en la plataforma giglon.com Concierto del Fernando Esp\u00edMi\u00e9rcoles, 2 de Agosto 21:30 hS. I. Catedral de CoriaEntrada Libre Concierto de Pedro-Mateo Gonz\u00e1lezJueves, 3 de Agosto 21:30 [&hellip;]<\/p>\n","protected":false},"author":4,"featured_media":11857,"comment_status":"closed","ping_status":"closed","template":"","meta":{"_uag_custom_page_level_css":"","site-sidebar-layout":"default","site-content-layout":"","ast-site-content-layout":"","site-content-style":"default","site-sidebar-style":"default","ast-global-header-display":"","ast-banner-title-visibility":"","ast-main-header-display":"","ast-hfb-above-header-display":"","ast-hfb-below-header-display":"","ast-hfb-mobile-header-display":"","site-post-title":"","ast-breadcrumbs-content":"","ast-featured-img":"","footer-sml-layout":"","theme-transparent-header-meta":"","adv-header-id-meta":"","stick-header-meta":"","header-above-stick-meta":"","header-main-stick-meta":"","header-below-stick-meta":"","astra-migrate-meta-layouts":"default","ast-page-background-enabled":"default","ast-page-background-meta":{"desktop":{"background-color":"","background-image":"","background-repeat":"repeat","background-position":"center center","background-size":"auto","background-attachment":"scroll","background-type":"","background-media":"","overlay-type":"","overlay-color":"","overlay-opacity":"","overlay-gradient":""},"tablet":{"background-color":"","background-image":"","background-repeat":"repeat","background-position":"center center","background-size":"auto","background-attachment":"scroll","background-type":"","background-media":"","overlay-type":"","overlay-color":"","overlay-opacity":"","overlay-gradient":""},"mobile":{"background-color":"","background-image":"","background-repeat":"repeat","background-position":"center center","background-size":"auto","background-attachment":"scroll","background-type":"","background-media":"","overlay-type":"","overlay-color":"","overlay-opacity":"","overlay-gradient":""}},"ast-content-background-meta":{"desktop":{"background-color":"var(--ast-global-color-5)","background-image":"","background-repeat":"repeat","background-position":"center center","background-size":"auto","background-attachment":"scroll","background-type":"","background-media":"","overlay-type":"","overlay-color":"","overlay-opacity":"","overlay-gradient":""},"tablet":{"background-color":"var(--ast-global-color-5)","background-image":"","background-repeat":"repeat","background-position":"center center","background-size":"auto","background-attachment":"scroll","background-type":"","background-media":"","overlay-type":"","overlay-color":"","overlay-opacity":"","overlay-gradient":""},"mobile":{"background-color":"var(--ast-global-color-5)","background-image":"","background-repeat":"repeat","background-position":"center center","background-size":"auto","background-attachment":"scroll","background-type":"","background-media":"","overlay-type":"","overlay-color":"","overlay-opacity":"","overlay-gradient":""}},"_EventAllDay":false,"_EventTimezone":"Europe\/Madrid","_EventStartDate":"2023-08-01 22:00:00","_EventEndDate":"2023-08-07 23:30:00","_EventStartDateUTC":"2023-08-01 20:00:00","_EventEndDateUTC":"2023-08-07 21:30:00","_EventShowMap":false,"_EventShowMapLink":false,"_EventURL":"https:\/\/www.giglon.com\/","_EventCost":"15","_EventCostDescription":"","_EventCurrencySymbol":"\u20ac","_EventCurrencyCode":"EUR","_EventCurrencyPosition":"suffix","_EventDateTimeSeparator":"-","_EventTimeRangeSeparator":" - ","_EventOrganizerID":[],"_EventVenueID":10900,"_OrganizerEmail":"","_OrganizerPhone":"","_OrganizerWebsite":"","_VenueAddress":"","_VenueCity":"","_VenueCountry":"","_VenueProvince":"","_VenueZip":"","_VenuePhone":"","_VenueURL":"","_VenueStateProvince":"","_VenueLat":"","_VenueLng":"","_tribe_events_status":"","_tribe_events_status_reason":"","footnotes":""},"tags":[360,409,411,358],"tribe_events_cat":[373],"class_list":["post-10899","tribe_events","type-tribe_events","status-publish","has-post-thumbnail","hentry","tag-concierto","tag-festival","tag-guitarra","tag-verano","tribe_events_cat-destacado","cat_destacado"],"uagb_featured_image_src":{"full":["https:\/\/turismocoria.es\/turismo\/wp-content\/uploads\/2022\/07\/Festival-Guitarra-23.jpg",1024,1440,false],"thumbnail":["https:\/\/turismocoria.es\/turismo\/wp-content\/uploads\/2022\/07\/Festival-Guitarra-23-150x150.jpg",150,150,true],"medium":["https:\/\/turismocoria.es\/turismo\/wp-content\/uploads\/2022\/07\/Festival-Guitarra-23-213x300.jpg",213,300,true],"medium_large":["https:\/\/turismocoria.es\/turismo\/wp-content\/uploads\/2022\/07\/Festival-Guitarra-23-768x1080.jpg",768,1080,true],"large":["https:\/\/turismocoria.es\/turismo\/wp-content\/uploads\/2022\/07\/Festival-Guitarra-23-728x1024.jpg",728,1024,true],"gs-tiny":["https:\/\/turismocoria.es\/turismo\/wp-content\/uploads\/2022\/07\/Festival-Guitarra-23.jpg",50,70,false],"xl":["https:\/\/turismocoria.es\/turismo\/wp-content\/uploads\/2022\/07\/Festival-Guitarra-23.jpg",1024,1440,false],"xxl":["https:\/\/turismocoria.es\/turismo\/wp-content\/uploads\/2022\/07\/Festival-Guitarra-23.jpg",1024,1440,false],"xxxl":["https:\/\/turismocoria.es\/turismo\/wp-content\/uploads\/2022\/07\/Festival-Guitarra-23.jpg",1024,1440,false],"xxxxl":["https:\/\/turismocoria.es\/turismo\/wp-content\/uploads\/2022\/07\/Festival-Guitarra-23.jpg",1024,1440,false],"xxxxxl":["https:\/\/turismocoria.es\/turismo\/wp-content\/uploads\/2022\/07\/Festival-Guitarra-23.jpg",1024,1440,false],"1536x1536":["https:\/\/turismocoria.es\/turismo\/wp-content\/uploads\/2022\/07\/Festival-Guitarra-23.jpg",1024,1440,false],"2048x2048":["https:\/\/turismocoria.es\/turismo\/wp-content\/uploads\/2022\/07\/Festival-Guitarra-23.jpg",1024,1440,false],"ultp_layout_landscape_large":["https:\/\/turismocoria.es\/turismo\/wp-content\/uploads\/2022\/07\/Festival-Guitarra-23-1024x800.jpg",1024,800,true],"ultp_layout_landscape":["https:\/\/turismocoria.es\/turismo\/wp-content\/uploads\/2022\/07\/Festival-Guitarra-23-870x570.jpg",870,570,true],"ultp_layout_portrait":["https:\/\/turismocoria.es\/turismo\/wp-content\/uploads\/2022\/07\/Festival-Guitarra-23-600x900.jpg",600,900,true],"ultp_layout_square":["https:\/\/turismocoria.es\/turismo\/wp-content\/uploads\/2022\/07\/Festival-Guitarra-23-600x600.jpg",600,600,true],"gb-block-post-grid-landscape":["https:\/\/turismocoria.es\/turismo\/wp-content\/uploads\/2022\/07\/Festival-Guitarra-23-600x400.jpg",600,400,true],"gb-block-post-grid-square":["https:\/\/turismocoria.es\/turismo\/wp-content\/uploads\/2022\/07\/Festival-Guitarra-23-600x600.jpg",600,600,true]},"uagb_author_info":{"display_name":"Oficina Turismo","author_link":"https:\/\/turismocoria.es\/turismo\/author\/oficina\/"},"uagb_comment_info":0,"uagb_excerpt":"Actividades Programadas Concierto Inaugural: Kiko VenenoMartes, 1 de Agosto 22:00 hPlaza de la CatedralVenta de Entradas a partir del 1 de julio en Oficina de Turismo de Coria y en la plataforma giglon.com Concierto del Fernando Esp\u00edMi\u00e9rcoles, 2 de Agosto 21:30 hS. I. Catedral de CoriaEntrada Libre Concierto de Pedro-Mateo Gonz\u00e1lezJueves, 3 de Agosto 21:30&hellip;","_links":{"self":[{"href":"https:\/\/turismocoria.es\/turismo\/wp-json\/wp\/v2\/tribe_events\/10899"}],"collection":[{"href":"https:\/\/turismocoria.es\/turismo\/wp-json\/wp\/v2\/tribe_events"}],"about":[{"href":"https:\/\/turismocoria.es\/turismo\/wp-json\/wp\/v2\/types\/tribe_events"}],"author":[{"embeddable":true,"href":"https:\/\/turismocoria.es\/turismo\/wp-json\/wp\/v2\/users\/4"}],"replies":[{"embeddable":true,"href":"https:\/\/turismocoria.es\/turismo\/wp-json\/wp\/v2\/comments?post=10899"}],"version-history":[{"count":6,"href":"https:\/\/turismocoria.es\/turismo\/wp-json\/wp\/v2\/tribe_events\/10899\/revisions"}],"predecessor-version":[{"id":11939,"href":"https:\/\/turismocoria.es\/turismo\/wp-json\/wp\/v2\/tribe_events\/10899\/revisions\/11939"}],"wp:featuredmedia":[{"embeddable":true,"href":"https:\/\/turismocoria.es\/turismo\/wp-json\/wp\/v2\/media\/11857"}],"wp:attachment":[{"href":"https:\/\/turismocoria.es\/turismo\/wp-json\/wp\/v2\/media?parent=10899"}],"wp:term":[{"taxonomy":"post_tag","embeddable":true,"href":"https:\/\/turismocoria.es\/turismo\/wp-json\/wp\/v2\/tags?post=10899"},{"taxonomy":"tribe_events_cat","embeddable":true,"href":"https:\/\/turismocoria.es\/turismo\/wp-json\/wp\/v2\/tribe_events_cat?post=10899"}],"curies":[{"name":"wp","href":"https:\/\/api.w.org\/{rel}","templated":true}]}}