{"id":8911,"date":"2021-04-28T13:29:25","date_gmt":"2021-04-28T11:29:25","guid":{"rendered":"https:\/\/turismo.beta.coriaenimagenes.com\/?page_id=8911"},"modified":"2022-01-09T11:47:43","modified_gmt":"2022-01-09T10:47:43","slug":"une-ville-au-fin-palais","status":"publish","type":"page","link":"https:\/\/turismocoria.es\/turismo\/fr\/une-ville-au-fin-palais\/","title":{"rendered":"Une ville au fin palais"},"content":{"rendered":"\n<div style=\"height:20px\" aria-hidden=\"true\" class=\"wp-block-spacer\"><\/div>\n\n\n\n<div class=\"wp-block-cover\"><span aria-hidden=\"true\" class=\"wp-block-cover__gradient-background has-background-dim\"><\/span><img loading=\"lazy\" decoding=\"async\" width=\"1200\" height=\"785\" class=\"wp-block-cover__image-background wp-image-3195 lazyload\" alt=\"\" data-src=\"https:\/\/turismocoria.es\/turismo\/wp-content\/uploads\/2021\/05\/gastronomia-coria-01.jpg\" style=\"--smush-placeholder-width: 1200px; --smush-placeholder-aspect-ratio: 1200\/785;object-position:50% 37%\" data-object-fit=\"cover\" data-object-position=\"50% 37%\" data-srcset=\"https:\/\/turismocoria.es\/turismo\/wp-content\/uploads\/2021\/05\/gastronomia-coria-01.jpg 1200w, https:\/\/turismocoria.es\/turismo\/wp-content\/uploads\/2021\/05\/gastronomia-coria-01-300x196.jpg 300w, https:\/\/turismocoria.es\/turismo\/wp-content\/uploads\/2021\/05\/gastronomia-coria-01-1024x670.jpg 1024w, https:\/\/turismocoria.es\/turismo\/wp-content\/uploads\/2021\/05\/gastronomia-coria-01-768x502.jpg 768w, https:\/\/turismocoria.es\/turismo\/wp-content\/uploads\/2021\/05\/gastronomia-coria-01-870x570.jpg 870w\" data-sizes=\"(max-width: 1200px) 100vw, 1200px\" src=\"data:image\/gif;base64,R0lGODlhAQABAAAAACH5BAEKAAEALAAAAAABAAEAAAICTAEAOw==\" \/><noscript><img loading=\"lazy\" decoding=\"async\" width=\"1200\" height=\"785\" class=\"wp-block-cover__image-background wp-image-3195\" alt=\"\" src=\"https:\/\/turismocoria.es\/turismo\/wp-content\/uploads\/2021\/05\/gastronomia-coria-01.jpg\" style=\"object-position:50% 37%\" data-object-fit=\"cover\" data-object-position=\"50% 37%\" srcset=\"https:\/\/turismocoria.es\/turismo\/wp-content\/uploads\/2021\/05\/gastronomia-coria-01.jpg 1200w, https:\/\/turismocoria.es\/turismo\/wp-content\/uploads\/2021\/05\/gastronomia-coria-01-300x196.jpg 300w, https:\/\/turismocoria.es\/turismo\/wp-content\/uploads\/2021\/05\/gastronomia-coria-01-1024x670.jpg 1024w, https:\/\/turismocoria.es\/turismo\/wp-content\/uploads\/2021\/05\/gastronomia-coria-01-768x502.jpg 768w, https:\/\/turismocoria.es\/turismo\/wp-content\/uploads\/2021\/05\/gastronomia-coria-01-870x570.jpg 870w\" sizes=\"(max-width: 1200px) 100vw, 1200px\" \/><\/noscript><div class=\"wp-block-cover__inner-container is-layout-flow wp-block-cover-is-layout-flow\">\n<h1 class=\"has-text-align-center wp-block-heading\" id=\"une-ville-au-fin-palais\"><em>Une ville au fin palais<\/em><\/h1>\n\n\n\n<p><\/p>\n<\/div><\/div>\n\n\n\n<div style=\"height:20px\" aria-hidden=\"true\" class=\"wp-block-spacer\"><\/div>\n\n\n\n<div class=\"wp-block-columns margen-derecho-50 margen-izquierdo-50 margin-top-50 is-layout-flex wp-container-core-columns-is-layout-1 wp-block-columns-is-layout-flex\">\n<div class=\"wp-block-column is-layout-flow wp-block-column-is-layout-flow\">\n<p>Une des meilleures fa\u00e7ons de prendre soin de notre sens du go\u00fbt est de profiter d&#8217;une offre gastronomique qui, dans la <strong><span style=\"text-decoration: underline;\"><a href=\"https:\/\/turismocoria.es\/turismo\/fr\/ville-de-coria\/\" data-type=\"page\" data-id=\"7825\">Ville de Coria<\/a><\/span><\/strong>, montre une partie de la culture et de l&#8217;identit\u00e9 de son territoire con\u00e7ue au fil des si\u00e8cles. Un voyage, dont le laboratoire culinaire ne se voit pas seulement dans les restaurants de bonne cuisine traditionnelle, mais aussi dans les initiatives int\u00e9ressantes de la nouvelle cuisine fusion dot\u00e9e d&#8217;un large livre de recettes incroyablement riche en saveurs, avec ces autres d\u00e9lices de l\u2019exquise tradition de p\u00e2tisserie populaire et conventuelle de Coria.<\/p>\n\n\n\n<div class=\"wp-block-media-text alignwide is-stacked-on-mobile\"><figure class=\"wp-block-media-text__media\"><img loading=\"lazy\" decoding=\"async\" width=\"945\" height=\"709\" data-src=\"https:\/\/turismocoria.es\/turismo\/wp-content\/uploads\/2021\/05\/gastronomia-coria-08.jpg\" alt=\"Gastronom\u00eda Cauriense\" class=\"wp-image-3202 size-full lazyload\" data-srcset=\"https:\/\/turismocoria.es\/turismo\/wp-content\/uploads\/2021\/05\/gastronomia-coria-08.jpg 945w, https:\/\/turismocoria.es\/turismo\/wp-content\/uploads\/2021\/05\/gastronomia-coria-08-300x225.jpg 300w, https:\/\/turismocoria.es\/turismo\/wp-content\/uploads\/2021\/05\/gastronomia-coria-08-768x576.jpg 768w\" data-sizes=\"(max-width: 945px) 100vw, 945px\" src=\"data:image\/gif;base64,R0lGODlhAQABAAAAACH5BAEKAAEALAAAAAABAAEAAAICTAEAOw==\" style=\"--smush-placeholder-width: 945px; --smush-placeholder-aspect-ratio: 945\/709;\" \/><noscript><img loading=\"lazy\" decoding=\"async\" width=\"945\" height=\"709\" src=\"https:\/\/turismocoria.es\/turismo\/wp-content\/uploads\/2021\/05\/gastronomia-coria-08.jpg\" alt=\"Gastronom\u00eda Cauriense\" class=\"wp-image-3202 size-full\" srcset=\"https:\/\/turismocoria.es\/turismo\/wp-content\/uploads\/2021\/05\/gastronomia-coria-08.jpg 945w, https:\/\/turismocoria.es\/turismo\/wp-content\/uploads\/2021\/05\/gastronomia-coria-08-300x225.jpg 300w, https:\/\/turismocoria.es\/turismo\/wp-content\/uploads\/2021\/05\/gastronomia-coria-08-768x576.jpg 768w\" sizes=\"(max-width: 945px) 100vw, 945px\" \/><\/noscript><\/figure><div class=\"wp-block-media-text__content\">\n<p>Pr\u00e9cis\u00e9ment, en raison du grand essor du tourisme gastronomique, une nouvelle option d&#8217;aventure, destin\u00e9e non seulement aux personnes qui aiment l&#8217;art de la bonne ch\u00e8re, mais aussi au public d\u00e9sireux de vivre de nouvelles exp\u00e9riences culinaires, il existe certaines activit\u00e9s gastronomiques destin\u00e9es \u00e0 faire conna\u00eetre ces nouvelles saveurs ou pr\u00e9parations culinaires de saison.<\/p>\n\n\n\n<p>Ainsi, avec les ingr\u00e9dients de toujours, les recettes de tradition centenaire et les \u00e9laborations faites avec d\u00e9vouement sont quelques-unes des caract\u00e9ristiques qui d\u00e9finissent la pr\u00e9cieuse p\u00e2tisserie des <strong><span style=\"text-decoration: underline;\"><a href=\"https:\/\/turismocoria.es\/turismo\/fr\/une-ville-au-fin-palais\/sucreries-conventuelles\/\" data-type=\"page\" data-id=\"8919\">sucreries conventuelles<\/a><\/span><\/strong> fabriqu\u00e9s par les r\u00e9v\u00e9rendes m\u00e8res franciscaines du <strong><span style=\"text-decoration: underline;\"><a href=\"https:\/\/turismocoria.es\/turismo\/fr\/lieux-a-ne-pas-manquer\/couvent-de-la-mere-de-dieu\/\" data-type=\"page\" data-id=\"8306\">Couvent de la M\u00e8re de Dieu<\/a><\/span><\/strong> (Convento de la Madre de Dios), avec le large r\u00e9pertoire de splendides p\u00e2tisseries populaires, offrant toutes deux la saveur traditionnelle des excellents g\u00e2teaux artisanaux.<\/p>\n<\/div><\/div>\n\n\n\n<div style=\"height:20px\" aria-hidden=\"true\" class=\"wp-block-spacer\"><\/div>\n\n\n\n<p>L&#8217;automne est une des p\u00e9riodes les plus attendues et les plus propices pour les passionn\u00e9s du monde des champignons, au point de devenir le moment id\u00e9al pour profiter de cette enclave historique et monumentale qu&#8217;est le <strong><span style=\"text-decoration: underline;\"><a href=\"https:\/\/turismocoria.es\/turismo\/fr\/lieux-a-ne-pas-manquer\/centre-historique\/\" data-type=\"page\" data-id=\"8266\">Centre historique<\/a><\/span><\/strong> de Coria en tant que destination mycologique de l\u2019Estr\u00e9madure, car il est r\u00e9put\u00e9 pour sa bonne cuisine gastronomique mycologique \u00e9labor\u00e9e dans les fourneaux des principaux \u00e9tablissements de restauration de la commune. Il convient aussi de signaler sa c\u00e9l\u00e8bre et historique <strong><span style=\"text-decoration: underline;\"><a href=\"https:\/\/turismocoria.es\/turismo\/fr\/une-ville-au-fin-palais\/destination-mycologique\/route-de-tapas-coria-sabor-micologico\/\" data-type=\"page\" data-id=\"8924\">Route des Tapas \u201cCoria Saveur mycologique\u201d<\/a><\/span><\/strong>, un \u00e9v\u00e9nement culinaire permettant de promouvoir les saveurs de cette terre de Coria, avec les champignons dans le r\u00f4le principal, \u00e0 travers la reconstitution d&#8217;une cuisine miniature \u00e0 base de brochettes et de tapas qui sont propos\u00e9es dans les \u00e9tablissements h\u00f4teliers de la commune qui participent \u00e0 l\u2019\u00e9v\u00e9nement.<\/p>\n\n\n\n<div class=\"wp-block-media-text alignwide has-media-on-the-right is-stacked-on-mobile is-image-fill\"><figure class=\"wp-block-media-text__media lazyload\" style=\"background-image:inherit;background-position:50% 50%\" data-bg-image=\"url(https:\/\/turismocoria.es\/turismo\/wp-content\/uploads\/2021\/05\/gastronomia-coria-06.jpg)\"><img loading=\"lazy\" decoding=\"async\" width=\"1023\" height=\"709\" data-src=\"https:\/\/turismocoria.es\/turismo\/wp-content\/uploads\/2021\/05\/gastronomia-coria-06.jpg\" alt=\"Gastronom\u00eda Cauriense\" class=\"wp-image-3200 size-full lazyload\" data-srcset=\"https:\/\/turismocoria.es\/turismo\/wp-content\/uploads\/2021\/05\/gastronomia-coria-06.jpg 1023w, https:\/\/turismocoria.es\/turismo\/wp-content\/uploads\/2021\/05\/gastronomia-coria-06-300x208.jpg 300w, https:\/\/turismocoria.es\/turismo\/wp-content\/uploads\/2021\/05\/gastronomia-coria-06-768x532.jpg 768w\" data-sizes=\"(max-width: 1023px) 100vw, 1023px\" src=\"data:image\/gif;base64,R0lGODlhAQABAAAAACH5BAEKAAEALAAAAAABAAEAAAICTAEAOw==\" style=\"--smush-placeholder-width: 1023px; --smush-placeholder-aspect-ratio: 1023\/709;\" \/><noscript><img loading=\"lazy\" decoding=\"async\" width=\"1023\" height=\"709\" src=\"https:\/\/turismocoria.es\/turismo\/wp-content\/uploads\/2021\/05\/gastronomia-coria-06.jpg\" alt=\"Gastronom\u00eda Cauriense\" class=\"wp-image-3200 size-full\" srcset=\"https:\/\/turismocoria.es\/turismo\/wp-content\/uploads\/2021\/05\/gastronomia-coria-06.jpg 1023w, https:\/\/turismocoria.es\/turismo\/wp-content\/uploads\/2021\/05\/gastronomia-coria-06-300x208.jpg 300w, https:\/\/turismocoria.es\/turismo\/wp-content\/uploads\/2021\/05\/gastronomia-coria-06-768x532.jpg 768w\" sizes=\"(max-width: 1023px) 100vw, 1023px\" \/><\/noscript><\/figure><div class=\"wp-block-media-text__content\">\n<p>En effet, le pass\u00e9 culinaire p\u00e8se \u00e9norm\u00e9ment sur le pr\u00e9sent. En ce sens, d\u00e9riv\u00e9 de l&#8217;image taurine de cette ville au fil de son histoire car elle est li\u00e9e depuis des temps imm\u00e9moriaux au taureau de combat \u00e0 travers les ancestrales <strong><span style=\"text-decoration: underline;\"><a href=\"https:\/\/turismocoria.es\/turismo\/fr\/fetes-et-evenements\/fetes-de-san-juan-saint-jean\/\" data-type=\"page\" data-id=\"8791\">F\u00eates de Saint-Jean<\/a><\/span><\/strong> (Fiestas de San Juan). En m\u00eame temps que la <strong><span style=\"text-decoration: underline;\"><a href=\"https:\/\/turismocoria.es\/turismo\/fr\/fetes-et-evenements\/fitcoria\/\" data-type=\"page\" data-id=\"8793\">FITCORIA<\/a><\/span><\/strong>, est organis\u00e9 le pionnier <strong><span style=\"text-decoration: underline;\"><a href=\"https:\/\/turismocoria.es\/turismo\/fr\/une-ville-au-fin-palais\/viande-de-taureau-iberique\/concours-gastronomique-taurotapas-fitcoria\/\" data-type=\"page\" data-id=\"8930\">Concours gastronomique \u201cTauroTapas FitCoria\u201d<\/a><\/span><\/strong>, premier dans le genre dans toute l\u2019Espagne, dans le but de mettre en valeur la <strong><span style=\"text-decoration: underline;\"><a href=\"https:\/\/turismocoria.es\/turismo\/fr\/une-ville-au-fin-palais\/viande-de-taureau-iberique\/\" data-type=\"page\" data-id=\"8927\">viande ib\u00e9rique de taureau de combat<\/a><\/span><\/strong> pour la gastronomie du fait de ses nombreuses applications dans la cuisine d&#8217;aujourd&#8217;hui, mais aussi pour encourager, d\u00e9fendre, conserver et promouvoir la culture taurine.<\/p>\n<\/div><\/div>\n\n\n\n<div style=\"height:20px\" aria-hidden=\"true\" class=\"wp-block-spacer\"><\/div>\n\n\n\n<p>Une offre gastronomique assaisonn\u00e9e et vari\u00e9e, qui a \u00e9galement, avec l\u2019appr\u00e9ci\u00e9e cuisine populaire et d\u2019auteur, un des plus grands fleurons culinaires que l&#8217;on puisse d\u00e9couvrir aussi de la fertile dehesa d&#8217;Estr\u00e9madure, comme par exemple les produits d\u00e9riv\u00e9s de la <strong><span style=\"text-decoration: underline;\"><a href=\"https:\/\/turismocoria.es\/turismo\/fr\/une-ville-au-fin-palais\/viande-de-porc-iberique\/\" data-type=\"page\" data-id=\"8933\">viande ib\u00e9rique de porc<\/a><\/span><\/strong>, bien connu pour leur qualit\u00e9, leur saveur et leur ar\u00f4me caract\u00e9ristiques, qui enrichissent notre palais lors de la tentante et suggestive <a href=\"https:\/\/turismocoria.es\/turismo\/fr\/une-ville-au-fin-palais\/viande-de-porc-iberique\/route-des-tapas-gastrocoria-encueros\/\" data-type=\"page\" data-id=\"8937\"><strong><span style=\"text-decoration: underline;\">Route des Tapas \u201cGastroCoria Encueros\u201d<\/span><\/strong> <\/a>au cours de laquelle, pendant la Semaine Sainte, vous pourrez d\u00e9guster, en quelques bouch\u00e9es, les merveilleux morceaux de couenne de porc ou &#8220;cueritos&#8221; frits en tacos comme l&#8217;une des recettes les plus v\u00e9n\u00e9r\u00e9es de cette terre qui nous relie aux odeurs et aux saveurs qui sont rest\u00e9es intactes au fil des g\u00e9n\u00e9rations dans les principaux \u00e9tablissements h\u00f4teliers de cette ville.<\/p>\n<\/div>\n<\/div>\n\n\n\n<figure class=\"wp-block-image alignfull size-large enlace-desactivado disabled\"><a href=\"#\"><img loading=\"lazy\" decoding=\"async\" width=\"1024\" height=\"127\" data-src=\"https:\/\/turismocoria.es\/turismo\/wp-content\/uploads\/2021\/04\/silueta-coria-azul-1024x127.png\" alt=\"Silueta Ciudad de Coria\" class=\"wp-image-1796 lazyload\" data-srcset=\"https:\/\/turismocoria.es\/turismo\/wp-content\/uploads\/2021\/04\/silueta-coria-azul-1024x127.png 1024w, https:\/\/turismocoria.es\/turismo\/wp-content\/uploads\/2021\/04\/silueta-coria-azul-300x37.png 300w, https:\/\/turismocoria.es\/turismo\/wp-content\/uploads\/2021\/04\/silueta-coria-azul-768x95.png 768w, https:\/\/turismocoria.es\/turismo\/wp-content\/uploads\/2021\/04\/silueta-coria-azul-1536x191.png 1536w, https:\/\/turismocoria.es\/turismo\/wp-content\/uploads\/2021\/04\/silueta-coria-azul-2048x255.png 2048w, https:\/\/turismocoria.es\/turismo\/wp-content\/uploads\/2021\/04\/silueta-coria-azul-1600x199.png 1600w\" data-sizes=\"(max-width: 1024px) 100vw, 1024px\" src=\"data:image\/gif;base64,R0lGODlhAQABAAAAACH5BAEKAAEALAAAAAABAAEAAAICTAEAOw==\" style=\"--smush-placeholder-width: 1024px; --smush-placeholder-aspect-ratio: 1024\/127;\" \/><noscript><img loading=\"lazy\" decoding=\"async\" width=\"1024\" height=\"127\" src=\"https:\/\/turismocoria.es\/turismo\/wp-content\/uploads\/2021\/04\/silueta-coria-azul-1024x127.png\" alt=\"Silueta Ciudad de Coria\" class=\"wp-image-1796\" srcset=\"https:\/\/turismocoria.es\/turismo\/wp-content\/uploads\/2021\/04\/silueta-coria-azul-1024x127.png 1024w, https:\/\/turismocoria.es\/turismo\/wp-content\/uploads\/2021\/04\/silueta-coria-azul-300x37.png 300w, https:\/\/turismocoria.es\/turismo\/wp-content\/uploads\/2021\/04\/silueta-coria-azul-768x95.png 768w, https:\/\/turismocoria.es\/turismo\/wp-content\/uploads\/2021\/04\/silueta-coria-azul-1536x191.png 1536w, https:\/\/turismocoria.es\/turismo\/wp-content\/uploads\/2021\/04\/silueta-coria-azul-2048x255.png 2048w, https:\/\/turismocoria.es\/turismo\/wp-content\/uploads\/2021\/04\/silueta-coria-azul-1600x199.png 1600w\" sizes=\"(max-width: 1024px) 100vw, 1024px\" \/><\/noscript><\/a><\/figure>\n","protected":false},"excerpt":{"rendered":"<p>Une des meilleures fa\u00e7ons de prendre soin de notre sens du go\u00fbt est de profiter d&#8217;une offre gastronomique qui, dans la Ville de Coria, montre une partie de la culture et de l&#8217;identit\u00e9 de son territoire con\u00e7ue au fil des si\u00e8cles. Un voyage, dont le laboratoire culinaire ne se voit pas seulement dans les restaurants [&hellip;]<\/p>\n","protected":false},"author":1,"featured_media":3207,"parent":0,"menu_order":0,"comment_status":"closed","ping_status":"closed","template":"","meta":{"_uag_custom_page_level_css":"","site-sidebar-layout":"no-sidebar","site-content-layout":"page-builder","ast-site-content-layout":"","site-content-style":"default","site-sidebar-style":"default","ast-global-header-display":"","ast-banner-title-visibility":"","ast-main-header-display":"","ast-hfb-above-header-display":"","ast-hfb-below-header-display":"","ast-hfb-mobile-header-display":"","site-post-title":"disabled","ast-breadcrumbs-content":"","ast-featured-img":"disabled","footer-sml-layout":"","theme-transparent-header-meta":"default","adv-header-id-meta":"","stick-header-meta":"","header-above-stick-meta":"","header-main-stick-meta":"","header-below-stick-meta":"","astra-migrate-meta-layouts":"default","ast-page-background-enabled":"default","ast-page-background-meta":{"desktop":{"background-color":"","background-image":"","background-repeat":"repeat","background-position":"center center","background-size":"auto","background-attachment":"scroll","background-type":"","background-media":"","overlay-type":"","overlay-color":"","overlay-opacity":"","overlay-gradient":""},"tablet":{"background-color":"","background-image":"","background-repeat":"repeat","background-position":"center center","background-size":"auto","background-attachment":"scroll","background-type":"","background-media":"","overlay-type":"","overlay-color":"","overlay-opacity":"","overlay-gradient":""},"mobile":{"background-color":"","background-image":"","background-repeat":"repeat","background-position":"center center","background-size":"auto","background-attachment":"scroll","background-type":"","background-media":"","overlay-type":"","overlay-color":"","overlay-opacity":"","overlay-gradient":""}},"ast-content-background-meta":{"desktop":{"background-color":"var(--ast-global-color-5)","background-image":"","background-repeat":"repeat","background-position":"center center","background-size":"auto","background-attachment":"scroll","background-type":"","background-media":"","overlay-type":"","overlay-color":"","overlay-opacity":"","overlay-gradient":""},"tablet":{"background-color":"var(--ast-global-color-5)","background-image":"","background-repeat":"repeat","background-position":"center center","background-size":"auto","background-attachment":"scroll","background-type":"","background-media":"","overlay-type":"","overlay-color":"","overlay-opacity":"","overlay-gradient":""},"mobile":{"background-color":"var(--ast-global-color-5)","background-image":"","background-repeat":"repeat","background-position":"center center","background-size":"auto","background-attachment":"scroll","background-type":"","background-media":"","overlay-type":"","overlay-color":"","overlay-opacity":"","overlay-gradient":""}},"_EventAllDay":false,"_EventTimezone":"","_EventStartDate":"","_EventEndDate":"","_EventStartDateUTC":"","_EventEndDateUTC":"","_EventShowMap":false,"_EventShowMapLink":false,"_EventURL":"","_EventCost":"","_EventCostDescription":"","_EventCurrencySymbol":"","_EventCurrencyCode":"","_EventCurrencyPosition":"","_EventDateTimeSeparator":"","_EventTimeRangeSeparator":"","_EventOrganizerID":[],"_EventVenueID":0,"_OrganizerEmail":"","_OrganizerPhone":"","_OrganizerWebsite":"","_VenueAddress":"","_VenueCity":"","_VenueCountry":"","_VenueProvince":"","_VenueZip":"","_VenuePhone":"","_VenueURL":"","_VenueStateProvince":"","_VenueLat":"","_VenueLng":"","footnotes":""},"class_list":["post-8911","page","type-page","status-publish","has-post-thumbnail","hentry"],"featured_image_src":"https:\/\/turismocoria.es\/turismo\/wp-content\/uploads\/2021\/05\/concurso-pinchos-tapas-03-600x400.jpg","featured_image_src_square":"https:\/\/turismocoria.es\/turismo\/wp-content\/uploads\/2021\/05\/concurso-pinchos-tapas-03-600x600.jpg","uagb_featured_image_src":{"full":["https:\/\/turismocoria.es\/turismo\/wp-content\/uploads\/2021\/05\/concurso-pinchos-tapas-03.jpg",945,709,false],"thumbnail":["https:\/\/turismocoria.es\/turismo\/wp-content\/uploads\/2021\/05\/concurso-pinchos-tapas-03-150x150.jpg",150,150,true],"medium":["https:\/\/turismocoria.es\/turismo\/wp-content\/uploads\/2021\/05\/concurso-pinchos-tapas-03-300x225.jpg",300,225,true],"medium_large":["https:\/\/turismocoria.es\/turismo\/wp-content\/uploads\/2021\/05\/concurso-pinchos-tapas-03-768x576.jpg",768,576,true],"large":["https:\/\/turismocoria.es\/turismo\/wp-content\/uploads\/2021\/05\/concurso-pinchos-tapas-03.jpg",945,709,false],"gs-tiny":["https:\/\/turismocoria.es\/turismo\/wp-content\/uploads\/2021\/05\/concurso-pinchos-tapas-03.jpg",50,38,false],"xl":["https:\/\/turismocoria.es\/turismo\/wp-content\/uploads\/2021\/05\/concurso-pinchos-tapas-03.jpg",945,709,false],"xxl":["https:\/\/turismocoria.es\/turismo\/wp-content\/uploads\/2021\/05\/concurso-pinchos-tapas-03.jpg",945,709,false],"xxxl":["https:\/\/turismocoria.es\/turismo\/wp-content\/uploads\/2021\/05\/concurso-pinchos-tapas-03.jpg",945,709,false],"xxxxl":["https:\/\/turismocoria.es\/turismo\/wp-content\/uploads\/2021\/05\/concurso-pinchos-tapas-03.jpg",945,709,false],"xxxxxl":["https:\/\/turismocoria.es\/turismo\/wp-content\/uploads\/2021\/05\/concurso-pinchos-tapas-03.jpg",945,709,false],"1536x1536":["https:\/\/turismocoria.es\/turismo\/wp-content\/uploads\/2021\/05\/concurso-pinchos-tapas-03.jpg",945,709,false],"2048x2048":["https:\/\/turismocoria.es\/turismo\/wp-content\/uploads\/2021\/05\/concurso-pinchos-tapas-03.jpg",945,709,false],"ultp_layout_landscape_large":["https:\/\/turismocoria.es\/turismo\/wp-content\/uploads\/2021\/05\/concurso-pinchos-tapas-03.jpg",945,709,false],"ultp_layout_landscape":["https:\/\/turismocoria.es\/turismo\/wp-content\/uploads\/2021\/05\/concurso-pinchos-tapas-03-870x570.jpg",870,570,true],"ultp_layout_portrait":["https:\/\/turismocoria.es\/turismo\/wp-content\/uploads\/2021\/05\/concurso-pinchos-tapas-03-600x709.jpg",600,709,true],"ultp_layout_square":["https:\/\/turismocoria.es\/turismo\/wp-content\/uploads\/2021\/05\/concurso-pinchos-tapas-03-600x600.jpg",600,600,true],"gb-block-post-grid-landscape":["https:\/\/turismocoria.es\/turismo\/wp-content\/uploads\/2021\/05\/concurso-pinchos-tapas-03-600x400.jpg",600,400,true],"gb-block-post-grid-square":["https:\/\/turismocoria.es\/turismo\/wp-content\/uploads\/2021\/05\/concurso-pinchos-tapas-03-600x600.jpg",600,600,true]},"uagb_author_info":{"display_name":"admin","author_link":"https:\/\/turismocoria.es\/turismo\/author\/admin\/"},"uagb_comment_info":0,"uagb_excerpt":"Une des meilleures fa\u00e7ons de prendre soin de notre sens du go\u00fbt est de profiter d&#8217;une offre gastronomique qui, dans la Ville de Coria, montre une partie de la culture et de l&#8217;identit\u00e9 de son territoire con\u00e7ue au fil des si\u00e8cles. Un voyage, dont le laboratoire culinaire ne se voit pas seulement dans les restaurants&hellip;","_links":{"self":[{"href":"https:\/\/turismocoria.es\/turismo\/wp-json\/wp\/v2\/pages\/8911"}],"collection":[{"href":"https:\/\/turismocoria.es\/turismo\/wp-json\/wp\/v2\/pages"}],"about":[{"href":"https:\/\/turismocoria.es\/turismo\/wp-json\/wp\/v2\/types\/page"}],"author":[{"embeddable":true,"href":"https:\/\/turismocoria.es\/turismo\/wp-json\/wp\/v2\/users\/1"}],"replies":[{"embeddable":true,"href":"https:\/\/turismocoria.es\/turismo\/wp-json\/wp\/v2\/comments?post=8911"}],"version-history":[{"count":0,"href":"https:\/\/turismocoria.es\/turismo\/wp-json\/wp\/v2\/pages\/8911\/revisions"}],"wp:featuredmedia":[{"embeddable":true,"href":"https:\/\/turismocoria.es\/turismo\/wp-json\/wp\/v2\/media\/3207"}],"wp:attachment":[{"href":"https:\/\/turismocoria.es\/turismo\/wp-json\/wp\/v2\/media?parent=8911"}],"curies":[{"name":"wp","href":"https:\/\/api.w.org\/{rel}","templated":true}]}}