{"id":1176,"date":"2021-03-02T12:29:39","date_gmt":"2021-03-02T11:29:39","guid":{"rendered":"https:\/\/turismo.beta.coriaenimagenes.com\/?page_id=1176"},"modified":"2022-04-12T10:48:04","modified_gmt":"2022-04-12T08:48:04","slug":"el-sagrado-mantel-de-la-ultima-cena","status":"publish","type":"page","link":"https:\/\/turismocoria.es\/turismo\/el-sagrado-mantel-de-la-ultima-cena\/","title":{"rendered":"El Sagrado Mantel de la \u00daltima Cena"},"content":{"rendered":"\n<div style=\"height:20px\" aria-hidden=\"true\" class=\"wp-block-spacer\"><\/div>\n\n\n\n<div class=\"wp-block-cover is-light\" style=\"min-height:60vh;aspect-ratio:unset;aspect-ratio:unset;\"><span aria-hidden=\"true\" class=\"wp-block-cover__background has-background-dim\"><\/span><img loading=\"lazy\" decoding=\"async\" width=\"1181\" height=\"788\" class=\"wp-block-cover__image-background wp-image-830 lazyload\" alt=\"\" data-src=\"https:\/\/turismocoria.es\/turismo\/wp-content\/uploads\/2021\/02\/mantel-santa-cena.jpg\" style=\"--smush-placeholder-width: 1181px; --smush-placeholder-aspect-ratio: 1181\/788;object-position:50% 71%\" data-object-fit=\"cover\" data-object-position=\"50% 71%\" data-srcset=\"https:\/\/turismocoria.es\/turismo\/wp-content\/uploads\/2021\/02\/mantel-santa-cena.jpg 1181w, https:\/\/turismocoria.es\/turismo\/wp-content\/uploads\/2021\/02\/mantel-santa-cena-300x200.jpg 300w, https:\/\/turismocoria.es\/turismo\/wp-content\/uploads\/2021\/02\/mantel-santa-cena-1024x683.jpg 1024w, https:\/\/turismocoria.es\/turismo\/wp-content\/uploads\/2021\/02\/mantel-santa-cena-768x512.jpg 768w, https:\/\/turismocoria.es\/turismo\/wp-content\/uploads\/2021\/02\/mantel-santa-cena-600x400.jpg 600w\" data-sizes=\"(max-width: 1181px) 100vw, 1181px\" src=\"data:image\/gif;base64,R0lGODlhAQABAAAAACH5BAEKAAEALAAAAAABAAEAAAICTAEAOw==\" \/><noscript><img loading=\"lazy\" decoding=\"async\" width=\"1181\" height=\"788\" class=\"wp-block-cover__image-background wp-image-830\" alt=\"\" src=\"https:\/\/turismocoria.es\/turismo\/wp-content\/uploads\/2021\/02\/mantel-santa-cena.jpg\" style=\"object-position:50% 71%\" data-object-fit=\"cover\" data-object-position=\"50% 71%\" srcset=\"https:\/\/turismocoria.es\/turismo\/wp-content\/uploads\/2021\/02\/mantel-santa-cena.jpg 1181w, https:\/\/turismocoria.es\/turismo\/wp-content\/uploads\/2021\/02\/mantel-santa-cena-300x200.jpg 300w, https:\/\/turismocoria.es\/turismo\/wp-content\/uploads\/2021\/02\/mantel-santa-cena-1024x683.jpg 1024w, https:\/\/turismocoria.es\/turismo\/wp-content\/uploads\/2021\/02\/mantel-santa-cena-768x512.jpg 768w, https:\/\/turismocoria.es\/turismo\/wp-content\/uploads\/2021\/02\/mantel-santa-cena-600x400.jpg 600w\" sizes=\"(max-width: 1181px) 100vw, 1181px\" \/><\/noscript><div class=\"wp-block-cover__inner-container is-layout-flow wp-block-cover-is-layout-flow\">\n<h1 class=\"has-text-align-center has-white-color has-text-color wp-block-heading\"><em>El Sagrado Mantel de la \u00daltima Cena<\/em><\/h1>\n\n\n\n<p><\/p>\n<\/div><\/div>\n\n\n\n<div style=\"height:20px\" aria-hidden=\"true\" class=\"wp-block-spacer\"><\/div>\n\n\n\n<div class=\"wp-block-columns margen-izquierdo-50 margen-derecho-50 margin-top-50 is-layout-flex wp-container-core-columns-is-layout-3 wp-block-columns-is-layout-flex\">\n<div class=\"wp-block-column is-layout-flow wp-block-column-is-layout-flow\">\n<p style=\"font-size:17px\"><strong>Una historia que comenz\u00f3 hace 2000 a\u00f1os, que ha servido para que el lienzo en el que se produjo una de las cr\u00f3nicas m\u00e1s importantes de la vida de Cristo, se haya convertido en un tesoro hist\u00f3rico y espiritual \u00fanico exhibido en la Catedral de Coria desde hace m\u00e1s de 500 a\u00f1os como reliquia universal de la cristiandad.<\/strong><\/p>\n\n\n\n<p class=\"subrayado\">Si la nueva corriente del turismo experiencial se basa en las emociones y los sentimientos que los viajeros experimentan durante su visita a un determinado lugar, le ofrecemos la posibilidad de vivir una experiencia, \u00fanica e inigualable, dentro de su tiempo libre o vacacional, como es el adentrarse en un emocionante viaje al pasado para descubrir y sentir el misterio que celosamente guardan los muros de la Santa Iglesia<a href=\"https:\/\/turismocoria.es\/turismo\/lugares-que-no-te-puedes-perder\/catedral\/\" data-type=\"page\" data-id=\"488\"> <strong><span style=\"text-decoration: underline;\">Catedral de Santa Mar\u00eda de la Asunci\u00f3n de Coria<\/span><\/strong><\/a>, en cuyo museo catedralicio se custodia una de las reliquias m\u00e1s sorprendentes e importantes de la cristiandad como es el <strong>Sagrado Mantel de la \u00daltima Cena<\/strong>, cuyo recuerdo conmemora la liturgia de la milagrosa noche del Jueves Santo en la que Cristo concelebr\u00f3 la Pascua con sus doce ap\u00f3stoles antes de su Pasi\u00f3n siguiendo la tradici\u00f3n jud\u00eda.<\/p>\n\n\n\n<div class=\"wp-block-media-text alignwide is-stacked-on-mobile is-image-fill\"><figure class=\"wp-block-media-text__media lazyload\" style=\"background-image:inherit;background-position:50% 50%\" data-bg-image=\"url(https:\/\/turismocoria.es\/turismo\/wp-content\/uploads\/2021\/02\/casco-historico-ciudad-de-coria.jpg)\"><img loading=\"lazy\" decoding=\"async\" width=\"827\" height=\"466\" data-src=\"https:\/\/turismocoria.es\/turismo\/wp-content\/uploads\/2021\/02\/casco-historico-ciudad-de-coria.jpg\" alt=\"Casco hist\u00f3rico de la ciudad de Coria\" class=\"wp-image-1082 size-full lazyload\" data-srcset=\"https:\/\/turismocoria.es\/turismo\/wp-content\/uploads\/2021\/02\/casco-historico-ciudad-de-coria.jpg 827w, https:\/\/turismocoria.es\/turismo\/wp-content\/uploads\/2021\/02\/casco-historico-ciudad-de-coria-300x169.jpg 300w, https:\/\/turismocoria.es\/turismo\/wp-content\/uploads\/2021\/02\/casco-historico-ciudad-de-coria-768x433.jpg 768w\" data-sizes=\"(max-width: 827px) 100vw, 827px\" src=\"data:image\/gif;base64,R0lGODlhAQABAAAAACH5BAEKAAEALAAAAAABAAEAAAICTAEAOw==\" style=\"--smush-placeholder-width: 827px; --smush-placeholder-aspect-ratio: 827\/466;\" \/><noscript><img loading=\"lazy\" decoding=\"async\" width=\"827\" height=\"466\" src=\"https:\/\/turismocoria.es\/turismo\/wp-content\/uploads\/2021\/02\/casco-historico-ciudad-de-coria.jpg\" alt=\"Casco hist\u00f3rico de la ciudad de Coria\" class=\"wp-image-1082 size-full\" srcset=\"https:\/\/turismocoria.es\/turismo\/wp-content\/uploads\/2021\/02\/casco-historico-ciudad-de-coria.jpg 827w, https:\/\/turismocoria.es\/turismo\/wp-content\/uploads\/2021\/02\/casco-historico-ciudad-de-coria-300x169.jpg 300w, https:\/\/turismocoria.es\/turismo\/wp-content\/uploads\/2021\/02\/casco-historico-ciudad-de-coria-768x433.jpg 768w\" sizes=\"(max-width: 827px) 100vw, 827px\" \/><\/noscript><\/figure><div class=\"wp-block-media-text__content\">\n<p class=\"subrayado\">Un secreto, oculto y exhibido durante siglos en la seo cauriense, que ha despertado el inter\u00e9s de medios de comunicaci\u00f3n internacionales y nacionales, caso del periodista Iker Jim\u00e9nez, conductor de \u201cCuarto Milenio\u201d y especialista en la b\u00fasqueda de nuevas formas de contar cr\u00f3nicas basadas en historias reales relacionadas con el mundo de los grandes y enigm\u00e1ticos misterios, hasta llegar a la literatura de la mano del escritor extreme\u00f1o Jes\u00fas S\u00e1nchez Adalid en su novela, \u201cEl Alma de la Ciudad\u201d, en la que intenta descifrar el recorrido del <a href=\"https:\/\/turismocoria.es\/turismo\/historias-para-toda-la-familia\/descubre-el-mantel-sagrado-de-coria\/\" data-type=\"page\" data-id=\"550\"><strong><span style=\"text-decoration: underline;\">Sagrado Mantel de Coria<\/span><\/strong><\/a>.<\/p>\n<\/div><\/div>\n\n\n\n<div style=\"height:10px\" aria-hidden=\"true\" class=\"wp-block-spacer\"><\/div>\n\n\n\n<p><strong>Una historia que comenz\u00f3 hace m\u00e1s de 2.000 a\u00f1os\u2026<\/strong><br>Envolviendo de misterios a esta importante pieza arqueol\u00f3gica, convertida en dogma de fe para unos y de incertidumbre para otros, cuyo uso era muy habitual entre los jud\u00edos desde tiempo inmemorial al utilizar doble o triple mantel en sus fiestas, caso del Shabat, donde el mantel blanco sobre la mesa simbolizaba la pureza que deb\u00edan poseer los alimentos y el man\u00e1 que ca\u00eda en doble raci\u00f3n cada viernes; lo que, a su vez, ha servido para que el lienzo en el que se produjo una de las cr\u00f3nicas m\u00e1s importantes de la vida de Cristo, se haya convertido en un tesoro hist\u00f3rico y espiritual, \u00fanico, exhibido en la Catedral de Coria depositado en una hermosa arqueta barroca de plata protegido por una bolsa de terciopelo rojo de Damasco en seda, desde hace m\u00e1s de 500 a\u00f1os.<\/p>\n\n\n\n<div class=\"wp-block-media-text alignwide has-media-on-the-right is-stacked-on-mobile is-image-fill\"><figure class=\"wp-block-media-text__media lazyload\" style=\"background-image:inherit;background-position:50% 50%\" data-bg-image=\"url(https:\/\/turismocoria.es\/turismo\/wp-content\/uploads\/2021\/01\/catedral-coria.jpg)\"><img loading=\"lazy\" decoding=\"async\" width=\"866\" height=\"647\" data-src=\"https:\/\/turismocoria.es\/turismo\/wp-content\/uploads\/2021\/01\/catedral-coria.jpg\" alt=\"\" class=\"wp-image-219 size-full lazyload\" data-srcset=\"https:\/\/turismocoria.es\/turismo\/wp-content\/uploads\/2021\/01\/catedral-coria.jpg 866w, https:\/\/turismocoria.es\/turismo\/wp-content\/uploads\/2021\/01\/catedral-coria-300x224.jpg 300w, https:\/\/turismocoria.es\/turismo\/wp-content\/uploads\/2021\/01\/catedral-coria-768x574.jpg 768w\" data-sizes=\"(max-width: 866px) 100vw, 866px\" src=\"data:image\/gif;base64,R0lGODlhAQABAAAAACH5BAEKAAEALAAAAAABAAEAAAICTAEAOw==\" style=\"--smush-placeholder-width: 866px; --smush-placeholder-aspect-ratio: 866\/647;\" \/><noscript><img loading=\"lazy\" decoding=\"async\" width=\"866\" height=\"647\" src=\"https:\/\/turismocoria.es\/turismo\/wp-content\/uploads\/2021\/01\/catedral-coria.jpg\" alt=\"\" class=\"wp-image-219 size-full\" srcset=\"https:\/\/turismocoria.es\/turismo\/wp-content\/uploads\/2021\/01\/catedral-coria.jpg 866w, https:\/\/turismocoria.es\/turismo\/wp-content\/uploads\/2021\/01\/catedral-coria-300x224.jpg 300w, https:\/\/turismocoria.es\/turismo\/wp-content\/uploads\/2021\/01\/catedral-coria-768x574.jpg 768w\" sizes=\"(max-width: 866px) 100vw, 866px\" \/><\/noscript><\/figure><div class=\"wp-block-media-text__content\">\n<p><strong>Simbolismo y misterio\u2026<\/strong><br>Que han llevado a destacados expertos a realizar estudios cient\u00edficos, como los obrados en los laboratorios del Museo de Ciencias Naturales de Madrid, en 1960, o los ampliados por el equipo de cient\u00edficos de la NASA dirigidos recientemente por el profesor John Jackson (Director del Tur\u00edn Shroud Center de Colorado), que sostienen que el Sagrado Mantel de Coria y el Sudario o S\u00e1bana Santa de Tur\u00edn estuvieron presentes, conjuntamente, sobre la mesa de la \u00daltima Cena, debido a la coincidencia entre las dimensiones de ambas, en la que el Mantel de Coria mide 4,42 metros de largo por 92 cent\u00edmetros de anchos, pudiendo haber sido la S\u00e1bana de Tur\u00edn el Mantel que cubriera luego al de Coria tejido este \u00faltimo con m\u00e1s lujo y decoraci\u00f3n a base de sencillos adornos geom\u00e9tricos en \u00edndigo natural de color azul en los extremos.<\/p>\n<\/div><\/div>\n\n\n\n<div style=\"height:10px\" aria-hidden=\"true\" class=\"wp-block-spacer\"><\/div>\n\n\n\n<p><strong>Devoci\u00f3n, cultura y turismo\u2026<\/strong><br>Sobre una de las piezas sagradas m\u00e1s preciadas e importantes de la tradici\u00f3n cristiana desde la antig\u00fcedad. Una joya, hist\u00f3rica y espiritual, que desde tiempos pasados la mostraban los Obispos de Coria desde el llamado balc\u00f3n de las Reliquias cada d\u00eda 3 de mayo (1599), festividad de la Santa Cruz, hasta desaparecer dicha ceremonia lit\u00fargica como acto p\u00fablico en el a\u00f1o 1791, derivado de las aglomeraciones y los des\u00f3rdenes provocados por los fieles devotos, lo que provoc\u00f3 su posterior olvido con el paso del tiempo, y que ahora la Ciudad de Coria y su Catedral vuelven a mostrar al mundo restableciendo su antiguo esplendor como Reliquia Universal de la Cristiandad.<\/p>\n\n\n\n<p><strong>Una tradici\u00f3n\u2026<\/strong><br>Convertida nuevamente en reclamo y punto de encuentro de peregrinos deseosos de recibir las gracias e indulgencias plenarias, como tambi\u00e9n lo fueron concedidas, desde anta\u00f1o, por los magn\u00e1nimos pont\u00edfices romanos a todos aqu\u00e9llos que se acercaron hasta esta milenaria, nobiliaria y episcopal ciudad, al objeto de venerar el Sagrado Mantel de Coria.<\/p>\n\n\n\n<div style=\"height:20px\" aria-hidden=\"true\" class=\"wp-block-spacer\"><\/div>\n\n\n\n<div class=\"wp-block-columns is-layout-flex wp-container-core-columns-is-layout-1 wp-block-columns-is-layout-flex\">\n<div class=\"wp-block-column is-layout-flow wp-block-column-is-layout-flow\">\n<figure class=\"wp-block-embed aligncenter is-type-video is-provider-youtube wp-block-embed-youtube wp-embed-aspect-16-9 wp-has-aspect-ratio\"><div class=\"wp-block-embed__wrapper\">\n<div class=\"ast-oembed-container \" style=\"height: 100%;\"><iframe loading=\"lazy\" title=\"El Sagrado Mantel de Coria: Cultura, Devoci\u00f3n y Turismo - Reliquia Universal de la Cristiandad\" width=\"500\" height=\"281\" data-src=\"https:\/\/www.youtube.com\/embed\/qBfoZ48Qe9Q?feature=oembed\" frameborder=\"0\" allow=\"accelerometer; autoplay; clipboard-write; encrypted-media; gyroscope; picture-in-picture; web-share\" referrerpolicy=\"strict-origin-when-cross-origin\" allowfullscreen src=\"data:image\/gif;base64,R0lGODlhAQABAAAAACH5BAEKAAEALAAAAAABAAEAAAICTAEAOw==\" class=\"lazyload\" data-load-mode=\"1\"><\/iframe><\/div>\n<\/div><\/figure>\n<\/div>\n\n\n\n<div class=\"wp-block-column is-layout-flow wp-block-column-is-layout-flow\"><\/div>\n<\/div>\n\n\n\n<div class=\"wp-block-columns is-layout-flex wp-container-core-columns-is-layout-2 wp-block-columns-is-layout-flex\">\n<div class=\"wp-block-column is-layout-flow wp-block-column-is-layout-flow\"><\/div>\n\n\n\n<div class=\"wp-block-column is-layout-flow wp-block-column-is-layout-flow\"><\/div>\n<\/div>\n<\/div>\n<\/div>\n\n\n\n<figure class=\"wp-block-image alignfull size-large enlace-desactivado disabled\"><a href=\"#\"><img loading=\"lazy\" decoding=\"async\" width=\"1024\" height=\"127\" data-src=\"https:\/\/turismocoria.es\/turismo\/wp-content\/uploads\/2021\/04\/silueta-coria-azul-1024x127.png\" alt=\"Silueta Ciudad de Coria\" class=\"wp-image-1796 lazyload\" data-srcset=\"https:\/\/turismocoria.es\/turismo\/wp-content\/uploads\/2021\/04\/silueta-coria-azul-1024x127.png 1024w, https:\/\/turismocoria.es\/turismo\/wp-content\/uploads\/2021\/04\/silueta-coria-azul-300x37.png 300w, https:\/\/turismocoria.es\/turismo\/wp-content\/uploads\/2021\/04\/silueta-coria-azul-768x95.png 768w, https:\/\/turismocoria.es\/turismo\/wp-content\/uploads\/2021\/04\/silueta-coria-azul-1536x191.png 1536w, https:\/\/turismocoria.es\/turismo\/wp-content\/uploads\/2021\/04\/silueta-coria-azul-2048x255.png 2048w, https:\/\/turismocoria.es\/turismo\/wp-content\/uploads\/2021\/04\/silueta-coria-azul-1600x199.png 1600w\" data-sizes=\"(max-width: 1024px) 100vw, 1024px\" src=\"data:image\/gif;base64,R0lGODlhAQABAAAAACH5BAEKAAEALAAAAAABAAEAAAICTAEAOw==\" style=\"--smush-placeholder-width: 1024px; --smush-placeholder-aspect-ratio: 1024\/127;\" \/><noscript><img loading=\"lazy\" decoding=\"async\" width=\"1024\" height=\"127\" src=\"https:\/\/turismocoria.es\/turismo\/wp-content\/uploads\/2021\/04\/silueta-coria-azul-1024x127.png\" alt=\"Silueta Ciudad de Coria\" class=\"wp-image-1796\" srcset=\"https:\/\/turismocoria.es\/turismo\/wp-content\/uploads\/2021\/04\/silueta-coria-azul-1024x127.png 1024w, https:\/\/turismocoria.es\/turismo\/wp-content\/uploads\/2021\/04\/silueta-coria-azul-300x37.png 300w, https:\/\/turismocoria.es\/turismo\/wp-content\/uploads\/2021\/04\/silueta-coria-azul-768x95.png 768w, https:\/\/turismocoria.es\/turismo\/wp-content\/uploads\/2021\/04\/silueta-coria-azul-1536x191.png 1536w, https:\/\/turismocoria.es\/turismo\/wp-content\/uploads\/2021\/04\/silueta-coria-azul-2048x255.png 2048w, https:\/\/turismocoria.es\/turismo\/wp-content\/uploads\/2021\/04\/silueta-coria-azul-1600x199.png 1600w\" sizes=\"(max-width: 1024px) 100vw, 1024px\" \/><\/noscript><\/a><\/figure>\n","protected":false},"excerpt":{"rendered":"<p>Una historia que comenz\u00f3 hace 2000 a\u00f1os, que ha servido para que el lienzo en el que se produjo una de las cr\u00f3nicas m\u00e1s importantes de la vida de Cristo, se haya convertido en un tesoro hist\u00f3rico y espiritual \u00fanico exhibido en la Catedral de Coria desde hace m\u00e1s de 500 a\u00f1os como reliquia universal [&hellip;]<\/p>\n","protected":false},"author":1,"featured_media":0,"parent":0,"menu_order":0,"comment_status":"closed","ping_status":"closed","template":"","meta":{"_uag_custom_page_level_css":"","site-sidebar-layout":"no-sidebar","site-content-layout":"page-builder","ast-site-content-layout":"","site-content-style":"default","site-sidebar-style":"default","ast-global-header-display":"","ast-banner-title-visibility":"","ast-main-header-display":"","ast-hfb-above-header-display":"","ast-hfb-below-header-display":"","ast-hfb-mobile-header-display":"","site-post-title":"disabled","ast-breadcrumbs-content":"","ast-featured-img":"disabled","footer-sml-layout":"","theme-transparent-header-meta":"default","adv-header-id-meta":"","stick-header-meta":"","header-above-stick-meta":"","header-main-stick-meta":"","header-below-stick-meta":"","astra-migrate-meta-layouts":"default","ast-page-background-enabled":"default","ast-page-background-meta":{"desktop":{"background-color":"","background-image":"","background-repeat":"repeat","background-position":"center center","background-size":"auto","background-attachment":"scroll","background-type":"","background-media":"","overlay-type":"","overlay-color":"","overlay-opacity":"","overlay-gradient":""},"tablet":{"background-color":"","background-image":"","background-repeat":"repeat","background-position":"center center","background-size":"auto","background-attachment":"scroll","background-type":"","background-media":"","overlay-type":"","overlay-color":"","overlay-opacity":"","overlay-gradient":""},"mobile":{"background-color":"","background-image":"","background-repeat":"repeat","background-position":"center center","background-size":"auto","background-attachment":"scroll","background-type":"","background-media":"","overlay-type":"","overlay-color":"","overlay-opacity":"","overlay-gradient":""}},"ast-content-background-meta":{"desktop":{"background-color":"var(--ast-global-color-5)","background-image":"","background-repeat":"repeat","background-position":"center center","background-size":"auto","background-attachment":"scroll","background-type":"","background-media":"","overlay-type":"","overlay-color":"","overlay-opacity":"","overlay-gradient":""},"tablet":{"background-color":"var(--ast-global-color-5)","background-image":"","background-repeat":"repeat","background-position":"center center","background-size":"auto","background-attachment":"scroll","background-type":"","background-media":"","overlay-type":"","overlay-color":"","overlay-opacity":"","overlay-gradient":""},"mobile":{"background-color":"var(--ast-global-color-5)","background-image":"","background-repeat":"repeat","background-position":"center center","background-size":"auto","background-attachment":"scroll","background-type":"","background-media":"","overlay-type":"","overlay-color":"","overlay-opacity":"","overlay-gradient":""}},"_EventAllDay":false,"_EventTimezone":"","_EventStartDate":"","_EventEndDate":"","_EventStartDateUTC":"","_EventEndDateUTC":"","_EventShowMap":false,"_EventShowMapLink":false,"_EventURL":"","_EventCost":"","_EventCostDescription":"","_EventCurrencySymbol":"","_EventCurrencyCode":"","_EventCurrencyPosition":"","_EventDateTimeSeparator":"","_EventTimeRangeSeparator":"","_EventOrganizerID":[],"_EventVenueID":0,"_OrganizerEmail":"","_OrganizerPhone":"","_OrganizerWebsite":"","_VenueAddress":"","_VenueCity":"","_VenueCountry":"","_VenueProvince":"","_VenueZip":"","_VenuePhone":"","_VenueURL":"","_VenueStateProvince":"","_VenueLat":"","_VenueLng":"","footnotes":""},"class_list":["post-1176","page","type-page","status-publish","hentry"],"featured_image_src":null,"featured_image_src_square":null,"uagb_featured_image_src":{"full":false,"thumbnail":false,"medium":false,"medium_large":false,"large":false,"gs-tiny":false,"xl":false,"xxl":false,"xxxl":false,"xxxxl":false,"xxxxxl":false,"1536x1536":false,"2048x2048":false,"ultp_layout_landscape_large":false,"ultp_layout_landscape":false,"ultp_layout_portrait":false,"ultp_layout_square":false,"gb-block-post-grid-landscape":false,"gb-block-post-grid-square":false},"uagb_author_info":{"display_name":"admin","author_link":"https:\/\/turismocoria.es\/turismo\/author\/admin\/"},"uagb_comment_info":0,"uagb_excerpt":"Una historia que comenz\u00f3 hace 2000 a\u00f1os, que ha servido para que el lienzo en el que se produjo una de las cr\u00f3nicas m\u00e1s importantes de la vida de Cristo, se haya convertido en un tesoro hist\u00f3rico y espiritual \u00fanico exhibido en la Catedral de Coria desde hace m\u00e1s de 500 a\u00f1os como reliquia universal&hellip;","_links":{"self":[{"href":"https:\/\/turismocoria.es\/turismo\/wp-json\/wp\/v2\/pages\/1176"}],"collection":[{"href":"https:\/\/turismocoria.es\/turismo\/wp-json\/wp\/v2\/pages"}],"about":[{"href":"https:\/\/turismocoria.es\/turismo\/wp-json\/wp\/v2\/types\/page"}],"author":[{"embeddable":true,"href":"https:\/\/turismocoria.es\/turismo\/wp-json\/wp\/v2\/users\/1"}],"replies":[{"embeddable":true,"href":"https:\/\/turismocoria.es\/turismo\/wp-json\/wp\/v2\/comments?post=1176"}],"version-history":[{"count":2,"href":"https:\/\/turismocoria.es\/turismo\/wp-json\/wp\/v2\/pages\/1176\/revisions"}],"predecessor-version":[{"id":9909,"href":"https:\/\/turismocoria.es\/turismo\/wp-json\/wp\/v2\/pages\/1176\/revisions\/9909"}],"wp:attachment":[{"href":"https:\/\/turismocoria.es\/turismo\/wp-json\/wp\/v2\/media?parent=1176"}],"curies":[{"name":"wp","href":"https:\/\/api.w.org\/{rel}","templated":true}]}}