{"id":11681,"date":"2023-03-31T11:05:12","date_gmt":"2023-03-31T09:05:12","guid":{"rendered":"https:\/\/turismocoria.es\/turismo\/?page_id=11681"},"modified":"2023-03-31T11:08:30","modified_gmt":"2023-03-31T09:08:30","slug":"coria-historia-cultura-naturaleza-gastronomia-y-deporte","status":"publish","type":"page","link":"https:\/\/turismocoria.es\/turismo\/coria-historia-cultura-naturaleza-gastronomia-y-deporte\/","title":{"rendered":"CORIA Historia, Cultura, Naturaleza, Gastronom\u00eda y Deporte"},"content":{"rendered":"\n<div style=\"height:20px\" aria-hidden=\"true\" class=\"wp-block-spacer\"><\/div>\n\n\n\n<div class=\"wp-block-cover alignfull\" style=\"min-height:292px;aspect-ratio:unset;aspect-ratio:unset;\"><span aria-hidden=\"true\" class=\"wp-block-cover__background has-background-dim\"><\/span><img loading=\"lazy\" decoding=\"async\" width=\"1200\" height=\"636\" class=\"wp-block-cover__image-background wp-image-11687 lazyload\" alt=\"\" data-src=\"https:\/\/turismocoria.es\/turismo\/wp-content\/uploads\/2023\/03\/2.jpg\" style=\"--smush-placeholder-width: 1200px; --smush-placeholder-aspect-ratio: 1200\/636;object-position:61% 59%\" data-object-fit=\"cover\" data-object-position=\"61% 59%\" data-srcset=\"https:\/\/turismocoria.es\/turismo\/wp-content\/uploads\/2023\/03\/2.jpg 1200w, https:\/\/turismocoria.es\/turismo\/wp-content\/uploads\/2023\/03\/2-300x159.jpg 300w, https:\/\/turismocoria.es\/turismo\/wp-content\/uploads\/2023\/03\/2-1024x543.jpg 1024w, https:\/\/turismocoria.es\/turismo\/wp-content\/uploads\/2023\/03\/2-768x407.jpg 768w\" data-sizes=\"(max-width: 1200px) 100vw, 1200px\" src=\"data:image\/gif;base64,R0lGODlhAQABAAAAACH5BAEKAAEALAAAAAABAAEAAAICTAEAOw==\" \/><noscript><img loading=\"lazy\" decoding=\"async\" width=\"1200\" height=\"636\" class=\"wp-block-cover__image-background wp-image-11687\" alt=\"\" src=\"https:\/\/turismocoria.es\/turismo\/wp-content\/uploads\/2023\/03\/2.jpg\" style=\"object-position:61% 59%\" data-object-fit=\"cover\" data-object-position=\"61% 59%\" srcset=\"https:\/\/turismocoria.es\/turismo\/wp-content\/uploads\/2023\/03\/2.jpg 1200w, https:\/\/turismocoria.es\/turismo\/wp-content\/uploads\/2023\/03\/2-300x159.jpg 300w, https:\/\/turismocoria.es\/turismo\/wp-content\/uploads\/2023\/03\/2-1024x543.jpg 1024w, https:\/\/turismocoria.es\/turismo\/wp-content\/uploads\/2023\/03\/2-768x407.jpg 768w\" sizes=\"(max-width: 1200px) 100vw, 1200px\" \/><\/noscript><div class=\"wp-block-cover__inner-container is-layout-flow wp-block-cover-is-layout-flow\">\n<h1 class=\"wp-block-heading has-text-align-center has-ast-global-color-5-color has-text-color\" id=\"catedral-de-santa-maria-de-la-asuncion-s-xv-xviii\">\u201c<strong>CORIA: UN VIAJE A TRAV\u00c9S DE LOS SENTIDOS\u201d<\/strong><\/h1>\n<\/div><\/div>\n\n\n\n<div style=\"height:20px\" aria-hidden=\"true\" class=\"wp-block-spacer\"><\/div>\n\n\n\n<div class=\"wp-block-columns margen-izquierdo-50 margen-derecho-50 margin-top-50 is-layout-flex wp-container-core-columns-is-layout-2 wp-block-columns-is-layout-flex\">\n<div class=\"wp-block-column is-layout-flow wp-block-column-is-layout-flow\">\n<h4 class=\"wp-block-heading margin-bottom-50\"><strong><strong>Fechas <strong>para Visitar la Ciudad de Coria<\/strong><\/strong><\/strong><\/h4>\n\n\n\n<p>Cualquier estaci\u00f3n del a\u00f1o es ideal para viajar y descubrir este destino tur\u00edstico cultural de interior pleno de sensaciones y experiencias \u00fanicas. El momento id\u00f3neo para disfrutar y conocer la centenaria <strong><span style=\"text-decoration: underline;\"><a href=\"https:\/\/turismocoria.es\/turismo\/ciudad-de-coria\/\" data-type=\"page\" data-id=\"1061\">Ciudad de Coria<\/a><\/span><\/strong>, cuya bimilenaria historia est\u00e1 descrita en el longevo <strong><span style=\"text-decoration: underline;\"><a href=\"https:\/\/turismocoria.es\/turismo\/fiestas-y-eventos-para-disfrutar\/semana-santa\/\" data-type=\"page\" data-id=\"572\">Conjunto Monumental<\/a><\/span><\/strong> que celosamente guarda su coqueto <strong><span style=\"text-decoration: underline;\"><a href=\"https:\/\/turismocoria.es\/turismo\/lugares-que-no-te-puedes-perder\/casco-historico\/\" data-type=\"page\" data-id=\"732\">Casco Hist\u00f3rico<\/a><\/span><\/strong>, enclave y fuente de inspiraci\u00f3n de su fecunda oferta <strong>cultural<\/strong> y <strong>festiva<\/strong>, <strong>gastron\u00f3mica<\/strong> y <strong>deportiva<\/strong>, compuesta por una atractiva y amplia programaci\u00f3n de m\u00faltiples actividades, aptas para todos los p\u00fablicos y edades, que aguardan pacientemente al visitante para su descubrimiento y disfrute.<\/p>\n\n\n\n<h4 class=\"wp-block-heading\"><strong><strong>\u00bfObjetivos de <strong>la Visita Tur\u00edstica a la Ciudad de Coria<\/strong>?<\/strong><\/strong><\/h4>\n\n\n\n<p>La visita tur\u00edstica a la <strong>Ciudad de Coria<\/strong>, por cierto \u00fanica e irrepetible, pretende la <strong>puesta en valor y trascendencia <\/strong>del rico <strong>patrimonio cultural y natural<\/strong> atesorado a lo largo de los siglos, a trav\u00e9s de una amplia y diversificada <strong>programaci\u00f3n de actividades <\/strong>dirigida a los amantes de la <strong>historia<\/strong>, el <strong>arte<\/strong>, la <strong>cultura<\/strong>, la <strong>naturaleza<\/strong>, la <strong>bot\u00e1nica<\/strong>, la <strong>ornitolog\u00eda<\/strong>, la <strong>gastronom\u00eda<\/strong>, el <strong>deporte<\/strong>, la <strong>astronom\u00eda<\/strong>, etc., que pueden descubrirse en los <strong>entornos paisaj\u00edsticos <\/strong>que circundan la localidad, adem\u00e1s de en el propio <strong>Casco Hist\u00f3rico<\/strong> de nuestra coqueta ciudad antigua.<\/p>\n\n\n\n<figure class=\"wp-block-image aligncenter size-large\"><img loading=\"lazy\" decoding=\"async\" width=\"1024\" height=\"178\" data-src=\"https:\/\/turismocoria.es\/turismo\/wp-content\/uploads\/2023\/03\/2-1024x178.png\" alt=\"\" class=\"wp-image-11641 lazyload\" data-srcset=\"https:\/\/turismocoria.es\/turismo\/wp-content\/uploads\/2023\/03\/2-1024x178.png 1024w, https:\/\/turismocoria.es\/turismo\/wp-content\/uploads\/2023\/03\/2-300x52.png 300w, https:\/\/turismocoria.es\/turismo\/wp-content\/uploads\/2023\/03\/2-768x134.png 768w, https:\/\/turismocoria.es\/turismo\/wp-content\/uploads\/2023\/03\/2.png 1223w\" data-sizes=\"(max-width: 1024px) 100vw, 1024px\" src=\"data:image\/gif;base64,R0lGODlhAQABAAAAACH5BAEKAAEALAAAAAABAAEAAAICTAEAOw==\" style=\"--smush-placeholder-width: 1024px; --smush-placeholder-aspect-ratio: 1024\/178;\" \/><noscript><img loading=\"lazy\" decoding=\"async\" width=\"1024\" height=\"178\" src=\"https:\/\/turismocoria.es\/turismo\/wp-content\/uploads\/2023\/03\/2-1024x178.png\" alt=\"\" class=\"wp-image-11641\" srcset=\"https:\/\/turismocoria.es\/turismo\/wp-content\/uploads\/2023\/03\/2-1024x178.png 1024w, https:\/\/turismocoria.es\/turismo\/wp-content\/uploads\/2023\/03\/2-300x52.png 300w, https:\/\/turismocoria.es\/turismo\/wp-content\/uploads\/2023\/03\/2-768x134.png 768w, https:\/\/turismocoria.es\/turismo\/wp-content\/uploads\/2023\/03\/2.png 1223w\" sizes=\"(max-width: 1024px) 100vw, 1024px\" \/><\/noscript><\/figure>\n\n\n\n<h4 class=\"wp-block-heading\"><strong><strong>\u00bfQu\u00e9 Disfrutar <strong>en la Ciudad de Coria<\/strong>?<\/strong><\/strong><\/h4>\n\n\n\n<p>Durante su estancia y visita a esta localidad, el visitante podr\u00e1 sentir, disfrutar, conocer y ahondar dentro del <strong>turismo cultural<\/strong>, en la <strong>historia<\/strong> de una de las <strong>ciudades m\u00e1s antiguas de Espa\u00f1a<\/strong>, como es la <strong><span style=\"text-decoration: underline;\"><a href=\"https:\/\/turismocoria.es\/turismo\/ciudad-de-coria\/\" data-type=\"page\" data-id=\"1061\">Ciudad de Coria<\/a><\/span><\/strong>, por medio de las <strong>visitasguiadas<\/strong> que se realizar\u00e1n durante todos los meses del a\u00f1o por el bimilenario <strong><span style=\"text-decoration: underline;\"><a href=\"https:\/\/turismocoria.es\/turismo\/lugares-que-no-te-puedes-perder\/casco-historico\/\" data-type=\"page\" data-id=\"732\">Casco Hist\u00f3rico<\/a><\/span><\/strong>, sobre cuyo silencio emergen los recuerdos de su florida antig\u00fcedad descritos en las cicatrices de las piedras de los vetustos monumentos de una villa fraguada los distintos pueblos que se asentaron por estas ricas tierras de vega: <strong>vettones<\/strong>, <strong>romanos<\/strong>, <strong>visigodos<\/strong>, <strong>\u00e1rabes<\/strong>, <strong>jud\u00edos<\/strong>y <strong>cristianos<\/strong>.<\/p>\n\n\n\n<p>Una <strong>tradici\u00f3n festiva y cultural<\/strong>, cuya programaci\u00f3n se presenta amplia y variada estando diseminada a lo largo de todo el a\u00f1o, y en la que el jovial turista podr\u00e1 hallar un amplio repertorio de manifestaciones, actividades y eventos con los que disfrutar del car\u00e1cter abierto, amable y hospitalario de los caurienses. Un agradable <strong>ambiente de diversi\u00f3n<\/strong> para aquellos que busquen un lugar donde pasarlo bien, que encontrar\u00e1n, entre las numerosas posibilidades que ofrece la ciudad, alguna que se adapte a sus gustos, como por ejemplo en nuestra solemne<span style=\"text-decoration: underline;\"><a href=\"https:\/\/turismocoria.es\/turismo\/fiestas-y-eventos-para-disfrutar\/semana-santa\/\"> <strong>Semana Santa<\/strong><\/a><\/span> (abril) como una forma de vivir la Pasi\u00f3n de Cristo paso a paso, en la venerada <strong><span style=\"text-decoration: underline;\"><a href=\"https:\/\/turismocoria.es\/turismo\/otras-festividades-donde-divertirse\/festividad-de-la-virgen-de-argeme\/\">Fiesta de Ntra. Sra.Virgen de Argeme<\/a><\/span><\/strong> (mayo), o bien por medio del prestigioso <strong><span style=\"text-decoration: underline;\"><a href=\"https:\/\/turismocoria.es\/turismo\/fiestas-y-eventos-para-disfrutar\/festival-internacional-de-teatro\/\">Festival Internacional d eTeatro \u201cCoriaSi\u00e9ntela!\u201d<\/a><\/span><\/strong> (julio) o del memorable <strong><span style=\"text-decoration: underline;\"><a href=\"https:\/\/turismocoria.es\/turismo\/fiestas-y-eventos-para-disfrutar\/festival-internacional-de-guitarra\/\">Festival Internacional de Guitarra Ciudad de Coria<\/a><\/span> <\/strong>(agosto) que llenan las noches del est\u00edo, as\u00ed como del embrujo proyectado en la oscura y penetrante <strong><span style=\"text-decoration: underline;\"><a href=\"https:\/\/turismocoria.es\/turismo\/fiestas-y-eventos-para-disfrutar\/agosto-turistico\/noche-de-las-velas\/\">Noche de las Velas<\/a><\/span><\/strong> y del decano mercado artesanal del <strong><span style=\"text-decoration: underline;\"><a href=\"https:\/\/turismocoria.es\/turismo\/fiestas-y-eventos-para-disfrutar\/agosto-turistico\/jueves-turistico\/\">Jueves Tur\u00edstico<\/a><\/span><\/strong> (agosto) completando ambas la programaci\u00f3n veraniega vacacional.<\/p>\n\n\n\n<p>Del mismo modo, los amantes del <strong>turismo deportivo<\/strong> tendr\u00e1n igualmente su espacio durante pr\u00e1cticamente todos los meses del a\u00f1o gracias a la importante programaci\u00f3n deportiva existente apta para todos los g\u00e9neros y edades, caso de la pr\u00e1ctica el deporte de bicicleta a trav\u00e9s de la <strong>Marcha de BTT Medina Cauria<\/strong> (enero), del running por medio del <strong>Campeonato de Extremadura de Duatl\u00f3n Sprint \u201cDiegoParedes\u201d<\/strong>(marzo) y de la novedosa prueba de <strong><span style=\"text-decoration: underline;\"><a href=\"https:\/\/turismocoria.es\/turismo\/deporte-activo-de-salud-y-vida\/desgastando-zapatillas-en-la-media-maraton\/\">10 K Ciudad de Coria<\/a><\/span><\/strong> (octubre) o del deporte de aventura y canoismo en el <strong><span style=\"text-decoration: underline;\"><a href=\"https:\/\/turismocoria.es\/turismo\/deporte-activo-de-salud-y-vida\/desciende-en-canoa-rio-alagon\/\">Descenso del R\u00edo Alag\u00f3n<\/a><\/span> <\/strong>(agosto), principalmente, as\u00ed como de l\u00fadicos paseos gracias a las seis <strong><span style=\"text-decoration: underline;\"><a href=\"https:\/\/turismocoria.es\/turismo\/deporte-activo-de-salud-y-vida\/de-ruta-por-los-senderos-coria\/\">Rutas de Senderismo<\/a><\/span><\/strong> que, radialmente, parten desde la Ciudad de Coria.<\/p>\n\n\n\n<figure class=\"wp-block-image aligncenter size-large is-resized\"><img loading=\"lazy\" decoding=\"async\" data-src=\"https:\/\/turismocoria.es\/turismo\/wp-content\/uploads\/2023\/03\/5-1024x568.png\" alt=\"\" class=\"wp-image-11682 lazyload\" width=\"768\" height=\"426\" data-srcset=\"https:\/\/turismocoria.es\/turismo\/wp-content\/uploads\/2023\/03\/5-1024x568.png 1024w, https:\/\/turismocoria.es\/turismo\/wp-content\/uploads\/2023\/03\/5-300x166.png 300w, https:\/\/turismocoria.es\/turismo\/wp-content\/uploads\/2023\/03\/5-768x426.png 768w, https:\/\/turismocoria.es\/turismo\/wp-content\/uploads\/2023\/03\/5-1536x851.png 1536w, https:\/\/turismocoria.es\/turismo\/wp-content\/uploads\/2023\/03\/5-1600x887.png 1600w, https:\/\/turismocoria.es\/turismo\/wp-content\/uploads\/2023\/03\/5.png 1889w\" data-sizes=\"(max-width: 768px) 100vw, 768px\" src=\"data:image\/gif;base64,R0lGODlhAQABAAAAACH5BAEKAAEALAAAAAABAAEAAAICTAEAOw==\" style=\"--smush-placeholder-width: 768px; --smush-placeholder-aspect-ratio: 768\/426;\" \/><noscript><img loading=\"lazy\" decoding=\"async\" src=\"https:\/\/turismocoria.es\/turismo\/wp-content\/uploads\/2023\/03\/5-1024x568.png\" alt=\"\" class=\"wp-image-11682\" width=\"768\" height=\"426\" srcset=\"https:\/\/turismocoria.es\/turismo\/wp-content\/uploads\/2023\/03\/5-1024x568.png 1024w, https:\/\/turismocoria.es\/turismo\/wp-content\/uploads\/2023\/03\/5-300x166.png 300w, https:\/\/turismocoria.es\/turismo\/wp-content\/uploads\/2023\/03\/5-768x426.png 768w, https:\/\/turismocoria.es\/turismo\/wp-content\/uploads\/2023\/03\/5-1536x851.png 1536w, https:\/\/turismocoria.es\/turismo\/wp-content\/uploads\/2023\/03\/5-1600x887.png 1600w, https:\/\/turismocoria.es\/turismo\/wp-content\/uploads\/2023\/03\/5.png 1889w\" sizes=\"(max-width: 768px) 100vw, 768px\" \/><\/noscript><\/figure>\n\n\n\n<p>A su vez, los profesionales, empresarios y aficionados al Mundo del Toro y la Tauromaquia podr\u00e1n disfrutar del <strong>turismo taurino<\/strong> a trav\u00e9s de la afamada <strong><span style=\"text-decoration: underline;\"><a href=\"https:\/\/turismocoria.es\/turismo\/fiestas-y-eventos-para-disfrutar\/fitcoria\/\">FeriaInternacional del Toro de la Ciudad de Coriao FITCORIA<\/a><\/span><\/strong> (marzo), as\u00ed como de nuestras laureadas, ancestrales y tradicionales <strong><span style=\"text-decoration: underline;\"><a href=\"https:\/\/turismocoria.es\/turismo\/fiestas-y-eventos-para-disfrutar\/fiestas-san-juan\/\">Fiestas de San Juan<\/a><\/span><\/strong> (junio) en la que los toros se convierten en due\u00f1os, amos y se\u00f1ores de las angulosas calles y plazas del Casco Hist\u00f3rico, adem\u00e1s de poder conocer y visitar el h\u00e1bitat natural del toro bravo en libertad dentro del dise\u00f1o de la <strong>Ruta del Toro y la Dehesa<\/strong> (marzo) en la afamada ganader\u00eda de Victorino Mart\u00edn, o bien incluso asistir a una clase pr\u00e1ctica de iniciaci\u00f3n taurina dentro de los Tentaderos Clasificatorios del importante <strong>Desaf\u00edo Nacional de Escuelas Taurinas<\/strong> que se celebra en esta localidad.<\/p>\n\n\n\n<p>Por ende, dentro del <strong>turismo gastron\u00f3mico<\/strong>, el visitante tendr\u00e1 la oportunidad \u00fanica de degustar la buena cocina taurina mediante la puesta en valor de la carne ib\u00e9rica del toro de lidia por medio del dise\u00f1o y creaci\u00f3n de excelentes tapas y men\u00fas taurinos en el pionero <strong><span style=\"text-decoration: underline;\"><a href=\"https:\/\/turismocoria.es\/turismo\/una-ciudad-con-paladar\/carne-iberica-de-toro\/concurso-gastronomico-taurotapas-fitcoria\/\">Concurso Gastron\u00f3mico Tauro Tapas FitCoria<\/a><\/span><\/strong> (marzo), adem\u00e1s de la carne ib\u00e9rica del cerdo, como rey que comparte con el toro ese espacio antropizado natural que es la dehesa, a trav\u00e9s de la degustaci\u00f3n de nuestros tradicionales \u201ccueros\u201d o \u201ccortezas\u201d como lo mejor de la gastronom\u00eda de barra de la hosteler\u00eda de nuestra localidad que ser\u00e1n ofrecidos dentro de los <strong><span style=\"text-decoration: underline;\"><a href=\"https:\/\/turismocoria.es\/turismo\/una-ciudad-con-paladar\/carne-iberica-de-cerdo\/ruta-de-tapas-gastrocoria-encueros\/\">Cert\u00e1menes Gastron\u00f3micos de \u201cCoriaEncueros\u201d<\/a><\/span> <\/strong>(marzo) incluidos ambos en la nueva estrategia tur\u00edstica <strong>Coria Sabor de Primavera<\/strong>, hasta lo mejor de nuestros fogones de ese mundo espectacular y desconocido que es la micolog\u00eda a trav\u00e9s del decano evento gastron\u00f3mico <strong><span style=\"text-decoration: underline;\"><a href=\"https:\/\/turismocoria.es\/turismo\/una-ciudad-con-paladar\/destino-micologico\/ruta-de-tapas-coria-sabor-micologico\/\">Coria Sabor Micol\u00f3gico<\/a><\/span><\/strong> (noviembre).<\/p>\n\n\n\n<p>Por su parte, los amantes del <strong>turismo de naturaleza<\/strong>, tendr\u00e1n la posibilidad de realizar excursiones por nuestra hist\u00f3rica dehesa, con el fin de descubrir y conocer la riqueza bot\u00e1nica que la misma atesora a trav\u00e9s de la sugerente <strong><span style=\"text-decoration: underline;\"><a href=\"https:\/\/turismocoria.es\/turismo\/deporte-activo-de-salud-y-vida\/de-ruta-por-los-senderos-coria\/ruta-de-la-dehesa-de-minguez\/\">Ruta Bot\u00e1nica de las Orqu\u00eddeas por la Dehesa de M\u00edngu<\/a><\/span>ez<\/strong> (marzo), mientras que los apasionados del <strong><span style=\"text-decoration: underline;\"><a href=\"https:\/\/turismocoria.es\/turismo\/deporte-activo-de-salud-y-vida\/observacion-aves\/\">turismo ornitol\u00f3gico<\/a><\/span><\/strong>, podr\u00e1n tener la ocasi\u00f3n de observar y disfrutar de la avifauna local por medio de la <strong><span style=\"text-decoration: underline;\"><a href=\"https:\/\/turismocoria.es\/turismo\/entornos-que-visitar\/valle-del-alagon\/\">Ruta Ornitol\u00f3gica por el R\u00edo Alag\u00f3n<\/a><\/span> <\/strong>(marzo).<\/p>\n\n\n\n<div class=\"wp-block-media-text alignwide is-stacked-on-mobile\"><figure class=\"wp-block-media-text__media\"><img loading=\"lazy\" decoding=\"async\" width=\"1024\" height=\"387\" data-src=\"https:\/\/turismocoria.es\/turismo\/wp-content\/uploads\/2023\/03\/3-1024x387.jpg\" alt=\"\" class=\"wp-image-11644 size-full lazyload\" data-srcset=\"https:\/\/turismocoria.es\/turismo\/wp-content\/uploads\/2023\/03\/3-1024x387.jpg 1024w, https:\/\/turismocoria.es\/turismo\/wp-content\/uploads\/2023\/03\/3-300x113.jpg 300w, https:\/\/turismocoria.es\/turismo\/wp-content\/uploads\/2023\/03\/3-768x290.jpg 768w, https:\/\/turismocoria.es\/turismo\/wp-content\/uploads\/2023\/03\/3-1536x580.jpg 1536w, https:\/\/turismocoria.es\/turismo\/wp-content\/uploads\/2023\/03\/3.jpg 1587w\" data-sizes=\"(max-width: 1024px) 100vw, 1024px\" src=\"data:image\/gif;base64,R0lGODlhAQABAAAAACH5BAEKAAEALAAAAAABAAEAAAICTAEAOw==\" style=\"--smush-placeholder-width: 1024px; --smush-placeholder-aspect-ratio: 1024\/387;\" \/><noscript><img loading=\"lazy\" decoding=\"async\" width=\"1024\" height=\"387\" src=\"https:\/\/turismocoria.es\/turismo\/wp-content\/uploads\/2023\/03\/3-1024x387.jpg\" alt=\"\" class=\"wp-image-11644 size-full\" srcset=\"https:\/\/turismocoria.es\/turismo\/wp-content\/uploads\/2023\/03\/3-1024x387.jpg 1024w, https:\/\/turismocoria.es\/turismo\/wp-content\/uploads\/2023\/03\/3-300x113.jpg 300w, https:\/\/turismocoria.es\/turismo\/wp-content\/uploads\/2023\/03\/3-768x290.jpg 768w, https:\/\/turismocoria.es\/turismo\/wp-content\/uploads\/2023\/03\/3-1536x580.jpg 1536w, https:\/\/turismocoria.es\/turismo\/wp-content\/uploads\/2023\/03\/3.jpg 1587w\" sizes=\"(max-width: 1024px) 100vw, 1024px\" \/><\/noscript><\/figure><div class=\"wp-block-media-text__content\">\n<p>Adem\u00e1s del <strong>turismo de estrellas<\/strong>, como evento medioambiental transversal a trav\u00e9s de la puesta en valor de nuestro soberbio cielo nocturno, patrimonio cient\u00edfico y cultural que se constituye en una oportunidad \u00fanica para la observaci\u00f3n de los astros que, a buen seguro, proporcionar\u00e1 una grata experiencia en pleno entorno natural de la Dehesa de M\u00ednguez o del Santuario de Argeme a trav\u00e9s de la actividad dise\u00f1ada de <strong>AstroCoria<\/strong> (marzo-agosto), entre otras muchas m\u00e1s opciones a lo largo del a\u00f1o.<\/p>\n<\/div><\/div>\n\n\n\n<p>Y, por \u00faltimo, los amantes del <strong>turismo de compras<\/strong>, podr\u00e1n encontrar en la Ciudad de Coria un n\u00famero importante de tiendas que cubrir\u00e1n todas sus necesidades y gustos. Desde las textiles de la confecci\u00f3n y la moda, pasando por las de calzado y piel, muebles y electrodom\u00e9sticos, menaje y hogar, bazar y joyer\u00eda, etc. Toda una variedad de tiendas y establecimientos ubicados, mayoritariamente, en la <strong>zona comercial<\/strong> de la ciudad localizada en las avenidas lineales principales que atraviesan el municipio de norte a sur, junto con sus calles adyacentes, que, durante la <strong>Campa\u00f1a de Comercio de Navidad \u201cCoria, Comercio y Vida\u201d<\/strong> (diciembre), se pueblan de residentes y visitantes en busca de regalos gracias al buen ambiente reinante y por las ofertas ofrecidas en cada uno de ellos.<\/p>\n\n\n\n<p>Pero si lo que se desea es comprar un regalo o souvenir, puede acercarse el curioso turista a los <strong>Mercados Navide\u00f1o<\/strong>, <strong>Gastron\u00f3mico<\/strong> y de <strong>\u201cCoria en Dulce\u201d<\/strong>en los que por Navidad (diciembre) conseguir\u00e1 hallar buenos trabajos artesanales y productos extreme\u00f1os de buena calidad, que seguro ser\u00e1n una excelente opci\u00f3n para llevarse como recuerdo de su paso por nuestra localidad.<\/p>\n\n\n\n<h4 class=\"wp-block-heading\"><strong>Puntos de Informaci\u00f3n de Coria<\/strong>.<\/h4>\n\n\n\n<p>Desde el punto de vista del apoyo y la cobertura informativa de <strong>Coria Sabor de Primavera<\/strong>, y al objeto de que la misma se instituya como uno de los pilares b\u00e1sicos y fundamentales de la <strong>oferta tur\u00edstica natural y cultural en Extremadura<\/strong> durante el mes de marzo, el <strong>punto de informaci\u00f3n al visitante <\/strong>ser\u00e1 el siguiente:<\/p>\n\n\n\n<ul class=\"wp-block-list\">\n<li><strong>Oficina Municipal de Turismo.<\/strong> Plaza de San Pedro, 1. 10800 Coria (C\u00e1ceres) Tlfno.: 927 50 80 00 Ext. 290 Email: <a href=\"mailto:oficinaturismo@coria.org\"><strong><u>oficinaturismo@coria.org<\/u><\/strong><\/a><strong> <\/strong>Url: <strong><span style=\"text-decoration: underline;\"><a href=\"https:\/\/turismocoria.es\">https:\/\/turismocoria.es<\/a><\/span><\/strong><\/li>\n<\/ul>\n\n\n\n<h4 class=\"wp-block-heading\"><strong>\u00bfD\u00f3nde est\u00e1 la Ciudad de Coria?<\/strong><\/h4>\n\n\n\n<p>La Muy Noble y Muy Leal <strong><span style=\"text-decoration: underline;\"><a href=\"https:\/\/turismocoria.es\/turismo\/ciudad-de-coria\/\" data-type=\"page\" data-id=\"1061\">Ciudad de Coria<\/a><\/span><\/strong>, es un municipio extreme\u00f1o enclavado en la f\u00e9rtil Comarca del Valle del Alag\u00f3n, convertido hoy en el principal n\u00facleo hist\u00f3rico-art\u00edstico, comercial, administrativo y judicial del Noroeste de la provincia de C\u00e1ceres.<\/p>\n\n\n\n<figure class=\"wp-block-image aligncenter size-full is-resized\"><img loading=\"lazy\" decoding=\"async\" data-src=\"https:\/\/turismocoria.es\/turismo\/wp-content\/uploads\/2022\/10\/ciudad-coria.png\" alt=\"\" class=\"wp-image-11350 lazyload\" width=\"896\" height=\"331\" data-srcset=\"https:\/\/turismocoria.es\/turismo\/wp-content\/uploads\/2022\/10\/ciudad-coria.png 877w, https:\/\/turismocoria.es\/turismo\/wp-content\/uploads\/2022\/10\/ciudad-coria-300x111.png 300w, https:\/\/turismocoria.es\/turismo\/wp-content\/uploads\/2022\/10\/ciudad-coria-768x284.png 768w\" data-sizes=\"(max-width: 896px) 100vw, 896px\" src=\"data:image\/gif;base64,R0lGODlhAQABAAAAACH5BAEKAAEALAAAAAABAAEAAAICTAEAOw==\" style=\"--smush-placeholder-width: 896px; --smush-placeholder-aspect-ratio: 896\/331;\" \/><noscript><img loading=\"lazy\" decoding=\"async\" src=\"https:\/\/turismocoria.es\/turismo\/wp-content\/uploads\/2022\/10\/ciudad-coria.png\" alt=\"\" class=\"wp-image-11350\" width=\"896\" height=\"331\" srcset=\"https:\/\/turismocoria.es\/turismo\/wp-content\/uploads\/2022\/10\/ciudad-coria.png 877w, https:\/\/turismocoria.es\/turismo\/wp-content\/uploads\/2022\/10\/ciudad-coria-300x111.png 300w, https:\/\/turismocoria.es\/turismo\/wp-content\/uploads\/2022\/10\/ciudad-coria-768x284.png 768w\" sizes=\"(max-width: 896px) 100vw, 896px\" \/><\/noscript><\/figure>\n\n\n\n<p>Una de las ciudades m\u00e1s antiguas de Espa\u00f1a, que ofrece a los turistas la posibilidad de descubrir, a trav\u00e9s de los sentidos, la autenticidad de un destino cargado de historias, vivencias, sentimientos, experiencias, sorpresas y emociones.<\/p>\n\n\n\n<p>De integrarse en la forma de vivir y entender la cultura a lo largo de milenios de sus propios habitantes, pudiendo participar, como uno m\u00e1s de ellos, de sus m\u00faltiples <strong>recursos tur\u00edsticos<\/strong> que atesora: <strong>hist\u00f3ricos<\/strong>, <strong>monumentales<\/strong>, <strong>religiosos<\/strong>, <strong>paisaj\u00edsticos<\/strong>, <strong>festivos<\/strong>, <strong>gastron\u00f3micos<\/strong>, <strong>culturales <\/strong>o <strong>deportivos<\/strong>, al objeto de crearles un recuerdo que perviva despu\u00e9s de la visita de su viaje y que, a su vez, pueda ser narrado y transmitido a otros potenciales viajeros.<\/p>\n\n\n\n<h4 class=\"wp-block-heading\"><strong>\u00a1La Ciudad de Coria a trav\u00e9s de los Sentido!<\/strong><\/h4>\n\n\n\n<p>La visita a la <strong><span style=\"text-decoration: underline;\"><a href=\"https:\/\/turismocoria.es\/turismo\/ciudad-de-coria\/\">Ciudad de Coria<\/a><\/span><\/strong>, es tambi\u00e9n una buena oportunidad para descubrir las huellas del bimilenario pasado hist\u00f3rico escrito en las cicatrices de las piedras del magn\u00edfico <strong><span style=\"text-decoration: underline;\"><a href=\"https:\/\/turismocoria.es\/turismo\/lugares-que-no-te-puedes-perder\/casco-historico\/\" data-type=\"page\" data-id=\"732\">Conjunto Monumental<\/a><\/span><\/strong> que atesora el bello y coqueto <strong><span style=\"text-decoration: underline;\"><a href=\"https:\/\/turismocoria.es\/turismo\/lugares-que-no-te-puedes-perder\/casco-historico\/\" data-type=\"page\" data-id=\"732\">Casco Hist\u00f3rico de Coria<\/a><\/span><\/strong> sobre el que, asentado al arrullo del <strong><span style=\"text-decoration: underline;\"><a href=\"https:\/\/turismocoria.es\/turismo\/entornos-que-visitar\/valle-del-alagon\/\" data-type=\"page\" data-id=\"537\">r\u00edo Alag\u00f3n<\/a><\/span><\/strong>, emergen las esbeltas siluetas de la ilustre <strong><span style=\"text-decoration: underline;\"><a href=\"https:\/\/turismocoria.es\/turismo\/lugares-que-no-te-puedes-perder\/catedral\/\" data-type=\"page\" data-id=\"488\">Catedral de Santa Mar\u00eda de la Asunci\u00f3n<\/a><\/span><\/strong>, del elegante <strong><span style=\"text-decoration: underline;\"><a href=\"https:\/\/turismocoria.es\/turismo\/lugares-que-no-te-puedes-perder\/castillo-de-los-duques-de-alba\/\" data-type=\"page\" data-id=\"226\">Castillo de los Duques de Alba<\/a><\/span><\/strong>, o de la colosal <strong><span style=\"text-decoration: underline;\"><a href=\"https:\/\/turismocoria.es\/turismo\/lugares-que-no-te-puedes-perder\/murallas-romanas\/\" data-type=\"page\" data-id=\"497\">Muralla Romana<\/a><\/span><\/strong>, entre otros monumentos que uno no puede perderse\u2026<\/p>\n\n\n\n<p>Una clara muestra did\u00e1ctica y divulgativa que se ver\u00e1 complementada y enriquecida con el significativo n\u00famero de importantes <strong>obras art\u00edsticas y documentales<\/strong> conservadas en el Templo y<span style=\"text-decoration: underline;\"><a href=\"https:\/\/turismocoria.es\/turismo\/lugares-que-no-te-puedes-perder\/museo-catedralicio\/\" data-type=\"page\" data-id=\"501\"> <strong>Museo Catedralicio<\/strong><\/a><\/span>, principalmente, que profundizar\u00e1n en la historia, relevancia, realce y m\u00f3vil justificativo para la visita obligada de dicha muestra que, junto con la m\u00e1s que distinguida colecci\u00f3n de <strong>obras sacras y reliquias<\/strong> custodiadas, caso del <strong><span style=\"text-decoration: underline;\"><a href=\"https:\/\/turismocoria.es\/turismo\/el-sagrado-mantel-de-la-ultima-cena\/\" data-type=\"page\" data-id=\"1176\">Sagrado Mantel de la \u00daltima Cena de Coria<\/a><\/span> <\/strong>junto al resto de piezas que la componen entre las que destacan una <strong>Santa Espina<\/strong> y un <strong>Lignum Crucis<\/strong>, acreditan la inauguraci\u00f3n de dicha exposici\u00f3n como punto de atracci\u00f3n y de divulgaci\u00f3n devocional espiritual y de conocimiento tur\u00edstico-cultural dentro del turismo religioso en Espa\u00f1a.<\/p>\n\n\n\n<div class=\"wp-block-media-text alignwide is-stacked-on-mobile\"><figure class=\"wp-block-media-text__media\"><img loading=\"lazy\" decoding=\"async\" width=\"1024\" height=\"378\" data-src=\"https:\/\/turismocoria.es\/turismo\/wp-content\/uploads\/2023\/03\/14-1024x378.png\" alt=\"\" class=\"wp-image-11686 size-full lazyload\" data-srcset=\"https:\/\/turismocoria.es\/turismo\/wp-content\/uploads\/2023\/03\/14-1024x378.png 1024w, https:\/\/turismocoria.es\/turismo\/wp-content\/uploads\/2023\/03\/14-300x111.png 300w, https:\/\/turismocoria.es\/turismo\/wp-content\/uploads\/2023\/03\/14-768x284.png 768w, https:\/\/turismocoria.es\/turismo\/wp-content\/uploads\/2023\/03\/14-1536x567.png 1536w, https:\/\/turismocoria.es\/turismo\/wp-content\/uploads\/2023\/03\/14-1600x591.png 1600w, https:\/\/turismocoria.es\/turismo\/wp-content\/uploads\/2023\/03\/14.png 1922w\" data-sizes=\"(max-width: 1024px) 100vw, 1024px\" src=\"data:image\/gif;base64,R0lGODlhAQABAAAAACH5BAEKAAEALAAAAAABAAEAAAICTAEAOw==\" style=\"--smush-placeholder-width: 1024px; --smush-placeholder-aspect-ratio: 1024\/378;\" \/><noscript><img loading=\"lazy\" decoding=\"async\" width=\"1024\" height=\"378\" src=\"https:\/\/turismocoria.es\/turismo\/wp-content\/uploads\/2023\/03\/14-1024x378.png\" alt=\"\" class=\"wp-image-11686 size-full\" srcset=\"https:\/\/turismocoria.es\/turismo\/wp-content\/uploads\/2023\/03\/14-1024x378.png 1024w, https:\/\/turismocoria.es\/turismo\/wp-content\/uploads\/2023\/03\/14-300x111.png 300w, https:\/\/turismocoria.es\/turismo\/wp-content\/uploads\/2023\/03\/14-768x284.png 768w, https:\/\/turismocoria.es\/turismo\/wp-content\/uploads\/2023\/03\/14-1536x567.png 1536w, https:\/\/turismocoria.es\/turismo\/wp-content\/uploads\/2023\/03\/14-1600x591.png 1600w, https:\/\/turismocoria.es\/turismo\/wp-content\/uploads\/2023\/03\/14.png 1922w\" sizes=\"(max-width: 1024px) 100vw, 1024px\" \/><\/noscript><\/figure><div class=\"wp-block-media-text__content\">\n<p>Adem\u00e1s, de poder contemplar y pasear por parajes donde el paisaje se manifiesta con suma generosidad, al estar enclavada la <strong><span style=\"text-decoration: underline;\"><a href=\"https:\/\/turismocoria.es\/turismo\/ciudad-de-coria\/\" data-type=\"page\" data-id=\"1061\">Ciudad de Coria<\/a><\/span><\/strong> en pleno coraz\u00f3n f\u00e9rtil del <strong><span style=\"text-decoration: underline;\"><a href=\"https:\/\/turismocoria.es\/turismo\/entornos-que-visitar\/valle-del-alagon\/\" data-type=\"page\" data-id=\"537\">Valle del Alag\u00f3n<\/a><\/span><\/strong>, desde su <strong><span style=\"text-decoration: underline;\"><a href=\"https:\/\/turismocoria.es\/turismo\/parajes-para-pasear\/jardin-botanico\/\" data-type=\"page\" data-id=\"755\">Jard\u00edn Bot\u00e1nico<\/a><\/span><\/strong>, el <strong><span style=\"text-decoration: underline;\"><a href=\"https:\/\/turismocoria.es\/turismo\/parajes-para-pasear\/paseo-de-la-isla\/\" data-type=\"page\" data-id=\"757\">Paseo Fluvial de la Isla<\/a><\/span><\/strong> o los cercanos <strong><span style=\"text-decoration: underline;\"><a href=\"https:\/\/turismocoria.es\/turismo\/entornos-que-visitar\/valle-del-alagon\/canchos-de-ramiro\/\" data-type=\"page\" data-id=\"781\">Canchos de Ramiro<\/a><\/span><\/strong>; hasta planificarse escapadas por las comarcas lim\u00edtrofes que la circundan, caso de la S<strong><span style=\"text-decoration: underline;\"><a href=\"https:\/\/turismocoria.es\/turismo\/entornos-que-visitar\/sierra-de-gata\/\" data-type=\"page\" data-id=\"539\">ierra de Gata<\/a><\/span><\/strong>, <strong><span style=\"text-decoration: underline;\"><a href=\"https:\/\/turismocoria.es\/turismo\/entornos-que-visitar\/las-hurdes\/\" data-type=\"page\" data-id=\"541\">Las Hurdes<\/a><\/span><\/strong> o la <strong><span style=\"text-decoration: underline;\"><a href=\"https:\/\/turismocoria.es\/turismo\/entornos-que-visitar\/beira-baixa-portuguesa\/\" data-type=\"page\" data-id=\"543\">Beira Baixa portuguesa<\/a><\/span><\/strong>, principalmente.<\/p>\n\n\n\n<p>Inclusive, una de las mejores maneras de cuidar de nuestro paladar es disfrutar degustando nuestra fecunda y variada <strong><span style=\"text-decoration: underline;\"><a href=\"https:\/\/turismocoria.es\/turismo\/una-ciudad-con-paladar\/\" data-type=\"page\" data-id=\"1816\">oferta gastron\u00f3mica<\/a><\/span><\/strong>, adem\u00e1s de disfrutar del <strong><span style=\"text-decoration: underline;\"><a href=\"https:\/\/turismocoria.es\/turismo\/una-ciudad-con-paladar\/gastronomia-cauriense\/\" data-type=\"page\" data-id=\"896\">buen tapeo<\/a><\/span><\/strong> sentado en alguna de las terrazas que pueblan el Casco Antiguo y Moderno, junto a aquellos otros manjares de la m\u00e1s exquisita <strong><span style=\"text-decoration: underline;\"><a href=\"https:\/\/turismocoria.es\/turismo\/una-ciudad-con-paladar\/dulces-conventuales\/\" data-type=\"page\" data-id=\"596\">reposter\u00eda conventual<\/a><\/span><\/strong> cauriense. <\/p>\n\n\n\n<p>En definitiva, la <strong><span style=\"text-decoration: underline;\"><a href=\"https:\/\/turismocoria.es\/turismo\/ciudad-de-coria\/\" data-type=\"page\" data-id=\"1061\">Ciudad de Coria<\/a><\/span><\/strong> es un extraordinario escaparate para ver, escuchar, oler y sentir con el que el Ayuntamiento y el Cabildo Catedral pretenden recuperar, como ya lo fueran desde anta\u00f1o, la atracci\u00f3n y el fervor de cientos de peregrinos creyentes, y tambi\u00e9n esc\u00e9pticos, al objeto de que, tanto la seo, como la ciudad cauriense, se conviertan nuevamente en epicentro de reclamo y punto de encuentro de devoci\u00f3n espiritual, cultura y peregrinaci\u00f3n dentro del turismo religioso mundial.<\/p>\n<\/div><\/div>\n\n\n\n<p>Un <strong>destino tur\u00edstico<\/strong>, que se puede recorrer y descubrir concertando su propia <strong>visita guiada <\/strong>mediante las <strong>gu\u00edas tur\u00edsticas y culturales<\/strong>, para <strong>grupos de m\u00e1s de 10 personas<\/strong>, que se citan a continuaci\u00f3n:<\/p>\n\n\n\n<div class=\"wp-block-media-text alignwide has-media-on-the-right is-stacked-on-mobile\" style=\"grid-template-columns:auto 21%\"><div class=\"wp-block-media-text__content\">\n<ul class=\"wp-block-list\">\n<li><strong>Vida Tours.<\/strong> Tlfno. de Contacto: 636 79 20 32 Instagram: <strong><span style=\"text-decoration: underline;\"><a rel=\"noreferrer noopener\" href=\"https:\/\/www.instagram.com\/turismovidatours\/\" target=\"_blank\">turismovidatours<\/a><\/span><\/strong><\/li>\n\n\n\n<li><strong>Guiarte Plasencia. <\/strong>Tlfno. de Contacto: 654 37 61 08 Email: <strong><span style=\"text-decoration: underline;\"><a href=\"mailto:info@coriaguiarteplasencia.com\">info@coriaguiarteplasencia.com<\/a><\/span><\/strong><\/li>\n\n\n\n<li><strong>Gu\u00eda-Historiadores de Extremadura.<\/strong> Tlfno. de Contacto: 684 36 47 76 Email: <strong><span style=\"text-decoration: underline;\"><a href=\"mailto:info@guiashistoriadorex.com\">info@guiashistoriadorex.com<\/a><\/span><\/strong> Url: <strong><span style=\"text-decoration: underline;\"><a rel=\"noreferrer noopener\" href=\"http:\/\/www.guiashistoriadorex.com\" target=\"_blank\">www.guiashistoriadorex.com<\/a><\/span><\/strong><\/li>\n<\/ul>\n<\/div><figure class=\"wp-block-media-text__media\"><img loading=\"lazy\" decoding=\"async\" width=\"241\" height=\"181\" data-src=\"https:\/\/turismocoria.es\/turismo\/wp-content\/uploads\/2023\/03\/mantel.png\" alt=\"\" class=\"wp-image-11685 size-full lazyload\" src=\"data:image\/gif;base64,R0lGODlhAQABAAAAACH5BAEKAAEALAAAAAABAAEAAAICTAEAOw==\" style=\"--smush-placeholder-width: 241px; --smush-placeholder-aspect-ratio: 241\/181;\" \/><noscript><img loading=\"lazy\" decoding=\"async\" width=\"241\" height=\"181\" src=\"https:\/\/turismocoria.es\/turismo\/wp-content\/uploads\/2023\/03\/mantel.png\" alt=\"\" class=\"wp-image-11685 size-full\"\/><\/noscript><\/figure><\/div>\n\n\n\n<figure class=\"wp-block-image aligncenter size-large is-resized\"><img loading=\"lazy\" decoding=\"async\" data-src=\"https:\/\/turismocoria.es\/turismo\/wp-content\/uploads\/2023\/03\/fin-1024x508.jpg\" alt=\"\" class=\"wp-image-11684 lazyload\" width=\"768\" height=\"381\" data-srcset=\"https:\/\/turismocoria.es\/turismo\/wp-content\/uploads\/2023\/03\/fin-1024x508.jpg 1024w, https:\/\/turismocoria.es\/turismo\/wp-content\/uploads\/2023\/03\/fin-300x149.jpg 300w, https:\/\/turismocoria.es\/turismo\/wp-content\/uploads\/2023\/03\/fin-768x381.jpg 768w, https:\/\/turismocoria.es\/turismo\/wp-content\/uploads\/2023\/03\/fin.jpg 1144w\" data-sizes=\"(max-width: 768px) 100vw, 768px\" src=\"data:image\/gif;base64,R0lGODlhAQABAAAAACH5BAEKAAEALAAAAAABAAEAAAICTAEAOw==\" style=\"--smush-placeholder-width: 768px; --smush-placeholder-aspect-ratio: 768\/381;\" \/><noscript><img loading=\"lazy\" decoding=\"async\" src=\"https:\/\/turismocoria.es\/turismo\/wp-content\/uploads\/2023\/03\/fin-1024x508.jpg\" alt=\"\" class=\"wp-image-11684\" width=\"768\" height=\"381\" srcset=\"https:\/\/turismocoria.es\/turismo\/wp-content\/uploads\/2023\/03\/fin-1024x508.jpg 1024w, https:\/\/turismocoria.es\/turismo\/wp-content\/uploads\/2023\/03\/fin-300x149.jpg 300w, https:\/\/turismocoria.es\/turismo\/wp-content\/uploads\/2023\/03\/fin-768x381.jpg 768w, https:\/\/turismocoria.es\/turismo\/wp-content\/uploads\/2023\/03\/fin.jpg 1144w\" sizes=\"(max-width: 768px) 100vw, 768px\" \/><\/noscript><\/figure>\n\n\n\n<div class=\"wp-block-columns are-vertically-aligned-top margin-top-50 is-layout-flex wp-container-core-columns-is-layout-1 wp-block-columns-is-layout-flex\">\n<div class=\"wp-block-column is-layout-flow wp-block-column-is-layout-flow\">\n<div class=\"wp-block-buttons is-content-justification-center is-layout-flex wp-container-core-buttons-is-layout-1 wp-block-buttons-is-layout-flex\">\n<div class=\"wp-block-button has-custom-font-size aligncenter has-small-font-size\"><a class=\"wp-block-button__link wp-element-button\" href=\"https:\/\/turismocoria.es\/turismo\/wp-content\/uploads\/2023\/03\/LAS-CLAVES-VISITAR-CORIA.pdf\" style=\"border-radius:5px\" target=\"_blank\" rel=\"noreferrer noopener\">Descargar Dossier<\/a><\/div>\n<\/div>\n<\/div>\n<\/div>\n<\/div>\n<\/div>\n\n\n\n<figure class=\"wp-block-image alignfull size-large enlace-desactivado disabled\"><a href=\"#\"><img loading=\"lazy\" decoding=\"async\" width=\"1024\" height=\"127\" data-src=\"https:\/\/turismocoria.es\/turismo\/wp-content\/uploads\/2021\/04\/silueta-coria-azul-1024x127.png\" alt=\"Silueta Ciudad de Coria\" class=\"wp-image-1796 lazyload\" data-srcset=\"https:\/\/turismocoria.es\/turismo\/wp-content\/uploads\/2021\/04\/silueta-coria-azul-1024x127.png 1024w, https:\/\/turismocoria.es\/turismo\/wp-content\/uploads\/2021\/04\/silueta-coria-azul-300x37.png 300w, https:\/\/turismocoria.es\/turismo\/wp-content\/uploads\/2021\/04\/silueta-coria-azul-768x95.png 768w, https:\/\/turismocoria.es\/turismo\/wp-content\/uploads\/2021\/04\/silueta-coria-azul-1536x191.png 1536w, https:\/\/turismocoria.es\/turismo\/wp-content\/uploads\/2021\/04\/silueta-coria-azul-2048x255.png 2048w, https:\/\/turismocoria.es\/turismo\/wp-content\/uploads\/2021\/04\/silueta-coria-azul-1600x199.png 1600w\" data-sizes=\"(max-width: 1024px) 100vw, 1024px\" src=\"data:image\/gif;base64,R0lGODlhAQABAAAAACH5BAEKAAEALAAAAAABAAEAAAICTAEAOw==\" style=\"--smush-placeholder-width: 1024px; --smush-placeholder-aspect-ratio: 1024\/127;\" \/><noscript><img loading=\"lazy\" decoding=\"async\" width=\"1024\" height=\"127\" src=\"https:\/\/turismocoria.es\/turismo\/wp-content\/uploads\/2021\/04\/silueta-coria-azul-1024x127.png\" alt=\"Silueta Ciudad de Coria\" class=\"wp-image-1796\" srcset=\"https:\/\/turismocoria.es\/turismo\/wp-content\/uploads\/2021\/04\/silueta-coria-azul-1024x127.png 1024w, https:\/\/turismocoria.es\/turismo\/wp-content\/uploads\/2021\/04\/silueta-coria-azul-300x37.png 300w, https:\/\/turismocoria.es\/turismo\/wp-content\/uploads\/2021\/04\/silueta-coria-azul-768x95.png 768w, https:\/\/turismocoria.es\/turismo\/wp-content\/uploads\/2021\/04\/silueta-coria-azul-1536x191.png 1536w, https:\/\/turismocoria.es\/turismo\/wp-content\/uploads\/2021\/04\/silueta-coria-azul-2048x255.png 2048w, https:\/\/turismocoria.es\/turismo\/wp-content\/uploads\/2021\/04\/silueta-coria-azul-1600x199.png 1600w\" sizes=\"(max-width: 1024px) 100vw, 1024px\" \/><\/noscript><\/a><\/figure>\n","protected":false},"excerpt":{"rendered":"<p>Fechas para Visitar la Ciudad de Coria Cualquier estaci\u00f3n del a\u00f1o es ideal para viajar y descubrir este destino tur\u00edstico cultural de interior pleno de sensaciones y experiencias \u00fanicas. El momento id\u00f3neo para disfrutar y conocer la centenaria Ciudad de Coria, cuya bimilenaria historia est\u00e1 descrita en el longevo Conjunto Monumental que celosamente guarda su [&hellip;]<\/p>\n","protected":false},"author":4,"featured_media":0,"parent":0,"menu_order":0,"comment_status":"closed","ping_status":"closed","template":"","meta":{"_uag_custom_page_level_css":"","site-sidebar-layout":"default","site-content-layout":"","ast-site-content-layout":"","site-content-style":"default","site-sidebar-style":"default","ast-global-header-display":"","ast-banner-title-visibility":"","ast-main-header-display":"","ast-hfb-above-header-display":"","ast-hfb-below-header-display":"","ast-hfb-mobile-header-display":"","site-post-title":"","ast-breadcrumbs-content":"","ast-featured-img":"","footer-sml-layout":"","theme-transparent-header-meta":"","adv-header-id-meta":"","stick-header-meta":"","header-above-stick-meta":"","header-main-stick-meta":"","header-below-stick-meta":"","astra-migrate-meta-layouts":"default","ast-page-background-enabled":"default","ast-page-background-meta":{"desktop":{"background-color":"","background-image":"","background-repeat":"repeat","background-position":"center center","background-size":"auto","background-attachment":"scroll","background-type":"","background-media":"","overlay-type":"","overlay-color":"","overlay-opacity":"","overlay-gradient":""},"tablet":{"background-color":"","background-image":"","background-repeat":"repeat","background-position":"center center","background-size":"auto","background-attachment":"scroll","background-type":"","background-media":"","overlay-type":"","overlay-color":"","overlay-opacity":"","overlay-gradient":""},"mobile":{"background-color":"","background-image":"","background-repeat":"repeat","background-position":"center center","background-size":"auto","background-attachment":"scroll","background-type":"","background-media":"","overlay-type":"","overlay-color":"","overlay-opacity":"","overlay-gradient":""}},"ast-content-background-meta":{"desktop":{"background-color":"var(--ast-global-color-5)","background-image":"","background-repeat":"repeat","background-position":"center center","background-size":"auto","background-attachment":"scroll","background-type":"","background-media":"","overlay-type":"","overlay-color":"","overlay-opacity":"","overlay-gradient":""},"tablet":{"background-color":"var(--ast-global-color-5)","background-image":"","background-repeat":"repeat","background-position":"center center","background-size":"auto","background-attachment":"scroll","background-type":"","background-media":"","overlay-type":"","overlay-color":"","overlay-opacity":"","overlay-gradient":""},"mobile":{"background-color":"var(--ast-global-color-5)","background-image":"","background-repeat":"repeat","background-position":"center center","background-size":"auto","background-attachment":"scroll","background-type":"","background-media":"","overlay-type":"","overlay-color":"","overlay-opacity":"","overlay-gradient":""}},"_EventAllDay":false,"_EventTimezone":"","_EventStartDate":"","_EventEndDate":"","_EventStartDateUTC":"","_EventEndDateUTC":"","_EventShowMap":false,"_EventShowMapLink":false,"_EventURL":"","_EventCost":"","_EventCostDescription":"","_EventCurrencySymbol":"","_EventCurrencyCode":"","_EventCurrencyPosition":"","_EventDateTimeSeparator":"","_EventTimeRangeSeparator":"","_EventOrganizerID":[],"_EventVenueID":0,"_OrganizerEmail":"","_OrganizerPhone":"","_OrganizerWebsite":"","_VenueAddress":"","_VenueCity":"","_VenueCountry":"","_VenueProvince":"","_VenueZip":"","_VenuePhone":"","_VenueURL":"","_VenueStateProvince":"","_VenueLat":"","_VenueLng":"","footnotes":""},"class_list":["post-11681","page","type-page","status-publish","hentry"],"featured_image_src":null,"featured_image_src_square":null,"uagb_featured_image_src":{"full":false,"thumbnail":false,"medium":false,"medium_large":false,"large":false,"gs-tiny":false,"xl":false,"xxl":false,"xxxl":false,"xxxxl":false,"xxxxxl":false,"1536x1536":false,"2048x2048":false,"ultp_layout_landscape_large":false,"ultp_layout_landscape":false,"ultp_layout_portrait":false,"ultp_layout_square":false,"gb-block-post-grid-landscape":false,"gb-block-post-grid-square":false},"uagb_author_info":{"display_name":"Oficina Turismo","author_link":"https:\/\/turismocoria.es\/turismo\/author\/oficina\/"},"uagb_comment_info":0,"uagb_excerpt":"Fechas para Visitar la Ciudad de Coria Cualquier estaci\u00f3n del a\u00f1o es ideal para viajar y descubrir este destino tur\u00edstico cultural de interior pleno de sensaciones y experiencias \u00fanicas. El momento id\u00f3neo para disfrutar y conocer la centenaria Ciudad de Coria, cuya bimilenaria historia est\u00e1 descrita en el longevo Conjunto Monumental que celosamente guarda su&hellip;","_links":{"self":[{"href":"https:\/\/turismocoria.es\/turismo\/wp-json\/wp\/v2\/pages\/11681"}],"collection":[{"href":"https:\/\/turismocoria.es\/turismo\/wp-json\/wp\/v2\/pages"}],"about":[{"href":"https:\/\/turismocoria.es\/turismo\/wp-json\/wp\/v2\/types\/page"}],"author":[{"embeddable":true,"href":"https:\/\/turismocoria.es\/turismo\/wp-json\/wp\/v2\/users\/4"}],"replies":[{"embeddable":true,"href":"https:\/\/turismocoria.es\/turismo\/wp-json\/wp\/v2\/comments?post=11681"}],"version-history":[{"count":4,"href":"https:\/\/turismocoria.es\/turismo\/wp-json\/wp\/v2\/pages\/11681\/revisions"}],"predecessor-version":[{"id":11700,"href":"https:\/\/turismocoria.es\/turismo\/wp-json\/wp\/v2\/pages\/11681\/revisions\/11700"}],"wp:attachment":[{"href":"https:\/\/turismocoria.es\/turismo\/wp-json\/wp\/v2\/media?parent=11681"}],"curies":[{"name":"wp","href":"https:\/\/api.w.org\/{rel}","templated":true}]}}