{"id":11661,"date":"2023-03-15T08:08:25","date_gmt":"2023-03-15T07:08:25","guid":{"rendered":"https:\/\/turismocoria.es\/turismo\/?page_id=11638"},"modified":"2026-04-10T14:02:58","modified_gmt":"2026-04-10T12:02:58","slug":"coria-sabor-de-primavera","status":"publish","type":"page","link":"https:\/\/turismocoria.es\/turismo\/fr\/coria-sabor-de-primavera\/","title":{"rendered":"Coria SABOR de PRIMAVERA"},"content":{"rendered":"\n<div style=\"height:20px\" aria-hidden=\"true\" class=\"wp-block-spacer\"><\/div>\n\n\n\n<div class=\"wp-block-cover alignfull\" style=\"min-height:292px;aspect-ratio:unset;aspect-ratio:unset;\"><span aria-hidden=\"true\" class=\"wp-block-cover__background has-background-dim\"><\/span><img loading=\"lazy\" decoding=\"async\" width=\"1200\" height=\"801\" class=\"wp-block-cover__image-background wp-image-11639 lazyload\" alt=\"\" data-src=\"https:\/\/turismocoria.es\/turismo\/wp-content\/uploads\/2023\/03\/inicio.jpg\" style=\"--smush-placeholder-width: 1200px; --smush-placeholder-aspect-ratio: 1200\/801;object-position:40% 30%\" data-object-fit=\"cover\" data-object-position=\"40% 30%\" data-srcset=\"https:\/\/turismocoria.es\/turismo\/wp-content\/uploads\/2023\/03\/inicio.jpg 1200w, https:\/\/turismocoria.es\/turismo\/wp-content\/uploads\/2023\/03\/inicio-300x200.jpg 300w, https:\/\/turismocoria.es\/turismo\/wp-content\/uploads\/2023\/03\/inicio-1024x684.jpg 1024w, https:\/\/turismocoria.es\/turismo\/wp-content\/uploads\/2023\/03\/inicio-768x513.jpg 768w, https:\/\/turismocoria.es\/turismo\/wp-content\/uploads\/2023\/03\/inicio-600x400.jpg 600w\" data-sizes=\"(max-width: 1200px) 100vw, 1200px\" src=\"data:image\/gif;base64,R0lGODlhAQABAAAAACH5BAEKAAEALAAAAAABAAEAAAICTAEAOw==\" \/><noscript><img loading=\"lazy\" decoding=\"async\" width=\"1200\" height=\"801\" class=\"wp-block-cover__image-background wp-image-11639\" alt=\"\" src=\"https:\/\/turismocoria.es\/turismo\/wp-content\/uploads\/2023\/03\/inicio.jpg\" style=\"object-position:40% 30%\" data-object-fit=\"cover\" data-object-position=\"40% 30%\" srcset=\"https:\/\/turismocoria.es\/turismo\/wp-content\/uploads\/2023\/03\/inicio.jpg 1200w, https:\/\/turismocoria.es\/turismo\/wp-content\/uploads\/2023\/03\/inicio-300x200.jpg 300w, https:\/\/turismocoria.es\/turismo\/wp-content\/uploads\/2023\/03\/inicio-1024x684.jpg 1024w, https:\/\/turismocoria.es\/turismo\/wp-content\/uploads\/2023\/03\/inicio-768x513.jpg 768w, https:\/\/turismocoria.es\/turismo\/wp-content\/uploads\/2023\/03\/inicio-600x400.jpg 600w\" sizes=\"(max-width: 1200px) 100vw, 1200px\" \/><\/noscript><div class=\"wp-block-cover__inner-container is-layout-flow wp-block-cover-is-layout-flow\">\n<h1 class=\"wp-block-heading has-text-align-center has-ast-global-color-5-color has-text-color\" id=\"catedral-de-santa-maria-de-la-asuncion-s-xv-xviii\">Coria SABOR de PRIMAVERA<\/h1>\n<\/div><\/div>\n\n\n\n<div style=\"height:20px\" aria-hidden=\"true\" class=\"wp-block-spacer\"><\/div>\n\n\n\n<div class=\"wp-block-columns margen-izquierdo-50 margen-derecho-50 margin-top-50 is-layout-flex wp-container-core-columns-is-layout-2 wp-block-columns-is-layout-flex\">\n<div class=\"wp-block-column is-layout-flow wp-block-column-is-layout-flow\">\n<h4 class=\"wp-block-heading\"><strong>Un mes cargado de actividades para redescubrir nuestra dehesa<\/strong>.<\/h4>\n\n\n\n<h4 class=\"wp-block-heading\"><strong>Paseos por la dehesa, rutas bot\u00e1nicas, ornitol\u00f3gicas, gastron\u00f3micas, noches de estrellas..<\/strong>.<\/h4>\n\n\n\n<h4 class=\"wp-block-heading\" style=\"line-height:1.5\"><strong><strong>\u00bfQu\u00e9 es Coria Sabor de Primavera?<\/strong><\/strong><\/h4>\n\n\n\n<p>Bajo el t\u00edtulo de <strong>\u201cCoria Sabor de Primavera\u201d,<\/strong> el Ayuntamiento de Coria, a trav\u00e9s de la Concejal\u00eda Delegada de Desarrollo Econ\u00f3mico y Turismo, ha dise\u00f1ado esta oferta tur\u00edstica compuesta por una amplia <strong>programaci\u00f3n<\/strong> repleta de diversas <strong>actividades<\/strong> especialmente dirigidas a los amantes de la <strong>naturaleza<\/strong>, la <strong>bot\u00e1nica<\/strong>, la <strong>ornitolog\u00eda<\/strong>, la <strong>cultura<\/strong>, el <strong>deporte<\/strong>, la <strong>astronom\u00eda<\/strong> y la <strong>gastronom\u00eda<\/strong>, principalmente, para su descubrimiento y disfrute.<\/p>\n\n\n\n<h4 class=\"wp-block-heading margin-bottom-50\"><strong><strong>Fechas de Coria Sabor de Primavera<\/strong><\/strong><\/h4>\n\n\n\n<p>El evento tur\u00edstico \u201cCoria Sabor de Primavera\u201d, se desarrollar\u00e1 especialmente en este estacional mes del a\u00f1o que nos acerca a la llegada de la primavera caracterizada por unos aromas exclusivos que influyen en el comportamiento de las especies vivas alentados por el cambio clim\u00e1tico que supone la subida de las temperaturas gracias al calor del sol y, derivado de ello, los colores del cielo y el nacimiento de las nuevas flores con sus olfativas fragancias que despertar\u00e1n nuestros sentidos y sorprender\u00e1n a todos cuantos nos visiten.<\/p>\n\n\n\n<h4 class=\"wp-block-heading\"><strong><strong>\u00bfObjetivos de Coria Sabor de Primavera?.<\/strong><\/strong><\/h4>\n\n\n\n<p>Este <strong>evento tur\u00edstico<\/strong>, \u00fanico e irrepetible, pretende la <strong>puesta en valor y trascendencia<\/strong> del rico <strong>patrimonio natural y cultural<\/strong> de la <strong>Ciudad de Coria<\/strong>, a trav\u00e9s de una amplia y diversificada <strong>programaci\u00f3n de actividades<\/strong> dirigida a los amantes de la <strong>naturaleza<\/strong>, la <strong>bot\u00e1nica<\/strong>, la <strong>ornitolog\u00eda<\/strong>, la <strong>cultura<\/strong>, el <strong>deporte<\/strong>, la <strong>astronom\u00eda<\/strong> y la <strong>gastronom\u00eda<\/strong> que pueden descubrirse en los entornos paisaj\u00edsticos que circundan la localidad, adem\u00e1s de en el propio Casco Hist\u00f3rico de nuestra coqueta ciudad antigua.<\/p>\n\n\n\n<figure class=\"wp-block-image aligncenter size-large\"><img loading=\"lazy\" decoding=\"async\" width=\"1024\" height=\"178\" data-src=\"https:\/\/turismocoria.es\/turismo\/wp-content\/uploads\/2023\/03\/2-1024x178.png\" alt=\"\" class=\"wp-image-11641 lazyload\" data-srcset=\"https:\/\/turismocoria.es\/turismo\/wp-content\/uploads\/2023\/03\/2-1024x178.png 1024w, https:\/\/turismocoria.es\/turismo\/wp-content\/uploads\/2023\/03\/2-300x52.png 300w, https:\/\/turismocoria.es\/turismo\/wp-content\/uploads\/2023\/03\/2-768x134.png 768w, https:\/\/turismocoria.es\/turismo\/wp-content\/uploads\/2023\/03\/2.png 1223w\" data-sizes=\"(max-width: 1024px) 100vw, 1024px\" src=\"data:image\/gif;base64,R0lGODlhAQABAAAAACH5BAEKAAEALAAAAAABAAEAAAICTAEAOw==\" style=\"--smush-placeholder-width: 1024px; --smush-placeholder-aspect-ratio: 1024\/178;\" \/><noscript><img loading=\"lazy\" decoding=\"async\" width=\"1024\" height=\"178\" src=\"https:\/\/turismocoria.es\/turismo\/wp-content\/uploads\/2023\/03\/2-1024x178.png\" alt=\"\" class=\"wp-image-11641\" srcset=\"https:\/\/turismocoria.es\/turismo\/wp-content\/uploads\/2023\/03\/2-1024x178.png 1024w, https:\/\/turismocoria.es\/turismo\/wp-content\/uploads\/2023\/03\/2-300x52.png 300w, https:\/\/turismocoria.es\/turismo\/wp-content\/uploads\/2023\/03\/2-768x134.png 768w, https:\/\/turismocoria.es\/turismo\/wp-content\/uploads\/2023\/03\/2.png 1223w\" sizes=\"(max-width: 1024px) 100vw, 1024px\" \/><\/noscript><\/figure>\n\n\n\n<h4 class=\"wp-block-heading\"><strong><strong>\u00bfQu\u00e9 Disfrutar en Coria Sabor de Primavera?<\/strong><\/strong><\/h4>\n\n\n\n<p>Durante la celebraci\u00f3n de <strong>Coria Sabor de Primavera<\/strong>, el visitante podr\u00e1 sentir, disfrutar, conocer y ahondar, dentro del <strong>turismo cultural<\/strong>, en la <strong>historia<\/strong> de una de las <strong>ciudad es m\u00e1s antiguas de Espa\u00f1a<\/strong>, como es la <strong><span style=\"text-decoration: underline;\"><a href=\"https:\/\/turismocoria.es\/turismo\/ciudad-de-coria\/\" data-type=\"page\" data-id=\"1061\">Ciudad de Coria<\/a><\/span><\/strong>, por medio de las <strong>visitas guiadas <\/strong>que se realizar\u00e1n durante todo el mes de marzo por el bimilenario <strong><span style=\"text-decoration: underline;\"><a href=\"https:\/\/turismocoria.es\/turismo\/lugares-que-no-te-puedes-perder\/casco-historico\/\" data-type=\"page\" data-id=\"732\">Casco Hist\u00f3rico<\/a><\/span><\/strong>, sobre cuyo silencio emergen los recuerdos de su florida antig\u00fcedad descritos en las cicatrices de las piedras de los vetustos monumentos de una villa fraguada los distintos pueblos que se asentaron por estas ricas tierras de vega: vettones, romanos, visigodos, \u00e1rabes, jud\u00edos y cristianos.<\/p>\n\n\n\n<p>Del mismo modo, los amantes del turismo deportivo tendr\u00e1n igualmente su espacio durante este arom\u00e1tico mes primaveral, pudiendo practicar senderismo o cicloturismo por las seis Rutas de Senderismo por nuestros entornos naturales que radialmente parten desde la Ciudad de Coria, disfrutando del amplio programa de Deporte Activo, Salud y Vida que les ofrece la Concejal\u00eda de Deportes a lo largo del a\u00f1o.<\/p>\n\n\n\n<p>A su vez, los aficionados al Mundo del Toro y la Tauromaquia podr\u00e1n disfrutar del turismo taurino a trav\u00e9s de la Ruta del Toro y la Dehesa en la afamada ganader\u00eda de Victorino Mart\u00edn.<\/p>\n\n\n\n<p>Por ende, el turismo gastron\u00f3mico, estar\u00e1 igualmente representado por la puesta en valor de la carne ib\u00e9rica del cerdo, como rey que comparte con el toro ese espacio antropizado natural que es la dehesa, a trav\u00e9s de la degustaci\u00f3n de nuestros tradicionales \u201ccueros\u201d o \u201ccortezas\u201d como lo mejor de la gastronom\u00eda de barra de la hosteler\u00eda de nuestra localidad que ser\u00e1n ofrecidos dentro de la Ruta de Tapas \u201cCoria Encueros\u201d.<\/p>\n\n\n\n<p>Inclusive, el turismo de estrellas estar\u00e1 ligado a este evento medioambiental transversal a trav\u00e9s de la puesta en valor de nuestro soberbio cielo nocturno, como patrimonio cient\u00edfico y cultural, constituy\u00e9ndose en una oportunidad \u00fanica para la observaci\u00f3n de los astros que, a buen seguro, proporcionar\u00e1 una grata experiencia en pleno entorno natural de la Dehesa de M\u00ednguez.<\/p>\n\n\n\n<div class=\"wp-block-media-text alignwide is-stacked-on-mobile\"><figure class=\"wp-block-media-text__media\"><img loading=\"lazy\" decoding=\"async\" width=\"1024\" height=\"387\" data-src=\"https:\/\/turismocoria.es\/turismo\/wp-content\/uploads\/2023\/03\/3-1024x387.jpg\" alt=\"\" class=\"wp-image-11644 size-full lazyload\" data-srcset=\"https:\/\/turismocoria.es\/turismo\/wp-content\/uploads\/2023\/03\/3-1024x387.jpg 1024w, https:\/\/turismocoria.es\/turismo\/wp-content\/uploads\/2023\/03\/3-300x113.jpg 300w, https:\/\/turismocoria.es\/turismo\/wp-content\/uploads\/2023\/03\/3-768x290.jpg 768w, https:\/\/turismocoria.es\/turismo\/wp-content\/uploads\/2023\/03\/3-1536x580.jpg 1536w, https:\/\/turismocoria.es\/turismo\/wp-content\/uploads\/2023\/03\/3.jpg 1587w\" data-sizes=\"(max-width: 1024px) 100vw, 1024px\" src=\"data:image\/gif;base64,R0lGODlhAQABAAAAACH5BAEKAAEALAAAAAABAAEAAAICTAEAOw==\" style=\"--smush-placeholder-width: 1024px; --smush-placeholder-aspect-ratio: 1024\/387;\" \/><noscript><img loading=\"lazy\" decoding=\"async\" width=\"1024\" height=\"387\" src=\"https:\/\/turismocoria.es\/turismo\/wp-content\/uploads\/2023\/03\/3-1024x387.jpg\" alt=\"\" class=\"wp-image-11644 size-full\" srcset=\"https:\/\/turismocoria.es\/turismo\/wp-content\/uploads\/2023\/03\/3-1024x387.jpg 1024w, https:\/\/turismocoria.es\/turismo\/wp-content\/uploads\/2023\/03\/3-300x113.jpg 300w, https:\/\/turismocoria.es\/turismo\/wp-content\/uploads\/2023\/03\/3-768x290.jpg 768w, https:\/\/turismocoria.es\/turismo\/wp-content\/uploads\/2023\/03\/3-1536x580.jpg 1536w, https:\/\/turismocoria.es\/turismo\/wp-content\/uploads\/2023\/03\/3.jpg 1587w\" sizes=\"(max-width: 1024px) 100vw, 1024px\" \/><\/noscript><\/figure><div class=\"wp-block-media-text__content\">\n<p>Finalmente, los amantes del turismo de naturaleza, tendr\u00e1n la posibilidad de realizar una excursi\u00f3n por nuestra hist\u00f3rica dehesa, con el fin de descubrir y conocer la riqueza bot\u00e1nica que la misma atesora a trav\u00e9s de las encantadoras orqu\u00eddeas que florecen en la Dehesa de M\u00ednguez junto a otras flores y plantas arom\u00e1ticas montaraces; mientras que los apasionados por el turismo ornitol\u00f3gico, podr\u00e1n tener la ocasi\u00f3n de observar y disfrutar de la avifauna local que cohabita dentro del Casco Hist\u00f3rico o por medio de su visita a los bosques de ribera que circundan el caudaloso R\u00edo Alag\u00f3n.<\/p>\n<\/div><\/div>\n\n\n\n<h4 class=\"wp-block-heading\"><strong>Puntos de Informaci\u00f3n<\/strong>.<\/h4>\n\n\n\n<p>Desde el punto de vista del apoyo y la cobertura informativa de Coria Sabor de Primavera, y al objeto de que la misma se instituya como uno de los pilares b\u00e1sicos y fundamentales de la oferta tur\u00edstica natural y cultural en Extremadura durante el mes de marzo, el punto de informaci\u00f3n al visitante ser\u00e1 el siguiente:<\/p>\n\n\n\n<ul class=\"wp-block-list\">\n<li><strong>Oficina Municipal de Turismo.<\/strong> Plaza de San Pedro, 1. 10800 Coria (C\u00e1ceres) Tlfno.: 927 50 80 00 Ext. 290 Email: <a href=\"mailto:oficinaturismo@coria.org\"><strong><u>oficinaturismo@coria.org<\/u><\/strong><\/a><strong> <\/strong>Url: <strong><span style=\"text-decoration: underline;\"><a href=\"https:\/\/turismocoria.es\">https:\/\/turismocoria.es<\/a><\/span><\/strong><\/li>\n<\/ul>\n\n\n\n<ul class=\"wp-block-list\">\n<li><\/li>\n<\/ul>\n\n\n\n<h4 class=\"wp-block-heading\"><strong>\u00bfD\u00f3nde est\u00e1 la Ciudad de Coria?<\/strong><\/h4>\n\n\n\n<p>La Muy Noble y Muy Leal <strong><span style=\"text-decoration: underline;\"><a href=\"https:\/\/turismocoria.es\/turismo\/ciudad-de-coria\/\" data-type=\"page\" data-id=\"1061\">Ciudad de Coria<\/a><\/span><\/strong>, es un municipio extreme\u00f1o enclavado en la f\u00e9rtil Comarca del Valle del Alag\u00f3n, convertido hoy en el principal n\u00facleo hist\u00f3rico-art\u00edstico, comercial, administrativo y judicial del Noroeste de la provincia de C\u00e1ceres.<\/p>\n\n\n\n<figure class=\"wp-block-image aligncenter size-full is-resized\"><img loading=\"lazy\" decoding=\"async\" width=\"877\" height=\"324\" data-src=\"https:\/\/turismocoria.es\/turismo\/wp-content\/uploads\/2022\/10\/ciudad-coria.png\" alt=\"\" class=\"wp-image-11350 lazyload\" style=\"--smush-placeholder-width: 877px; --smush-placeholder-aspect-ratio: 877\/324;width:896px;height:331px\" data-srcset=\"https:\/\/turismocoria.es\/turismo\/wp-content\/uploads\/2022\/10\/ciudad-coria.png 877w, https:\/\/turismocoria.es\/turismo\/wp-content\/uploads\/2022\/10\/ciudad-coria-300x111.png 300w, https:\/\/turismocoria.es\/turismo\/wp-content\/uploads\/2022\/10\/ciudad-coria-768x284.png 768w\" data-sizes=\"(max-width: 877px) 100vw, 877px\" src=\"data:image\/gif;base64,R0lGODlhAQABAAAAACH5BAEKAAEALAAAAAABAAEAAAICTAEAOw==\" \/><noscript><img loading=\"lazy\" decoding=\"async\" width=\"877\" height=\"324\" src=\"https:\/\/turismocoria.es\/turismo\/wp-content\/uploads\/2022\/10\/ciudad-coria.png\" alt=\"\" class=\"wp-image-11350\" style=\"width:896px;height:331px\" srcset=\"https:\/\/turismocoria.es\/turismo\/wp-content\/uploads\/2022\/10\/ciudad-coria.png 877w, https:\/\/turismocoria.es\/turismo\/wp-content\/uploads\/2022\/10\/ciudad-coria-300x111.png 300w, https:\/\/turismocoria.es\/turismo\/wp-content\/uploads\/2022\/10\/ciudad-coria-768x284.png 768w\" sizes=\"(max-width: 877px) 100vw, 877px\" \/><\/noscript><\/figure>\n\n\n\n<p>Una de las ciudades m\u00e1s antiguas de Espa\u00f1a, que ofrece a los turistas la posibilidad de descubrir, a trav\u00e9s de los sentidos, la autenticidad de un destino cargado de historias, vivencias, sentimientos, experiencias, sorpresas y emociones.<\/p>\n\n\n\n<p>De integrarse en la forma de vivir y entender la cultura a lo largo de milenios de sus propios habitantes, pudiendo participar, como uno m\u00e1s de ellos, de sus m\u00faltiples <strong>recursos tur\u00edsticos<\/strong> que atesora: <strong>hist\u00f3ricos<\/strong>, <strong>monumentales<\/strong>, <strong>religiosos<\/strong>, <strong>paisaj\u00edsticos<\/strong>, <strong>festivos<\/strong>, <strong>gastron\u00f3micos<\/strong>, <strong>culturales <\/strong>o <strong>deportivos<\/strong>, al objeto de crearles un recuerdo que perviva despu\u00e9s de la visita de su viaje y que, a su vez, pueda ser narrado y transmitido a otros potenciales viajeros.<\/p>\n\n\n\n<div class=\"wp-block-media-text alignwide is-stacked-on-mobile\"><figure class=\"wp-block-media-text__media\"><img loading=\"lazy\" decoding=\"async\" width=\"1024\" height=\"576\" data-src=\"https:\/\/turismocoria.es\/turismo\/wp-content\/uploads\/2022\/10\/coria-1024x576.jpg\" alt=\"\" class=\"wp-image-11356 size-full lazyload\" data-srcset=\"https:\/\/turismocoria.es\/turismo\/wp-content\/uploads\/2022\/10\/coria-1024x576.jpg 1024w, https:\/\/turismocoria.es\/turismo\/wp-content\/uploads\/2022\/10\/coria-300x169.jpg 300w, https:\/\/turismocoria.es\/turismo\/wp-content\/uploads\/2022\/10\/coria-768x432.jpg 768w, https:\/\/turismocoria.es\/turismo\/wp-content\/uploads\/2022\/10\/coria.jpg 1261w\" data-sizes=\"(max-width: 1024px) 100vw, 1024px\" src=\"data:image\/gif;base64,R0lGODlhAQABAAAAACH5BAEKAAEALAAAAAABAAEAAAICTAEAOw==\" style=\"--smush-placeholder-width: 1024px; --smush-placeholder-aspect-ratio: 1024\/576;\" \/><noscript><img loading=\"lazy\" decoding=\"async\" width=\"1024\" height=\"576\" src=\"https:\/\/turismocoria.es\/turismo\/wp-content\/uploads\/2022\/10\/coria-1024x576.jpg\" alt=\"\" class=\"wp-image-11356 size-full\" srcset=\"https:\/\/turismocoria.es\/turismo\/wp-content\/uploads\/2022\/10\/coria-1024x576.jpg 1024w, https:\/\/turismocoria.es\/turismo\/wp-content\/uploads\/2022\/10\/coria-300x169.jpg 300w, https:\/\/turismocoria.es\/turismo\/wp-content\/uploads\/2022\/10\/coria-768x432.jpg 768w, https:\/\/turismocoria.es\/turismo\/wp-content\/uploads\/2022\/10\/coria.jpg 1261w\" sizes=\"(max-width: 1024px) 100vw, 1024px\" \/><\/noscript><\/figure><div class=\"wp-block-media-text__content\">\n<p>Una buena oportunidad para descubrir las huellas del bimilenario pasado hist\u00f3rico escrito en las cicatrices de las piedras del magn\u00edfico Conjunto Monumental que atesora el bello y coqueto Casco Hist\u00f3rico de Coria sobre el que, asentado al arrullo del r\u00edo Alag\u00f3n, emergen las esbeltas siluetas de la ilustre Catedral de Santa Mar\u00eda de la Asunci\u00f3n, del elegante Castillo de los Duques de Alba, o de la colosal Muralla Romana, entre otros monumentos que uno no puede perderse\u2026<\/p>\n\n\n\n<p>En definitiva, Coria Sabor de Primavera se convierte en un extraordinario escaparate para ver, escuchar, oler y sentir con el que la Concejal\u00eda de Turismo pretende a su vez recuperar, como ya lo fueran desde anta\u00f1o, la atracci\u00f3n y el fervor de cientos de peregrinos creyentes, y tambi\u00e9n esc\u00e9pticos, al objeto de que, tanto la seo, como la ciudad cauriense, se conviertan nuevamente en epicentro de reclamo y punto de encuentro de devoci\u00f3n espiritual, cultura y peregrinaci\u00f3n dentro del turismo religioso mundial, con el fin de venerar el Sagrado Mantel de la \u00daltima Cena, como reliquia universal de la cristiandad.<\/p>\n<\/div><\/div>\n\n\n\n<p>Adem\u00e1s, de poder contemplar y pasear por parajes donde el paisaje se manifiesta con suma generosidad, al estar enclavada la Ciudad de Coria en pleno coraz\u00f3n f\u00e9rtil del Valle del Alag\u00f3n, desde su Jard\u00edn Bot\u00e1nico, el Paseo Fluvial de la Isla o los cercanos Canchos de Ramiro; hasta planificarse escapadas por las comarcas lim\u00edtrofes que la circundan, caso de la Sierra de Gata, Las Hurdes o la Beira Baixa portuguesa, principalmente.<\/p>\n\n\n\n<p>Inclusive, una de las mejores maneras de cuidar de nuestro paladar es disfrutar degustando nuestra fecunda y variada oferta gastron\u00f3mica, adem\u00e1s de disfrutar del buen tapeo sentado en alguna de las terrazas que pueblan el Casco Antiguo y Moderno, junto a aquellos otros manjares de la m\u00e1s exquisita reposter\u00eda conventual cauriense.<\/p>\n\n\n\n<p>En definitiva, la Ciudad de Coria es un extraordinario escaparate para ver, escuchar, oler y sentir con el que el Ayuntamiento y el Cabildo Catedral pretenden recuperar, como ya lo fueran desde anta\u00f1o, la atracci\u00f3n y el fervor de cientos de peregrinos creyentes, y tambi\u00e9n esc\u00e9pticos, al objeto de que, tanto la seo, como la ciudad cauriense, se conviertan nuevamente en epicentro de reclamo y punto de encuentro de devoci\u00f3n espiritual, cultura y peregrinaci\u00f3n dentro del turismo religioso mundial.<\/p>\n\n\n\n<p>Un <strong>destino tur\u00edstico<\/strong>, que se puede recorrer y descubrir concertando su propia <strong>visita guiada <\/strong>mediante las <strong>gu\u00edas tur\u00edsticas y culturales<\/strong>, para <strong>grupos de m\u00e1s de 10 personas<\/strong>, que se citan a continuaci\u00f3n:<\/p>\n\n\n\n<ul class=\"wp-block-list\">\n<li><strong>Vida Tours.<\/strong> Tlfno. de Contacto: 636 79 20 32 Instagram: <strong><span style=\"text-decoration: underline;\"><a rel=\"noreferrer noopener\" href=\"https:\/\/www.instagram.com\/turismovidatours\/\" target=\"_blank\">turismovidatours<\/a><\/span><\/strong><\/li>\n\n\n\n<li><strong>Guiarte Plasencia. <\/strong>Tlfno. de Contacto: 654 37 61 08 Email: <strong><span style=\"text-decoration: underline;\"><a href=\"mailto:info@coriaguiarteplasencia.com\">info@coriaguiarteplasencia.com<\/a><\/span><\/strong><\/li>\n\n\n\n<li><strong>Gu\u00eda-Historiadores de Extremadura.<\/strong> Tlfno. de Contacto: 684 36 47 76 Email: <strong><span style=\"text-decoration: underline;\"><a href=\"mailto:info@guiashistoriadorex.com\">info@guiashistoriadorex.com<\/a><\/span><\/strong> Url: <strong><span style=\"text-decoration: underline;\"><a href=\"http:\/\/www.guiashistoriadorex.com\" target=\"_blank\" rel=\"noreferrer noopener\">www.guiashistoriadorex.com<\/a><\/span><\/strong><\/li>\n<\/ul>\n\n\n\n<figure class=\"wp-block-image aligncenter size-large\"><img loading=\"lazy\" decoding=\"async\" width=\"1024\" height=\"378\" data-src=\"https:\/\/turismocoria.es\/turismo\/wp-content\/uploads\/2023\/03\/4-1024x378.png\" alt=\"\" class=\"wp-image-11654 lazyload\" data-srcset=\"https:\/\/turismocoria.es\/turismo\/wp-content\/uploads\/2023\/03\/4-1024x378.png 1024w, https:\/\/turismocoria.es\/turismo\/wp-content\/uploads\/2023\/03\/4-300x111.png 300w, https:\/\/turismocoria.es\/turismo\/wp-content\/uploads\/2023\/03\/4-768x284.png 768w, https:\/\/turismocoria.es\/turismo\/wp-content\/uploads\/2023\/03\/4-1536x567.png 1536w, https:\/\/turismocoria.es\/turismo\/wp-content\/uploads\/2023\/03\/4-1600x591.png 1600w, https:\/\/turismocoria.es\/turismo\/wp-content\/uploads\/2023\/03\/4.png 1922w\" data-sizes=\"(max-width: 1024px) 100vw, 1024px\" src=\"data:image\/gif;base64,R0lGODlhAQABAAAAACH5BAEKAAEALAAAAAABAAEAAAICTAEAOw==\" style=\"--smush-placeholder-width: 1024px; --smush-placeholder-aspect-ratio: 1024\/378;\" \/><noscript><img loading=\"lazy\" decoding=\"async\" width=\"1024\" height=\"378\" src=\"https:\/\/turismocoria.es\/turismo\/wp-content\/uploads\/2023\/03\/4-1024x378.png\" alt=\"\" class=\"wp-image-11654\" srcset=\"https:\/\/turismocoria.es\/turismo\/wp-content\/uploads\/2023\/03\/4-1024x378.png 1024w, https:\/\/turismocoria.es\/turismo\/wp-content\/uploads\/2023\/03\/4-300x111.png 300w, https:\/\/turismocoria.es\/turismo\/wp-content\/uploads\/2023\/03\/4-768x284.png 768w, https:\/\/turismocoria.es\/turismo\/wp-content\/uploads\/2023\/03\/4-1536x567.png 1536w, https:\/\/turismocoria.es\/turismo\/wp-content\/uploads\/2023\/03\/4-1600x591.png 1600w, https:\/\/turismocoria.es\/turismo\/wp-content\/uploads\/2023\/03\/4.png 1922w\" sizes=\"(max-width: 1024px) 100vw, 1024px\" \/><\/noscript><\/figure>\n\n\n\n<div class=\"wp-block-columns are-vertically-aligned-top margin-top-50 is-layout-flex wp-container-core-columns-is-layout-1 wp-block-columns-is-layout-flex\">\n<div class=\"wp-block-column is-layout-flow wp-block-column-is-layout-flow\"><\/div>\n<\/div>\n<\/div>\n<\/div>\n\n\n\n<figure class=\"wp-block-image alignfull size-large enlace-desactivado disabled\"><a href=\"#\"><img loading=\"lazy\" decoding=\"async\" width=\"1024\" height=\"127\" data-src=\"https:\/\/turismocoria.es\/turismo\/wp-content\/uploads\/2021\/04\/silueta-coria-azul-1024x127.png\" alt=\"Silueta Ciudad de Coria\" class=\"wp-image-1796 lazyload\" data-srcset=\"https:\/\/turismocoria.es\/turismo\/wp-content\/uploads\/2021\/04\/silueta-coria-azul-1024x127.png 1024w, https:\/\/turismocoria.es\/turismo\/wp-content\/uploads\/2021\/04\/silueta-coria-azul-300x37.png 300w, https:\/\/turismocoria.es\/turismo\/wp-content\/uploads\/2021\/04\/silueta-coria-azul-768x95.png 768w, https:\/\/turismocoria.es\/turismo\/wp-content\/uploads\/2021\/04\/silueta-coria-azul-1536x191.png 1536w, https:\/\/turismocoria.es\/turismo\/wp-content\/uploads\/2021\/04\/silueta-coria-azul-2048x255.png 2048w, https:\/\/turismocoria.es\/turismo\/wp-content\/uploads\/2021\/04\/silueta-coria-azul-1600x199.png 1600w\" data-sizes=\"(max-width: 1024px) 100vw, 1024px\" src=\"data:image\/gif;base64,R0lGODlhAQABAAAAACH5BAEKAAEALAAAAAABAAEAAAICTAEAOw==\" style=\"--smush-placeholder-width: 1024px; --smush-placeholder-aspect-ratio: 1024\/127;\" \/><noscript><img loading=\"lazy\" decoding=\"async\" width=\"1024\" height=\"127\" src=\"https:\/\/turismocoria.es\/turismo\/wp-content\/uploads\/2021\/04\/silueta-coria-azul-1024x127.png\" alt=\"Silueta Ciudad de Coria\" class=\"wp-image-1796\" srcset=\"https:\/\/turismocoria.es\/turismo\/wp-content\/uploads\/2021\/04\/silueta-coria-azul-1024x127.png 1024w, https:\/\/turismocoria.es\/turismo\/wp-content\/uploads\/2021\/04\/silueta-coria-azul-300x37.png 300w, https:\/\/turismocoria.es\/turismo\/wp-content\/uploads\/2021\/04\/silueta-coria-azul-768x95.png 768w, https:\/\/turismocoria.es\/turismo\/wp-content\/uploads\/2021\/04\/silueta-coria-azul-1536x191.png 1536w, https:\/\/turismocoria.es\/turismo\/wp-content\/uploads\/2021\/04\/silueta-coria-azul-2048x255.png 2048w, https:\/\/turismocoria.es\/turismo\/wp-content\/uploads\/2021\/04\/silueta-coria-azul-1600x199.png 1600w\" sizes=\"(max-width: 1024px) 100vw, 1024px\" \/><\/noscript><\/a><\/figure>\n","protected":false},"excerpt":{"rendered":"<p>Un mes cargado de actividades para redescubrir nuestra dehesa. Paseos por la dehesa, rutas bot\u00e1nicas, ornitol\u00f3gicas, gastron\u00f3micas, noches de estrellas&#8230; \u00bfQu\u00e9 es Coria Sabor de Primavera? Bajo el t\u00edtulo de \u201cCoria Sabor de Primavera\u201d, el Ayuntamiento de Coria, a trav\u00e9s de la Concejal\u00eda Delegada de Desarrollo Econ\u00f3mico y Turismo, ha dise\u00f1ado esta oferta tur\u00edstica compuesta [&hellip;]<\/p>\n","protected":false},"author":1,"featured_media":0,"parent":0,"menu_order":0,"comment_status":"closed","ping_status":"closed","template":"","meta":{"_uag_custom_page_level_css":"","site-sidebar-layout":"default","site-content-layout":"","ast-site-content-layout":"default","site-content-style":"default","site-sidebar-style":"default","ast-global-header-display":"","ast-banner-title-visibility":"","ast-main-header-display":"","ast-hfb-above-header-display":"","ast-hfb-below-header-display":"","ast-hfb-mobile-header-display":"","site-post-title":"","ast-breadcrumbs-content":"","ast-featured-img":"","footer-sml-layout":"","theme-transparent-header-meta":"","adv-header-id-meta":"","stick-header-meta":"","header-above-stick-meta":"","header-main-stick-meta":"","header-below-stick-meta":"","astra-migrate-meta-layouts":"set","ast-page-background-enabled":"default","ast-page-background-meta":{"desktop":{"background-color":"","background-image":"","background-repeat":"repeat","background-position":"center center","background-size":"auto","background-attachment":"scroll","background-type":"","background-media":"","overlay-type":"","overlay-color":"","overlay-opacity":"","overlay-gradient":""},"tablet":{"background-color":"","background-image":"","background-repeat":"repeat","background-position":"center center","background-size":"auto","background-attachment":"scroll","background-type":"","background-media":"","overlay-type":"","overlay-color":"","overlay-opacity":"","overlay-gradient":""},"mobile":{"background-color":"","background-image":"","background-repeat":"repeat","background-position":"center center","background-size":"auto","background-attachment":"scroll","background-type":"","background-media":"","overlay-type":"","overlay-color":"","overlay-opacity":"","overlay-gradient":""}},"ast-content-background-meta":{"desktop":{"background-color":"var(--ast-global-color-5)","background-image":"","background-repeat":"repeat","background-position":"center center","background-size":"auto","background-attachment":"scroll","background-type":"","background-media":"","overlay-type":"","overlay-color":"","overlay-opacity":"","overlay-gradient":""},"tablet":{"background-color":"var(--ast-global-color-5)","background-image":"","background-repeat":"repeat","background-position":"center center","background-size":"auto","background-attachment":"scroll","background-type":"","background-media":"","overlay-type":"","overlay-color":"","overlay-opacity":"","overlay-gradient":""},"mobile":{"background-color":"var(--ast-global-color-5)","background-image":"","background-repeat":"repeat","background-position":"center center","background-size":"auto","background-attachment":"scroll","background-type":"","background-media":"","overlay-type":"","overlay-color":"","overlay-opacity":"","overlay-gradient":""}},"_EventAllDay":false,"_EventTimezone":"","_EventStartDate":"","_EventEndDate":"","_EventStartDateUTC":"","_EventEndDateUTC":"","_EventShowMap":false,"_EventShowMapLink":false,"_EventURL":"","_EventCost":"","_EventCostDescription":"","_EventCurrencySymbol":"","_EventCurrencyCode":"","_EventCurrencyPosition":"","_EventDateTimeSeparator":"","_EventTimeRangeSeparator":"","_EventOrganizerID":[],"_EventVenueID":0,"_OrganizerEmail":"","_OrganizerPhone":"","_OrganizerWebsite":"","_VenueAddress":"","_VenueCity":"","_VenueCountry":"","_VenueProvince":"","_VenueZip":"","_VenuePhone":"","_VenueURL":"","_VenueStateProvince":"","_VenueLat":"","_VenueLng":"","footnotes":""},"class_list":["post-11661","page","type-page","status-publish","hentry"],"featured_image_src":null,"featured_image_src_square":null,"uagb_featured_image_src":{"full":false,"thumbnail":false,"medium":false,"medium_large":false,"large":false,"gs-tiny":false,"xl":false,"xxl":false,"xxxl":false,"xxxxl":false,"xxxxxl":false,"1536x1536":false,"2048x2048":false,"ultp_layout_landscape_large":false,"ultp_layout_landscape":false,"ultp_layout_portrait":false,"ultp_layout_square":false,"gb-block-post-grid-landscape":false,"gb-block-post-grid-square":false},"uagb_author_info":{"display_name":"admin","author_link":"https:\/\/turismocoria.es\/turismo\/author\/admin\/"},"uagb_comment_info":0,"uagb_excerpt":"Un mes cargado de actividades para redescubrir nuestra dehesa. Paseos por la dehesa, rutas bot\u00e1nicas, ornitol\u00f3gicas, gastron\u00f3micas, noches de estrellas... \u00bfQu\u00e9 es Coria Sabor de Primavera? Bajo el t\u00edtulo de \u201cCoria Sabor de Primavera\u201d, el Ayuntamiento de Coria, a trav\u00e9s de la Concejal\u00eda Delegada de Desarrollo Econ\u00f3mico y Turismo, ha dise\u00f1ado esta oferta tur\u00edstica compuesta&hellip;","_links":{"self":[{"href":"https:\/\/turismocoria.es\/turismo\/wp-json\/wp\/v2\/pages\/11661"}],"collection":[{"href":"https:\/\/turismocoria.es\/turismo\/wp-json\/wp\/v2\/pages"}],"about":[{"href":"https:\/\/turismocoria.es\/turismo\/wp-json\/wp\/v2\/types\/page"}],"author":[{"embeddable":true,"href":"https:\/\/turismocoria.es\/turismo\/wp-json\/wp\/v2\/users\/1"}],"replies":[{"embeddable":true,"href":"https:\/\/turismocoria.es\/turismo\/wp-json\/wp\/v2\/comments?post=11661"}],"version-history":[{"count":1,"href":"https:\/\/turismocoria.es\/turismo\/wp-json\/wp\/v2\/pages\/11661\/revisions"}],"predecessor-version":[{"id":13829,"href":"https:\/\/turismocoria.es\/turismo\/wp-json\/wp\/v2\/pages\/11661\/revisions\/13829"}],"wp:attachment":[{"href":"https:\/\/turismocoria.es\/turismo\/wp-json\/wp\/v2\/media?parent=11661"}],"curies":[{"name":"wp","href":"https:\/\/api.w.org\/{rel}","templated":true}]}}