{"id":599,"date":"2025-01-28T12:22:27","date_gmt":"2025-01-28T11:22:27","guid":{"rendered":"https:\/\/turismocoria.es\/cge2025\/?page_id=599"},"modified":"2025-01-28T12:41:11","modified_gmt":"2025-01-28T11:41:11","slug":"diptico-de-coria-ciudad-gastronomica-extremena-2025","status":"publish","type":"page","link":"https:\/\/turismocoria.es\/cge2025\/diptico-de-coria-ciudad-gastronomica-extremena-2025\/","title":{"rendered":"D\u00edptico de Coria Ciudad Gastron\u00f3mica Extreme\u00f1a 2025"},"content":{"rendered":"\n<div data-wp-interactive=\"core\/file\" class=\"wp-block-file\"><object data-wp-bind--hidden=\"!state.hasPdfPreview\" hidden class=\"wp-block-file__embed\" data=\"https:\/\/turismocoria.es\/cge2025\/wp-content\/uploads\/2025\/01\/diptico-cge-2025.pdf\" type=\"application\/pdf\" style=\"width:100%;height:750px\" aria-label=\"Incrustado de diptico-cge-2025.\"><\/object><a id=\"wp-block-file--media-877e8343-fa02-4867-906a-0da4973386dd\" href=\"https:\/\/turismocoria.es\/cge2025\/wp-content\/uploads\/2025\/01\/diptico-cge-2025.pdf\">diptico-cge-2025<\/a><a href=\"https:\/\/turismocoria.es\/cge2025\/wp-content\/uploads\/2025\/01\/diptico-cge-2025.pdf\" class=\"wp-block-file__button wp-element-button\" download aria-describedby=\"wp-block-file--media-877e8343-fa02-4867-906a-0da4973386dd\">Descarga<\/a><\/div>\n","protected":false},"excerpt":{"rendered":"","protected":false},"author":1,"featured_media":0,"parent":0,"menu_order":0,"comment_status":"closed","ping_status":"closed","template":"","meta":{"_uag_custom_page_level_css":"","footnotes":""},"class_list":["post-599","page","type-page","status-publish","hentry"],"yoast_head":"<!-- This site is optimized with the Yoast SEO plugin v27.2 - https:\/\/yoast.com\/product\/yoast-seo-wordpress\/ -->\n<title>D\u00edptico de Coria Ciudad Gastron\u00f3mica Extreme\u00f1a 2025 - Coria Ciudad Gastron\u00f3mica Extreme\u00f1a 2025<\/title>\n<meta name=\"description\" content=\"D\u00edptico de Coria Ciudad Gastron\u00f3mica Extreme\u00f1a 2025\" \/>\n<meta name=\"robots\" content=\"index, follow, max-snippet:-1, max-image-preview:large, max-video-preview:-1\" \/>\n<link rel=\"canonical\" href=\"https:\/\/turismocoria.es\/cge2025\/diptico-de-coria-ciudad-gastronomica-extremena-2025\/\" \/>\n<meta property=\"og:locale\" content=\"es_ES\" \/>\n<meta property=\"og:type\" content=\"article\" \/>\n<meta property=\"og:title\" content=\"D\u00edptico de Coria Ciudad Gastron\u00f3mica Extreme\u00f1a 2025\" \/>\n<meta property=\"og:description\" content=\"D\u00edptico de Coria Ciudad Gastron\u00f3mica Extreme\u00f1a 2025\" \/>\n<meta property=\"og:url\" content=\"https:\/\/turismocoria.es\/cge2025\/diptico-de-coria-ciudad-gastronomica-extremena-2025\/\" \/>\n<meta property=\"og:site_name\" content=\"Coria Ciudad Gastron\u00f3mica Extreme\u00f1a 2025\" \/>\n<meta property=\"article:modified_time\" content=\"2025-01-28T11:41:11+00:00\" \/>\n<meta property=\"og:image\" content=\"https:\/\/turismocoria.es\/cge2025\/wp-content\/uploads\/2025\/01\/cartel-cge-2025.webp\" \/>\n\t<meta property=\"og:image:width\" content=\"907\" \/>\n\t<meta property=\"og:image:height\" content=\"1344\" \/>\n\t<meta property=\"og:image:type\" content=\"image\/webp\" \/>\n<meta name=\"twitter:card\" content=\"summary_large_image\" \/>\n<meta name=\"twitter:title\" content=\"D\u00edptico de Coria Ciudad Gastron\u00f3mica Extreme\u00f1a 2025\" \/>\n<meta name=\"twitter:description\" content=\"D\u00edptico de Coria Ciudad Gastron\u00f3mica Extreme\u00f1a 2025\" \/>\n<meta name=\"twitter:image\" content=\"https:\/\/turismocoria.es\/cge2025\/wp-content\/uploads\/2025\/01\/cartel-cge-2025.webp\" \/>\n<meta name=\"twitter:label1\" content=\"Tiempo de lectura\" \/>\n\t<meta name=\"twitter:data1\" content=\"1 minuto\" \/>\n<script type=\"application\/ld+json\" class=\"yoast-schema-graph\">{\"@context\":\"https:\/\/schema.org\",\"@graph\":[{\"@type\":\"WebPage\",\"@id\":\"https:\/\/turismocoria.es\/cge2025\/diptico-de-coria-ciudad-gastronomica-extremena-2025\/\",\"url\":\"https:\/\/turismocoria.es\/cge2025\/diptico-de-coria-ciudad-gastronomica-extremena-2025\/\",\"name\":\"D\u00edptico de Coria Ciudad Gastron\u00f3mica Extreme\u00f1a 2025 - Coria Ciudad Gastron\u00f3mica Extreme\u00f1a 2025\",\"isPartOf\":{\"@id\":\"https:\/\/turismocoria.es\/cge2025\/#website\"},\"datePublished\":\"2025-01-28T11:22:27+00:00\",\"dateModified\":\"2025-01-28T11:41:11+00:00\",\"description\":\"D\u00edptico de Coria Ciudad Gastron\u00f3mica Extreme\u00f1a 2025\",\"breadcrumb\":{\"@id\":\"https:\/\/turismocoria.es\/cge2025\/diptico-de-coria-ciudad-gastronomica-extremena-2025\/#breadcrumb\"},\"inLanguage\":\"es\",\"potentialAction\":[{\"@type\":\"ReadAction\",\"target\":[\"https:\/\/turismocoria.es\/cge2025\/diptico-de-coria-ciudad-gastronomica-extremena-2025\/\"]}]},{\"@type\":\"BreadcrumbList\",\"@id\":\"https:\/\/turismocoria.es\/cge2025\/diptico-de-coria-ciudad-gastronomica-extremena-2025\/#breadcrumb\",\"itemListElement\":[{\"@type\":\"ListItem\",\"position\":1,\"name\":\"Portada\",\"item\":\"https:\/\/turismocoria.es\/cge2025\/\"},{\"@type\":\"ListItem\",\"position\":2,\"name\":\"D\u00edptico de Coria Ciudad Gastron\u00f3mica Extreme\u00f1a 2025\"}]},{\"@type\":\"WebSite\",\"@id\":\"https:\/\/turismocoria.es\/cge2025\/#website\",\"url\":\"https:\/\/turismocoria.es\/cge2025\/\",\"name\":\"Coria Ciudad Gastron\u00f3mica Extreme\u00f1a 2025\",\"description\":\"\",\"publisher\":{\"@id\":\"https:\/\/turismocoria.es\/cge2025\/#organization\"},\"potentialAction\":[{\"@type\":\"SearchAction\",\"target\":{\"@type\":\"EntryPoint\",\"urlTemplate\":\"https:\/\/turismocoria.es\/cge2025\/?s={search_term_string}\"},\"query-input\":{\"@type\":\"PropertyValueSpecification\",\"valueRequired\":true,\"valueName\":\"search_term_string\"}}],\"inLanguage\":\"es\"},{\"@type\":\"Organization\",\"@id\":\"https:\/\/turismocoria.es\/cge2025\/#organization\",\"name\":\"Coria Ciudad Gastron\u00f3mica Extreme\u00f1a 2025\",\"url\":\"https:\/\/turismocoria.es\/cge2025\/\",\"logo\":{\"@type\":\"ImageObject\",\"inLanguage\":\"es\",\"@id\":\"https:\/\/turismocoria.es\/cge2025\/#\/schema\/logo\/image\/\",\"url\":\"https:\/\/turismocoria.es\/cge2025\/wp-content\/uploads\/2024\/09\/logo2-cge-2024.png\",\"contentUrl\":\"https:\/\/turismocoria.es\/cge2025\/wp-content\/uploads\/2024\/09\/logo2-cge-2024.png\",\"width\":880,\"height\":300,\"caption\":\"Coria Ciudad Gastron\u00f3mica  Extreme\u00f1a 2025\"},\"image\":{\"@id\":\"https:\/\/turismocoria.es\/cge2025\/#\/schema\/logo\/image\/\"}}]}<\/script>\n<!-- \/ Yoast SEO plugin. -->","yoast_head_json":{"title":"D\u00edptico de Coria Ciudad Gastron\u00f3mica Extreme\u00f1a 2025 - Coria Ciudad Gastron\u00f3mica Extreme\u00f1a 2025","description":"D\u00edptico de Coria Ciudad Gastron\u00f3mica Extreme\u00f1a 2025","robots":{"index":"index","follow":"follow","max-snippet":"max-snippet:-1","max-image-preview":"max-image-preview:large","max-video-preview":"max-video-preview:-1"},"canonical":"https:\/\/turismocoria.es\/cge2025\/diptico-de-coria-ciudad-gastronomica-extremena-2025\/","og_locale":"es_ES","og_type":"article","og_title":"D\u00edptico de Coria Ciudad Gastron\u00f3mica Extreme\u00f1a 2025","og_description":"D\u00edptico de Coria Ciudad Gastron\u00f3mica Extreme\u00f1a 2025","og_url":"https:\/\/turismocoria.es\/cge2025\/diptico-de-coria-ciudad-gastronomica-extremena-2025\/","og_site_name":"Coria Ciudad Gastron\u00f3mica Extreme\u00f1a 2025","article_modified_time":"2025-01-28T11:41:11+00:00","og_image":[{"width":907,"height":1344,"url":"https:\/\/turismocoria.es\/cge2025\/wp-content\/uploads\/2025\/01\/cartel-cge-2025.webp","type":"image\/webp"}],"twitter_card":"summary_large_image","twitter_title":"D\u00edptico de Coria Ciudad Gastron\u00f3mica Extreme\u00f1a 2025","twitter_description":"D\u00edptico de Coria Ciudad Gastron\u00f3mica Extreme\u00f1a 2025","twitter_image":"https:\/\/turismocoria.es\/cge2025\/wp-content\/uploads\/2025\/01\/cartel-cge-2025.webp","twitter_misc":{"Tiempo de lectura":"1 minuto"},"schema":{"@context":"https:\/\/schema.org","@graph":[{"@type":"WebPage","@id":"https:\/\/turismocoria.es\/cge2025\/diptico-de-coria-ciudad-gastronomica-extremena-2025\/","url":"https:\/\/turismocoria.es\/cge2025\/diptico-de-coria-ciudad-gastronomica-extremena-2025\/","name":"D\u00edptico de Coria Ciudad Gastron\u00f3mica Extreme\u00f1a 2025 - Coria Ciudad Gastron\u00f3mica Extreme\u00f1a 2025","isPartOf":{"@id":"https:\/\/turismocoria.es\/cge2025\/#website"},"datePublished":"2025-01-28T11:22:27+00:00","dateModified":"2025-01-28T11:41:11+00:00","description":"D\u00edptico de Coria Ciudad Gastron\u00f3mica Extreme\u00f1a 2025","breadcrumb":{"@id":"https:\/\/turismocoria.es\/cge2025\/diptico-de-coria-ciudad-gastronomica-extremena-2025\/#breadcrumb"},"inLanguage":"es","potentialAction":[{"@type":"ReadAction","target":["https:\/\/turismocoria.es\/cge2025\/diptico-de-coria-ciudad-gastronomica-extremena-2025\/"]}]},{"@type":"BreadcrumbList","@id":"https:\/\/turismocoria.es\/cge2025\/diptico-de-coria-ciudad-gastronomica-extremena-2025\/#breadcrumb","itemListElement":[{"@type":"ListItem","position":1,"name":"Portada","item":"https:\/\/turismocoria.es\/cge2025\/"},{"@type":"ListItem","position":2,"name":"D\u00edptico de Coria Ciudad Gastron\u00f3mica Extreme\u00f1a 2025"}]},{"@type":"WebSite","@id":"https:\/\/turismocoria.es\/cge2025\/#website","url":"https:\/\/turismocoria.es\/cge2025\/","name":"Coria Ciudad Gastron\u00f3mica Extreme\u00f1a 2025","description":"","publisher":{"@id":"https:\/\/turismocoria.es\/cge2025\/#organization"},"potentialAction":[{"@type":"SearchAction","target":{"@type":"EntryPoint","urlTemplate":"https:\/\/turismocoria.es\/cge2025\/?s={search_term_string}"},"query-input":{"@type":"PropertyValueSpecification","valueRequired":true,"valueName":"search_term_string"}}],"inLanguage":"es"},{"@type":"Organization","@id":"https:\/\/turismocoria.es\/cge2025\/#organization","name":"Coria Ciudad Gastron\u00f3mica Extreme\u00f1a 2025","url":"https:\/\/turismocoria.es\/cge2025\/","logo":{"@type":"ImageObject","inLanguage":"es","@id":"https:\/\/turismocoria.es\/cge2025\/#\/schema\/logo\/image\/","url":"https:\/\/turismocoria.es\/cge2025\/wp-content\/uploads\/2024\/09\/logo2-cge-2024.png","contentUrl":"https:\/\/turismocoria.es\/cge2025\/wp-content\/uploads\/2024\/09\/logo2-cge-2024.png","width":880,"height":300,"caption":"Coria Ciudad Gastron\u00f3mica  Extreme\u00f1a 2025"},"image":{"@id":"https:\/\/turismocoria.es\/cge2025\/#\/schema\/logo\/image\/"}}]}},"uagb_featured_image_src":{"full":false,"thumbnail":false,"medium":false,"medium_large":false,"large":false,"thumblist":false,"thumbrelated":false,"meccarouselthumb":false,"gridsquare":false,"tileview":false,"1536x1536":false,"2048x2048":false},"uagb_author_info":{"display_name":"admingascge","author_link":"https:\/\/turismocoria.es\/cge2025\/author\/admingascge\/"},"uagb_comment_info":0,"uagb_excerpt":null,"_links":{"self":[{"href":"https:\/\/turismocoria.es\/cge2025\/wp-json\/wp\/v2\/pages\/599","targetHints":{"allow":["GET"]}}],"collection":[{"href":"https:\/\/turismocoria.es\/cge2025\/wp-json\/wp\/v2\/pages"}],"about":[{"href":"https:\/\/turismocoria.es\/cge2025\/wp-json\/wp\/v2\/types\/page"}],"author":[{"embeddable":true,"href":"https:\/\/turismocoria.es\/cge2025\/wp-json\/wp\/v2\/users\/1"}],"replies":[{"embeddable":true,"href":"https:\/\/turismocoria.es\/cge2025\/wp-json\/wp\/v2\/comments?post=599"}],"version-history":[{"count":1,"href":"https:\/\/turismocoria.es\/cge2025\/wp-json\/wp\/v2\/pages\/599\/revisions"}],"predecessor-version":[{"id":601,"href":"https:\/\/turismocoria.es\/cge2025\/wp-json\/wp\/v2\/pages\/599\/revisions\/601"}],"wp:attachment":[{"href":"https:\/\/turismocoria.es\/cge2025\/wp-json\/wp\/v2\/media?parent=599"}],"curies":[{"name":"wp","href":"https:\/\/api.w.org\/{rel}","templated":true}]}}