{"id":21,"date":"2024-09-18T13:53:20","date_gmt":"2024-09-18T11:53:20","guid":{"rendered":"https:\/\/turismocoria.es\/cge2025\/eventos\/fiesta-de-la-micologia\/"},"modified":"2025-10-30T07:32:07","modified_gmt":"2025-10-30T06:32:07","slug":"fiesta-de-la-micologia","status":"publish","type":"mec-events","link":"https:\/\/turismocoria.es\/cge2025\/fiestas-gastronomicas\/fiesta-de-la-micologia\/","title":{"rendered":"Fiesta Gastronom\u00eda de la Micolog\u00eda"},"content":{"rendered":"\n<figure class=\"wp-block-image size-full\"><img decoding=\"async\" width=\"1536\" height=\"640\" data-src=\"https:\/\/turismocoria.es\/cge2025\/wp-content\/uploads\/2024\/09\/fg-noviembre-programa-25.webp\" alt=\"\" class=\"wp-image-729 lazyload\" data-srcset=\"https:\/\/turismocoria.es\/cge2025\/wp-content\/uploads\/2024\/09\/fg-noviembre-programa-25.webp 1536w, https:\/\/turismocoria.es\/cge2025\/wp-content\/uploads\/2024\/09\/fg-noviembre-programa-25-768x320.webp 768w\" data-sizes=\"(max-width: 1536px) 100vw, 1536px\" src=\"data:image\/svg+xml;base64,PHN2ZyB3aWR0aD0iMSIgaGVpZ2h0PSIxIiB4bWxucz0iaHR0cDovL3d3dy53My5vcmcvMjAwMC9zdmciPjwvc3ZnPg==\" style=\"--smush-placeholder-width: 1536px; --smush-placeholder-aspect-ratio: 1536\/640;\" \/><\/figure>\n\n\n\n<div style=\"height:25px\" aria-hidden=\"true\" class=\"wp-block-spacer\"><\/div>\n\n\n\n<p class=\"has-base-2-background-color has-background\">La micolog\u00eda desempe\u00f1a un papel fundamental en la gastronom\u00eda de Extremadura, gracias a la riqueza y diversidad de sus bosques y dehesas, que favorecen la proliferaci\u00f3n de setas y hongos de gran calidad. Variedades como los boletus, las amanitas, los n\u00edscalos y las criadillas de tierra son altamente apreciadas y se integran en numerosos platos tradicionales, desde guisos y revueltos hasta arroces y asados. Adem\u00e1s de aportar sabores y texturas \u00fanicas, la recolecci\u00f3n de setas es una actividad profundamente arraigada en la cultura rural extreme\u00f1a, promoviendo la sostenibilidad y el turismo micol\u00f3gico. Su valor gastron\u00f3mico, unido a sus propiedades nutritivas, convierte a la micolog\u00eda en un elemento imprescindible de la cocina de la regi\u00f3n.<\/p>\n\n\n\n<div style=\"height:25px\" aria-hidden=\"true\" class=\"wp-block-spacer\"><\/div>\n\n\n\n<div class=\"wp-block-group is-layout-flow wp-block-group-is-layout-flow\">\n<div class=\"wp-block-columns is-layout-flex wp-container-core-columns-is-layout-28f84493 wp-block-columns-is-layout-flex\">\n<div class=\"wp-block-column has-base-2-background-color has-background is-layout-flow wp-block-column-is-layout-flow\">\n<div class=\"wp-block-group is-layout-flow wp-block-group-is-layout-flow\">\n<h6 class=\"wp-block-heading has-text-align-center has-accent-3-background-color has-background\"><strong>Men\u00fa Fin de Semana<\/strong><br><strong>(Del 1-2\/8-9\/15-16\/29-30 Noviembre 2025)<\/strong><\/h6>\n\n\n\n<div class=\"wp-block-group is-layout-flow wp-block-group-is-layout-flow\" style=\"margin-top:0;margin-bottom:0;padding-top:var(--wp--preset--spacing--10);padding-right:var(--wp--preset--spacing--10);padding-bottom:var(--wp--preset--spacing--10);padding-left:var(--wp--preset--spacing--10)\">\n<p><strong>Restaurante San Crist\u00f3bal<\/strong><\/p>\n\n\n\n<p><strong>Restaurante Montesol<\/strong><\/p>\n\n\n\n<p><strong>Restaurante Palacio Ducal Alba<\/strong><\/p>\n\n\n\n<p><strong>Restaurante Campana<\/strong><\/p>\n\n\n\n<p><strong>Taper\u00eda La Posada<\/strong><\/p>\n<\/div>\n<\/div>\n<\/div>\n\n\n\n<div class=\"wp-block-column has-base-2-background-color has-background is-layout-flow wp-block-column-is-layout-flow\">\n<div class=\"wp-block-group is-layout-flow wp-block-group-is-layout-flow\">\n<h6 class=\"wp-block-heading has-text-align-center has-accent-3-background-color has-background\"><strong>Carta<br>(Del 17 al 23 Noviembre 2025)<\/strong><\/h6>\n\n\n\n<div class=\"wp-block-group is-layout-flow wp-block-group-is-layout-flow\" style=\"margin-top:0;margin-bottom:0;padding-top:var(--wp--preset--spacing--10);padding-right:var(--wp--preset--spacing--10);padding-bottom:var(--wp--preset--spacing--10);padding-left:var(--wp--preset--spacing--10)\">\n<p><strong>Restaurante San Crist\u00f3bal<\/strong><\/p>\n\n\n\n<p><strong>Restaurante Montesol<\/strong><\/p>\n\n\n\n<p><strong>Restaurante Palacio Ducal Alba<\/strong><\/p>\n\n\n\n<p><strong>Restaurante Campana<\/strong><\/p>\n\n\n\n<p><strong>Restaurante Casa Maxi<\/strong><\/p>\n\n\n\n<p><strong>Taper\u00eda La Posada<\/strong><\/p>\n<\/div>\n<\/div>\n<\/div>\n\n\n\n<div class=\"wp-block-column has-base-2-background-color has-background is-layout-flow wp-block-column-is-layout-flow\">\n<div class=\"wp-block-group is-layout-flow wp-block-group-is-layout-flow\">\n<h6 class=\"wp-block-heading has-text-align-center has-accent-3-background-color has-background\"><strong>Ruta de Tapas<\/strong><br><strong>(Del 21 al 23 Noviembre 2025)<\/strong><\/h6>\n\n\n\n<div class=\"wp-block-group is-layout-flow wp-block-group-is-layout-flow\" style=\"margin-top:0;margin-bottom:0;padding-top:var(--wp--preset--spacing--10);padding-right:var(--wp--preset--spacing--10);padding-bottom:var(--wp--preset--spacing--10);padding-left:var(--wp--preset--spacing--10)\">\n<p><strong>Restaurante San Crist\u00f3bal<\/strong><\/p>\n\n\n\n<p><strong>Restaurante Palacio Ducal Alba<\/strong><\/p>\n\n\n\n<p><strong>Restaurante Campana<\/strong><\/p>\n\n\n\n<p><strong>Restaurante-Cafeter\u00eda Al-Karika<\/strong><\/p>\n\n\n\n<p><strong>Restaurante Casa Maxi<\/strong><\/p>\n\n\n\n<p><strong>Restaurante San Juan<\/strong><\/p>\n\n\n\n<p><strong>Restaurante Saborea La Plaza<\/strong><\/p>\n\n\n\n<p><strong><strong>Taper\u00eda La Posada<\/strong><\/strong><\/p>\n\n\n\n<p><strong>GastroBar Trucha\u2019s<\/strong><\/p>\n\n\n\n<p><strong>Caf\u00e9-Bar Grana y Oro<\/strong><\/p>\n\n\n\n<p><strong>Caf\u00e9-Bar Los Nuevos Deportes<\/strong><\/p>\n\n\n\n<p><strong>Caf\u00e9-Bar Gale\u00f3n<\/strong><\/p>\n\n\n\n<p><strong>Caf\u00e9-Bar Candilejas<\/strong><\/p>\n<\/div>\n<\/div>\n<\/div>\n<\/div>\n\n\n\n<div style=\"height:35px\" aria-hidden=\"true\" class=\"wp-block-spacer\"><\/div>\n<\/div>\n\n\n\n<h4 class=\"wp-block-heading\">Productos Micol\u00f3gicos de Extremadura.<\/h4>\n\n\n\n<div class=\"wp-block-group is-layout-flow wp-block-group-is-layout-flow\">\n<p class=\"has-base-2-background-color has-background has-medium-font-size\"><strong>Zona de producci\u00f3n<\/strong>: Toda Extremadura, destacando, principalmente, las comarcas y municipios que cuentan con zonas adehesadas de encinas y jaras, y aquellas otras de casta\u00f1os, pinos y robles, caso de las Sierras de Gata y de Hurdes, de San Pedro, de Mont\u00e1nchez, de San Vicente de Alc\u00e1ntara, Las Villuercas e Ibores, los Valles del Alag\u00f3n, del Ambroz, del Jerte y La Vera, adem\u00e1s de La Siberia, en las que aparecen multitud de especies comestibles: boletus aereus, amanitas ces\u00e1reas, macrolepiotas proceras y n\u00edscalos, fundamentalmente.<\/p>\n\n\n\n<figure class=\"wp-block-image alignright size-full is-resized\" style=\"margin-top:var(--wp--preset--spacing--20);margin-right:var(--wp--preset--spacing--20);margin-bottom:var(--wp--preset--spacing--20);margin-left:var(--wp--preset--spacing--20)\"><a href=\"https:\/\/micoex.org\" target=\"_blank\" rel=\" noreferrer noopener\"><img decoding=\"async\" width=\"1024\" height=\"444\" data-src=\"https:\/\/turismocoria.es\/cge2025\/wp-content\/uploads\/2024\/09\/micoex.png\" alt=\"\" class=\"wp-image-484 lazyload\" style=\"--smush-placeholder-width: 1024px; --smush-placeholder-aspect-ratio: 1024\/444;width:268px;height:auto\" data-srcset=\"https:\/\/turismocoria.es\/cge2025\/wp-content\/uploads\/2024\/09\/micoex.png 1024w, https:\/\/turismocoria.es\/cge2025\/wp-content\/uploads\/2024\/09\/micoex-768x333.png 768w\" data-sizes=\"(max-width: 1024px) 100vw, 1024px\" src=\"data:image\/svg+xml;base64,PHN2ZyB3aWR0aD0iMSIgaGVpZ2h0PSIxIiB4bWxucz0iaHR0cDovL3d3dy53My5vcmcvMjAwMC9zdmciPjwvc3ZnPg==\" \/><\/a><\/figure>\n\n\n\n<p class=\"has-base-2-background-color has-background has-medium-font-size\"><strong>Caracter\u00edsticas<\/strong>: De las 600.000 especies de setas existentes, tan solo 600 se conocen como comestibles, siendo, por norma general, muy ricas en agua y con pocas calor\u00edas, lo que significa que la cantidad de macronutrientes (gl\u00facidos, prote\u00ednas y l\u00edpidos) es baja, por esta raz\u00f3n suelen ser clasificadas dentro del grupo de alimentos de los vegetales. Por lo que respecta a su carne, olor y sabor, \u00e9stos var\u00edan dependiendo del tipo de hongos o setas que recolectemos, siendo muchos de ellos muy apreciados en la gastronom\u00eda, m\u00e1s all\u00e1 de sus usos y de su alto valor nutritivos, confiri\u00e9ndoles sabores y aromas suaves y gratos a las comidas. Y, adem\u00e1s de ser un alimento muy saludable que debe ser incluido en la dieta, se les atribuyen propiedades dif\u00edciles de igualar, por lo que constituyen una excelente opci\u00f3n tanto alimenticia como de salud: prevenci\u00f3n del c\u00e1ncer, salud cerebral, aumento de las vitaminas A, B, C y D, del hierro, del f\u00f3sforo, del yodo, del magnesio, del selenio, del calcio, del potasio y del zinc; siendo la forma m\u00e1s usual de cocinarlos haci\u00e9ndolos salteados, asados o en acompa\u00f1amiento de guarnici\u00f3n con otros alimentos.<\/p>\n\n\n\n<figure class=\"wp-block-image size-full\" style=\"margin-top:var(--wp--preset--spacing--20);margin-bottom:var(--wp--preset--spacing--20)\"><img decoding=\"async\" width=\"1916\" height=\"1150\" data-src=\"https:\/\/turismocoria.es\/cge2025\/wp-content\/uploads\/2024\/09\/boletus.webp\" alt=\"\" class=\"wp-image-486 lazyload\" data-srcset=\"https:\/\/turismocoria.es\/cge2025\/wp-content\/uploads\/2024\/09\/boletus.webp 1916w, https:\/\/turismocoria.es\/cge2025\/wp-content\/uploads\/2024\/09\/boletus-768x461.webp 768w, https:\/\/turismocoria.es\/cge2025\/wp-content\/uploads\/2024\/09\/boletus-1536x922.webp 1536w\" data-sizes=\"(max-width: 1916px) 100vw, 1916px\" src=\"data:image\/svg+xml;base64,PHN2ZyB3aWR0aD0iMSIgaGVpZ2h0PSIxIiB4bWxucz0iaHR0cDovL3d3dy53My5vcmcvMjAwMC9zdmciPjwvc3ZnPg==\" style=\"--smush-placeholder-width: 1916px; --smush-placeholder-aspect-ratio: 1916\/1150;\" \/><\/figure>\n\n\n\n<p class=\"has-base-2-background-color has-background has-small-font-size\"><strong>M\u00e1s informaci\u00f3n en:<\/strong><br>Sociedad Micol\u00f3gica Extreme\u00f1a: <a href=\"https:\/\/micoex.org\" target=\"_blank\" rel=\"noreferrer noopener\">https:\/\/micoex.org<\/a><\/p>\n<\/div>\n","protected":false},"excerpt":{"rendered":"<p>La micolog\u00eda desempe\u00f1a un papel fundamental en la gastronom\u00eda de Extremadura, gracias a la riqueza y diversidad de sus bosques y dehesas, que favorecen la proliferaci\u00f3n de setas y hongos de gran calidad. Variedades como los boletus, las amanitas, los n\u00edscalos y las criadillas de tierra son altamente apreciadas y se integran en numerosos platos [&hellip;]<\/p>\n","protected":false},"author":1,"featured_media":485,"comment_status":"closed","ping_status":"closed","template":"evento","tags":[],"mec_category":[2],"class_list":["post-21","mec-events","type-mec-events","status-publish","has-post-thumbnail","hentry","mec_category-fiestas-gastronomicas"],"yoast_head":"<!-- This site is optimized with the Yoast SEO plugin v27.2 - https:\/\/yoast.com\/product\/yoast-seo-wordpress\/ -->\n<title>Fiesta Gastronom\u00eda de la Micolog\u00eda - Coria Ciudad Gastron\u00f3mica Extreme\u00f1a 2025<\/title>\n<meta name=\"description\" content=\"La micolog\u00eda desempe\u00f1a un papel fundamental en la gastronom\u00eda de Extremadura, gracias a la riqueza y diversidad de sus bosques y dehesas, que favorecen la proliferaci\u00f3n de setas y hongos de gran calidad. Variedades como los boletus, las amanitas, los n\u00edscalos y las criadillas de tierra son altamente apreciadas y se integran en numerosos platos tradicionales, desde guisos y revueltos hasta arroces y asados. Adem\u00e1s de aportar sabores y texturas \u00fanicas, la recolecci\u00f3n de setas es una actividad profundamente arraigada en la cultura rural extreme\u00f1a, promoviendo la sostenibilidad y el turismo micol\u00f3gico. Su valor gastron\u00f3mico, unido a sus propiedades nutritivas, convierte a la micolog\u00eda en un elemento imprescindible de la cocina de la regi\u00f3n.\" \/>\n<meta name=\"robots\" content=\"index, follow, max-snippet:-1, max-image-preview:large, max-video-preview:-1\" \/>\n<link rel=\"canonical\" href=\"https:\/\/turismocoria.es\/cge2025\/fiestas-gastronomicas\/fiesta-de-la-micologia\/\" \/>\n<meta property=\"og:locale\" content=\"es_ES\" \/>\n<meta property=\"og:type\" content=\"article\" \/>\n<meta property=\"og:title\" content=\"Fiesta Gastronom\u00eda de la Micolog\u00eda\" \/>\n<meta property=\"og:description\" content=\"La micolog\u00eda desempe\u00f1a un papel fundamental en la gastronom\u00eda de Extremadura, gracias a la riqueza y diversidad de sus bosques y dehesas, que favorecen la proliferaci\u00f3n de setas y hongos de gran calidad. Variedades como los boletus, las amanitas, los n\u00edscalos y las criadillas de tierra son altamente apreciadas y se integran en numerosos platos tradicionales, desde guisos y revueltos hasta arroces y asados. Adem\u00e1s de aportar sabores y texturas \u00fanicas, la recolecci\u00f3n de setas es una actividad profundamente arraigada en la cultura rural extreme\u00f1a, promoviendo la sostenibilidad y el turismo micol\u00f3gico. Su valor gastron\u00f3mico, unido a sus propiedades nutritivas, convierte a la micolog\u00eda en un elemento imprescindible de la cocina de la regi\u00f3n.\" \/>\n<meta property=\"og:url\" content=\"https:\/\/turismocoria.es\/cge2025\/fiestas-gastronomicas\/fiesta-de-la-micologia\/\" \/>\n<meta property=\"og:site_name\" content=\"Coria Ciudad Gastron\u00f3mica Extreme\u00f1a 2025\" \/>\n<meta property=\"article:modified_time\" content=\"2025-10-30T06:32:07+00:00\" \/>\n<meta property=\"og:image\" content=\"https:\/\/turismocoria.es\/cge2025\/wp-content\/uploads\/2024\/09\/fiesta-micologia.webp\" \/>\n\t<meta property=\"og:image:width\" content=\"1912\" \/>\n\t<meta property=\"og:image:height\" content=\"1150\" \/>\n\t<meta property=\"og:image:type\" content=\"image\/webp\" \/>\n<meta name=\"twitter:card\" content=\"summary_large_image\" \/>\n<meta name=\"twitter:title\" content=\"Fiesta Gastronom\u00eda de la Micolog\u00eda\" \/>\n<meta name=\"twitter:description\" content=\"La micolog\u00eda desempe\u00f1a un papel fundamental en la gastronom\u00eda de Extremadura, gracias a la riqueza y diversidad de sus bosques y dehesas, que favorecen la proliferaci\u00f3n de setas y hongos de gran calidad. Variedades como los boletus, las amanitas, los n\u00edscalos y las criadillas de tierra son altamente apreciadas y se integran en numerosos platos tradicionales, desde guisos y revueltos hasta arroces y asados. Adem\u00e1s de aportar sabores y texturas \u00fanicas, la recolecci\u00f3n de setas es una actividad profundamente arraigada en la cultura rural extreme\u00f1a, promoviendo la sostenibilidad y el turismo micol\u00f3gico. Su valor gastron\u00f3mico, unido a sus propiedades nutritivas, convierte a la micolog\u00eda en un elemento imprescindible de la cocina de la regi\u00f3n.\" \/>\n<meta name=\"twitter:image\" content=\"https:\/\/turismocoria.es\/cge2025\/wp-content\/uploads\/2024\/09\/fiesta-micologia.webp\" \/>\n<meta name=\"twitter:label1\" content=\"Tiempo de lectura\" \/>\n\t<meta name=\"twitter:data1\" content=\"4 minutos\" \/>\n<script type=\"application\/ld+json\" class=\"yoast-schema-graph\">{\"@context\":\"https:\/\/schema.org\",\"@graph\":[{\"@type\":\"WebPage\",\"@id\":\"https:\/\/turismocoria.es\/cge2025\/fiestas-gastronomicas\/fiesta-de-la-micologia\/\",\"url\":\"https:\/\/turismocoria.es\/cge2025\/fiestas-gastronomicas\/fiesta-de-la-micologia\/\",\"name\":\"Fiesta Gastronom\u00eda de la Micolog\u00eda - Coria Ciudad Gastron\u00f3mica Extreme\u00f1a 2025\",\"isPartOf\":{\"@id\":\"https:\/\/turismocoria.es\/cge2025\/#website\"},\"primaryImageOfPage\":{\"@id\":\"https:\/\/turismocoria.es\/cge2025\/fiestas-gastronomicas\/fiesta-de-la-micologia\/#primaryimage\"},\"image\":{\"@id\":\"https:\/\/turismocoria.es\/cge2025\/fiestas-gastronomicas\/fiesta-de-la-micologia\/#primaryimage\"},\"thumbnailUrl\":\"https:\/\/turismocoria.es\/cge2025\/wp-content\/uploads\/2024\/09\/fiesta-micologia.webp\",\"datePublished\":\"2024-09-18T11:53:20+00:00\",\"dateModified\":\"2025-10-30T06:32:07+00:00\",\"description\":\"La micolog\u00eda desempe\u00f1a un papel fundamental en la gastronom\u00eda de Extremadura, gracias a la riqueza y diversidad de sus bosques y dehesas, que favorecen la proliferaci\u00f3n de setas y hongos de gran calidad. Variedades como los boletus, las amanitas, los n\u00edscalos y las criadillas de tierra son altamente apreciadas y se integran en numerosos platos tradicionales, desde guisos y revueltos hasta arroces y asados. Adem\u00e1s de aportar sabores y texturas \u00fanicas, la recolecci\u00f3n de setas es una actividad profundamente arraigada en la cultura rural extreme\u00f1a, promoviendo la sostenibilidad y el turismo micol\u00f3gico. Su valor gastron\u00f3mico, unido a sus propiedades nutritivas, convierte a la micolog\u00eda en un elemento imprescindible de la cocina de la regi\u00f3n.\",\"breadcrumb\":{\"@id\":\"https:\/\/turismocoria.es\/cge2025\/fiestas-gastronomicas\/fiesta-de-la-micologia\/#breadcrumb\"},\"inLanguage\":\"es\",\"potentialAction\":[{\"@type\":\"ReadAction\",\"target\":[\"https:\/\/turismocoria.es\/cge2025\/fiestas-gastronomicas\/fiesta-de-la-micologia\/\"]}]},{\"@type\":\"ImageObject\",\"inLanguage\":\"es\",\"@id\":\"https:\/\/turismocoria.es\/cge2025\/fiestas-gastronomicas\/fiesta-de-la-micologia\/#primaryimage\",\"url\":\"https:\/\/turismocoria.es\/cge2025\/wp-content\/uploads\/2024\/09\/fiesta-micologia.webp\",\"contentUrl\":\"https:\/\/turismocoria.es\/cge2025\/wp-content\/uploads\/2024\/09\/fiesta-micologia.webp\",\"width\":1912,\"height\":1150},{\"@type\":\"BreadcrumbList\",\"@id\":\"https:\/\/turismocoria.es\/cge2025\/fiestas-gastronomicas\/fiesta-de-la-micologia\/#breadcrumb\",\"itemListElement\":[{\"@type\":\"ListItem\",\"position\":1,\"name\":\"Portada\",\"item\":\"https:\/\/turismocoria.es\/cge2025\/\"},{\"@type\":\"ListItem\",\"position\":2,\"name\":\"Eventos\",\"item\":\"https:\/\/turismocoria.es\/cge2025\/eventos\/\"},{\"@type\":\"ListItem\",\"position\":3,\"name\":\"Fiesta Gastronom\u00eda de la Micolog\u00eda\"}]},{\"@type\":\"WebSite\",\"@id\":\"https:\/\/turismocoria.es\/cge2025\/#website\",\"url\":\"https:\/\/turismocoria.es\/cge2025\/\",\"name\":\"Coria Ciudad Gastron\u00f3mica Extreme\u00f1a 2025\",\"description\":\"\",\"publisher\":{\"@id\":\"https:\/\/turismocoria.es\/cge2025\/#organization\"},\"potentialAction\":[{\"@type\":\"SearchAction\",\"target\":{\"@type\":\"EntryPoint\",\"urlTemplate\":\"https:\/\/turismocoria.es\/cge2025\/?s={search_term_string}\"},\"query-input\":{\"@type\":\"PropertyValueSpecification\",\"valueRequired\":true,\"valueName\":\"search_term_string\"}}],\"inLanguage\":\"es\"},{\"@type\":\"Organization\",\"@id\":\"https:\/\/turismocoria.es\/cge2025\/#organization\",\"name\":\"Coria Ciudad Gastron\u00f3mica Extreme\u00f1a 2025\",\"url\":\"https:\/\/turismocoria.es\/cge2025\/\",\"logo\":{\"@type\":\"ImageObject\",\"inLanguage\":\"es\",\"@id\":\"https:\/\/turismocoria.es\/cge2025\/#\/schema\/logo\/image\/\",\"url\":\"https:\/\/turismocoria.es\/cge2025\/wp-content\/uploads\/2024\/09\/logo2-cge-2024.png\",\"contentUrl\":\"https:\/\/turismocoria.es\/cge2025\/wp-content\/uploads\/2024\/09\/logo2-cge-2024.png\",\"width\":880,\"height\":300,\"caption\":\"Coria Ciudad Gastron\u00f3mica  Extreme\u00f1a 2025\"},\"image\":{\"@id\":\"https:\/\/turismocoria.es\/cge2025\/#\/schema\/logo\/image\/\"}}]}<\/script>\n<!-- \/ Yoast SEO plugin. -->","yoast_head_json":{"title":"Fiesta Gastronom\u00eda de la Micolog\u00eda - Coria Ciudad Gastron\u00f3mica Extreme\u00f1a 2025","description":"La micolog\u00eda desempe\u00f1a un papel fundamental en la gastronom\u00eda de Extremadura, gracias a la riqueza y diversidad de sus bosques y dehesas, que favorecen la proliferaci\u00f3n de setas y hongos de gran calidad. Variedades como los boletus, las amanitas, los n\u00edscalos y las criadillas de tierra son altamente apreciadas y se integran en numerosos platos tradicionales, desde guisos y revueltos hasta arroces y asados. Adem\u00e1s de aportar sabores y texturas \u00fanicas, la recolecci\u00f3n de setas es una actividad profundamente arraigada en la cultura rural extreme\u00f1a, promoviendo la sostenibilidad y el turismo micol\u00f3gico. Su valor gastron\u00f3mico, unido a sus propiedades nutritivas, convierte a la micolog\u00eda en un elemento imprescindible de la cocina de la regi\u00f3n.","robots":{"index":"index","follow":"follow","max-snippet":"max-snippet:-1","max-image-preview":"max-image-preview:large","max-video-preview":"max-video-preview:-1"},"canonical":"https:\/\/turismocoria.es\/cge2025\/fiestas-gastronomicas\/fiesta-de-la-micologia\/","og_locale":"es_ES","og_type":"article","og_title":"Fiesta Gastronom\u00eda de la Micolog\u00eda","og_description":"La micolog\u00eda desempe\u00f1a un papel fundamental en la gastronom\u00eda de Extremadura, gracias a la riqueza y diversidad de sus bosques y dehesas, que favorecen la proliferaci\u00f3n de setas y hongos de gran calidad. Variedades como los boletus, las amanitas, los n\u00edscalos y las criadillas de tierra son altamente apreciadas y se integran en numerosos platos tradicionales, desde guisos y revueltos hasta arroces y asados. Adem\u00e1s de aportar sabores y texturas \u00fanicas, la recolecci\u00f3n de setas es una actividad profundamente arraigada en la cultura rural extreme\u00f1a, promoviendo la sostenibilidad y el turismo micol\u00f3gico. Su valor gastron\u00f3mico, unido a sus propiedades nutritivas, convierte a la micolog\u00eda en un elemento imprescindible de la cocina de la regi\u00f3n.","og_url":"https:\/\/turismocoria.es\/cge2025\/fiestas-gastronomicas\/fiesta-de-la-micologia\/","og_site_name":"Coria Ciudad Gastron\u00f3mica Extreme\u00f1a 2025","article_modified_time":"2025-10-30T06:32:07+00:00","og_image":[{"width":1912,"height":1150,"url":"https:\/\/turismocoria.es\/cge2025\/wp-content\/uploads\/2024\/09\/fiesta-micologia.webp","type":"image\/webp"}],"twitter_card":"summary_large_image","twitter_title":"Fiesta Gastronom\u00eda de la Micolog\u00eda","twitter_description":"La micolog\u00eda desempe\u00f1a un papel fundamental en la gastronom\u00eda de Extremadura, gracias a la riqueza y diversidad de sus bosques y dehesas, que favorecen la proliferaci\u00f3n de setas y hongos de gran calidad. Variedades como los boletus, las amanitas, los n\u00edscalos y las criadillas de tierra son altamente apreciadas y se integran en numerosos platos tradicionales, desde guisos y revueltos hasta arroces y asados. Adem\u00e1s de aportar sabores y texturas \u00fanicas, la recolecci\u00f3n de setas es una actividad profundamente arraigada en la cultura rural extreme\u00f1a, promoviendo la sostenibilidad y el turismo micol\u00f3gico. Su valor gastron\u00f3mico, unido a sus propiedades nutritivas, convierte a la micolog\u00eda en un elemento imprescindible de la cocina de la regi\u00f3n.","twitter_image":"https:\/\/turismocoria.es\/cge2025\/wp-content\/uploads\/2024\/09\/fiesta-micologia.webp","twitter_misc":{"Tiempo de lectura":"4 minutos"},"schema":{"@context":"https:\/\/schema.org","@graph":[{"@type":"WebPage","@id":"https:\/\/turismocoria.es\/cge2025\/fiestas-gastronomicas\/fiesta-de-la-micologia\/","url":"https:\/\/turismocoria.es\/cge2025\/fiestas-gastronomicas\/fiesta-de-la-micologia\/","name":"Fiesta Gastronom\u00eda de la Micolog\u00eda - Coria Ciudad Gastron\u00f3mica Extreme\u00f1a 2025","isPartOf":{"@id":"https:\/\/turismocoria.es\/cge2025\/#website"},"primaryImageOfPage":{"@id":"https:\/\/turismocoria.es\/cge2025\/fiestas-gastronomicas\/fiesta-de-la-micologia\/#primaryimage"},"image":{"@id":"https:\/\/turismocoria.es\/cge2025\/fiestas-gastronomicas\/fiesta-de-la-micologia\/#primaryimage"},"thumbnailUrl":"https:\/\/turismocoria.es\/cge2025\/wp-content\/uploads\/2024\/09\/fiesta-micologia.webp","datePublished":"2024-09-18T11:53:20+00:00","dateModified":"2025-10-30T06:32:07+00:00","description":"La micolog\u00eda desempe\u00f1a un papel fundamental en la gastronom\u00eda de Extremadura, gracias a la riqueza y diversidad de sus bosques y dehesas, que favorecen la proliferaci\u00f3n de setas y hongos de gran calidad. Variedades como los boletus, las amanitas, los n\u00edscalos y las criadillas de tierra son altamente apreciadas y se integran en numerosos platos tradicionales, desde guisos y revueltos hasta arroces y asados. Adem\u00e1s de aportar sabores y texturas \u00fanicas, la recolecci\u00f3n de setas es una actividad profundamente arraigada en la cultura rural extreme\u00f1a, promoviendo la sostenibilidad y el turismo micol\u00f3gico. Su valor gastron\u00f3mico, unido a sus propiedades nutritivas, convierte a la micolog\u00eda en un elemento imprescindible de la cocina de la regi\u00f3n.","breadcrumb":{"@id":"https:\/\/turismocoria.es\/cge2025\/fiestas-gastronomicas\/fiesta-de-la-micologia\/#breadcrumb"},"inLanguage":"es","potentialAction":[{"@type":"ReadAction","target":["https:\/\/turismocoria.es\/cge2025\/fiestas-gastronomicas\/fiesta-de-la-micologia\/"]}]},{"@type":"ImageObject","inLanguage":"es","@id":"https:\/\/turismocoria.es\/cge2025\/fiestas-gastronomicas\/fiesta-de-la-micologia\/#primaryimage","url":"https:\/\/turismocoria.es\/cge2025\/wp-content\/uploads\/2024\/09\/fiesta-micologia.webp","contentUrl":"https:\/\/turismocoria.es\/cge2025\/wp-content\/uploads\/2024\/09\/fiesta-micologia.webp","width":1912,"height":1150},{"@type":"BreadcrumbList","@id":"https:\/\/turismocoria.es\/cge2025\/fiestas-gastronomicas\/fiesta-de-la-micologia\/#breadcrumb","itemListElement":[{"@type":"ListItem","position":1,"name":"Portada","item":"https:\/\/turismocoria.es\/cge2025\/"},{"@type":"ListItem","position":2,"name":"Eventos","item":"https:\/\/turismocoria.es\/cge2025\/eventos\/"},{"@type":"ListItem","position":3,"name":"Fiesta Gastronom\u00eda de la Micolog\u00eda"}]},{"@type":"WebSite","@id":"https:\/\/turismocoria.es\/cge2025\/#website","url":"https:\/\/turismocoria.es\/cge2025\/","name":"Coria Ciudad Gastron\u00f3mica Extreme\u00f1a 2025","description":"","publisher":{"@id":"https:\/\/turismocoria.es\/cge2025\/#organization"},"potentialAction":[{"@type":"SearchAction","target":{"@type":"EntryPoint","urlTemplate":"https:\/\/turismocoria.es\/cge2025\/?s={search_term_string}"},"query-input":{"@type":"PropertyValueSpecification","valueRequired":true,"valueName":"search_term_string"}}],"inLanguage":"es"},{"@type":"Organization","@id":"https:\/\/turismocoria.es\/cge2025\/#organization","name":"Coria Ciudad Gastron\u00f3mica Extreme\u00f1a 2025","url":"https:\/\/turismocoria.es\/cge2025\/","logo":{"@type":"ImageObject","inLanguage":"es","@id":"https:\/\/turismocoria.es\/cge2025\/#\/schema\/logo\/image\/","url":"https:\/\/turismocoria.es\/cge2025\/wp-content\/uploads\/2024\/09\/logo2-cge-2024.png","contentUrl":"https:\/\/turismocoria.es\/cge2025\/wp-content\/uploads\/2024\/09\/logo2-cge-2024.png","width":880,"height":300,"caption":"Coria Ciudad Gastron\u00f3mica  Extreme\u00f1a 2025"},"image":{"@id":"https:\/\/turismocoria.es\/cge2025\/#\/schema\/logo\/image\/"}}]}},"uagb_featured_image_src":{"full":["https:\/\/turismocoria.es\/cge2025\/wp-content\/uploads\/2024\/09\/fiesta-micologia.webp",1912,1150,false],"thumbnail":["https:\/\/turismocoria.es\/cge2025\/wp-content\/uploads\/2024\/09\/fiesta-micologia-150x150.webp",150,150,true],"medium":["https:\/\/turismocoria.es\/cge2025\/wp-content\/uploads\/2024\/09\/fiesta-micologia.webp",1912,1150,false],"medium_large":["https:\/\/turismocoria.es\/cge2025\/wp-content\/uploads\/2024\/09\/fiesta-micologia-768x462.webp",768,462,true],"large":["https:\/\/turismocoria.es\/cge2025\/wp-content\/uploads\/2024\/09\/fiesta-micologia.webp",1912,1150,false],"thumblist":["https:\/\/turismocoria.es\/cge2025\/wp-content\/uploads\/2024\/09\/fiesta-micologia-300x300.webp",300,300,true],"thumbrelated":["https:\/\/turismocoria.es\/cge2025\/wp-content\/uploads\/2024\/09\/fiesta-micologia-500x500.webp",500,500,true],"meccarouselthumb":["https:\/\/turismocoria.es\/cge2025\/wp-content\/uploads\/2024\/09\/fiesta-micologia-474x324.webp",474,324,true],"gridsquare":["https:\/\/turismocoria.es\/cge2025\/wp-content\/uploads\/2024\/09\/fiesta-micologia-391x260.webp",391,260,true],"tileview":["https:\/\/turismocoria.es\/cge2025\/wp-content\/uploads\/2024\/09\/fiesta-micologia-300x400.webp",300,400,true],"1536x1536":["https:\/\/turismocoria.es\/cge2025\/wp-content\/uploads\/2024\/09\/fiesta-micologia-1536x924.webp",1536,924,true],"2048x2048":["https:\/\/turismocoria.es\/cge2025\/wp-content\/uploads\/2024\/09\/fiesta-micologia.webp",1912,1150,false]},"uagb_author_info":{"display_name":"admingascge","author_link":"https:\/\/turismocoria.es\/cge2025\/author\/admingascge\/"},"uagb_comment_info":0,"uagb_excerpt":"La micolog\u00eda desempe\u00f1a un papel fundamental en la gastronom\u00eda de Extremadura, gracias a la riqueza y diversidad de sus bosques y dehesas, que favorecen la proliferaci\u00f3n de setas y hongos de gran calidad. Variedades como los boletus, las amanitas, los n\u00edscalos y las criadillas de tierra son altamente apreciadas y se integran en numerosos platos&hellip;","_links":{"self":[{"href":"https:\/\/turismocoria.es\/cge2025\/wp-json\/wp\/v2\/mec-events\/21","targetHints":{"allow":["GET"]}}],"collection":[{"href":"https:\/\/turismocoria.es\/cge2025\/wp-json\/wp\/v2\/mec-events"}],"about":[{"href":"https:\/\/turismocoria.es\/cge2025\/wp-json\/wp\/v2\/types\/mec-events"}],"author":[{"embeddable":true,"href":"https:\/\/turismocoria.es\/cge2025\/wp-json\/wp\/v2\/users\/1"}],"replies":[{"embeddable":true,"href":"https:\/\/turismocoria.es\/cge2025\/wp-json\/wp\/v2\/comments?post=21"}],"wp:featuredmedia":[{"embeddable":true,"href":"https:\/\/turismocoria.es\/cge2025\/wp-json\/wp\/v2\/media\/485"}],"wp:attachment":[{"href":"https:\/\/turismocoria.es\/cge2025\/wp-json\/wp\/v2\/media?parent=21"}],"wp:term":[{"taxonomy":"post_tag","embeddable":true,"href":"https:\/\/turismocoria.es\/cge2025\/wp-json\/wp\/v2\/tags?post=21"},{"taxonomy":"mec_category","embeddable":true,"href":"https:\/\/turismocoria.es\/cge2025\/wp-json\/wp\/v2\/mec_category?post=21"}],"curies":[{"name":"wp","href":"https:\/\/api.w.org\/{rel}","templated":true}]}}