{"id":20,"date":"2024-09-18T13:49:52","date_gmt":"2024-09-18T11:49:52","guid":{"rendered":"https:\/\/turismocoria.es\/cge2025\/eventos\/fiesta-de-la-caza\/"},"modified":"2025-10-08T13:00:08","modified_gmt":"2025-10-08T11:00:08","slug":"fiesta-de-la-caza","status":"publish","type":"mec-events","link":"https:\/\/turismocoria.es\/cge2025\/fiestas-gastronomicas\/fiesta-de-la-caza\/","title":{"rendered":"Fiesta Gastron\u00f3mica de la Caza"},"content":{"rendered":"\n<p class=\"has-base-2-background-color has-background\">La caza es un producto emblem\u00e1tico de la gastronom\u00eda de Extremadura, donde la abundancia de espacios naturales y la tradici\u00f3n cineg\u00e9tica han favorecido su consumo y elaboraci\u00f3n. Especies como el venado, el jabal\u00ed, la perdiz o el conejo son la base de platos tradicionales como los estofados, los escabeches y las calderetas, que destacan por sus sabores intensos y su valor nutritivo. Adem\u00e1s de su riqueza gastron\u00f3mica, la carne de caza representa un recurso sostenible que contribuye al equilibrio ecol\u00f3gico y a la econom\u00eda rural, siendo un s\u00edmbolo de la cocina extreme\u00f1a y un atractivo para el turismo gastron\u00f3mico.<\/p>\n\n\n\n<div style=\"height:25px\" aria-hidden=\"true\" class=\"wp-block-spacer\"><\/div>\n\n\n\n<div class=\"wp-block-group is-layout-flow wp-block-group-is-layout-flow\">\n<div class=\"wp-block-columns is-layout-flex wp-container-core-columns-is-layout-28f84493 wp-block-columns-is-layout-flex\">\n<div class=\"wp-block-column has-base-2-background-color has-background is-layout-flow wp-block-column-is-layout-flow\">\n<div class=\"wp-block-group is-layout-flow wp-block-group-is-layout-flow\">\n<h6 class=\"wp-block-heading has-text-align-center has-accent-3-background-color has-background\"><strong>Men\u00fa Fin de Semana<\/strong><br><strong>(Del 11 al 12 Octubre 2025)<\/strong><\/h6>\n\n\n\n<div class=\"wp-block-group is-layout-flow wp-block-group-is-layout-flow\" style=\"margin-top:0;margin-bottom:0;padding-top:var(--wp--preset--spacing--10);padding-right:var(--wp--preset--spacing--10);padding-bottom:var(--wp--preset--spacing--10);padding-left:var(--wp--preset--spacing--10)\">\n<p><strong>Restaurante San Crist\u00f3bal<\/strong><\/p>\n\n\n\n<p><strong>Restaurante Montesol<\/strong><\/p>\n\n\n\n<p><strong>Restaurante Palacio Ducal Alba<\/strong><\/p>\n\n\n\n<p><strong>Restaurante Campana<\/strong><\/p>\n\n\n\n<p><strong>Taper\u00eda La Posada<\/strong><\/p>\n<\/div>\n<\/div>\n<\/div>\n\n\n\n<div class=\"wp-block-column has-base-2-background-color has-background is-layout-flow wp-block-column-is-layout-flow\">\n<div class=\"wp-block-group is-layout-flow wp-block-group-is-layout-flow\">\n<h6 class=\"wp-block-heading has-text-align-center has-accent-3-background-color has-background\"><strong>Carta<br>(Del 13 al 19 Octubre 2025)<\/strong><\/h6>\n\n\n\n<div class=\"wp-block-group is-layout-flow wp-block-group-is-layout-flow\" style=\"margin-top:0;margin-bottom:0;padding-top:var(--wp--preset--spacing--10);padding-right:var(--wp--preset--spacing--10);padding-bottom:var(--wp--preset--spacing--10);padding-left:var(--wp--preset--spacing--10)\">\n<p><strong>Restaurante San Crist\u00f3bal<\/strong><\/p>\n\n\n\n<p><strong>Restaurante Montesol<\/strong><\/p>\n\n\n\n<p><strong>Restaurante Palacio Ducal Alba<\/strong><\/p>\n\n\n\n<p><strong>Restaurante El Bobo de Coria<\/strong><\/p>\n\n\n\n<p><strong>Restaurante Casa Maxi<\/strong><\/p>\n\n\n\n<p><strong>Taper\u00eda La Posada<\/strong><\/p>\n<\/div>\n<\/div>\n<\/div>\n\n\n\n<div class=\"wp-block-column has-base-2-background-color has-background is-layout-flow wp-block-column-is-layout-flow\">\n<div class=\"wp-block-group is-layout-flow wp-block-group-is-layout-flow\">\n<h6 class=\"wp-block-heading has-text-align-center has-accent-3-background-color has-background\"><strong>Ruta de Tapas<\/strong><br><strong>(Del 17 al 19 Octubre 2025)<\/strong><\/h6>\n\n\n\n<div class=\"wp-block-group is-layout-flow wp-block-group-is-layout-flow\" style=\"margin-top:0;margin-bottom:0;padding-top:var(--wp--preset--spacing--10);padding-right:var(--wp--preset--spacing--10);padding-bottom:var(--wp--preset--spacing--10);padding-left:var(--wp--preset--spacing--10)\">\n<p><strong>Restaurante Palacio Ducal Alba<\/strong><\/p>\n\n\n\n<p><strong>Restaurante Campana<\/strong><\/p>\n\n\n\n<p><strong>Restaurante-Cafeter\u00eda Al-Karika<\/strong><\/p>\n\n\n\n<p><strong>Restaurante Casa Maxi<\/strong><\/p>\n\n\n\n<p><strong>Restaurante Saborea La Plaza<\/strong><\/p>\n\n\n\n<p><strong>GastroBar Trucha\u2019s<\/strong><\/p>\n\n\n\n<p><strong>Caf\u00e9-Bar Grana y Oro<\/strong><\/p>\n\n\n\n<p><strong>Caf\u00e9-Bar Los Nuevos Deportes<\/strong><\/p>\n\n\n\n<p><strong>Caf\u00e9-Bar Gale\u00f3n<\/strong><\/p>\n<\/div>\n<\/div>\n<\/div>\n<\/div>\n\n\n\n<div style=\"height:35px\" aria-hidden=\"true\" class=\"wp-block-spacer\"><\/div>\n<\/div>\n\n\n\n<h4 class=\"wp-block-heading\">Productos de Caza de Extremadura.<\/h4>\n\n\n\n<div class=\"wp-block-group is-layout-flow wp-block-group-is-layout-flow\" style=\"padding-top:var(--wp--preset--spacing--20);padding-right:0;padding-bottom:var(--wp--preset--spacing--20);padding-left:0\">\n<figure class=\"wp-block-image alignright size-full is-resized\" style=\"margin-top:var(--wp--preset--spacing--20);margin-right:var(--wp--preset--spacing--20);margin-bottom:var(--wp--preset--spacing--20);margin-left:var(--wp--preset--spacing--20)\"><a href=\"https:\/\/www.asiccaza.org\/\" target=\"_blank\" rel=\" noreferrer noopener\"><img decoding=\"async\" width=\"205\" height=\"135\" data-src=\"https:\/\/turismocoria.es\/cge2025\/wp-content\/uploads\/2024\/09\/asiccaza.png\" alt=\"\" class=\"wp-image-482 lazyload\" style=\"--smush-placeholder-width: 205px; --smush-placeholder-aspect-ratio: 205\/135;width:168px;height:auto\" src=\"data:image\/svg+xml;base64,PHN2ZyB3aWR0aD0iMSIgaGVpZ2h0PSIxIiB4bWxucz0iaHR0cDovL3d3dy53My5vcmcvMjAwMC9zdmciPjwvc3ZnPg==\" \/><\/a><\/figure>\n\n\n\n<p class=\"has-base-2-background-color has-background has-medium-font-size\"><strong>Zona de producci\u00f3n<\/strong>: Toda Extremadura, destacando principalmente las comarcas y los municipios que cuentan con terrenos de aprovechamiento com\u00fan clasificados en cotos sociales, municipales, deportivos, privados e intensivos de caza menor mediante gesti\u00f3n en sociedades u asociaciones de cazadores, adem\u00e1s de la cotos privados y las reservas de caza mayor protegidos y destinados a la vida salvaje para el turismo deportivo cineg\u00e9tico.<\/p>\n\n\n\n<figure class=\"wp-block-image alignright size-full is-resized\" style=\"margin-top:var(--wp--preset--spacing--20);margin-right:var(--wp--preset--spacing--20);margin-bottom:var(--wp--preset--spacing--20);margin-left:var(--wp--preset--spacing--20)\"><a href=\"https:\/\/www.fedexcaza.com\/\" target=\"_blank\" rel=\" noreferrer noopener\"><img decoding=\"async\" width=\"577\" height=\"594\" data-src=\"https:\/\/turismocoria.es\/cge2025\/wp-content\/uploads\/2024\/09\/fedexcaza.png\" alt=\"\" class=\"wp-image-481 lazyload\" style=\"--smush-placeholder-width: 577px; --smush-placeholder-aspect-ratio: 577\/594;width:168px;height:auto\" src=\"data:image\/svg+xml;base64,PHN2ZyB3aWR0aD0iMSIgaGVpZ2h0PSIxIiB4bWxucz0iaHR0cDovL3d3dy53My5vcmcvMjAwMC9zdmciPjwvc3ZnPg==\" \/><\/a><\/figure>\n\n\n\n<p class=\"has-base-2-background-color has-background has-medium-font-size\"><strong>Caracter\u00edsticas<\/strong>: La carne de caza salvaje, clasificada en \u201cpiezas de pelo\u201d, divididas en funci\u00f3n del tama\u00f1o, caso de la caza mayor: ciervo, gamo, corzo, cabra mont\u00e9s y jabal\u00ed principalmente, de caza menor: liebre y conejo, y de caza de pluma: perdiz, palomas torcaces, codornices, t\u00f3rtolas, becadas y patos, poseen caracter\u00edsticas organol\u00e9pticas que la diferencian de la de otros animales de abasto: un color rojo m\u00e1s oscuro, que se intensifica con la edad del animal y por su bajo contenido en grasa, adem\u00e1s de un olor y un sabor m\u00e1s pronunciados y arom\u00e1ticos propios del campo. Por otro lado, es de destacar su significativo mayor contenido de prote\u00ednas completas, sus bajos niveles de grasa con una composici\u00f3n beneficiosa de \u00e1cidos grasos y excelente fuente de Omega-3 y Omega-6, adem\u00e1s del aporte a las cantidades diarias recomendadas de minerales como: f\u00f3sforo, hierro, cobre, zinc y potasio, y de las vitaminas del grupo B como: riboflavina (B2), niacina (B3), piridoxina (B6) y cianocobalamina (B12).<\/p>\n\n\n\n<figure class=\"wp-block-image size-full\" style=\"margin-top:var(--wp--preset--spacing--20);margin-bottom:var(--wp--preset--spacing--20)\"><img decoding=\"async\" width=\"1916\" height=\"1150\" data-src=\"https:\/\/turismocoria.es\/cge2025\/wp-content\/uploads\/2024\/09\/solomillo-venado.webp\" alt=\"\" class=\"wp-image-479 lazyload\" data-srcset=\"https:\/\/turismocoria.es\/cge2025\/wp-content\/uploads\/2024\/09\/solomillo-venado.webp 1916w, https:\/\/turismocoria.es\/cge2025\/wp-content\/uploads\/2024\/09\/solomillo-venado-768x461.webp 768w, https:\/\/turismocoria.es\/cge2025\/wp-content\/uploads\/2024\/09\/solomillo-venado-1536x922.webp 1536w\" data-sizes=\"(max-width: 1916px) 100vw, 1916px\" src=\"data:image\/svg+xml;base64,PHN2ZyB3aWR0aD0iMSIgaGVpZ2h0PSIxIiB4bWxucz0iaHR0cDovL3d3dy53My5vcmcvMjAwMC9zdmciPjwvc3ZnPg==\" style=\"--smush-placeholder-width: 1916px; --smush-placeholder-aspect-ratio: 1916\/1150;\" \/><\/figure>\n\n\n\n<p class=\"has-base-2-background-color has-background has-small-font-size\">M\u00e1s informaci\u00f3n en:<br>Federaci\u00f3n Extreme\u00f1a de Caza: <a href=\"https:\/\/www.fedexcaza.com\/\" target=\"_blank\" rel=\"noreferrer noopener\">https:\/\/www.fedexcaza.com\/<\/a><br>Asociaci\u00f3n Interprofesional de la Carne de Caza: <a href=\"https:\/\/www.asiccaza.org\/\">https:\/\/www.asiccaza.org\/<\/a><\/p>\n<\/div>\n","protected":false},"excerpt":{"rendered":"<p>La caza es un producto emblem\u00e1tico de la gastronom\u00eda de Extremadura, donde la abundancia de espacios naturales y la tradici\u00f3n cineg\u00e9tica han favorecido su consumo y elaboraci\u00f3n. Especies como el venado, el jabal\u00ed, la perdiz o el conejo son la base de platos tradicionales como los estofados, los escabeches y las calderetas, que destacan por [&hellip;]<\/p>\n","protected":false},"author":1,"featured_media":478,"comment_status":"closed","ping_status":"closed","template":"evento","tags":[],"mec_category":[2],"class_list":["post-20","mec-events","type-mec-events","status-publish","has-post-thumbnail","hentry","mec_category-fiestas-gastronomicas"],"yoast_head":"<!-- This site is optimized with the Yoast SEO plugin v27.2 - https:\/\/yoast.com\/product\/yoast-seo-wordpress\/ -->\n<title>Fiesta Gastron\u00f3mica de la Caza - Coria Ciudad Gastron\u00f3mica Extreme\u00f1a 2025<\/title>\n<meta name=\"description\" content=\"La caza es un producto emblem\u00e1tico de la gastronom\u00eda de Extremadura, donde la abundancia de espacios naturales y la tradici\u00f3n cineg\u00e9tica han favorecido su consumo y elaboraci\u00f3n. Especies como el venado, el jabal\u00ed, la perdiz o el conejo son la base de platos tradicionales como los estofados, los escabeches y las calderetas, que destacan por sus sabores intensos y su valor nutritivo. Adem\u00e1s de su riqueza gastron\u00f3mica, la carne de caza representa un recurso sostenible que contribuye al equilibrio ecol\u00f3gico y a la econom\u00eda rural, siendo un s\u00edmbolo de la cocina extreme\u00f1a y un atractivo para el turismo gastron\u00f3mico.\" \/>\n<meta name=\"robots\" content=\"index, follow, max-snippet:-1, max-image-preview:large, max-video-preview:-1\" \/>\n<link rel=\"canonical\" href=\"https:\/\/turismocoria.es\/cge2025\/fiestas-gastronomicas\/fiesta-de-la-caza\/\" \/>\n<meta property=\"og:locale\" content=\"es_ES\" \/>\n<meta property=\"og:type\" content=\"article\" \/>\n<meta property=\"og:title\" content=\"Fiesta Gastron\u00f3mica de la Caza\" \/>\n<meta property=\"og:description\" content=\"La caza es un producto emblem\u00e1tico de la gastronom\u00eda de Extremadura, donde la abundancia de espacios naturales y la tradici\u00f3n cineg\u00e9tica han favorecido su consumo y elaboraci\u00f3n. Especies como el venado, el jabal\u00ed, la perdiz o el conejo son la base de platos tradicionales como los estofados, los escabeches y las calderetas, que destacan por sus sabores intensos y su valor nutritivo. Adem\u00e1s de su riqueza gastron\u00f3mica, la carne de caza representa un recurso sostenible que contribuye al equilibrio ecol\u00f3gico y a la econom\u00eda rural, siendo un s\u00edmbolo de la cocina extreme\u00f1a y un atractivo para el turismo gastron\u00f3mico.\" \/>\n<meta property=\"og:url\" content=\"https:\/\/turismocoria.es\/cge2025\/fiestas-gastronomicas\/fiesta-de-la-caza\/\" \/>\n<meta property=\"og:site_name\" content=\"Coria Ciudad Gastron\u00f3mica Extreme\u00f1a 2025\" \/>\n<meta property=\"article:modified_time\" content=\"2025-10-08T11:00:08+00:00\" \/>\n<meta property=\"og:image\" content=\"https:\/\/turismocoria.es\/cge2025\/wp-content\/uploads\/2024\/09\/fiesta-caza.webp\" \/>\n\t<meta property=\"og:image:width\" content=\"1920\" \/>\n\t<meta property=\"og:image:height\" content=\"1079\" \/>\n\t<meta property=\"og:image:type\" content=\"image\/webp\" \/>\n<meta name=\"twitter:card\" content=\"summary_large_image\" \/>\n<meta name=\"twitter:title\" content=\"Fiesta Gastron\u00f3mica de la Caza\" \/>\n<meta name=\"twitter:description\" content=\"La caza es un producto emblem\u00e1tico de la gastronom\u00eda de Extremadura, donde la abundancia de espacios naturales y la tradici\u00f3n cineg\u00e9tica han favorecido su consumo y elaboraci\u00f3n. Especies como el venado, el jabal\u00ed, la perdiz o el conejo son la base de platos tradicionales como los estofados, los escabeches y las calderetas, que destacan por sus sabores intensos y su valor nutritivo. Adem\u00e1s de su riqueza gastron\u00f3mica, la carne de caza representa un recurso sostenible que contribuye al equilibrio ecol\u00f3gico y a la econom\u00eda rural, siendo un s\u00edmbolo de la cocina extreme\u00f1a y un atractivo para el turismo gastron\u00f3mico.\" \/>\n<meta name=\"twitter:image\" content=\"https:\/\/turismocoria.es\/cge2025\/wp-content\/uploads\/2024\/09\/fiesta-caza.webp\" \/>\n<meta name=\"twitter:label1\" content=\"Tiempo de lectura\" \/>\n\t<meta name=\"twitter:data1\" content=\"3 minutos\" \/>\n<script type=\"application\/ld+json\" class=\"yoast-schema-graph\">{\"@context\":\"https:\/\/schema.org\",\"@graph\":[{\"@type\":\"WebPage\",\"@id\":\"https:\/\/turismocoria.es\/cge2025\/fiestas-gastronomicas\/fiesta-de-la-caza\/\",\"url\":\"https:\/\/turismocoria.es\/cge2025\/fiestas-gastronomicas\/fiesta-de-la-caza\/\",\"name\":\"Fiesta Gastron\u00f3mica de la Caza - Coria Ciudad Gastron\u00f3mica Extreme\u00f1a 2025\",\"isPartOf\":{\"@id\":\"https:\/\/turismocoria.es\/cge2025\/#website\"},\"primaryImageOfPage\":{\"@id\":\"https:\/\/turismocoria.es\/cge2025\/fiestas-gastronomicas\/fiesta-de-la-caza\/#primaryimage\"},\"image\":{\"@id\":\"https:\/\/turismocoria.es\/cge2025\/fiestas-gastronomicas\/fiesta-de-la-caza\/#primaryimage\"},\"thumbnailUrl\":\"https:\/\/turismocoria.es\/cge2025\/wp-content\/uploads\/2024\/09\/fiesta-caza.webp\",\"datePublished\":\"2024-09-18T11:49:52+00:00\",\"dateModified\":\"2025-10-08T11:00:08+00:00\",\"description\":\"La caza es un producto emblem\u00e1tico de la gastronom\u00eda de Extremadura, donde la abundancia de espacios naturales y la tradici\u00f3n cineg\u00e9tica han favorecido su consumo y elaboraci\u00f3n. Especies como el venado, el jabal\u00ed, la perdiz o el conejo son la base de platos tradicionales como los estofados, los escabeches y las calderetas, que destacan por sus sabores intensos y su valor nutritivo. Adem\u00e1s de su riqueza gastron\u00f3mica, la carne de caza representa un recurso sostenible que contribuye al equilibrio ecol\u00f3gico y a la econom\u00eda rural, siendo un s\u00edmbolo de la cocina extreme\u00f1a y un atractivo para el turismo gastron\u00f3mico.\",\"breadcrumb\":{\"@id\":\"https:\/\/turismocoria.es\/cge2025\/fiestas-gastronomicas\/fiesta-de-la-caza\/#breadcrumb\"},\"inLanguage\":\"es\",\"potentialAction\":[{\"@type\":\"ReadAction\",\"target\":[\"https:\/\/turismocoria.es\/cge2025\/fiestas-gastronomicas\/fiesta-de-la-caza\/\"]}]},{\"@type\":\"ImageObject\",\"inLanguage\":\"es\",\"@id\":\"https:\/\/turismocoria.es\/cge2025\/fiestas-gastronomicas\/fiesta-de-la-caza\/#primaryimage\",\"url\":\"https:\/\/turismocoria.es\/cge2025\/wp-content\/uploads\/2024\/09\/fiesta-caza.webp\",\"contentUrl\":\"https:\/\/turismocoria.es\/cge2025\/wp-content\/uploads\/2024\/09\/fiesta-caza.webp\",\"width\":1920,\"height\":1079},{\"@type\":\"BreadcrumbList\",\"@id\":\"https:\/\/turismocoria.es\/cge2025\/fiestas-gastronomicas\/fiesta-de-la-caza\/#breadcrumb\",\"itemListElement\":[{\"@type\":\"ListItem\",\"position\":1,\"name\":\"Portada\",\"item\":\"https:\/\/turismocoria.es\/cge2025\/\"},{\"@type\":\"ListItem\",\"position\":2,\"name\":\"Eventos\",\"item\":\"https:\/\/turismocoria.es\/cge2025\/eventos\/\"},{\"@type\":\"ListItem\",\"position\":3,\"name\":\"Fiesta Gastron\u00f3mica de la Caza\"}]},{\"@type\":\"WebSite\",\"@id\":\"https:\/\/turismocoria.es\/cge2025\/#website\",\"url\":\"https:\/\/turismocoria.es\/cge2025\/\",\"name\":\"Coria Ciudad Gastron\u00f3mica Extreme\u00f1a 2025\",\"description\":\"\",\"publisher\":{\"@id\":\"https:\/\/turismocoria.es\/cge2025\/#organization\"},\"potentialAction\":[{\"@type\":\"SearchAction\",\"target\":{\"@type\":\"EntryPoint\",\"urlTemplate\":\"https:\/\/turismocoria.es\/cge2025\/?s={search_term_string}\"},\"query-input\":{\"@type\":\"PropertyValueSpecification\",\"valueRequired\":true,\"valueName\":\"search_term_string\"}}],\"inLanguage\":\"es\"},{\"@type\":\"Organization\",\"@id\":\"https:\/\/turismocoria.es\/cge2025\/#organization\",\"name\":\"Coria Ciudad Gastron\u00f3mica Extreme\u00f1a 2025\",\"url\":\"https:\/\/turismocoria.es\/cge2025\/\",\"logo\":{\"@type\":\"ImageObject\",\"inLanguage\":\"es\",\"@id\":\"https:\/\/turismocoria.es\/cge2025\/#\/schema\/logo\/image\/\",\"url\":\"https:\/\/turismocoria.es\/cge2025\/wp-content\/uploads\/2024\/09\/logo2-cge-2024.png\",\"contentUrl\":\"https:\/\/turismocoria.es\/cge2025\/wp-content\/uploads\/2024\/09\/logo2-cge-2024.png\",\"width\":880,\"height\":300,\"caption\":\"Coria Ciudad Gastron\u00f3mica  Extreme\u00f1a 2025\"},\"image\":{\"@id\":\"https:\/\/turismocoria.es\/cge2025\/#\/schema\/logo\/image\/\"}}]}<\/script>\n<!-- \/ Yoast SEO plugin. -->","yoast_head_json":{"title":"Fiesta Gastron\u00f3mica de la Caza - Coria Ciudad Gastron\u00f3mica Extreme\u00f1a 2025","description":"La caza es un producto emblem\u00e1tico de la gastronom\u00eda de Extremadura, donde la abundancia de espacios naturales y la tradici\u00f3n cineg\u00e9tica han favorecido su consumo y elaboraci\u00f3n. Especies como el venado, el jabal\u00ed, la perdiz o el conejo son la base de platos tradicionales como los estofados, los escabeches y las calderetas, que destacan por sus sabores intensos y su valor nutritivo. Adem\u00e1s de su riqueza gastron\u00f3mica, la carne de caza representa un recurso sostenible que contribuye al equilibrio ecol\u00f3gico y a la econom\u00eda rural, siendo un s\u00edmbolo de la cocina extreme\u00f1a y un atractivo para el turismo gastron\u00f3mico.","robots":{"index":"index","follow":"follow","max-snippet":"max-snippet:-1","max-image-preview":"max-image-preview:large","max-video-preview":"max-video-preview:-1"},"canonical":"https:\/\/turismocoria.es\/cge2025\/fiestas-gastronomicas\/fiesta-de-la-caza\/","og_locale":"es_ES","og_type":"article","og_title":"Fiesta Gastron\u00f3mica de la Caza","og_description":"La caza es un producto emblem\u00e1tico de la gastronom\u00eda de Extremadura, donde la abundancia de espacios naturales y la tradici\u00f3n cineg\u00e9tica han favorecido su consumo y elaboraci\u00f3n. Especies como el venado, el jabal\u00ed, la perdiz o el conejo son la base de platos tradicionales como los estofados, los escabeches y las calderetas, que destacan por sus sabores intensos y su valor nutritivo. Adem\u00e1s de su riqueza gastron\u00f3mica, la carne de caza representa un recurso sostenible que contribuye al equilibrio ecol\u00f3gico y a la econom\u00eda rural, siendo un s\u00edmbolo de la cocina extreme\u00f1a y un atractivo para el turismo gastron\u00f3mico.","og_url":"https:\/\/turismocoria.es\/cge2025\/fiestas-gastronomicas\/fiesta-de-la-caza\/","og_site_name":"Coria Ciudad Gastron\u00f3mica Extreme\u00f1a 2025","article_modified_time":"2025-10-08T11:00:08+00:00","og_image":[{"width":1920,"height":1079,"url":"https:\/\/turismocoria.es\/cge2025\/wp-content\/uploads\/2024\/09\/fiesta-caza.webp","type":"image\/webp"}],"twitter_card":"summary_large_image","twitter_title":"Fiesta Gastron\u00f3mica de la Caza","twitter_description":"La caza es un producto emblem\u00e1tico de la gastronom\u00eda de Extremadura, donde la abundancia de espacios naturales y la tradici\u00f3n cineg\u00e9tica han favorecido su consumo y elaboraci\u00f3n. Especies como el venado, el jabal\u00ed, la perdiz o el conejo son la base de platos tradicionales como los estofados, los escabeches y las calderetas, que destacan por sus sabores intensos y su valor nutritivo. Adem\u00e1s de su riqueza gastron\u00f3mica, la carne de caza representa un recurso sostenible que contribuye al equilibrio ecol\u00f3gico y a la econom\u00eda rural, siendo un s\u00edmbolo de la cocina extreme\u00f1a y un atractivo para el turismo gastron\u00f3mico.","twitter_image":"https:\/\/turismocoria.es\/cge2025\/wp-content\/uploads\/2024\/09\/fiesta-caza.webp","twitter_misc":{"Tiempo de lectura":"3 minutos"},"schema":{"@context":"https:\/\/schema.org","@graph":[{"@type":"WebPage","@id":"https:\/\/turismocoria.es\/cge2025\/fiestas-gastronomicas\/fiesta-de-la-caza\/","url":"https:\/\/turismocoria.es\/cge2025\/fiestas-gastronomicas\/fiesta-de-la-caza\/","name":"Fiesta Gastron\u00f3mica de la Caza - Coria Ciudad Gastron\u00f3mica Extreme\u00f1a 2025","isPartOf":{"@id":"https:\/\/turismocoria.es\/cge2025\/#website"},"primaryImageOfPage":{"@id":"https:\/\/turismocoria.es\/cge2025\/fiestas-gastronomicas\/fiesta-de-la-caza\/#primaryimage"},"image":{"@id":"https:\/\/turismocoria.es\/cge2025\/fiestas-gastronomicas\/fiesta-de-la-caza\/#primaryimage"},"thumbnailUrl":"https:\/\/turismocoria.es\/cge2025\/wp-content\/uploads\/2024\/09\/fiesta-caza.webp","datePublished":"2024-09-18T11:49:52+00:00","dateModified":"2025-10-08T11:00:08+00:00","description":"La caza es un producto emblem\u00e1tico de la gastronom\u00eda de Extremadura, donde la abundancia de espacios naturales y la tradici\u00f3n cineg\u00e9tica han favorecido su consumo y elaboraci\u00f3n. Especies como el venado, el jabal\u00ed, la perdiz o el conejo son la base de platos tradicionales como los estofados, los escabeches y las calderetas, que destacan por sus sabores intensos y su valor nutritivo. Adem\u00e1s de su riqueza gastron\u00f3mica, la carne de caza representa un recurso sostenible que contribuye al equilibrio ecol\u00f3gico y a la econom\u00eda rural, siendo un s\u00edmbolo de la cocina extreme\u00f1a y un atractivo para el turismo gastron\u00f3mico.","breadcrumb":{"@id":"https:\/\/turismocoria.es\/cge2025\/fiestas-gastronomicas\/fiesta-de-la-caza\/#breadcrumb"},"inLanguage":"es","potentialAction":[{"@type":"ReadAction","target":["https:\/\/turismocoria.es\/cge2025\/fiestas-gastronomicas\/fiesta-de-la-caza\/"]}]},{"@type":"ImageObject","inLanguage":"es","@id":"https:\/\/turismocoria.es\/cge2025\/fiestas-gastronomicas\/fiesta-de-la-caza\/#primaryimage","url":"https:\/\/turismocoria.es\/cge2025\/wp-content\/uploads\/2024\/09\/fiesta-caza.webp","contentUrl":"https:\/\/turismocoria.es\/cge2025\/wp-content\/uploads\/2024\/09\/fiesta-caza.webp","width":1920,"height":1079},{"@type":"BreadcrumbList","@id":"https:\/\/turismocoria.es\/cge2025\/fiestas-gastronomicas\/fiesta-de-la-caza\/#breadcrumb","itemListElement":[{"@type":"ListItem","position":1,"name":"Portada","item":"https:\/\/turismocoria.es\/cge2025\/"},{"@type":"ListItem","position":2,"name":"Eventos","item":"https:\/\/turismocoria.es\/cge2025\/eventos\/"},{"@type":"ListItem","position":3,"name":"Fiesta Gastron\u00f3mica de la Caza"}]},{"@type":"WebSite","@id":"https:\/\/turismocoria.es\/cge2025\/#website","url":"https:\/\/turismocoria.es\/cge2025\/","name":"Coria Ciudad Gastron\u00f3mica Extreme\u00f1a 2025","description":"","publisher":{"@id":"https:\/\/turismocoria.es\/cge2025\/#organization"},"potentialAction":[{"@type":"SearchAction","target":{"@type":"EntryPoint","urlTemplate":"https:\/\/turismocoria.es\/cge2025\/?s={search_term_string}"},"query-input":{"@type":"PropertyValueSpecification","valueRequired":true,"valueName":"search_term_string"}}],"inLanguage":"es"},{"@type":"Organization","@id":"https:\/\/turismocoria.es\/cge2025\/#organization","name":"Coria Ciudad Gastron\u00f3mica Extreme\u00f1a 2025","url":"https:\/\/turismocoria.es\/cge2025\/","logo":{"@type":"ImageObject","inLanguage":"es","@id":"https:\/\/turismocoria.es\/cge2025\/#\/schema\/logo\/image\/","url":"https:\/\/turismocoria.es\/cge2025\/wp-content\/uploads\/2024\/09\/logo2-cge-2024.png","contentUrl":"https:\/\/turismocoria.es\/cge2025\/wp-content\/uploads\/2024\/09\/logo2-cge-2024.png","width":880,"height":300,"caption":"Coria Ciudad Gastron\u00f3mica  Extreme\u00f1a 2025"},"image":{"@id":"https:\/\/turismocoria.es\/cge2025\/#\/schema\/logo\/image\/"}}]}},"uagb_featured_image_src":{"full":["https:\/\/turismocoria.es\/cge2025\/wp-content\/uploads\/2024\/09\/fiesta-caza.webp",1920,1079,false],"thumbnail":["https:\/\/turismocoria.es\/cge2025\/wp-content\/uploads\/2024\/09\/fiesta-caza-150x150.webp",150,150,true],"medium":["https:\/\/turismocoria.es\/cge2025\/wp-content\/uploads\/2024\/09\/fiesta-caza.webp",1920,1079,false],"medium_large":["https:\/\/turismocoria.es\/cge2025\/wp-content\/uploads\/2024\/09\/fiesta-caza-768x432.webp",768,432,true],"large":["https:\/\/turismocoria.es\/cge2025\/wp-content\/uploads\/2024\/09\/fiesta-caza.webp",1920,1079,false],"thumblist":["https:\/\/turismocoria.es\/cge2025\/wp-content\/uploads\/2024\/09\/fiesta-caza-300x300.webp",300,300,true],"thumbrelated":["https:\/\/turismocoria.es\/cge2025\/wp-content\/uploads\/2024\/09\/fiesta-caza-500x500.webp",500,500,true],"meccarouselthumb":["https:\/\/turismocoria.es\/cge2025\/wp-content\/uploads\/2024\/09\/fiesta-caza-474x324.webp",474,324,true],"gridsquare":["https:\/\/turismocoria.es\/cge2025\/wp-content\/uploads\/2024\/09\/fiesta-caza-391x260.webp",391,260,true],"tileview":["https:\/\/turismocoria.es\/cge2025\/wp-content\/uploads\/2024\/09\/fiesta-caza-300x400.webp",300,400,true],"1536x1536":["https:\/\/turismocoria.es\/cge2025\/wp-content\/uploads\/2024\/09\/fiesta-caza-1536x863.webp",1536,863,true],"2048x2048":["https:\/\/turismocoria.es\/cge2025\/wp-content\/uploads\/2024\/09\/fiesta-caza.webp",1920,1079,false]},"uagb_author_info":{"display_name":"admingascge","author_link":"https:\/\/turismocoria.es\/cge2025\/author\/admingascge\/"},"uagb_comment_info":0,"uagb_excerpt":"La caza es un producto emblem\u00e1tico de la gastronom\u00eda de Extremadura, donde la abundancia de espacios naturales y la tradici\u00f3n cineg\u00e9tica han favorecido su consumo y elaboraci\u00f3n. Especies como el venado, el jabal\u00ed, la perdiz o el conejo son la base de platos tradicionales como los estofados, los escabeches y las calderetas, que destacan por&hellip;","_links":{"self":[{"href":"https:\/\/turismocoria.es\/cge2025\/wp-json\/wp\/v2\/mec-events\/20","targetHints":{"allow":["GET"]}}],"collection":[{"href":"https:\/\/turismocoria.es\/cge2025\/wp-json\/wp\/v2\/mec-events"}],"about":[{"href":"https:\/\/turismocoria.es\/cge2025\/wp-json\/wp\/v2\/types\/mec-events"}],"author":[{"embeddable":true,"href":"https:\/\/turismocoria.es\/cge2025\/wp-json\/wp\/v2\/users\/1"}],"replies":[{"embeddable":true,"href":"https:\/\/turismocoria.es\/cge2025\/wp-json\/wp\/v2\/comments?post=20"}],"wp:featuredmedia":[{"embeddable":true,"href":"https:\/\/turismocoria.es\/cge2025\/wp-json\/wp\/v2\/media\/478"}],"wp:attachment":[{"href":"https:\/\/turismocoria.es\/cge2025\/wp-json\/wp\/v2\/media?parent=20"}],"wp:term":[{"taxonomy":"post_tag","embeddable":true,"href":"https:\/\/turismocoria.es\/cge2025\/wp-json\/wp\/v2\/tags?post=20"},{"taxonomy":"mec_category","embeddable":true,"href":"https:\/\/turismocoria.es\/cge2025\/wp-json\/wp\/v2\/mec_category?post=20"}],"curies":[{"name":"wp","href":"https:\/\/api.w.org\/{rel}","templated":true}]}}