{"id":18,"date":"2024-09-18T13:42:15","date_gmt":"2024-09-18T11:42:15","guid":{"rendered":"https:\/\/turismocoria.es\/cge2025\/eventos\/fiesta-del-tomate\/"},"modified":"2025-08-08T09:52:58","modified_gmt":"2025-08-08T07:52:58","slug":"fiesta-del-tomate","status":"publish","type":"mec-events","link":"https:\/\/turismocoria.es\/cge2025\/fiestas-gastronomicas\/fiesta-del-tomate\/","title":{"rendered":"Fiesta Gastron\u00f3mica del Tomate"},"content":{"rendered":"\n<p class=\"has-base-2-background-color has-background\">El tomate es un ingrediente fundamental en la gastronom\u00eda de Extremadura, donde su cultivo, especialmente en las Vegas del Guadiana y del Alag\u00f3n, ha convertido a la regi\u00f3n en uno de los principales productores de Espa\u00f1a. Su calidad y sabor excepcionales lo hacen indispensable en platos tradicionales como el gazpacho, el zorongollo o las salsas que acompa\u00f1an carnes y guisos. Adem\u00e1s de su valor culinario, el tomate extreme\u00f1o es clave en la industria agroalimentaria, siendo la base de conservas y productos exportados a nivel nacional e internacional. Su versatilidad y riqueza nutricional lo convierten en un pilar de la dieta mediterr\u00e1nea, reflejando la importancia de la agricultura en la identidad y econom\u00eda de Extremadura.<\/p>\n\n\n\n<div style=\"height:25px\" aria-hidden=\"true\" class=\"wp-block-spacer\"><\/div>\n\n\n\t\t\t\t\t<div\n\t\t\t\t\t\tclass=\"wp-block-uagb-image-gallery uagb-block-8430cc99     \"\n\t\t\t\t\t\tstyle=\"\"\n\t\t\t\t\t>\n\t\t\t\t\t\t\t\t\t\t\t<div class=\"spectra-image-gallery spectra-image-gallery__layout--masonry spectra-image-gallery__layout--masonry-col-2 spectra-image-gallery__layout--masonry-col-tab-3 spectra-image-gallery__layout--masonry-col-mob-2\">\n\t\t\t\t\t\t\t\t\t\t\t<div class='spectra-image-gallery__media-wrapper--isotope'>\n\t\t\t\t\t\t\t<div class='spectra-image-gallery__media-wrapper' data-spectra-gallery-image-id='65146' tabindex=\"0\">\n\t\t\t\t\t\t\t<div class=\"spectra-image-gallery__media spectra-image-gallery__media--masonry\">\n\t\t\t\t<picture>\n\t\t\t\t\t<source media=\"(min-width: 1024px)\" data-srcset=\"https:\/\/coria.org\/ayuntamiento\/wp-content\/uploads\/2025\/07\/fg-tomate-alkarika.webp\">\n\t\t\t\t\t<source media=\"(min-width: 768px)\" data-srcset=\"https:\/\/coria.org\/ayuntamiento\/wp-content\/uploads\/2025\/07\/fg-tomate-alkarika.webp\">\n\t\t\t\t\t<img decoding=\"async\" class=\"spectra-image-gallery__media-thumbnail spectra-image-gallery__media-thumbnail--masonry lazyload\" data-src=\"https:\/\/coria.org\/ayuntamiento\/wp-content\/uploads\/2025\/07\/fg-tomate-alkarika.webp\" alt=\"\" src=\"data:image\/svg+xml;base64,PHN2ZyB3aWR0aD0iMSIgaGVpZ2h0PSIxIiB4bWxucz0iaHR0cDovL3d3dy53My5vcmcvMjAwMC9zdmciPjwvc3ZnPg==\" \/>\n\t\t\t\t<\/picture>\n\t\t\t\t<div class=\"spectra-image-gallery__media-thumbnail-blurrer\"><\/div>\n\t\t\t\t\t\t\t\t\t\t\t<div class=\"spectra-image-gallery__media-thumbnail-caption-wrapper spectra-image-gallery__media-thumbnail-caption-wrapper--overlay\"><\/div>\n\t\t\t\t\t\t\t\t<\/div>\n\t\t\t\t\t\t<\/div>\n\t\t\t\t\t\t<\/div>\n\t\t\t\t\t\t<div class='spectra-image-gallery__media-wrapper--isotope'>\n\t\t\t\t\t\t\t<div class='spectra-image-gallery__media-wrapper' data-spectra-gallery-image-id='65147' tabindex=\"0\">\n\t\t\t\t\t\t\t<div class=\"spectra-image-gallery__media spectra-image-gallery__media--masonry\">\n\t\t\t\t<picture>\n\t\t\t\t\t<source media=\"(min-width: 1024px)\" data-srcset=\"https:\/\/coria.org\/ayuntamiento\/wp-content\/uploads\/2025\/07\/fg-tomate-ducal.webp\">\n\t\t\t\t\t<source media=\"(min-width: 768px)\" data-srcset=\"https:\/\/coria.org\/ayuntamiento\/wp-content\/uploads\/2025\/07\/fg-tomate-ducal.webp\">\n\t\t\t\t\t<img decoding=\"async\" class=\"spectra-image-gallery__media-thumbnail spectra-image-gallery__media-thumbnail--masonry lazyload\" data-src=\"https:\/\/coria.org\/ayuntamiento\/wp-content\/uploads\/2025\/07\/fg-tomate-ducal.webp\" alt=\"\" src=\"data:image\/svg+xml;base64,PHN2ZyB3aWR0aD0iMSIgaGVpZ2h0PSIxIiB4bWxucz0iaHR0cDovL3d3dy53My5vcmcvMjAwMC9zdmciPjwvc3ZnPg==\" \/>\n\t\t\t\t<\/picture>\n\t\t\t\t<div class=\"spectra-image-gallery__media-thumbnail-blurrer\"><\/div>\n\t\t\t\t\t\t\t\t\t\t\t<div class=\"spectra-image-gallery__media-thumbnail-caption-wrapper spectra-image-gallery__media-thumbnail-caption-wrapper--overlay\"><\/div>\n\t\t\t\t\t\t\t\t<\/div>\n\t\t\t\t\t\t<\/div>\n\t\t\t\t\t\t<\/div>\n\t\t\t\t\t\t<div class='spectra-image-gallery__media-wrapper--isotope'>\n\t\t\t\t\t\t\t<div class='spectra-image-gallery__media-wrapper' data-spectra-gallery-image-id='65148' tabindex=\"0\">\n\t\t\t\t\t\t\t<div class=\"spectra-image-gallery__media spectra-image-gallery__media--masonry\">\n\t\t\t\t<picture>\n\t\t\t\t\t<source media=\"(min-width: 1024px)\" data-srcset=\"https:\/\/coria.org\/ayuntamiento\/wp-content\/uploads\/2025\/07\/fg-tomate-montesol.webp\">\n\t\t\t\t\t<source media=\"(min-width: 768px)\" data-srcset=\"https:\/\/coria.org\/ayuntamiento\/wp-content\/uploads\/2025\/07\/fg-tomate-montesol.webp\">\n\t\t\t\t\t<img decoding=\"async\" class=\"spectra-image-gallery__media-thumbnail spectra-image-gallery__media-thumbnail--masonry lazyload\" data-src=\"https:\/\/coria.org\/ayuntamiento\/wp-content\/uploads\/2025\/07\/fg-tomate-montesol.webp\" alt=\"\" src=\"data:image\/svg+xml;base64,PHN2ZyB3aWR0aD0iMSIgaGVpZ2h0PSIxIiB4bWxucz0iaHR0cDovL3d3dy53My5vcmcvMjAwMC9zdmciPjwvc3ZnPg==\" \/>\n\t\t\t\t<\/picture>\n\t\t\t\t<div class=\"spectra-image-gallery__media-thumbnail-blurrer\"><\/div>\n\t\t\t\t\t\t\t\t\t\t\t<div class=\"spectra-image-gallery__media-thumbnail-caption-wrapper spectra-image-gallery__media-thumbnail-caption-wrapper--overlay\"><\/div>\n\t\t\t\t\t\t\t\t<\/div>\n\t\t\t\t\t\t<\/div>\n\t\t\t\t\t\t<\/div>\n\t\t\t\t\t\t<div class='spectra-image-gallery__media-wrapper--isotope'>\n\t\t\t\t\t\t\t<div class='spectra-image-gallery__media-wrapper' data-spectra-gallery-image-id='65149' tabindex=\"0\">\n\t\t\t\t\t\t\t<div class=\"spectra-image-gallery__media spectra-image-gallery__media--masonry\">\n\t\t\t\t<picture>\n\t\t\t\t\t<source media=\"(min-width: 1024px)\" data-srcset=\"https:\/\/coria.org\/ayuntamiento\/wp-content\/uploads\/2025\/07\/fg-tomate-sancritobal.webp\">\n\t\t\t\t\t<source media=\"(min-width: 768px)\" data-srcset=\"https:\/\/coria.org\/ayuntamiento\/wp-content\/uploads\/2025\/07\/fg-tomate-sancritobal.webp\">\n\t\t\t\t\t<img decoding=\"async\" class=\"spectra-image-gallery__media-thumbnail spectra-image-gallery__media-thumbnail--masonry lazyload\" data-src=\"https:\/\/coria.org\/ayuntamiento\/wp-content\/uploads\/2025\/07\/fg-tomate-sancritobal.webp\" alt=\"\" src=\"data:image\/svg+xml;base64,PHN2ZyB3aWR0aD0iMSIgaGVpZ2h0PSIxIiB4bWxucz0iaHR0cDovL3d3dy53My5vcmcvMjAwMC9zdmciPjwvc3ZnPg==\" \/>\n\t\t\t\t<\/picture>\n\t\t\t\t<div class=\"spectra-image-gallery__media-thumbnail-blurrer\"><\/div>\n\t\t\t\t\t\t\t\t\t\t\t<div class=\"spectra-image-gallery__media-thumbnail-caption-wrapper spectra-image-gallery__media-thumbnail-caption-wrapper--overlay\"><\/div>\n\t\t\t\t\t\t\t\t<\/div>\n\t\t\t\t\t\t<\/div>\n\t\t\t\t\t\t<\/div>\n\t\t\t\t\t\t\t\t\t\t<\/div>\n\t\t\t\t\t\t\t\t\t\t\t\t\t\t\t\t\t\t<\/div>\n\t\t\t\t\t\t\t\t\t\t\t<div class='spectra-image-gallery__control-lightbox' tabindex='0'>\n\t\t\t\t\t\t\t\t\t\t\t<div class=\"swiper spectra-image-gallery__control-lightbox--main\" dir=\"\">\n\t\t\t\t\t<div class=\"swiper-wrapper\">\n\t\t\t\t\t\t\t\t\t\t\t\t\t\n\t\t\t\t\t\t\t<div class=\"swiper-slide\">\n\t\t\t\t\t\t\t\t<img class=\"swiper-lazy\" data-src=\"https:\/\/coria.org\/ayuntamiento\/wp-content\/uploads\/2025\/07\/fg-tomate-alkarika.webp\" alt=\"\"\/>\n\t\t\t\t\t\t\t\t<div class=\"swiper-lazy-preloader swiper-lazy-preloader-white\"><\/div>\n\t\t\t\t\t\t\t\t\t\t\t\t\t\t\t<\/div>\n\t\t\t\t\t\t\t\t\t\t\t\t\t\n\t\t\t\t\t\t\t<div class=\"swiper-slide\">\n\t\t\t\t\t\t\t\t<img class=\"swiper-lazy\" data-src=\"https:\/\/coria.org\/ayuntamiento\/wp-content\/uploads\/2025\/07\/fg-tomate-ducal.webp\" alt=\"\"\/>\n\t\t\t\t\t\t\t\t<div class=\"swiper-lazy-preloader swiper-lazy-preloader-white\"><\/div>\n\t\t\t\t\t\t\t\t\t\t\t\t\t\t\t<\/div>\n\t\t\t\t\t\t\t\t\t\t\t\t\t\n\t\t\t\t\t\t\t<div class=\"swiper-slide\">\n\t\t\t\t\t\t\t\t<img class=\"swiper-lazy\" data-src=\"https:\/\/coria.org\/ayuntamiento\/wp-content\/uploads\/2025\/07\/fg-tomate-montesol.webp\" alt=\"\"\/>\n\t\t\t\t\t\t\t\t<div class=\"swiper-lazy-preloader swiper-lazy-preloader-white\"><\/div>\n\t\t\t\t\t\t\t\t\t\t\t\t\t\t\t<\/div>\n\t\t\t\t\t\t\t\t\t\t\t\t\t\n\t\t\t\t\t\t\t<div class=\"swiper-slide\">\n\t\t\t\t\t\t\t\t<img class=\"swiper-lazy\" data-src=\"https:\/\/coria.org\/ayuntamiento\/wp-content\/uploads\/2025\/07\/fg-tomate-sancritobal.webp\" alt=\"\"\/>\n\t\t\t\t\t\t\t\t<div class=\"swiper-lazy-preloader swiper-lazy-preloader-white\"><\/div>\n\t\t\t\t\t\t\t\t\t\t\t\t\t\t\t<\/div>\n\t\t\t\t\t\t\t\t\t\t\t<\/div>\n\t\t\t\t\t<div class=\"swiper-button-next\"><\/div>\n\t\t\t\t\t<div class=\"swiper-button-prev\"><\/div>\n\t\t\t\t<\/div>\t\t\t\n\t\t\t\t\t\t\t\t\t\t\t\t\t\t\t\t\t\t\t\t\t\t\t\t\t\t\t\t\t\t\t\t<button class='spectra-image-gallery__control-lightbox--close' aria-label=\"Close\">\n\t\t\t\t\t\t\t\t\t\t\t\t\t<svg xmlns=\"https:\/\/www.w3.org\/2000\/svg\" viewBox= \"0 0 320 512\"><path d=\"M310.6 361.4c12.5 12.5 12.5 32.75 0 45.25C304.4 412.9 296.2 416 288 416s-16.38-3.125-22.62-9.375L160 301.3L54.63 406.6C48.38 412.9 40.19 416 32 416S15.63 412.9 9.375 406.6c-12.5-12.5-12.5-32.75 0-45.25l105.4-105.4L9.375 150.6c-12.5-12.5-12.5-32.75 0-45.25s32.75-12.5 45.25 0L160 210.8l105.4-105.4c12.5-12.5 32.75-12.5 45.25 0s12.5 32.75 0 45.25l-105.4 105.4L310.6 361.4z\"><\/path><\/svg>\n\t\t\t\t\t\t\t\t\t\t\t\t<\/button>\n\t\t\t\t\t\t\t\t\t\t\t\t\t<\/div>\n\t\t\t\t\t\t\t\t\t\n\n\n<div style=\"height:25px\" aria-hidden=\"true\" class=\"wp-block-spacer\"><\/div>\n\n\n\n<div class=\"wp-block-group is-layout-flow wp-block-group-is-layout-flow\">\n<div class=\"wp-block-columns is-layout-flex wp-container-core-columns-is-layout-28f84493 wp-block-columns-is-layout-flex\">\n<div class=\"wp-block-column has-base-2-background-color has-background is-layout-flow wp-block-column-is-layout-flow\">\n<div class=\"wp-block-group is-layout-flow wp-block-group-is-layout-flow\">\n<h6 class=\"wp-block-heading has-text-align-center has-accent-3-background-color has-background\"><strong>Men\u00fa Fin de Semana<br>(Del 9 al 10 Agosto 2025)<\/strong><\/h6>\n\n\n\n<div class=\"wp-block-group is-layout-flow wp-block-group-is-layout-flow\" style=\"margin-top:0;margin-bottom:0;padding-top:var(--wp--preset--spacing--10);padding-right:var(--wp--preset--spacing--10);padding-bottom:var(--wp--preset--spacing--10);padding-left:var(--wp--preset--spacing--10)\">\n<p><strong>Restaurante San Crist\u00f3bal<\/strong><\/p>\n\n\n\n<p><strong>Restaurante Montesol<\/strong><\/p>\n\n\n\n<p><strong>Restaurante P\u00e9rcor<\/strong><\/p>\n\n\n\n<p><strong>Restaurante Palacio Ducal Alba<\/strong><\/p>\n\n\n\n<p><strong>Restaurante Huumm<\/strong><\/p>\n\n\n\n<p><strong>Restaurante Campana<\/strong><\/p>\n\n\n\n<p><strong>Restaurante-Cafeter\u00eda Al-Karika<\/strong><\/p>\n<\/div>\n<\/div>\n<\/div>\n\n\n\n<div class=\"wp-block-column has-base-2-background-color has-background is-layout-flow wp-block-column-is-layout-flow\">\n<div class=\"wp-block-group is-layout-flow wp-block-group-is-layout-flow\">\n<h6 class=\"wp-block-heading has-text-align-center has-accent-3-background-color has-background\"><strong>Carta<br>(Del 11 al 17 Agosto 2025)<\/strong><\/h6>\n\n\n\n<div class=\"wp-block-group is-layout-flow wp-block-group-is-layout-flow\" style=\"margin-top:0;margin-bottom:0;padding-top:var(--wp--preset--spacing--10);padding-right:var(--wp--preset--spacing--10);padding-bottom:var(--wp--preset--spacing--10);padding-left:var(--wp--preset--spacing--10)\">\n<p><strong>Restaurante San Crist\u00f3bal<\/strong><\/p>\n\n\n\n<p><strong>Restaurante Montesol<\/strong><\/p>\n\n\n\n<p><strong>Restaurante P\u00e9rcor<\/strong><\/p>\n\n\n\n<p><strong>Restaurante Palacio Ducal Alba<\/strong><\/p>\n\n\n\n<p><strong>Restaurante El Bobo de Coria<\/strong><\/p>\n\n\n\n<p><strong>Restaurante Campana<\/strong><\/p>\n\n\n\n<p><strong>Restaurante-Cafeter\u00eda Al-Karika<\/strong><\/p>\n\n\n\n<p><strong>Restaurante Casa Maxi<\/strong><\/p>\n<\/div>\n<\/div>\n<\/div>\n\n\n\n<div class=\"wp-block-column has-base-2-background-color has-background is-layout-flow wp-block-column-is-layout-flow\">\n<div class=\"wp-block-group is-layout-flow wp-block-group-is-layout-flow\">\n<h6 class=\"wp-block-heading has-text-align-center has-accent-3-background-color has-background\"><strong>Ruta de Tapas<\/strong><br><strong>(Del 13 y 15 Agosto 2025)<\/strong><\/h6>\n\n\n\n<div class=\"wp-block-group is-layout-flow wp-block-group-is-layout-flow\" style=\"margin-top:0;margin-bottom:0;padding-top:var(--wp--preset--spacing--10);padding-right:var(--wp--preset--spacing--10);padding-bottom:var(--wp--preset--spacing--10);padding-left:var(--wp--preset--spacing--10)\">\n<p><strong>Restaurante San Crist\u00f3bal<\/strong><\/p>\n\n\n\n<p><strong>Restaurante Palacio Ducal Alba<\/strong><\/p>\n\n\n\n<p><strong>Restaurante Huumm<\/strong><\/p>\n\n\n\n<p><strong>Restaurante Campana<\/strong><\/p>\n\n\n\n<p><strong>Restaurante-Cafeter\u00eda Al-Karika<\/strong><\/p>\n\n\n\n<p><strong>Restaurante San Juan<\/strong><\/p>\n\n\n\n<p><strong>Restaurante Saborea La Plaza<\/strong><\/p>\n\n\n\n<p><strong>Taper\u00eda La Posada<\/strong><\/p>\n\n\n\n<p><strong>GastroBar Trucha\u2019s<\/strong><\/p>\n\n\n\n<p><strong>Caf\u00e9-Bar Grana y Oro<\/strong><\/p>\n\n\n\n<p><strong>Caf\u00e9-Bar Los Nuevos Deportes<\/strong><\/p>\n\n\n\n<p><strong>Caf\u00e9-Bar Gale\u00f3n<\/strong><\/p>\n\n\n\n<p><strong>Caf\u00e9-Bar Candilejas<\/strong><\/p>\n<\/div>\n<\/div>\n<\/div>\n<\/div>\n\n\n\n<div style=\"height:35px\" aria-hidden=\"true\" class=\"wp-block-spacer\"><\/div>\n<\/div>\n\n\n\n<h4 class=\"wp-block-heading\">Tomates del Valle del Alag\u00f3n.<\/h4>\n\n\n\n<div class=\"wp-block-group is-layout-flow wp-block-group-is-layout-flow\">\n<p class=\"has-base-2-background-color has-background has-medium-font-size\"><strong>Zona de producci\u00f3n<\/strong>: Valles del Alag\u00f3n y del \u00c1rrago y Vegas Altas (C\u00e1ceres) y Vegas Bajas del Guadiana (Badajoz).<\/p>\n\n\n\n<figure class=\"wp-block-image alignright size-full is-resized\" style=\"margin-top:var(--wp--preset--spacing--20);margin-right:var(--wp--preset--spacing--20);margin-bottom:var(--wp--preset--spacing--20);margin-left:var(--wp--preset--spacing--20)\"><a href=\"https:\/\/www.cidacos.com\" target=\"_blank\" rel=\" noreferrer noopener\"><img decoding=\"async\" width=\"720\" height=\"321\" data-src=\"https:\/\/turismocoria.es\/cge2025\/wp-content\/uploads\/2024\/09\/cidacos.webp\" alt=\"\" class=\"wp-image-199 lazyload\" style=\"--smush-placeholder-width: 720px; --smush-placeholder-aspect-ratio: 720\/321;width:268px;height:auto\" src=\"data:image\/svg+xml;base64,PHN2ZyB3aWR0aD0iMSIgaGVpZ2h0PSIxIiB4bWxucz0iaHR0cDovL3d3dy53My5vcmcvMjAwMC9zdmciPjwvc3ZnPg==\" \/><\/a><\/figure>\n\n\n\n<p class=\"has-base-2-background-color has-background has-medium-font-size\"><strong>Caracter\u00edsticas<\/strong>: Producto hortofrut\u00edcola de los m\u00e1s importantes del sector agroalimentario extreme\u00f1o producido pr\u00e1cticamente en toda Extremadura, principalmente en los ricos Valles y Vegas de los r\u00edos Guadiana y Alag\u00f3n que, a pesar de no contar con el distintivo de DOP, es un fruto muy apreciado en cocina por su alto contenido en vitaminas: A, B1, B2 y C, y minerales: f\u00f3sforo, potasio y sodio, que ayudan a prevenir algunas enfermedades, presentando textura gruesa y carnosa con dos o m\u00e1s segmentos, de diferentes formas y colores, generalmente el rojo aunque tambi\u00e9n existen amarillos seg\u00fan la variedad debido a la presencia de pigmentos como el licopeno y los carotenos, oscilando su peso entre unos pocos miligramos y el medio kilo, cuya producci\u00f3n primordial se localiza en los calurosos meses estivales, de la que se extraen una amplia gama de conservas que son elaboradas en las f\u00e1bricas conserveras radicadas dentro de nuestra regi\u00f3n al ser \u00e9sta en la actualidad una de las mayores productoras de tomate del mundo y la primera de Espa\u00f1a.<\/p>\n\n\n\n<figure class=\"wp-block-image size-full\" style=\"margin-top:var(--wp--preset--spacing--20);margin-bottom:var(--wp--preset--spacing--20)\"><img decoding=\"async\" width=\"1920\" height=\"1080\" data-src=\"https:\/\/turismocoria.es\/cge2025\/wp-content\/uploads\/2024\/09\/pantumaca.webp\" alt=\"\" class=\"wp-image-470 lazyload\" data-srcset=\"https:\/\/turismocoria.es\/cge2025\/wp-content\/uploads\/2024\/09\/pantumaca.webp 1920w, https:\/\/turismocoria.es\/cge2025\/wp-content\/uploads\/2024\/09\/pantumaca-768x432.webp 768w, https:\/\/turismocoria.es\/cge2025\/wp-content\/uploads\/2024\/09\/pantumaca-1536x864.webp 1536w\" data-sizes=\"(max-width: 1920px) 100vw, 1920px\" src=\"data:image\/svg+xml;base64,PHN2ZyB3aWR0aD0iMSIgaGVpZ2h0PSIxIiB4bWxucz0iaHR0cDovL3d3dy53My5vcmcvMjAwMC9zdmciPjwvc3ZnPg==\" style=\"--smush-placeholder-width: 1920px; --smush-placeholder-aspect-ratio: 1920\/1080;\" \/><\/figure>\n\n\n\n<p class=\"has-base-2-background-color has-background has-small-font-size\">M\u00e1s informaci\u00f3n en:<br>Url: <a href=\"https:\/\/www.cidacos.com\" target=\"_blank\" rel=\"noreferrer noopener\">https:\/\/www.cidacos.com<\/a><\/p>\n<\/div>\n","protected":false},"excerpt":{"rendered":"<p>El tomate es un ingrediente fundamental en la gastronom\u00eda de Extremadura, donde su cultivo, especialmente en las Vegas del Guadiana y del Alag\u00f3n, ha convertido a la regi\u00f3n en uno de los principales productores de Espa\u00f1a. Su calidad y sabor excepcionales lo hacen indispensable en platos tradicionales como el gazpacho, el zorongollo o las salsas [&hellip;]<\/p>\n","protected":false},"author":1,"featured_media":469,"comment_status":"closed","ping_status":"closed","template":"evento","tags":[],"mec_category":[2],"class_list":["post-18","mec-events","type-mec-events","status-publish","has-post-thumbnail","hentry","mec_category-fiestas-gastronomicas"],"yoast_head":"<!-- This site is optimized with the Yoast SEO plugin v27.2 - https:\/\/yoast.com\/product\/yoast-seo-wordpress\/ -->\n<title>Fiesta Gastron\u00f3mica del Tomate - Coria Ciudad Gastron\u00f3mica Extreme\u00f1a 2025<\/title>\n<meta name=\"description\" content=\"El tomate es un ingrediente fundamental en la gastronom\u00eda de Extremadura, donde su cultivo, especialmente en las Vegas del Guadiana y del Alag\u00f3n, ha convertido a la regi\u00f3n en uno de los principales productores de Espa\u00f1a. Su calidad y sabor excepcionales lo hacen indispensable en platos tradicionales como el gazpacho, el zorongollo o las salsas que acompa\u00f1an carnes y guisos. Adem\u00e1s de su valor culinario, el tomate extreme\u00f1o es clave en la industria agroalimentaria, siendo la base de conservas y productos exportados a nivel nacional e internacional. Su versatilidad y riqueza nutricional lo convierten en un pilar de la dieta mediterr\u00e1nea, reflejando la importancia de la agricultura en la identidad y econom\u00eda de Extremadura.\" \/>\n<meta name=\"robots\" content=\"index, follow, max-snippet:-1, max-image-preview:large, max-video-preview:-1\" \/>\n<link rel=\"canonical\" href=\"https:\/\/turismocoria.es\/cge2025\/fiestas-gastronomicas\/fiesta-del-tomate\/\" \/>\n<meta property=\"og:locale\" content=\"es_ES\" \/>\n<meta property=\"og:type\" content=\"article\" \/>\n<meta property=\"og:title\" content=\"Fiesta Gastron\u00f3mica del Tomate\" \/>\n<meta property=\"og:description\" content=\"El tomate es un ingrediente fundamental en la gastronom\u00eda de Extremadura, donde su cultivo, especialmente en las Vegas del Guadiana y del Alag\u00f3n, ha convertido a la regi\u00f3n en uno de los principales productores de Espa\u00f1a. Su calidad y sabor excepcionales lo hacen indispensable en platos tradicionales como el gazpacho, el zorongollo o las salsas que acompa\u00f1an carnes y guisos. Adem\u00e1s de su valor culinario, el tomate extreme\u00f1o es clave en la industria agroalimentaria, siendo la base de conservas y productos exportados a nivel nacional e internacional. Su versatilidad y riqueza nutricional lo convierten en un pilar de la dieta mediterr\u00e1nea, reflejando la importancia de la agricultura en la identidad y econom\u00eda de Extremadura.\" \/>\n<meta property=\"og:url\" content=\"https:\/\/turismocoria.es\/cge2025\/fiestas-gastronomicas\/fiesta-del-tomate\/\" \/>\n<meta property=\"og:site_name\" content=\"Coria Ciudad Gastron\u00f3mica Extreme\u00f1a 2025\" \/>\n<meta property=\"article:modified_time\" content=\"2025-08-08T07:52:58+00:00\" \/>\n<meta property=\"og:image\" content=\"https:\/\/turismocoria.es\/cge2025\/wp-content\/uploads\/2024\/09\/fiesta-tomate.webp\" \/>\n\t<meta property=\"og:image:width\" content=\"1920\" \/>\n\t<meta property=\"og:image:height\" content=\"1081\" \/>\n\t<meta property=\"og:image:type\" content=\"image\/webp\" \/>\n<meta name=\"twitter:card\" content=\"summary_large_image\" \/>\n<meta name=\"twitter:title\" content=\"Fiesta Gastron\u00f3mica del Tomate\" \/>\n<meta name=\"twitter:description\" content=\"El tomate es un ingrediente fundamental en la gastronom\u00eda de Extremadura, donde su cultivo, especialmente en las Vegas del Guadiana y del Alag\u00f3n, ha convertido a la regi\u00f3n en uno de los principales productores de Espa\u00f1a. Su calidad y sabor excepcionales lo hacen indispensable en platos tradicionales como el gazpacho, el zorongollo o las salsas que acompa\u00f1an carnes y guisos. Adem\u00e1s de su valor culinario, el tomate extreme\u00f1o es clave en la industria agroalimentaria, siendo la base de conservas y productos exportados a nivel nacional e internacional. Su versatilidad y riqueza nutricional lo convierten en un pilar de la dieta mediterr\u00e1nea, reflejando la importancia de la agricultura en la identidad y econom\u00eda de Extremadura.\" \/>\n<meta name=\"twitter:image\" content=\"https:\/\/turismocoria.es\/cge2025\/wp-content\/uploads\/2024\/09\/fiesta-tomate.webp\" \/>\n<meta name=\"twitter:label1\" content=\"Tiempo de lectura\" \/>\n\t<meta name=\"twitter:data1\" content=\"3 minutos\" \/>\n<script type=\"application\/ld+json\" class=\"yoast-schema-graph\">{\"@context\":\"https:\/\/schema.org\",\"@graph\":[{\"@type\":\"WebPage\",\"@id\":\"https:\/\/turismocoria.es\/cge2025\/fiestas-gastronomicas\/fiesta-del-tomate\/\",\"url\":\"https:\/\/turismocoria.es\/cge2025\/fiestas-gastronomicas\/fiesta-del-tomate\/\",\"name\":\"Fiesta Gastron\u00f3mica del Tomate - Coria Ciudad Gastron\u00f3mica Extreme\u00f1a 2025\",\"isPartOf\":{\"@id\":\"https:\/\/turismocoria.es\/cge2025\/#website\"},\"primaryImageOfPage\":{\"@id\":\"https:\/\/turismocoria.es\/cge2025\/fiestas-gastronomicas\/fiesta-del-tomate\/#primaryimage\"},\"image\":{\"@id\":\"https:\/\/turismocoria.es\/cge2025\/fiestas-gastronomicas\/fiesta-del-tomate\/#primaryimage\"},\"thumbnailUrl\":\"https:\/\/turismocoria.es\/cge2025\/wp-content\/uploads\/2024\/09\/fiesta-tomate.webp\",\"datePublished\":\"2024-09-18T11:42:15+00:00\",\"dateModified\":\"2025-08-08T07:52:58+00:00\",\"description\":\"El tomate es un ingrediente fundamental en la gastronom\u00eda de Extremadura, donde su cultivo, especialmente en las Vegas del Guadiana y del Alag\u00f3n, ha convertido a la regi\u00f3n en uno de los principales productores de Espa\u00f1a. Su calidad y sabor excepcionales lo hacen indispensable en platos tradicionales como el gazpacho, el zorongollo o las salsas que acompa\u00f1an carnes y guisos. Adem\u00e1s de su valor culinario, el tomate extreme\u00f1o es clave en la industria agroalimentaria, siendo la base de conservas y productos exportados a nivel nacional e internacional. Su versatilidad y riqueza nutricional lo convierten en un pilar de la dieta mediterr\u00e1nea, reflejando la importancia de la agricultura en la identidad y econom\u00eda de Extremadura.\",\"breadcrumb\":{\"@id\":\"https:\/\/turismocoria.es\/cge2025\/fiestas-gastronomicas\/fiesta-del-tomate\/#breadcrumb\"},\"inLanguage\":\"es\",\"potentialAction\":[{\"@type\":\"ReadAction\",\"target\":[\"https:\/\/turismocoria.es\/cge2025\/fiestas-gastronomicas\/fiesta-del-tomate\/\"]}]},{\"@type\":\"ImageObject\",\"inLanguage\":\"es\",\"@id\":\"https:\/\/turismocoria.es\/cge2025\/fiestas-gastronomicas\/fiesta-del-tomate\/#primaryimage\",\"url\":\"https:\/\/turismocoria.es\/cge2025\/wp-content\/uploads\/2024\/09\/fiesta-tomate.webp\",\"contentUrl\":\"https:\/\/turismocoria.es\/cge2025\/wp-content\/uploads\/2024\/09\/fiesta-tomate.webp\",\"width\":1920,\"height\":1081},{\"@type\":\"BreadcrumbList\",\"@id\":\"https:\/\/turismocoria.es\/cge2025\/fiestas-gastronomicas\/fiesta-del-tomate\/#breadcrumb\",\"itemListElement\":[{\"@type\":\"ListItem\",\"position\":1,\"name\":\"Portada\",\"item\":\"https:\/\/turismocoria.es\/cge2025\/\"},{\"@type\":\"ListItem\",\"position\":2,\"name\":\"Eventos\",\"item\":\"https:\/\/turismocoria.es\/cge2025\/eventos\/\"},{\"@type\":\"ListItem\",\"position\":3,\"name\":\"Fiesta Gastron\u00f3mica del Tomate\"}]},{\"@type\":\"WebSite\",\"@id\":\"https:\/\/turismocoria.es\/cge2025\/#website\",\"url\":\"https:\/\/turismocoria.es\/cge2025\/\",\"name\":\"Coria Ciudad Gastron\u00f3mica Extreme\u00f1a 2025\",\"description\":\"\",\"publisher\":{\"@id\":\"https:\/\/turismocoria.es\/cge2025\/#organization\"},\"potentialAction\":[{\"@type\":\"SearchAction\",\"target\":{\"@type\":\"EntryPoint\",\"urlTemplate\":\"https:\/\/turismocoria.es\/cge2025\/?s={search_term_string}\"},\"query-input\":{\"@type\":\"PropertyValueSpecification\",\"valueRequired\":true,\"valueName\":\"search_term_string\"}}],\"inLanguage\":\"es\"},{\"@type\":\"Organization\",\"@id\":\"https:\/\/turismocoria.es\/cge2025\/#organization\",\"name\":\"Coria Ciudad Gastron\u00f3mica Extreme\u00f1a 2025\",\"url\":\"https:\/\/turismocoria.es\/cge2025\/\",\"logo\":{\"@type\":\"ImageObject\",\"inLanguage\":\"es\",\"@id\":\"https:\/\/turismocoria.es\/cge2025\/#\/schema\/logo\/image\/\",\"url\":\"https:\/\/turismocoria.es\/cge2025\/wp-content\/uploads\/2024\/09\/logo2-cge-2024.png\",\"contentUrl\":\"https:\/\/turismocoria.es\/cge2025\/wp-content\/uploads\/2024\/09\/logo2-cge-2024.png\",\"width\":880,\"height\":300,\"caption\":\"Coria Ciudad Gastron\u00f3mica  Extreme\u00f1a 2025\"},\"image\":{\"@id\":\"https:\/\/turismocoria.es\/cge2025\/#\/schema\/logo\/image\/\"}}]}<\/script>\n<!-- \/ Yoast SEO plugin. -->","yoast_head_json":{"title":"Fiesta Gastron\u00f3mica del Tomate - Coria Ciudad Gastron\u00f3mica Extreme\u00f1a 2025","description":"El tomate es un ingrediente fundamental en la gastronom\u00eda de Extremadura, donde su cultivo, especialmente en las Vegas del Guadiana y del Alag\u00f3n, ha convertido a la regi\u00f3n en uno de los principales productores de Espa\u00f1a. Su calidad y sabor excepcionales lo hacen indispensable en platos tradicionales como el gazpacho, el zorongollo o las salsas que acompa\u00f1an carnes y guisos. Adem\u00e1s de su valor culinario, el tomate extreme\u00f1o es clave en la industria agroalimentaria, siendo la base de conservas y productos exportados a nivel nacional e internacional. Su versatilidad y riqueza nutricional lo convierten en un pilar de la dieta mediterr\u00e1nea, reflejando la importancia de la agricultura en la identidad y econom\u00eda de Extremadura.","robots":{"index":"index","follow":"follow","max-snippet":"max-snippet:-1","max-image-preview":"max-image-preview:large","max-video-preview":"max-video-preview:-1"},"canonical":"https:\/\/turismocoria.es\/cge2025\/fiestas-gastronomicas\/fiesta-del-tomate\/","og_locale":"es_ES","og_type":"article","og_title":"Fiesta Gastron\u00f3mica del Tomate","og_description":"El tomate es un ingrediente fundamental en la gastronom\u00eda de Extremadura, donde su cultivo, especialmente en las Vegas del Guadiana y del Alag\u00f3n, ha convertido a la regi\u00f3n en uno de los principales productores de Espa\u00f1a. Su calidad y sabor excepcionales lo hacen indispensable en platos tradicionales como el gazpacho, el zorongollo o las salsas que acompa\u00f1an carnes y guisos. Adem\u00e1s de su valor culinario, el tomate extreme\u00f1o es clave en la industria agroalimentaria, siendo la base de conservas y productos exportados a nivel nacional e internacional. Su versatilidad y riqueza nutricional lo convierten en un pilar de la dieta mediterr\u00e1nea, reflejando la importancia de la agricultura en la identidad y econom\u00eda de Extremadura.","og_url":"https:\/\/turismocoria.es\/cge2025\/fiestas-gastronomicas\/fiesta-del-tomate\/","og_site_name":"Coria Ciudad Gastron\u00f3mica Extreme\u00f1a 2025","article_modified_time":"2025-08-08T07:52:58+00:00","og_image":[{"width":1920,"height":1081,"url":"https:\/\/turismocoria.es\/cge2025\/wp-content\/uploads\/2024\/09\/fiesta-tomate.webp","type":"image\/webp"}],"twitter_card":"summary_large_image","twitter_title":"Fiesta Gastron\u00f3mica del Tomate","twitter_description":"El tomate es un ingrediente fundamental en la gastronom\u00eda de Extremadura, donde su cultivo, especialmente en las Vegas del Guadiana y del Alag\u00f3n, ha convertido a la regi\u00f3n en uno de los principales productores de Espa\u00f1a. Su calidad y sabor excepcionales lo hacen indispensable en platos tradicionales como el gazpacho, el zorongollo o las salsas que acompa\u00f1an carnes y guisos. Adem\u00e1s de su valor culinario, el tomate extreme\u00f1o es clave en la industria agroalimentaria, siendo la base de conservas y productos exportados a nivel nacional e internacional. Su versatilidad y riqueza nutricional lo convierten en un pilar de la dieta mediterr\u00e1nea, reflejando la importancia de la agricultura en la identidad y econom\u00eda de Extremadura.","twitter_image":"https:\/\/turismocoria.es\/cge2025\/wp-content\/uploads\/2024\/09\/fiesta-tomate.webp","twitter_misc":{"Tiempo de lectura":"3 minutos"},"schema":{"@context":"https:\/\/schema.org","@graph":[{"@type":"WebPage","@id":"https:\/\/turismocoria.es\/cge2025\/fiestas-gastronomicas\/fiesta-del-tomate\/","url":"https:\/\/turismocoria.es\/cge2025\/fiestas-gastronomicas\/fiesta-del-tomate\/","name":"Fiesta Gastron\u00f3mica del Tomate - Coria Ciudad Gastron\u00f3mica Extreme\u00f1a 2025","isPartOf":{"@id":"https:\/\/turismocoria.es\/cge2025\/#website"},"primaryImageOfPage":{"@id":"https:\/\/turismocoria.es\/cge2025\/fiestas-gastronomicas\/fiesta-del-tomate\/#primaryimage"},"image":{"@id":"https:\/\/turismocoria.es\/cge2025\/fiestas-gastronomicas\/fiesta-del-tomate\/#primaryimage"},"thumbnailUrl":"https:\/\/turismocoria.es\/cge2025\/wp-content\/uploads\/2024\/09\/fiesta-tomate.webp","datePublished":"2024-09-18T11:42:15+00:00","dateModified":"2025-08-08T07:52:58+00:00","description":"El tomate es un ingrediente fundamental en la gastronom\u00eda de Extremadura, donde su cultivo, especialmente en las Vegas del Guadiana y del Alag\u00f3n, ha convertido a la regi\u00f3n en uno de los principales productores de Espa\u00f1a. Su calidad y sabor excepcionales lo hacen indispensable en platos tradicionales como el gazpacho, el zorongollo o las salsas que acompa\u00f1an carnes y guisos. Adem\u00e1s de su valor culinario, el tomate extreme\u00f1o es clave en la industria agroalimentaria, siendo la base de conservas y productos exportados a nivel nacional e internacional. Su versatilidad y riqueza nutricional lo convierten en un pilar de la dieta mediterr\u00e1nea, reflejando la importancia de la agricultura en la identidad y econom\u00eda de Extremadura.","breadcrumb":{"@id":"https:\/\/turismocoria.es\/cge2025\/fiestas-gastronomicas\/fiesta-del-tomate\/#breadcrumb"},"inLanguage":"es","potentialAction":[{"@type":"ReadAction","target":["https:\/\/turismocoria.es\/cge2025\/fiestas-gastronomicas\/fiesta-del-tomate\/"]}]},{"@type":"ImageObject","inLanguage":"es","@id":"https:\/\/turismocoria.es\/cge2025\/fiestas-gastronomicas\/fiesta-del-tomate\/#primaryimage","url":"https:\/\/turismocoria.es\/cge2025\/wp-content\/uploads\/2024\/09\/fiesta-tomate.webp","contentUrl":"https:\/\/turismocoria.es\/cge2025\/wp-content\/uploads\/2024\/09\/fiesta-tomate.webp","width":1920,"height":1081},{"@type":"BreadcrumbList","@id":"https:\/\/turismocoria.es\/cge2025\/fiestas-gastronomicas\/fiesta-del-tomate\/#breadcrumb","itemListElement":[{"@type":"ListItem","position":1,"name":"Portada","item":"https:\/\/turismocoria.es\/cge2025\/"},{"@type":"ListItem","position":2,"name":"Eventos","item":"https:\/\/turismocoria.es\/cge2025\/eventos\/"},{"@type":"ListItem","position":3,"name":"Fiesta Gastron\u00f3mica del Tomate"}]},{"@type":"WebSite","@id":"https:\/\/turismocoria.es\/cge2025\/#website","url":"https:\/\/turismocoria.es\/cge2025\/","name":"Coria Ciudad Gastron\u00f3mica Extreme\u00f1a 2025","description":"","publisher":{"@id":"https:\/\/turismocoria.es\/cge2025\/#organization"},"potentialAction":[{"@type":"SearchAction","target":{"@type":"EntryPoint","urlTemplate":"https:\/\/turismocoria.es\/cge2025\/?s={search_term_string}"},"query-input":{"@type":"PropertyValueSpecification","valueRequired":true,"valueName":"search_term_string"}}],"inLanguage":"es"},{"@type":"Organization","@id":"https:\/\/turismocoria.es\/cge2025\/#organization","name":"Coria Ciudad Gastron\u00f3mica Extreme\u00f1a 2025","url":"https:\/\/turismocoria.es\/cge2025\/","logo":{"@type":"ImageObject","inLanguage":"es","@id":"https:\/\/turismocoria.es\/cge2025\/#\/schema\/logo\/image\/","url":"https:\/\/turismocoria.es\/cge2025\/wp-content\/uploads\/2024\/09\/logo2-cge-2024.png","contentUrl":"https:\/\/turismocoria.es\/cge2025\/wp-content\/uploads\/2024\/09\/logo2-cge-2024.png","width":880,"height":300,"caption":"Coria Ciudad Gastron\u00f3mica  Extreme\u00f1a 2025"},"image":{"@id":"https:\/\/turismocoria.es\/cge2025\/#\/schema\/logo\/image\/"}}]}},"uagb_featured_image_src":{"full":["https:\/\/turismocoria.es\/cge2025\/wp-content\/uploads\/2024\/09\/fiesta-tomate.webp",1920,1081,false],"thumbnail":["https:\/\/turismocoria.es\/cge2025\/wp-content\/uploads\/2024\/09\/fiesta-tomate-150x150.webp",150,150,true],"medium":["https:\/\/turismocoria.es\/cge2025\/wp-content\/uploads\/2024\/09\/fiesta-tomate.webp",1920,1081,false],"medium_large":["https:\/\/turismocoria.es\/cge2025\/wp-content\/uploads\/2024\/09\/fiesta-tomate-768x432.webp",768,432,true],"large":["https:\/\/turismocoria.es\/cge2025\/wp-content\/uploads\/2024\/09\/fiesta-tomate.webp",1920,1081,false],"thumblist":["https:\/\/turismocoria.es\/cge2025\/wp-content\/uploads\/2024\/09\/fiesta-tomate-300x300.webp",300,300,true],"thumbrelated":["https:\/\/turismocoria.es\/cge2025\/wp-content\/uploads\/2024\/09\/fiesta-tomate-500x500.webp",500,500,true],"meccarouselthumb":["https:\/\/turismocoria.es\/cge2025\/wp-content\/uploads\/2024\/09\/fiesta-tomate-474x324.webp",474,324,true],"gridsquare":["https:\/\/turismocoria.es\/cge2025\/wp-content\/uploads\/2024\/09\/fiesta-tomate-391x260.webp",391,260,true],"tileview":["https:\/\/turismocoria.es\/cge2025\/wp-content\/uploads\/2024\/09\/fiesta-tomate-300x400.webp",300,400,true],"1536x1536":["https:\/\/turismocoria.es\/cge2025\/wp-content\/uploads\/2024\/09\/fiesta-tomate-1536x865.webp",1536,865,true],"2048x2048":["https:\/\/turismocoria.es\/cge2025\/wp-content\/uploads\/2024\/09\/fiesta-tomate.webp",1920,1081,false]},"uagb_author_info":{"display_name":"admingascge","author_link":"https:\/\/turismocoria.es\/cge2025\/author\/admingascge\/"},"uagb_comment_info":0,"uagb_excerpt":"El tomate es un ingrediente fundamental en la gastronom\u00eda de Extremadura, donde su cultivo, especialmente en las Vegas del Guadiana y del Alag\u00f3n, ha convertido a la regi\u00f3n en uno de los principales productores de Espa\u00f1a. Su calidad y sabor excepcionales lo hacen indispensable en platos tradicionales como el gazpacho, el zorongollo o las salsas&hellip;","_links":{"self":[{"href":"https:\/\/turismocoria.es\/cge2025\/wp-json\/wp\/v2\/mec-events\/18","targetHints":{"allow":["GET"]}}],"collection":[{"href":"https:\/\/turismocoria.es\/cge2025\/wp-json\/wp\/v2\/mec-events"}],"about":[{"href":"https:\/\/turismocoria.es\/cge2025\/wp-json\/wp\/v2\/types\/mec-events"}],"author":[{"embeddable":true,"href":"https:\/\/turismocoria.es\/cge2025\/wp-json\/wp\/v2\/users\/1"}],"replies":[{"embeddable":true,"href":"https:\/\/turismocoria.es\/cge2025\/wp-json\/wp\/v2\/comments?post=18"}],"wp:featuredmedia":[{"embeddable":true,"href":"https:\/\/turismocoria.es\/cge2025\/wp-json\/wp\/v2\/media\/469"}],"wp:attachment":[{"href":"https:\/\/turismocoria.es\/cge2025\/wp-json\/wp\/v2\/media?parent=18"}],"wp:term":[{"taxonomy":"post_tag","embeddable":true,"href":"https:\/\/turismocoria.es\/cge2025\/wp-json\/wp\/v2\/tags?post=18"},{"taxonomy":"mec_category","embeddable":true,"href":"https:\/\/turismocoria.es\/cge2025\/wp-json\/wp\/v2\/mec_category?post=18"}],"curies":[{"name":"wp","href":"https:\/\/api.w.org\/{rel}","templated":true}]}}