{"id":14,"date":"2024-09-18T13:29:05","date_gmt":"2024-09-18T11:29:05","guid":{"rendered":"https:\/\/turismocoria.es\/cge2025\/eventos\/fiesta-del-cordero\/"},"modified":"2025-02-10T10:07:37","modified_gmt":"2025-02-10T09:07:37","slug":"fiesta-del-cordero","status":"publish","type":"mec-events","link":"https:\/\/turismocoria.es\/cge2025\/fiestas-gastronomicas\/fiesta-del-cordero\/","title":{"rendered":"Fiesta Gastron\u00f3mica del Cordero y el Piment\u00f3n"},"content":{"rendered":"\n<p class=\"has-base-2-background-color has-background\">La carne de cordero es un pilar fundamental en la gastronom\u00eda de Extremadura, reflejando la tradici\u00f3n ganadera de la regi\u00f3n y su rica cultura culinaria. Gracias a la cr\u00eda de corderos en las vastas dehesas extreme\u00f1as, donde se alimentan de pastos naturales, esta carne destaca por su sabor aut\u00e9ntico y su terneza. Platos emblem\u00e1ticos como el caldereta de cordero, el asado al horno o las chuletillas a la brasa son parte esencial de la cocina local, combinando t\u00e9cnicas ancestrales con ingredientes aut\u00f3ctonos. Adem\u00e1s, el cordero contribuye al mantenimiento del ecosistema de la dehesa y es un producto clave en la econom\u00eda rural, siendo apreciado tanto en el consumo diario como en festividades y celebraciones tradicionales.<\/p>\n\n\n\n<div style=\"height:35px\" aria-hidden=\"true\" class=\"wp-block-spacer\"><\/div>\n\n\n\n<p class=\"has-base-2-background-color has-background\">El piment\u00f3n de Extremadura, especialmente el de la Comarca de la Vera con Denominaci\u00f3n de Origen Protegida, es un ingrediente esencial en la gastronom\u00eda de la regi\u00f3n, aportando su caracter\u00edstico aroma, color y sabor ahumado a numerosos platos tradicionales. Obtenido a partir de pimientos rojos secados lentamente con le\u00f1a de encina o roble, este condimento es clave en la elaboraci\u00f3n de embutidos como la reconocida morcilla y el chorizo extreme\u00f1o, adem\u00e1s de enriquecer recetas ic\u00f3nicas como las migas o la caldereta de cordero. Su versatilidad y profundo sabor lo convierten en un elemento imprescindible de la cocina extreme\u00f1a, al mismo tiempo que representa la herencia agr\u00edcola y artesanal de la regi\u00f3n.<\/p>\n\n\n\n<div style=\"height:35px\" aria-hidden=\"true\" class=\"wp-block-spacer\"><\/div>\n\n\n\n<div class=\"wp-block-columns is-layout-flex wp-container-core-columns-is-layout-28f84493 wp-block-columns-is-layout-flex\">\n<div class=\"wp-block-column has-base-2-background-color has-background is-layout-flow wp-block-column-is-layout-flow\">\n<div class=\"wp-block-group is-layout-flow wp-block-group-is-layout-flow\">\n<h6 class=\"wp-block-heading has-text-align-center has-accent-3-background-color has-background\"><strong>Raciones<\/strong><br><strong>(Del 11 al 13 Abril 2025)<\/strong><\/h6>\n\n\n\n<div class=\"wp-block-group is-layout-flow wp-block-group-is-layout-flow\" style=\"margin-top:0;margin-bottom:0;padding-top:var(--wp--preset--spacing--10);padding-right:var(--wp--preset--spacing--10);padding-bottom:var(--wp--preset--spacing--10);padding-left:var(--wp--preset--spacing--10)\">\n<p class=\"has-text-align-left\"><strong>Restaurante San Crist\u00f3bal<\/strong><\/p>\n\n\n\n<p class=\"has-text-align-left\"><strong>Restaurante Palacio Ducal Alba<\/strong><\/p>\n\n\n\n<p class=\"has-text-align-left\"><strong>Restaurante-Cafeter\u00eda Al-Karika<\/strong><\/p>\n\n\n\n<p><strong>Restaurante San Juan<\/strong><\/p>\n\n\n\n<p><strong>Restaurante S<\/strong>aborea La Plaza<\/p>\n\n\n\n<p><strong>Taper\u00eda La Posada<\/strong><\/p>\n\n\n\n<p><strong>GastroBar Trucha\u2019s<\/strong><\/p>\n\n\n\n<p><strong>Caf\u00e9-Bar Grana y Oro<\/strong><\/p>\n\n\n\n<p><strong>Caf\u00e9-Bar Los Nuevos Deportes<\/strong><\/p>\n<\/div>\n<\/div>\n<\/div>\n\n\n\n<div class=\"wp-block-column has-base-2-background-color has-background is-layout-flow wp-block-column-is-layout-flow\">\n<div class=\"wp-block-group is-layout-flow wp-block-group-is-layout-flow\">\n<h6 class=\"wp-block-heading has-text-align-center has-accent-3-background-color has-background\">Men\u00fa fin de semana<strong><br>(Del 17 al 23 Febrero 2025)<\/strong><\/h6>\n\n\n\n<div class=\"wp-block-group is-layout-flow wp-block-group-is-layout-flow\" style=\"margin-top:0;margin-bottom:0;padding-top:var(--wp--preset--spacing--10);padding-right:var(--wp--preset--spacing--10);padding-bottom:var(--wp--preset--spacing--10);padding-left:var(--wp--preset--spacing--10)\">\n<p class=\"has-text-align-left\"><strong>Restaurante San Crist\u00f3bal<\/strong><\/p>\n\n\n\n<p class=\"has-text-align-left\"><strong>Restaurante Montesol<\/strong><\/p>\n\n\n\n<p class=\"has-text-align-left\"><strong>Restaurante P\u00e9rcor<\/strong><\/p>\n\n\n\n<p class=\"has-text-align-left\"><strong>Restaurante Palacio Ducal Alba<\/strong><\/p>\n\n\n\n<p class=\"has-text-align-left\"><strong>Restaurante <strong>Huumm<\/strong><\/strong><\/p>\n\n\n\n<p class=\"has-text-align-left\"><strong>Restaurante Campana<\/strong><\/p>\n<\/div>\n<\/div>\n<\/div>\n\n\n\n<div class=\"wp-block-column has-base-2-background-color has-background is-layout-flow wp-block-column-is-layout-flow\">\n<div class=\"wp-block-group is-layout-flow wp-block-group-is-layout-flow\">\n<h6 class=\"wp-block-heading has-text-align-center has-accent-3-background-color has-background\"><strong>Carta<\/strong><br><strong>(Del 8-9 y 21-23 Febrero 2025)<\/strong><\/h6>\n\n\n\n<div class=\"wp-block-group is-layout-flow wp-block-group-is-layout-flow\" style=\"margin-top:0;margin-bottom:0;padding-top:var(--wp--preset--spacing--10);padding-right:var(--wp--preset--spacing--10);padding-bottom:var(--wp--preset--spacing--10);padding-left:var(--wp--preset--spacing--10)\">\n<p><strong>Restaurante San Crist\u00f3bal<\/strong><\/p>\n\n\n\n<p><strong>Restaurante Montesol<\/strong><\/p>\n\n\n\n<p><strong>Restaurante P\u00e9rcor<\/strong><\/p>\n\n\n\n<p><strong>Restaurante Palacio Ducal Alba<\/strong><\/p>\n\n\n\n<p><strong>Restaurante Huumm<\/strong><\/p>\n\n\n\n<p><strong>Restaurante el Bobo de Coria<\/strong><\/p>\n\n\n\n<p><strong>Restaurante Campana<\/strong><\/p>\n\n\n\n<p><strong>Restaurante Casa Maxi<\/strong><\/p>\n\n\n\n<p><\/p>\n<\/div>\n<\/div>\n<\/div>\n<\/div>\n\n\n\n<div style=\"height:35px\" aria-hidden=\"true\" class=\"wp-block-spacer\"><\/div>\n\n\n\n<h4 class=\"wp-block-heading\">Cordero de Extremadura (IGP).<\/h4>\n\n\n\n<div class=\"wp-block-group is-layout-flow wp-block-group-is-layout-flow\" style=\"padding-top:var(--wp--preset--spacing--20);padding-bottom:var(--wp--preset--spacing--20)\">\n<figure class=\"wp-block-image alignright size-full is-resized\" style=\"margin-top:var(--wp--preset--spacing--20);margin-right:var(--wp--preset--spacing--20);margin-bottom:var(--wp--preset--spacing--20);margin-left:var(--wp--preset--spacing--20)\"><a href=\"https:\/\/corderex.com\" target=\"_blank\" rel=\" noreferrer noopener\"><img decoding=\"async\" width=\"442\" height=\"320\" data-src=\"https:\/\/turismocoria.es\/cge2025\/wp-content\/uploads\/2024\/09\/igp-cordero-extremadura.webp\" alt=\"\" class=\"wp-image-172 lazyload\" style=\"--smush-placeholder-width: 442px; --smush-placeholder-aspect-ratio: 442\/320;width:268px;height:auto\" src=\"data:image\/svg+xml;base64,PHN2ZyB3aWR0aD0iMSIgaGVpZ2h0PSIxIiB4bWxucz0iaHR0cDovL3d3dy53My5vcmcvMjAwMC9zdmciPjwvc3ZnPg==\" \/><\/a><\/figure>\n\n\n\n<p class=\"has-base-2-background-color has-background has-medium-font-size\"><strong>Zona de producci\u00f3n<\/strong>: Producto ganadero extreme\u00f1o producido en toda Extremadura<br>mediante el sistema de producci\u00f3n extensivo o semiextensivo en el que nacen los<br>animales en plena libertad y por m\u00e9todos totalmente tradicionales respetando los recursos de las dehesas logrando obtener productos 100 % naturales, a la vez que se cr\u00edan con leche materna durante los primeros 45 d\u00edas de vida, para posteriormente poder complementarse su alimentaci\u00f3n bajo el control del Consejo Regulador. Una caba\u00f1a ganadera en el que las madres pertenecen, principalmente, a la raza merina o cruces de \u00e9sta con merino precoz, \u201cIle de France\u201d y \u201cMerino Fleischschaf\u201d, siempre que al menos el 50% de sus progenitores sea merino; mientras que los padres proceden del tronco merino anterior pero puros o sus h\u00edbridos simples.<\/p>\n\n\n\n<p class=\"has-base-2-background-color has-background has-medium-font-size\"><strong>Caracter\u00edsticas<\/strong>: La carne posee una textura muy agradable al paladar y un moderado nivel de infiltraci\u00f3n de grasa intramuscular, siendo de gran terneza y poco engrasada; a la vez que el aroma, el bouquet y la jugosidad son excelentes. Por su parte, la edad de sacrificio para los corderos nunca debe ser superior a los 100 d\u00edas.<\/p>\n\n\n\n<figure class=\"wp-block-image size-full\"><img decoding=\"async\" width=\"1916\" height=\"1150\" data-src=\"https:\/\/turismocoria.es\/cge2025\/wp-content\/uploads\/2024\/09\/chuletas-cordero.webp\" alt=\"\" class=\"wp-image-445 lazyload\" data-srcset=\"https:\/\/turismocoria.es\/cge2025\/wp-content\/uploads\/2024\/09\/chuletas-cordero.webp 1916w, https:\/\/turismocoria.es\/cge2025\/wp-content\/uploads\/2024\/09\/chuletas-cordero-768x461.webp 768w, https:\/\/turismocoria.es\/cge2025\/wp-content\/uploads\/2024\/09\/chuletas-cordero-1536x922.webp 1536w\" data-sizes=\"(max-width: 1916px) 100vw, 1916px\" src=\"data:image\/svg+xml;base64,PHN2ZyB3aWR0aD0iMSIgaGVpZ2h0PSIxIiB4bWxucz0iaHR0cDovL3d3dy53My5vcmcvMjAwMC9zdmciPjwvc3ZnPg==\" style=\"--smush-placeholder-width: 1916px; --smush-placeholder-aspect-ratio: 1916\/1150;\" \/><\/figure>\n\n\n\n<p class=\"has-base-2-background-color has-background has-small-font-size\"><strong>M\u00e1s informaci\u00f3n en:<\/strong><br>Cordero de Extremadura (IGP): <a href=\"https:\/\/corderex.com\">https:\/\/corderex.com<\/a><\/p>\n<\/div>\n\n\n\n<h4 class=\"wp-block-heading\">Piment\u00f3n de La Vera (DOP).<\/h4>\n\n\n\n<div class=\"wp-block-group is-layout-flow wp-block-group-is-layout-flow\" style=\"padding-top:var(--wp--preset--spacing--20);padding-bottom:var(--wp--preset--spacing--20)\">\n<figure class=\"wp-block-image alignright size-full is-resized\" style=\"margin-top:var(--wp--preset--spacing--20);margin-right:var(--wp--preset--spacing--20);margin-bottom:var(--wp--preset--spacing--20);margin-left:var(--wp--preset--spacing--20)\"><a href=\"http:\/\/www.pimentonvera-origen.com\/\" target=\"_blank\" rel=\" noreferrer noopener\"><img decoding=\"async\" width=\"917\" height=\"1443\" data-src=\"https:\/\/turismocoria.es\/cge2025\/wp-content\/uploads\/2024\/09\/pimenton-dop.png\" alt=\"\" class=\"wp-image-443 lazyload\" style=\"--smush-placeholder-width: 917px; --smush-placeholder-aspect-ratio: 917\/1443;width:155px;height:auto\" data-srcset=\"https:\/\/turismocoria.es\/cge2025\/wp-content\/uploads\/2024\/09\/pimenton-dop.png 917w, https:\/\/turismocoria.es\/cge2025\/wp-content\/uploads\/2024\/09\/pimenton-dop-768x1209.png 768w\" data-sizes=\"(max-width: 917px) 100vw, 917px\" src=\"data:image\/svg+xml;base64,PHN2ZyB3aWR0aD0iMSIgaGVpZ2h0PSIxIiB4bWxucz0iaHR0cDovL3d3dy53My5vcmcvMjAwMC9zdmciPjwvc3ZnPg==\" \/><\/a><\/figure>\n\n\n\n<p class=\"has-base-2-background-color has-background has-medium-font-size\"><strong>Zona de producci\u00f3n<\/strong>:  Producto hortofrut\u00edcola extreme\u00f1o producido en las Comarcas de<br>La Vera, Campo Ara\u00f1uelo, Valle del Ambroz y Valle del Alag\u00f3n (C\u00e1ceres).<\/p>\n\n\n\n<p class=\"has-base-2-background-color has-background has-medium-font-size\"><strong>Caracter\u00edsticas<\/strong>: Producto de sabor y aroma ahumados, intensos y penetrantes, debido al proceso de secado al humo de encina. Su color es rojo intenso con relativo brillo y tiene un alto poder colorante. Su sabor, aroma y color son altamente estables a lo largo del tiempo, debido al lento y suave proceso de deshidrataci\u00f3n utilizado. Existen tres tipos de piment\u00f3n por su sabor: dulce, agridulce y picante.<\/p>\n\n\n\n<p class=\"has-base-2-background-color has-background has-small-font-size\"><strong>M\u00e1s informaci\u00f3n en:<\/strong><br>Piment\u00f3n de La Vera (DOP) : <a href=\"http:\/\/www.pimentonvera-origen.com\/\" target=\"_blank\" rel=\"noreferrer noopener\">http:\/\/www.pimentonvera-origen.com\/<\/a><\/p>\n<\/div>\n","protected":false},"excerpt":{"rendered":"<p>La carne de cordero es un pilar fundamental en la gastronom\u00eda de Extremadura, reflejando la tradici\u00f3n ganadera de la regi\u00f3n y su rica cultura culinaria. Gracias a la cr\u00eda de corderos en las vastas dehesas extreme\u00f1as, donde se alimentan de pastos naturales, esta carne destaca por su sabor aut\u00e9ntico y su terneza. Platos emblem\u00e1ticos como [&hellip;]<\/p>\n","protected":false},"author":1,"featured_media":444,"comment_status":"closed","ping_status":"closed","template":"evento","tags":[],"mec_category":[2],"class_list":["post-14","mec-events","type-mec-events","status-publish","has-post-thumbnail","hentry","mec_category-fiestas-gastronomicas"],"yoast_head":"<!-- This site is optimized with the Yoast SEO plugin v27.2 - https:\/\/yoast.com\/product\/yoast-seo-wordpress\/ -->\n<title>Fiesta Gastron\u00f3mica del Cordero y el Piment\u00f3n - Coria Ciudad Gastron\u00f3mica Extreme\u00f1a 2025<\/title>\n<meta name=\"description\" content=\"La carne de cordero es un pilar fundamental en la gastronom\u00eda de Extremadura, reflejando la tradici\u00f3n ganadera de la regi\u00f3n y su rica cultura culinaria. Gracias a la cr\u00eda de corderos en las vastas dehesas extreme\u00f1as, donde se alimentan de pastos naturales, esta carne destaca por su sabor aut\u00e9ntico y su terneza. Platos emblem\u00e1ticos como el caldereta de cordero, el asado al horno o las chuletillas a la brasa son parte esencial de la cocina local, combinando t\u00e9cnicas ancestrales con ingredientes aut\u00f3ctonos. Adem\u00e1s, el cordero contribuye al mantenimiento del ecosistema de la dehesa y es un producto clave en la econom\u00eda rural, siendo apreciado tanto en el consumo diario como en festividades y celebraciones tradicionales.\" \/>\n<meta name=\"robots\" content=\"index, follow, max-snippet:-1, max-image-preview:large, max-video-preview:-1\" \/>\n<link rel=\"canonical\" href=\"https:\/\/turismocoria.es\/cge2025\/fiestas-gastronomicas\/fiesta-del-cordero\/\" \/>\n<meta property=\"og:locale\" content=\"es_ES\" \/>\n<meta property=\"og:type\" content=\"article\" \/>\n<meta property=\"og:title\" content=\"Fiesta Gastron\u00f3mica del Cordero y el Piment\u00f3n\" \/>\n<meta property=\"og:description\" content=\"La carne de cordero es un pilar fundamental en la gastronom\u00eda de Extremadura, reflejando la tradici\u00f3n ganadera de la regi\u00f3n y su rica cultura culinaria. Gracias a la cr\u00eda de corderos en las vastas dehesas extreme\u00f1as, donde se alimentan de pastos naturales, esta carne destaca por su sabor aut\u00e9ntico y su terneza. Platos emblem\u00e1ticos como el caldereta de cordero, el asado al horno o las chuletillas a la brasa son parte esencial de la cocina local, combinando t\u00e9cnicas ancestrales con ingredientes aut\u00f3ctonos. Adem\u00e1s, el cordero contribuye al mantenimiento del ecosistema de la dehesa y es un producto clave en la econom\u00eda rural, siendo apreciado tanto en el consumo diario como en festividades y celebraciones tradicionales.\" \/>\n<meta property=\"og:url\" content=\"https:\/\/turismocoria.es\/cge2025\/fiestas-gastronomicas\/fiesta-del-cordero\/\" \/>\n<meta property=\"og:site_name\" content=\"Coria Ciudad Gastron\u00f3mica Extreme\u00f1a 2025\" \/>\n<meta property=\"article:modified_time\" content=\"2025-02-10T09:07:37+00:00\" \/>\n<meta property=\"og:image\" content=\"https:\/\/turismocoria.es\/cge2025\/wp-content\/uploads\/2024\/09\/fiesta-cordero.webp\" \/>\n\t<meta property=\"og:image:width\" content=\"1920\" \/>\n\t<meta property=\"og:image:height\" content=\"1185\" \/>\n\t<meta property=\"og:image:type\" content=\"image\/webp\" \/>\n<meta name=\"twitter:card\" content=\"summary_large_image\" \/>\n<meta name=\"twitter:title\" content=\"Fiesta Gastron\u00f3mica del Cordero y el Piment\u00f3n\" \/>\n<meta name=\"twitter:description\" content=\"La carne de cordero es un pilar fundamental en la gastronom\u00eda de Extremadura, reflejando la tradici\u00f3n ganadera de la regi\u00f3n y su rica cultura culinaria. Gracias a la cr\u00eda de corderos en las vastas dehesas extreme\u00f1as, donde se alimentan de pastos naturales, esta carne destaca por su sabor aut\u00e9ntico y su terneza. Platos emblem\u00e1ticos como el caldereta de cordero, el asado al horno o las chuletillas a la brasa son parte esencial de la cocina local, combinando t\u00e9cnicas ancestrales con ingredientes aut\u00f3ctonos. Adem\u00e1s, el cordero contribuye al mantenimiento del ecosistema de la dehesa y es un producto clave en la econom\u00eda rural, siendo apreciado tanto en el consumo diario como en festividades y celebraciones tradicionales.\" \/>\n<meta name=\"twitter:image\" content=\"https:\/\/turismocoria.es\/cge2025\/wp-content\/uploads\/2024\/09\/fiesta-cordero.webp\" \/>\n<meta name=\"twitter:label1\" content=\"Tiempo de lectura\" \/>\n\t<meta name=\"twitter:data1\" content=\"4 minutos\" \/>\n<script type=\"application\/ld+json\" class=\"yoast-schema-graph\">{\"@context\":\"https:\/\/schema.org\",\"@graph\":[{\"@type\":\"WebPage\",\"@id\":\"https:\/\/turismocoria.es\/cge2025\/fiestas-gastronomicas\/fiesta-del-cordero\/\",\"url\":\"https:\/\/turismocoria.es\/cge2025\/fiestas-gastronomicas\/fiesta-del-cordero\/\",\"name\":\"Fiesta Gastron\u00f3mica del Cordero y el Piment\u00f3n - Coria Ciudad Gastron\u00f3mica Extreme\u00f1a 2025\",\"isPartOf\":{\"@id\":\"https:\/\/turismocoria.es\/cge2025\/#website\"},\"primaryImageOfPage\":{\"@id\":\"https:\/\/turismocoria.es\/cge2025\/fiestas-gastronomicas\/fiesta-del-cordero\/#primaryimage\"},\"image\":{\"@id\":\"https:\/\/turismocoria.es\/cge2025\/fiestas-gastronomicas\/fiesta-del-cordero\/#primaryimage\"},\"thumbnailUrl\":\"https:\/\/turismocoria.es\/cge2025\/wp-content\/uploads\/2024\/09\/fiesta-cordero.webp\",\"datePublished\":\"2024-09-18T11:29:05+00:00\",\"dateModified\":\"2025-02-10T09:07:37+00:00\",\"description\":\"La carne de cordero es un pilar fundamental en la gastronom\u00eda de Extremadura, reflejando la tradici\u00f3n ganadera de la regi\u00f3n y su rica cultura culinaria. Gracias a la cr\u00eda de corderos en las vastas dehesas extreme\u00f1as, donde se alimentan de pastos naturales, esta carne destaca por su sabor aut\u00e9ntico y su terneza. Platos emblem\u00e1ticos como el caldereta de cordero, el asado al horno o las chuletillas a la brasa son parte esencial de la cocina local, combinando t\u00e9cnicas ancestrales con ingredientes aut\u00f3ctonos. Adem\u00e1s, el cordero contribuye al mantenimiento del ecosistema de la dehesa y es un producto clave en la econom\u00eda rural, siendo apreciado tanto en el consumo diario como en festividades y celebraciones tradicionales.\",\"breadcrumb\":{\"@id\":\"https:\/\/turismocoria.es\/cge2025\/fiestas-gastronomicas\/fiesta-del-cordero\/#breadcrumb\"},\"inLanguage\":\"es\",\"potentialAction\":[{\"@type\":\"ReadAction\",\"target\":[\"https:\/\/turismocoria.es\/cge2025\/fiestas-gastronomicas\/fiesta-del-cordero\/\"]}]},{\"@type\":\"ImageObject\",\"inLanguage\":\"es\",\"@id\":\"https:\/\/turismocoria.es\/cge2025\/fiestas-gastronomicas\/fiesta-del-cordero\/#primaryimage\",\"url\":\"https:\/\/turismocoria.es\/cge2025\/wp-content\/uploads\/2024\/09\/fiesta-cordero.webp\",\"contentUrl\":\"https:\/\/turismocoria.es\/cge2025\/wp-content\/uploads\/2024\/09\/fiesta-cordero.webp\",\"width\":1920,\"height\":1185},{\"@type\":\"BreadcrumbList\",\"@id\":\"https:\/\/turismocoria.es\/cge2025\/fiestas-gastronomicas\/fiesta-del-cordero\/#breadcrumb\",\"itemListElement\":[{\"@type\":\"ListItem\",\"position\":1,\"name\":\"Portada\",\"item\":\"https:\/\/turismocoria.es\/cge2025\/\"},{\"@type\":\"ListItem\",\"position\":2,\"name\":\"Eventos\",\"item\":\"https:\/\/turismocoria.es\/cge2025\/eventos\/\"},{\"@type\":\"ListItem\",\"position\":3,\"name\":\"Fiesta Gastron\u00f3mica del Cordero y el Piment\u00f3n\"}]},{\"@type\":\"WebSite\",\"@id\":\"https:\/\/turismocoria.es\/cge2025\/#website\",\"url\":\"https:\/\/turismocoria.es\/cge2025\/\",\"name\":\"Coria Ciudad Gastron\u00f3mica Extreme\u00f1a 2025\",\"description\":\"\",\"publisher\":{\"@id\":\"https:\/\/turismocoria.es\/cge2025\/#organization\"},\"potentialAction\":[{\"@type\":\"SearchAction\",\"target\":{\"@type\":\"EntryPoint\",\"urlTemplate\":\"https:\/\/turismocoria.es\/cge2025\/?s={search_term_string}\"},\"query-input\":{\"@type\":\"PropertyValueSpecification\",\"valueRequired\":true,\"valueName\":\"search_term_string\"}}],\"inLanguage\":\"es\"},{\"@type\":\"Organization\",\"@id\":\"https:\/\/turismocoria.es\/cge2025\/#organization\",\"name\":\"Coria Ciudad Gastron\u00f3mica Extreme\u00f1a 2025\",\"url\":\"https:\/\/turismocoria.es\/cge2025\/\",\"logo\":{\"@type\":\"ImageObject\",\"inLanguage\":\"es\",\"@id\":\"https:\/\/turismocoria.es\/cge2025\/#\/schema\/logo\/image\/\",\"url\":\"https:\/\/turismocoria.es\/cge2025\/wp-content\/uploads\/2024\/09\/logo2-cge-2024.png\",\"contentUrl\":\"https:\/\/turismocoria.es\/cge2025\/wp-content\/uploads\/2024\/09\/logo2-cge-2024.png\",\"width\":880,\"height\":300,\"caption\":\"Coria Ciudad Gastron\u00f3mica  Extreme\u00f1a 2025\"},\"image\":{\"@id\":\"https:\/\/turismocoria.es\/cge2025\/#\/schema\/logo\/image\/\"}}]}<\/script>\n<!-- \/ Yoast SEO plugin. -->","yoast_head_json":{"title":"Fiesta Gastron\u00f3mica del Cordero y el Piment\u00f3n - Coria Ciudad Gastron\u00f3mica Extreme\u00f1a 2025","description":"La carne de cordero es un pilar fundamental en la gastronom\u00eda de Extremadura, reflejando la tradici\u00f3n ganadera de la regi\u00f3n y su rica cultura culinaria. Gracias a la cr\u00eda de corderos en las vastas dehesas extreme\u00f1as, donde se alimentan de pastos naturales, esta carne destaca por su sabor aut\u00e9ntico y su terneza. Platos emblem\u00e1ticos como el caldereta de cordero, el asado al horno o las chuletillas a la brasa son parte esencial de la cocina local, combinando t\u00e9cnicas ancestrales con ingredientes aut\u00f3ctonos. Adem\u00e1s, el cordero contribuye al mantenimiento del ecosistema de la dehesa y es un producto clave en la econom\u00eda rural, siendo apreciado tanto en el consumo diario como en festividades y celebraciones tradicionales.","robots":{"index":"index","follow":"follow","max-snippet":"max-snippet:-1","max-image-preview":"max-image-preview:large","max-video-preview":"max-video-preview:-1"},"canonical":"https:\/\/turismocoria.es\/cge2025\/fiestas-gastronomicas\/fiesta-del-cordero\/","og_locale":"es_ES","og_type":"article","og_title":"Fiesta Gastron\u00f3mica del Cordero y el Piment\u00f3n","og_description":"La carne de cordero es un pilar fundamental en la gastronom\u00eda de Extremadura, reflejando la tradici\u00f3n ganadera de la regi\u00f3n y su rica cultura culinaria. Gracias a la cr\u00eda de corderos en las vastas dehesas extreme\u00f1as, donde se alimentan de pastos naturales, esta carne destaca por su sabor aut\u00e9ntico y su terneza. Platos emblem\u00e1ticos como el caldereta de cordero, el asado al horno o las chuletillas a la brasa son parte esencial de la cocina local, combinando t\u00e9cnicas ancestrales con ingredientes aut\u00f3ctonos. Adem\u00e1s, el cordero contribuye al mantenimiento del ecosistema de la dehesa y es un producto clave en la econom\u00eda rural, siendo apreciado tanto en el consumo diario como en festividades y celebraciones tradicionales.","og_url":"https:\/\/turismocoria.es\/cge2025\/fiestas-gastronomicas\/fiesta-del-cordero\/","og_site_name":"Coria Ciudad Gastron\u00f3mica Extreme\u00f1a 2025","article_modified_time":"2025-02-10T09:07:37+00:00","og_image":[{"width":1920,"height":1185,"url":"https:\/\/turismocoria.es\/cge2025\/wp-content\/uploads\/2024\/09\/fiesta-cordero.webp","type":"image\/webp"}],"twitter_card":"summary_large_image","twitter_title":"Fiesta Gastron\u00f3mica del Cordero y el Piment\u00f3n","twitter_description":"La carne de cordero es un pilar fundamental en la gastronom\u00eda de Extremadura, reflejando la tradici\u00f3n ganadera de la regi\u00f3n y su rica cultura culinaria. Gracias a la cr\u00eda de corderos en las vastas dehesas extreme\u00f1as, donde se alimentan de pastos naturales, esta carne destaca por su sabor aut\u00e9ntico y su terneza. Platos emblem\u00e1ticos como el caldereta de cordero, el asado al horno o las chuletillas a la brasa son parte esencial de la cocina local, combinando t\u00e9cnicas ancestrales con ingredientes aut\u00f3ctonos. Adem\u00e1s, el cordero contribuye al mantenimiento del ecosistema de la dehesa y es un producto clave en la econom\u00eda rural, siendo apreciado tanto en el consumo diario como en festividades y celebraciones tradicionales.","twitter_image":"https:\/\/turismocoria.es\/cge2025\/wp-content\/uploads\/2024\/09\/fiesta-cordero.webp","twitter_misc":{"Tiempo de lectura":"4 minutos"},"schema":{"@context":"https:\/\/schema.org","@graph":[{"@type":"WebPage","@id":"https:\/\/turismocoria.es\/cge2025\/fiestas-gastronomicas\/fiesta-del-cordero\/","url":"https:\/\/turismocoria.es\/cge2025\/fiestas-gastronomicas\/fiesta-del-cordero\/","name":"Fiesta Gastron\u00f3mica del Cordero y el Piment\u00f3n - Coria Ciudad Gastron\u00f3mica Extreme\u00f1a 2025","isPartOf":{"@id":"https:\/\/turismocoria.es\/cge2025\/#website"},"primaryImageOfPage":{"@id":"https:\/\/turismocoria.es\/cge2025\/fiestas-gastronomicas\/fiesta-del-cordero\/#primaryimage"},"image":{"@id":"https:\/\/turismocoria.es\/cge2025\/fiestas-gastronomicas\/fiesta-del-cordero\/#primaryimage"},"thumbnailUrl":"https:\/\/turismocoria.es\/cge2025\/wp-content\/uploads\/2024\/09\/fiesta-cordero.webp","datePublished":"2024-09-18T11:29:05+00:00","dateModified":"2025-02-10T09:07:37+00:00","description":"La carne de cordero es un pilar fundamental en la gastronom\u00eda de Extremadura, reflejando la tradici\u00f3n ganadera de la regi\u00f3n y su rica cultura culinaria. Gracias a la cr\u00eda de corderos en las vastas dehesas extreme\u00f1as, donde se alimentan de pastos naturales, esta carne destaca por su sabor aut\u00e9ntico y su terneza. Platos emblem\u00e1ticos como el caldereta de cordero, el asado al horno o las chuletillas a la brasa son parte esencial de la cocina local, combinando t\u00e9cnicas ancestrales con ingredientes aut\u00f3ctonos. Adem\u00e1s, el cordero contribuye al mantenimiento del ecosistema de la dehesa y es un producto clave en la econom\u00eda rural, siendo apreciado tanto en el consumo diario como en festividades y celebraciones tradicionales.","breadcrumb":{"@id":"https:\/\/turismocoria.es\/cge2025\/fiestas-gastronomicas\/fiesta-del-cordero\/#breadcrumb"},"inLanguage":"es","potentialAction":[{"@type":"ReadAction","target":["https:\/\/turismocoria.es\/cge2025\/fiestas-gastronomicas\/fiesta-del-cordero\/"]}]},{"@type":"ImageObject","inLanguage":"es","@id":"https:\/\/turismocoria.es\/cge2025\/fiestas-gastronomicas\/fiesta-del-cordero\/#primaryimage","url":"https:\/\/turismocoria.es\/cge2025\/wp-content\/uploads\/2024\/09\/fiesta-cordero.webp","contentUrl":"https:\/\/turismocoria.es\/cge2025\/wp-content\/uploads\/2024\/09\/fiesta-cordero.webp","width":1920,"height":1185},{"@type":"BreadcrumbList","@id":"https:\/\/turismocoria.es\/cge2025\/fiestas-gastronomicas\/fiesta-del-cordero\/#breadcrumb","itemListElement":[{"@type":"ListItem","position":1,"name":"Portada","item":"https:\/\/turismocoria.es\/cge2025\/"},{"@type":"ListItem","position":2,"name":"Eventos","item":"https:\/\/turismocoria.es\/cge2025\/eventos\/"},{"@type":"ListItem","position":3,"name":"Fiesta Gastron\u00f3mica del Cordero y el Piment\u00f3n"}]},{"@type":"WebSite","@id":"https:\/\/turismocoria.es\/cge2025\/#website","url":"https:\/\/turismocoria.es\/cge2025\/","name":"Coria Ciudad Gastron\u00f3mica Extreme\u00f1a 2025","description":"","publisher":{"@id":"https:\/\/turismocoria.es\/cge2025\/#organization"},"potentialAction":[{"@type":"SearchAction","target":{"@type":"EntryPoint","urlTemplate":"https:\/\/turismocoria.es\/cge2025\/?s={search_term_string}"},"query-input":{"@type":"PropertyValueSpecification","valueRequired":true,"valueName":"search_term_string"}}],"inLanguage":"es"},{"@type":"Organization","@id":"https:\/\/turismocoria.es\/cge2025\/#organization","name":"Coria Ciudad Gastron\u00f3mica Extreme\u00f1a 2025","url":"https:\/\/turismocoria.es\/cge2025\/","logo":{"@type":"ImageObject","inLanguage":"es","@id":"https:\/\/turismocoria.es\/cge2025\/#\/schema\/logo\/image\/","url":"https:\/\/turismocoria.es\/cge2025\/wp-content\/uploads\/2024\/09\/logo2-cge-2024.png","contentUrl":"https:\/\/turismocoria.es\/cge2025\/wp-content\/uploads\/2024\/09\/logo2-cge-2024.png","width":880,"height":300,"caption":"Coria Ciudad Gastron\u00f3mica  Extreme\u00f1a 2025"},"image":{"@id":"https:\/\/turismocoria.es\/cge2025\/#\/schema\/logo\/image\/"}}]}},"uagb_featured_image_src":{"full":["https:\/\/turismocoria.es\/cge2025\/wp-content\/uploads\/2024\/09\/fiesta-cordero.webp",1920,1185,false],"thumbnail":["https:\/\/turismocoria.es\/cge2025\/wp-content\/uploads\/2024\/09\/fiesta-cordero-150x150.webp",150,150,true],"medium":["https:\/\/turismocoria.es\/cge2025\/wp-content\/uploads\/2024\/09\/fiesta-cordero.webp",1920,1185,false],"medium_large":["https:\/\/turismocoria.es\/cge2025\/wp-content\/uploads\/2024\/09\/fiesta-cordero-768x474.webp",768,474,true],"large":["https:\/\/turismocoria.es\/cge2025\/wp-content\/uploads\/2024\/09\/fiesta-cordero.webp",1920,1185,false],"thumblist":["https:\/\/turismocoria.es\/cge2025\/wp-content\/uploads\/2024\/09\/fiesta-cordero-300x300.webp",300,300,true],"thumbrelated":["https:\/\/turismocoria.es\/cge2025\/wp-content\/uploads\/2024\/09\/fiesta-cordero-500x500.webp",500,500,true],"meccarouselthumb":["https:\/\/turismocoria.es\/cge2025\/wp-content\/uploads\/2024\/09\/fiesta-cordero-474x324.webp",474,324,true],"gridsquare":["https:\/\/turismocoria.es\/cge2025\/wp-content\/uploads\/2024\/09\/fiesta-cordero-391x260.webp",391,260,true],"tileview":["https:\/\/turismocoria.es\/cge2025\/wp-content\/uploads\/2024\/09\/fiesta-cordero-300x400.webp",300,400,true],"1536x1536":["https:\/\/turismocoria.es\/cge2025\/wp-content\/uploads\/2024\/09\/fiesta-cordero-1536x948.webp",1536,948,true],"2048x2048":["https:\/\/turismocoria.es\/cge2025\/wp-content\/uploads\/2024\/09\/fiesta-cordero.webp",1920,1185,false]},"uagb_author_info":{"display_name":"admingascge","author_link":"https:\/\/turismocoria.es\/cge2025\/author\/admingascge\/"},"uagb_comment_info":0,"uagb_excerpt":"La carne de cordero es un pilar fundamental en la gastronom\u00eda de Extremadura, reflejando la tradici\u00f3n ganadera de la regi\u00f3n y su rica cultura culinaria. Gracias a la cr\u00eda de corderos en las vastas dehesas extreme\u00f1as, donde se alimentan de pastos naturales, esta carne destaca por su sabor aut\u00e9ntico y su terneza. Platos emblem\u00e1ticos como&hellip;","_links":{"self":[{"href":"https:\/\/turismocoria.es\/cge2025\/wp-json\/wp\/v2\/mec-events\/14","targetHints":{"allow":["GET"]}}],"collection":[{"href":"https:\/\/turismocoria.es\/cge2025\/wp-json\/wp\/v2\/mec-events"}],"about":[{"href":"https:\/\/turismocoria.es\/cge2025\/wp-json\/wp\/v2\/types\/mec-events"}],"author":[{"embeddable":true,"href":"https:\/\/turismocoria.es\/cge2025\/wp-json\/wp\/v2\/users\/1"}],"replies":[{"embeddable":true,"href":"https:\/\/turismocoria.es\/cge2025\/wp-json\/wp\/v2\/comments?post=14"}],"wp:featuredmedia":[{"embeddable":true,"href":"https:\/\/turismocoria.es\/cge2025\/wp-json\/wp\/v2\/media\/444"}],"wp:attachment":[{"href":"https:\/\/turismocoria.es\/cge2025\/wp-json\/wp\/v2\/media?parent=14"}],"wp:term":[{"taxonomy":"post_tag","embeddable":true,"href":"https:\/\/turismocoria.es\/cge2025\/wp-json\/wp\/v2\/tags?post=14"},{"taxonomy":"mec_category","embeddable":true,"href":"https:\/\/turismocoria.es\/cge2025\/wp-json\/wp\/v2\/mec_category?post=14"}],"curies":[{"name":"wp","href":"https:\/\/api.w.org\/{rel}","templated":true}]}}